{"id":5301,"date":"2023-04-18T09:44:55","date_gmt":"2023-04-18T09:44:55","guid":{"rendered":"https:\/\/exciting-panini.13-37-234-21.plesk.page\/?page_id=5301"},"modified":"2024-09-18T11:19:32","modified_gmt":"2024-09-18T11:19:32","slug":"chronique","status":"publish","type":"page","link":"https:\/\/viqtor.eu\/sk\/chronique\/","title":{"rendered":"Chronick\u00fd"},"content":{"rendered":"<div data-elementor-type=\"wp-page\" data-elementor-id=\"5301\" class=\"elementor elementor-5301\" data-elementor-post-type=\"page\">\n\t\t\t\t\t\t<section class=\"elementor-section elementor-top-section elementor-element elementor-element-f22ffff ot-traditional elementor-section-boxed elementor-section-height-default elementor-section-height-default\" data-id=\"f22ffff\" data-element_type=\"section\">\n\t\t\t\t\t\t<div class=\"elementor-container elementor-column-gap-default\">\n\t\t\t\t\t<div class=\"elementor-column elementor-col-100 elementor-top-column elementor-element elementor-element-ded1285 ot-flex-column-vertical\" data-id=\"ded1285\" data-element_type=\"column\">\n\t\t\t<div class=\"elementor-widget-wrap elementor-element-populated\">\n\t\t\t\t\t\t<div class=\"elementor-element elementor-element-901e2be elementor-widget elementor-widget-heading\" data-id=\"901e2be\" data-element_type=\"widget\" data-widget_type=\"heading.default\">\n\t\t\t\t<div class=\"elementor-widget-container\">\n\t\t\t<h1 class=\"elementor-heading-title elementor-size-default\">Vitajte v st\u013ap\u010deku<br>\u201eTajn\u00e1 z\u00e1hrada ve\u013ek\u00fdch mysl\u00ed\u201c<\/h1>\t\t<\/div>\n\t\t\t\t<\/div>\n\t\t\t\t\t<\/div>\n\t\t<\/div>\n\t\t\t\t\t<\/div>\n\t\t<\/section>\n\t\t\t\t<section class=\"elementor-section elementor-top-section elementor-element elementor-element-720dbbb ot-traditional elementor-section-boxed elementor-section-height-default elementor-section-height-default\" data-id=\"720dbbb\" data-element_type=\"section\">\n\t\t\t\t\t\t<div class=\"elementor-container elementor-column-gap-default\">\n\t\t\t\t\t<div class=\"elementor-column elementor-col-100 elementor-top-column elementor-element elementor-element-b22e9b1 ot-flex-column-vertical\" data-id=\"b22e9b1\" data-element_type=\"column\">\n\t\t\t<div class=\"elementor-widget-wrap elementor-element-populated\">\n\t\t\t\t\t\t<div class=\"elementor-element elementor-element-4a14265 elementor-widget elementor-widget-image\" data-id=\"4a14265\" data-element_type=\"widget\" data-widget_type=\"image.default\">\n\t\t\t\t<div class=\"elementor-widget-container\">\n\t\t\t\t\t\t\t\t\t\t\t\t\t<img fetchpriority=\"high\" decoding=\"async\" width=\"1000\" height=\"667\" src=\"https:\/\/viqtor.eu\/wp-content\/uploads\/2023\/04\/shutterstock_1235080081.jpg\" class=\"attachment-large size-large wp-image-5889\" alt=\"Paris,\" srcset=\"https:\/\/viqtor.eu\/wp-content\/uploads\/2023\/04\/shutterstock_1235080081.jpg 1000w, https:\/\/viqtor.eu\/wp-content\/uploads\/2023\/04\/shutterstock_1235080081-300x200.jpg 300w, https:\/\/viqtor.eu\/wp-content\/uploads\/2023\/04\/shutterstock_1235080081-768x512.jpg 768w, https:\/\/viqtor.eu\/wp-content\/uploads\/2023\/04\/shutterstock_1235080081-720x480.jpg 720w\" sizes=\"(max-width: 1000px) 100vw, 1000px\" \/>\t\t\t\t\t\t\t\t\t\t\t\t\t<\/div>\n\t\t\t\t<\/div>\n\t\t\t\t\t<\/div>\n\t\t<\/div>\n\t\t\t\t\t<\/div>\n\t\t<\/section>\n\t\t\t\t<section class=\"elementor-section elementor-top-section elementor-element elementor-element-82f9d3b ot-traditional elementor-section-boxed elementor-section-height-default elementor-section-height-default\" data-id=\"82f9d3b\" data-element_type=\"section\">\n\t\t\t\t\t\t<div class=\"elementor-container elementor-column-gap-default\">\n\t\t\t\t\t<div class=\"elementor-column elementor-col-100 elementor-top-column elementor-element elementor-element-aaa00d0 ot-flex-column-vertical\" data-id=\"aaa00d0\" data-element_type=\"column\">\n\t\t\t<div class=\"elementor-widget-wrap elementor-element-populated\">\n\t\t\t\t\t\t<div class=\"elementor-element elementor-element-5277623 elementor-widget__width-initial elementor-widget elementor-widget-text-editor\" data-id=\"5277623\" data-element_type=\"widget\" data-widget_type=\"text-editor.default\">\n\t\t\t\t<div class=\"elementor-widget-container\">\n\t\t\t\t\t\t\t<p style=\"box-sizing: inherit; color: #6d6d6d;\"><span style=\"font-weight: var( --e-global-typography-text-font-weight );\">GDPR je klenotom ochrany s\u00fakromia. Ako by ho prijali sl\u00e1vni spisovatelia a ve\u013ek\u00ed myslitelia, vo svojej dobe a po svojom, v naj\u010distej\u0161om \u0161t\u00fdle a v\u00edzii.<\/span><\/p><p style=\"box-sizing: inherit; color: #6d6d6d;\">U\u017eite si tieto kr\u00e1tke eseje, pripom\u00edname v\u00e1m, \u017ee s\u00fa fikt\u00edvne, \u017ee zav\u00e4zuj\u00fa iba n\u00e1s, ur\u010dite ste pochopili, v ka\u017edom pr\u00edpade sme do nich vlo\u017eili cel\u00e9 svoje srdce a v\u00fdsledok je ohromuj\u00faci!<\/p><p style=\"box-sizing: inherit; color: #6d6d6d;\">Ak by sa n\u00e1hodou niektor\u00ed z t\u00fdchto sl\u00e1vnych spisovate\u013eov, myslite\u013eov alebo vizion\u00e1rov, st\u00e1le z n\u00e1\u0161ho sveta, chceli venova\u0165 tejto \u010dinnosti, s nesmiernym pote\u0161en\u00edm nahrad\u00edme ich fikciu ich vn\u00edman\u00edm ochrany s\u00fakromn\u00e9ho \u017eivota.<\/p><p style=\"box-sizing: inherit; color: #6d6d6d;\">\u010coskoro pr\u00edde mnoho \u010fal\u0161\u00edch kr\u00e1tkych, p\u00f4vabn\u00fdch beletristick\u00fdch esej\u00ed, preto sa zaregistrujte, aby ste ich dost\u00e1vali ako prv\u00ed.<\/p><p style=\"box-sizing: inherit; color: #6d6d6d;\">Zatia\u013e v\u00e1m pon\u00fakame toto zhrnutie na\u0161ej kroniky \u201eTajn\u00e1 z\u00e1hrada ve\u013ek\u00fdch mysl\u00ed\u201c.<\/p><p style=\"box-sizing: inherit; color: #6d6d6d;\">\u00a0<\/p><p style=\"box-sizing: inherit; color: #6d6d6d;\">\u00a0<\/p>\t\t\t\t\t\t<\/div>\n\t\t\t\t<\/div>\n\t\t\t\t\t<\/div>\n\t\t<\/div>\n\t\t\t\t\t<\/div>\n\t\t<\/section>\n\t\t\t\t<section class=\"elementor-section elementor-top-section elementor-element elementor-element-bd3d560 ot-traditional elementor-section-boxed elementor-section-height-default elementor-section-height-default\" data-id=\"bd3d560\" data-element_type=\"section\">\n\t\t\t\t\t\t<div class=\"elementor-container elementor-column-gap-default\">\n\t\t\t\t\t<div class=\"elementor-column elementor-col-100 elementor-top-column elementor-element elementor-element-958f45a ot-flex-column-vertical\" data-id=\"958f45a\" data-element_type=\"column\">\n\t\t\t<div class=\"elementor-widget-wrap elementor-element-populated\">\n\t\t\t\t\t\t<div class=\"elementor-element elementor-element-44c3235 elementor-widget elementor-widget-ipost_grid\" data-id=\"44c3235\" data-element_type=\"widget\" data-widget_type=\"ipost_grid.default\">\n\t\t\t\t<div class=\"elementor-widget-container\">\n\t\t\t\r\n\t\t<div class=\"post-grid pgrid row\">\r\n\t\t\t \r\n\t\t\t\t<div class=\"pgrid-box\">\r\n\t\t\t\t<article class=\"post-box blog-item\">\r\n\t\t\t\t\t<div class=\"post-inner\">\r\n\t\t\t\t\t\t\t\t\t\t\t\t\r\n\t\t\t\t\t        <div class=\"entry-media\">\r\n\t\t\t\t\t        \t<div class=\"post-cat\"><span class=\"posted-in\"><a href=\"https:\/\/viqtor.eu\/sk\/category\/chronique\/\" rel=\"category tag\">Chronick\u00fd<\/a><\/span><\/div>\t\t\t\t\t            <a href=\"https:\/\/viqtor.eu\/sk\/sous-les-etoiles-de-saint-malo\/\">\r\n\t\t\t\t\t                <img decoding=\"async\" width=\"601\" height=\"520\" src=\"https:\/\/viqtor.eu\/wp-content\/uploads\/2023\/05\/Virginie_Grimaldi_-_2018_cropped-601x520.png\" class=\"attachment-engitech-slider-post-thumbnail size-engitech-slider-post-thumbnail wp-post-image\" alt=\"Sous les \u00c9toiles de Saint-Malo\" \/>\t\t\t\t\t            <\/a>\r\n\t\t\t\t\t        <\/div>\r\n\t\t\t\t\t        \r\n\t\t\t\t\t    \r\n\t\t\t\t\t\t<div class=\"inner-post\">\r\n\t\t\t\t\t\t\t<div class=\"entry-header\">\r\n\r\n\t\t\t\t\t\t\t\t\r\n\t\t\t\t\t\t\t\t<h3 class=\"entry-title\"><a href=\"https:\/\/viqtor.eu\/sk\/sous-les-etoiles-de-saint-malo\/\" rel=\"bookmark\">Pod hviezdami Saint-Malo<\/a><\/h3>\r\n\t\t\t\t\t\t\t<\/div><!-- .entry-header -->\r\n\t\t\t\t\t\t\t\r\n\t\t\t\t\t\t\t\t\t\t\t\t\t\t<div class=\"entry-summary the-excerpt\">\r\n\r\n\t\t\t\t\t            <p>Pod hviezdami Saint-Malo VIRGINIE GRIMALDI V pokojnom pobre\u017enom meste\u010dku Saint-Malo, kde vlny jemne hladkaj\u00fa pobre\u017eie a \u010dajky sa vzn\u00e1\u0161aj\u00fa na oblohe, \u017eila mlad\u00e1 \u017eena menom Alice. Alice bola citliv\u00e1 a zasnen\u00e1 du\u0161a, ktor\u00e1 pevne verila v d\u00f4le\u017eitos\u0165 ochrany s\u00fakromia v r\u00fdchlo sa meniacom svete [\u2026]\n\r\n\t\t\t\t\t        <\/div><!-- .entry-content -->\r\n\t\t\t\t\t\t\t\t\t\t\t\t\t\t<div class=\"btn-readmore\">\r\n\t\t\t\t\t\t\t\t<a href=\"https:\/\/viqtor.eu\/sk\/sous-les-etoiles-de-saint-malo\/\"><i class=\"flaticon-right-arrow-1\"><\/i>\u010c\u00edta\u0165 \u010falej<\/a>\t\t\t\t\t\t\t<\/div>\r\n\t\t\t\t\t\t<\/div>\r\n\t\t\t\t\t<\/div>\r\n\t\t\t\t<\/article>\r\n\t\t\t\t<\/div>\r\n\t\t\t \r\n\t\t\t\t<div class=\"pgrid-box\">\r\n\t\t\t\t<article class=\"post-box blog-item\">\r\n\t\t\t\t\t<div class=\"post-inner\">\r\n\t\t\t\t\t\t\t\t\t\t\t\t\r\n\t\t\t\t\t        <div class=\"entry-media\">\r\n\t\t\t\t\t        \t<div class=\"post-cat\"><span class=\"posted-in\"><a href=\"https:\/\/viqtor.eu\/sk\/category\/chronique\/\" rel=\"category tag\">Chronick\u00fd<\/a><\/span><\/div>\t\t\t\t\t            <a href=\"https:\/\/viqtor.eu\/sk\/brouillards-dintimite\/\">\r\n\t\t\t\t\t                <img decoding=\"async\" width=\"601\" height=\"520\" src=\"https:\/\/viqtor.eu\/wp-content\/uploads\/2023\/05\/Guillaume_Musso_20090315_Salon_du_livre_2-601x520.jpg\" class=\"attachment-engitech-slider-post-thumbnail size-engitech-slider-post-thumbnail wp-post-image\" alt=\"brouillards dintimite\" \/>\t\t\t\t\t            <\/a>\r\n\t\t\t\t\t        <\/div>\r\n\t\t\t\t\t        \r\n\t\t\t\t\t    \r\n\t\t\t\t\t\t<div class=\"inner-post\">\r\n\t\t\t\t\t\t\t<div class=\"entry-header\">\r\n\r\n\t\t\t\t\t\t\t\t\r\n\t\t\t\t\t\t\t\t<h3 class=\"entry-title\"><a href=\"https:\/\/viqtor.eu\/sk\/brouillards-dintimite\/\" rel=\"bookmark\">hmly intimity<\/a><\/h3>\r\n\t\t\t\t\t\t\t<\/div><!-- .entry-header -->\r\n\t\t\t\t\t\t\t\r\n\t\t\t\t\t\t\t\t\t\t\t\t\t\t<div class=\"entry-summary the-excerpt\">\r\n\r\n\t\t\t\t\t            <p>Hmly intimity GUILLAUME MUSSO V b\u00farlivom Par\u00ed\u017ei, kde sa osudy prepletaj\u00fa a za ka\u017ed\u00fdm \u00fasmevom sa skr\u00fdvaj\u00fa tajomstv\u00e1, \u017eil z\u00e1hadn\u00fd mu\u017e menom Max. Max bol \u00faspe\u0161n\u00fd spisovate\u013e, ale za jeho zn\u00e1mos\u0165ou sa skr\u00fdvala hlbok\u00e1 t\u00fa\u017eba chr\u00e1ni\u0165 si s\u00fakromie. V dobe, ke\u010f [\u2026]\n\r\n\t\t\t\t\t        <\/div><!-- .entry-content -->\r\n\t\t\t\t\t\t\t\t\t\t\t\t\t\t<div class=\"btn-readmore\">\r\n\t\t\t\t\t\t\t\t<a href=\"https:\/\/viqtor.eu\/sk\/brouillards-dintimite\/\"><i class=\"flaticon-right-arrow-1\"><\/i>\u010c\u00edta\u0165 \u010falej<\/a>\t\t\t\t\t\t\t<\/div>\r\n\t\t\t\t\t\t<\/div>\r\n\t\t\t\t\t<\/div>\r\n\t\t\t\t<\/article>\r\n\t\t\t\t<\/div>\r\n\t\t\t \r\n\t\t\t\t<div class=\"pgrid-box\">\r\n\t\t\t\t<article class=\"post-box blog-item\">\r\n\t\t\t\t\t<div class=\"post-inner\">\r\n\t\t\t\t\t\t\t\t\t\t\t\t\r\n\t\t\t\t\t        <div class=\"entry-media\">\r\n\t\t\t\t\t        \t<div class=\"post-cat\"><span class=\"posted-in\"><a href=\"https:\/\/viqtor.eu\/sk\/category\/chronique\/\" rel=\"category tag\">Chronick\u00fd<\/a><\/span><\/div>\t\t\t\t\t            <a href=\"https:\/\/viqtor.eu\/sk\/dans-leclat-des-secrets\/\">\r\n\t\t\t\t\t                <img loading=\"lazy\" decoding=\"async\" width=\"601\" height=\"520\" src=\"https:\/\/viqtor.eu\/wp-content\/uploads\/2023\/05\/FRIEDRICCH-NIETZSCHE-601x520.jpeg\" class=\"attachment-engitech-slider-post-thumbnail size-engitech-slider-post-thumbnail wp-post-image\" alt=\"dans leclat des secrets\" \/>\t\t\t\t\t            <\/a>\r\n\t\t\t\t\t        <\/div>\r\n\t\t\t\t\t        \r\n\t\t\t\t\t    \r\n\t\t\t\t\t\t<div class=\"inner-post\">\r\n\t\t\t\t\t\t\t<div class=\"entry-header\">\r\n\r\n\t\t\t\t\t\t\t\t\r\n\t\t\t\t\t\t\t\t<h3 class=\"entry-title\"><a href=\"https:\/\/viqtor.eu\/sk\/dans-leclat-des-secrets\/\" rel=\"bookmark\">v \u017eiarivosti tajomstiev<\/a><\/h3>\r\n\t\t\t\t\t\t\t<\/div><!-- .entry-header -->\r\n\t\t\t\t\t\t\t\r\n\t\t\t\t\t\t\t\t\t\t\t\t\t\t<div class=\"entry-summary the-excerpt\">\r\n\r\n\t\t\t\t\t            <p>V n\u00e1dhere tajomstiev V \u0161t\u00fdle Friedricha Nietzscheho Kedysi d\u00e1vno, v chaotickom a hlu\u010dnom svete, \u017eil mu\u017e h\u013eadaj\u00faci pravdu a slobodu. Volal sa Emil, slobodn\u00fd duch poh\u00e1\u0148an\u00fd intenz\u00edvnou v\u00f4\u013eou k moci a nen\u00e1sytn\u00fdm sm\u00e4dom po poznan\u00ed. Kr\u00e1\u010dal s\u00e1m, t\u00falal sa medzi [\u2026]\n\r\n\t\t\t\t\t        <\/div><!-- .entry-content -->\r\n\t\t\t\t\t\t\t\t\t\t\t\t\t\t<div class=\"btn-readmore\">\r\n\t\t\t\t\t\t\t\t<a href=\"https:\/\/viqtor.eu\/sk\/dans-leclat-des-secrets\/\"><i class=\"flaticon-right-arrow-1\"><\/i>\u010c\u00edta\u0165 \u010falej<\/a>\t\t\t\t\t\t\t<\/div>\r\n\t\t\t\t\t\t<\/div>\r\n\t\t\t\t\t<\/div>\r\n\t\t\t\t<\/article>\r\n\t\t\t\t<\/div>\r\n\t\t\t \r\n\t\t\t\t<div class=\"pgrid-box\">\r\n\t\t\t\t<article class=\"post-box blog-item\">\r\n\t\t\t\t\t<div class=\"post-inner\">\r\n\t\t\t\t\t\t\t\t\t\t\t\t\r\n\t\t\t\t\t        <div class=\"entry-media\">\r\n\t\t\t\t\t        \t<div class=\"post-cat\"><span class=\"posted-in\"><a href=\"https:\/\/viqtor.eu\/sk\/category\/chronique\/\" rel=\"category tag\">Chronick\u00fd<\/a><\/span><\/div>\t\t\t\t\t            <a href=\"https:\/\/viqtor.eu\/sk\/derriere-le-masque-des-regards\/\">\r\n\t\t\t\t\t                <img loading=\"lazy\" decoding=\"async\" width=\"601\" height=\"520\" src=\"https:\/\/viqtor.eu\/wp-content\/uploads\/2023\/05\/Moliere-601x520.jpeg\" class=\"attachment-engitech-slider-post-thumbnail size-engitech-slider-post-thumbnail wp-post-image\" alt=\"Derri\u00e8re le Masque des Regards\" \/>\t\t\t\t\t            <\/a>\r\n\t\t\t\t\t        <\/div>\r\n\t\t\t\t\t        \r\n\t\t\t\t\t    \r\n\t\t\t\t\t\t<div class=\"inner-post\">\r\n\t\t\t\t\t\t\t<div class=\"entry-header\">\r\n\r\n\t\t\t\t\t\t\t\t\r\n\t\t\t\t\t\t\t\t<h3 class=\"entry-title\"><a href=\"https:\/\/viqtor.eu\/sk\/derriere-le-masque-des-regards\/\" rel=\"bookmark\">Za maskou poh\u013eadov<\/a><\/h3>\r\n\t\t\t\t\t\t\t<\/div><!-- .entry-header -->\r\n\t\t\t\t\t\t\t\r\n\t\t\t\t\t\t\t\t\t\t\t\t\t\t<div class=\"entry-summary the-excerpt\">\r\n\r\n\t\t\t\t\t            <p>Za maskou poh\u013eadov V \u0161t\u00fdle MOLIERA \u201eV tejto kom\u00e9dii o sp\u00f4soboch Moli\u00e8re zd\u00f4raz\u0148uje d\u00f4le\u017eitos\u0165 s\u00fakromn\u00e9ho \u017eivota v spolo\u010dnosti, kde vl\u00e1dne zdanie a klebety. Postavy, ktor\u00e9 \u010delia neust\u00e1lemu pozorovaniu okolia, sa sna\u017eia zachova\u0165 si svoju tajn\u00fa z\u00e1hradu, svoju intimitu. Moli\u00e8re n\u00e1m tak pripom\u00edna [\u2026]\n\r\n\t\t\t\t\t        <\/div><!-- .entry-content -->\r\n\t\t\t\t\t\t\t\t\t\t\t\t\t\t<div class=\"btn-readmore\">\r\n\t\t\t\t\t\t\t\t<a href=\"https:\/\/viqtor.eu\/sk\/derriere-le-masque-des-regards\/\"><i class=\"flaticon-right-arrow-1\"><\/i>\u010c\u00edta\u0165 \u010falej<\/a>\t\t\t\t\t\t\t<\/div>\r\n\t\t\t\t\t\t<\/div>\r\n\t\t\t\t\t<\/div>\r\n\t\t\t\t<\/article>\r\n\t\t\t\t<\/div>\r\n\t\t\t \r\n\t\t\t\t<div class=\"pgrid-box\">\r\n\t\t\t\t<article class=\"post-box blog-item\">\r\n\t\t\t\t\t<div class=\"post-inner\">\r\n\t\t\t\t\t\t\t\t\t\t\t\t\r\n\t\t\t\t\t        <div class=\"entry-media\">\r\n\t\t\t\t\t        \t<div class=\"post-cat\"><span class=\"posted-in\"><a href=\"https:\/\/viqtor.eu\/sk\/category\/chronique\/\" rel=\"category tag\">Chronick\u00fd<\/a><\/span><\/div>\t\t\t\t\t            <a href=\"https:\/\/viqtor.eu\/sk\/les-voix-murmurent\/\">\r\n\t\t\t\t\t                <img loading=\"lazy\" decoding=\"async\" width=\"441\" height=\"520\" src=\"https:\/\/viqtor.eu\/wp-content\/uploads\/2023\/05\/william-shakespeare-1564-1616-640-441x520.jpg\" class=\"attachment-engitech-slider-post-thumbnail size-engitech-slider-post-thumbnail wp-post-image\" alt=\"Les Voix Murmurent william-shakespeare\" \/>\t\t\t\t\t            <\/a>\r\n\t\t\t\t\t        <\/div>\r\n\t\t\t\t\t        \r\n\t\t\t\t\t    \r\n\t\t\t\t\t\t<div class=\"inner-post\">\r\n\t\t\t\t\t\t\t<div class=\"entry-header\">\r\n\r\n\t\t\t\t\t\t\t\t\r\n\t\t\t\t\t\t\t\t<h3 class=\"entry-title\"><a href=\"https:\/\/viqtor.eu\/sk\/les-voix-murmurent\/\" rel=\"bookmark\">Hlasy \u0161epkaj\u00fa<\/a><\/h3>\r\n\t\t\t\t\t\t\t<\/div><!-- .entry-header -->\r\n\t\t\t\t\t\t\t\r\n\t\t\t\t\t\t\t\t\t\t\t\t\t\t<div class=\"entry-summary the-excerpt\">\r\n\r\n\t\t\t\t\t            <p>Hlasy \u0161epkaj\u00fa v \u0161t\u00fdle Williama Shakespeara \u201eV tejto shakespearovej hre sa postavy sna\u017eia zachova\u0165 si s\u00fakromie vo svete, kde s\u00fa klebety a manipul\u00e1cia be\u017en\u00e9. Shakespeare zd\u00f4raz\u0148uje d\u00f4le\u017eitos\u0165 s\u00fakromia ako posv\u00e4tn\u00e9ho \u00fato\u010diska, kde m\u00f4\u017eu by\u0165 jednotlivci skuto\u010dne sami sebou. Je to [\u2026]\n\r\n\t\t\t\t\t        <\/div><!-- .entry-content -->\r\n\t\t\t\t\t\t\t\t\t\t\t\t\t\t<div class=\"btn-readmore\">\r\n\t\t\t\t\t\t\t\t<a href=\"https:\/\/viqtor.eu\/sk\/les-voix-murmurent\/\"><i class=\"flaticon-right-arrow-1\"><\/i>\u010c\u00edta\u0165 \u010falej<\/a>\t\t\t\t\t\t\t<\/div>\r\n\t\t\t\t\t\t<\/div>\r\n\t\t\t\t\t<\/div>\r\n\t\t\t\t<\/article>\r\n\t\t\t\t<\/div>\r\n\t\t\t \r\n\t\t\t\t<div class=\"pgrid-box\">\r\n\t\t\t\t<article class=\"post-box blog-item\">\r\n\t\t\t\t\t<div class=\"post-inner\">\r\n\t\t\t\t\t\t\t\t\t\t\t\t\r\n\t\t\t\t\t        <div class=\"entry-media\">\r\n\t\t\t\t\t        \t<div class=\"post-cat\"><span class=\"posted-in\"><a href=\"https:\/\/viqtor.eu\/sk\/category\/chronique\/\" rel=\"category tag\">Chronick\u00fd<\/a><\/span><\/div>\t\t\t\t\t            <a href=\"https:\/\/viqtor.eu\/sk\/les-amants-caches\/\">\r\n\t\t\t\t\t                <img loading=\"lazy\" decoding=\"async\" width=\"601\" height=\"520\" src=\"https:\/\/viqtor.eu\/wp-content\/uploads\/2023\/05\/jean-racine-illustration-md-601x520.jpeg\" class=\"attachment-engitech-slider-post-thumbnail size-engitech-slider-post-thumbnail wp-post-image\" alt=\"Les Amants Cach\u00e9s\" \/>\t\t\t\t\t            <\/a>\r\n\t\t\t\t\t        <\/div>\r\n\t\t\t\t\t        \r\n\t\t\t\t\t    \r\n\t\t\t\t\t\t<div class=\"inner-post\">\r\n\t\t\t\t\t\t\t<div class=\"entry-header\">\r\n\r\n\t\t\t\t\t\t\t\t\r\n\t\t\t\t\t\t\t\t<h3 class=\"entry-title\"><a href=\"https:\/\/viqtor.eu\/sk\/les-amants-caches\/\" rel=\"bookmark\">Skryt\u00ed milenci<\/a><\/h3>\r\n\t\t\t\t\t\t\t<\/div><!-- .entry-header -->\r\n\t\t\t\t\t\t\t\r\n\t\t\t\t\t\t\t\t\t\t\t\t\t\t<div class=\"entry-summary the-excerpt\">\r\n\r\n\t\t\t\t\t            <p>Skryt\u00ed milenci V \u0161t\u00fdle JEANA RACINA \u201eOchrana s\u00fakromn\u00e9ho \u017eivota je ozvenou Racinov\u00fdch trag\u00e9di\u00ed, kde postavy skr\u00fdvaj\u00fa tajomstv\u00e1, kde sa v tie\u0148och pletia intrigy. Rovnako ako vo \u201eF\u00e9dre\u201c, kde sa hrdinka sna\u017e\u00ed skry\u0165 svoje pohlcuj\u00face v\u00e1\u0161ne, sa sna\u017e\u00edme zachova\u0165 si intimitu, vyhn\u00fa\u0165 sa n\u00e1sledkom [\u2026]\n\r\n\t\t\t\t\t        <\/div><!-- .entry-content -->\r\n\t\t\t\t\t\t\t\t\t\t\t\t\t\t<div class=\"btn-readmore\">\r\n\t\t\t\t\t\t\t\t<a href=\"https:\/\/viqtor.eu\/sk\/les-amants-caches\/\"><i class=\"flaticon-right-arrow-1\"><\/i>\u010c\u00edta\u0165 \u010falej<\/a>\t\t\t\t\t\t\t<\/div>\r\n\t\t\t\t\t\t<\/div>\r\n\t\t\t\t\t<\/div>\r\n\t\t\t\t<\/article>\r\n\t\t\t\t<\/div>\r\n\t\t\t \r\n\t\t\t\t<div class=\"pgrid-box\">\r\n\t\t\t\t<article class=\"post-box blog-item\">\r\n\t\t\t\t\t<div class=\"post-inner\">\r\n\t\t\t\t\t\t\t\t\t\t\t\t\r\n\t\t\t\t\t        <div class=\"entry-media\">\r\n\t\t\t\t\t        \t<div class=\"post-cat\"><span class=\"posted-in\"><a href=\"https:\/\/viqtor.eu\/sk\/category\/chronique\/\" rel=\"category tag\">Chronick\u00fd<\/a><\/span><\/div>\t\t\t\t\t            <a href=\"https:\/\/viqtor.eu\/sk\/lecho-du-silence\/\">\r\n\t\t\t\t\t                <img loading=\"lazy\" decoding=\"async\" width=\"601\" height=\"520\" src=\"https:\/\/viqtor.eu\/wp-content\/uploads\/2023\/05\/Hermann-Hesse-601x520.jpeg\" class=\"attachment-engitech-slider-post-thumbnail size-engitech-slider-post-thumbnail wp-post-image\" alt=\"Hermann Hesse\" \/>\t\t\t\t\t            <\/a>\r\n\t\t\t\t\t        <\/div>\r\n\t\t\t\t\t        \r\n\t\t\t\t\t    \r\n\t\t\t\t\t\t<div class=\"inner-post\">\r\n\t\t\t\t\t\t\t<div class=\"entry-header\">\r\n\r\n\t\t\t\t\t\t\t\t\r\n\t\t\t\t\t\t\t\t<h3 class=\"entry-title\"><a href=\"https:\/\/viqtor.eu\/sk\/lecho-du-silence\/\" rel=\"bookmark\">Ozvena ticha<\/a><\/h3>\r\n\t\t\t\t\t\t\t<\/div><!-- .entry-header -->\r\n\t\t\t\t\t\t\t\r\n\t\t\t\t\t\t\t\t\t\t\t\t\t\t<div class=\"entry-summary the-excerpt\">\r\n\r\n\t\t\t\t\t            <p>Ozvena ticha v \u0161t\u00fdle Hermanna Hesseho V srdci mal\u00e9ho, pokojn\u00e9ho meste\u010dka \u017eije mu\u017e menom Julian. Julian bol bystr\u00fdm pozorovate\u013eom spolo\u010dnosti okolo seba a neust\u00e1le h\u013eadal zmysel a pravdu. V\u017edy si bol vedom\u00fd d\u00f4le\u017eitosti zachovania si s\u00fakromia, int\u00edmneho priestoru, kde [\u2026]\n\r\n\t\t\t\t\t        <\/div><!-- .entry-content -->\r\n\t\t\t\t\t\t\t\t\t\t\t\t\t\t<div class=\"btn-readmore\">\r\n\t\t\t\t\t\t\t\t<a href=\"https:\/\/viqtor.eu\/sk\/lecho-du-silence\/\"><i class=\"flaticon-right-arrow-1\"><\/i>\u010c\u00edta\u0165 \u010falej<\/a>\t\t\t\t\t\t\t<\/div>\r\n\t\t\t\t\t\t<\/div>\r\n\t\t\t\t\t<\/div>\r\n\t\t\t\t<\/article>\r\n\t\t\t\t<\/div>\r\n\t\t\t \r\n\t\t\t\t<div class=\"pgrid-box\">\r\n\t\t\t\t<article class=\"post-box blog-item\">\r\n\t\t\t\t\t<div class=\"post-inner\">\r\n\t\t\t\t\t\t\t\t\t\t\t\t\r\n\t\t\t\t\t        <div class=\"entry-media\">\r\n\t\t\t\t\t        \t<div class=\"post-cat\"><span class=\"posted-in\"><a href=\"https:\/\/viqtor.eu\/sk\/category\/chronique\/\" rel=\"category tag\">Chronick\u00fd<\/a><\/span><\/div>\t\t\t\t\t            <a href=\"https:\/\/viqtor.eu\/sk\/les-maitres-de-lombre\/\">\r\n\t\t\t\t\t                <img loading=\"lazy\" decoding=\"async\" width=\"601\" height=\"520\" src=\"https:\/\/viqtor.eu\/wp-content\/uploads\/2023\/05\/Bulgakov1910s-601x520.jpg\" class=\"attachment-engitech-slider-post-thumbnail size-engitech-slider-post-thumbnail wp-post-image\" alt=\"Les Ma\u00eetres de l&#039;Ombre\" \/>\t\t\t\t\t            <\/a>\r\n\t\t\t\t\t        <\/div>\r\n\t\t\t\t\t        \r\n\t\t\t\t\t    \r\n\t\t\t\t\t\t<div class=\"inner-post\">\r\n\t\t\t\t\t\t\t<div class=\"entry-header\">\r\n\r\n\t\t\t\t\t\t\t\t\r\n\t\t\t\t\t\t\t\t<h3 class=\"entry-title\"><a href=\"https:\/\/viqtor.eu\/sk\/les-maitres-de-lombre\/\" rel=\"bookmark\">Majstri tie\u0148a<\/a><\/h3>\r\n\t\t\t\t\t\t\t<\/div><!-- .entry-header -->\r\n\t\t\t\t\t\t\t\r\n\t\t\t\t\t\t\t\t\t\t\t\t\t\t<div class=\"entry-summary the-excerpt\">\r\n\r\n\t\t\t\t\t            <p>Majstri tie\u0148ov V \u0161t\u00fdle Michaila Bulgakova \u201eOchrana s\u00fakromia je ve\u010dn\u00fdm h\u013eadan\u00edm v meniacej sa krajine na\u0161ej doby. Ako rom\u00e1n opraden\u00fd z\u00e1hadami n\u00e1m pripom\u00edna d\u00f4le\u017eitos\u0165 zachovania na\u0161ej integrity, na\u0161ej slobody, na\u0161ej \u013eudskosti. Je to v\u00fdzva k bdelosti, k odhodlaniu, k [\u2026]\n\r\n\t\t\t\t\t        <\/div><!-- .entry-content -->\r\n\t\t\t\t\t\t\t\t\t\t\t\t\t\t<div class=\"btn-readmore\">\r\n\t\t\t\t\t\t\t\t<a href=\"https:\/\/viqtor.eu\/sk\/les-maitres-de-lombre\/\"><i class=\"flaticon-right-arrow-1\"><\/i>\u010c\u00edta\u0165 \u010falej<\/a>\t\t\t\t\t\t\t<\/div>\r\n\t\t\t\t\t\t<\/div>\r\n\t\t\t\t\t<\/div>\r\n\t\t\t\t<\/article>\r\n\t\t\t\t<\/div>\r\n\t\t\t \r\n\t\t\t\t<div class=\"pgrid-box\">\r\n\t\t\t\t<article class=\"post-box blog-item\">\r\n\t\t\t\t\t<div class=\"post-inner\">\r\n\t\t\t\t\t\t\t\t\t\t\t\t\r\n\t\t\t\t\t        <div class=\"entry-media\">\r\n\t\t\t\t\t        \t<div class=\"post-cat\"><span class=\"posted-in\"><a href=\"https:\/\/viqtor.eu\/sk\/category\/chronique\/\" rel=\"category tag\">Chronick\u00fd<\/a><\/span><\/div>\t\t\t\t\t            <a href=\"https:\/\/viqtor.eu\/sk\/le-petit-prince-de-lintimite\/\">\r\n\t\t\t\t\t                <img loading=\"lazy\" decoding=\"async\" width=\"450\" height=\"326\" src=\"https:\/\/viqtor.eu\/wp-content\/uploads\/2023\/05\/antoine-de-saint-exupery-81aaaf.jpg\" class=\"attachment-engitech-slider-post-thumbnail size-engitech-slider-post-thumbnail wp-post-image\" alt=\"Le Petit Prince de l&#039;Intimit\u00e9\" srcset=\"https:\/\/viqtor.eu\/wp-content\/uploads\/2023\/05\/antoine-de-saint-exupery-81aaaf.jpg 450w, https:\/\/viqtor.eu\/wp-content\/uploads\/2023\/05\/antoine-de-saint-exupery-81aaaf-300x217.jpg 300w\" sizes=\"(max-width: 450px) 100vw, 450px\" \/>\t\t\t\t\t            <\/a>\r\n\t\t\t\t\t        <\/div>\r\n\t\t\t\t\t        \r\n\t\t\t\t\t    \r\n\t\t\t\t\t\t<div class=\"inner-post\">\r\n\t\t\t\t\t\t\t<div class=\"entry-header\">\r\n\r\n\t\t\t\t\t\t\t\t\r\n\t\t\t\t\t\t\t\t<h3 class=\"entry-title\"><a href=\"https:\/\/viqtor.eu\/sk\/le-petit-prince-de-lintimite\/\" rel=\"bookmark\">Mal\u00fd princ intimity<\/a><\/h3>\r\n\t\t\t\t\t\t\t<\/div><!-- .entry-header -->\r\n\t\t\t\t\t\t\t\r\n\t\t\t\t\t\t\t\t\t\t\t\t\t\t<div class=\"entry-summary the-excerpt\">\r\n\r\n\t\t\t\t\t            <p>Mal\u00fd princ s\u00fakromia V \u0161t\u00fdle ANTOINA DE SAINT-EXUP\u00c9RYHO \u201ePre Antoina de Saint-Exup\u00e9ryho je ochrana s\u00fakromia int\u00edmnym a univerz\u00e1lnym h\u013eadan\u00edm. Tak ako Mal\u00fd princ, ktor\u00fd sa ne\u017ene star\u00e1 o svoju ru\u017eu, aj my si mus\u00edme zachova\u0165 svoju integritu, svoju slobodu a svoju autenticitu. Je to v zachovan\u00ed na\u0161ich [\u2026]\n\r\n\t\t\t\t\t        <\/div><!-- .entry-content -->\r\n\t\t\t\t\t\t\t\t\t\t\t\t\t\t<div class=\"btn-readmore\">\r\n\t\t\t\t\t\t\t\t<a href=\"https:\/\/viqtor.eu\/sk\/le-petit-prince-de-lintimite\/\"><i class=\"flaticon-right-arrow-1\"><\/i>\u010c\u00edta\u0165 \u010falej<\/a>\t\t\t\t\t\t\t<\/div>\r\n\t\t\t\t\t\t<\/div>\r\n\t\t\t\t\t<\/div>\r\n\t\t\t\t<\/article>\r\n\t\t\t\t<\/div>\r\n\t\t\t \r\n\t\t\t\t<div class=\"pgrid-box\">\r\n\t\t\t\t<article class=\"post-box blog-item\">\r\n\t\t\t\t\t<div class=\"post-inner\">\r\n\t\t\t\t\t\t\t\t\t\t\t\t\r\n\t\t\t\t\t        <div class=\"entry-media\">\r\n\t\t\t\t\t        \t<div class=\"post-cat\"><span class=\"posted-in\"><a href=\"https:\/\/viqtor.eu\/sk\/category\/chronique\/\" rel=\"category tag\">Chronick\u00fd<\/a><\/span><\/div>\t\t\t\t\t            <a href=\"https:\/\/viqtor.eu\/sk\/les-gardiens-de-lintimite\/\">\r\n\t\t\t\t\t                <img loading=\"lazy\" decoding=\"async\" width=\"426\" height=\"520\" src=\"https:\/\/viqtor.eu\/wp-content\/uploads\/2023\/05\/Alexandre-Dumas-426x520.jpeg\" class=\"attachment-engitech-slider-post-thumbnail size-engitech-slider-post-thumbnail wp-post-image\" alt=\"Alexandre Dumas\" \/>\t\t\t\t\t            <\/a>\r\n\t\t\t\t\t        <\/div>\r\n\t\t\t\t\t        \r\n\t\t\t\t\t    \r\n\t\t\t\t\t\t<div class=\"inner-post\">\r\n\t\t\t\t\t\t\t<div class=\"entry-header\">\r\n\r\n\t\t\t\t\t\t\t\t\r\n\t\t\t\t\t\t\t\t<h3 class=\"entry-title\"><a href=\"https:\/\/viqtor.eu\/sk\/les-gardiens-de-lintimite\/\" rel=\"bookmark\">Str\u00e1\u017ecovia s\u00fakromia<\/a><\/h3>\r\n\t\t\t\t\t\t\t<\/div><!-- .entry-header -->\r\n\t\t\t\t\t\t\t\r\n\t\t\t\t\t\t\t\t\t\t\t\t\t\t<div class=\"entry-summary the-excerpt\">\r\n\r\n\t\t\t\t\t            <p>Str\u00e1\u017ecovia s\u00fakromia V \u0161t\u00fdle ALEXANDRA DUMAS \u201ePre Alexandra Dumasa je ochrana s\u00fakromia neust\u00e1lym bojom, h\u013eadan\u00edm pravdy a autenticity. Je odrazom na\u0161ej najhlb\u0161ej bytosti, str\u00e1\u017ecom na\u0161ich my\u0161lienok, na\u0161ich em\u00f3ci\u00ed, na\u0161ich rozhodnut\u00ed. Je pilierom [\u2026]\n\r\n\t\t\t\t\t        <\/div><!-- .entry-content -->\r\n\t\t\t\t\t\t\t\t\t\t\t\t\t\t<div class=\"btn-readmore\">\r\n\t\t\t\t\t\t\t\t<a href=\"https:\/\/viqtor.eu\/sk\/les-gardiens-de-lintimite\/\"><i class=\"flaticon-right-arrow-1\"><\/i>\u010c\u00edta\u0165 \u010falej<\/a>\t\t\t\t\t\t\t<\/div>\r\n\t\t\t\t\t\t<\/div>\r\n\t\t\t\t\t<\/div>\r\n\t\t\t\t<\/article>\r\n\t\t\t\t<\/div>\r\n\t\t\t \r\n\t\t\t\t<div class=\"pgrid-box\">\r\n\t\t\t\t<article class=\"post-box blog-item\">\r\n\t\t\t\t\t<div class=\"post-inner\">\r\n\t\t\t\t\t\t\t\t\t\t\t\t\r\n\t\t\t\t\t        <div class=\"entry-media\">\r\n\t\t\t\t\t        \t<div class=\"post-cat\"><span class=\"posted-in\"><a href=\"https:\/\/viqtor.eu\/sk\/category\/chronique\/\" rel=\"category tag\">Chronick\u00fd<\/a><\/span><\/div>\t\t\t\t\t            <a href=\"https:\/\/viqtor.eu\/sk\/les-secrets-reveles-la-quete-de-vie-privee\/\">\r\n\t\t\t\t\t                <img loading=\"lazy\" decoding=\"async\" width=\"601\" height=\"520\" src=\"https:\/\/viqtor.eu\/wp-content\/uploads\/2023\/05\/guy-de-maupassant-fotograferad-av-felix-nadar-1888-91fb21-1024-601x520.jpg\" class=\"attachment-engitech-slider-post-thumbnail size-engitech-slider-post-thumbnail wp-post-image\" alt=\"Les secrets r\u00e9v\u00e9l\u00e9s\" \/>\t\t\t\t\t            <\/a>\r\n\t\t\t\t\t        <\/div>\r\n\t\t\t\t\t        \r\n\t\t\t\t\t    \r\n\t\t\t\t\t\t<div class=\"inner-post\">\r\n\t\t\t\t\t\t\t<div class=\"entry-header\">\r\n\r\n\t\t\t\t\t\t\t\t\r\n\t\t\t\t\t\t\t\t<h3 class=\"entry-title\"><a href=\"https:\/\/viqtor.eu\/sk\/les-secrets-reveles-la-quete-de-vie-privee\/\" rel=\"bookmark\">Odhalen\u00e9 tajomstv\u00e1<\/a><\/h3>\r\n\t\t\t\t\t\t\t<\/div><!-- .entry-header -->\r\n\t\t\t\t\t\t\t\r\n\t\t\t\t\t\t\t\t\t\t\t\t\t\t<div class=\"entry-summary the-excerpt\">\r\n\r\n\t\t\t\t\t            <p>Odhalen\u00e9 tajomstv\u00e1 v \u0161t\u00fdle Guya de Maupassanta Na rovine \u017eivota, medzi po\u013eami sk\u00famav\u00fdch poh\u013eadov a kopcami neust\u00e1lych klebiet, existoval o\u00e1za pokoja s n\u00e1zvom \u201eS\u00fakromn\u00fd \u017eivot\u201c. Bolo to tajn\u00e9 a posv\u00e4tn\u00e9 miesto, kde sa ka\u017ed\u00fd mohol uch\u00fdli\u0165, \u010faleko od zvedav\u00fdch o\u010d\u00ed, aby si zachoval [\u2026]\n\r\n\t\t\t\t\t        <\/div><!-- .entry-content -->\r\n\t\t\t\t\t\t\t\t\t\t\t\t\t\t<div class=\"btn-readmore\">\r\n\t\t\t\t\t\t\t\t<a href=\"https:\/\/viqtor.eu\/sk\/les-secrets-reveles-la-quete-de-vie-privee\/\"><i class=\"flaticon-right-arrow-1\"><\/i>\u010c\u00edta\u0165 \u010falej<\/a>\t\t\t\t\t\t\t<\/div>\r\n\t\t\t\t\t\t<\/div>\r\n\t\t\t\t\t<\/div>\r\n\t\t\t\t<\/article>\r\n\t\t\t\t<\/div>\r\n\t\t\t \r\n\t\t\t\t<div class=\"pgrid-box\">\r\n\t\t\t\t<article class=\"post-box blog-item\">\r\n\t\t\t\t\t<div class=\"post-inner\">\r\n\t\t\t\t\t\t\t\t\t\t\t\t\r\n\t\t\t\t\t        <div class=\"entry-media\">\r\n\t\t\t\t\t        \t<div class=\"post-cat\"><span class=\"posted-in\"><a href=\"https:\/\/viqtor.eu\/sk\/category\/chronique\/\" rel=\"category tag\">Chronick\u00fd<\/a><\/span><\/div>\t\t\t\t\t            <a href=\"https:\/\/viqtor.eu\/sk\/le-labyrinthe\/\">\r\n\t\t\t\t\t                <img loading=\"lazy\" decoding=\"async\" width=\"601\" height=\"520\" src=\"https:\/\/viqtor.eu\/wp-content\/uploads\/2023\/04\/KAFKA2-601x520.jpeg\" class=\"attachment-engitech-slider-post-thumbnail size-engitech-slider-post-thumbnail wp-post-image\" alt=\"\" \/>\t\t\t\t\t            <\/a>\r\n\t\t\t\t\t        <\/div>\r\n\t\t\t\t\t        \r\n\t\t\t\t\t    \r\n\t\t\t\t\t\t<div class=\"inner-post\">\r\n\t\t\t\t\t\t\t<div class=\"entry-header\">\r\n\r\n\t\t\t\t\t\t\t\t\r\n\t\t\t\t\t\t\t\t<h3 class=\"entry-title\"><a href=\"https:\/\/viqtor.eu\/sk\/le-labyrinthe\/\" rel=\"bookmark\">Labyrint<\/a><\/h3>\r\n\t\t\t\t\t\t\t<\/div><!-- .entry-header -->\r\n\t\t\t\t\t\t\t\r\n\t\t\t\t\t\t\t\t\t\t\t\t\t\t<div class=\"entry-summary the-excerpt\">\r\n\r\n\t\t\t\t\t            <p>Labyrint Kafkovho sp\u00f4sobu S\u00fakromie je temn\u00fd a k\u013eukat\u00fd labyrint, kde n\u00e1s ka\u017ed\u00fd krok m\u00f4\u017ee ponori\u0165 do najhlb\u0161ej tmy, pon\u00faka n\u00e1m samotu, intimitu, slobodu, ale m\u00f4\u017ee sa sta\u0165 aj smrte\u013enou pascou, nekone\u010dnou no\u010dnou morou. Ako tich\u00fd str\u00e1\u017eca, \u0161t\u00edt s\u00fakromia, odpudzuje [\u2026]\n\r\n\t\t\t\t\t        <\/div><!-- .entry-content -->\r\n\t\t\t\t\t\t\t\t\t\t\t\t\t\t<div class=\"btn-readmore\">\r\n\t\t\t\t\t\t\t\t<a href=\"https:\/\/viqtor.eu\/sk\/le-labyrinthe\/\"><i class=\"flaticon-right-arrow-1\"><\/i>\u010c\u00edta\u0165 \u010falej<\/a>\t\t\t\t\t\t\t<\/div>\r\n\t\t\t\t\t\t<\/div>\r\n\t\t\t\t\t<\/div>\r\n\t\t\t\t<\/article>\r\n\t\t\t\t<\/div>\r\n\t\t\t \r\n\t\t\t\t<div class=\"pgrid-box\">\r\n\t\t\t\t<article class=\"post-box blog-item\">\r\n\t\t\t\t\t<div class=\"post-inner\">\r\n\t\t\t\t\t\t\t\t\t\t\t\t\r\n\t\t\t\t\t        <div class=\"entry-media\">\r\n\t\t\t\t\t        \t<div class=\"post-cat\"><span class=\"posted-in\"><a href=\"https:\/\/viqtor.eu\/sk\/category\/chronique\/\" rel=\"category tag\">Chronick\u00fd<\/a><\/span><\/div>\t\t\t\t\t            <a href=\"https:\/\/viqtor.eu\/sk\/le-pilier\/\">\r\n\t\t\t\t\t                <img loading=\"lazy\" decoding=\"async\" width=\"601\" height=\"520\" src=\"https:\/\/viqtor.eu\/wp-content\/uploads\/2023\/04\/Franz-Kafka-etchingauthor-Jan-Hladik-1978-601x520.jpg\" class=\"attachment-engitech-slider-post-thumbnail size-engitech-slider-post-thumbnail wp-post-image\" alt=\"\" \/>\t\t\t\t\t            <\/a>\r\n\t\t\t\t\t        <\/div>\r\n\t\t\t\t\t        \r\n\t\t\t\t\t    \r\n\t\t\t\t\t\t<div class=\"inner-post\">\r\n\t\t\t\t\t\t\t<div class=\"entry-header\">\r\n\r\n\t\t\t\t\t\t\t\t\r\n\t\t\t\t\t\t\t\t<h3 class=\"entry-title\"><a href=\"https:\/\/viqtor.eu\/sk\/le-pilier\/\" rel=\"bookmark\">St\u013ap<\/a><\/h3>\r\n\t\t\t\t\t\t\t<\/div><!-- .entry-header -->\r\n\t\t\t\t\t\t\t\r\n\t\t\t\t\t\t\t\t\t\t\t\t\t\t<div class=\"entry-summary the-excerpt\">\r\n\r\n\t\t\t\t\t            <p>Pilier v Kafkovom \u0161t\u00fdle S\u00fakromie je z\u00e1kladn\u00e9 pr\u00e1vo, pilier na\u0161ej \u013eudskej d\u00f4stojnosti. Ako stredovek\u00fd hrad n\u00e1s chr\u00e1ni pred zvedav\u00fdmi poh\u013eadmi, un\u00e1hlen\u00fdmi \u00fasudkami a zlomyse\u013en\u00fdmi z\u00e1ujmami. Pon\u00faka n\u00e1m bezpe\u010dn\u00e9 \u00fato\u010disko, komfortn\u00fa z\u00f3nu, kde m\u00f4\u017eeme by\u0165 sami sebou, bez [\u2026]\n\r\n\t\t\t\t\t        <\/div><!-- .entry-content -->\r\n\t\t\t\t\t\t\t\t\t\t\t\t\t\t<div class=\"btn-readmore\">\r\n\t\t\t\t\t\t\t\t<a href=\"https:\/\/viqtor.eu\/sk\/le-pilier\/\"><i class=\"flaticon-right-arrow-1\"><\/i>\u010c\u00edta\u0165 \u010falej<\/a>\t\t\t\t\t\t\t<\/div>\r\n\t\t\t\t\t\t<\/div>\r\n\t\t\t\t\t<\/div>\r\n\t\t\t\t<\/article>\r\n\t\t\t\t<\/div>\r\n\t\t\t \r\n\t\t\t\t<div class=\"pgrid-box\">\r\n\t\t\t\t<article class=\"post-box blog-item\">\r\n\t\t\t\t\t<div class=\"post-inner\">\r\n\t\t\t\t\t\t\t\t\t\t\t\t\r\n\t\t\t\t\t        <div class=\"entry-media\">\r\n\t\t\t\t\t        \t<div class=\"post-cat\"><span class=\"posted-in\"><a href=\"https:\/\/viqtor.eu\/sk\/category\/chronique\/\" rel=\"category tag\">Chronick\u00fd<\/a><\/span><\/div>\t\t\t\t\t            <a href=\"https:\/\/viqtor.eu\/sk\/la-question-existentielle\/\">\r\n\t\t\t\t\t                <img loading=\"lazy\" decoding=\"async\" width=\"601\" height=\"520\" src=\"https:\/\/viqtor.eu\/wp-content\/uploads\/2023\/04\/Flickr_-_Government_Press_Office_GPO_-_Jean_Paul_Sartre_and_Simone_De_Beauvoir_welcomed_by_Avraham_Shlonsky_and_Leah_Goldberg_cropped-601x520.jpg\" class=\"attachment-engitech-slider-post-thumbnail size-engitech-slider-post-thumbnail wp-post-image\" alt=\"\" \/>\t\t\t\t\t            <\/a>\r\n\t\t\t\t\t        <\/div>\r\n\t\t\t\t\t        \r\n\t\t\t\t\t    \r\n\t\t\t\t\t\t<div class=\"inner-post\">\r\n\t\t\t\t\t\t\t<div class=\"entry-header\">\r\n\r\n\t\t\t\t\t\t\t\t\r\n\t\t\t\t\t\t\t\t<h3 class=\"entry-title\"><a href=\"https:\/\/viqtor.eu\/sk\/la-question-existentielle\/\" rel=\"bookmark\">Existenci\u00e1lna ot\u00e1zka<\/a><\/h3>\r\n\t\t\t\t\t\t\t<\/div><!-- .entry-header -->\r\n\t\t\t\t\t\t\t\r\n\t\t\t\t\t\t\t\t\t\t\t\t\t\t<div class=\"entry-summary the-excerpt\">\r\n\r\n\t\t\t\t\t            <p>Existenci\u00e1lna ot\u00e1zka v \u0161t\u00fdle Sartra S\u00fakromie je k\u013e\u00fa\u010dovou existen\u010dnou ot\u00e1zkou v na\u0161ej spolo\u010dnosti. Je jadrom na\u0161ej slobody a na\u0161ej schopnosti by\u0165 naplno sami sebou. S\u00fakromie je na\u0161a vlastn\u00e1 sf\u00e9ra existencie, komfortn\u00e1 z\u00f3na, kde m\u00f4\u017eeme objavova\u0165 svoje vlastn\u00e9 [\u2026]\n\r\n\t\t\t\t\t        <\/div><!-- .entry-content -->\r\n\t\t\t\t\t\t\t\t\t\t\t\t\t\t<div class=\"btn-readmore\">\r\n\t\t\t\t\t\t\t\t<a href=\"https:\/\/viqtor.eu\/sk\/la-question-existentielle\/\"><i class=\"flaticon-right-arrow-1\"><\/i>\u010c\u00edta\u0165 \u010falej<\/a>\t\t\t\t\t\t\t<\/div>\r\n\t\t\t\t\t\t<\/div>\r\n\t\t\t\t\t<\/div>\r\n\t\t\t\t<\/article>\r\n\t\t\t\t<\/div>\r\n\t\t\t \r\n\t\t\t\t<div class=\"pgrid-box\">\r\n\t\t\t\t<article class=\"post-box blog-item\">\r\n\t\t\t\t\t<div class=\"post-inner\">\r\n\t\t\t\t\t\t\t\t\t\t\t\t\r\n\t\t\t\t\t        <div class=\"entry-media\">\r\n\t\t\t\t\t        \t<div class=\"post-cat\"><span class=\"posted-in\"><a href=\"https:\/\/viqtor.eu\/sk\/category\/chronique\/\" rel=\"category tag\">Chronick\u00fd<\/a><\/span><\/div>\t\t\t\t\t            <a href=\"https:\/\/viqtor.eu\/sk\/le-droit-sacre\/\">\r\n\t\t\t\t\t                <img loading=\"lazy\" decoding=\"async\" width=\"601\" height=\"520\" src=\"https:\/\/viqtor.eu\/wp-content\/uploads\/2023\/04\/Victor-Hugo-601x520.jpeg\" class=\"attachment-engitech-slider-post-thumbnail size-engitech-slider-post-thumbnail wp-post-image\" alt=\"la vie priv\u00e9e \u00e0 la mani\u00e8re de Victor Hugo\" \/>\t\t\t\t\t            <\/a>\r\n\t\t\t\t\t        <\/div>\r\n\t\t\t\t\t        \r\n\t\t\t\t\t    \r\n\t\t\t\t\t\t<div class=\"inner-post\">\r\n\t\t\t\t\t\t\t<div class=\"entry-header\">\r\n\r\n\t\t\t\t\t\t\t\t\r\n\t\t\t\t\t\t\t\t<h3 class=\"entry-title\"><a href=\"https:\/\/viqtor.eu\/sk\/le-droit-sacre\/\" rel=\"bookmark\">Posv\u00e4tn\u00e9 pr\u00e1vo<\/a><\/h3>\r\n\t\t\t\t\t\t\t<\/div><!-- .entry-header -->\r\n\t\t\t\t\t\t\t\r\n\t\t\t\t\t\t\t\t\t\t\t\t\t\t<div class=\"entry-summary the-excerpt\">\r\n\r\n\t\t\t\t\t            <p>Sv\u00e4t\u00e9 pr\u00e1vo Na sp\u00f4sob Huga V tajomnom tieni s\u00fakromn\u00e9ho \u017eivota je ukryt\u00fd vz\u00e1cny poklad, nav\u017edy uchovan\u00fd, Ako vz\u00e1cny klenot, chr\u00e1nen\u00fd pred v\u0161etk\u00fdmi o\u010dami, Obsahuje najint\u00edmnej\u0161ie, najvz\u00e1cnej\u0161ie tajomstv\u00e1. Ako bdel\u00fd str\u00e1\u017eca, \u0161t\u00edt s\u00fakromn\u00e9ho \u017eivota, Bdie nad na\u0161imi tajomstvami, na\u0161imi snami [\u2026]\n\r\n\t\t\t\t\t        <\/div><!-- .entry-content -->\r\n\t\t\t\t\t\t\t\t\t\t\t\t\t\t<div class=\"btn-readmore\">\r\n\t\t\t\t\t\t\t\t<a href=\"https:\/\/viqtor.eu\/sk\/le-droit-sacre\/\"><i class=\"flaticon-right-arrow-1\"><\/i>\u010c\u00edta\u0165 \u010falej<\/a>\t\t\t\t\t\t\t<\/div>\r\n\t\t\t\t\t\t<\/div>\r\n\t\t\t\t\t<\/div>\r\n\t\t\t\t<\/article>\r\n\t\t\t\t<\/div>\r\n\t\t\t \r\n\t\t\t\t<div class=\"pgrid-box\">\r\n\t\t\t\t<article class=\"post-box blog-item\">\r\n\t\t\t\t\t<div class=\"post-inner\">\r\n\t\t\t\t\t\t\t\t\t\t\t\t\r\n\t\t\t\t\t        <div class=\"entry-media\">\r\n\t\t\t\t\t        \t<div class=\"post-cat\"><span class=\"posted-in\"><a href=\"https:\/\/viqtor.eu\/sk\/category\/chronique\/\" rel=\"category tag\">Chronick\u00fd<\/a><\/span><\/div>\t\t\t\t\t            <a href=\"https:\/\/viqtor.eu\/sk\/ce-que-nous-sommes-en-verite\/\">\r\n\t\t\t\t\t                <img loading=\"lazy\" decoding=\"async\" width=\"601\" height=\"520\" src=\"https:\/\/viqtor.eu\/wp-content\/uploads\/2023\/04\/Victor_Hugo_in_1876_49937840042-601x520.png\" class=\"attachment-engitech-slider-post-thumbnail size-engitech-slider-post-thumbnail wp-post-image\" alt=\"la vie priv\u00e9e \u00e0 la mani\u00e8re de Victor Hugo\" \/>\t\t\t\t\t            <\/a>\r\n\t\t\t\t\t        <\/div>\r\n\t\t\t\t\t        \r\n\t\t\t\t\t    \r\n\t\t\t\t\t\t<div class=\"inner-post\">\r\n\t\t\t\t\t\t\t<div class=\"entry-header\">\r\n\r\n\t\t\t\t\t\t\t\t\r\n\t\t\t\t\t\t\t\t<h3 class=\"entry-title\"><a href=\"https:\/\/viqtor.eu\/sk\/ce-que-nous-sommes-en-verite\/\" rel=\"bookmark\">\u010c\u00edm skuto\u010dne sme<\/a><\/h3>\r\n\t\t\t\t\t\t\t<\/div><!-- .entry-header -->\r\n\t\t\t\t\t\t\t\r\n\t\t\t\t\t\t\t\t\t\t\t\t\t\t<div class=\"entry-summary the-excerpt\">\r\n\r\n\t\t\t\t\t            <p>\u010c\u00edm skuto\u010dne sme Na sp\u00f4sob Huga Z posv\u00e4tn\u00e9ho tie\u0148a s\u00fakromn\u00e9ho \u017eivota sa t\u00fd\u010di \u0161t\u00edt, ktor\u00fd nikto nem\u00f4\u017ee zlomi\u0165, Chr\u00e1ni na\u0161e najint\u00edmnej\u0161ie tajomstv\u00e1 a umo\u017e\u0148uje n\u00e1m \u017ei\u0165 bez strachu a hr\u00f4zy. Ako kamenn\u00fd val postaven\u00fd odpudzuje zvedav\u00e9 poh\u013eady a d\u00e1va n\u00e1m slobodu by\u0165 t\u00fdm, \u010d\u00edm [\u2026]\n\r\n\t\t\t\t\t        <\/div><!-- .entry-content -->\r\n\t\t\t\t\t\t\t\t\t\t\t\t\t\t<div class=\"btn-readmore\">\r\n\t\t\t\t\t\t\t\t<a href=\"https:\/\/viqtor.eu\/sk\/ce-que-nous-sommes-en-verite\/\"><i class=\"flaticon-right-arrow-1\"><\/i>\u010c\u00edta\u0165 \u010falej<\/a>\t\t\t\t\t\t\t<\/div>\r\n\t\t\t\t\t\t<\/div>\r\n\t\t\t\t\t<\/div>\r\n\t\t\t\t<\/article>\r\n\t\t\t\t<\/div>\r\n\t\t\t \r\n\t\t\t\t<div class=\"pgrid-box\">\r\n\t\t\t\t<article class=\"post-box blog-item\">\r\n\t\t\t\t\t<div class=\"post-inner\">\r\n\t\t\t\t\t\t\t\t\t\t\t\t\r\n\t\t\t\t\t        <div class=\"entry-media\">\r\n\t\t\t\t\t        \t<div class=\"post-cat\"><span class=\"posted-in\"><a href=\"https:\/\/viqtor.eu\/sk\/category\/chronique\/\" rel=\"category tag\">Chronick\u00fd<\/a><\/span><\/div>\t\t\t\t\t            <a href=\"https:\/\/viqtor.eu\/sk\/la-quete-de-sens\/\">\r\n\t\t\t\t\t                <img loading=\"lazy\" decoding=\"async\" width=\"601\" height=\"520\" src=\"https:\/\/viqtor.eu\/wp-content\/uploads\/2023\/04\/Damasio2020-601x520.jpg\" class=\"attachment-engitech-slider-post-thumbnail size-engitech-slider-post-thumbnail wp-post-image\" alt=\"\" \/>\t\t\t\t\t            <\/a>\r\n\t\t\t\t\t        <\/div>\r\n\t\t\t\t\t        \r\n\t\t\t\t\t    \r\n\t\t\t\t\t\t<div class=\"inner-post\">\r\n\t\t\t\t\t\t\t<div class=\"entry-header\">\r\n\r\n\t\t\t\t\t\t\t\t\r\n\t\t\t\t\t\t\t\t<h3 class=\"entry-title\"><a href=\"https:\/\/viqtor.eu\/sk\/la-quete-de-sens\/\" rel=\"bookmark\">H\u013eadanie zmyslu<\/a><\/h3>\r\n\t\t\t\t\t\t\t<\/div><!-- .entry-header -->\r\n\t\t\t\t\t\t\t\r\n\t\t\t\t\t\t\t\t\t\t\t\t\t\t<div class=\"entry-summary the-excerpt\">\r\n\r\n\t\t\t\t\t            <p>H\u013eadanie zmyslu v \u0161t\u00fdle Alaina Damasia Vo svete Stealth je s\u00fakromie k\u013e\u00fa\u010dov\u00fdm kame\u0148om odporu proti v\u0161adepr\u00edtomn\u00e9mu syst\u00e9mu kontroly. Je to kone\u010dn\u00e1 strat\u00e9gia na \u00fanik z paz\u00farov korpor\u00e1ci\u00ed a vl\u00e1d, ktor\u00e9 sa sna\u017eia kontrolova\u0165 v\u0161etko. [\u2026]\n\r\n\t\t\t\t\t        <\/div><!-- .entry-content -->\r\n\t\t\t\t\t\t\t\t\t\t\t\t\t\t<div class=\"btn-readmore\">\r\n\t\t\t\t\t\t\t\t<a href=\"https:\/\/viqtor.eu\/sk\/la-quete-de-sens\/\"><i class=\"flaticon-right-arrow-1\"><\/i>\u010c\u00edta\u0165 \u010falej<\/a>\t\t\t\t\t\t\t<\/div>\r\n\t\t\t\t\t\t<\/div>\r\n\t\t\t\t\t<\/div>\r\n\t\t\t\t<\/article>\r\n\t\t\t\t<\/div>\r\n\t\t\t \r\n\t\t\t\t<div class=\"pgrid-box\">\r\n\t\t\t\t<article class=\"post-box blog-item\">\r\n\t\t\t\t\t<div class=\"post-inner\">\r\n\t\t\t\t\t\t\t\t\t\t\t\t\r\n\t\t\t\t\t        <div class=\"entry-media\">\r\n\t\t\t\t\t        \t<div class=\"post-cat\"><span class=\"posted-in\"><a href=\"https:\/\/viqtor.eu\/sk\/category\/chronique\/\" rel=\"category tag\">Chronick\u00fd<\/a><\/span><\/div>\t\t\t\t\t            <a href=\"https:\/\/viqtor.eu\/sk\/lharmonie\/\">\r\n\t\t\t\t\t                <img loading=\"lazy\" decoding=\"async\" width=\"565\" height=\"520\" src=\"https:\/\/viqtor.eu\/wp-content\/uploads\/2023\/04\/Emile_Zola_1840\u20131902-565x520.jpg\" class=\"attachment-engitech-slider-post-thumbnail size-engitech-slider-post-thumbnail wp-post-image\" alt=\"\" \/>\t\t\t\t\t            <\/a>\r\n\t\t\t\t\t        <\/div>\r\n\t\t\t\t\t        \r\n\t\t\t\t\t    \r\n\t\t\t\t\t\t<div class=\"inner-post\">\r\n\t\t\t\t\t\t\t<div class=\"entry-header\">\r\n\r\n\t\t\t\t\t\t\t\t\r\n\t\t\t\t\t\t\t\t<h3 class=\"entry-title\"><a href=\"https:\/\/viqtor.eu\/sk\/lharmonie\/\" rel=\"bookmark\">Harm\u00f3nia<\/a><\/h3>\r\n\t\t\t\t\t\t\t<\/div><!-- .entry-header -->\r\n\t\t\t\t\t\t\t\r\n\t\t\t\t\t\t\t\t\t\t\t\t\t\t<div class=\"entry-summary the-excerpt\">\r\n\r\n\t\t\t\t\t            <p>Harm\u00f3nia V \u0161t\u00fdle Zolu Ochrana s\u00fakromia, ako jemne utkan\u00e1 zlat\u00e1 ni\u0165, je pevnou hradbou proti nen\u00e1sytnej a chamtivej spolo\u010dnosti, pon\u00faka n\u00e1m slobodu by\u0165, myslie\u0165 a sn\u00edva\u0165 a chr\u00e1ni n\u00e1s pred zvedav\u00fdmi poh\u013eadmi, chamtiv\u00fdmi rukami. Ako pevn\u00fd \u0161t\u00edt n\u00e1s s\u00fakromie chr\u00e1ni pred [\u2026]\n\r\n\t\t\t\t\t        <\/div><!-- .entry-content -->\r\n\t\t\t\t\t\t\t\t\t\t\t\t\t\t<div class=\"btn-readmore\">\r\n\t\t\t\t\t\t\t\t<a href=\"https:\/\/viqtor.eu\/sk\/lharmonie\/\"><i class=\"flaticon-right-arrow-1\"><\/i>\u010c\u00edta\u0165 \u010falej<\/a>\t\t\t\t\t\t\t<\/div>\r\n\t\t\t\t\t\t<\/div>\r\n\t\t\t\t\t<\/div>\r\n\t\t\t\t<\/article>\r\n\t\t\t\t<\/div>\r\n\t\t\t \r\n\t\t\t\t<div class=\"pgrid-box\">\r\n\t\t\t\t<article class=\"post-box blog-item\">\r\n\t\t\t\t\t<div class=\"post-inner\">\r\n\t\t\t\t\t\t\t\t\t\t\t\t\r\n\t\t\t\t\t        <div class=\"entry-media\">\r\n\t\t\t\t\t        \t<div class=\"post-cat\"><span class=\"posted-in\"><a href=\"https:\/\/viqtor.eu\/sk\/category\/chronique\/\" rel=\"category tag\">Chronick\u00fd<\/a><\/span><\/div>\t\t\t\t\t            <a href=\"https:\/\/viqtor.eu\/sk\/le-havre-de-paix\/\">\r\n\t\t\t\t\t                <img loading=\"lazy\" decoding=\"async\" width=\"290\" height=\"387\" src=\"https:\/\/viqtor.eu\/wp-content\/uploads\/2023\/04\/11314924445_d58680ef6f_w.jpg\" class=\"attachment-engitech-slider-post-thumbnail size-engitech-slider-post-thumbnail wp-post-image\" alt=\"\" srcset=\"https:\/\/viqtor.eu\/wp-content\/uploads\/2023\/04\/11314924445_d58680ef6f_w.jpg 290w, https:\/\/viqtor.eu\/wp-content\/uploads\/2023\/04\/11314924445_d58680ef6f_w-225x300.jpg 225w\" sizes=\"(max-width: 290px) 100vw, 290px\" \/>\t\t\t\t\t            <\/a>\r\n\t\t\t\t\t        <\/div>\r\n\t\t\t\t\t        \r\n\t\t\t\t\t    \r\n\t\t\t\t\t\t<div class=\"inner-post\">\r\n\t\t\t\t\t\t\t<div class=\"entry-header\">\r\n\r\n\t\t\t\t\t\t\t\t\r\n\t\t\t\t\t\t\t\t<h3 class=\"entry-title\"><a href=\"https:\/\/viqtor.eu\/sk\/le-havre-de-paix\/\" rel=\"bookmark\">Pr\u00edstav pokoja<\/a><\/h3>\r\n\t\t\t\t\t\t\t<\/div><!-- .entry-header -->\r\n\t\t\t\t\t\t\t\r\n\t\t\t\t\t\t\t\t\t\t\t\t\t\t<div class=\"entry-summary the-excerpt\">\r\n\r\n\t\t\t\t\t            <p>Pr\u00edstav pokoja v \u0161t\u00fdle Balzaca V zlo\u017eitej a meniacej sa spolo\u010dnosti na\u0161ej doby je ochrana s\u00fakromia d\u00f4le\u017eitou ot\u00e1zkou, ochranou pred \u00fatlakom a s\u00fadom, \u00fato\u010diskom pre du\u0161u a srdce, bezpe\u010dn\u00fdm pr\u00edstavom pokoja. Ako vz\u00e1cny klenot je n\u00e1\u0161 s\u00fakromn\u00fd \u017eivot pokladom, sv\u00e4ty\u0148ou [\u2026]\n\r\n\t\t\t\t\t        <\/div><!-- .entry-content -->\r\n\t\t\t\t\t\t\t\t\t\t\t\t\t\t<div class=\"btn-readmore\">\r\n\t\t\t\t\t\t\t\t<a href=\"https:\/\/viqtor.eu\/sk\/le-havre-de-paix\/\"><i class=\"flaticon-right-arrow-1\"><\/i>\u010c\u00edta\u0165 \u010falej<\/a>\t\t\t\t\t\t\t<\/div>\r\n\t\t\t\t\t\t<\/div>\r\n\t\t\t\t\t<\/div>\r\n\t\t\t\t<\/article>\r\n\t\t\t\t<\/div>\r\n\t\t\t \r\n\t\t\t\t<div class=\"pgrid-box\">\r\n\t\t\t\t<article class=\"post-box blog-item\">\r\n\t\t\t\t\t<div class=\"post-inner\">\r\n\t\t\t\t\t\t\t\t\t\t\t\t\r\n\t\t\t\t\t        <div class=\"entry-media\">\r\n\t\t\t\t\t        \t<div class=\"post-cat\"><span class=\"posted-in\"><a href=\"https:\/\/viqtor.eu\/sk\/category\/chronique\/\" rel=\"category tag\">Chronick\u00fd<\/a><\/span><\/div>\t\t\t\t\t            <a href=\"https:\/\/viqtor.eu\/sk\/la-hyene-et-la-gazelle\/\">\r\n\t\t\t\t\t                <img loading=\"lazy\" decoding=\"async\" width=\"601\" height=\"520\" src=\"https:\/\/viqtor.eu\/wp-content\/uploads\/2023\/04\/De-la-fontaine-601x520.jpeg\" class=\"attachment-engitech-slider-post-thumbnail size-engitech-slider-post-thumbnail wp-post-image\" alt=\"\" \/>\t\t\t\t\t            <\/a>\r\n\t\t\t\t\t        <\/div>\r\n\t\t\t\t\t        \r\n\t\t\t\t\t    \r\n\t\t\t\t\t\t<div class=\"inner-post\">\r\n\t\t\t\t\t\t\t<div class=\"entry-header\">\r\n\r\n\t\t\t\t\t\t\t\t\r\n\t\t\t\t\t\t\t\t<h3 class=\"entry-title\"><a href=\"https:\/\/viqtor.eu\/sk\/la-hyene-et-la-gazelle\/\" rel=\"bookmark\">Hyena a gazela<\/a><\/h3>\r\n\t\t\t\t\t\t\t<\/div><!-- .entry-header -->\r\n\t\t\t\t\t\t\t\r\n\t\t\t\t\t\t\t\t\t\t\t\t\t\t<div class=\"entry-summary the-excerpt\">\r\n\r\n\t\t\t\t\t            <p>Hyena a gazela V \u0161t\u00fdle Jeana de la Fontaina V rozsiahlej a rozsiahlej savane \u017eila hladn\u00e1 a pref\u00edkan\u00e1 hyena, ktor\u00e1 rada pozorovala zm\u00e4ten\u00fa faunu a sn\u00edvala o tom, \u017ee zje zlat\u00fa gazelu. Jedn\u00e9ho d\u0148a stretla gazelu, ktor\u00e1 sa skr\u00fdvala za kr\u00edkom, a s rebelsk\u00fdm v\u00fdrazom sa jej sp\u00fdtala, pre\u010do utek\u00e1 bezd\u00f4vodne. [\u2026]\n\r\n\t\t\t\t\t        <\/div><!-- .entry-content -->\r\n\t\t\t\t\t\t\t\t\t\t\t\t\t\t<div class=\"btn-readmore\">\r\n\t\t\t\t\t\t\t\t<a href=\"https:\/\/viqtor.eu\/sk\/la-hyene-et-la-gazelle\/\"><i class=\"flaticon-right-arrow-1\"><\/i>\u010c\u00edta\u0165 \u010falej<\/a>\t\t\t\t\t\t\t<\/div>\r\n\t\t\t\t\t\t<\/div>\r\n\t\t\t\t\t<\/div>\r\n\t\t\t\t<\/article>\r\n\t\t\t\t<\/div>\r\n\t\t\t \r\n\t\t\t\t<div class=\"pgrid-box\">\r\n\t\t\t\t<article class=\"post-box blog-item\">\r\n\t\t\t\t\t<div class=\"post-inner\">\r\n\t\t\t\t\t\t\t\t\t\t\t\t\r\n\t\t\t\t\t        <div class=\"entry-media\">\r\n\t\t\t\t\t        \t<div class=\"post-cat\"><span class=\"posted-in\"><a href=\"https:\/\/viqtor.eu\/sk\/category\/chronique\/\" rel=\"category tag\">Chronick\u00fd<\/a><\/span><\/div>\t\t\t\t\t            <a href=\"https:\/\/viqtor.eu\/sk\/la-fable-du-rempart\/\">\r\n\t\t\t\t\t                <img loading=\"lazy\" decoding=\"async\" width=\"601\" height=\"520\" src=\"https:\/\/viqtor.eu\/wp-content\/uploads\/2023\/04\/shutterstock_2241730789-601x520.jpg\" class=\"attachment-engitech-slider-post-thumbnail size-engitech-slider-post-thumbnail wp-post-image\" alt=\"\" \/>\t\t\t\t\t            <\/a>\r\n\t\t\t\t\t        <\/div>\r\n\t\t\t\t\t        \r\n\t\t\t\t\t    \r\n\t\t\t\t\t\t<div class=\"inner-post\">\r\n\t\t\t\t\t\t\t<div class=\"entry-header\">\r\n\r\n\t\t\t\t\t\t\t\t\r\n\t\t\t\t\t\t\t\t<h3 class=\"entry-title\"><a href=\"https:\/\/viqtor.eu\/sk\/la-fable-du-rempart\/\" rel=\"bookmark\">B\u00e1jka o vale<\/a><\/h3>\r\n\t\t\t\t\t\t\t<\/div><!-- .entry-header -->\r\n\t\t\t\t\t\t\t\r\n\t\t\t\t\t\t\t\t\t\t\t\t\t\t<div class=\"entry-summary the-excerpt\">\r\n\r\n\t\t\t\t\t            <p>B\u00e1jka o vale V \u0161t\u00fdle Jeana de la Fontaina V ka\u017edodennom \u017eivote existuje pr\u00e1vo, ktor\u00e9 si treba v\u00e1\u017ei\u0165, val pred zvedav\u00fdmi o\u010dami, poklad, ktor\u00fd treba chr\u00e1ni\u0165. Ako div\u00e9 zviera, aj n\u00e1\u0161 s\u00fakromn\u00fd \u017eivot mus\u00ed by\u0165 chr\u00e1nen\u00fd, pred zvedav\u00fdmi, pred don\u00e1\u0161a\u010dmi, pred inkviz\u00edtormi, pred \u0161pehmi. Preto\u017ee bez neho nie sme ni\u010d\u00edm, pred [\u2026]\n\r\n\t\t\t\t\t        <\/div><!-- .entry-content -->\r\n\t\t\t\t\t\t\t\t\t\t\t\t\t\t<div class=\"btn-readmore\">\r\n\t\t\t\t\t\t\t\t<a href=\"https:\/\/viqtor.eu\/sk\/la-fable-du-rempart\/\"><i class=\"flaticon-right-arrow-1\"><\/i>\u010c\u00edta\u0165 \u010falej<\/a>\t\t\t\t\t\t\t<\/div>\r\n\t\t\t\t\t\t<\/div>\r\n\t\t\t\t\t<\/div>\r\n\t\t\t\t<\/article>\r\n\t\t\t\t<\/div>\r\n\t\t\t \r\n\t\t\t\t<div class=\"pgrid-box\">\r\n\t\t\t\t<article class=\"post-box blog-item\">\r\n\t\t\t\t\t<div class=\"post-inner\">\r\n\t\t\t\t\t\t\t\t\t\t\t\t\r\n\t\t\t\t\t        <div class=\"entry-media\">\r\n\t\t\t\t\t        \t<div class=\"post-cat\"><span class=\"posted-in\"><a href=\"https:\/\/viqtor.eu\/sk\/category\/chronique\/\" rel=\"category tag\">Chronick\u00fd<\/a><\/span><\/div>\t\t\t\t\t            <a href=\"https:\/\/viqtor.eu\/sk\/la-pieuvre-et-le-poussin\/\">\r\n\t\t\t\t\t                <img loading=\"lazy\" decoding=\"async\" width=\"230\" height=\"305\" src=\"https:\/\/viqtor.eu\/wp-content\/uploads\/2023\/04\/Portrait_Jean_de_la_fontaine.jpg\" class=\"attachment-engitech-slider-post-thumbnail size-engitech-slider-post-thumbnail wp-post-image\" alt=\"\" srcset=\"https:\/\/viqtor.eu\/wp-content\/uploads\/2023\/04\/Portrait_Jean_de_la_fontaine.jpg 230w, https:\/\/viqtor.eu\/wp-content\/uploads\/2023\/04\/Portrait_Jean_de_la_fontaine-226x300.jpg 226w\" sizes=\"(max-width: 230px) 100vw, 230px\" \/>\t\t\t\t\t            <\/a>\r\n\t\t\t\t\t        <\/div>\r\n\t\t\t\t\t        \r\n\t\t\t\t\t    \r\n\t\t\t\t\t\t<div class=\"inner-post\">\r\n\t\t\t\t\t\t\t<div class=\"entry-header\">\r\n\r\n\t\t\t\t\t\t\t\t\r\n\t\t\t\t\t\t\t\t<h3 class=\"entry-title\"><a href=\"https:\/\/viqtor.eu\/sk\/la-pieuvre-et-le-poussin\/\" rel=\"bookmark\">Chobotnica a kuriatko<\/a><\/h3>\r\n\t\t\t\t\t\t\t<\/div><!-- .entry-header -->\r\n\t\t\t\t\t\t\t\r\n\t\t\t\t\t\t\t\t\t\t\t\t\t\t<div class=\"entry-summary the-excerpt\">\r\n\r\n\t\t\t\t\t            <p>Chobotnica a kuriatko V \u0161t\u00fdle Jeana de la Fontaina V rozb\u00farenom oce\u00e1ne \u017eila chobotnica s ch\u00e1padlami, ktor\u00e1 milovala pozorovanie oblohy a sn\u00edvala o tom, \u017ee sa stane hviezdou. Jedn\u00e9ho d\u0148a stretla kuriatko, ktor\u00e9 sa hralo \u00faplne samo na pl\u00e1\u017ei, a so \u0161ibalsk\u00fdm v\u00fdrazom sa ho sp\u00fdtala, pre\u010do si skr\u00fdva tv\u00e1r. Kuriatko m\u00fadro odpovedalo: \u201eChr\u00e1nim [\u2026]\n\r\n\t\t\t\t\t        <\/div><!-- .entry-content -->\r\n\t\t\t\t\t\t\t\t\t\t\t\t\t\t<div class=\"btn-readmore\">\r\n\t\t\t\t\t\t\t\t<a href=\"https:\/\/viqtor.eu\/sk\/la-pieuvre-et-le-poussin\/\"><i class=\"flaticon-right-arrow-1\"><\/i>\u010c\u00edta\u0165 \u010falej<\/a>\t\t\t\t\t\t\t<\/div>\r\n\t\t\t\t\t\t<\/div>\r\n\t\t\t\t\t<\/div>\r\n\t\t\t\t<\/article>\r\n\t\t\t\t<\/div>\r\n\t\t\t\t    <\/div>\r\n\t\t\t\t<\/div>\n\t\t\t\t<\/div>\n\t\t\t\t\t<\/div>\n\t\t<\/div>\n\t\t\t\t\t<\/div>\n\t\t<\/section>\n\t\t\t\t<\/div>","protected":false},"excerpt":{"rendered":"<p>Bienvenue dans la chronique\u00ab\u00a0Le jardin secret des grands Esprits\u00a0\u00bb Le RGPD est un joyau pour la protection de la vie priv\u00e9e. Comment les illustres \u00e9crivains et grands penseurs s\u2019en seraient saisi, \u00e0 leur \u00e9poque et \u00e0 leur mani\u00e8re dans le plus pur de leur style et de leur vision. D\u00e9lectez-vous de ces courts essais, nous [&hellip;]<\/p>","protected":false},"author":1,"featured_media":0,"parent":0,"menu_order":0,"comment_status":"closed","ping_status":"closed","template":"","meta":{"_acf_changed":false,"footnotes":""},"class_list":["post-5301","page","type-page","status-publish","hentry"],"acf":[],"yoast_head":"<!-- This site is optimized with the Yoast SEO plugin v23.6 - https:\/\/yoast.com\/wordpress\/plugins\/seo\/ -->\n<title>Chronique - Viqtor<\/title>\n<meta name=\"robots\" content=\"index, follow, max-snippet:-1, max-image-preview:large, max-video-preview:-1\" \/>\n<link rel=\"canonical\" href=\"https:\/\/viqtor.eu\/sk\/chronique\/\" \/>\n<meta property=\"og:locale\" content=\"sk_SK\" \/>\n<meta property=\"og:type\" content=\"article\" \/>\n<meta property=\"og:title\" content=\"Chronique - Viqtor\" \/>\n<meta property=\"og:description\" content=\"Bienvenue dans la chronique\u00ab\u00a0Le jardin secret des grands Esprits\u00a0\u00bb Le RGPD est un joyau pour la protection de la vie priv\u00e9e. Comment les illustres \u00e9crivains et grands penseurs s\u2019en seraient saisi, \u00e0 leur \u00e9poque et \u00e0 leur mani\u00e8re dans le plus pur de leur style et de leur vision. D\u00e9lectez-vous de ces courts essais, nous [&hellip;]\" \/>\n<meta property=\"og:url\" content=\"https:\/\/viqtor.eu\/sk\/chronique\/\" \/>\n<meta property=\"og:site_name\" content=\"Viqtor\" \/>\n<meta property=\"article:modified_time\" content=\"2024-09-18T11:19:32+00:00\" \/>\n<meta property=\"og:image\" content=\"https:\/\/viqtor.eu\/wp-content\/uploads\/2026\/04\/widget-viqtor.png\" \/>\n<meta name=\"twitter:card\" content=\"summary_large_image\" \/>\n<meta name=\"twitter:label1\" content=\"Predpokladan\u00fd \u010das \u010d\u00edtania\" \/>\n\t<meta name=\"twitter:data1\" content=\"17 min\u00fat\" \/>\n<script type=\"application\/ld+json\" class=\"yoast-schema-graph\">{\"@context\":\"https:\/\/schema.org\",\"@graph\":[{\"@type\":\"WebPage\",\"@id\":\"https:\/\/viqtor.eu\/chronique\/\",\"url\":\"https:\/\/viqtor.eu\/chronique\/\",\"name\":\"Chronique - Viqtor\",\"isPartOf\":{\"@id\":\"https:\/\/viqtor.eu\/#website\"},\"primaryImageOfPage\":{\"@id\":\"https:\/\/viqtor.eu\/chronique\/#primaryimage\"},\"image\":{\"@id\":\"https:\/\/viqtor.eu\/chronique\/#primaryimage\"},\"thumbnailUrl\":\"https:\/\/viqtor.eu\/wp-content\/uploads\/2023\/04\/shutterstock_1235080081.jpg\",\"datePublished\":\"2023-04-18T09:44:55+00:00\",\"dateModified\":\"2024-09-18T11:19:32+00:00\",\"breadcrumb\":{\"@id\":\"https:\/\/viqtor.eu\/chronique\/#breadcrumb\"},\"inLanguage\":\"sk-SK\",\"potentialAction\":[{\"@type\":\"ReadAction\",\"target\":[\"https:\/\/viqtor.eu\/chronique\/\"]}]},{\"@type\":\"ImageObject\",\"inLanguage\":\"sk-SK\",\"@id\":\"https:\/\/viqtor.eu\/chronique\/#primaryimage\",\"url\":\"https:\/\/viqtor.eu\/wp-content\/uploads\/2023\/04\/shutterstock_1235080081.jpg\",\"contentUrl\":\"https:\/\/viqtor.eu\/wp-content\/uploads\/2023\/04\/shutterstock_1235080081.jpg\"},{\"@type\":\"BreadcrumbList\",\"@id\":\"https:\/\/viqtor.eu\/chronique\/#breadcrumb\",\"itemListElement\":[{\"@type\":\"ListItem\",\"position\":1,\"name\":\"Accueil\",\"item\":\"https:\/\/viqtor.eu\/\"},{\"@type\":\"ListItem\",\"position\":2,\"name\":\"Chronique\"}]},{\"@type\":\"WebSite\",\"@id\":\"https:\/\/viqtor.eu\/#website\",\"url\":\"https:\/\/viqtor.eu\/\",\"name\":\"Viqtor\",\"description\":\"Faites du RGPD une opportunit\u00e9 pour votre entreprise.\",\"publisher\":{\"@id\":\"https:\/\/viqtor.eu\/#organization\"},\"potentialAction\":[{\"@type\":\"SearchAction\",\"target\":{\"@type\":\"EntryPoint\",\"urlTemplate\":\"https:\/\/viqtor.eu\/?s={search_term_string}\"},\"query-input\":{\"@type\":\"PropertyValueSpecification\",\"valueRequired\":true,\"valueName\":\"search_term_string\"}}],\"inLanguage\":\"sk-SK\"},{\"@type\":\"Organization\",\"@id\":\"https:\/\/viqtor.eu\/#organization\",\"name\":\"viqtor.eu\",\"url\":\"https:\/\/viqtor.eu\/\",\"logo\":{\"@type\":\"ImageObject\",\"inLanguage\":\"sk-SK\",\"@id\":\"https:\/\/viqtor.eu\/#\/schema\/logo\/image\/\",\"url\":\"https:\/\/viqtor.eu\/wp-content\/uploads\/2023\/06\/favicon-noir.svg\",\"contentUrl\":\"https:\/\/viqtor.eu\/wp-content\/uploads\/2023\/06\/favicon-noir.svg\",\"width\":108,\"height\":86,\"caption\":\"viqtor.eu\"},\"image\":{\"@id\":\"https:\/\/viqtor.eu\/#\/schema\/logo\/image\/\"}}]}<\/script>\n<!-- \/ Yoast SEO plugin. -->","yoast_head_json":{"title":"Chronique - Viqtor","robots":{"index":"index","follow":"follow","max-snippet":"max-snippet:-1","max-image-preview":"max-image-preview:large","max-video-preview":"max-video-preview:-1"},"canonical":"https:\/\/viqtor.eu\/sk\/chronique\/","og_locale":"sk_SK","og_type":"article","og_title":"Chronique - Viqtor","og_description":"Bienvenue dans la chronique\u00ab\u00a0Le jardin secret des grands Esprits\u00a0\u00bb Le RGPD est un joyau pour la protection de la vie priv\u00e9e. Comment les illustres \u00e9crivains et grands penseurs s\u2019en seraient saisi, \u00e0 leur \u00e9poque et \u00e0 leur mani\u00e8re dans le plus pur de leur style et de leur vision. D\u00e9lectez-vous de ces courts essais, nous [&hellip;]","og_url":"https:\/\/viqtor.eu\/sk\/chronique\/","og_site_name":"Viqtor","article_modified_time":"2024-09-18T11:19:32+00:00","og_image":[{"url":"https:\/\/viqtor.eu\/wp-content\/uploads\/2026\/04\/widget-viqtor.png"}],"twitter_card":"summary_large_image","twitter_misc":{"Predpokladan\u00fd \u010das \u010d\u00edtania":"17 min\u00fat"},"schema":{"@context":"https:\/\/schema.org","@graph":[{"@type":"WebPage","@id":"https:\/\/viqtor.eu\/chronique\/","url":"https:\/\/viqtor.eu\/chronique\/","name":"Chronique - Viqtor","isPartOf":{"@id":"https:\/\/viqtor.eu\/#website"},"primaryImageOfPage":{"@id":"https:\/\/viqtor.eu\/chronique\/#primaryimage"},"image":{"@id":"https:\/\/viqtor.eu\/chronique\/#primaryimage"},"thumbnailUrl":"https:\/\/viqtor.eu\/wp-content\/uploads\/2023\/04\/shutterstock_1235080081.jpg","datePublished":"2023-04-18T09:44:55+00:00","dateModified":"2024-09-18T11:19:32+00:00","breadcrumb":{"@id":"https:\/\/viqtor.eu\/chronique\/#breadcrumb"},"inLanguage":"sk-SK","potentialAction":[{"@type":"ReadAction","target":["https:\/\/viqtor.eu\/chronique\/"]}]},{"@type":"ImageObject","inLanguage":"sk-SK","@id":"https:\/\/viqtor.eu\/chronique\/#primaryimage","url":"https:\/\/viqtor.eu\/wp-content\/uploads\/2023\/04\/shutterstock_1235080081.jpg","contentUrl":"https:\/\/viqtor.eu\/wp-content\/uploads\/2023\/04\/shutterstock_1235080081.jpg"},{"@type":"BreadcrumbList","@id":"https:\/\/viqtor.eu\/chronique\/#breadcrumb","itemListElement":[{"@type":"ListItem","position":1,"name":"Accueil","item":"https:\/\/viqtor.eu\/"},{"@type":"ListItem","position":2,"name":"Chronique"}]},{"@type":"WebSite","@id":"https:\/\/viqtor.eu\/#website","url":"https:\/\/viqtor.eu\/","name":"Viqtor","description":"Faites du RGPD une opportunit\u00e9 pour votre entreprise.","publisher":{"@id":"https:\/\/viqtor.eu\/#organization"},"potentialAction":[{"@type":"SearchAction","target":{"@type":"EntryPoint","urlTemplate":"https:\/\/viqtor.eu\/?s={search_term_string}"},"query-input":{"@type":"PropertyValueSpecification","valueRequired":true,"valueName":"search_term_string"}}],"inLanguage":"sk-SK"},{"@type":"Organization","@id":"https:\/\/viqtor.eu\/#organization","name":"viqtor.eu","url":"https:\/\/viqtor.eu\/","logo":{"@type":"ImageObject","inLanguage":"sk-SK","@id":"https:\/\/viqtor.eu\/#\/schema\/logo\/image\/","url":"https:\/\/viqtor.eu\/wp-content\/uploads\/2023\/06\/favicon-noir.svg","contentUrl":"https:\/\/viqtor.eu\/wp-content\/uploads\/2023\/06\/favicon-noir.svg","width":108,"height":86,"caption":"viqtor.eu"},"image":{"@id":"https:\/\/viqtor.eu\/#\/schema\/logo\/image\/"}}]}},"_links":{"self":[{"href":"https:\/\/viqtor.eu\/sk\/wp-json\/wp\/v2\/pages\/5301","targetHints":{"allow":["GET"]}}],"collection":[{"href":"https:\/\/viqtor.eu\/sk\/wp-json\/wp\/v2\/pages"}],"about":[{"href":"https:\/\/viqtor.eu\/sk\/wp-json\/wp\/v2\/types\/page"}],"author":[{"embeddable":true,"href":"https:\/\/viqtor.eu\/sk\/wp-json\/wp\/v2\/users\/1"}],"replies":[{"embeddable":true,"href":"https:\/\/viqtor.eu\/sk\/wp-json\/wp\/v2\/comments?post=5301"}],"version-history":[{"count":52,"href":"https:\/\/viqtor.eu\/sk\/wp-json\/wp\/v2\/pages\/5301\/revisions"}],"predecessor-version":[{"id":12417,"href":"https:\/\/viqtor.eu\/sk\/wp-json\/wp\/v2\/pages\/5301\/revisions\/12417"}],"wp:attachment":[{"href":"https:\/\/viqtor.eu\/sk\/wp-json\/wp\/v2\/media?parent=5301"}],"curies":[{"name":"wp","href":"https:\/\/api.w.org\/{rel}","templated":true}]}}