{"id":5357,"date":"2023-04-18T13:21:47","date_gmt":"2023-04-18T13:21:47","guid":{"rendered":"https:\/\/exciting-panini.13-37-234-21.plesk.page\/?page_id=5357"},"modified":"2024-09-18T14:50:41","modified_gmt":"2024-09-18T14:50:41","slug":"veille-juridique","status":"publish","type":"page","link":"https:\/\/viqtor.eu\/pt\/veille-juridique\/","title":{"rendered":"Monitoramento jur\u00eddico"},"content":{"rendered":"<div data-elementor-type=\"wp-page\" data-elementor-id=\"5357\" class=\"elementor elementor-5357\" data-elementor-post-type=\"page\">\n\t\t\t\t\t\t<section class=\"elementor-section elementor-top-section elementor-element elementor-element-f22ffff ot-traditional elementor-section-boxed elementor-section-height-default elementor-section-height-default\" data-id=\"f22ffff\" data-element_type=\"section\">\n\t\t\t\t\t\t<div class=\"elementor-container elementor-column-gap-default\">\n\t\t\t\t\t<div class=\"elementor-column elementor-col-100 elementor-top-column elementor-element elementor-element-ded1285 ot-flex-column-vertical\" data-id=\"ded1285\" data-element_type=\"column\">\n\t\t\t<div class=\"elementor-widget-wrap elementor-element-populated\">\n\t\t\t\t\t\t<div class=\"elementor-element elementor-element-901e2be elementor-widget elementor-widget-heading\" data-id=\"901e2be\" data-element_type=\"widget\" data-widget_type=\"heading.default\">\n\t\t\t\t<div class=\"elementor-widget-container\">\n\t\t\t<h1 class=\"elementor-heading-title elementor-size-default\">Monitoramento jur\u00eddico<\/h1>\t\t<\/div>\n\t\t\t\t<\/div>\n\t\t\t\t\t<\/div>\n\t\t<\/div>\n\t\t\t\t\t<\/div>\n\t\t<\/section>\n\t\t\t\t<section class=\"elementor-section elementor-top-section elementor-element elementor-element-bd3d560 ot-traditional elementor-section-boxed elementor-section-height-default elementor-section-height-default\" data-id=\"bd3d560\" data-element_type=\"section\">\n\t\t\t\t\t\t<div class=\"elementor-container elementor-column-gap-default\">\n\t\t\t\t\t<div class=\"elementor-column elementor-col-100 elementor-top-column elementor-element elementor-element-958f45a ot-flex-column-vertical\" data-id=\"958f45a\" data-element_type=\"column\">\n\t\t\t<div class=\"elementor-widget-wrap elementor-element-populated\">\n\t\t\t\t\t\t<div class=\"elementor-element elementor-element-44c3235 elementor-widget elementor-widget-ipost_grid\" data-id=\"44c3235\" data-element_type=\"widget\" data-widget_type=\"ipost_grid.default\">\n\t\t\t\t<div class=\"elementor-widget-container\">\n\t\t\t\r\n\t\t<div class=\"post-grid pgrid row\">\r\n\t\t\t \r\n\t\t\t\t<div class=\"pgrid-box\">\r\n\t\t\t\t<article class=\"post-box blog-item\">\r\n\t\t\t\t\t<div class=\"post-inner\">\r\n\t\t\t\t\t\t\t\t\t\t\t\t\r\n\t\t\t\t\t        <div class=\"entry-media\">\r\n\t\t\t\t\t        \t<div class=\"post-cat\"><span class=\"posted-in\"><a href=\"https:\/\/viqtor.eu\/pt\/category\/veille-juridique\/\" rel=\"category tag\">Monitoramento jur\u00eddico<\/a><\/span><\/div>\t\t\t\t\t            <a href=\"https:\/\/viqtor.eu\/pt\/cameras-augmentees-la-cnil-pose-de-nouvelles-balises\/\">\r\n\t\t\t\t\t                <img fetchpriority=\"high\" decoding=\"async\" width=\"601\" height=\"520\" src=\"https:\/\/viqtor.eu\/wp-content\/uploads\/2026\/03\/shutterstock_2704704709_1773309827037-3-601x520.jpg\" class=\"attachment-engitech-slider-post-thumbnail size-engitech-slider-post-thumbnail wp-post-image\" alt=\"\" \/>\t\t\t\t\t            <\/a>\r\n\t\t\t\t\t        <\/div>\r\n\t\t\t\t\t        \r\n\t\t\t\t\t    \r\n\t\t\t\t\t\t<div class=\"inner-post\">\r\n\t\t\t\t\t\t\t<div class=\"entry-header\">\r\n\r\n\t\t\t\t\t\t\t\t\r\n\t\t\t\t\t\t\t\t<h3 class=\"entry-title\"><a href=\"https:\/\/viqtor.eu\/pt\/cameras-augmentees-la-cnil-pose-de-nouvelles-balises\/\" rel=\"bookmark\">C\u00e2meras de realidade aumentada: a CNIL estabelece novas diretrizes.<\/a><\/h3>\r\n\t\t\t\t\t\t\t<\/div><!-- .entry-header -->\r\n\t\t\t\t\t\t\t\r\n\t\t\t\t\t\t\t\t\t\t\t\t\t\t<div class=\"entry-summary the-excerpt\">\r\n\r\n\t\t\t\t\t            <p>Boletim Jur\u00eddico n\u00ba 84 \u2013 Junho de 2025. C\u00e2meras de Realidade Aumentada: A CNIL estabelece novas diretrizes. Em 11 de julho, a CNIL (Autoridade Francesa de Prote\u00e7\u00e3o de Dados) decidiu que o uso de c\u00e2meras de &quot;realidade aumentada&quot; para estimar a idade de clientes em tabacarias, com o objetivo de controlar a venda de produtos proibidos a menores, n\u00e3o \u00e9 necess\u00e1rio nem proporcional. Essas c\u00e2meras podem ser usadas para estimar a idade de clientes em tabacarias, com o objetivo de controlar a venda de produtos proibidos a menores.\n\r\n\t\t\t\t\t        <\/div><!-- .entry-content -->\r\n\t\t\t\t\t\t\t\t\t\t\t\t\t\t<div class=\"btn-readmore\">\r\n\t\t\t\t\t\t\t\t<a href=\"https:\/\/viqtor.eu\/pt\/cameras-augmentees-la-cnil-pose-de-nouvelles-balises\/\"><i class=\"flaticon-right-arrow-1\"><\/i>Ler mais<\/a>\t\t\t\t\t\t\t<\/div>\r\n\t\t\t\t\t\t<\/div>\r\n\t\t\t\t\t<\/div>\r\n\t\t\t\t<\/article>\r\n\t\t\t\t<\/div>\r\n\t\t\t \r\n\t\t\t\t<div class=\"pgrid-box\">\r\n\t\t\t\t<article class=\"post-box blog-item\">\r\n\t\t\t\t\t<div class=\"post-inner\">\r\n\t\t\t\t\t\t\t\t\t\t\t\t\r\n\t\t\t\t\t        <div class=\"entry-media\">\r\n\t\t\t\t\t        \t<div class=\"post-cat\"><span class=\"posted-in\"><a href=\"https:\/\/viqtor.eu\/pt\/category\/veille-juridique\/\" rel=\"category tag\">Monitoramento jur\u00eddico<\/a><\/span><\/div>\t\t\t\t\t            <a href=\"https:\/\/viqtor.eu\/pt\/la-souverainete-europeenne-en-matiere-de-donnees-un-voeu-pieux\/\">\r\n\t\t\t\t\t                <img decoding=\"async\" width=\"601\" height=\"520\" src=\"https:\/\/viqtor.eu\/wp-content\/uploads\/2026\/03\/shutterstock_2630309855_1773309574611-1-601x520.jpg\" class=\"attachment-engitech-slider-post-thumbnail size-engitech-slider-post-thumbnail wp-post-image\" alt=\"\" \/>\t\t\t\t\t            <\/a>\r\n\t\t\t\t\t        <\/div>\r\n\t\t\t\t\t        \r\n\t\t\t\t\t    \r\n\t\t\t\t\t\t<div class=\"inner-post\">\r\n\t\t\t\t\t\t\t<div class=\"entry-header\">\r\n\r\n\t\t\t\t\t\t\t\t\r\n\t\t\t\t\t\t\t\t<h3 class=\"entry-title\"><a href=\"https:\/\/viqtor.eu\/pt\/la-souverainete-europeenne-en-matiere-de-donnees-un-voeu-pieux\/\" rel=\"bookmark\">Soberania europeia de dados: mera ilus\u00e3o?<\/a><\/h3>\r\n\t\t\t\t\t\t\t<\/div><!-- .entry-header -->\r\n\t\t\t\t\t\t\t\r\n\t\t\t\t\t\t\t\t\t\t\t\t\t\t<div class=\"entry-summary the-excerpt\">\r\n\r\n\t\t\t\t\t            <p>Observat\u00f3rio Jur\u00eddico n\u00ba 83 \u2013 Maio de 2025. Soberania europeia de dados: mera ilus\u00e3o? O bloqueio, pela Microsoft, da conta de e-mail do Procurador-Chefe do Tribunal Penal Internacional (TPI), Karim Khan, levanta a quest\u00e3o crucial da soberania digital da Fran\u00e7a e da Europa em geral, diante de [\u2026]\n\r\n\t\t\t\t\t        <\/div><!-- .entry-content -->\r\n\t\t\t\t\t\t\t\t\t\t\t\t\t\t<div class=\"btn-readmore\">\r\n\t\t\t\t\t\t\t\t<a href=\"https:\/\/viqtor.eu\/pt\/la-souverainete-europeenne-en-matiere-de-donnees-un-voeu-pieux\/\"><i class=\"flaticon-right-arrow-1\"><\/i>Ler mais<\/a>\t\t\t\t\t\t\t<\/div>\r\n\t\t\t\t\t\t<\/div>\r\n\t\t\t\t\t<\/div>\r\n\t\t\t\t<\/article>\r\n\t\t\t\t<\/div>\r\n\t\t\t \r\n\t\t\t\t<div class=\"pgrid-box\">\r\n\t\t\t\t<article class=\"post-box blog-item\">\r\n\t\t\t\t\t<div class=\"post-inner\">\r\n\t\t\t\t\t\t\t\t\t\t\t\t\r\n\t\t\t\t\t        <div class=\"entry-media\">\r\n\t\t\t\t\t        \t<div class=\"post-cat\"><span class=\"posted-in\"><a href=\"https:\/\/viqtor.eu\/pt\/category\/veille-juridique\/\" rel=\"category tag\">Monitoramento jur\u00eddico<\/a><\/span><\/div>\t\t\t\t\t            <a href=\"https:\/\/viqtor.eu\/pt\/protection-des-donnees-et-simplification-des-normes-a-quoi-faut-il-sattendre\/\">\r\n\t\t\t\t\t                <img decoding=\"async\" width=\"601\" height=\"520\" src=\"https:\/\/viqtor.eu\/wp-content\/uploads\/2026\/03\/shutterstock_2694495575_1773309350287-1-601x520.jpg\" class=\"attachment-engitech-slider-post-thumbnail size-engitech-slider-post-thumbnail wp-post-image\" alt=\"\" \/>\t\t\t\t\t            <\/a>\r\n\t\t\t\t\t        <\/div>\r\n\t\t\t\t\t        \r\n\t\t\t\t\t    \r\n\t\t\t\t\t\t<div class=\"inner-post\">\r\n\t\t\t\t\t\t\t<div class=\"entry-header\">\r\n\r\n\t\t\t\t\t\t\t\t\r\n\t\t\t\t\t\t\t\t<h3 class=\"entry-title\"><a href=\"https:\/\/viqtor.eu\/pt\/protection-des-donnees-et-simplification-des-normes-a-quoi-faut-il-sattendre\/\" rel=\"bookmark\">Prote\u00e7\u00e3o de dados e simplifica\u00e7\u00e3o de normas: o que podemos esperar?<\/a><\/h3>\r\n\t\t\t\t\t\t\t<\/div><!-- .entry-header -->\r\n\t\t\t\t\t\t\t\r\n\t\t\t\t\t\t\t\t\t\t\t\t\t\t<div class=\"entry-summary the-excerpt\">\r\n\r\n\t\t\t\t\t            <p>Boletim Jur\u00eddico n\u00ba 82 \u2013 Abril de 2025. Prote\u00e7\u00e3o de Dados e Simplifica\u00e7\u00e3o de Normas: O que esperar? A quest\u00e3o da simplifica\u00e7\u00e3o de normas, um tema recorrente de discuss\u00e3o na Europa, ganhou particular import\u00e2ncia desde a mudan\u00e7a de lideran\u00e7a na Casa Branca. Na C\u00fapula de Intelig\u00eancia Artificial (IA) de Paris, em [\u2026]\n\r\n\t\t\t\t\t        <\/div><!-- .entry-content -->\r\n\t\t\t\t\t\t\t\t\t\t\t\t\t\t<div class=\"btn-readmore\">\r\n\t\t\t\t\t\t\t\t<a href=\"https:\/\/viqtor.eu\/pt\/protection-des-donnees-et-simplification-des-normes-a-quoi-faut-il-sattendre\/\"><i class=\"flaticon-right-arrow-1\"><\/i>Ler mais<\/a>\t\t\t\t\t\t\t<\/div>\r\n\t\t\t\t\t\t<\/div>\r\n\t\t\t\t\t<\/div>\r\n\t\t\t\t<\/article>\r\n\t\t\t\t<\/div>\r\n\t\t\t \r\n\t\t\t\t<div class=\"pgrid-box\">\r\n\t\t\t\t<article class=\"post-box blog-item\">\r\n\t\t\t\t\t<div class=\"post-inner\">\r\n\t\t\t\t\t\t\t\t\t\t\t\t\r\n\t\t\t\t\t        <div class=\"entry-media\">\r\n\t\t\t\t\t        \t<div class=\"post-cat\"><span class=\"posted-in\"><a href=\"https:\/\/viqtor.eu\/pt\/category\/veille-juridique\/\" rel=\"category tag\">Monitoramento jur\u00eddico<\/a><\/span><\/div>\t\t\t\t\t            <a href=\"https:\/\/viqtor.eu\/pt\/violations-de-donnees-quelle-application-de-la-loi-pour-quelles-sanctions\/\">\r\n\t\t\t\t\t                <img loading=\"lazy\" decoding=\"async\" width=\"601\" height=\"520\" src=\"https:\/\/viqtor.eu\/wp-content\/uploads\/2026\/03\/shutterstock_2733065965_1773309100558-1-601x520.jpg\" class=\"attachment-engitech-slider-post-thumbnail size-engitech-slider-post-thumbnail wp-post-image\" alt=\"\" \/>\t\t\t\t\t            <\/a>\r\n\t\t\t\t\t        <\/div>\r\n\t\t\t\t\t        \r\n\t\t\t\t\t    \r\n\t\t\t\t\t\t<div class=\"inner-post\">\r\n\t\t\t\t\t\t\t<div class=\"entry-header\">\r\n\r\n\t\t\t\t\t\t\t\t\r\n\t\t\t\t\t\t\t\t<h3 class=\"entry-title\"><a href=\"https:\/\/viqtor.eu\/pt\/violations-de-donnees-quelle-application-de-la-loi-pour-quelles-sanctions\/\" rel=\"bookmark\">Viola\u00e7\u00f5es de dados: quais leis aplicar e quais san\u00e7\u00f5es?<\/a><\/h3>\r\n\t\t\t\t\t\t\t<\/div><!-- .entry-header -->\r\n\t\t\t\t\t\t\t\r\n\t\t\t\t\t\t\t\t\t\t\t\t\t\t<div class=\"entry-summary the-excerpt\">\r\n\r\n\t\t\t\t\t            <p>Boletim Jur\u00eddico n\u00ba 81 \u2013 Mar\u00e7o de 2025. Viola\u00e7\u00f5es de dados: como a lei \u00e9 aplicada e quais s\u00e3o as penalidades? Quem n\u00e3o recebeu recentemente um e-mail da sua operadora de telecomunica\u00e7\u00f5es ou da ONG para a qual faz uma doa\u00e7\u00e3o mensal, informando que seus dados de contato, credenciais de login e, \u00e0s vezes, at\u00e9 mesmo seus dados banc\u00e1rios, foram comprometidos?\n\r\n\t\t\t\t\t        <\/div><!-- .entry-content -->\r\n\t\t\t\t\t\t\t\t\t\t\t\t\t\t<div class=\"btn-readmore\">\r\n\t\t\t\t\t\t\t\t<a href=\"https:\/\/viqtor.eu\/pt\/violations-de-donnees-quelle-application-de-la-loi-pour-quelles-sanctions\/\"><i class=\"flaticon-right-arrow-1\"><\/i>Ler mais<\/a>\t\t\t\t\t\t\t<\/div>\r\n\t\t\t\t\t\t<\/div>\r\n\t\t\t\t\t<\/div>\r\n\t\t\t\t<\/article>\r\n\t\t\t\t<\/div>\r\n\t\t\t \r\n\t\t\t\t<div class=\"pgrid-box\">\r\n\t\t\t\t<article class=\"post-box blog-item\">\r\n\t\t\t\t\t<div class=\"post-inner\">\r\n\t\t\t\t\t\t\t\t\t\t\t\t\r\n\t\t\t\t\t        <div class=\"entry-media\">\r\n\t\t\t\t\t        \t<div class=\"post-cat\"><span class=\"posted-in\"><a href=\"https:\/\/viqtor.eu\/pt\/category\/veille-juridique\/\" rel=\"category tag\">Monitoramento jur\u00eddico<\/a><\/span><\/div>\t\t\t\t\t            <a href=\"https:\/\/viqtor.eu\/pt\/transferts-de-donnees-vers-les-etats-unis-un-cadre-juridique-fragilise\/\">\r\n\t\t\t\t\t                <img loading=\"lazy\" decoding=\"async\" width=\"601\" height=\"520\" src=\"https:\/\/viqtor.eu\/wp-content\/uploads\/2026\/03\/shutterstock_1889109403_1773308862820-601x520.jpg\" class=\"attachment-engitech-slider-post-thumbnail size-engitech-slider-post-thumbnail wp-post-image\" alt=\"\" \/>\t\t\t\t\t            <\/a>\r\n\t\t\t\t\t        <\/div>\r\n\t\t\t\t\t        \r\n\t\t\t\t\t    \r\n\t\t\t\t\t\t<div class=\"inner-post\">\r\n\t\t\t\t\t\t\t<div class=\"entry-header\">\r\n\r\n\t\t\t\t\t\t\t\t\r\n\t\t\t\t\t\t\t\t<h3 class=\"entry-title\"><a href=\"https:\/\/viqtor.eu\/pt\/transferts-de-donnees-vers-les-etats-unis-un-cadre-juridique-fragilise\/\" rel=\"bookmark\">Transfer\u00eancia de dados para os Estados Unidos: um quadro legal fragilizado.<\/a><\/h3>\r\n\t\t\t\t\t\t\t<\/div><!-- .entry-header -->\r\n\t\t\t\t\t\t\t\r\n\t\t\t\t\t\t\t\t\t\t\t\t\t\t<div class=\"entry-summary the-excerpt\">\r\n\r\n\t\t\t\t\t            <p>Relat\u00f3rio Jur\u00eddico n\u00ba 80 \u2013 Fevereiro de 2025. Transfer\u00eancias de dados para os Estados Unidos: um quadro jur\u00eddico fragilizado. Em 5 de fevereiro, 19 membros do Parlamento Europeu, de todo o espectro pol\u00edtico, solicitaram \u00e0 Comiss\u00e3o Europeia que examinasse se o Quadro de Prote\u00e7\u00e3o de Dados (DPF), que rege as transfer\u00eancias de dados para os Estados Unidos, \u00e9 suficiente para manter o quadro jur\u00eddico para o processamento de dados.\n\r\n\t\t\t\t\t        <\/div><!-- .entry-content -->\r\n\t\t\t\t\t\t\t\t\t\t\t\t\t\t<div class=\"btn-readmore\">\r\n\t\t\t\t\t\t\t\t<a href=\"https:\/\/viqtor.eu\/pt\/transferts-de-donnees-vers-les-etats-unis-un-cadre-juridique-fragilise\/\"><i class=\"flaticon-right-arrow-1\"><\/i>Ler mais<\/a>\t\t\t\t\t\t\t<\/div>\r\n\t\t\t\t\t\t<\/div>\r\n\t\t\t\t\t<\/div>\r\n\t\t\t\t<\/article>\r\n\t\t\t\t<\/div>\r\n\t\t\t \r\n\t\t\t\t<div class=\"pgrid-box\">\r\n\t\t\t\t<article class=\"post-box blog-item\">\r\n\t\t\t\t\t<div class=\"post-inner\">\r\n\t\t\t\t\t\t\t\t\t\t\t\t\r\n\t\t\t\t\t        <div class=\"entry-media\">\r\n\t\t\t\t\t        \t<div class=\"post-cat\"><span class=\"posted-in\"><a href=\"https:\/\/viqtor.eu\/pt\/category\/veille-juridique\/\" rel=\"category tag\">Monitoramento jur\u00eddico<\/a><\/span><\/div>\t\t\t\t\t            <a href=\"https:\/\/viqtor.eu\/pt\/hebergement-de-donnees-professionnelles-attention-aux-plateformes-grand-public\/\">\r\n\t\t\t\t\t                <img loading=\"lazy\" decoding=\"async\" width=\"601\" height=\"520\" src=\"https:\/\/viqtor.eu\/wp-content\/uploads\/2026\/03\/shutterstock_2683499137_1773308438337-601x520.jpg\" class=\"attachment-engitech-slider-post-thumbnail size-engitech-slider-post-thumbnail wp-post-image\" alt=\"\" \/>\t\t\t\t\t            <\/a>\r\n\t\t\t\t\t        <\/div>\r\n\t\t\t\t\t        \r\n\t\t\t\t\t    \r\n\t\t\t\t\t\t<div class=\"inner-post\">\r\n\t\t\t\t\t\t\t<div class=\"entry-header\">\r\n\r\n\t\t\t\t\t\t\t\t\r\n\t\t\t\t\t\t\t\t<h3 class=\"entry-title\"><a href=\"https:\/\/viqtor.eu\/pt\/hebergement-de-donnees-professionnelles-attention-aux-plateformes-grand-public\/\" rel=\"bookmark\">Hospedagem de dados profissionais: cuidado com plataformas voltadas para o consumidor.<\/a><\/h3>\r\n\t\t\t\t\t\t\t<\/div><!-- .entry-header -->\r\n\t\t\t\t\t\t\t\r\n\t\t\t\t\t\t\t\t\t\t\t\t\t\t<div class=\"entry-summary the-excerpt\">\r\n\r\n\t\t\t\t\t            <p>Alerta Jur\u00eddico n\u00ba 79 \u2013 Janeiro de 2025. Hospedagem de dados profissionais: cuidado com as plataformas voltadas para o consumidor. As obriga\u00e7\u00f5es dos provedores de hospedagem de dados em rela\u00e7\u00e3o ao combate \u00e0 pornografia infantil t\u00eam um impacto profundo na confidencialidade dos documentos que lhes confiamos. Foi o que um advogado parisiense descobriu recentemente, para seu pr\u00f3prio preju\u00edzo, [\u2026]\n\r\n\t\t\t\t\t        <\/div><!-- .entry-content -->\r\n\t\t\t\t\t\t\t\t\t\t\t\t\t\t<div class=\"btn-readmore\">\r\n\t\t\t\t\t\t\t\t<a href=\"https:\/\/viqtor.eu\/pt\/hebergement-de-donnees-professionnelles-attention-aux-plateformes-grand-public\/\"><i class=\"flaticon-right-arrow-1\"><\/i>Ler mais<\/a>\t\t\t\t\t\t\t<\/div>\r\n\t\t\t\t\t\t<\/div>\r\n\t\t\t\t\t<\/div>\r\n\t\t\t\t<\/article>\r\n\t\t\t\t<\/div>\r\n\t\t\t \r\n\t\t\t\t<div class=\"pgrid-box\">\r\n\t\t\t\t<article class=\"post-box blog-item\">\r\n\t\t\t\t\t<div class=\"post-inner\">\r\n\t\t\t\t\t\t\t\t\t\t\t\t\r\n\t\t\t\t\t        <div class=\"entry-media\">\r\n\t\t\t\t\t        \t<div class=\"post-cat\"><span class=\"posted-in\"><a href=\"https:\/\/viqtor.eu\/pt\/category\/veille-juridique\/\" rel=\"category tag\">Monitoramento jur\u00eddico<\/a><\/span><\/div>\t\t\t\t\t            <a href=\"https:\/\/viqtor.eu\/pt\/quelles-perspectives-pour-la-protection-des-donnees-en-2025\/\">\r\n\t\t\t\t\t                <img loading=\"lazy\" decoding=\"async\" width=\"601\" height=\"520\" src=\"https:\/\/viqtor.eu\/wp-content\/uploads\/2026\/03\/shutterstock_2717134265_1773308160007-601x520.jpg\" class=\"attachment-engitech-slider-post-thumbnail size-engitech-slider-post-thumbnail wp-post-image\" alt=\"\" \/>\t\t\t\t\t            <\/a>\r\n\t\t\t\t\t        <\/div>\r\n\t\t\t\t\t        \r\n\t\t\t\t\t    \r\n\t\t\t\t\t\t<div class=\"inner-post\">\r\n\t\t\t\t\t\t\t<div class=\"entry-header\">\r\n\r\n\t\t\t\t\t\t\t\t\r\n\t\t\t\t\t\t\t\t<h3 class=\"entry-title\"><a href=\"https:\/\/viqtor.eu\/pt\/quelles-perspectives-pour-la-protection-des-donnees-en-2025\/\" rel=\"bookmark\">Quais s\u00e3o as perspectivas para a prote\u00e7\u00e3o de dados em 2025?<\/a><\/h3>\r\n\t\t\t\t\t\t\t<\/div><!-- .entry-header -->\r\n\t\t\t\t\t\t\t\r\n\t\t\t\t\t\t\t\t\t\t\t\t\t\t<div class=\"entry-summary the-excerpt\">\r\n\r\n\t\t\t\t\t            <p>Boletim Jur\u00eddico n\u00ba 78 \u2013 Dezembro de 2024. Quais s\u00e3o as perspectivas para a prote\u00e7\u00e3o de dados em 2025? O novo ano continua com a implementa\u00e7\u00e3o gradual do &quot;pacote digital&quot; da Uni\u00e3o Europeia, bem como com novas legisla\u00e7\u00f5es destinadas a refor\u00e7ar a prote\u00e7\u00e3o de dados pessoais face aos desafios colocados pela digitaliza\u00e7\u00e3o.\n\r\n\t\t\t\t\t        <\/div><!-- .entry-content -->\r\n\t\t\t\t\t\t\t\t\t\t\t\t\t\t<div class=\"btn-readmore\">\r\n\t\t\t\t\t\t\t\t<a href=\"https:\/\/viqtor.eu\/pt\/quelles-perspectives-pour-la-protection-des-donnees-en-2025\/\"><i class=\"flaticon-right-arrow-1\"><\/i>Ler mais<\/a>\t\t\t\t\t\t\t<\/div>\r\n\t\t\t\t\t\t<\/div>\r\n\t\t\t\t\t<\/div>\r\n\t\t\t\t<\/article>\r\n\t\t\t\t<\/div>\r\n\t\t\t \r\n\t\t\t\t<div class=\"pgrid-box\">\r\n\t\t\t\t<article class=\"post-box blog-item\">\r\n\t\t\t\t\t<div class=\"post-inner\">\r\n\t\t\t\t\t\t\t\t\t\t\t\t\r\n\t\t\t\t\t        <div class=\"entry-media\">\r\n\t\t\t\t\t        \t<div class=\"post-cat\"><span class=\"posted-in\"><a href=\"https:\/\/viqtor.eu\/pt\/category\/veille-juridique\/\" rel=\"category tag\">Monitoramento jur\u00eddico<\/a><\/span><\/div>\t\t\t\t\t            <a href=\"https:\/\/viqtor.eu\/pt\/lintelligence-artificielle-comme-outil-de-travail-quel-encadrement\/\">\r\n\t\t\t\t\t                <img loading=\"lazy\" decoding=\"async\" width=\"601\" height=\"520\" src=\"https:\/\/viqtor.eu\/wp-content\/uploads\/2026\/03\/shutterstock_2719237259_1773240155032-601x520.jpg\" class=\"attachment-engitech-slider-post-thumbnail size-engitech-slider-post-thumbnail wp-post-image\" alt=\"\" \/>\t\t\t\t\t            <\/a>\r\n\t\t\t\t\t        <\/div>\r\n\t\t\t\t\t        \r\n\t\t\t\t\t    \r\n\t\t\t\t\t\t<div class=\"inner-post\">\r\n\t\t\t\t\t\t\t<div class=\"entry-header\">\r\n\r\n\t\t\t\t\t\t\t\t\r\n\t\t\t\t\t\t\t\t<h3 class=\"entry-title\"><a href=\"https:\/\/viqtor.eu\/pt\/lintelligence-artificielle-comme-outil-de-travail-quel-encadrement\/\" rel=\"bookmark\">Intelig\u00eancia artificial como ferramenta de trabalho: que tipo de estrutura \u00e9 necess\u00e1ria?<\/a><\/h3>\r\n\t\t\t\t\t\t\t<\/div><!-- .entry-header -->\r\n\t\t\t\t\t\t\t\r\n\t\t\t\t\t\t\t\t\t\t\t\t\t\t<div class=\"entry-summary the-excerpt\">\r\n\r\n\t\t\t\t\t            <p>Boletim Jur\u00eddico n\u00ba 77 \u2013 Novembro de 2024. Intelig\u00eancia artificial como ferramenta de trabalho: quais s\u00e3o as regulamenta\u00e7\u00f5es vigentes? O uso da IA no ambiente de trabalho est\u00e1 se expandindo rapidamente hoje em dia, muitas vezes sem planejamento pr\u00e9vio e sem que os empregadores saibam exatamente como seus funcion\u00e1rios est\u00e3o utilizando as novas ferramentas \u00e0 sua disposi\u00e7\u00e3o. Sejam os j\u00e1 consagrados modelos de linguagem [\u2026]\n\r\n\t\t\t\t\t        <\/div><!-- .entry-content -->\r\n\t\t\t\t\t\t\t\t\t\t\t\t\t\t<div class=\"btn-readmore\">\r\n\t\t\t\t\t\t\t\t<a href=\"https:\/\/viqtor.eu\/pt\/lintelligence-artificielle-comme-outil-de-travail-quel-encadrement\/\"><i class=\"flaticon-right-arrow-1\"><\/i>Ler mais<\/a>\t\t\t\t\t\t\t<\/div>\r\n\t\t\t\t\t\t<\/div>\r\n\t\t\t\t\t<\/div>\r\n\t\t\t\t<\/article>\r\n\t\t\t\t<\/div>\r\n\t\t\t \r\n\t\t\t\t<div class=\"pgrid-box\">\r\n\t\t\t\t<article class=\"post-box blog-item\">\r\n\t\t\t\t\t<div class=\"post-inner\">\r\n\t\t\t\t\t\t\t\t\t\t\t\t\r\n\t\t\t\t\t        <div class=\"entry-media\">\r\n\t\t\t\t\t        \t<div class=\"post-cat\"><span class=\"posted-in\"><a href=\"https:\/\/viqtor.eu\/pt\/category\/veille-juridique\/\" rel=\"category tag\">Monitoramento jur\u00eddico<\/a><\/span><\/div>\t\t\t\t\t            <a href=\"https:\/\/viqtor.eu\/pt\/cyberattaques-un-risque-accru-et-un-cadre-legal-en-evolution\/\">\r\n\t\t\t\t\t                <img loading=\"lazy\" decoding=\"async\" width=\"601\" height=\"520\" src=\"https:\/\/viqtor.eu\/wp-content\/uploads\/2026\/03\/shutterstock_2461654971_1773239629944-601x520.jpg\" class=\"attachment-engitech-slider-post-thumbnail size-engitech-slider-post-thumbnail wp-post-image\" alt=\"\" \/>\t\t\t\t\t            <\/a>\r\n\t\t\t\t\t        <\/div>\r\n\t\t\t\t\t        \r\n\t\t\t\t\t    \r\n\t\t\t\t\t\t<div class=\"inner-post\">\r\n\t\t\t\t\t\t\t<div class=\"entry-header\">\r\n\r\n\t\t\t\t\t\t\t\t\r\n\t\t\t\t\t\t\t\t<h3 class=\"entry-title\"><a href=\"https:\/\/viqtor.eu\/pt\/cyberattaques-un-risque-accru-et-un-cadre-legal-en-evolution\/\" rel=\"bookmark\">Ciberataques: aumento do risco e um quadro jur\u00eddico em evolu\u00e7\u00e3o.<\/a><\/h3>\r\n\t\t\t\t\t\t\t<\/div><!-- .entry-header -->\r\n\t\t\t\t\t\t\t\r\n\t\t\t\t\t\t\t\t\t\t\t\t\t\t<div class=\"entry-summary the-excerpt\">\r\n\r\n\t\t\t\t\t            <p>Boletim Jur\u00eddico n\u00ba 76 \u2013 Outubro de 2024. Ciberataques: Riscos Crescentes e um Quadro Jur\u00eddico em Evolu\u00e7\u00e3o. O n\u00famero de ciberataques contra empresas e servi\u00e7os p\u00fablicos na Fran\u00e7a neste outono \u00e9 incont\u00e1vel. Depois da Boulanger, Cultura, Truffaut, Grosbill e SFR, agora \u00e9 a vez da Free sofrer um ataque.\n\r\n\t\t\t\t\t        <\/div><!-- .entry-content -->\r\n\t\t\t\t\t\t\t\t\t\t\t\t\t\t<div class=\"btn-readmore\">\r\n\t\t\t\t\t\t\t\t<a href=\"https:\/\/viqtor.eu\/pt\/cyberattaques-un-risque-accru-et-un-cadre-legal-en-evolution\/\"><i class=\"flaticon-right-arrow-1\"><\/i>Ler mais<\/a>\t\t\t\t\t\t\t<\/div>\r\n\t\t\t\t\t\t<\/div>\r\n\t\t\t\t\t<\/div>\r\n\t\t\t\t<\/article>\r\n\t\t\t\t<\/div>\r\n\t\t\t \r\n\t\t\t\t<div class=\"pgrid-box\">\r\n\t\t\t\t<article class=\"post-box blog-item\">\r\n\t\t\t\t\t<div class=\"post-inner\">\r\n\t\t\t\t\t\t\t\t\t\t\t\t\r\n\t\t\t\t\t        <div class=\"entry-media\">\r\n\t\t\t\t\t        \t<div class=\"post-cat\"><span class=\"posted-in\"><a href=\"https:\/\/viqtor.eu\/pt\/category\/veille-juridique\/\" rel=\"category tag\">Monitoramento jur\u00eddico<\/a><\/span><\/div>\t\t\t\t\t            <a href=\"https:\/\/viqtor.eu\/pt\/anonymisation-ou-pseudonymisation-des-qualifications-evolutives-dans-le-temps\/\">\r\n\t\t\t\t\t                <img loading=\"lazy\" decoding=\"async\" width=\"601\" height=\"520\" src=\"https:\/\/viqtor.eu\/wp-content\/uploads\/2026\/03\/shutterstock_1290531634_1773239136274-601x520.jpg\" class=\"attachment-engitech-slider-post-thumbnail size-engitech-slider-post-thumbnail wp-post-image\" alt=\"\" \/>\t\t\t\t\t            <\/a>\r\n\t\t\t\t\t        <\/div>\r\n\t\t\t\t\t        \r\n\t\t\t\t\t    \r\n\t\t\t\t\t\t<div class=\"inner-post\">\r\n\t\t\t\t\t\t\t<div class=\"entry-header\">\r\n\r\n\t\t\t\t\t\t\t\t\r\n\t\t\t\t\t\t\t\t<h3 class=\"entry-title\"><a href=\"https:\/\/viqtor.eu\/pt\/anonymisation-ou-pseudonymisation-des-qualifications-evolutives-dans-le-temps\/\" rel=\"bookmark\">Anonimiza\u00e7\u00e3o ou pseudonimiza\u00e7\u00e3o: qualifica\u00e7\u00f5es que evoluem com o tempo?<\/a><\/h3>\r\n\t\t\t\t\t\t\t<\/div><!-- .entry-header -->\r\n\t\t\t\t\t\t\t\r\n\t\t\t\t\t\t\t\t\t\t\t\t\t\t<div class=\"entry-summary the-excerpt\">\r\n\r\n\t\t\t\t\t            <p>Boletim Jur\u00eddico n\u00ba 75 \u2013 Setembro de 2024. Anonimiza\u00e7\u00e3o ou pseudonimiza\u00e7\u00e3o: classifica\u00e7\u00f5es em evolu\u00e7\u00e3o ao longo do tempo? Em 5 de setembro de 2024, a CNIL (Comiss\u00e3o Nacional de Inform\u00e1tica e Liberdades da Fran\u00e7a) multou a Cegedim Sant\u00e9 em \u20ac 800.000 por, entre outras coisas, processar dados de sa\u00fade sem autoriza\u00e7\u00e3o. A autoridade supervisora observou que esses dados permaneceram identific\u00e1veis [\u2026]\n\r\n\t\t\t\t\t        <\/div><!-- .entry-content -->\r\n\t\t\t\t\t\t\t\t\t\t\t\t\t\t<div class=\"btn-readmore\">\r\n\t\t\t\t\t\t\t\t<a href=\"https:\/\/viqtor.eu\/pt\/anonymisation-ou-pseudonymisation-des-qualifications-evolutives-dans-le-temps\/\"><i class=\"flaticon-right-arrow-1\"><\/i>Ler mais<\/a>\t\t\t\t\t\t\t<\/div>\r\n\t\t\t\t\t\t<\/div>\r\n\t\t\t\t\t<\/div>\r\n\t\t\t\t<\/article>\r\n\t\t\t\t<\/div>\r\n\t\t\t \r\n\t\t\t\t<div class=\"pgrid-box\">\r\n\t\t\t\t<article class=\"post-box blog-item\">\r\n\t\t\t\t\t<div class=\"post-inner\">\r\n\t\t\t\t\t\t\t\t\t\t\t\t\r\n\t\t\t\t\t        <div class=\"entry-media\">\r\n\t\t\t\t\t        \t<div class=\"post-cat\"><span class=\"posted-in\"><a href=\"https:\/\/viqtor.eu\/pt\/category\/veille-juridique\/\" rel=\"category tag\">Monitoramento jur\u00eddico<\/a><\/span><\/div>\t\t\t\t\t            <a href=\"https:\/\/viqtor.eu\/pt\/telegram-signal-whatsapp-que-valent-les-messageries-instantanees-dans-un-contexte-professionnel\/\">\r\n\t\t\t\t\t                <img loading=\"lazy\" decoding=\"async\" width=\"601\" height=\"520\" src=\"https:\/\/viqtor.eu\/wp-content\/uploads\/2026\/03\/shutterstock_2687284167_1773238103065-601x520.jpg\" class=\"attachment-engitech-slider-post-thumbnail size-engitech-slider-post-thumbnail wp-post-image\" alt=\"\" \/>\t\t\t\t\t            <\/a>\r\n\t\t\t\t\t        <\/div>\r\n\t\t\t\t\t        \r\n\t\t\t\t\t    \r\n\t\t\t\t\t\t<div class=\"inner-post\">\r\n\t\t\t\t\t\t\t<div class=\"entry-header\">\r\n\r\n\t\t\t\t\t\t\t\t\r\n\t\t\t\t\t\t\t\t<h3 class=\"entry-title\"><a href=\"https:\/\/viqtor.eu\/pt\/telegram-signal-whatsapp-que-valent-les-messageries-instantanees-dans-un-contexte-professionnel\/\" rel=\"bookmark\">Telegram, Signal, Whatsapp\u2026 Qu\u00e3o bons s\u00e3o os servi\u00e7os de mensagens instant\u00e2neas em um contexto profissional?<\/a><\/h3>\r\n\t\t\t\t\t\t\t<\/div><!-- .entry-header -->\r\n\t\t\t\t\t\t\t\r\n\t\t\t\t\t\t\t\t\t\t\t\t\t\t<div class=\"entry-summary the-excerpt\">\r\n\r\n\t\t\t\t\t            <p>Observat\u00f3rio Jur\u00eddico n\u00ba 74 \u2013 Agosto de 2024. Telegram, Signal, WhatsApp\u2026 Qu\u00e3o eficazes s\u00e3o os servi\u00e7os de mensagens instant\u00e2neas em um contexto profissional? A pris\u00e3o de Pavel Durov, fundador do aplicativo de mensagens Telegram, na Fran\u00e7a, gerou in\u00fameras rea\u00e7\u00f5es na m\u00eddia. Independentemente dos debates pol\u00edticos em torno do assunto, o caso nos oferece a oportunidade de analisar [\u2026]\n\r\n\t\t\t\t\t        <\/div><!-- .entry-content -->\r\n\t\t\t\t\t\t\t\t\t\t\t\t\t\t<div class=\"btn-readmore\">\r\n\t\t\t\t\t\t\t\t<a href=\"https:\/\/viqtor.eu\/pt\/telegram-signal-whatsapp-que-valent-les-messageries-instantanees-dans-un-contexte-professionnel\/\"><i class=\"flaticon-right-arrow-1\"><\/i>Ler mais<\/a>\t\t\t\t\t\t\t<\/div>\r\n\t\t\t\t\t\t<\/div>\r\n\t\t\t\t\t<\/div>\r\n\t\t\t\t<\/article>\r\n\t\t\t\t<\/div>\r\n\t\t\t \r\n\t\t\t\t<div class=\"pgrid-box\">\r\n\t\t\t\t<article class=\"post-box blog-item\">\r\n\t\t\t\t\t<div class=\"post-inner\">\r\n\t\t\t\t\t\t\t\t\t\t\t\t\r\n\t\t\t\t\t        <div class=\"entry-media\">\r\n\t\t\t\t\t        \t<div class=\"post-cat\"><span class=\"posted-in\"><a href=\"https:\/\/viqtor.eu\/pt\/category\/veille-juridique\/\" rel=\"category tag\">Monitoramento jur\u00eddico<\/a><\/span><\/div>\t\t\t\t\t            <a href=\"https:\/\/viqtor.eu\/pt\/services-cloud-quels-criteres-pour-quel-choix\/\">\r\n\t\t\t\t\t                <img loading=\"lazy\" decoding=\"async\" width=\"601\" height=\"520\" src=\"https:\/\/viqtor.eu\/wp-content\/uploads\/2026\/03\/shutterstock_2706142361_1773237268089-601x520.jpg\" class=\"attachment-engitech-slider-post-thumbnail size-engitech-slider-post-thumbnail wp-post-image\" alt=\"\" \/>\t\t\t\t\t            <\/a>\r\n\t\t\t\t\t        <\/div>\r\n\t\t\t\t\t        \r\n\t\t\t\t\t    \r\n\t\t\t\t\t\t<div class=\"inner-post\">\r\n\t\t\t\t\t\t\t<div class=\"entry-header\">\r\n\r\n\t\t\t\t\t\t\t\t\r\n\t\t\t\t\t\t\t\t<h3 class=\"entry-title\"><a href=\"https:\/\/viqtor.eu\/pt\/services-cloud-quels-criteres-pour-quel-choix\/\" rel=\"bookmark\">Servi\u00e7os em nuvem: quais crit\u00e9rios para cada escolha?<\/a><\/h3>\r\n\t\t\t\t\t\t\t<\/div><!-- .entry-header -->\r\n\t\t\t\t\t\t\t\r\n\t\t\t\t\t\t\t\t\t\t\t\t\t\t<div class=\"entry-summary the-excerpt\">\r\n\r\n\t\t\t\t\t            <p>Boletim Jur\u00eddico n\u00ba 73 \u2013 Julho de 2024. Servi\u00e7os em nuvem: quais crit\u00e9rios escolher? Desde a pandemia da Covid-19, houve um aumento no uso de servi\u00e7os em nuvem tanto no setor p\u00fablico quanto no privado. Embora o quadro europeu nessa \u00e1rea esteja se tornando mais claro, muitas incertezas permanecem. Devemos escolher [\u2026]\n\r\n\t\t\t\t\t        <\/div><!-- .entry-content -->\r\n\t\t\t\t\t\t\t\t\t\t\t\t\t\t<div class=\"btn-readmore\">\r\n\t\t\t\t\t\t\t\t<a href=\"https:\/\/viqtor.eu\/pt\/services-cloud-quels-criteres-pour-quel-choix\/\"><i class=\"flaticon-right-arrow-1\"><\/i>Ler mais<\/a>\t\t\t\t\t\t\t<\/div>\r\n\t\t\t\t\t\t<\/div>\r\n\t\t\t\t\t<\/div>\r\n\t\t\t\t<\/article>\r\n\t\t\t\t<\/div>\r\n\t\t\t \r\n\t\t\t\t<div class=\"pgrid-box\">\r\n\t\t\t\t<article class=\"post-box blog-item\">\r\n\t\t\t\t\t<div class=\"post-inner\">\r\n\t\t\t\t\t\t\t\t\t\t\t\t\r\n\t\t\t\t\t        <div class=\"entry-media\">\r\n\t\t\t\t\t        \t<div class=\"post-cat\"><span class=\"posted-in\"><a href=\"https:\/\/viqtor.eu\/pt\/category\/veille-juridique\/\" rel=\"category tag\">Monitoramento jur\u00eddico<\/a><\/span><\/div>\t\t\t\t\t            <a href=\"https:\/\/viqtor.eu\/pt\/communication-et-demarchage-sur-les-reseaux-sociaux-quelles-regles-pour-les-professionnels\/\">\r\n\t\t\t\t\t                <img loading=\"lazy\" decoding=\"async\" width=\"601\" height=\"520\" src=\"https:\/\/viqtor.eu\/wp-content\/uploads\/2026\/03\/shutterstock_2741981435_1773236680638-601x520.jpg\" class=\"attachment-engitech-slider-post-thumbnail size-engitech-slider-post-thumbnail wp-post-image\" alt=\"\" \/>\t\t\t\t\t            <\/a>\r\n\t\t\t\t\t        <\/div>\r\n\t\t\t\t\t        \r\n\t\t\t\t\t    \r\n\t\t\t\t\t\t<div class=\"inner-post\">\r\n\t\t\t\t\t\t\t<div class=\"entry-header\">\r\n\r\n\t\t\t\t\t\t\t\t\r\n\t\t\t\t\t\t\t\t<h3 class=\"entry-title\"><a href=\"https:\/\/viqtor.eu\/pt\/communication-et-demarchage-sur-les-reseaux-sociaux-quelles-regles-pour-les-professionnels\/\" rel=\"bookmark\">Comunica\u00e7\u00e3o e marketing nas redes sociais: quais s\u00e3o as regras para os profissionais?<\/a><\/h3>\r\n\t\t\t\t\t\t\t<\/div><!-- .entry-header -->\r\n\t\t\t\t\t\t\t\r\n\t\t\t\t\t\t\t\t\t\t\t\t\t\t<div class=\"entry-summary the-excerpt\">\r\n\r\n\t\t\t\t\t            <p>Aviso Jur\u00eddico n\u00ba 72 \u2013 Junho de 2024. Comunica\u00e7\u00e3o e marketing nas redes sociais: quais as regras aplic\u00e1veis aos profissionais? As redes sociais constituem uma vasta fonte de dados para a segmenta\u00e7\u00e3o de potenciais clientes. A utiliza\u00e7\u00e3o desses dados, sejam eles publicamente acess\u00edveis na pr\u00f3pria rede social ou obtidos atrav\u00e9s da constru\u00e7\u00e3o de uma rede de contactos, continua a ser [\u2026]\n\r\n\t\t\t\t\t        <\/div><!-- .entry-content -->\r\n\t\t\t\t\t\t\t\t\t\t\t\t\t\t<div class=\"btn-readmore\">\r\n\t\t\t\t\t\t\t\t<a href=\"https:\/\/viqtor.eu\/pt\/communication-et-demarchage-sur-les-reseaux-sociaux-quelles-regles-pour-les-professionnels\/\"><i class=\"flaticon-right-arrow-1\"><\/i>Ler mais<\/a>\t\t\t\t\t\t\t<\/div>\r\n\t\t\t\t\t\t<\/div>\r\n\t\t\t\t\t<\/div>\r\n\t\t\t\t<\/article>\r\n\t\t\t\t<\/div>\r\n\t\t\t \r\n\t\t\t\t<div class=\"pgrid-box\">\r\n\t\t\t\t<article class=\"post-box blog-item\">\r\n\t\t\t\t\t<div class=\"post-inner\">\r\n\t\t\t\t\t\t\t\t\t\t\t\t\r\n\t\t\t\t\t        <div class=\"entry-media\">\r\n\t\t\t\t\t        \t<div class=\"post-cat\"><span class=\"posted-in\"><a href=\"https:\/\/viqtor.eu\/pt\/category\/veille-juridique\/\" rel=\"category tag\">Monitoramento jur\u00eddico<\/a><\/span><\/div>\t\t\t\t\t            <a href=\"https:\/\/viqtor.eu\/pt\/transferts-de-donnees-en-dehors-de-lue-etat-des-lieux\/\">\r\n\t\t\t\t\t                <img loading=\"lazy\" decoding=\"async\" width=\"601\" height=\"520\" src=\"https:\/\/viqtor.eu\/wp-content\/uploads\/2026\/03\/shutterstock_2657746321_1773236092532-601x520.jpg\" class=\"attachment-engitech-slider-post-thumbnail size-engitech-slider-post-thumbnail wp-post-image\" alt=\"\" \/>\t\t\t\t\t            <\/a>\r\n\t\t\t\t\t        <\/div>\r\n\t\t\t\t\t        \r\n\t\t\t\t\t    \r\n\t\t\t\t\t\t<div class=\"inner-post\">\r\n\t\t\t\t\t\t\t<div class=\"entry-header\">\r\n\r\n\t\t\t\t\t\t\t\t\r\n\t\t\t\t\t\t\t\t<h3 class=\"entry-title\"><a href=\"https:\/\/viqtor.eu\/pt\/transferts-de-donnees-en-dehors-de-lue-etat-des-lieux\/\" rel=\"bookmark\">Transfer\u00eancias de dados para fora da UE: situa\u00e7\u00e3o atual<\/a><\/h3>\r\n\t\t\t\t\t\t\t<\/div><!-- .entry-header -->\r\n\t\t\t\t\t\t\t\r\n\t\t\t\t\t\t\t\t\t\t\t\t\t\t<div class=\"entry-summary the-excerpt\">\r\n\r\n\t\t\t\t\t            <p>Boletim Jur\u00eddico n\u00ba 70 \u2013 Abril de 2024. Transfer\u00eancias de Dados para Fora da UE: Situa\u00e7\u00e3o Atual. O panorama das transfer\u00eancias internacionais de dados est\u00e1 se tornando mais claro a cada decis\u00e3o e posi\u00e7\u00e3o institucional adotada. Diversas iniciativas recentes, tanto em n\u00edvel europeu quanto nacional, visam facilitar os fluxos de dados [\u2026]\n\r\n\t\t\t\t\t        <\/div><!-- .entry-content -->\r\n\t\t\t\t\t\t\t\t\t\t\t\t\t\t<div class=\"btn-readmore\">\r\n\t\t\t\t\t\t\t\t<a href=\"https:\/\/viqtor.eu\/pt\/transferts-de-donnees-en-dehors-de-lue-etat-des-lieux\/\"><i class=\"flaticon-right-arrow-1\"><\/i>Ler mais<\/a>\t\t\t\t\t\t\t<\/div>\r\n\t\t\t\t\t\t<\/div>\r\n\t\t\t\t\t<\/div>\r\n\t\t\t\t<\/article>\r\n\t\t\t\t<\/div>\r\n\t\t\t \r\n\t\t\t\t<div class=\"pgrid-box\">\r\n\t\t\t\t<article class=\"post-box blog-item\">\r\n\t\t\t\t\t<div class=\"post-inner\">\r\n\t\t\t\t\t\t\t\t\t\t\t\t\r\n\t\t\t\t\t        <div class=\"entry-media\">\r\n\t\t\t\t\t        \t<div class=\"post-cat\"><span class=\"posted-in\"><a href=\"https:\/\/viqtor.eu\/pt\/category\/veille-juridique\/\" rel=\"category tag\">Monitoramento jur\u00eddico<\/a><\/span><\/div>\t\t\t\t\t            <a href=\"https:\/\/viqtor.eu\/pt\/securite-des-donnees-cybermenaces-etat-des-lieux-et-orientations\/\">\r\n\t\t\t\t\t                <img loading=\"lazy\" decoding=\"async\" width=\"601\" height=\"520\" src=\"https:\/\/viqtor.eu\/wp-content\/uploads\/2026\/03\/shutterstock_2664438657_1773228152886-601x520.jpg\" class=\"attachment-engitech-slider-post-thumbnail size-engitech-slider-post-thumbnail wp-post-image\" alt=\"\" \/>\t\t\t\t\t            <\/a>\r\n\t\t\t\t\t        <\/div>\r\n\t\t\t\t\t        \r\n\t\t\t\t\t    \r\n\t\t\t\t\t\t<div class=\"inner-post\">\r\n\t\t\t\t\t\t\t<div class=\"entry-header\">\r\n\r\n\t\t\t\t\t\t\t\t\r\n\t\t\t\t\t\t\t\t<h3 class=\"entry-title\"><a href=\"https:\/\/viqtor.eu\/pt\/securite-des-donnees-cybermenaces-etat-des-lieux-et-orientations\/\" rel=\"bookmark\">Seguran\u00e7a de dados, amea\u00e7as cibern\u00e9ticas: situa\u00e7\u00e3o atual e diretrizes.<\/a><\/h3>\r\n\t\t\t\t\t\t\t<\/div><!-- .entry-header -->\r\n\t\t\t\t\t\t\t\r\n\t\t\t\t\t\t\t\t\t\t\t\t\t\t<div class=\"entry-summary the-excerpt\">\r\n\r\n\t\t\t\t\t            <p>Boletim Jur\u00eddico n\u00ba 69 \u2013 Mar\u00e7o de 2024. Seguran\u00e7a de dados, ciberamea\u00e7as: situa\u00e7\u00e3o atual e diretrizes. Diversas organiza\u00e7\u00f5es est\u00e3o publicando seus relat\u00f3rios sobre o estado das amea\u00e7as \u00e0 ciberseguran\u00e7a no in\u00edcio deste ano: uma oportunidade para analisar os riscos e as recomenda\u00e7\u00f5es para a prote\u00e7\u00e3o de dados pessoais. A Ag\u00eancia da Uni\u00e3o Europeia [\u2026]\n\r\n\t\t\t\t\t        <\/div><!-- .entry-content -->\r\n\t\t\t\t\t\t\t\t\t\t\t\t\t\t<div class=\"btn-readmore\">\r\n\t\t\t\t\t\t\t\t<a href=\"https:\/\/viqtor.eu\/pt\/securite-des-donnees-cybermenaces-etat-des-lieux-et-orientations\/\"><i class=\"flaticon-right-arrow-1\"><\/i>Ler mais<\/a>\t\t\t\t\t\t\t<\/div>\r\n\t\t\t\t\t\t<\/div>\r\n\t\t\t\t\t<\/div>\r\n\t\t\t\t<\/article>\r\n\t\t\t\t<\/div>\r\n\t\t\t \r\n\t\t\t\t<div class=\"pgrid-box\">\r\n\t\t\t\t<article class=\"post-box blog-item\">\r\n\t\t\t\t\t<div class=\"post-inner\">\r\n\t\t\t\t\t\t\t\t\t\t\t\t\r\n\t\t\t\t\t        <div class=\"entry-media\">\r\n\t\t\t\t\t        \t<div class=\"post-cat\"><span class=\"posted-in\"><a href=\"https:\/\/viqtor.eu\/pt\/category\/veille-juridique\/\" rel=\"category tag\">Monitoramento jur\u00eddico<\/a><\/span><\/div>\t\t\t\t\t            <a href=\"https:\/\/viqtor.eu\/pt\/controles-de-la-cnil-quelles-priorites-pour-2024\/\">\r\n\t\t\t\t\t                <img loading=\"lazy\" decoding=\"async\" width=\"601\" height=\"520\" src=\"https:\/\/viqtor.eu\/wp-content\/uploads\/2026\/03\/shutterstock_1195939270_1773227539403-601x520.jpg\" class=\"attachment-engitech-slider-post-thumbnail size-engitech-slider-post-thumbnail wp-post-image\" alt=\"\" \/>\t\t\t\t\t            <\/a>\r\n\t\t\t\t\t        <\/div>\r\n\t\t\t\t\t        \r\n\t\t\t\t\t    \r\n\t\t\t\t\t\t<div class=\"inner-post\">\r\n\t\t\t\t\t\t\t<div class=\"entry-header\">\r\n\r\n\t\t\t\t\t\t\t\t\r\n\t\t\t\t\t\t\t\t<h3 class=\"entry-title\"><a href=\"https:\/\/viqtor.eu\/pt\/controles-de-la-cnil-quelles-priorites-pour-2024\/\" rel=\"bookmark\">Controles da CNIL: quais s\u00e3o as prioridades para 2024?<\/a><\/h3>\r\n\t\t\t\t\t\t\t<\/div><!-- .entry-header -->\r\n\t\t\t\t\t\t\t\r\n\t\t\t\t\t\t\t\t\t\t\t\t\t\t<div class=\"entry-summary the-excerpt\">\r\n\r\n\t\t\t\t\t            <p>Boletim Jur\u00eddico n\u00ba 68 \u2013 Fevereiro de 2024. Auditorias da CNIL: Quais s\u00e3o as prioridades para 2024? Como faz todos os anos, a CNIL publicou seu relat\u00f3rio anual e prioridades para os pr\u00f3ximos meses no in\u00edcio de 2024. O relat\u00f3rio indica um aumento constante nas auditorias, tornadas mais eficazes pela implementa\u00e7\u00e3o [\u2026]\n\r\n\t\t\t\t\t        <\/div><!-- .entry-content -->\r\n\t\t\t\t\t\t\t\t\t\t\t\t\t\t<div class=\"btn-readmore\">\r\n\t\t\t\t\t\t\t\t<a href=\"https:\/\/viqtor.eu\/pt\/controles-de-la-cnil-quelles-priorites-pour-2024\/\"><i class=\"flaticon-right-arrow-1\"><\/i>Ler mais<\/a>\t\t\t\t\t\t\t<\/div>\r\n\t\t\t\t\t\t<\/div>\r\n\t\t\t\t\t<\/div>\r\n\t\t\t\t<\/article>\r\n\t\t\t\t<\/div>\r\n\t\t\t \r\n\t\t\t\t<div class=\"pgrid-box\">\r\n\t\t\t\t<article class=\"post-box blog-item\">\r\n\t\t\t\t\t<div class=\"post-inner\">\r\n\t\t\t\t\t\t\t\t\t\t\t\t\r\n\t\t\t\t\t        <div class=\"entry-media\">\r\n\t\t\t\t\t        \t<div class=\"post-cat\"><span class=\"posted-in\"><a href=\"https:\/\/viqtor.eu\/pt\/category\/veille-juridique\/\" rel=\"category tag\">Monitoramento jur\u00eddico<\/a><\/span><\/div>\t\t\t\t\t            <a href=\"https:\/\/viqtor.eu\/pt\/role-et-moyens-des-dpo-les-resultats-dune-annee-de-controles\/\">\r\n\t\t\t\t\t                <img loading=\"lazy\" decoding=\"async\" width=\"601\" height=\"520\" src=\"https:\/\/viqtor.eu\/wp-content\/uploads\/2026\/03\/shutterstock_2084371585_1773151585967-601x520.jpg\" class=\"attachment-engitech-slider-post-thumbnail size-engitech-slider-post-thumbnail wp-post-image\" alt=\"\" \/>\t\t\t\t\t            <\/a>\r\n\t\t\t\t\t        <\/div>\r\n\t\t\t\t\t        \r\n\t\t\t\t\t    \r\n\t\t\t\t\t\t<div class=\"inner-post\">\r\n\t\t\t\t\t\t\t<div class=\"entry-header\">\r\n\r\n\t\t\t\t\t\t\t\t\r\n\t\t\t\t\t\t\t\t<h3 class=\"entry-title\"><a href=\"https:\/\/viqtor.eu\/pt\/role-et-moyens-des-dpo-les-resultats-dune-annee-de-controles\/\" rel=\"bookmark\">Papel e recursos dos DPOs: resultados de um ano de auditorias<\/a><\/h3>\r\n\t\t\t\t\t\t\t<\/div><!-- .entry-header -->\r\n\t\t\t\t\t\t\t\r\n\t\t\t\t\t\t\t\t\t\t\t\t\t\t<div class=\"entry-summary the-excerpt\">\r\n\r\n\t\t\t\t\t            <p>Boletim Jur\u00eddico n\u00ba 67 \u2013 Janeiro de 2024. Papel e recursos dos DPOs: os resultados de um ano de auditorias. Em 17 de janeiro, a CNIL e suas contrapartes europeias publicaram os resultados de suas investiga\u00e7\u00f5es sobre o papel e os recursos dos Encarregados de Prote\u00e7\u00e3o de Dados (DPOs) no contexto do RGPD. [\u2026]\n\r\n\t\t\t\t\t        <\/div><!-- .entry-content -->\r\n\t\t\t\t\t\t\t\t\t\t\t\t\t\t<div class=\"btn-readmore\">\r\n\t\t\t\t\t\t\t\t<a href=\"https:\/\/viqtor.eu\/pt\/role-et-moyens-des-dpo-les-resultats-dune-annee-de-controles\/\"><i class=\"flaticon-right-arrow-1\"><\/i>Ler mais<\/a>\t\t\t\t\t\t\t<\/div>\r\n\t\t\t\t\t\t<\/div>\r\n\t\t\t\t\t<\/div>\r\n\t\t\t\t<\/article>\r\n\t\t\t\t<\/div>\r\n\t\t\t \r\n\t\t\t\t<div class=\"pgrid-box\">\r\n\t\t\t\t<article class=\"post-box blog-item\">\r\n\t\t\t\t\t<div class=\"post-inner\">\r\n\t\t\t\t\t\t\t\t\t\t\t\t\r\n\t\t\t\t\t        <div class=\"entry-media\">\r\n\t\t\t\t\t        \t<div class=\"post-cat\"><span class=\"posted-in\"><a href=\"https:\/\/viqtor.eu\/pt\/category\/veille-juridique\/\" rel=\"category tag\">Monitoramento jur\u00eddico<\/a><\/span><\/div>\t\t\t\t\t            <a href=\"https:\/\/viqtor.eu\/pt\/jurisprudence-rgpd-les-grandes-orientations-de-2023\/\">\r\n\t\t\t\t\t                <img loading=\"lazy\" decoding=\"async\" width=\"601\" height=\"520\" src=\"https:\/\/viqtor.eu\/wp-content\/uploads\/2026\/03\/shutterstock_2051919695_1773150964945-601x520.jpg\" class=\"attachment-engitech-slider-post-thumbnail size-engitech-slider-post-thumbnail wp-post-image\" alt=\"\" \/>\t\t\t\t\t            <\/a>\r\n\t\t\t\t\t        <\/div>\r\n\t\t\t\t\t        \r\n\t\t\t\t\t    \r\n\t\t\t\t\t\t<div class=\"inner-post\">\r\n\t\t\t\t\t\t\t<div class=\"entry-header\">\r\n\r\n\t\t\t\t\t\t\t\t\r\n\t\t\t\t\t\t\t\t<h3 class=\"entry-title\"><a href=\"https:\/\/viqtor.eu\/pt\/jurisprudence-rgpd-les-grandes-orientations-de-2023\/\" rel=\"bookmark\">Jurisprud\u00eancia do RGPD: Principais tend\u00eancias para 2023<\/a><\/h3>\r\n\t\t\t\t\t\t\t<\/div><!-- .entry-header -->\r\n\t\t\t\t\t\t\t\r\n\t\t\t\t\t\t\t\t\t\t\t\t\t\t<div class=\"entry-summary the-excerpt\">\r\n\r\n\t\t\t\t\t            <p>Boletim Jur\u00eddico n\u00ba 66 \u2013 Dezembro de 2023. Jurisprud\u00eancia do RGPD: Principais Tend\u00eancias de 2023. Tanto na Fran\u00e7a quanto em n\u00edvel europeu, as autoridades de prote\u00e7\u00e3o de dados e os \u00f3rg\u00e3os judiciais emitiram diversas decis\u00f5es em 2023 esclarecendo as condi\u00e7\u00f5es para a aplica\u00e7\u00e3o do RGPD. Em n\u00edvel europeu, as san\u00e7\u00f5es mais significativas impostas pelas autoridades [\u2026]\n\r\n\t\t\t\t\t        <\/div><!-- .entry-content -->\r\n\t\t\t\t\t\t\t\t\t\t\t\t\t\t<div class=\"btn-readmore\">\r\n\t\t\t\t\t\t\t\t<a href=\"https:\/\/viqtor.eu\/pt\/jurisprudence-rgpd-les-grandes-orientations-de-2023\/\"><i class=\"flaticon-right-arrow-1\"><\/i>Ler mais<\/a>\t\t\t\t\t\t\t<\/div>\r\n\t\t\t\t\t\t<\/div>\r\n\t\t\t\t\t<\/div>\r\n\t\t\t\t<\/article>\r\n\t\t\t\t<\/div>\r\n\t\t\t \r\n\t\t\t\t<div class=\"pgrid-box\">\r\n\t\t\t\t<article class=\"post-box blog-item\">\r\n\t\t\t\t\t<div class=\"post-inner\">\r\n\t\t\t\t\t\t\t\t\t\t\t\t\r\n\t\t\t\t\t        <div class=\"entry-media\">\r\n\t\t\t\t\t        \t<div class=\"post-cat\"><span class=\"posted-in\"><a href=\"https:\/\/viqtor.eu\/pt\/category\/veille-juridique\/\" rel=\"category tag\">Monitoramento jur\u00eddico<\/a><\/span><\/div>\t\t\t\t\t            <a href=\"https:\/\/viqtor.eu\/pt\/plaintes-et-sanctions-quel-agenda-2024-pour-les-autorites-de-protection-des-donnees\/\">\r\n\t\t\t\t\t                <img loading=\"lazy\" decoding=\"async\" width=\"601\" height=\"520\" src=\"https:\/\/viqtor.eu\/wp-content\/uploads\/2026\/03\/shutterstock_2344659795_1773150356149-601x520.jpg\" class=\"attachment-engitech-slider-post-thumbnail size-engitech-slider-post-thumbnail wp-post-image\" alt=\"\" \/>\t\t\t\t\t            <\/a>\r\n\t\t\t\t\t        <\/div>\r\n\t\t\t\t\t        \r\n\t\t\t\t\t    \r\n\t\t\t\t\t\t<div class=\"inner-post\">\r\n\t\t\t\t\t\t\t<div class=\"entry-header\">\r\n\r\n\t\t\t\t\t\t\t\t\r\n\t\t\t\t\t\t\t\t<h3 class=\"entry-title\"><a href=\"https:\/\/viqtor.eu\/pt\/plaintes-et-sanctions-quel-agenda-2024-pour-les-autorites-de-protection-des-donnees\/\" rel=\"bookmark\">Reclama\u00e7\u00f5es e san\u00e7\u00f5es: qual \u00e9 a agenda de 2024 para as autoridades de prote\u00e7\u00e3o de dados?<\/a><\/h3>\r\n\t\t\t\t\t\t\t<\/div><!-- .entry-header -->\r\n\t\t\t\t\t\t\t\r\n\t\t\t\t\t\t\t\t\t\t\t\t\t\t<div class=\"entry-summary the-excerpt\">\r\n\r\n\t\t\t\t\t            <p>Boletim Jur\u00eddico n\u00ba 65 \u2013 Novembro de 2023. Reclama\u00e7\u00f5es e san\u00e7\u00f5es: qual \u00e9 a agenda de 2024 para as autoridades de prote\u00e7\u00e3o de dados? A entrada em vigor do RGPD levou a uma maior conscientiza\u00e7\u00e3o sobre a prote\u00e7\u00e3o de dados, tanto entre os controladores de dados quanto entre os indiv\u00edduos. Isso resultou em um aumento de [\u2026]\n\r\n\t\t\t\t\t        <\/div><!-- .entry-content -->\r\n\t\t\t\t\t\t\t\t\t\t\t\t\t\t<div class=\"btn-readmore\">\r\n\t\t\t\t\t\t\t\t<a href=\"https:\/\/viqtor.eu\/pt\/plaintes-et-sanctions-quel-agenda-2024-pour-les-autorites-de-protection-des-donnees\/\"><i class=\"flaticon-right-arrow-1\"><\/i>Ler mais<\/a>\t\t\t\t\t\t\t<\/div>\r\n\t\t\t\t\t\t<\/div>\r\n\t\t\t\t\t<\/div>\r\n\t\t\t\t<\/article>\r\n\t\t\t\t<\/div>\r\n\t\t\t \r\n\t\t\t\t<div class=\"pgrid-box\">\r\n\t\t\t\t<article class=\"post-box blog-item\">\r\n\t\t\t\t\t<div class=\"post-inner\">\r\n\t\t\t\t\t\t\t\t\t\t\t\t\r\n\t\t\t\t\t        <div class=\"entry-media\">\r\n\t\t\t\t\t        \t<div class=\"post-cat\"><span class=\"posted-in\"><a href=\"https:\/\/viqtor.eu\/pt\/category\/veille-juridique\/\" rel=\"category tag\">Monitoramento jur\u00eddico<\/a><\/span><\/div>\t\t\t\t\t            <a href=\"https:\/\/viqtor.eu\/pt\/chiffrement-et-portes-derobees-des-contraintes-techniques-aux-enjeux-de-societe\/\">\r\n\t\t\t\t\t                <img loading=\"lazy\" decoding=\"async\" width=\"601\" height=\"520\" src=\"https:\/\/viqtor.eu\/wp-content\/uploads\/2026\/03\/shutterstock_2563879841_1773140290155-601x520.jpg\" class=\"attachment-engitech-slider-post-thumbnail size-engitech-slider-post-thumbnail wp-post-image\" alt=\"\" \/>\t\t\t\t\t            <\/a>\r\n\t\t\t\t\t        <\/div>\r\n\t\t\t\t\t        \r\n\t\t\t\t\t    \r\n\t\t\t\t\t\t<div class=\"inner-post\">\r\n\t\t\t\t\t\t\t<div class=\"entry-header\">\r\n\r\n\t\t\t\t\t\t\t\t\r\n\t\t\t\t\t\t\t\t<h3 class=\"entry-title\"><a href=\"https:\/\/viqtor.eu\/pt\/chiffrement-et-portes-derobees-des-contraintes-techniques-aux-enjeux-de-societe\/\" rel=\"bookmark\">Criptografia e backdoors: das limita\u00e7\u00f5es t\u00e9cnicas aos desafios sociais<\/a><\/h3>\r\n\t\t\t\t\t\t\t<\/div><!-- .entry-header -->\r\n\t\t\t\t\t\t\t\r\n\t\t\t\t\t\t\t\t\t\t\t\t\t\t<div class=\"entry-summary the-excerpt\">\r\n\r\n\t\t\t\t\t            <p>Boletim Jur\u00eddico n\u00ba 64 \u2013 Outubro de 2023. Criptografia e backdoors: das limita\u00e7\u00f5es t\u00e9cnicas aos desafios sociais. Os recentes acontecimentos em Fran\u00e7a ecoam o debate atual na Europa relativamente ao acesso das autoridades policiais ao conte\u00fado dos servi\u00e7os de mensagens encriptadas. O Ministro do Interior, comentando na r\u00e1dio o recente ataque \u00e0 escola secund\u00e1ria de Arras, [\u2026]\n\r\n\t\t\t\t\t        <\/div><!-- .entry-content -->\r\n\t\t\t\t\t\t\t\t\t\t\t\t\t\t<div class=\"btn-readmore\">\r\n\t\t\t\t\t\t\t\t<a href=\"https:\/\/viqtor.eu\/pt\/chiffrement-et-portes-derobees-des-contraintes-techniques-aux-enjeux-de-societe\/\"><i class=\"flaticon-right-arrow-1\"><\/i>Ler mais<\/a>\t\t\t\t\t\t\t<\/div>\r\n\t\t\t\t\t\t<\/div>\r\n\t\t\t\t\t<\/div>\r\n\t\t\t\t<\/article>\r\n\t\t\t\t<\/div>\r\n\t\t\t \r\n\t\t\t\t<div class=\"pgrid-box\">\r\n\t\t\t\t<article class=\"post-box blog-item\">\r\n\t\t\t\t\t<div class=\"post-inner\">\r\n\t\t\t\t\t\t\t\t\t\t\t\t\r\n\t\t\t\t\t        <div class=\"entry-media\">\r\n\t\t\t\t\t        \t<div class=\"post-cat\"><span class=\"posted-in\"><a href=\"https:\/\/viqtor.eu\/pt\/category\/veille-juridique\/\" rel=\"category tag\">Monitoramento jur\u00eddico<\/a><\/span><\/div>\t\t\t\t\t            <a href=\"https:\/\/viqtor.eu\/pt\/brexit-etat-des-lieux-de-la-protection-des-donnees\/\">\r\n\t\t\t\t\t                <img loading=\"lazy\" decoding=\"async\" width=\"601\" height=\"520\" src=\"https:\/\/viqtor.eu\/wp-content\/uploads\/2026\/03\/shutterstock_1347752237_1773139288406-7-601x520.jpg\" class=\"attachment-engitech-slider-post-thumbnail size-engitech-slider-post-thumbnail wp-post-image\" alt=\"\" \/>\t\t\t\t\t            <\/a>\r\n\t\t\t\t\t        <\/div>\r\n\t\t\t\t\t        \r\n\t\t\t\t\t    \r\n\t\t\t\t\t\t<div class=\"inner-post\">\r\n\t\t\t\t\t\t\t<div class=\"entry-header\">\r\n\r\n\t\t\t\t\t\t\t\t\r\n\t\t\t\t\t\t\t\t<h3 class=\"entry-title\"><a href=\"https:\/\/viqtor.eu\/pt\/brexit-etat-des-lieux-de-la-protection-des-donnees\/\" rel=\"bookmark\">Brexit: uma vis\u00e3o geral da prote\u00e7\u00e3o de dados<\/a><\/h3>\r\n\t\t\t\t\t\t\t<\/div><!-- .entry-header -->\r\n\t\t\t\t\t\t\t\r\n\t\t\t\t\t\t\t\t\t\t\t\t\t\t<div class=\"entry-summary the-excerpt\">\r\n\r\n\t\t\t\t\t            <p>Boletim Jur\u00eddico n\u00ba 63 \u2013 Setembro de 2023. Brexit: uma vis\u00e3o geral da prote\u00e7\u00e3o de dados. Desde a sa\u00edda do Reino Unido da Uni\u00e3o Europeia em 31 de janeiro de 2020, surgiram diferen\u00e7as cada vez mais significativas entre os quadros de prote\u00e7\u00e3o de dados em ambos os lados do Canal da Mancha. O pa\u00eds ainda aplica a lei [\u2026]\n\r\n\t\t\t\t\t        <\/div><!-- .entry-content -->\r\n\t\t\t\t\t\t\t\t\t\t\t\t\t\t<div class=\"btn-readmore\">\r\n\t\t\t\t\t\t\t\t<a href=\"https:\/\/viqtor.eu\/pt\/brexit-etat-des-lieux-de-la-protection-des-donnees\/\"><i class=\"flaticon-right-arrow-1\"><\/i>Ler mais<\/a>\t\t\t\t\t\t\t<\/div>\r\n\t\t\t\t\t\t<\/div>\r\n\t\t\t\t\t<\/div>\r\n\t\t\t\t<\/article>\r\n\t\t\t\t<\/div>\r\n\t\t\t \r\n\t\t\t\t<div class=\"pgrid-box\">\r\n\t\t\t\t<article class=\"post-box blog-item\">\r\n\t\t\t\t\t<div class=\"post-inner\">\r\n\t\t\t\t\t\t\t\t\t\t\t\t\r\n\t\t\t\t\t        <div class=\"entry-media\">\r\n\t\t\t\t\t        \t<div class=\"post-cat\"><span class=\"posted-in\"><a href=\"https:\/\/viqtor.eu\/pt\/category\/veille-juridique\/\" rel=\"category tag\">Monitoramento jur\u00eddico<\/a><\/span><\/div>\t\t\t\t\t            <a href=\"https:\/\/viqtor.eu\/pt\/dma-dsa-les-nouvelles-obligations-des-geants-de-la-tech\/\">\r\n\t\t\t\t\t                <img loading=\"lazy\" decoding=\"async\" width=\"601\" height=\"520\" src=\"https:\/\/viqtor.eu\/wp-content\/uploads\/2026\/03\/shutterstock_2583776225_1773138280604-601x520.jpg\" class=\"attachment-engitech-slider-post-thumbnail size-engitech-slider-post-thumbnail wp-post-image\" alt=\"\" \/>\t\t\t\t\t            <\/a>\r\n\t\t\t\t\t        <\/div>\r\n\t\t\t\t\t        \r\n\t\t\t\t\t    \r\n\t\t\t\t\t\t<div class=\"inner-post\">\r\n\t\t\t\t\t\t\t<div class=\"entry-header\">\r\n\r\n\t\t\t\t\t\t\t\t\r\n\t\t\t\t\t\t\t\t<h3 class=\"entry-title\"><a href=\"https:\/\/viqtor.eu\/pt\/dma-dsa-les-nouvelles-obligations-des-geants-de-la-tech\/\" rel=\"bookmark\">DMA, DSA: as novas obriga\u00e7\u00f5es das gigantes da tecnologia<\/a><\/h3>\r\n\t\t\t\t\t\t\t<\/div><!-- .entry-header -->\r\n\t\t\t\t\t\t\t\r\n\t\t\t\t\t\t\t\t\t\t\t\t\t\t<div class=\"entry-summary the-excerpt\">\r\n\r\n\t\t\t\t\t            <p>Boletim Jur\u00eddico n\u00ba 62 \u2013 Agosto de 2023. DMA, DSA: as novas obriga\u00e7\u00f5es das gigantes da tecnologia. No in\u00edcio de setembro, a prote\u00e7\u00e3o dos direitos dos usu\u00e1rios online se expandiu com a aplica\u00e7\u00e3o da Lei de Servi\u00e7os Digitais \u00e0s principais plataformas e a publica\u00e7\u00e3o da lista de empresas sujeitas \u00e0 Lei dos Mercados Digitais. Desde o dia 25 [\u2026]\n\r\n\t\t\t\t\t        <\/div><!-- .entry-content -->\r\n\t\t\t\t\t\t\t\t\t\t\t\t\t\t<div class=\"btn-readmore\">\r\n\t\t\t\t\t\t\t\t<a href=\"https:\/\/viqtor.eu\/pt\/dma-dsa-les-nouvelles-obligations-des-geants-de-la-tech\/\"><i class=\"flaticon-right-arrow-1\"><\/i>Ler mais<\/a>\t\t\t\t\t\t\t<\/div>\r\n\t\t\t\t\t\t<\/div>\r\n\t\t\t\t\t<\/div>\r\n\t\t\t\t<\/article>\r\n\t\t\t\t<\/div>\r\n\t\t\t \r\n\t\t\t\t<div class=\"pgrid-box\">\r\n\t\t\t\t<article class=\"post-box blog-item\">\r\n\t\t\t\t\t<div class=\"post-inner\">\r\n\t\t\t\t\t\t\t\t\t\t\t\t\r\n\t\t\t\t\t        <div class=\"entry-media\">\r\n\t\t\t\t\t        \t<div class=\"post-cat\"><span class=\"posted-in\"><a href=\"https:\/\/viqtor.eu\/pt\/category\/veille-juridique\/\" rel=\"category tag\">Monitoramento jur\u00eddico<\/a><\/span><\/div>\t\t\t\t\t            <a href=\"https:\/\/viqtor.eu\/pt\/les-apis-au-coeur-du-partage-des-donnees-a-caractere-personnel\/\">\r\n\t\t\t\t\t                <img loading=\"lazy\" decoding=\"async\" width=\"601\" height=\"520\" src=\"https:\/\/viqtor.eu\/wp-content\/uploads\/2026\/03\/shutterstock_2733529939_1773135977905-2-601x520.jpg\" class=\"attachment-engitech-slider-post-thumbnail size-engitech-slider-post-thumbnail wp-post-image\" alt=\"\" \/>\t\t\t\t\t            <\/a>\r\n\t\t\t\t\t        <\/div>\r\n\t\t\t\t\t        \r\n\t\t\t\t\t    \r\n\t\t\t\t\t\t<div class=\"inner-post\">\r\n\t\t\t\t\t\t\t<div class=\"entry-header\">\r\n\r\n\t\t\t\t\t\t\t\t\r\n\t\t\t\t\t\t\t\t<h3 class=\"entry-title\"><a href=\"https:\/\/viqtor.eu\/pt\/les-apis-au-coeur-du-partage-des-donnees-a-caractere-personnel\/\" rel=\"bookmark\">APIs no centro do compartilhamento de dados pessoais<\/a><\/h3>\r\n\t\t\t\t\t\t\t<\/div><!-- .entry-header -->\r\n\t\t\t\t\t\t\t\r\n\t\t\t\t\t\t\t\t\t\t\t\t\t\t<div class=\"entry-summary the-excerpt\">\r\n\r\n\t\t\t\t\t            <p>Alerta Jur\u00eddico n\u00ba 61 \u2013 Julho de 2023. APIs no centro do compartilhamento de dados pessoais. As interfaces de programa\u00e7\u00e3o de aplicativos, comumente conhecidas como &quot;APIs&quot; (do ingl\u00eas &quot;application programming interface&quot;), s\u00e3o frequentemente usadas para facilitar o compartilhamento de informa\u00e7\u00f5es entre organiza\u00e7\u00f5es p\u00fablicas e privadas. Esse compartilhamento de [\u2026]\n\r\n\t\t\t\t\t        <\/div><!-- .entry-content -->\r\n\t\t\t\t\t\t\t\t\t\t\t\t\t\t<div class=\"btn-readmore\">\r\n\t\t\t\t\t\t\t\t<a href=\"https:\/\/viqtor.eu\/pt\/les-apis-au-coeur-du-partage-des-donnees-a-caractere-personnel\/\"><i class=\"flaticon-right-arrow-1\"><\/i>Ler mais<\/a>\t\t\t\t\t\t\t<\/div>\r\n\t\t\t\t\t\t<\/div>\r\n\t\t\t\t\t<\/div>\r\n\t\t\t\t<\/article>\r\n\t\t\t\t<\/div>\r\n\t\t\t \r\n\t\t\t\t<div class=\"pgrid-box\">\r\n\t\t\t\t<article class=\"post-box blog-item\">\r\n\t\t\t\t\t<div class=\"post-inner\">\r\n\t\t\t\t\t\t\t\t\t\t\t\t\r\n\t\t\t\t\t        <div class=\"entry-media\">\r\n\t\t\t\t\t        \t<div class=\"post-cat\"><span class=\"posted-in\"><a href=\"https:\/\/viqtor.eu\/pt\/category\/veille-juridique\/\" rel=\"category tag\">Monitoramento jur\u00eddico<\/a><\/span><\/div>\t\t\t\t\t            <a href=\"https:\/\/viqtor.eu\/pt\/sanction-meta-12-milliard-deuros-et-apres\/\">\r\n\t\t\t\t\t                <img loading=\"lazy\" decoding=\"async\" width=\"601\" height=\"520\" src=\"https:\/\/viqtor.eu\/wp-content\/uploads\/2026\/03\/Image198997_1772200212075-2-601x520.jpg\" class=\"attachment-engitech-slider-post-thumbnail size-engitech-slider-post-thumbnail wp-post-image\" alt=\"\" \/>\t\t\t\t\t            <\/a>\r\n\t\t\t\t\t        <\/div>\r\n\t\t\t\t\t        \r\n\t\t\t\t\t    \r\n\t\t\t\t\t\t<div class=\"inner-post\">\r\n\t\t\t\t\t\t\t<div class=\"entry-header\">\r\n\r\n\t\t\t\t\t\t\t\t\r\n\t\t\t\t\t\t\t\t<h3 class=\"entry-title\"><a href=\"https:\/\/viqtor.eu\/pt\/sanction-meta-12-milliard-deuros-et-apres\/\" rel=\"bookmark\">Metasan\u00e7\u00e3o: 1,2 bilh\u00e3o de euros\u2026 e depois?<\/a><\/h3>\r\n\t\t\t\t\t\t\t<\/div><!-- .entry-header -->\r\n\t\t\t\t\t\t\t\r\n\t\t\t\t\t\t\t\t\t\t\t\t\t\t<div class=\"entry-summary the-excerpt\">\r\n\r\n\t\t\t\t\t            <p>Boletim Jur\u00eddico n\u00ba 59 \u2013 Maio de 2023. Multa da Meta: \u20ac 1,2 bilh\u00e3o\u2026 e depois? A multa imposta em 12 de maio pela autoridade irlandesa de prote\u00e7\u00e3o de dados \u00e0 Meta, empresa controladora do Facebook, \u00e9 a mais alta j\u00e1 imposta por uma autoridade de prote\u00e7\u00e3o de dados desde a entrada em vigor do GDPR, na \u00e9poca [\u2026]\n\r\n\t\t\t\t\t        <\/div><!-- .entry-content -->\r\n\t\t\t\t\t\t\t\t\t\t\t\t\t\t<div class=\"btn-readmore\">\r\n\t\t\t\t\t\t\t\t<a href=\"https:\/\/viqtor.eu\/pt\/sanction-meta-12-milliard-deuros-et-apres\/\"><i class=\"flaticon-right-arrow-1\"><\/i>Ler mais<\/a>\t\t\t\t\t\t\t<\/div>\r\n\t\t\t\t\t\t<\/div>\r\n\t\t\t\t\t<\/div>\r\n\t\t\t\t<\/article>\r\n\t\t\t\t<\/div>\r\n\t\t\t \r\n\t\t\t\t<div class=\"pgrid-box\">\r\n\t\t\t\t<article class=\"post-box blog-item\">\r\n\t\t\t\t\t<div class=\"post-inner\">\r\n\t\t\t\t\t\t\t\t\t\t\t\t\r\n\t\t\t\t\t        <div class=\"entry-media\">\r\n\t\t\t\t\t        \t<div class=\"post-cat\"><span class=\"posted-in\"><a href=\"https:\/\/viqtor.eu\/pt\/category\/veille-juridique\/\" rel=\"category tag\">Monitoramento jur\u00eddico<\/a><\/span><\/div>\t\t\t\t\t            <a href=\"https:\/\/viqtor.eu\/pt\/chatgpt-quel-cadre-legal-pour-les-nouvelles-applications-de-lintelligence-artificielle\/\">\r\n\t\t\t\t\t                <img loading=\"lazy\" decoding=\"async\" width=\"601\" height=\"520\" src=\"https:\/\/viqtor.eu\/wp-content\/uploads\/2026\/03\/011111_1772199708788-3-601x520.jpg\" class=\"attachment-engitech-slider-post-thumbnail size-engitech-slider-post-thumbnail wp-post-image\" alt=\"\" \/>\t\t\t\t\t            <\/a>\r\n\t\t\t\t\t        <\/div>\r\n\t\t\t\t\t        \r\n\t\t\t\t\t    \r\n\t\t\t\t\t\t<div class=\"inner-post\">\r\n\t\t\t\t\t\t\t<div class=\"entry-header\">\r\n\r\n\t\t\t\t\t\t\t\t\r\n\t\t\t\t\t\t\t\t<h3 class=\"entry-title\"><a href=\"https:\/\/viqtor.eu\/pt\/chatgpt-quel-cadre-legal-pour-les-nouvelles-applications-de-lintelligence-artificielle\/\" rel=\"bookmark\">ChatGPT: Qual o enquadramento legal para novas aplica\u00e7\u00f5es de intelig\u00eancia artificial?<\/a><\/h3>\r\n\t\t\t\t\t\t\t<\/div><!-- .entry-header -->\r\n\t\t\t\t\t\t\t\r\n\t\t\t\t\t\t\t\t\t\t\t\t\t\t<div class=\"entry-summary the-excerpt\">\r\n\r\n\t\t\t\t\t            <p>Boletim Jur\u00eddico n\u00ba 58 \u2013 Abril de 2023. ChatGPT: Qual o arcabou\u00e7o legal para novas aplica\u00e7\u00f5es de intelig\u00eancia artificial? ChatGPT, Google Bard, Stable Diffusion e Dall-E s\u00e3o Modelos de Linguagem de Grande Porte (LLMs, na sigla em ingl\u00eas), uma subcategoria de modelos de linguagem existentes. Modelos de linguagem s\u00e3o programas de computador projetados para processar [\u2026]\n\r\n\t\t\t\t\t        <\/div><!-- .entry-content -->\r\n\t\t\t\t\t\t\t\t\t\t\t\t\t\t<div class=\"btn-readmore\">\r\n\t\t\t\t\t\t\t\t<a href=\"https:\/\/viqtor.eu\/pt\/chatgpt-quel-cadre-legal-pour-les-nouvelles-applications-de-lintelligence-artificielle\/\"><i class=\"flaticon-right-arrow-1\"><\/i>Ler mais<\/a>\t\t\t\t\t\t\t<\/div>\r\n\t\t\t\t\t\t<\/div>\r\n\t\t\t\t\t<\/div>\r\n\t\t\t\t<\/article>\r\n\t\t\t\t<\/div>\r\n\t\t\t \r\n\t\t\t\t<div class=\"pgrid-box\">\r\n\t\t\t\t<article class=\"post-box blog-item\">\r\n\t\t\t\t\t<div class=\"post-inner\">\r\n\t\t\t\t\t\t\t\t\t\t\t\t\r\n\t\t\t\t\t        <div class=\"entry-media\">\r\n\t\t\t\t\t        \t<div class=\"post-cat\"><span class=\"posted-in\"><a href=\"https:\/\/viqtor.eu\/pt\/category\/veille-juridique\/\" rel=\"category tag\">Monitoramento jur\u00eddico<\/a><\/span><\/div>\t\t\t\t\t            <a href=\"https:\/\/viqtor.eu\/pt\/cameras-intelligentes-et-biometrie-quel-sera-limpact-de-la-loi-relative-aux-jeux-olympiques\/\">\r\n\t\t\t\t\t                <img loading=\"lazy\" decoding=\"async\" width=\"601\" height=\"520\" src=\"https:\/\/viqtor.eu\/wp-content\/uploads\/2026\/03\/shutterstock_2489516291_1773759114012-7-601x520.jpg\" class=\"attachment-engitech-slider-post-thumbnail size-engitech-slider-post-thumbnail wp-post-image\" alt=\"\" \/>\t\t\t\t\t            <\/a>\r\n\t\t\t\t\t        <\/div>\r\n\t\t\t\t\t        \r\n\t\t\t\t\t    \r\n\t\t\t\t\t\t<div class=\"inner-post\">\r\n\t\t\t\t\t\t\t<div class=\"entry-header\">\r\n\r\n\t\t\t\t\t\t\t\t\r\n\t\t\t\t\t\t\t\t<h3 class=\"entry-title\"><a href=\"https:\/\/viqtor.eu\/pt\/cameras-intelligentes-et-biometrie-quel-sera-limpact-de-la-loi-relative-aux-jeux-olympiques\/\" rel=\"bookmark\">C\u00e2meras inteligentes e biometria \u2013 qual ser\u00e1 o impacto da legisla\u00e7\u00e3o relacionada aos Jogos Ol\u00edmpicos?<\/a><\/h3>\r\n\t\t\t\t\t\t\t<\/div><!-- .entry-header -->\r\n\t\t\t\t\t\t\t\r\n\t\t\t\t\t\t\t\t\t\t\t\t\t\t<div class=\"entry-summary the-excerpt\">\r\n\r\n\t\t\t\t\t            <p>Boletim Jur\u00eddico n\u00ba 57 \u2013 Mar\u00e7o de 2023. C\u00e2meras Inteligentes e Biometria \u2013 Qual ser\u00e1 o impacto da lei relativa aos Jogos Ol\u00edmpicos? Em 23 de mar\u00e7o, a Assembleia Nacional aprovou o Artigo 7\u00ba da lei sobre os Jogos Ol\u00edmpicos. O projeto de lei, aprovado em uma assembleia com baixa participa\u00e7\u00e3o (73 dos 577 membros estavam presentes), [\u2026]\n\r\n\t\t\t\t\t        <\/div><!-- .entry-content -->\r\n\t\t\t\t\t\t\t\t\t\t\t\t\t\t<div class=\"btn-readmore\">\r\n\t\t\t\t\t\t\t\t<a href=\"https:\/\/viqtor.eu\/pt\/cameras-intelligentes-et-biometrie-quel-sera-limpact-de-la-loi-relative-aux-jeux-olympiques\/\"><i class=\"flaticon-right-arrow-1\"><\/i>Ler mais<\/a>\t\t\t\t\t\t\t<\/div>\r\n\t\t\t\t\t\t<\/div>\r\n\t\t\t\t\t<\/div>\r\n\t\t\t\t<\/article>\r\n\t\t\t\t<\/div>\r\n\t\t\t \r\n\t\t\t\t<div class=\"pgrid-box\">\r\n\t\t\t\t<article class=\"post-box blog-item\">\r\n\t\t\t\t\t<div class=\"post-inner\">\r\n\t\t\t\t\t\t\t\t\t\t\t\t\r\n\t\t\t\t\t        <div class=\"entry-media\">\r\n\t\t\t\t\t        \t<div class=\"post-cat\"><span class=\"posted-in\"><a href=\"https:\/\/viqtor.eu\/pt\/category\/veille-juridique\/\" rel=\"category tag\">Monitoramento jur\u00eddico<\/a><\/span><\/div>\t\t\t\t\t            <a href=\"https:\/\/viqtor.eu\/pt\/2020-et-au-dela\/\">\r\n\t\t\t\t\t                <img loading=\"lazy\" decoding=\"async\" width=\"601\" height=\"305\" src=\"https:\/\/viqtor.eu\/wp-content\/uploads\/2023\/04\/shutterstock_1034809678-601x305.jpg\" class=\"attachment-engitech-slider-post-thumbnail size-engitech-slider-post-thumbnail wp-post-image\" alt=\"LE SYNDICAT PROFESSIONNEL et le RGPD\" \/>\t\t\t\t\t            <\/a>\r\n\t\t\t\t\t        <\/div>\r\n\t\t\t\t\t        \r\n\t\t\t\t\t    \r\n\t\t\t\t\t\t<div class=\"inner-post\">\r\n\t\t\t\t\t\t\t<div class=\"entry-header\">\r\n\r\n\t\t\t\t\t\t\t\t\r\n\t\t\t\t\t\t\t\t<h3 class=\"entry-title\"><a href=\"https:\/\/viqtor.eu\/pt\/2020-et-au-dela\/\" rel=\"bookmark\">2020 e al\u00e9m<\/a><\/h3>\r\n\t\t\t\t\t\t\t<\/div><!-- .entry-header -->\r\n\t\t\t\t\t\t\t\r\n\t\t\t\t\t\t\t\t\t\t\t\t\t\t<div class=\"entry-summary the-excerpt\">\r\n\r\n\t\t\t\t\t            <p>2020 e Al\u00e9m \u2013 Legal Watch \u2013 Dezembro de 2019. \u00c9 um novo ano, mas tamb\u00e9m uma nova d\u00e9cada pela frente, com seus desafios, restri\u00e7\u00f5es e promessas. Para melhor abordar essas quest\u00f5es, vamos fazer uma breve retrospectiva de 2019. Mais de um ano ap\u00f3s a entrada em vigor do GDPR, uma primeira avalia\u00e7\u00e3o da implementa\u00e7\u00e3o [\u2026]\n\r\n\t\t\t\t\t        <\/div><!-- .entry-content -->\r\n\t\t\t\t\t\t\t\t\t\t\t\t\t\t<div class=\"btn-readmore\">\r\n\t\t\t\t\t\t\t\t<a href=\"https:\/\/viqtor.eu\/pt\/2020-et-au-dela\/\"><i class=\"flaticon-right-arrow-1\"><\/i>Ler mais<\/a>\t\t\t\t\t\t\t<\/div>\r\n\t\t\t\t\t\t<\/div>\r\n\t\t\t\t\t<\/div>\r\n\t\t\t\t<\/article>\r\n\t\t\t\t<\/div>\r\n\t\t\t \r\n\t\t\t\t<div class=\"pgrid-box\">\r\n\t\t\t\t<article class=\"post-box blog-item\">\r\n\t\t\t\t\t<div class=\"post-inner\">\r\n\t\t\t\t\t\t\t\t\t\t\t\t\r\n\t\t\t\t\t        <div class=\"entry-media\">\r\n\t\t\t\t\t        \t<div class=\"post-cat\"><span class=\"posted-in\"><a href=\"https:\/\/viqtor.eu\/pt\/category\/veille-juridique\/\" rel=\"category tag\">Monitoramento jur\u00eddico<\/a><\/span><\/div>\t\t\t\t\t            <a href=\"https:\/\/viqtor.eu\/pt\/securite-des-donnees-lerreur-est-humaine\/\">\r\n\t\t\t\t\t                <img loading=\"lazy\" decoding=\"async\" width=\"601\" height=\"520\" src=\"https:\/\/viqtor.eu\/wp-content\/uploads\/2023\/04\/shutterstock_731103250-601x520.jpg\" class=\"attachment-engitech-slider-post-thumbnail size-engitech-slider-post-thumbnail wp-post-image\" alt=\"Viqtor - E-LEARNING Formation RGPD\" \/>\t\t\t\t\t            <\/a>\r\n\t\t\t\t\t        <\/div>\r\n\t\t\t\t\t        \r\n\t\t\t\t\t    \r\n\t\t\t\t\t\t<div class=\"inner-post\">\r\n\t\t\t\t\t\t\t<div class=\"entry-header\">\r\n\r\n\t\t\t\t\t\t\t\t\r\n\t\t\t\t\t\t\t\t<h3 class=\"entry-title\"><a href=\"https:\/\/viqtor.eu\/pt\/securite-des-donnees-lerreur-est-humaine\/\" rel=\"bookmark\">Seguran\u00e7a de dados: errar \u00e9 (muitas vezes) humano<\/a><\/h3>\r\n\t\t\t\t\t\t\t<\/div><!-- .entry-header -->\r\n\t\t\t\t\t\t\t\r\n\t\t\t\t\t\t\t\t\t\t\t\t\t\t<div class=\"entry-summary the-excerpt\">\r\n\r\n\t\t\t\t\t            <p>Seguran\u00e7a de dados: errar \u00e9 (frequentemente) humano. Legal Watch \u2013 novembro de 2019. Seguran\u00e7a de dados: errar \u00e9 (frequentemente) humano. Esta \u00e9 a observa\u00e7\u00e3o das autoridades p\u00fablicas respons\u00e1veis pela prote\u00e7\u00e3o de dados pessoais, reunidas em Tirana de 21 a 24 de outubro. Diversas resolu\u00e7\u00f5es foram adotadas no \u00e2mbito do [\u2026]\n\r\n\t\t\t\t\t        <\/div><!-- .entry-content -->\r\n\t\t\t\t\t\t\t\t\t\t\t\t\t\t<div class=\"btn-readmore\">\r\n\t\t\t\t\t\t\t\t<a href=\"https:\/\/viqtor.eu\/pt\/securite-des-donnees-lerreur-est-humaine\/\"><i class=\"flaticon-right-arrow-1\"><\/i>Ler mais<\/a>\t\t\t\t\t\t\t<\/div>\r\n\t\t\t\t\t\t<\/div>\r\n\t\t\t\t\t<\/div>\r\n\t\t\t\t<\/article>\r\n\t\t\t\t<\/div>\r\n\t\t\t \r\n\t\t\t\t<div class=\"pgrid-box\">\r\n\t\t\t\t<article class=\"post-box blog-item\">\r\n\t\t\t\t\t<div class=\"post-inner\">\r\n\t\t\t\t\t\t\t\t\t\t\t\t\r\n\t\t\t\t\t        <div class=\"entry-media\">\r\n\t\t\t\t\t        \t<div class=\"post-cat\"><span class=\"posted-in\"><a href=\"https:\/\/viqtor.eu\/pt\/category\/veille-juridique\/\" rel=\"category tag\">Monitoramento jur\u00eddico<\/a><\/span><\/div>\t\t\t\t\t            <a href=\"https:\/\/viqtor.eu\/pt\/reconnaissance-faciale-intelligence-artificielle-et-ethique-le-debat-prend-de-lampleur\/\">\r\n\t\t\t\t\t                <img loading=\"lazy\" decoding=\"async\" width=\"601\" height=\"520\" src=\"https:\/\/viqtor.eu\/wp-content\/uploads\/2023\/04\/shutterstock_233471317-601x520.jpg\" class=\"attachment-engitech-slider-post-thumbnail size-engitech-slider-post-thumbnail wp-post-image\" alt=\"\" \/>\t\t\t\t\t            <\/a>\r\n\t\t\t\t\t        <\/div>\r\n\t\t\t\t\t        \r\n\t\t\t\t\t    \r\n\t\t\t\t\t\t<div class=\"inner-post\">\r\n\t\t\t\t\t\t\t<div class=\"entry-header\">\r\n\r\n\t\t\t\t\t\t\t\t\r\n\t\t\t\t\t\t\t\t<h3 class=\"entry-title\"><a href=\"https:\/\/viqtor.eu\/pt\/reconnaissance-faciale-intelligence-artificielle-et-ethique-le-debat-prend-de-lampleur\/\" rel=\"bookmark\">Reconhecimento facial, intelig\u00eancia artificial e \u00e9tica: o debate ganha for\u00e7a<\/a><\/h3>\r\n\t\t\t\t\t\t\t<\/div><!-- .entry-header -->\r\n\t\t\t\t\t\t\t\r\n\t\t\t\t\t\t\t\t\t\t\t\t\t\t<div class=\"entry-summary the-excerpt\">\r\n\r\n\t\t\t\t\t            <p>Reconhecimento facial, intelig\u00eancia artificial e \u00e9tica: o debate ganha for\u00e7a Legal Watch \u2013 Outubro de 2019. Pagar com o rosto em vez de cart\u00e3o de cr\u00e9dito, usar c\u00e2meras da Amazon para combater o crime, como fez a pol\u00edcia de Orlando, nos Estados Unidos, gerenciar a movimenta\u00e7\u00e3o de atletas e jornalistas nos Jogos Ol\u00edmpicos em [\u2026]\n\r\n\t\t\t\t\t        <\/div><!-- .entry-content -->\r\n\t\t\t\t\t\t\t\t\t\t\t\t\t\t<div class=\"btn-readmore\">\r\n\t\t\t\t\t\t\t\t<a href=\"https:\/\/viqtor.eu\/pt\/reconnaissance-faciale-intelligence-artificielle-et-ethique-le-debat-prend-de-lampleur\/\"><i class=\"flaticon-right-arrow-1\"><\/i>Ler mais<\/a>\t\t\t\t\t\t\t<\/div>\r\n\t\t\t\t\t\t<\/div>\r\n\t\t\t\t\t<\/div>\r\n\t\t\t\t<\/article>\r\n\t\t\t\t<\/div>\r\n\t\t\t \r\n\t\t\t\t<div class=\"pgrid-box\">\r\n\t\t\t\t<article class=\"post-box blog-item\">\r\n\t\t\t\t\t<div class=\"post-inner\">\r\n\t\t\t\t\t\t\t\t\t\t\t\t\r\n\t\t\t\t\t        <div class=\"entry-media\">\r\n\t\t\t\t\t        \t<div class=\"post-cat\"><span class=\"posted-in\"><a href=\"https:\/\/viqtor.eu\/pt\/category\/veille-juridique\/\" rel=\"category tag\">Monitoramento jur\u00eddico<\/a><\/span><\/div>\t\t\t\t\t            <a href=\"https:\/\/viqtor.eu\/pt\/on-est-parfois-plus-responsable-quon-ne-le-pense-ou-quon-ne-le-souhaite\/\">\r\n\t\t\t\t\t                <img loading=\"lazy\" decoding=\"async\" width=\"601\" height=\"520\" src=\"https:\/\/viqtor.eu\/wp-content\/uploads\/2023\/04\/shutterstock_1318808819-601x520.jpg\" class=\"attachment-engitech-slider-post-thumbnail size-engitech-slider-post-thumbnail wp-post-image\" alt=\"\" \/>\t\t\t\t\t            <\/a>\r\n\t\t\t\t\t        <\/div>\r\n\t\t\t\t\t        \r\n\t\t\t\t\t    \r\n\t\t\t\t\t\t<div class=\"inner-post\">\r\n\t\t\t\t\t\t\t<div class=\"entry-header\">\r\n\r\n\t\t\t\t\t\t\t\t\r\n\t\t\t\t\t\t\t\t<h3 class=\"entry-title\"><a href=\"https:\/\/viqtor.eu\/pt\/on-est-parfois-plus-responsable-quon-ne-le-pense-ou-quon-ne-le-souhaite\/\" rel=\"bookmark\">\u00c0s vezes somos mais respons\u00e1veis do que pensamos... ou do que queremos ser.<\/a><\/h3>\r\n\t\t\t\t\t\t\t<\/div><!-- .entry-header -->\r\n\t\t\t\t\t\t\t\r\n\t\t\t\t\t\t\t\t\t\t\t\t\t\t<div class=\"entry-summary the-excerpt\">\r\n\r\n\t\t\t\t\t            <p>\u00c0s vezes, somos mais respons\u00e1veis do que pensamos... ou do que gostar\u00edamos de ser. Legal Watch \u2013 Setembro de 2019. \u00c9 o caso quando instalamos um simples plug-in em nosso site, mesmo que n\u00e3o tenhamos acesso aos dados coletados por esse meio. Uma decis\u00e3o recente do Tribunal de Justi\u00e7a de [\u2026]\n\r\n\t\t\t\t\t        <\/div><!-- .entry-content -->\r\n\t\t\t\t\t\t\t\t\t\t\t\t\t\t<div class=\"btn-readmore\">\r\n\t\t\t\t\t\t\t\t<a href=\"https:\/\/viqtor.eu\/pt\/on-est-parfois-plus-responsable-quon-ne-le-pense-ou-quon-ne-le-souhaite\/\"><i class=\"flaticon-right-arrow-1\"><\/i>Ler mais<\/a>\t\t\t\t\t\t\t<\/div>\r\n\t\t\t\t\t\t<\/div>\r\n\t\t\t\t\t<\/div>\r\n\t\t\t\t<\/article>\r\n\t\t\t\t<\/div>\r\n\t\t\t \r\n\t\t\t\t<div class=\"pgrid-box\">\r\n\t\t\t\t<article class=\"post-box blog-item\">\r\n\t\t\t\t\t<div class=\"post-inner\">\r\n\t\t\t\t\t\t\t\t\t\t\t\t\r\n\t\t\t\t\t        <div class=\"entry-media\">\r\n\t\t\t\t\t        \t<div class=\"post-cat\"><span class=\"posted-in\"><a href=\"https:\/\/viqtor.eu\/pt\/category\/veille-juridique\/\" rel=\"category tag\">Monitoramento jur\u00eddico<\/a><\/span><\/div>\t\t\t\t\t            <a href=\"https:\/\/viqtor.eu\/pt\/un-debut-dete-marque-par-des-sanctions-record-et-de-nouvelles-mesures-daccompagnement\/\">\r\n\t\t\t\t\t                <img loading=\"lazy\" decoding=\"async\" width=\"601\" height=\"520\" src=\"https:\/\/viqtor.eu\/wp-content\/uploads\/2023\/04\/shutterstock_691981369-601x520.jpg\" class=\"attachment-engitech-slider-post-thumbnail size-engitech-slider-post-thumbnail wp-post-image\" alt=\"Un d\u00e9but d\u2019\u00e9t\u00e9 marqu\u00e9 par des sanctions record et de nouvelles mesures d\u2019accompagnement.\" \/>\t\t\t\t\t            <\/a>\r\n\t\t\t\t\t        <\/div>\r\n\t\t\t\t\t        \r\n\t\t\t\t\t    \r\n\t\t\t\t\t\t<div class=\"inner-post\">\r\n\t\t\t\t\t\t\t<div class=\"entry-header\">\r\n\r\n\t\t\t\t\t\t\t\t\r\n\t\t\t\t\t\t\t\t<h3 class=\"entry-title\"><a href=\"https:\/\/viqtor.eu\/pt\/un-debut-dete-marque-par-des-sanctions-record-et-de-nouvelles-mesures-daccompagnement\/\" rel=\"bookmark\">Um in\u00edcio de ver\u00e3o marcado por san\u00e7\u00f5es recordes e novas medidas de apoio.<\/a><\/h3>\r\n\t\t\t\t\t\t\t<\/div><!-- .entry-header -->\r\n\t\t\t\t\t\t\t\r\n\t\t\t\t\t\t\t\t\t\t\t\t\t\t<div class=\"entry-summary the-excerpt\">\r\n\r\n\t\t\t\t\t            <p>Um in\u00edcio de ver\u00e3o marcado por multas recordes e novas medidas de apoio. Legal Watch \u2013 julho-agosto de 2019. O in\u00edcio do ver\u00e3o traz um aumento na temperatura, mas tamb\u00e9m no valor das multas por viola\u00e7\u00f5es das regras de prote\u00e7\u00e3o da privacidade. Destacamos, em particular, o an\u00fancio do ICO, a autoridade supervisora brit\u00e2nica, de sua inten\u00e7\u00e3o [\u2026]\n\r\n\t\t\t\t\t        <\/div><!-- .entry-content -->\r\n\t\t\t\t\t\t\t\t\t\t\t\t\t\t<div class=\"btn-readmore\">\r\n\t\t\t\t\t\t\t\t<a href=\"https:\/\/viqtor.eu\/pt\/un-debut-dete-marque-par-des-sanctions-record-et-de-nouvelles-mesures-daccompagnement\/\"><i class=\"flaticon-right-arrow-1\"><\/i>Ler mais<\/a>\t\t\t\t\t\t\t<\/div>\r\n\t\t\t\t\t\t<\/div>\r\n\t\t\t\t\t<\/div>\r\n\t\t\t\t<\/article>\r\n\t\t\t\t<\/div>\r\n\t\t\t \r\n\t\t\t\t<div class=\"pgrid-box\">\r\n\t\t\t\t<article class=\"post-box blog-item\">\r\n\t\t\t\t\t<div class=\"post-inner\">\r\n\t\t\t\t\t\t\t\t\t\t\t\t\r\n\t\t\t\t\t        <div class=\"entry-media\">\r\n\t\t\t\t\t        \t<div class=\"post-cat\"><span class=\"posted-in\"><a href=\"https:\/\/viqtor.eu\/pt\/category\/veille-juridique\/\" rel=\"category tag\">Monitoramento jur\u00eddico<\/a><\/span><\/div>\t\t\t\t\t            <a href=\"https:\/\/viqtor.eu\/pt\/le-rgpd-un-an-apres-quels-enseignements-et-quelles-perspectives\/\">\r\n\t\t\t\t\t                <img loading=\"lazy\" decoding=\"async\" width=\"601\" height=\"520\" src=\"https:\/\/viqtor.eu\/wp-content\/uploads\/2023\/04\/shutterstock_1508348960-601x520.jpg\" class=\"attachment-engitech-slider-post-thumbnail size-engitech-slider-post-thumbnail wp-post-image\" alt=\"Le RGPD un an apr\u00e8s : quels enseignements, et quelles perspectives ?\" \/>\t\t\t\t\t            <\/a>\r\n\t\t\t\t\t        <\/div>\r\n\t\t\t\t\t        \r\n\t\t\t\t\t    \r\n\t\t\t\t\t\t<div class=\"inner-post\">\r\n\t\t\t\t\t\t\t<div class=\"entry-header\">\r\n\r\n\t\t\t\t\t\t\t\t\r\n\t\t\t\t\t\t\t\t<h3 class=\"entry-title\"><a href=\"https:\/\/viqtor.eu\/pt\/le-rgpd-un-an-apres-quels-enseignements-et-quelles-perspectives\/\" rel=\"bookmark\">GDPR um ano depois: que li\u00e7\u00f5es e que perspectivas?<\/a><\/h3>\r\n\t\t\t\t\t\t\t<\/div><!-- .entry-header -->\r\n\t\t\t\t\t\t\t\r\n\t\t\t\t\t\t\t\t\t\t\t\t\t\t<div class=\"entry-summary the-excerpt\">\r\n\r\n\t\t\t\t\t            <p>GDPR Um Ano Depois: Que Li\u00e7\u00f5es e Que Perspectivas? Legal Watch \u2013 Junho de 2019. Em 25 de maio de 2018, o Regulamento Geral sobre a Prote\u00e7\u00e3o de Dados (RGPD) entrou em vigor. Este novo texto trouxe in\u00fameras mudan\u00e7as nas pr\u00e1ticas empresariais, seja em termos de organiza\u00e7\u00e3o interna ou de contatos [\u2026]\n\r\n\t\t\t\t\t        <\/div><!-- .entry-content -->\r\n\t\t\t\t\t\t\t\t\t\t\t\t\t\t<div class=\"btn-readmore\">\r\n\t\t\t\t\t\t\t\t<a href=\"https:\/\/viqtor.eu\/pt\/le-rgpd-un-an-apres-quels-enseignements-et-quelles-perspectives\/\"><i class=\"flaticon-right-arrow-1\"><\/i>Ler mais<\/a>\t\t\t\t\t\t\t<\/div>\r\n\t\t\t\t\t\t<\/div>\r\n\t\t\t\t\t<\/div>\r\n\t\t\t\t<\/article>\r\n\t\t\t\t<\/div>\r\n\t\t\t \r\n\t\t\t\t<div class=\"pgrid-box\">\r\n\t\t\t\t<article class=\"post-box blog-item\">\r\n\t\t\t\t\t<div class=\"post-inner\">\r\n\t\t\t\t\t\t\t\t\t\t\t\t\r\n\t\t\t\t\t        <div class=\"entry-media\">\r\n\t\t\t\t\t        \t<div class=\"post-cat\"><span class=\"posted-in\"><a href=\"https:\/\/viqtor.eu\/pt\/category\/veille-juridique\/\" rel=\"category tag\">Monitoramento jur\u00eddico<\/a><\/span><\/div>\t\t\t\t\t            <a href=\"https:\/\/viqtor.eu\/pt\/focus-rgpd-et-employes-quel-cadre-legal\/\">\r\n\t\t\t\t\t                <img loading=\"lazy\" decoding=\"async\" width=\"601\" height=\"520\" src=\"https:\/\/viqtor.eu\/wp-content\/uploads\/2023\/04\/shutterstock_1779834572-601x520.jpg\" class=\"attachment-engitech-slider-post-thumbnail size-engitech-slider-post-thumbnail wp-post-image\" alt=\"FOCUS RGPD et employ\u00e9s : quel cadre l\u00e9gal ?\" \/>\t\t\t\t\t            <\/a>\r\n\t\t\t\t\t        <\/div>\r\n\t\t\t\t\t        \r\n\t\t\t\t\t    \r\n\t\t\t\t\t\t<div class=\"inner-post\">\r\n\t\t\t\t\t\t\t<div class=\"entry-header\">\r\n\r\n\t\t\t\t\t\t\t\t\r\n\t\t\t\t\t\t\t\t<h3 class=\"entry-title\"><a href=\"https:\/\/viqtor.eu\/pt\/focus-rgpd-et-employes-quel-cadre-legal\/\" rel=\"bookmark\">FOCO GDPR e funcion\u00e1rios: qual o enquadramento legal?<\/a><\/h3>\r\n\t\t\t\t\t\t\t<\/div><!-- .entry-header -->\r\n\t\t\t\t\t\t\t\r\n\t\t\t\t\t\t\t\t\t\t\t\t\t\t<div class=\"entry-summary the-excerpt\">\r\n\r\n\t\t\t\t\t            <p>FOCO GDPR e funcion\u00e1rios: qual o enquadramento legal? Legal Watch \u2013 maio de 2019. Dois casos recentes envolvendo uma grande livraria online levantam a quest\u00e3o da liberdade dos funcion\u00e1rios no que diz respeito ao tratamento de dados pessoais dos clientes da empresa. Embora o tratamento de dados seja atualmente regulamentado [\u2026]\n\r\n\t\t\t\t\t        <\/div><!-- .entry-content -->\r\n\t\t\t\t\t\t\t\t\t\t\t\t\t\t<div class=\"btn-readmore\">\r\n\t\t\t\t\t\t\t\t<a href=\"https:\/\/viqtor.eu\/pt\/focus-rgpd-et-employes-quel-cadre-legal\/\"><i class=\"flaticon-right-arrow-1\"><\/i>Ler mais<\/a>\t\t\t\t\t\t\t<\/div>\r\n\t\t\t\t\t\t<\/div>\r\n\t\t\t\t\t<\/div>\r\n\t\t\t\t<\/article>\r\n\t\t\t\t<\/div>\r\n\t\t\t \r\n\t\t\t\t<div class=\"pgrid-box\">\r\n\t\t\t\t<article class=\"post-box blog-item\">\r\n\t\t\t\t\t<div class=\"post-inner\">\r\n\t\t\t\t\t\t\t\t\t\t\t\t\r\n\t\t\t\t\t        <div class=\"entry-media\">\r\n\t\t\t\t\t        \t<div class=\"post-cat\"><span class=\"posted-in\"><a href=\"https:\/\/viqtor.eu\/pt\/category\/veille-juridique\/\" rel=\"category tag\">Monitoramento jur\u00eddico<\/a><\/span><\/div>\t\t\t\t\t            <a href=\"https:\/\/viqtor.eu\/pt\/donnees-sensibles-un-champ-dapplication-particulierement-large\/\">\r\n\t\t\t\t\t                <img loading=\"lazy\" decoding=\"async\" width=\"601\" height=\"479\" src=\"https:\/\/viqtor.eu\/wp-content\/uploads\/2023\/04\/shutterstock_1141709585-601x479.jpg\" class=\"attachment-engitech-slider-post-thumbnail size-engitech-slider-post-thumbnail wp-post-image\" alt=\"\" \/>\t\t\t\t\t            <\/a>\r\n\t\t\t\t\t        <\/div>\r\n\t\t\t\t\t        \r\n\t\t\t\t\t    \r\n\t\t\t\t\t\t<div class=\"inner-post\">\r\n\t\t\t\t\t\t\t<div class=\"entry-header\">\r\n\r\n\t\t\t\t\t\t\t\t\r\n\t\t\t\t\t\t\t\t<h3 class=\"entry-title\"><a href=\"https:\/\/viqtor.eu\/pt\/donnees-sensibles-un-champ-dapplication-particulierement-large\/\" rel=\"bookmark\">Dados sens\u00edveis: um \u00e2mbito de aplica\u00e7\u00e3o particularmente amplo<\/a><\/h3>\r\n\t\t\t\t\t\t\t<\/div><!-- .entry-header -->\r\n\t\t\t\t\t\t\t\r\n\t\t\t\t\t\t\t\t\t\t\t\t\t\t<div class=\"entry-summary the-excerpt\">\r\n\r\n\t\t\t\t\t            <p>Dados Sens\u00edveis: Um \u00c2mbito Particularmente Amplo - Legal Watch n\u00ba 50 \u2013 Agosto de 2022. Pode ser dif\u00edcil avaliar a natureza sens\u00edvel dos dados coletados e decidir se esses dados requerem prote\u00e7\u00e3o espec\u00edfica sob o GDPR. Repetimos essas dificuldades de interpreta\u00e7\u00e3o em nosso editorial em [\u2026]\n\r\n\t\t\t\t\t        <\/div><!-- .entry-content -->\r\n\t\t\t\t\t\t\t\t\t\t\t\t\t\t<div class=\"btn-readmore\">\r\n\t\t\t\t\t\t\t\t<a href=\"https:\/\/viqtor.eu\/pt\/donnees-sensibles-un-champ-dapplication-particulierement-large\/\"><i class=\"flaticon-right-arrow-1\"><\/i>Ler mais<\/a>\t\t\t\t\t\t\t<\/div>\r\n\t\t\t\t\t\t<\/div>\r\n\t\t\t\t\t<\/div>\r\n\t\t\t\t<\/article>\r\n\t\t\t\t<\/div>\r\n\t\t\t \r\n\t\t\t\t<div class=\"pgrid-box\">\r\n\t\t\t\t<article class=\"post-box blog-item\">\r\n\t\t\t\t\t<div class=\"post-inner\">\r\n\t\t\t\t\t\t\t\t\t\t\t\t\r\n\t\t\t\t\t        <div class=\"entry-media\">\r\n\t\t\t\t\t        \t<div class=\"post-cat\"><span class=\"posted-in\"><a href=\"https:\/\/viqtor.eu\/pt\/category\/veille-juridique\/\" rel=\"category tag\">Monitoramento jur\u00eddico<\/a><\/span><\/div>\t\t\t\t\t            <a href=\"https:\/\/viqtor.eu\/pt\/dark-patterns-ce-que-vous-avez-toujours-voulu-savoir-sans-oser-le-demander\/\">\r\n\t\t\t\t\t                <img loading=\"lazy\" decoding=\"async\" width=\"601\" height=\"520\" src=\"https:\/\/viqtor.eu\/wp-content\/uploads\/2023\/04\/shutterstock_317415725-601x520.jpg\" class=\"attachment-engitech-slider-post-thumbnail size-engitech-slider-post-thumbnail wp-post-image\" alt=\"\" \/>\t\t\t\t\t            <\/a>\r\n\t\t\t\t\t        <\/div>\r\n\t\t\t\t\t        \r\n\t\t\t\t\t    \r\n\t\t\t\t\t\t<div class=\"inner-post\">\r\n\t\t\t\t\t\t\t<div class=\"entry-header\">\r\n\r\n\t\t\t\t\t\t\t\t\r\n\t\t\t\t\t\t\t\t<h3 class=\"entry-title\"><a href=\"https:\/\/viqtor.eu\/pt\/dark-patterns-ce-que-vous-avez-toujours-voulu-savoir-sans-oser-le-demander\/\" rel=\"bookmark\">Padr\u00f5es obscuros: o que voc\u00ea sempre quis saber, mas tinha medo de perguntar...<\/a><\/h3>\r\n\t\t\t\t\t\t\t<\/div><!-- .entry-header -->\r\n\t\t\t\t\t\t\t\r\n\t\t\t\t\t\t\t\t\t\t\t\t\t\t<div class=\"entry-summary the-excerpt\">\r\n\r\n\t\t\t\t\t            <p>Padr\u00f5es obscuros: o que voc\u00ea sempre quis saber, mas tinha medo de perguntar\u2026 Legal Watch n\u00ba 45 \u2013 mar\u00e7o de 2022. Este termo em ingl\u00eas, de dif\u00edcil tradu\u00e7\u00e3o, \u00e9 encontrado em muitas publica\u00e7\u00f5es sobre tecnologia da informa\u00e7\u00e3o. Relacionado ao \u201cnudging\u201d, que visa encorajar sutilmente os usu\u00e1rios da internet a adotarem o comportamento desejado, \u201c[\u2026]\n\r\n\t\t\t\t\t        <\/div><!-- .entry-content -->\r\n\t\t\t\t\t\t\t\t\t\t\t\t\t\t<div class=\"btn-readmore\">\r\n\t\t\t\t\t\t\t\t<a href=\"https:\/\/viqtor.eu\/pt\/dark-patterns-ce-que-vous-avez-toujours-voulu-savoir-sans-oser-le-demander\/\"><i class=\"flaticon-right-arrow-1\"><\/i>Ler mais<\/a>\t\t\t\t\t\t\t<\/div>\r\n\t\t\t\t\t\t<\/div>\r\n\t\t\t\t\t<\/div>\r\n\t\t\t\t<\/article>\r\n\t\t\t\t<\/div>\r\n\t\t\t \r\n\t\t\t\t<div class=\"pgrid-box\">\r\n\t\t\t\t<article class=\"post-box blog-item\">\r\n\t\t\t\t\t<div class=\"post-inner\">\r\n\t\t\t\t\t\t\t\t\t\t\t\t\r\n\t\t\t\t\t        <div class=\"entry-media\">\r\n\t\t\t\t\t        \t<div class=\"post-cat\"><span class=\"posted-in\"><a href=\"https:\/\/viqtor.eu\/pt\/category\/veille-juridique\/\" rel=\"category tag\">Monitoramento jur\u00eddico<\/a><\/span><\/div>\t\t\t\t\t            <a href=\"https:\/\/viqtor.eu\/pt\/rancongiciels-des-attaques-en-constante-augmentation\/\">\r\n\t\t\t\t\t                <img loading=\"lazy\" decoding=\"async\" width=\"500\" height=\"334\" src=\"https:\/\/viqtor.eu\/wp-content\/uploads\/2023\/04\/shutterstock_1050436496.jpg\" class=\"attachment-engitech-slider-post-thumbnail size-engitech-slider-post-thumbnail wp-post-image\" alt=\"Le r\u00f4le essentiel des sous-traitants\" srcset=\"https:\/\/viqtor.eu\/wp-content\/uploads\/2023\/04\/shutterstock_1050436496.jpg 500w, https:\/\/viqtor.eu\/wp-content\/uploads\/2023\/04\/shutterstock_1050436496-300x200.jpg 300w\" sizes=\"(max-width: 500px) 100vw, 500px\" \/>\t\t\t\t\t            <\/a>\r\n\t\t\t\t\t        <\/div>\r\n\t\t\t\t\t        \r\n\t\t\t\t\t    \r\n\t\t\t\t\t\t<div class=\"inner-post\">\r\n\t\t\t\t\t\t\t<div class=\"entry-header\">\r\n\r\n\t\t\t\t\t\t\t\t\r\n\t\t\t\t\t\t\t\t<h3 class=\"entry-title\"><a href=\"https:\/\/viqtor.eu\/pt\/rancongiciels-des-attaques-en-constante-augmentation\/\" rel=\"bookmark\">Ransomware: ataques em ascens\u00e3o<\/a><\/h3>\r\n\t\t\t\t\t\t\t<\/div><!-- .entry-header -->\r\n\t\t\t\t\t\t\t\r\n\t\t\t\t\t\t\t\t\t\t\t\t\t\t<div class=\"entry-summary the-excerpt\">\r\n\r\n\t\t\t\t\t            <p>Ransomware: ataques em ascens\u00e3o Legal Watch n\u00ba 51 \u2013 setembro de 2022. Ransomware: ataques em ascens\u00e3o: As not\u00edcias deste outono nos trazem de volta a uma preocupa\u00e7\u00e3o recorrente dos controladores de dados: viola\u00e7\u00f5es de seguran\u00e7a. O ataque cibern\u00e9tico ao hospital Essonne e a dissemina\u00e7\u00e3o de v\u00e1rios gigabytes de dados [\u2026]\n\r\n\t\t\t\t\t        <\/div><!-- .entry-content -->\r\n\t\t\t\t\t\t\t\t\t\t\t\t\t\t<div class=\"btn-readmore\">\r\n\t\t\t\t\t\t\t\t<a href=\"https:\/\/viqtor.eu\/pt\/rancongiciels-des-attaques-en-constante-augmentation\/\"><i class=\"flaticon-right-arrow-1\"><\/i>Ler mais<\/a>\t\t\t\t\t\t\t<\/div>\r\n\t\t\t\t\t\t<\/div>\r\n\t\t\t\t\t<\/div>\r\n\t\t\t\t<\/article>\r\n\t\t\t\t<\/div>\r\n\t\t\t \r\n\t\t\t\t<div class=\"pgrid-box\">\r\n\t\t\t\t<article class=\"post-box blog-item\">\r\n\t\t\t\t\t<div class=\"post-inner\">\r\n\t\t\t\t\t\t\t\t\t\t\t\t\r\n\t\t\t\t\t        <div class=\"entry-media\">\r\n\t\t\t\t\t        \t<div class=\"post-cat\"><span class=\"posted-in\"><a href=\"https:\/\/viqtor.eu\/pt\/category\/veille-juridique\/\" rel=\"category tag\">Monitoramento jur\u00eddico<\/a><\/span><\/div>\t\t\t\t\t            <a href=\"https:\/\/viqtor.eu\/pt\/transferts-de-donnees-a-caractere-personnel-vers-les-etats-unis\/\">\r\n\t\t\t\t\t                <img loading=\"lazy\" decoding=\"async\" width=\"500\" height=\"334\" src=\"https:\/\/viqtor.eu\/wp-content\/uploads\/2023\/04\/shutterstock_1784045918.jpg\" class=\"attachment-engitech-slider-post-thumbnail size-engitech-slider-post-thumbnail wp-post-image\" alt=\"\" srcset=\"https:\/\/viqtor.eu\/wp-content\/uploads\/2023\/04\/shutterstock_1784045918.jpg 500w, https:\/\/viqtor.eu\/wp-content\/uploads\/2023\/04\/shutterstock_1784045918-300x200.jpg 300w\" sizes=\"(max-width: 500px) 100vw, 500px\" \/>\t\t\t\t\t            <\/a>\r\n\t\t\t\t\t        <\/div>\r\n\t\t\t\t\t        \r\n\t\t\t\t\t    \r\n\t\t\t\t\t\t<div class=\"inner-post\">\r\n\t\t\t\t\t\t\t<div class=\"entry-header\">\r\n\r\n\t\t\t\t\t\t\t\t\r\n\t\t\t\t\t\t\t\t<h3 class=\"entry-title\"><a href=\"https:\/\/viqtor.eu\/pt\/transferts-de-donnees-a-caractere-personnel-vers-les-etats-unis\/\" rel=\"bookmark\">Transfer\u00eancias de dados pessoais para os Estados Unidos: relat\u00f3rio de progresso<\/a><\/h3>\r\n\t\t\t\t\t\t\t<\/div><!-- .entry-header -->\r\n\t\t\t\t\t\t\t\r\n\t\t\t\t\t\t\t\t\t\t\t\t\t\t<div class=\"entry-summary the-excerpt\">\r\n\r\n\t\t\t\t\t            <p>Transfer\u00eancias de dados pessoais para os Estados Unidos: relat\u00f3rio de progresso Legal Watch n\u00ba 55 \u2013 janeiro de 2023 Transfer\u00eancias de dados pessoais para os Estados Unidos: relat\u00f3rio de progresso. A incerteza jur\u00eddica que atualmente pesa sobre as trocas de dados entre a Europa e os Estados Unidos impacta \u00e1reas t\u00e3o concretas quanto o combate \u00e0 [\u2026]\n\r\n\t\t\t\t\t        <\/div><!-- .entry-content -->\r\n\t\t\t\t\t\t\t\t\t\t\t\t\t\t<div class=\"btn-readmore\">\r\n\t\t\t\t\t\t\t\t<a href=\"https:\/\/viqtor.eu\/pt\/transferts-de-donnees-a-caractere-personnel-vers-les-etats-unis\/\"><i class=\"flaticon-right-arrow-1\"><\/i>Ler mais<\/a>\t\t\t\t\t\t\t<\/div>\r\n\t\t\t\t\t\t<\/div>\r\n\t\t\t\t\t<\/div>\r\n\t\t\t\t<\/article>\r\n\t\t\t\t<\/div>\r\n\t\t\t \r\n\t\t\t\t<div class=\"pgrid-box\">\r\n\t\t\t\t<article class=\"post-box blog-item\">\r\n\t\t\t\t\t<div class=\"post-inner\">\r\n\t\t\t\t\t\t\t\t\t\t\t\t\r\n\t\t\t\t\t        <div class=\"entry-media\">\r\n\t\t\t\t\t        \t<div class=\"post-cat\"><span class=\"posted-in\"><a href=\"https:\/\/viqtor.eu\/pt\/category\/veille-juridique\/\" rel=\"category tag\">Monitoramento jur\u00eddico<\/a><\/span><\/div>\t\t\t\t\t            <a href=\"https:\/\/viqtor.eu\/pt\/donnees-a-caractere-personnel\/\">\r\n\t\t\t\t\t                <img loading=\"lazy\" decoding=\"async\" width=\"500\" height=\"334\" src=\"https:\/\/viqtor.eu\/wp-content\/uploads\/2023\/04\/shutterstock_2209159749.jpg\" class=\"attachment-engitech-slider-post-thumbnail size-engitech-slider-post-thumbnail wp-post-image\" alt=\"\" srcset=\"https:\/\/viqtor.eu\/wp-content\/uploads\/2023\/04\/shutterstock_2209159749.jpg 500w, https:\/\/viqtor.eu\/wp-content\/uploads\/2023\/04\/shutterstock_2209159749-300x200.jpg 300w\" sizes=\"(max-width: 500px) 100vw, 500px\" \/>\t\t\t\t\t            <\/a>\r\n\t\t\t\t\t        <\/div>\r\n\t\t\t\t\t        \r\n\t\t\t\t\t    \r\n\t\t\t\t\t\t<div class=\"inner-post\">\r\n\t\t\t\t\t\t\t<div class=\"entry-header\">\r\n\r\n\t\t\t\t\t\t\t\t\r\n\t\t\t\t\t\t\t\t<h3 class=\"entry-title\"><a href=\"https:\/\/viqtor.eu\/pt\/donnees-a-caractere-personnel\/\" rel=\"bookmark\">Dados pessoais: o uso de um direito fundamental pode ser comercializado?<\/a><\/h3>\r\n\t\t\t\t\t\t\t<\/div><!-- .entry-header -->\r\n\t\t\t\t\t\t\t\r\n\t\t\t\t\t\t\t\t\t\t\t\t\t\t<div class=\"entry-summary the-excerpt\">\r\n\r\n\t\t\t\t\t            <p>Dados pessoais: o exerc\u00edcio de um direito fundamental pode ser negociado? Legal Watch n\u00ba 54 \u2013 Dezembro de 2022 Dados pessoais: o exerc\u00edcio de um direito fundamental pode ser negociado? Comentar os processos contra a Meta, empresa controladora do Facebook, WhatsApp e Instagram, pode se tornar cansativo, pois atrai a ira das autoridades de prote\u00e7\u00e3o de dados. [\u2026]\n\r\n\t\t\t\t\t        <\/div><!-- .entry-content -->\r\n\t\t\t\t\t\t\t\t\t\t\t\t\t\t<div class=\"btn-readmore\">\r\n\t\t\t\t\t\t\t\t<a href=\"https:\/\/viqtor.eu\/pt\/donnees-a-caractere-personnel\/\"><i class=\"flaticon-right-arrow-1\"><\/i>Ler mais<\/a>\t\t\t\t\t\t\t<\/div>\r\n\t\t\t\t\t\t<\/div>\r\n\t\t\t\t\t<\/div>\r\n\t\t\t\t<\/article>\r\n\t\t\t\t<\/div>\r\n\t\t\t \r\n\t\t\t\t<div class=\"pgrid-box\">\r\n\t\t\t\t<article class=\"post-box blog-item\">\r\n\t\t\t\t\t<div class=\"post-inner\">\r\n\t\t\t\t\t\t\t\t\t\t\t\t\r\n\t\t\t\t\t        <div class=\"entry-media\">\r\n\t\t\t\t\t        \t<div class=\"post-cat\"><span class=\"posted-in\"><a href=\"https:\/\/viqtor.eu\/pt\/category\/veille-juridique\/\" rel=\"category tag\">Monitoramento jur\u00eddico<\/a><\/span><\/div>\t\t\t\t\t            <a href=\"https:\/\/viqtor.eu\/pt\/recours-en-justice-une-dynamique-nouvelle-pour-les-actions-collectives\/\">\r\n\t\t\t\t\t                <img loading=\"lazy\" decoding=\"async\" width=\"500\" height=\"419\" src=\"https:\/\/viqtor.eu\/wp-content\/uploads\/2023\/04\/shutterstock_1755983537.jpg\" class=\"attachment-engitech-slider-post-thumbnail size-engitech-slider-post-thumbnail wp-post-image\" alt=\"\" srcset=\"https:\/\/viqtor.eu\/wp-content\/uploads\/2023\/04\/shutterstock_1755983537.jpg 500w, https:\/\/viqtor.eu\/wp-content\/uploads\/2023\/04\/shutterstock_1755983537-300x251.jpg 300w\" sizes=\"(max-width: 500px) 100vw, 500px\" \/>\t\t\t\t\t            <\/a>\r\n\t\t\t\t\t        <\/div>\r\n\t\t\t\t\t        \r\n\t\t\t\t\t    \r\n\t\t\t\t\t\t<div class=\"inner-post\">\r\n\t\t\t\t\t\t\t<div class=\"entry-header\">\r\n\r\n\t\t\t\t\t\t\t\t\r\n\t\t\t\t\t\t\t\t<h3 class=\"entry-title\"><a href=\"https:\/\/viqtor.eu\/pt\/recours-en-justice-une-dynamique-nouvelle-pour-les-actions-collectives\/\" rel=\"bookmark\">A\u00e7\u00e3o judicial: uma nova din\u00e2mica para a\u00e7\u00f5es coletivas?<\/a><\/h3>\r\n\t\t\t\t\t\t\t<\/div><!-- .entry-header -->\r\n\t\t\t\t\t\t\t\r\n\t\t\t\t\t\t\t\t\t\t\t\t\t\t<div class=\"entry-summary the-excerpt\">\r\n\r\n\t\t\t\t\t            <p>A\u00e7\u00f5es Judiciais: Uma Nova Din\u00e2mica para as A\u00e7\u00f5es Coletivas? Legal Watch n\u00ba 53 \u2013 Novembro de 2022 A\u00e7\u00f5es Judiciais: Uma Nova Din\u00e2mica para as A\u00e7\u00f5es Coletivas? A\u00e7\u00f5es judiciais relativas a quest\u00f5es de prote\u00e7\u00e3o de dados pessoais ainda s\u00e3o raras na Fran\u00e7a e na Europa. Se [\u2026]\n\r\n\t\t\t\t\t        <\/div><!-- .entry-content -->\r\n\t\t\t\t\t\t\t\t\t\t\t\t\t\t<div class=\"btn-readmore\">\r\n\t\t\t\t\t\t\t\t<a href=\"https:\/\/viqtor.eu\/pt\/recours-en-justice-une-dynamique-nouvelle-pour-les-actions-collectives\/\"><i class=\"flaticon-right-arrow-1\"><\/i>Ler mais<\/a>\t\t\t\t\t\t\t<\/div>\r\n\t\t\t\t\t\t<\/div>\r\n\t\t\t\t\t<\/div>\r\n\t\t\t\t<\/article>\r\n\t\t\t\t<\/div>\r\n\t\t\t \r\n\t\t\t\t<div class=\"pgrid-box\">\r\n\t\t\t\t<article class=\"post-box blog-item\">\r\n\t\t\t\t\t<div class=\"post-inner\">\r\n\t\t\t\t\t\t\t\t\t\t\t\t\r\n\t\t\t\t\t        <div class=\"entry-media\">\r\n\t\t\t\t\t        \t<div class=\"post-cat\"><span class=\"posted-in\"><a href=\"https:\/\/viqtor.eu\/pt\/category\/veille-juridique\/\" rel=\"category tag\">Monitoramento jur\u00eddico<\/a><\/span><\/div>\t\t\t\t\t            <a href=\"https:\/\/viqtor.eu\/pt\/lia-dans-tous-ses-etats\/\">\r\n\t\t\t\t\t                <img loading=\"lazy\" decoding=\"async\" width=\"500\" height=\"334\" src=\"https:\/\/viqtor.eu\/wp-content\/uploads\/2023\/04\/shutterstock_680929729.jpg\" class=\"attachment-engitech-slider-post-thumbnail size-engitech-slider-post-thumbnail wp-post-image\" alt=\"\" srcset=\"https:\/\/viqtor.eu\/wp-content\/uploads\/2023\/04\/shutterstock_680929729.jpg 500w, https:\/\/viqtor.eu\/wp-content\/uploads\/2023\/04\/shutterstock_680929729-300x200.jpg 300w\" sizes=\"(max-width: 500px) 100vw, 500px\" \/>\t\t\t\t\t            <\/a>\r\n\t\t\t\t\t        <\/div>\r\n\t\t\t\t\t        \r\n\t\t\t\t\t    \r\n\t\t\t\t\t\t<div class=\"inner-post\">\r\n\t\t\t\t\t\t\t<div class=\"entry-header\">\r\n\r\n\t\t\t\t\t\t\t\t\r\n\t\t\t\t\t\t\t\t<h3 class=\"entry-title\"><a href=\"https:\/\/viqtor.eu\/pt\/lia-dans-tous-ses-etats\/\" rel=\"bookmark\">IA em todas as suas formas.<\/a><\/h3>\r\n\t\t\t\t\t\t\t<\/div><!-- .entry-header -->\r\n\t\t\t\t\t\t\t\r\n\t\t\t\t\t\t\t\t\t\t\t\t\t\t<div class=\"entry-summary the-excerpt\">\r\n\r\n\t\t\t\t\t            <p>IA em todas as suas formas Legal Watch n\u00ba 52 \u2013 Outubro de 2022 Em 17 de outubro de 2022, a CNIL confirmou sua autoridade regulat\u00f3ria na \u00e1rea de intelig\u00eancia artificial, aplicando uma multa de \u20ac 20 milh\u00f5es \u00e0 Clearview AI. Esta san\u00e7\u00e3o ocorre ap\u00f3s uma notifica\u00e7\u00e3o formal que permaneceu sem resposta, e [\u2026]\n\r\n\t\t\t\t\t        <\/div><!-- .entry-content -->\r\n\t\t\t\t\t\t\t\t\t\t\t\t\t\t<div class=\"btn-readmore\">\r\n\t\t\t\t\t\t\t\t<a href=\"https:\/\/viqtor.eu\/pt\/lia-dans-tous-ses-etats\/\"><i class=\"flaticon-right-arrow-1\"><\/i>Ler mais<\/a>\t\t\t\t\t\t\t<\/div>\r\n\t\t\t\t\t\t<\/div>\r\n\t\t\t\t\t<\/div>\r\n\t\t\t\t<\/article>\r\n\t\t\t\t<\/div>\r\n\t\t\t \r\n\t\t\t\t<div class=\"pgrid-box\">\r\n\t\t\t\t<article class=\"post-box blog-item\">\r\n\t\t\t\t\t<div class=\"post-inner\">\r\n\t\t\t\t\t\t\t\t\t\t\t\t\r\n\t\t\t\t\t        <div class=\"entry-media\">\r\n\t\t\t\t\t        \t<div class=\"post-cat\"><span class=\"posted-in\"><a href=\"https:\/\/viqtor.eu\/pt\/category\/veille-juridique\/\" rel=\"category tag\">Monitoramento jur\u00eddico<\/a><\/span><\/div>\t\t\t\t\t            <a href=\"https:\/\/viqtor.eu\/pt\/analyser-son-audience-pour-mieux-communiquer\/\">\r\n\t\t\t\t\t                <img loading=\"lazy\" decoding=\"async\" width=\"500\" height=\"334\" src=\"https:\/\/viqtor.eu\/wp-content\/uploads\/2023\/04\/shutterstock_252391039.jpg\" class=\"attachment-engitech-slider-post-thumbnail size-engitech-slider-post-thumbnail wp-post-image\" alt=\"\" srcset=\"https:\/\/viqtor.eu\/wp-content\/uploads\/2023\/04\/shutterstock_252391039.jpg 500w, https:\/\/viqtor.eu\/wp-content\/uploads\/2023\/04\/shutterstock_252391039-300x200.jpg 300w\" sizes=\"(max-width: 500px) 100vw, 500px\" \/>\t\t\t\t\t            <\/a>\r\n\t\t\t\t\t        <\/div>\r\n\t\t\t\t\t        \r\n\t\t\t\t\t    \r\n\t\t\t\t\t\t<div class=\"inner-post\">\r\n\t\t\t\t\t\t\t<div class=\"entry-header\">\r\n\r\n\t\t\t\t\t\t\t\t\r\n\t\t\t\t\t\t\t\t<h3 class=\"entry-title\"><a href=\"https:\/\/viqtor.eu\/pt\/analyser-son-audience-pour-mieux-communiquer\/\" rel=\"bookmark\">Analisar seu p\u00fablico para se comunicar melhor... quais s\u00e3o as regras?<\/a><\/h3>\r\n\t\t\t\t\t\t\t<\/div><!-- .entry-header -->\r\n\t\t\t\t\t\t\t\r\n\t\t\t\t\t\t\t\t\t\t\t\t\t\t<div class=\"entry-summary the-excerpt\">\r\n\r\n\t\t\t\t\t            <p>Analisar seu p\u00fablico para se comunicar melhor... quais s\u00e3o as regras? Legal Watch n\u00ba 49 \u2013 julho de 2022 Analisar seu p\u00fablico para se comunicar melhor... quais s\u00e3o as regras? A m\u00eddia e as redes sociais agora permitem que as empresas analisem seu p\u00fablico para melhor segment\u00e1-lo, aprimorar sua imagem e adaptar sua estrat\u00e9gia de marketing. [\u2026]\n\r\n\t\t\t\t\t        <\/div><!-- .entry-content -->\r\n\t\t\t\t\t\t\t\t\t\t\t\t\t\t<div class=\"btn-readmore\">\r\n\t\t\t\t\t\t\t\t<a href=\"https:\/\/viqtor.eu\/pt\/analyser-son-audience-pour-mieux-communiquer\/\"><i class=\"flaticon-right-arrow-1\"><\/i>Ler mais<\/a>\t\t\t\t\t\t\t<\/div>\r\n\t\t\t\t\t\t<\/div>\r\n\t\t\t\t\t<\/div>\r\n\t\t\t\t<\/article>\r\n\t\t\t\t<\/div>\r\n\t\t\t \r\n\t\t\t\t<div class=\"pgrid-box\">\r\n\t\t\t\t<article class=\"post-box blog-item\">\r\n\t\t\t\t\t<div class=\"post-inner\">\r\n\t\t\t\t\t\t\t\t\t\t\t\t\r\n\t\t\t\t\t        <div class=\"entry-media\">\r\n\t\t\t\t\t        \t<div class=\"post-cat\"><span class=\"posted-in\"><a href=\"https:\/\/viqtor.eu\/pt\/category\/veille-juridique\/\" rel=\"category tag\">Monitoramento jur\u00eddico<\/a><\/span><\/div>\t\t\t\t\t            <a href=\"https:\/\/viqtor.eu\/pt\/metaverse-fashion-week-dans-decentraland\/\">\r\n\t\t\t\t\t                <img loading=\"lazy\" decoding=\"async\" width=\"500\" height=\"334\" src=\"https:\/\/viqtor.eu\/wp-content\/uploads\/2023\/04\/shutterstock_1944426163.jpg\" class=\"attachment-engitech-slider-post-thumbnail size-engitech-slider-post-thumbnail wp-post-image\" alt=\"\" srcset=\"https:\/\/viqtor.eu\/wp-content\/uploads\/2023\/04\/shutterstock_1944426163.jpg 500w, https:\/\/viqtor.eu\/wp-content\/uploads\/2023\/04\/shutterstock_1944426163-300x200.jpg 300w\" sizes=\"(max-width: 500px) 100vw, 500px\" \/>\t\t\t\t\t            <\/a>\r\n\t\t\t\t\t        <\/div>\r\n\t\t\t\t\t        \r\n\t\t\t\t\t    \r\n\t\t\t\t\t\t<div class=\"inner-post\">\r\n\t\t\t\t\t\t\t<div class=\"entry-header\">\r\n\r\n\t\t\t\t\t\t\t\t\r\n\t\t\t\t\t\t\t\t<h3 class=\"entry-title\"><a href=\"https:\/\/viqtor.eu\/pt\/metaverse-fashion-week-dans-decentraland\/\" rel=\"bookmark\">Metaverse Fashion Week na Decentraland, um dos mundos virtuais mais populares.<\/a><\/h3>\r\n\t\t\t\t\t\t\t<\/div><!-- .entry-header -->\r\n\t\t\t\t\t\t\t\r\n\t\t\t\t\t\t\t\t\t\t\t\t\t\t<div class=\"entry-summary the-excerpt\">\r\n\r\n\t\t\t\t\t            <p>Semana de Moda do Metaverso em Decentraland, um dos mundos virtuais mais populares. Legal Watch n\u00ba 48 \u2013 Junho de 2022, Admir\u00e1vel Mundo Novo. Em mar\u00e7o de 2022, o evento Semana de Moda do Metaverso aconteceu em Decentraland, um dos mundos virtuais mais populares. Um show online foi transmitido pela plataforma de jogos Fortnite [\u2026]\n\r\n\t\t\t\t\t        <\/div><!-- .entry-content -->\r\n\t\t\t\t\t\t\t\t\t\t\t\t\t\t<div class=\"btn-readmore\">\r\n\t\t\t\t\t\t\t\t<a href=\"https:\/\/viqtor.eu\/pt\/metaverse-fashion-week-dans-decentraland\/\"><i class=\"flaticon-right-arrow-1\"><\/i>Ler mais<\/a>\t\t\t\t\t\t\t<\/div>\r\n\t\t\t\t\t\t<\/div>\r\n\t\t\t\t\t<\/div>\r\n\t\t\t\t<\/article>\r\n\t\t\t\t<\/div>\r\n\t\t\t \r\n\t\t\t\t<div class=\"pgrid-box\">\r\n\t\t\t\t<article class=\"post-box blog-item\">\r\n\t\t\t\t\t<div class=\"post-inner\">\r\n\t\t\t\t\t\t\t\t\t\t\t\t\r\n\t\t\t\t\t        <div class=\"entry-media\">\r\n\t\t\t\t\t        \t<div class=\"post-cat\"><span class=\"posted-in\"><a href=\"https:\/\/viqtor.eu\/pt\/category\/veille-juridique\/\" rel=\"category tag\">Monitoramento jur\u00eddico<\/a><\/span><\/div>\t\t\t\t\t            <a href=\"https:\/\/viqtor.eu\/pt\/decisions-automatisees-comment-le-rgpd-est-il-mis-en-oeuvre\/\">\r\n\t\t\t\t\t                <img loading=\"lazy\" decoding=\"async\" width=\"601\" height=\"520\" src=\"https:\/\/viqtor.eu\/wp-content\/uploads\/2023\/04\/shutterstock_661113826-1-601x520.jpg\" class=\"attachment-engitech-slider-post-thumbnail size-engitech-slider-post-thumbnail wp-post-image\" alt=\"E-learning RGPD\" \/>\t\t\t\t\t            <\/a>\r\n\t\t\t\t\t        <\/div>\r\n\t\t\t\t\t        \r\n\t\t\t\t\t    \r\n\t\t\t\t\t\t<div class=\"inner-post\">\r\n\t\t\t\t\t\t\t<div class=\"entry-header\">\r\n\r\n\t\t\t\t\t\t\t\t\r\n\t\t\t\t\t\t\t\t<h3 class=\"entry-title\"><a href=\"https:\/\/viqtor.eu\/pt\/decisions-automatisees-comment-le-rgpd-est-il-mis-en-oeuvre\/\" rel=\"bookmark\">Decis\u00f5es automatizadas: como o GDPR \u00e9 implementado?<\/a><\/h3>\r\n\t\t\t\t\t\t\t<\/div><!-- .entry-header -->\r\n\t\t\t\t\t\t\t\r\n\t\t\t\t\t\t\t\t\t\t\t\t\t\t<div class=\"entry-summary the-excerpt\">\r\n\r\n\t\t\t\t\t            <p>Decis\u00f5es Automatizadas: Como o GDPR est\u00e1 sendo implementado? Legal Watch n\u00ba 47 \u2013 maio de 2022 Decis\u00f5es Automatizadas: Como o GDPR est\u00e1 sendo implementado? Em 17 de maio, o Future of Privacy Forum publicou um extenso relat\u00f3rio sobre a quest\u00e3o das decis\u00f5es automatizadas. Este relat\u00f3rio analisa mais de 70 documentos [\u2026]\n\r\n\t\t\t\t\t        <\/div><!-- .entry-content -->\r\n\t\t\t\t\t\t\t\t\t\t\t\t\t\t<div class=\"btn-readmore\">\r\n\t\t\t\t\t\t\t\t<a href=\"https:\/\/viqtor.eu\/pt\/decisions-automatisees-comment-le-rgpd-est-il-mis-en-oeuvre\/\"><i class=\"flaticon-right-arrow-1\"><\/i>Ler mais<\/a>\t\t\t\t\t\t\t<\/div>\r\n\t\t\t\t\t\t<\/div>\r\n\t\t\t\t\t<\/div>\r\n\t\t\t\t<\/article>\r\n\t\t\t\t<\/div>\r\n\t\t\t \r\n\t\t\t\t<div class=\"pgrid-box\">\r\n\t\t\t\t<article class=\"post-box blog-item\">\r\n\t\t\t\t\t<div class=\"post-inner\">\r\n\t\t\t\t\t\t\t\t\t\t\t\t\r\n\t\t\t\t\t        <div class=\"entry-media\">\r\n\t\t\t\t\t        \t<div class=\"post-cat\"><span class=\"posted-in\"><a href=\"https:\/\/viqtor.eu\/pt\/category\/veille-juridique\/\" rel=\"category tag\">Monitoramento jur\u00eddico<\/a><\/span><\/div>\t\t\t\t\t            <a href=\"https:\/\/viqtor.eu\/pt\/dsa-dma\/\">\r\n\t\t\t\t\t                <img loading=\"lazy\" decoding=\"async\" width=\"601\" height=\"520\" src=\"https:\/\/viqtor.eu\/wp-content\/uploads\/2023\/04\/shutterstock_2209639365-601x520.jpg\" class=\"attachment-engitech-slider-post-thumbnail size-engitech-slider-post-thumbnail wp-post-image\" alt=\"registre de traitement RGPD\" \/>\t\t\t\t\t            <\/a>\r\n\t\t\t\t\t        <\/div>\r\n\t\t\t\t\t        \r\n\t\t\t\t\t    \r\n\t\t\t\t\t\t<div class=\"inner-post\">\r\n\t\t\t\t\t\t\t<div class=\"entry-header\">\r\n\r\n\t\t\t\t\t\t\t\t\r\n\t\t\t\t\t\t\t\t<h3 class=\"entry-title\"><a href=\"https:\/\/viqtor.eu\/pt\/dsa-dma\/\" rel=\"bookmark\">DSA \u2013 DMA: dois pilares da estrat\u00e9gia digital europeia.<\/a><\/h3>\r\n\t\t\t\t\t\t\t<\/div><!-- .entry-header -->\r\n\t\t\t\t\t\t\t\r\n\t\t\t\t\t\t\t\t\t\t\t\t\t\t<div class=\"entry-summary the-excerpt\">\r\n\r\n\t\t\t\t\t            <p>DSA \u2013 DMA: Dois Pilares da Estrat\u00e9gia Digital Europeia. Legal Watch n\u00ba 46 \u2013 abril de 2022 DSA \u2013 DMA: Dois Pilares da Estrat\u00e9gia Digital Europeia. Desde a conclus\u00e3o de um acordo pol\u00edtico na noite de 22 para 23 de abril, a DSA, ou Lei dos Servi\u00e7os Digitais, tem sido objeto de in\u00fameros coment\u00e1rios no [\u2026]\n\r\n\t\t\t\t\t        <\/div><!-- .entry-content -->\r\n\t\t\t\t\t\t\t\t\t\t\t\t\t\t<div class=\"btn-readmore\">\r\n\t\t\t\t\t\t\t\t<a href=\"https:\/\/viqtor.eu\/pt\/dsa-dma\/\"><i class=\"flaticon-right-arrow-1\"><\/i>Ler mais<\/a>\t\t\t\t\t\t\t<\/div>\r\n\t\t\t\t\t\t<\/div>\r\n\t\t\t\t\t<\/div>\r\n\t\t\t\t<\/article>\r\n\t\t\t\t<\/div>\r\n\t\t\t \r\n\t\t\t\t<div class=\"pgrid-box\">\r\n\t\t\t\t<article class=\"post-box blog-item\">\r\n\t\t\t\t\t<div class=\"post-inner\">\r\n\t\t\t\t\t\t\t\t\t\t\t\t\r\n\t\t\t\t\t        <div class=\"entry-media\">\r\n\t\t\t\t\t        \t<div class=\"post-cat\"><span class=\"posted-in\"><a href=\"https:\/\/viqtor.eu\/pt\/category\/veille-juridique\/\" rel=\"category tag\">Monitoramento jur\u00eddico<\/a><\/span><\/div>\t\t\t\t\t            <a href=\"https:\/\/viqtor.eu\/pt\/outils-analytiques\/\">\r\n\t\t\t\t\t                <img loading=\"lazy\" decoding=\"async\" width=\"601\" height=\"520\" src=\"https:\/\/viqtor.eu\/wp-content\/uploads\/2023\/04\/shutterstock_791436157-601x520.jpg\" class=\"attachment-engitech-slider-post-thumbnail size-engitech-slider-post-thumbnail wp-post-image\" alt=\"\" \/>\t\t\t\t\t            <\/a>\r\n\t\t\t\t\t        <\/div>\r\n\t\t\t\t\t        \r\n\t\t\t\t\t    \r\n\t\t\t\t\t\t<div class=\"inner-post\">\r\n\t\t\t\t\t\t\t<div class=\"entry-header\">\r\n\r\n\t\t\t\t\t\t\t\t\r\n\t\t\t\t\t\t\t\t<h3 class=\"entry-title\"><a href=\"https:\/\/viqtor.eu\/pt\/outils-analytiques\/\" rel=\"bookmark\">Ferramentas anal\u00edticas: o impacto de uma decis\u00e3o judicial \u2013 e servi\u00e7os de intelig\u00eancia \u2013 em nossos sites.<\/a><\/h3>\r\n\t\t\t\t\t\t\t<\/div><!-- .entry-header -->\r\n\t\t\t\t\t\t\t\r\n\t\t\t\t\t\t\t\t\t\t\t\t\t\t<div class=\"entry-summary the-excerpt\">\r\n\r\n\t\t\t\t\t            <p>Ferramentas anal\u00edticas: o impacto de uma decis\u00e3o judicial \u2013 e dos servi\u00e7os de intelig\u00eancia \u2013 em nossos sites. Legal Watch n\u00ba 44 \u2013 fevereiro de 2022 Ferramentas anal\u00edticas: o impacto de uma decis\u00e3o judicial \u2013 e dos servi\u00e7os de intelig\u00eancia \u2013 em nossos sites. O ac\u00f3rd\u00e3o \u201cSchrems II\u201d do Tribunal de Justi\u00e7a da Uni\u00e3o Europeia j\u00e1 estava [\u2026]\n\r\n\t\t\t\t\t        <\/div><!-- .entry-content -->\r\n\t\t\t\t\t\t\t\t\t\t\t\t\t\t<div class=\"btn-readmore\">\r\n\t\t\t\t\t\t\t\t<a href=\"https:\/\/viqtor.eu\/pt\/outils-analytiques\/\"><i class=\"flaticon-right-arrow-1\"><\/i>Ler mais<\/a>\t\t\t\t\t\t\t<\/div>\r\n\t\t\t\t\t\t<\/div>\r\n\t\t\t\t\t<\/div>\r\n\t\t\t\t<\/article>\r\n\t\t\t\t<\/div>\r\n\t\t\t \r\n\t\t\t\t<div class=\"pgrid-box\">\r\n\t\t\t\t<article class=\"post-box blog-item\">\r\n\t\t\t\t\t<div class=\"post-inner\">\r\n\t\t\t\t\t\t\t\t\t\t\t\t\r\n\t\t\t\t\t        <div class=\"entry-media\">\r\n\t\t\t\t\t        \t<div class=\"post-cat\"><span class=\"posted-in\"><a href=\"https:\/\/viqtor.eu\/pt\/category\/veille-juridique\/\" rel=\"category tag\">Monitoramento jur\u00eddico<\/a><\/span><\/div>\t\t\t\t\t            <a href=\"https:\/\/viqtor.eu\/pt\/donnees-sensibles-et-categories-particulieres-de-donnees\/\">\r\n\t\t\t\t\t                <img loading=\"lazy\" decoding=\"async\" width=\"601\" height=\"520\" src=\"https:\/\/viqtor.eu\/wp-content\/uploads\/2023\/04\/shutterstock_2171394857-601x520.jpg\" class=\"attachment-engitech-slider-post-thumbnail size-engitech-slider-post-thumbnail wp-post-image\" alt=\"\" \/>\t\t\t\t\t            <\/a>\r\n\t\t\t\t\t        <\/div>\r\n\t\t\t\t\t        \r\n\t\t\t\t\t    \r\n\t\t\t\t\t\t<div class=\"inner-post\">\r\n\t\t\t\t\t\t\t<div class=\"entry-header\">\r\n\r\n\t\t\t\t\t\t\t\t\r\n\t\t\t\t\t\t\t\t<h3 class=\"entry-title\"><a href=\"https:\/\/viqtor.eu\/pt\/donnees-sensibles-et-categories-particulieres-de-donnees\/\" rel=\"bookmark\">Dados sens\u00edveis e categorias especiais de dados: seis de um e meia d\u00fazia do outro?<\/a><\/h3>\r\n\t\t\t\t\t\t\t<\/div><!-- .entry-header -->\r\n\t\t\t\t\t\t\t\r\n\t\t\t\t\t\t\t\t\t\t\t\t\t\t<div class=\"entry-summary the-excerpt\">\r\n\r\n\t\t\t\t\t            <p>Dados sens\u00edveis e categorias especiais de dados: seis de um e meia d\u00fazia do outro? Legal Watch n\u00ba 43 \u2013 janeiro de 2022 Dados sens\u00edveis e categorias especiais de dados: seis de um e meia d\u00fazia do outro? Ao processar dados relacionados \u00e0 sa\u00fade, opini\u00f5es pol\u00edticas ou religiosas, a qualifica\u00e7\u00e3o que imediatamente vem \u00e0 mente [\u2026]\n\r\n\t\t\t\t\t        <\/div><!-- .entry-content -->\r\n\t\t\t\t\t\t\t\t\t\t\t\t\t\t<div class=\"btn-readmore\">\r\n\t\t\t\t\t\t\t\t<a href=\"https:\/\/viqtor.eu\/pt\/donnees-sensibles-et-categories-particulieres-de-donnees\/\"><i class=\"flaticon-right-arrow-1\"><\/i>Ler mais<\/a>\t\t\t\t\t\t\t<\/div>\r\n\t\t\t\t\t\t<\/div>\r\n\t\t\t\t\t<\/div>\r\n\t\t\t\t<\/article>\r\n\t\t\t\t<\/div>\r\n\t\t\t \r\n\t\t\t\t<div class=\"pgrid-box\">\r\n\t\t\t\t<article class=\"post-box blog-item\">\r\n\t\t\t\t\t<div class=\"post-inner\">\r\n\t\t\t\t\t\t\t\t\t\t\t\t\r\n\t\t\t\t\t        <div class=\"entry-media\">\r\n\t\t\t\t\t        \t<div class=\"post-cat\"><span class=\"posted-in\"><a href=\"https:\/\/viqtor.eu\/pt\/category\/veille-juridique\/\" rel=\"category tag\">Monitoramento jur\u00eddico<\/a><\/span><\/div>\t\t\t\t\t            <a href=\"https:\/\/viqtor.eu\/pt\/une-nouvelle-annee-sous-le-signe-de-lexpectative\/\">\r\n\t\t\t\t\t                <img loading=\"lazy\" decoding=\"async\" width=\"601\" height=\"520\" src=\"https:\/\/viqtor.eu\/wp-content\/uploads\/2023\/04\/shutterstock_1827228413-601x520.jpg\" class=\"attachment-engitech-slider-post-thumbnail size-engitech-slider-post-thumbnail wp-post-image\" alt=\"\" \/>\t\t\t\t\t            <\/a>\r\n\t\t\t\t\t        <\/div>\r\n\t\t\t\t\t        \r\n\t\t\t\t\t    \r\n\t\t\t\t\t\t<div class=\"inner-post\">\r\n\t\t\t\t\t\t\t<div class=\"entry-header\">\r\n\r\n\t\t\t\t\t\t\t\t\r\n\t\t\t\t\t\t\t\t<h3 class=\"entry-title\"><a href=\"https:\/\/viqtor.eu\/pt\/une-nouvelle-annee-sous-le-signe-de-lexpectative\/\" rel=\"bookmark\">Um novo ano sob o signo da expectativa<\/a><\/h3>\r\n\t\t\t\t\t\t\t<\/div><!-- .entry-header -->\r\n\t\t\t\t\t\t\t\r\n\t\t\t\t\t\t\t\t\t\t\t\t\t\t<div class=\"entry-summary the-excerpt\">\r\n\r\n\t\t\t\t\t            <p>Um novo ano sob o signo da expectativa Legal Watch n\u00ba 42 \u2013 Dezembro de 2021 Um novo ano sob o signo da expectativa Em termos de prote\u00e7\u00e3o de dados, o ano que se inicia n\u00e3o anuncia grandes novidades, mas sim uma evolu\u00e7\u00e3o e, talvez, decis\u00f5es estrat\u00e9gicas em rela\u00e7\u00e3o a certas quest\u00f5es atuais. Vamos nos concentrar em tr\u00eas delas: a [\u2026]\n\r\n\t\t\t\t\t        <\/div><!-- .entry-content -->\r\n\t\t\t\t\t\t\t\t\t\t\t\t\t\t<div class=\"btn-readmore\">\r\n\t\t\t\t\t\t\t\t<a href=\"https:\/\/viqtor.eu\/pt\/une-nouvelle-annee-sous-le-signe-de-lexpectative\/\"><i class=\"flaticon-right-arrow-1\"><\/i>Ler mais<\/a>\t\t\t\t\t\t\t<\/div>\r\n\t\t\t\t\t\t<\/div>\r\n\t\t\t\t\t<\/div>\r\n\t\t\t\t<\/article>\r\n\t\t\t\t<\/div>\r\n\t\t\t \r\n\t\t\t\t<div class=\"pgrid-box\">\r\n\t\t\t\t<article class=\"post-box blog-item\">\r\n\t\t\t\t\t<div class=\"post-inner\">\r\n\t\t\t\t\t\t\t\t\t\t\t\t\r\n\t\t\t\t\t        <div class=\"entry-media\">\r\n\t\t\t\t\t        \t<div class=\"post-cat\"><span class=\"posted-in\"><a href=\"https:\/\/viqtor.eu\/pt\/category\/veille-juridique\/\" rel=\"category tag\">Monitoramento jur\u00eddico<\/a><\/span><\/div>\t\t\t\t\t            <a href=\"https:\/\/viqtor.eu\/pt\/le-cycle-de-vie-des-donnees-a-caractere-personnel\/\">\r\n\t\t\t\t\t                <img loading=\"lazy\" decoding=\"async\" width=\"601\" height=\"520\" src=\"https:\/\/viqtor.eu\/wp-content\/uploads\/2023\/04\/shutterstock_1493993612-601x520.jpg\" class=\"attachment-engitech-slider-post-thumbnail size-engitech-slider-post-thumbnail wp-post-image\" alt=\"\" \/>\t\t\t\t\t            <\/a>\r\n\t\t\t\t\t        <\/div>\r\n\t\t\t\t\t        \r\n\t\t\t\t\t    \r\n\t\t\t\t\t\t<div class=\"inner-post\">\r\n\t\t\t\t\t\t\t<div class=\"entry-header\">\r\n\r\n\t\t\t\t\t\t\t\t\r\n\t\t\t\t\t\t\t\t<h3 class=\"entry-title\"><a href=\"https:\/\/viqtor.eu\/pt\/le-cycle-de-vie-des-donnees-a-caractere-personnel\/\" rel=\"bookmark\">O ciclo de vida dos dados pessoais<\/a><\/h3>\r\n\t\t\t\t\t\t\t<\/div><!-- .entry-header -->\r\n\t\t\t\t\t\t\t\r\n\t\t\t\t\t\t\t\t\t\t\t\t\t\t<div class=\"entry-summary the-excerpt\">\r\n\r\n\t\t\t\t\t            <p>O ciclo de vida dos dados pessoais Legal Watch n\u00ba 41 \u2013 novembro de 2021 O ciclo de vida dos dados pessoais. Entre as obriga\u00e7\u00f5es previstas no GDPR, h\u00e1 uma que pode rapidamente se tornar uma dor de cabe\u00e7a para o controlador de dados, apesar de sua natureza aparentemente in\u00f3cua: \u00e9 a [\u2026]\n\r\n\t\t\t\t\t        <\/div><!-- .entry-content -->\r\n\t\t\t\t\t\t\t\t\t\t\t\t\t\t<div class=\"btn-readmore\">\r\n\t\t\t\t\t\t\t\t<a href=\"https:\/\/viqtor.eu\/pt\/le-cycle-de-vie-des-donnees-a-caractere-personnel\/\"><i class=\"flaticon-right-arrow-1\"><\/i>Ler mais<\/a>\t\t\t\t\t\t\t<\/div>\r\n\t\t\t\t\t\t<\/div>\r\n\t\t\t\t\t<\/div>\r\n\t\t\t\t<\/article>\r\n\t\t\t\t<\/div>\r\n\t\t\t \r\n\t\t\t\t<div class=\"pgrid-box\">\r\n\t\t\t\t<article class=\"post-box blog-item\">\r\n\t\t\t\t\t<div class=\"post-inner\">\r\n\t\t\t\t\t\t\t\t\t\t\t\t\r\n\t\t\t\t\t        <div class=\"entry-media\">\r\n\t\t\t\t\t        \t<div class=\"post-cat\"><span class=\"posted-in\"><a href=\"https:\/\/viqtor.eu\/pt\/category\/veille-juridique\/\" rel=\"category tag\">Monitoramento jur\u00eddico<\/a><\/span><\/div>\t\t\t\t\t            <a href=\"https:\/\/viqtor.eu\/pt\/le-cloud-act-et-les-entreprises-europeennes\/\">\r\n\t\t\t\t\t                <img loading=\"lazy\" decoding=\"async\" width=\"601\" height=\"520\" src=\"https:\/\/viqtor.eu\/wp-content\/uploads\/2023\/04\/shutterstock_2269121321-601x520.jpg\" class=\"attachment-engitech-slider-post-thumbnail size-engitech-slider-post-thumbnail wp-post-image\" alt=\"\" \/>\t\t\t\t\t            <\/a>\r\n\t\t\t\t\t        <\/div>\r\n\t\t\t\t\t        \r\n\t\t\t\t\t    \r\n\t\t\t\t\t\t<div class=\"inner-post\">\r\n\t\t\t\t\t\t\t<div class=\"entry-header\">\r\n\r\n\t\t\t\t\t\t\t\t\r\n\t\t\t\t\t\t\t\t<h3 class=\"entry-title\"><a href=\"https:\/\/viqtor.eu\/pt\/le-cloud-act-et-les-entreprises-europeennes\/\" rel=\"bookmark\">A Lei CLOUD e as empresas europeias: qual o seu \u00e2mbito de aplica\u00e7\u00e3o?<\/a><\/h3>\r\n\t\t\t\t\t\t\t<\/div><!-- .entry-header -->\r\n\t\t\t\t\t\t\t\r\n\t\t\t\t\t\t\t\t\t\t\t\t\t\t<div class=\"entry-summary the-excerpt\">\r\n\r\n\t\t\t\t\t            <p>A Lei CLOUD e as empresas europeias: qual o seu \u00e2mbito de aplica\u00e7\u00e3o? Legal Watch n\u00ba 40 \u2013 Outubro de 2021 A Lei CLOUD e as empresas europeias: qual o seu \u00e2mbito de aplica\u00e7\u00e3o? A desmaterializa\u00e7\u00e3o de dados e o seu armazenamento nas \u201cnuvens\u201d t\u00eam consequ\u00eancias fundamentais e complexas para as obriga\u00e7\u00f5es das empresas. Mesmo quando armazenados [\u2026]\n\r\n\t\t\t\t\t        <\/div><!-- .entry-content -->\r\n\t\t\t\t\t\t\t\t\t\t\t\t\t\t<div class=\"btn-readmore\">\r\n\t\t\t\t\t\t\t\t<a href=\"https:\/\/viqtor.eu\/pt\/le-cloud-act-et-les-entreprises-europeennes\/\"><i class=\"flaticon-right-arrow-1\"><\/i>Ler mais<\/a>\t\t\t\t\t\t\t<\/div>\r\n\t\t\t\t\t\t<\/div>\r\n\t\t\t\t\t<\/div>\r\n\t\t\t\t<\/article>\r\n\t\t\t\t<\/div>\r\n\t\t\t \r\n\t\t\t\t<div class=\"pgrid-box\">\r\n\t\t\t\t<article class=\"post-box blog-item\">\r\n\t\t\t\t\t<div class=\"post-inner\">\r\n\t\t\t\t\t\t\t\t\t\t\t\t\r\n\t\t\t\t\t        <div class=\"entry-media\">\r\n\t\t\t\t\t        \t<div class=\"post-cat\"><span class=\"posted-in\"><a href=\"https:\/\/viqtor.eu\/pt\/category\/veille-juridique\/\" rel=\"category tag\">Monitoramento jur\u00eddico<\/a><\/span><\/div>\t\t\t\t\t            <a href=\"https:\/\/viqtor.eu\/pt\/responsable-et-sous-traitant-qui-engage-sa-responsabilite\/\">\r\n\t\t\t\t\t                <img loading=\"lazy\" decoding=\"async\" width=\"601\" height=\"520\" src=\"https:\/\/viqtor.eu\/wp-content\/uploads\/2023\/04\/shutterstock_1726908307-601x520.jpg\" class=\"attachment-engitech-slider-post-thumbnail size-engitech-slider-post-thumbnail wp-post-image\" alt=\"RGPD E-LEARNING\" \/>\t\t\t\t\t            <\/a>\r\n\t\t\t\t\t        <\/div>\r\n\t\t\t\t\t        \r\n\t\t\t\t\t    \r\n\t\t\t\t\t\t<div class=\"inner-post\">\r\n\t\t\t\t\t\t\t<div class=\"entry-header\">\r\n\r\n\t\t\t\t\t\t\t\t\r\n\t\t\t\t\t\t\t\t<h3 class=\"entry-title\"><a href=\"https:\/\/viqtor.eu\/pt\/responsable-et-sous-traitant-qui-engage-sa-responsabilite\/\" rel=\"bookmark\">Gerente e subcontratado: quem \u00e9 respons\u00e1vel?<\/a><\/h3>\r\n\t\t\t\t\t\t\t<\/div><!-- .entry-header -->\r\n\t\t\t\t\t\t\t\r\n\t\t\t\t\t\t\t\t\t\t\t\t\t\t<div class=\"entry-summary the-excerpt\">\r\n\r\n\t\t\t\t\t            <p>Controlador e subcontratado: quem \u00e9 respons\u00e1vel? Legal Watch n\u00ba 39 \u2013 setembro de 2021 Controlador e subcontratado: quem \u00e9 respons\u00e1vel? Muitos controladores de dados utilizam subcontratados, seja para gest\u00e3o de recursos humanos, segmenta\u00e7\u00e3o de publicidade ou seguran\u00e7a de dados. [\u2026]\n\r\n\t\t\t\t\t        <\/div><!-- .entry-content -->\r\n\t\t\t\t\t\t\t\t\t\t\t\t\t\t<div class=\"btn-readmore\">\r\n\t\t\t\t\t\t\t\t<a href=\"https:\/\/viqtor.eu\/pt\/responsable-et-sous-traitant-qui-engage-sa-responsabilite\/\"><i class=\"flaticon-right-arrow-1\"><\/i>Ler mais<\/a>\t\t\t\t\t\t\t<\/div>\r\n\t\t\t\t\t\t<\/div>\r\n\t\t\t\t\t<\/div>\r\n\t\t\t\t<\/article>\r\n\t\t\t\t<\/div>\r\n\t\t\t \r\n\t\t\t\t<div class=\"pgrid-box\">\r\n\t\t\t\t<article class=\"post-box blog-item\">\r\n\t\t\t\t\t<div class=\"post-inner\">\r\n\t\t\t\t\t\t\t\t\t\t\t\t\r\n\t\t\t\t\t        <div class=\"entry-media\">\r\n\t\t\t\t\t        \t<div class=\"post-cat\"><span class=\"posted-in\"><a href=\"https:\/\/viqtor.eu\/pt\/category\/veille-juridique\/\" rel=\"category tag\">Monitoramento jur\u00eddico<\/a><\/span><\/div>\t\t\t\t\t            <a href=\"https:\/\/viqtor.eu\/pt\/decision-whatsapp\/\">\r\n\t\t\t\t\t                <img loading=\"lazy\" decoding=\"async\" width=\"601\" height=\"520\" src=\"https:\/\/viqtor.eu\/wp-content\/uploads\/2023\/04\/shutterstock_1312557080-601x520.jpg\" class=\"attachment-engitech-slider-post-thumbnail size-engitech-slider-post-thumbnail wp-post-image\" alt=\"\" \/>\t\t\t\t\t            <\/a>\r\n\t\t\t\t\t        <\/div>\r\n\t\t\t\t\t        \r\n\t\t\t\t\t    \r\n\t\t\t\t\t\t<div class=\"inner-post\">\r\n\t\t\t\t\t\t\t<div class=\"entry-header\">\r\n\r\n\t\t\t\t\t\t\t\t\r\n\t\t\t\t\t\t\t\t<h3 class=\"entry-title\"><a href=\"https:\/\/viqtor.eu\/pt\/decision-whatsapp\/\" rel=\"bookmark\">Decis\u00e3o do WhatsApp: Fim da impunidade para as GAFAM na Europa?<\/a><\/h3>\r\n\t\t\t\t\t\t\t<\/div><!-- .entry-header -->\r\n\t\t\t\t\t\t\t\r\n\t\t\t\t\t\t\t\t\t\t\t\t\t\t<div class=\"entry-summary the-excerpt\">\r\n\r\n\t\t\t\t\t            <p>Decis\u00e3o do WhatsApp: Fim da impunidade para as GAFAM na Europa? Legal Watch n\u00ba 38 \u2013 agosto de 2021 Decis\u00e3o do WhatsApp: Fim da impunidade para as GAFAM na Europa? Em not\u00edcia anterior, ecoamos as dificuldades de acordo em n\u00edvel europeu sobre a implementa\u00e7\u00e3o do Regulamento Geral sobre a Prote\u00e7\u00e3o de Dados [\u2026]\n\r\n\t\t\t\t\t        <\/div><!-- .entry-content -->\r\n\t\t\t\t\t\t\t\t\t\t\t\t\t\t<div class=\"btn-readmore\">\r\n\t\t\t\t\t\t\t\t<a href=\"https:\/\/viqtor.eu\/pt\/decision-whatsapp\/\"><i class=\"flaticon-right-arrow-1\"><\/i>Ler mais<\/a>\t\t\t\t\t\t\t<\/div>\r\n\t\t\t\t\t\t<\/div>\r\n\t\t\t\t\t<\/div>\r\n\t\t\t\t<\/article>\r\n\t\t\t\t<\/div>\r\n\t\t\t \r\n\t\t\t\t<div class=\"pgrid-box\">\r\n\t\t\t\t<article class=\"post-box blog-item\">\r\n\t\t\t\t\t<div class=\"post-inner\">\r\n\t\t\t\t\t\t\t\t\t\t\t\t\r\n\t\t\t\t\t        <div class=\"entry-media\">\r\n\t\t\t\t\t        \t<div class=\"post-cat\"><span class=\"posted-in\"><a href=\"https:\/\/viqtor.eu\/pt\/category\/veille-juridique\/\" rel=\"category tag\">Monitoramento jur\u00eddico<\/a><\/span><\/div>\t\t\t\t\t            <a href=\"https:\/\/viqtor.eu\/pt\/pegasus\/\">\r\n\t\t\t\t\t                <img loading=\"lazy\" decoding=\"async\" width=\"601\" height=\"520\" src=\"https:\/\/viqtor.eu\/wp-content\/uploads\/2023\/04\/shutterstock_2151289487-601x520.jpg\" class=\"attachment-engitech-slider-post-thumbnail size-engitech-slider-post-thumbnail wp-post-image\" alt=\"\" \/>\t\t\t\t\t            <\/a>\r\n\t\t\t\t\t        <\/div>\r\n\t\t\t\t\t        \r\n\t\t\t\t\t    \r\n\t\t\t\t\t\t<div class=\"inner-post\">\r\n\t\t\t\t\t\t\t<div class=\"entry-header\">\r\n\r\n\t\t\t\t\t\t\t\t\r\n\t\t\t\t\t\t\t\t<h3 class=\"entry-title\"><a href=\"https:\/\/viqtor.eu\/pt\/pegasus\/\" rel=\"bookmark\">Pegasus \u2013 spyware que desafia a lei.<\/a><\/h3>\r\n\t\t\t\t\t\t\t<\/div><!-- .entry-header -->\r\n\t\t\t\t\t\t\t\r\n\t\t\t\t\t\t\t\t\t\t\t\t\t\t<div class=\"entry-summary the-excerpt\">\r\n\r\n\t\t\t\t\t            <p>Pegasus \u2013 Spyware desafia a lei. Legal Watch n\u00ba 37 \u2013 julho de 2021 Pegasus \u2013 Spyware desafia a lei. Em julho, o projeto Pegasus revelou o impacto sem precedentes na vigil\u00e2ncia do spyware israelense, que pode escutar e extrair dados de smartphones com iOS ou Android. [\u2026]\n\r\n\t\t\t\t\t        <\/div><!-- .entry-content -->\r\n\t\t\t\t\t\t\t\t\t\t\t\t\t\t<div class=\"btn-readmore\">\r\n\t\t\t\t\t\t\t\t<a href=\"https:\/\/viqtor.eu\/pt\/pegasus\/\"><i class=\"flaticon-right-arrow-1\"><\/i>Ler mais<\/a>\t\t\t\t\t\t\t<\/div>\r\n\t\t\t\t\t\t<\/div>\r\n\t\t\t\t\t<\/div>\r\n\t\t\t\t<\/article>\r\n\t\t\t\t<\/div>\r\n\t\t\t \r\n\t\t\t\t<div class=\"pgrid-box\">\r\n\t\t\t\t<article class=\"post-box blog-item\">\r\n\t\t\t\t\t<div class=\"post-inner\">\r\n\t\t\t\t\t\t\t\t\t\t\t\t\r\n\t\t\t\t\t        <div class=\"entry-media\">\r\n\t\t\t\t\t        \t<div class=\"post-cat\"><span class=\"posted-in\"><a href=\"https:\/\/viqtor.eu\/pt\/category\/veille-juridique\/\" rel=\"category tag\">Monitoramento jur\u00eddico<\/a><\/span><\/div>\t\t\t\t\t            <a href=\"https:\/\/viqtor.eu\/pt\/vers-une-europe-de-la-protection-des-donnees\/\">\r\n\t\t\t\t\t                <img loading=\"lazy\" decoding=\"async\" width=\"601\" height=\"520\" src=\"https:\/\/viqtor.eu\/wp-content\/uploads\/2023\/04\/shutterstock_348928994-601x520.jpg\" class=\"attachment-engitech-slider-post-thumbnail size-engitech-slider-post-thumbnail wp-post-image\" alt=\"\" \/>\t\t\t\t\t            <\/a>\r\n\t\t\t\t\t        <\/div>\r\n\t\t\t\t\t        \r\n\t\t\t\t\t    \r\n\t\t\t\t\t\t<div class=\"inner-post\">\r\n\t\t\t\t\t\t\t<div class=\"entry-header\">\r\n\r\n\t\t\t\t\t\t\t\t\r\n\t\t\t\t\t\t\t\t<h3 class=\"entry-title\"><a href=\"https:\/\/viqtor.eu\/pt\/vers-une-europe-de-la-protection-des-donnees\/\" rel=\"bookmark\">Rumo a uma Europa de prote\u00e7\u00e3o de dados: o caminho \u00e9 longo.<\/a><\/h3>\r\n\t\t\t\t\t\t\t<\/div><!-- .entry-header -->\r\n\t\t\t\t\t\t\t\r\n\t\t\t\t\t\t\t\t\t\t\t\t\t\t<div class=\"entry-summary the-excerpt\">\r\n\r\n\t\t\t\t\t            <p>Rumo a uma Europa da prote\u00e7\u00e3o de dados: o caminho \u00e9 longo. Legal Watch n\u00ba 36 \u2013 junho de 2021 Rumo a uma Europa da prote\u00e7\u00e3o de dados: o caminho \u00e9 longo. O Regulamento Geral sobre a Prote\u00e7\u00e3o de Dados (RGPD) gerou muitas esperan\u00e7as em termos de clareza e efici\u00eancia quando entrou em vigor [\u2026]\n\r\n\t\t\t\t\t        <\/div><!-- .entry-content -->\r\n\t\t\t\t\t\t\t\t\t\t\t\t\t\t<div class=\"btn-readmore\">\r\n\t\t\t\t\t\t\t\t<a href=\"https:\/\/viqtor.eu\/pt\/vers-une-europe-de-la-protection-des-donnees\/\"><i class=\"flaticon-right-arrow-1\"><\/i>Ler mais<\/a>\t\t\t\t\t\t\t<\/div>\r\n\t\t\t\t\t\t<\/div>\r\n\t\t\t\t\t<\/div>\r\n\t\t\t\t<\/article>\r\n\t\t\t\t<\/div>\r\n\t\t\t \r\n\t\t\t\t<div class=\"pgrid-box\">\r\n\t\t\t\t<article class=\"post-box blog-item\">\r\n\t\t\t\t\t<div class=\"post-inner\">\r\n\t\t\t\t\t\t\t\t\t\t\t\t\r\n\t\t\t\t\t        <div class=\"entry-media\">\r\n\t\t\t\t\t        \t<div class=\"post-cat\"><span class=\"posted-in\"><a href=\"https:\/\/viqtor.eu\/pt\/category\/veille-juridique\/\" rel=\"category tag\">Monitoramento jur\u00eddico<\/a><\/span><\/div>\t\t\t\t\t            <a href=\"https:\/\/viqtor.eu\/pt\/exercice-des-droits-dacces-portabilite\/\">\r\n\t\t\t\t\t                <img loading=\"lazy\" decoding=\"async\" width=\"601\" height=\"520\" src=\"https:\/\/viqtor.eu\/wp-content\/uploads\/2023\/04\/shutterstock_471720524-601x520.jpg\" class=\"attachment-engitech-slider-post-thumbnail size-engitech-slider-post-thumbnail wp-post-image\" alt=\"Un DPO ou un Correspondant \u00e0 la protection des donn\u00e9es\" \/>\t\t\t\t\t            <\/a>\r\n\t\t\t\t\t        <\/div>\r\n\t\t\t\t\t        \r\n\t\t\t\t\t    \r\n\t\t\t\t\t\t<div class=\"inner-post\">\r\n\t\t\t\t\t\t\t<div class=\"entry-header\">\r\n\r\n\t\t\t\t\t\t\t\t\r\n\t\t\t\t\t\t\t\t<h3 class=\"entry-title\"><a href=\"https:\/\/viqtor.eu\/pt\/exercice-des-droits-dacces-portabilite\/\" rel=\"bookmark\">Exerc\u00edcio de direitos de acesso, portabilidade: quais s\u00e3o os poderes de um representante?<\/a><\/h3>\r\n\t\t\t\t\t\t\t<\/div><!-- .entry-header -->\r\n\t\t\t\t\t\t\t\r\n\t\t\t\t\t\t\t\t\t\t\t\t\t\t<div class=\"entry-summary the-excerpt\">\r\n\r\n\t\t\t\t\t            <p>Exerc\u00edcio de direitos de acesso, portabilidade: quais s\u00e3o os poderes de um agente? Legal Watch n\u00ba 35 \u2013 maio de 2021 Exerc\u00edcio de direitos de acesso, portabilidade: quais s\u00e3o os poderes de um agente? Alguns controladores de dados expressaram legitimamente sua perplexidade ao receber uma solicita\u00e7\u00e3o de uma empresa encarregada de obter [\u2026]\n\r\n\t\t\t\t\t        <\/div><!-- .entry-content -->\r\n\t\t\t\t\t\t\t\t\t\t\t\t\t\t<div class=\"btn-readmore\">\r\n\t\t\t\t\t\t\t\t<a href=\"https:\/\/viqtor.eu\/pt\/exercice-des-droits-dacces-portabilite\/\"><i class=\"flaticon-right-arrow-1\"><\/i>Ler mais<\/a>\t\t\t\t\t\t\t<\/div>\r\n\t\t\t\t\t\t<\/div>\r\n\t\t\t\t\t<\/div>\r\n\t\t\t\t<\/article>\r\n\t\t\t\t<\/div>\r\n\t\t\t \r\n\t\t\t\t<div class=\"pgrid-box\">\r\n\t\t\t\t<article class=\"post-box blog-item\">\r\n\t\t\t\t\t<div class=\"post-inner\">\r\n\t\t\t\t\t\t\t\t\t\t\t\t\r\n\t\t\t\t\t        <div class=\"entry-media\">\r\n\t\t\t\t\t        \t<div class=\"post-cat\"><span class=\"posted-in\"><a href=\"https:\/\/viqtor.eu\/pt\/category\/veille-juridique\/\" rel=\"category tag\">Monitoramento jur\u00eddico<\/a><\/span><\/div>\t\t\t\t\t            <a href=\"https:\/\/viqtor.eu\/pt\/lintelligence-artificielle-au-gre-du-droit-et-des-enjeux-de-societe\/\">\r\n\t\t\t\t\t                <img loading=\"lazy\" decoding=\"async\" width=\"601\" height=\"520\" src=\"https:\/\/viqtor.eu\/wp-content\/uploads\/2023\/04\/shutterstock_2247923515-601x520.jpg\" class=\"attachment-engitech-slider-post-thumbnail size-engitech-slider-post-thumbnail wp-post-image\" alt=\"\" \/>\t\t\t\t\t            <\/a>\r\n\t\t\t\t\t        <\/div>\r\n\t\t\t\t\t        \r\n\t\t\t\t\t    \r\n\t\t\t\t\t\t<div class=\"inner-post\">\r\n\t\t\t\t\t\t\t<div class=\"entry-header\">\r\n\r\n\t\t\t\t\t\t\t\t\r\n\t\t\t\t\t\t\t\t<h3 class=\"entry-title\"><a href=\"https:\/\/viqtor.eu\/pt\/lintelligence-artificielle-au-gre-du-droit-et-des-enjeux-de-societe\/\" rel=\"bookmark\">Intelig\u00eancia artificial alinhada \u00e0 lei e \u00e0s quest\u00f5es sociais.<\/a><\/h3>\r\n\t\t\t\t\t\t\t<\/div><!-- .entry-header -->\r\n\t\t\t\t\t\t\t\r\n\t\t\t\t\t\t\t\t\t\t\t\t\t\t<div class=\"entry-summary the-excerpt\">\r\n\r\n\t\t\t\t\t            <p>Intelig\u00eancia artificial em conson\u00e2ncia com a lei e os desafios sociais. Legal Watch n\u00ba 34 \u2013 abril de 2021 Intelig\u00eancia artificial em conson\u00e2ncia com a lei e os desafios sociais. Intelig\u00eancia artificial e seguran\u00e7a est\u00e3o agora interligadas no discurso pol\u00edtico e jur\u00eddico. Mas at\u00e9 que ponto a adapta\u00e7\u00e3o do nosso arcabou\u00e7o regulat\u00f3rio a desafios como o terrorismo [\u2026]\n\r\n\t\t\t\t\t        <\/div><!-- .entry-content -->\r\n\t\t\t\t\t\t\t\t\t\t\t\t\t\t<div class=\"btn-readmore\">\r\n\t\t\t\t\t\t\t\t<a href=\"https:\/\/viqtor.eu\/pt\/lintelligence-artificielle-au-gre-du-droit-et-des-enjeux-de-societe\/\"><i class=\"flaticon-right-arrow-1\"><\/i>Ler mais<\/a>\t\t\t\t\t\t\t<\/div>\r\n\t\t\t\t\t\t<\/div>\r\n\t\t\t\t\t<\/div>\r\n\t\t\t\t<\/article>\r\n\t\t\t\t<\/div>\r\n\t\t\t \r\n\t\t\t\t<div class=\"pgrid-box\">\r\n\t\t\t\t<article class=\"post-box blog-item\">\r\n\t\t\t\t\t<div class=\"post-inner\">\r\n\t\t\t\t\t\t\t\t\t\t\t\t\r\n\t\t\t\t\t        <div class=\"entry-media\">\r\n\t\t\t\t\t        \t<div class=\"post-cat\"><span class=\"posted-in\"><a href=\"https:\/\/viqtor.eu\/pt\/category\/veille-juridique\/\" rel=\"category tag\">Monitoramento jur\u00eddico<\/a><\/span><\/div>\t\t\t\t\t            <a href=\"https:\/\/viqtor.eu\/pt\/cameras-intelligentes-et-vie-privee\/\">\r\n\t\t\t\t\t                <img loading=\"lazy\" decoding=\"async\" width=\"601\" height=\"520\" src=\"https:\/\/viqtor.eu\/wp-content\/uploads\/2023\/04\/shutterstock_1804911730-601x520.jpg\" class=\"attachment-engitech-slider-post-thumbnail size-engitech-slider-post-thumbnail wp-post-image\" alt=\"\" \/>\t\t\t\t\t            <\/a>\r\n\t\t\t\t\t        <\/div>\r\n\t\t\t\t\t        \r\n\t\t\t\t\t    \r\n\t\t\t\t\t\t<div class=\"inner-post\">\r\n\t\t\t\t\t\t\t<div class=\"entry-header\">\r\n\r\n\t\t\t\t\t\t\t\t\r\n\t\t\t\t\t\t\t\t<h3 class=\"entry-title\"><a href=\"https:\/\/viqtor.eu\/pt\/cameras-intelligentes-et-vie-privee\/\" rel=\"bookmark\">C\u00e2meras inteligentes e privacidade: o equil\u00edbrio certo?<\/a><\/h3>\r\n\t\t\t\t\t\t\t<\/div><!-- .entry-header -->\r\n\t\t\t\t\t\t\t\r\n\t\t\t\t\t\t\t\t\t\t\t\t\t\t<div class=\"entry-summary the-excerpt\">\r\n\r\n\t\t\t\t\t            <p>C\u00e2meras inteligentes e privacidade: encontrando o equil\u00edbrio certo? Legal Watch n\u00ba 33 \u2013 mar\u00e7o de 2021 C\u00e2meras inteligentes e privacidade: encontrando o equil\u00edbrio certo? Desde mar\u00e7o, c\u00e2meras foram instaladas no transporte p\u00fablico para monitorar se os usu\u00e1rios est\u00e3o usando m\u00e1scaras. Essas medidas s\u00e3o [\u2026]\n\r\n\t\t\t\t\t        <\/div><!-- .entry-content -->\r\n\t\t\t\t\t\t\t\t\t\t\t\t\t\t<div class=\"btn-readmore\">\r\n\t\t\t\t\t\t\t\t<a href=\"https:\/\/viqtor.eu\/pt\/cameras-intelligentes-et-vie-privee\/\"><i class=\"flaticon-right-arrow-1\"><\/i>Ler mais<\/a>\t\t\t\t\t\t\t<\/div>\r\n\t\t\t\t\t\t<\/div>\r\n\t\t\t\t\t<\/div>\r\n\t\t\t\t<\/article>\r\n\t\t\t\t<\/div>\r\n\t\t\t \r\n\t\t\t\t<div class=\"pgrid-box\">\r\n\t\t\t\t<article class=\"post-box blog-item\">\r\n\t\t\t\t\t<div class=\"post-inner\">\r\n\t\t\t\t\t\t\t\t\t\t\t\t\r\n\t\t\t\t\t        <div class=\"entry-media\">\r\n\t\t\t\t\t        \t<div class=\"post-cat\"><span class=\"posted-in\"><a href=\"https:\/\/viqtor.eu\/pt\/category\/veille-juridique\/\" rel=\"category tag\">Monitoramento jur\u00eddico<\/a><\/span><\/div>\t\t\t\t\t            <a href=\"https:\/\/viqtor.eu\/pt\/securite-fuite-de-donnees-et-rancongiciel\/\">\r\n\t\t\t\t\t                <img loading=\"lazy\" decoding=\"async\" width=\"601\" height=\"520\" src=\"https:\/\/viqtor.eu\/wp-content\/uploads\/2023\/04\/shutterstock_46487152-601x520.jpg\" class=\"attachment-engitech-slider-post-thumbnail size-engitech-slider-post-thumbnail wp-post-image\" alt=\"\" \/>\t\t\t\t\t            <\/a>\r\n\t\t\t\t\t        <\/div>\r\n\t\t\t\t\t        \r\n\t\t\t\t\t    \r\n\t\t\t\t\t\t<div class=\"inner-post\">\r\n\t\t\t\t\t\t\t<div class=\"entry-header\">\r\n\r\n\t\t\t\t\t\t\t\t\r\n\t\t\t\t\t\t\t\t<h3 class=\"entry-title\"><a href=\"https:\/\/viqtor.eu\/pt\/securite-fuite-de-donnees-et-rancongiciel\/\" rel=\"bookmark\">Seguran\u00e7a, vazamento de dados e ransomware: ataques que devem ser levados a s\u00e9rio.<\/a><\/h3>\r\n\t\t\t\t\t\t\t<\/div><!-- .entry-header -->\r\n\t\t\t\t\t\t\t\r\n\t\t\t\t\t\t\t\t\t\t\t\t\t\t<div class=\"entry-summary the-excerpt\">\r\n\r\n\t\t\t\t\t            <p>Seguran\u00e7a, vazamentos de dados e ransomware: ataques a serem levados a s\u00e9rio. Legal Watch n\u00ba 32 \u2013 fevereiro de 2021 Seguran\u00e7a, vazamentos de dados e ransomware: ataques a serem levados a s\u00e9rio. A imprensa noticiou no final de fevereiro um vazamento massivo de dados no setor m\u00e9dico. Informa\u00e7\u00f5es confidenciais referentes a mais de 500 [\u2026]\n\r\n\t\t\t\t\t        <\/div><!-- .entry-content -->\r\n\t\t\t\t\t\t\t\t\t\t\t\t\t\t<div class=\"btn-readmore\">\r\n\t\t\t\t\t\t\t\t<a href=\"https:\/\/viqtor.eu\/pt\/securite-fuite-de-donnees-et-rancongiciel\/\"><i class=\"flaticon-right-arrow-1\"><\/i>Ler mais<\/a>\t\t\t\t\t\t\t<\/div>\r\n\t\t\t\t\t\t<\/div>\r\n\t\t\t\t\t<\/div>\r\n\t\t\t\t<\/article>\r\n\t\t\t\t<\/div>\r\n\t\t\t \r\n\t\t\t\t<div class=\"pgrid-box\">\r\n\t\t\t\t<article class=\"post-box blog-item\">\r\n\t\t\t\t\t<div class=\"post-inner\">\r\n\t\t\t\t\t\t\t\t\t\t\t\t\r\n\t\t\t\t\t        <div class=\"entry-media\">\r\n\t\t\t\t\t        \t<div class=\"post-cat\"><span class=\"posted-in\"><a href=\"https:\/\/viqtor.eu\/pt\/category\/veille-juridique\/\" rel=\"category tag\">Monitoramento jur\u00eddico<\/a><\/span><\/div>\t\t\t\t\t            <a href=\"https:\/\/viqtor.eu\/pt\/lactualite-des-autorites-de-controle\/\">\r\n\t\t\t\t\t                <img loading=\"lazy\" decoding=\"async\" width=\"601\" height=\"520\" src=\"https:\/\/viqtor.eu\/wp-content\/uploads\/2023\/04\/shutterstock_507250789-601x520.jpg\" class=\"attachment-engitech-slider-post-thumbnail size-engitech-slider-post-thumbnail wp-post-image\" alt=\"\" \/>\t\t\t\t\t            <\/a>\r\n\t\t\t\t\t        <\/div>\r\n\t\t\t\t\t        \r\n\t\t\t\t\t    \r\n\t\t\t\t\t\t<div class=\"inner-post\">\r\n\t\t\t\t\t\t\t<div class=\"entry-header\">\r\n\r\n\t\t\t\t\t\t\t\t\r\n\t\t\t\t\t\t\t\t<h3 class=\"entry-title\"><a href=\"https:\/\/viqtor.eu\/pt\/lactualite-des-autorites-de-controle\/\" rel=\"bookmark\">Not\u00edcias das autoridades de supervis\u00e3o: celebra\u00e7\u00f5es e supervis\u00e3o<\/a><\/h3>\r\n\t\t\t\t\t\t\t<\/div><!-- .entry-header -->\r\n\t\t\t\t\t\t\t\r\n\t\t\t\t\t\t\t\t\t\t\t\t\t\t<div class=\"entry-summary the-excerpt\">\r\n\r\n\t\t\t\t\t            <p>Not\u00edcias Regulat\u00f3rias: Celebra\u00e7\u00f5es e Supervis\u00e3o Legal Watch n\u00ba 31 \u2013 Janeiro de 2021 Not\u00edcias Regulat\u00f3rias: Celebra\u00e7\u00f5es e Supervis\u00e3o. Os \u00faltimos dias foram uma oportunidade para celebrar (virtualmente) v\u00e1rios anivers\u00e1rios. Em 28 de janeiro, as partes interessadas em privacidade na Europa, \u00c1frica, Am\u00e9ricas e [\u2026]\n\r\n\t\t\t\t\t        <\/div><!-- .entry-content -->\r\n\t\t\t\t\t\t\t\t\t\t\t\t\t\t<div class=\"btn-readmore\">\r\n\t\t\t\t\t\t\t\t<a href=\"https:\/\/viqtor.eu\/pt\/lactualite-des-autorites-de-controle\/\"><i class=\"flaticon-right-arrow-1\"><\/i>Ler mais<\/a>\t\t\t\t\t\t\t<\/div>\r\n\t\t\t\t\t\t<\/div>\r\n\t\t\t\t\t<\/div>\r\n\t\t\t\t<\/article>\r\n\t\t\t\t<\/div>\r\n\t\t\t \r\n\t\t\t\t<div class=\"pgrid-box\">\r\n\t\t\t\t<article class=\"post-box blog-item\">\r\n\t\t\t\t\t<div class=\"post-inner\">\r\n\t\t\t\t\t\t\t\t\t\t\t\t\r\n\t\t\t\t\t        <div class=\"entry-media\">\r\n\t\t\t\t\t        \t<div class=\"post-cat\"><span class=\"posted-in\"><a href=\"https:\/\/viqtor.eu\/pt\/category\/veille-juridique\/\" rel=\"category tag\">Monitoramento jur\u00eddico<\/a><\/span><\/div>\t\t\t\t\t            <a href=\"https:\/\/viqtor.eu\/pt\/quelle-strategie-de-controle-pour-2020\/\">\r\n\t\t\t\t\t                <img loading=\"lazy\" decoding=\"async\" width=\"601\" height=\"520\" src=\"https:\/\/viqtor.eu\/wp-content\/uploads\/2023\/04\/shutterstock_1977732161-601x520.jpg\" class=\"attachment-engitech-slider-post-thumbnail size-engitech-slider-post-thumbnail wp-post-image\" alt=\"tout savoir sur le R\u00e8glement G\u00e9n\u00e9ral sur la Protection des Donn\u00e9es\" \/>\t\t\t\t\t            <\/a>\r\n\t\t\t\t\t        <\/div>\r\n\t\t\t\t\t        \r\n\t\t\t\t\t    \r\n\t\t\t\t\t\t<div class=\"inner-post\">\r\n\t\t\t\t\t\t\t<div class=\"entry-header\">\r\n\r\n\t\t\t\t\t\t\t\t\r\n\t\t\t\t\t\t\t\t<h3 class=\"entry-title\"><a href=\"https:\/\/viqtor.eu\/pt\/quelle-strategie-de-controle-pour-2020\/\" rel=\"bookmark\">Qual estrat\u00e9gia de controle para 2020?<\/a><\/h3>\r\n\t\t\t\t\t\t\t<\/div><!-- .entry-header -->\r\n\t\t\t\t\t\t\t\r\n\t\t\t\t\t\t\t\t\t\t\t\t\t\t<div class=\"entry-summary the-excerpt\">\r\n\r\n\t\t\t\t\t            <p>Qual estrat\u00e9gia de controle para 2020? Em 2020, al\u00e9m dos controles decorrentes de den\u00fancias, problemas revelados em not\u00edcias ou medidas corretivas, a CNIL concentrar\u00e1 sua a\u00e7\u00e3o de controle em 3 temas priorit\u00e1rios ligados \u00e0s preocupa\u00e7\u00f5es cotidianas dos franceses: Como todos os anos, al\u00e9m [\u2026]\n\r\n\t\t\t\t\t        <\/div><!-- .entry-content -->\r\n\t\t\t\t\t\t\t\t\t\t\t\t\t\t<div class=\"btn-readmore\">\r\n\t\t\t\t\t\t\t\t<a href=\"https:\/\/viqtor.eu\/pt\/quelle-strategie-de-controle-pour-2020\/\"><i class=\"flaticon-right-arrow-1\"><\/i>Ler mais<\/a>\t\t\t\t\t\t\t<\/div>\r\n\t\t\t\t\t\t<\/div>\r\n\t\t\t\t\t<\/div>\r\n\t\t\t\t<\/article>\r\n\t\t\t\t<\/div>\r\n\t\t\t \r\n\t\t\t\t<div class=\"pgrid-box\">\r\n\t\t\t\t<article class=\"post-box blog-item\">\r\n\t\t\t\t\t<div class=\"post-inner\">\r\n\t\t\t\t\t\t\t\t\t\t\t\t\r\n\t\t\t\t\t        <div class=\"entry-media\">\r\n\t\t\t\t\t        \t<div class=\"post-cat\"><span class=\"posted-in\"><a href=\"https:\/\/viqtor.eu\/pt\/category\/veille-juridique\/\" rel=\"category tag\">Monitoramento jur\u00eddico<\/a><\/span><\/div>\t\t\t\t\t            <a href=\"https:\/\/viqtor.eu\/pt\/nouvelle-annee-bilan-et-perspectives\/\">\r\n\t\t\t\t\t                <img loading=\"lazy\" decoding=\"async\" width=\"601\" height=\"520\" src=\"https:\/\/viqtor.eu\/wp-content\/uploads\/2023\/04\/shutterstock_1751409956-601x520.jpg\" class=\"attachment-engitech-slider-post-thumbnail size-engitech-slider-post-thumbnail wp-post-image\" alt=\"\" \/>\t\t\t\t\t            <\/a>\r\n\t\t\t\t\t        <\/div>\r\n\t\t\t\t\t        \r\n\t\t\t\t\t    \r\n\t\t\t\t\t\t<div class=\"inner-post\">\r\n\t\t\t\t\t\t\t<div class=\"entry-header\">\r\n\r\n\t\t\t\t\t\t\t\t\r\n\t\t\t\t\t\t\t\t<h3 class=\"entry-title\"><a href=\"https:\/\/viqtor.eu\/pt\/nouvelle-annee-bilan-et-perspectives\/\" rel=\"bookmark\">Ano novo, revis\u00e3o e perspectivas.<\/a><\/h3>\r\n\t\t\t\t\t\t\t<\/div><!-- .entry-header -->\r\n\t\t\t\t\t\t\t\r\n\t\t\t\t\t\t\t\t\t\t\t\t\t\t<div class=\"entry-summary the-excerpt\">\r\n\r\n\t\t\t\t\t            <p>Ano novo, balan\u00e7o e perspectivas. Ano novo, balan\u00e7o e perspectivas. Depois de um ano que alguns chamam de annus horribilis, 2021 est\u00e1 sendo recebido por muitos como uma esperan\u00e7a de mudan\u00e7a. \u00c9 verdade que os \u00faltimos meses testaram a resili\u00eancia de nossas sociedades de maneiras sem precedentes. O impacto da pandemia em nossa sa\u00fade, mas [\u2026]\n\r\n\t\t\t\t\t        <\/div><!-- .entry-content -->\r\n\t\t\t\t\t\t\t\t\t\t\t\t\t\t<div class=\"btn-readmore\">\r\n\t\t\t\t\t\t\t\t<a href=\"https:\/\/viqtor.eu\/pt\/nouvelle-annee-bilan-et-perspectives\/\"><i class=\"flaticon-right-arrow-1\"><\/i>Ler mais<\/a>\t\t\t\t\t\t\t<\/div>\r\n\t\t\t\t\t\t<\/div>\r\n\t\t\t\t\t<\/div>\r\n\t\t\t\t<\/article>\r\n\t\t\t\t<\/div>\r\n\t\t\t \r\n\t\t\t\t<div class=\"pgrid-box\">\r\n\t\t\t\t<article class=\"post-box blog-item\">\r\n\t\t\t\t\t<div class=\"post-inner\">\r\n\t\t\t\t\t\t\t\t\t\t\t\t\r\n\t\t\t\t\t        <div class=\"entry-media\">\r\n\t\t\t\t\t        \t<div class=\"post-cat\"><span class=\"posted-in\"><a href=\"https:\/\/viqtor.eu\/pt\/category\/veille-juridique\/\" rel=\"category tag\">Monitoramento jur\u00eddico<\/a><\/span><\/div>\t\t\t\t\t            <a href=\"https:\/\/viqtor.eu\/pt\/rgpd-la-jurisprudence-se-precise\/\">\r\n\t\t\t\t\t                <img loading=\"lazy\" decoding=\"async\" width=\"601\" height=\"520\" src=\"https:\/\/viqtor.eu\/wp-content\/uploads\/2023\/04\/shutterstock_750883999-601x520.jpg\" class=\"attachment-engitech-slider-post-thumbnail size-engitech-slider-post-thumbnail wp-post-image\" alt=\"\" \/>\t\t\t\t\t            <\/a>\r\n\t\t\t\t\t        <\/div>\r\n\t\t\t\t\t        \r\n\t\t\t\t\t    \r\n\t\t\t\t\t\t<div class=\"inner-post\">\r\n\t\t\t\t\t\t\t<div class=\"entry-header\">\r\n\r\n\t\t\t\t\t\t\t\t\r\n\t\t\t\t\t\t\t\t<h3 class=\"entry-title\"><a href=\"https:\/\/viqtor.eu\/pt\/rgpd-la-jurisprudence-se-precise\/\" rel=\"bookmark\">GDPR: a jurisprud\u00eancia est\u00e1 ficando mais clara!<\/a><\/h3>\r\n\t\t\t\t\t\t\t<\/div><!-- .entry-header -->\r\n\t\t\t\t\t\t\t\r\n\t\t\t\t\t\t\t\t\t\t\t\t\t\t<div class=\"entry-summary the-excerpt\">\r\n\r\n\t\t\t\t\t            <p>GDPR: A jurisprud\u00eancia est\u00e1 se tornando mais clara! GDPR: A jurisprud\u00eancia est\u00e1 se tornando mais clara! A CNIL j\u00e1 havia se destacado ao impor uma multa recorde de 50 milh\u00f5es de euros ao Google em janeiro passado por n\u00e3o informar seus clientes ao usar o Android, multa confirmada em junho pelo Conselho de Estado. [\u2026]\n\r\n\t\t\t\t\t        <\/div><!-- .entry-content -->\r\n\t\t\t\t\t\t\t\t\t\t\t\t\t\t<div class=\"btn-readmore\">\r\n\t\t\t\t\t\t\t\t<a href=\"https:\/\/viqtor.eu\/pt\/rgpd-la-jurisprudence-se-precise\/\"><i class=\"flaticon-right-arrow-1\"><\/i>Ler mais<\/a>\t\t\t\t\t\t\t<\/div>\r\n\t\t\t\t\t\t<\/div>\r\n\t\t\t\t\t<\/div>\r\n\t\t\t\t<\/article>\r\n\t\t\t\t<\/div>\r\n\t\t\t \r\n\t\t\t\t<div class=\"pgrid-box\">\r\n\t\t\t\t<article class=\"post-box blog-item\">\r\n\t\t\t\t\t<div class=\"post-inner\">\r\n\t\t\t\t\t\t\t\t\t\t\t\t\r\n\t\t\t\t\t        <div class=\"entry-media\">\r\n\t\t\t\t\t        \t<div class=\"post-cat\"><span class=\"posted-in\"><a href=\"https:\/\/viqtor.eu\/pt\/category\/veille-juridique\/\" rel=\"category tag\">Monitoramento jur\u00eddico<\/a><\/span><\/div>\t\t\t\t\t            <a href=\"https:\/\/viqtor.eu\/pt\/le-respect-du-rgpd-en-temps-de-crise\/\">\r\n\t\t\t\t\t                <img loading=\"lazy\" decoding=\"async\" width=\"601\" height=\"520\" src=\"https:\/\/viqtor.eu\/wp-content\/uploads\/2023\/04\/shutterstock_1899466642-601x520.jpg\" class=\"attachment-engitech-slider-post-thumbnail size-engitech-slider-post-thumbnail wp-post-image\" alt=\"\" \/>\t\t\t\t\t            <\/a>\r\n\t\t\t\t\t        <\/div>\r\n\t\t\t\t\t        \r\n\t\t\t\t\t    \r\n\t\t\t\t\t\t<div class=\"inner-post\">\r\n\t\t\t\t\t\t\t<div class=\"entry-header\">\r\n\r\n\t\t\t\t\t\t\t\t\r\n\t\t\t\t\t\t\t\t<h3 class=\"entry-title\"><a href=\"https:\/\/viqtor.eu\/pt\/le-respect-du-rgpd-en-temps-de-crise\/\" rel=\"bookmark\">Conformidade com o GDPR em tempos de crise.<\/a><\/h3>\r\n\t\t\t\t\t\t\t<\/div><!-- .entry-header -->\r\n\t\t\t\t\t\t\t\r\n\t\t\t\t\t\t\t\t\t\t\t\t\t\t<div class=\"entry-summary the-excerpt\">\r\n\r\n\t\t\t\t\t            <p>Conformidade com o GDPR em Tempos de Crise. Conformidade com o GDPR em Tempos de Crise. Quais s\u00e3o as prioridades das autoridades de supervis\u00e3o e quais controles as empresas podem esperar no atual contexto sanit\u00e1rio e econ\u00f4mico? Embora a CNIL esteja claramente concentrando suas atividades no processamento de dados [\u2026]\n\r\n\t\t\t\t\t        <\/div><!-- .entry-content -->\r\n\t\t\t\t\t\t\t\t\t\t\t\t\t\t<div class=\"btn-readmore\">\r\n\t\t\t\t\t\t\t\t<a href=\"https:\/\/viqtor.eu\/pt\/le-respect-du-rgpd-en-temps-de-crise\/\"><i class=\"flaticon-right-arrow-1\"><\/i>Ler mais<\/a>\t\t\t\t\t\t\t<\/div>\r\n\t\t\t\t\t\t<\/div>\r\n\t\t\t\t\t<\/div>\r\n\t\t\t\t<\/article>\r\n\t\t\t\t<\/div>\r\n\t\t\t \r\n\t\t\t\t<div class=\"pgrid-box\">\r\n\t\t\t\t<article class=\"post-box blog-item\">\r\n\t\t\t\t\t<div class=\"post-inner\">\r\n\t\t\t\t\t\t\t\t\t\t\t\t\r\n\t\t\t\t\t        <div class=\"entry-media\">\r\n\t\t\t\t\t        \t<div class=\"post-cat\"><span class=\"posted-in\"><a href=\"https:\/\/viqtor.eu\/pt\/category\/veille-juridique\/\" rel=\"category tag\">Monitoramento jur\u00eddico<\/a><\/span><\/div>\t\t\t\t\t            <a href=\"https:\/\/viqtor.eu\/pt\/donnees-de-sante-des-employes-quelle-gestion-en-temps-de-covid-19\/\">\r\n\t\t\t\t\t                <img loading=\"lazy\" decoding=\"async\" width=\"601\" height=\"520\" src=\"https:\/\/viqtor.eu\/wp-content\/uploads\/2023\/04\/shutterstock_1671956773-601x520.jpg\" class=\"attachment-engitech-slider-post-thumbnail size-engitech-slider-post-thumbnail wp-post-image\" alt=\"\" \/>\t\t\t\t\t            <\/a>\r\n\t\t\t\t\t        <\/div>\r\n\t\t\t\t\t        \r\n\t\t\t\t\t    \r\n\t\t\t\t\t\t<div class=\"inner-post\">\r\n\t\t\t\t\t\t\t<div class=\"entry-header\">\r\n\r\n\t\t\t\t\t\t\t\t\r\n\t\t\t\t\t\t\t\t<h3 class=\"entry-title\"><a href=\"https:\/\/viqtor.eu\/pt\/donnees-de-sante-des-employes-quelle-gestion-en-temps-de-covid-19\/\" rel=\"bookmark\">Dados de sa\u00fade dos funcion\u00e1rios: como gerenci\u00e1-los durante a COVID-19?<\/a><\/h3>\r\n\t\t\t\t\t\t\t<\/div><!-- .entry-header -->\r\n\t\t\t\t\t\t\t\r\n\t\t\t\t\t\t\t\t\t\t\t\t\t\t<div class=\"entry-summary the-excerpt\">\r\n\r\n\t\t\t\t\t            <p>Dados de sa\u00fade dos funcion\u00e1rios: como gerenci\u00e1-los em tempos de COVID-19? Dados de sa\u00fade dos funcion\u00e1rios: como gerenci\u00e1-los em tempos de COVID-19? Entre os desafios que nossas sociedades enfrentam durante a crise sanit\u00e1ria, o enfrentado pelos empregadores n\u00e3o \u00e9 o menor. Al\u00e9m das condi\u00e7\u00f5es de trabalho [\u2026]\n\r\n\t\t\t\t\t        <\/div><!-- .entry-content -->\r\n\t\t\t\t\t\t\t\t\t\t\t\t\t\t<div class=\"btn-readmore\">\r\n\t\t\t\t\t\t\t\t<a href=\"https:\/\/viqtor.eu\/pt\/donnees-de-sante-des-employes-quelle-gestion-en-temps-de-covid-19\/\"><i class=\"flaticon-right-arrow-1\"><\/i>Ler mais<\/a>\t\t\t\t\t\t\t<\/div>\r\n\t\t\t\t\t\t<\/div>\r\n\t\t\t\t\t<\/div>\r\n\t\t\t\t<\/article>\r\n\t\t\t\t<\/div>\r\n\t\t\t \r\n\t\t\t\t<div class=\"pgrid-box\">\r\n\t\t\t\t<article class=\"post-box blog-item\">\r\n\t\t\t\t\t<div class=\"post-inner\">\r\n\t\t\t\t\t\t\t\t\t\t\t\t\r\n\t\t\t\t\t        <div class=\"entry-media\">\r\n\t\t\t\t\t        \t<div class=\"post-cat\"><span class=\"posted-in\"><a href=\"https:\/\/viqtor.eu\/pt\/category\/veille-juridique\/\" rel=\"category tag\">Monitoramento jur\u00eddico<\/a><\/span><\/div>\t\t\t\t\t            <a href=\"https:\/\/viqtor.eu\/pt\/schrems-ii-un-final-attendu-et-redoute\/\">\r\n\t\t\t\t\t                <img loading=\"lazy\" decoding=\"async\" width=\"500\" height=\"334\" src=\"https:\/\/viqtor.eu\/wp-content\/uploads\/2023\/04\/shutterstock_1784045918.jpg\" class=\"attachment-engitech-slider-post-thumbnail size-engitech-slider-post-thumbnail wp-post-image\" alt=\"\" srcset=\"https:\/\/viqtor.eu\/wp-content\/uploads\/2023\/04\/shutterstock_1784045918.jpg 500w, https:\/\/viqtor.eu\/wp-content\/uploads\/2023\/04\/shutterstock_1784045918-300x200.jpg 300w\" sizes=\"(max-width: 500px) 100vw, 500px\" \/>\t\t\t\t\t            <\/a>\r\n\t\t\t\t\t        <\/div>\r\n\t\t\t\t\t        \r\n\t\t\t\t\t    \r\n\t\t\t\t\t\t<div class=\"inner-post\">\r\n\t\t\t\t\t\t\t<div class=\"entry-header\">\r\n\r\n\t\t\t\t\t\t\t\t\r\n\t\t\t\t\t\t\t\t<h3 class=\"entry-title\"><a href=\"https:\/\/viqtor.eu\/pt\/schrems-ii-un-final-attendu-et-redoute\/\" rel=\"bookmark\">SCHREMS II, um final esperado e temido<\/a><\/h3>\r\n\t\t\t\t\t\t\t<\/div><!-- .entry-header -->\r\n\t\t\t\t\t\t\t\r\n\t\t\t\t\t\t\t\t\t\t\t\t\t\t<div class=\"entry-summary the-excerpt\">\r\n\r\n\t\t\t\t\t            <p>SCHREMS II, um final esperado e temido. SCHREMS II, um final esperado e temido. Em 16 de julho de 2020, o Tribunal de Justi\u00e7a da Uni\u00e3o Europeia invalidou o Escudo de Prote\u00e7\u00e3o da Privacidade, um acordo fundamental que constitui a base legal para as transfer\u00eancias de dados pessoais entre a Europa e os Estados Unidos. Mais de 5.300 empresas americanas [\u2026]\n\r\n\t\t\t\t\t        <\/div><!-- .entry-content -->\r\n\t\t\t\t\t\t\t\t\t\t\t\t\t\t<div class=\"btn-readmore\">\r\n\t\t\t\t\t\t\t\t<a href=\"https:\/\/viqtor.eu\/pt\/schrems-ii-un-final-attendu-et-redoute\/\"><i class=\"flaticon-right-arrow-1\"><\/i>Ler mais<\/a>\t\t\t\t\t\t\t<\/div>\r\n\t\t\t\t\t\t<\/div>\r\n\t\t\t\t\t<\/div>\r\n\t\t\t\t<\/article>\r\n\t\t\t\t<\/div>\r\n\t\t\t \r\n\t\t\t\t<div class=\"pgrid-box\">\r\n\t\t\t\t<article class=\"post-box blog-item\">\r\n\t\t\t\t\t<div class=\"post-inner\">\r\n\t\t\t\t\t\t\t\t\t\t\t\t\r\n\t\t\t\t\t        <div class=\"entry-media\">\r\n\t\t\t\t\t        \t<div class=\"post-cat\"><span class=\"posted-in\"><a href=\"https:\/\/viqtor.eu\/pt\/category\/veille-juridique\/\" rel=\"category tag\">Monitoramento jur\u00eddico<\/a><\/span><\/div>\t\t\t\t\t            <a href=\"https:\/\/viqtor.eu\/pt\/un-anniversaire-sous-tension\/\">\r\n\t\t\t\t\t                <img loading=\"lazy\" decoding=\"async\" width=\"601\" height=\"520\" src=\"https:\/\/viqtor.eu\/wp-content\/uploads\/2023\/04\/shutterstock_318879689-601x520.jpg\" class=\"attachment-engitech-slider-post-thumbnail size-engitech-slider-post-thumbnail wp-post-image\" alt=\"\" \/>\t\t\t\t\t            <\/a>\r\n\t\t\t\t\t        <\/div>\r\n\t\t\t\t\t        \r\n\t\t\t\t\t    \r\n\t\t\t\t\t\t<div class=\"inner-post\">\r\n\t\t\t\t\t\t\t<div class=\"entry-header\">\r\n\r\n\t\t\t\t\t\t\t\t\r\n\t\t\t\t\t\t\t\t<h3 class=\"entry-title\"><a href=\"https:\/\/viqtor.eu\/pt\/un-anniversaire-sous-tension\/\" rel=\"bookmark\">Um anivers\u00e1rio tenso<\/a><\/h3>\r\n\t\t\t\t\t\t\t<\/div><!-- .entry-header -->\r\n\t\t\t\t\t\t\t\r\n\t\t\t\t\t\t\t\t\t\t\t\t\t\t<div class=\"entry-summary the-excerpt\">\r\n\r\n\t\t\t\t\t            <p>Um anivers\u00e1rio tenso Legal Watch n\u00ba 24 \u2013 maio de 2020 Um anivers\u00e1rio tenso. O GDPR celebra seu segundo anivers\u00e1rio em um contexto particularmente turbulento para os direitos fundamentais. Qu\u00e3o resiliente ser\u00e1 o sistema europeu de prote\u00e7\u00e3o de dados diante dos atuais desafios sanit\u00e1rios? J\u00e1 colocado \u00e0 prova no contexto da [\u2026]\n\r\n\t\t\t\t\t        <\/div><!-- .entry-content -->\r\n\t\t\t\t\t\t\t\t\t\t\t\t\t\t<div class=\"btn-readmore\">\r\n\t\t\t\t\t\t\t\t<a href=\"https:\/\/viqtor.eu\/pt\/un-anniversaire-sous-tension\/\"><i class=\"flaticon-right-arrow-1\"><\/i>Ler mais<\/a>\t\t\t\t\t\t\t<\/div>\r\n\t\t\t\t\t\t<\/div>\r\n\t\t\t\t\t<\/div>\r\n\t\t\t\t<\/article>\r\n\t\t\t\t<\/div>\r\n\t\t\t \r\n\t\t\t\t<div class=\"pgrid-box\">\r\n\t\t\t\t<article class=\"post-box blog-item\">\r\n\t\t\t\t\t<div class=\"post-inner\">\r\n\t\t\t\t\t\t\t\t\t\t\t\t\r\n\t\t\t\t\t        <div class=\"entry-media\">\r\n\t\t\t\t\t        \t<div class=\"post-cat\"><span class=\"posted-in\"><a href=\"https:\/\/viqtor.eu\/pt\/category\/veille-juridique\/\" rel=\"category tag\">Monitoramento jur\u00eddico<\/a><\/span><\/div>\t\t\t\t\t            <a href=\"https:\/\/viqtor.eu\/pt\/stopcovid-itineraire-dune-application-controversee\/\">\r\n\t\t\t\t\t                <img loading=\"lazy\" decoding=\"async\" width=\"601\" height=\"520\" src=\"https:\/\/viqtor.eu\/wp-content\/uploads\/2023\/04\/shutterstock_1891274599-601x520.jpg\" class=\"attachment-engitech-slider-post-thumbnail size-engitech-slider-post-thumbnail wp-post-image\" alt=\"\" \/>\t\t\t\t\t            <\/a>\r\n\t\t\t\t\t        <\/div>\r\n\t\t\t\t\t        \r\n\t\t\t\t\t    \r\n\t\t\t\t\t\t<div class=\"inner-post\">\r\n\t\t\t\t\t\t\t<div class=\"entry-header\">\r\n\r\n\t\t\t\t\t\t\t\t\r\n\t\t\t\t\t\t\t\t<h3 class=\"entry-title\"><a href=\"https:\/\/viqtor.eu\/pt\/stopcovid-itineraire-dune-application-controversee\/\" rel=\"bookmark\">STOPCOVID: A jornada de uma aplica\u00e7\u00e3o controversa<\/a><\/h3>\r\n\t\t\t\t\t\t\t<\/div><!-- .entry-header -->\r\n\t\t\t\t\t\t\t\r\n\t\t\t\t\t\t\t\t\t\t\t\t\t\t<div class=\"entry-summary the-excerpt\">\r\n\r\n\t\t\t\t\t            <p>STOPCOVID: A Jornada de uma Aplica\u00e7\u00e3o Controversa STOPCOVID: A Jornada de uma Aplica\u00e7\u00e3o Controversa. N\u00e3o passa um dia sem que a quest\u00e3o do &quot;desconfinamento&quot; da popula\u00e7\u00e3o seja abordada, na Fran\u00e7a e em outros lugares, em conex\u00e3o com o rastreamento do v\u00edrus e dos indiv\u00edduos que o transmitem. Acontecimentos recentes mencionam a cria\u00e7\u00e3o de um arquivo [\u2026]\n\r\n\t\t\t\t\t        <\/div><!-- .entry-content -->\r\n\t\t\t\t\t\t\t\t\t\t\t\t\t\t<div class=\"btn-readmore\">\r\n\t\t\t\t\t\t\t\t<a href=\"https:\/\/viqtor.eu\/pt\/stopcovid-itineraire-dune-application-controversee\/\"><i class=\"flaticon-right-arrow-1\"><\/i>Ler mais<\/a>\t\t\t\t\t\t\t<\/div>\r\n\t\t\t\t\t\t<\/div>\r\n\t\t\t\t\t<\/div>\r\n\t\t\t\t<\/article>\r\n\t\t\t\t<\/div>\r\n\t\t\t \r\n\t\t\t\t<div class=\"pgrid-box\">\r\n\t\t\t\t<article class=\"post-box blog-item\">\r\n\t\t\t\t\t<div class=\"post-inner\">\r\n\t\t\t\t\t\t\t\t\t\t\t\t\r\n\t\t\t\t\t        <div class=\"entry-media\">\r\n\t\t\t\t\t        \t<div class=\"post-cat\"><span class=\"posted-in\"><a href=\"https:\/\/viqtor.eu\/pt\/category\/veille-juridique\/\" rel=\"category tag\">Monitoramento jur\u00eddico<\/a><\/span><\/div>\t\t\t\t\t            <a href=\"https:\/\/viqtor.eu\/pt\/la-protection-des-donnees-en-pleine-effervescence\/\">\r\n\t\t\t\t\t                <img loading=\"lazy\" decoding=\"async\" width=\"601\" height=\"520\" src=\"https:\/\/viqtor.eu\/wp-content\/uploads\/2023\/04\/shutterstock_1490310101-601x520.jpg\" class=\"attachment-engitech-slider-post-thumbnail size-engitech-slider-post-thumbnail wp-post-image\" alt=\"\" \/>\t\t\t\t\t            <\/a>\r\n\t\t\t\t\t        <\/div>\r\n\t\t\t\t\t        \r\n\t\t\t\t\t    \r\n\t\t\t\t\t\t<div class=\"inner-post\">\r\n\t\t\t\t\t\t\t<div class=\"entry-header\">\r\n\r\n\t\t\t\t\t\t\t\t\r\n\t\t\t\t\t\t\t\t<h3 class=\"entry-title\"><a href=\"https:\/\/viqtor.eu\/pt\/la-protection-des-donnees-en-pleine-effervescence\/\" rel=\"bookmark\">Prote\u00e7\u00e3o de dados a todo vapor<\/a><\/h3>\r\n\t\t\t\t\t\t\t<\/div><!-- .entry-header -->\r\n\t\t\t\t\t\t\t\r\n\t\t\t\t\t\t\t\t\t\t\t\t\t\t<div class=\"entry-summary the-excerpt\">\r\n\r\n\t\t\t\t\t            <p>Prote\u00e7\u00e3o de dados a todo vapor Legal Watch n\u00ba 20 \u2013 10 de fevereiro de 2020 \u00c9 o que lembramos das primeiras semanas deste novo ano, com in\u00fameros debates por ocasi\u00e3o de eventos significativos: fevereiro n\u00e3o ficar\u00e1 de fora, com a confer\u00eancia \u201cprote\u00e7\u00e3o intensiva de dados\u201d em Paris, organizada pela associa\u00e7\u00e3o internacional [\u2026]\n\r\n\t\t\t\t\t        <\/div><!-- .entry-content -->\r\n\t\t\t\t\t\t\t\t\t\t\t\t\t\t<div class=\"btn-readmore\">\r\n\t\t\t\t\t\t\t\t<a href=\"https:\/\/viqtor.eu\/pt\/la-protection-des-donnees-en-pleine-effervescence\/\"><i class=\"flaticon-right-arrow-1\"><\/i>Ler mais<\/a>\t\t\t\t\t\t\t<\/div>\r\n\t\t\t\t\t\t<\/div>\r\n\t\t\t\t\t<\/div>\r\n\t\t\t\t<\/article>\r\n\t\t\t\t<\/div>\r\n\t\t\t\t    <\/div>\r\n\t\t\t\t<\/div>\n\t\t\t\t<\/div>\n\t\t\t\t\t<\/div>\n\t\t<\/div>\n\t\t\t\t\t<\/div>\n\t\t<\/section>\n\t\t\t\t<\/div>","protected":false},"excerpt":{"rendered":"<p>Veille juridique Veille juridique 2020 et au-del\u00e0 2020 et au-del\u00e0 Veille Juridique &#8211; d\u00e9cembre 2019. C\u2019est une nouvelle ann\u00e9e mais aussi une nouvelle d\u00e9cennie qui s\u2019annonce, avec ses d\u00e9fis, ses contraintes et ses promesses. Pour mieux aborder ces enjeux, accordons-nous un bref retour sur l\u2019ann\u00e9e 2019 Plus d\u2019un an apr\u00e8s l\u2019entr\u00e9e en vigueur du RGPD, [&hellip;]<\/p>","protected":false},"author":1,"featured_media":0,"parent":0,"menu_order":0,"comment_status":"closed","ping_status":"closed","template":"","meta":{"_acf_changed":false,"footnotes":""},"class_list":["post-5357","page","type-page","status-publish","hentry"],"acf":[],"yoast_head":"<!-- This site is optimized with the Yoast SEO plugin v23.6 - https:\/\/yoast.com\/wordpress\/plugins\/seo\/ -->\n<title>Veille juridique - Viqtor<\/title>\n<meta name=\"description\" content=\"Veille juridique\" \/>\n<meta name=\"robots\" content=\"index, follow, max-snippet:-1, max-image-preview:large, max-video-preview:-1\" \/>\n<link rel=\"canonical\" href=\"https:\/\/viqtor.eu\/pt\/veille-juridique\/\" \/>\n<meta property=\"og:locale\" content=\"pt_PT\" \/>\n<meta property=\"og:type\" content=\"article\" \/>\n<meta property=\"og:title\" content=\"Veille juridique - Viqtor\" \/>\n<meta property=\"og:description\" content=\"Veille juridique\" \/>\n<meta property=\"og:url\" content=\"https:\/\/viqtor.eu\/pt\/veille-juridique\/\" \/>\n<meta property=\"og:site_name\" content=\"Viqtor\" \/>\n<meta property=\"article:modified_time\" content=\"2024-09-18T14:50:41+00:00\" \/>\n<meta property=\"og:image\" content=\"https:\/\/viqtor.eu\/wp-content\/uploads\/2026\/04\/widget-viqtor.png\" \/>\n<meta name=\"twitter:card\" content=\"summary_large_image\" \/>\n<meta name=\"twitter:label1\" content=\"Tempo estimado de leitura\" \/>\n\t<meta name=\"twitter:data1\" content=\"32 minutos\" \/>\n<script type=\"application\/ld+json\" class=\"yoast-schema-graph\">{\"@context\":\"https:\/\/schema.org\",\"@graph\":[{\"@type\":\"WebPage\",\"@id\":\"https:\/\/viqtor.eu\/veille-juridique\/\",\"url\":\"https:\/\/viqtor.eu\/veille-juridique\/\",\"name\":\"Veille juridique - Viqtor\",\"isPartOf\":{\"@id\":\"https:\/\/viqtor.eu\/#website\"},\"primaryImageOfPage\":{\"@id\":\"https:\/\/viqtor.eu\/veille-juridique\/#primaryimage\"},\"image\":{\"@id\":\"https:\/\/viqtor.eu\/veille-juridique\/#primaryimage\"},\"thumbnailUrl\":\"https:\/\/viqtor.eu\/wp-content\/uploads\/2023\/04\/shutterstock_1034809678-601x305.jpg\",\"datePublished\":\"2023-04-18T13:21:47+00:00\",\"dateModified\":\"2024-09-18T14:50:41+00:00\",\"description\":\"Veille juridique\",\"breadcrumb\":{\"@id\":\"https:\/\/viqtor.eu\/veille-juridique\/#breadcrumb\"},\"inLanguage\":\"pt-PT\",\"potentialAction\":[{\"@type\":\"ReadAction\",\"target\":[\"https:\/\/viqtor.eu\/veille-juridique\/\"]}]},{\"@type\":\"ImageObject\",\"inLanguage\":\"pt-PT\",\"@id\":\"https:\/\/viqtor.eu\/veille-juridique\/#primaryimage\",\"url\":\"https:\/\/viqtor.eu\/wp-content\/uploads\/2023\/04\/shutterstock_1034809678-601x305.jpg\",\"contentUrl\":\"https:\/\/viqtor.eu\/wp-content\/uploads\/2023\/04\/shutterstock_1034809678-601x305.jpg\"},{\"@type\":\"BreadcrumbList\",\"@id\":\"https:\/\/viqtor.eu\/veille-juridique\/#breadcrumb\",\"itemListElement\":[{\"@type\":\"ListItem\",\"position\":1,\"name\":\"Accueil\",\"item\":\"https:\/\/viqtor.eu\/\"},{\"@type\":\"ListItem\",\"position\":2,\"name\":\"Veille juridique\"}]},{\"@type\":\"WebSite\",\"@id\":\"https:\/\/viqtor.eu\/#website\",\"url\":\"https:\/\/viqtor.eu\/\",\"name\":\"Viqtor\",\"description\":\"Faites du RGPD une opportunit\u00e9 pour votre entreprise.\",\"publisher\":{\"@id\":\"https:\/\/viqtor.eu\/#organization\"},\"potentialAction\":[{\"@type\":\"SearchAction\",\"target\":{\"@type\":\"EntryPoint\",\"urlTemplate\":\"https:\/\/viqtor.eu\/?s={search_term_string}\"},\"query-input\":{\"@type\":\"PropertyValueSpecification\",\"valueRequired\":true,\"valueName\":\"search_term_string\"}}],\"inLanguage\":\"pt-PT\"},{\"@type\":\"Organization\",\"@id\":\"https:\/\/viqtor.eu\/#organization\",\"name\":\"viqtor.eu\",\"url\":\"https:\/\/viqtor.eu\/\",\"logo\":{\"@type\":\"ImageObject\",\"inLanguage\":\"pt-PT\",\"@id\":\"https:\/\/viqtor.eu\/#\/schema\/logo\/image\/\",\"url\":\"https:\/\/viqtor.eu\/wp-content\/uploads\/2023\/06\/favicon-noir.svg\",\"contentUrl\":\"https:\/\/viqtor.eu\/wp-content\/uploads\/2023\/06\/favicon-noir.svg\",\"width\":108,\"height\":86,\"caption\":\"viqtor.eu\"},\"image\":{\"@id\":\"https:\/\/viqtor.eu\/#\/schema\/logo\/image\/\"}}]}<\/script>\n<!-- \/ Yoast SEO plugin. -->","yoast_head_json":{"title":"Veille juridique - Viqtor","description":"Veille juridique","robots":{"index":"index","follow":"follow","max-snippet":"max-snippet:-1","max-image-preview":"max-image-preview:large","max-video-preview":"max-video-preview:-1"},"canonical":"https:\/\/viqtor.eu\/pt\/veille-juridique\/","og_locale":"pt_PT","og_type":"article","og_title":"Veille juridique - Viqtor","og_description":"Veille juridique","og_url":"https:\/\/viqtor.eu\/pt\/veille-juridique\/","og_site_name":"Viqtor","article_modified_time":"2024-09-18T14:50:41+00:00","og_image":[{"url":"https:\/\/viqtor.eu\/wp-content\/uploads\/2026\/04\/widget-viqtor.png"}],"twitter_card":"summary_large_image","twitter_misc":{"Tempo estimado de leitura":"32 minutos"},"schema":{"@context":"https:\/\/schema.org","@graph":[{"@type":"WebPage","@id":"https:\/\/viqtor.eu\/veille-juridique\/","url":"https:\/\/viqtor.eu\/veille-juridique\/","name":"Veille juridique - Viqtor","isPartOf":{"@id":"https:\/\/viqtor.eu\/#website"},"primaryImageOfPage":{"@id":"https:\/\/viqtor.eu\/veille-juridique\/#primaryimage"},"image":{"@id":"https:\/\/viqtor.eu\/veille-juridique\/#primaryimage"},"thumbnailUrl":"https:\/\/viqtor.eu\/wp-content\/uploads\/2023\/04\/shutterstock_1034809678-601x305.jpg","datePublished":"2023-04-18T13:21:47+00:00","dateModified":"2024-09-18T14:50:41+00:00","description":"Veille juridique","breadcrumb":{"@id":"https:\/\/viqtor.eu\/veille-juridique\/#breadcrumb"},"inLanguage":"pt-PT","potentialAction":[{"@type":"ReadAction","target":["https:\/\/viqtor.eu\/veille-juridique\/"]}]},{"@type":"ImageObject","inLanguage":"pt-PT","@id":"https:\/\/viqtor.eu\/veille-juridique\/#primaryimage","url":"https:\/\/viqtor.eu\/wp-content\/uploads\/2023\/04\/shutterstock_1034809678-601x305.jpg","contentUrl":"https:\/\/viqtor.eu\/wp-content\/uploads\/2023\/04\/shutterstock_1034809678-601x305.jpg"},{"@type":"BreadcrumbList","@id":"https:\/\/viqtor.eu\/veille-juridique\/#breadcrumb","itemListElement":[{"@type":"ListItem","position":1,"name":"Accueil","item":"https:\/\/viqtor.eu\/"},{"@type":"ListItem","position":2,"name":"Veille juridique"}]},{"@type":"WebSite","@id":"https:\/\/viqtor.eu\/#website","url":"https:\/\/viqtor.eu\/","name":"Viqtor","description":"Faites du RGPD une opportunit\u00e9 pour votre entreprise.","publisher":{"@id":"https:\/\/viqtor.eu\/#organization"},"potentialAction":[{"@type":"SearchAction","target":{"@type":"EntryPoint","urlTemplate":"https:\/\/viqtor.eu\/?s={search_term_string}"},"query-input":{"@type":"PropertyValueSpecification","valueRequired":true,"valueName":"search_term_string"}}],"inLanguage":"pt-PT"},{"@type":"Organization","@id":"https:\/\/viqtor.eu\/#organization","name":"viqtor.eu","url":"https:\/\/viqtor.eu\/","logo":{"@type":"ImageObject","inLanguage":"pt-PT","@id":"https:\/\/viqtor.eu\/#\/schema\/logo\/image\/","url":"https:\/\/viqtor.eu\/wp-content\/uploads\/2023\/06\/favicon-noir.svg","contentUrl":"https:\/\/viqtor.eu\/wp-content\/uploads\/2023\/06\/favicon-noir.svg","width":108,"height":86,"caption":"viqtor.eu"},"image":{"@id":"https:\/\/viqtor.eu\/#\/schema\/logo\/image\/"}}]}},"_links":{"self":[{"href":"https:\/\/viqtor.eu\/pt\/wp-json\/wp\/v2\/pages\/5357","targetHints":{"allow":["GET"]}}],"collection":[{"href":"https:\/\/viqtor.eu\/pt\/wp-json\/wp\/v2\/pages"}],"about":[{"href":"https:\/\/viqtor.eu\/pt\/wp-json\/wp\/v2\/types\/page"}],"author":[{"embeddable":true,"href":"https:\/\/viqtor.eu\/pt\/wp-json\/wp\/v2\/users\/1"}],"replies":[{"embeddable":true,"href":"https:\/\/viqtor.eu\/pt\/wp-json\/wp\/v2\/comments?post=5357"}],"version-history":[{"count":25,"href":"https:\/\/viqtor.eu\/pt\/wp-json\/wp\/v2\/pages\/5357\/revisions"}],"predecessor-version":[{"id":12414,"href":"https:\/\/viqtor.eu\/pt\/wp-json\/wp\/v2\/pages\/5357\/revisions\/12414"}],"wp:attachment":[{"href":"https:\/\/viqtor.eu\/pt\/wp-json\/wp\/v2\/media?parent=5357"}],"curies":[{"name":"wp","href":"https:\/\/api.w.org\/{rel}","templated":true}]}}