{"id":5357,"date":"2023-04-18T13:21:47","date_gmt":"2023-04-18T13:21:47","guid":{"rendered":"https:\/\/exciting-panini.13-37-234-21.plesk.page\/?page_id=5357"},"modified":"2024-09-18T14:50:41","modified_gmt":"2024-09-18T14:50:41","slug":"veille-juridique","status":"publish","type":"page","link":"https:\/\/viqtor.eu\/nl\/veille-juridique\/","title":{"rendered":"Juridisch toezicht"},"content":{"rendered":"<div data-elementor-type=\"wp-page\" data-elementor-id=\"5357\" class=\"elementor elementor-5357\" data-elementor-post-type=\"page\">\n\t\t\t\t\t\t<section class=\"elementor-section elementor-top-section elementor-element elementor-element-f22ffff ot-traditional elementor-section-boxed elementor-section-height-default elementor-section-height-default\" data-id=\"f22ffff\" data-element_type=\"section\">\n\t\t\t\t\t\t<div class=\"elementor-container elementor-column-gap-default\">\n\t\t\t\t\t<div class=\"elementor-column elementor-col-100 elementor-top-column elementor-element elementor-element-ded1285 ot-flex-column-vertical\" data-id=\"ded1285\" data-element_type=\"column\">\n\t\t\t<div class=\"elementor-widget-wrap elementor-element-populated\">\n\t\t\t\t\t\t<div class=\"elementor-element elementor-element-901e2be elementor-widget elementor-widget-heading\" data-id=\"901e2be\" data-element_type=\"widget\" data-widget_type=\"heading.default\">\n\t\t\t\t<div class=\"elementor-widget-container\">\n\t\t\t<h1 class=\"elementor-heading-title elementor-size-default\">Juridisch toezicht<\/h1>\t\t<\/div>\n\t\t\t\t<\/div>\n\t\t\t\t\t<\/div>\n\t\t<\/div>\n\t\t\t\t\t<\/div>\n\t\t<\/section>\n\t\t\t\t<section class=\"elementor-section elementor-top-section elementor-element elementor-element-bd3d560 ot-traditional elementor-section-boxed elementor-section-height-default elementor-section-height-default\" data-id=\"bd3d560\" data-element_type=\"section\">\n\t\t\t\t\t\t<div class=\"elementor-container elementor-column-gap-default\">\n\t\t\t\t\t<div class=\"elementor-column elementor-col-100 elementor-top-column elementor-element elementor-element-958f45a ot-flex-column-vertical\" data-id=\"958f45a\" data-element_type=\"column\">\n\t\t\t<div class=\"elementor-widget-wrap elementor-element-populated\">\n\t\t\t\t\t\t<div class=\"elementor-element elementor-element-44c3235 elementor-widget elementor-widget-ipost_grid\" data-id=\"44c3235\" data-element_type=\"widget\" data-widget_type=\"ipost_grid.default\">\n\t\t\t\t<div class=\"elementor-widget-container\">\n\t\t\t\r\n\t\t<div class=\"post-grid pgrid row\">\r\n\t\t\t \r\n\t\t\t\t<div class=\"pgrid-box\">\r\n\t\t\t\t<article class=\"post-box blog-item\">\r\n\t\t\t\t\t<div class=\"post-inner\">\r\n\t\t\t\t\t\t\t\t\t\t\t\t\r\n\t\t\t\t\t        <div class=\"entry-media\">\r\n\t\t\t\t\t        \t<div class=\"post-cat\"><span class=\"posted-in\"><a href=\"https:\/\/viqtor.eu\/nl\/category\/veille-juridique\/\" rel=\"category tag\">Juridisch toezicht<\/a><\/span><\/div>\t\t\t\t\t            <a href=\"https:\/\/viqtor.eu\/nl\/cameras-augmentees-la-cnil-pose-de-nouvelles-balises\/\">\r\n\t\t\t\t\t                <img fetchpriority=\"high\" decoding=\"async\" width=\"601\" height=\"520\" src=\"https:\/\/viqtor.eu\/wp-content\/uploads\/2026\/03\/shutterstock_2704704709_1773309827037-3-601x520.jpg\" class=\"attachment-engitech-slider-post-thumbnail size-engitech-slider-post-thumbnail wp-post-image\" alt=\"\" \/>\t\t\t\t\t            <\/a>\r\n\t\t\t\t\t        <\/div>\r\n\t\t\t\t\t        \r\n\t\t\t\t\t    \r\n\t\t\t\t\t\t<div class=\"inner-post\">\r\n\t\t\t\t\t\t\t<div class=\"entry-header\">\r\n\r\n\t\t\t\t\t\t\t\t\r\n\t\t\t\t\t\t\t\t<h3 class=\"entry-title\"><a href=\"https:\/\/viqtor.eu\/nl\/cameras-augmentees-la-cnil-pose-de-nouvelles-balises\/\" rel=\"bookmark\">Augmented reality-camera&#039;s: de CNIL stelt nieuwe richtlijnen vast.<\/a><\/h3>\r\n\t\t\t\t\t\t\t<\/div><!-- .entry-header -->\r\n\t\t\t\t\t\t\t\r\n\t\t\t\t\t\t\t\t\t\t\t\t\t\t<div class=\"entry-summary the-excerpt\">\r\n\r\n\t\t\t\t\t            <p>Legal Watch nr. 84 \u2013 juni 2025. Augmented reality-camera&#039;s: de CNIL stelt nieuwe richtlijnen vast. Op 11 juli oordeelde de CNIL (Franse Autoriteit voor Gegevensbescherming) dat het gebruik van &quot;augmented reality&quot;-camera&#039;s om de leeftijd van klanten in tabakswinkels te schatten, met als doel de verkoop van producten die verboden zijn voor minderjarigen te controleren, noch noodzakelijk noch proportioneel is. Deze [\u2026]\n\r\n\t\t\t\t\t        <\/div><!-- .entry-content -->\r\n\t\t\t\t\t\t\t\t\t\t\t\t\t\t<div class=\"btn-readmore\">\r\n\t\t\t\t\t\t\t\t<a href=\"https:\/\/viqtor.eu\/nl\/cameras-augmentees-la-cnil-pose-de-nouvelles-balises\/\"><i class=\"flaticon-right-arrow-1\"><\/i>Lees verder<\/a>\t\t\t\t\t\t\t<\/div>\r\n\t\t\t\t\t\t<\/div>\r\n\t\t\t\t\t<\/div>\r\n\t\t\t\t<\/article>\r\n\t\t\t\t<\/div>\r\n\t\t\t \r\n\t\t\t\t<div class=\"pgrid-box\">\r\n\t\t\t\t<article class=\"post-box blog-item\">\r\n\t\t\t\t\t<div class=\"post-inner\">\r\n\t\t\t\t\t\t\t\t\t\t\t\t\r\n\t\t\t\t\t        <div class=\"entry-media\">\r\n\t\t\t\t\t        \t<div class=\"post-cat\"><span class=\"posted-in\"><a href=\"https:\/\/viqtor.eu\/nl\/category\/veille-juridique\/\" rel=\"category tag\">Juridisch toezicht<\/a><\/span><\/div>\t\t\t\t\t            <a href=\"https:\/\/viqtor.eu\/nl\/la-souverainete-europeenne-en-matiere-de-donnees-un-voeu-pieux\/\">\r\n\t\t\t\t\t                <img decoding=\"async\" width=\"601\" height=\"520\" src=\"https:\/\/viqtor.eu\/wp-content\/uploads\/2026\/03\/shutterstock_2630309855_1773309574611-1-601x520.jpg\" class=\"attachment-engitech-slider-post-thumbnail size-engitech-slider-post-thumbnail wp-post-image\" alt=\"\" \/>\t\t\t\t\t            <\/a>\r\n\t\t\t\t\t        <\/div>\r\n\t\t\t\t\t        \r\n\t\t\t\t\t    \r\n\t\t\t\t\t\t<div class=\"inner-post\">\r\n\t\t\t\t\t\t\t<div class=\"entry-header\">\r\n\r\n\t\t\t\t\t\t\t\t\r\n\t\t\t\t\t\t\t\t<h3 class=\"entry-title\"><a href=\"https:\/\/viqtor.eu\/nl\/la-souverainete-europeenne-en-matiere-de-donnees-un-voeu-pieux\/\" rel=\"bookmark\">Europese datasoevereiniteit: een illusie?<\/a><\/h3>\r\n\t\t\t\t\t\t\t<\/div><!-- .entry-header -->\r\n\t\t\t\t\t\t\t\r\n\t\t\t\t\t\t\t\t\t\t\t\t\t\t<div class=\"entry-summary the-excerpt\">\r\n\r\n\t\t\t\t\t            <p>Legal Watch nr. 83 \u2013 mei 2025. Europese datasoevereiniteit: wensdenken? De blokkering door Microsoft van het e-mailaccount van de hoofdaanklager van het Internationaal Strafhof (ICC), Karim Khan, roept de cruciale vraag op over de digitale soevereiniteit van Frankrijk en Europa in het algemeen in het licht van [\u2026]\n\r\n\t\t\t\t\t        <\/div><!-- .entry-content -->\r\n\t\t\t\t\t\t\t\t\t\t\t\t\t\t<div class=\"btn-readmore\">\r\n\t\t\t\t\t\t\t\t<a href=\"https:\/\/viqtor.eu\/nl\/la-souverainete-europeenne-en-matiere-de-donnees-un-voeu-pieux\/\"><i class=\"flaticon-right-arrow-1\"><\/i>Lees verder<\/a>\t\t\t\t\t\t\t<\/div>\r\n\t\t\t\t\t\t<\/div>\r\n\t\t\t\t\t<\/div>\r\n\t\t\t\t<\/article>\r\n\t\t\t\t<\/div>\r\n\t\t\t \r\n\t\t\t\t<div class=\"pgrid-box\">\r\n\t\t\t\t<article class=\"post-box blog-item\">\r\n\t\t\t\t\t<div class=\"post-inner\">\r\n\t\t\t\t\t\t\t\t\t\t\t\t\r\n\t\t\t\t\t        <div class=\"entry-media\">\r\n\t\t\t\t\t        \t<div class=\"post-cat\"><span class=\"posted-in\"><a href=\"https:\/\/viqtor.eu\/nl\/category\/veille-juridique\/\" rel=\"category tag\">Juridisch toezicht<\/a><\/span><\/div>\t\t\t\t\t            <a href=\"https:\/\/viqtor.eu\/nl\/protection-des-donnees-et-simplification-des-normes-a-quoi-faut-il-sattendre\/\">\r\n\t\t\t\t\t                <img decoding=\"async\" width=\"601\" height=\"520\" src=\"https:\/\/viqtor.eu\/wp-content\/uploads\/2026\/03\/shutterstock_2694495575_1773309350287-1-601x520.jpg\" class=\"attachment-engitech-slider-post-thumbnail size-engitech-slider-post-thumbnail wp-post-image\" alt=\"\" \/>\t\t\t\t\t            <\/a>\r\n\t\t\t\t\t        <\/div>\r\n\t\t\t\t\t        \r\n\t\t\t\t\t    \r\n\t\t\t\t\t\t<div class=\"inner-post\">\r\n\t\t\t\t\t\t\t<div class=\"entry-header\">\r\n\r\n\t\t\t\t\t\t\t\t\r\n\t\t\t\t\t\t\t\t<h3 class=\"entry-title\"><a href=\"https:\/\/viqtor.eu\/nl\/protection-des-donnees-et-simplification-des-normes-a-quoi-faut-il-sattendre\/\" rel=\"bookmark\">Gegevensbescherming en vereenvoudiging van standaarden: wat kunnen we verwachten?<\/a><\/h3>\r\n\t\t\t\t\t\t\t<\/div><!-- .entry-header -->\r\n\t\t\t\t\t\t\t\r\n\t\t\t\t\t\t\t\t\t\t\t\t\t\t<div class=\"entry-summary the-excerpt\">\r\n\r\n\t\t\t\t\t            <p>Legal Watch nr. 82 \u2013 april 2025. Gegevensbescherming en vereenvoudiging van standaarden: wat kunnen we verwachten? De kwestie van de vereenvoudiging van standaarden, een terugkerend discussiepunt in Europa, heeft sinds de wisseling van de macht in het Witte Huis een bijzondere betekenis gekregen. Tijdens de AI-top in Parijs [\u2026]\n\r\n\t\t\t\t\t        <\/div><!-- .entry-content -->\r\n\t\t\t\t\t\t\t\t\t\t\t\t\t\t<div class=\"btn-readmore\">\r\n\t\t\t\t\t\t\t\t<a href=\"https:\/\/viqtor.eu\/nl\/protection-des-donnees-et-simplification-des-normes-a-quoi-faut-il-sattendre\/\"><i class=\"flaticon-right-arrow-1\"><\/i>Lees verder<\/a>\t\t\t\t\t\t\t<\/div>\r\n\t\t\t\t\t\t<\/div>\r\n\t\t\t\t\t<\/div>\r\n\t\t\t\t<\/article>\r\n\t\t\t\t<\/div>\r\n\t\t\t \r\n\t\t\t\t<div class=\"pgrid-box\">\r\n\t\t\t\t<article class=\"post-box blog-item\">\r\n\t\t\t\t\t<div class=\"post-inner\">\r\n\t\t\t\t\t\t\t\t\t\t\t\t\r\n\t\t\t\t\t        <div class=\"entry-media\">\r\n\t\t\t\t\t        \t<div class=\"post-cat\"><span class=\"posted-in\"><a href=\"https:\/\/viqtor.eu\/nl\/category\/veille-juridique\/\" rel=\"category tag\">Juridisch toezicht<\/a><\/span><\/div>\t\t\t\t\t            <a href=\"https:\/\/viqtor.eu\/nl\/violations-de-donnees-quelle-application-de-la-loi-pour-quelles-sanctions\/\">\r\n\t\t\t\t\t                <img loading=\"lazy\" decoding=\"async\" width=\"601\" height=\"520\" src=\"https:\/\/viqtor.eu\/wp-content\/uploads\/2026\/03\/shutterstock_2733065965_1773309100558-1-601x520.jpg\" class=\"attachment-engitech-slider-post-thumbnail size-engitech-slider-post-thumbnail wp-post-image\" alt=\"\" \/>\t\t\t\t\t            <\/a>\r\n\t\t\t\t\t        <\/div>\r\n\t\t\t\t\t        \r\n\t\t\t\t\t    \r\n\t\t\t\t\t\t<div class=\"inner-post\">\r\n\t\t\t\t\t\t\t<div class=\"entry-header\">\r\n\r\n\t\t\t\t\t\t\t\t\r\n\t\t\t\t\t\t\t\t<h3 class=\"entry-title\"><a href=\"https:\/\/viqtor.eu\/nl\/violations-de-donnees-quelle-application-de-la-loi-pour-quelles-sanctions\/\" rel=\"bookmark\">Datalekken: welke wetshandhaving en welke sancties?<\/a><\/h3>\r\n\t\t\t\t\t\t\t<\/div><!-- .entry-header -->\r\n\t\t\t\t\t\t\t\r\n\t\t\t\t\t\t\t\t\t\t\t\t\t\t<div class=\"entry-summary the-excerpt\">\r\n\r\n\t\t\t\t\t            <p>Legal Watch nr. 81 \u2013 maart 2025. Datalekken: hoe wordt de wet toegepast en wat zijn de sancties? Wie heeft er niet onlangs een e-mail ontvangen van zijn of haar telecomprovider, of van de ngo waaraan hij of zij maandelijks doneert, met de mededeling dat zijn of haar contactgegevens, inloggegevens en soms zelfs bankgegevens zijn gecompromitteerd?\n\r\n\t\t\t\t\t        <\/div><!-- .entry-content -->\r\n\t\t\t\t\t\t\t\t\t\t\t\t\t\t<div class=\"btn-readmore\">\r\n\t\t\t\t\t\t\t\t<a href=\"https:\/\/viqtor.eu\/nl\/violations-de-donnees-quelle-application-de-la-loi-pour-quelles-sanctions\/\"><i class=\"flaticon-right-arrow-1\"><\/i>Lees verder<\/a>\t\t\t\t\t\t\t<\/div>\r\n\t\t\t\t\t\t<\/div>\r\n\t\t\t\t\t<\/div>\r\n\t\t\t\t<\/article>\r\n\t\t\t\t<\/div>\r\n\t\t\t \r\n\t\t\t\t<div class=\"pgrid-box\">\r\n\t\t\t\t<article class=\"post-box blog-item\">\r\n\t\t\t\t\t<div class=\"post-inner\">\r\n\t\t\t\t\t\t\t\t\t\t\t\t\r\n\t\t\t\t\t        <div class=\"entry-media\">\r\n\t\t\t\t\t        \t<div class=\"post-cat\"><span class=\"posted-in\"><a href=\"https:\/\/viqtor.eu\/nl\/category\/veille-juridique\/\" rel=\"category tag\">Juridisch toezicht<\/a><\/span><\/div>\t\t\t\t\t            <a href=\"https:\/\/viqtor.eu\/nl\/transferts-de-donnees-vers-les-etats-unis-un-cadre-juridique-fragilise\/\">\r\n\t\t\t\t\t                <img loading=\"lazy\" decoding=\"async\" width=\"601\" height=\"520\" src=\"https:\/\/viqtor.eu\/wp-content\/uploads\/2026\/03\/shutterstock_1889109403_1773308862820-601x520.jpg\" class=\"attachment-engitech-slider-post-thumbnail size-engitech-slider-post-thumbnail wp-post-image\" alt=\"\" \/>\t\t\t\t\t            <\/a>\r\n\t\t\t\t\t        <\/div>\r\n\t\t\t\t\t        \r\n\t\t\t\t\t    \r\n\t\t\t\t\t\t<div class=\"inner-post\">\r\n\t\t\t\t\t\t\t<div class=\"entry-header\">\r\n\r\n\t\t\t\t\t\t\t\t\r\n\t\t\t\t\t\t\t\t<h3 class=\"entry-title\"><a href=\"https:\/\/viqtor.eu\/nl\/transferts-de-donnees-vers-les-etats-unis-un-cadre-juridique-fragilise\/\" rel=\"bookmark\">Gegevensoverdracht naar de Verenigde Staten: een verzwakt juridisch kader.<\/a><\/h3>\r\n\t\t\t\t\t\t\t<\/div><!-- .entry-header -->\r\n\t\t\t\t\t\t\t\r\n\t\t\t\t\t\t\t\t\t\t\t\t\t\t<div class=\"entry-summary the-excerpt\">\r\n\r\n\t\t\t\t\t            <p>Legal Watch nr. 80 \u2013 februari 2025. Gegevensoverdracht naar de Verenigde Staten: een verzwakt juridisch kader. Op 5 februari hebben 19 leden van het Europees Parlement, uit alle politieke partijen, de Europese Commissie verzocht te onderzoeken of het Data Protection Framework (DPF), dat de gegevensoverdracht naar de Verenigde Staten regelt, voldoende is om het juridische kader voor gegevensverwerking te waarborgen.\n\r\n\t\t\t\t\t        <\/div><!-- .entry-content -->\r\n\t\t\t\t\t\t\t\t\t\t\t\t\t\t<div class=\"btn-readmore\">\r\n\t\t\t\t\t\t\t\t<a href=\"https:\/\/viqtor.eu\/nl\/transferts-de-donnees-vers-les-etats-unis-un-cadre-juridique-fragilise\/\"><i class=\"flaticon-right-arrow-1\"><\/i>Lees verder<\/a>\t\t\t\t\t\t\t<\/div>\r\n\t\t\t\t\t\t<\/div>\r\n\t\t\t\t\t<\/div>\r\n\t\t\t\t<\/article>\r\n\t\t\t\t<\/div>\r\n\t\t\t \r\n\t\t\t\t<div class=\"pgrid-box\">\r\n\t\t\t\t<article class=\"post-box blog-item\">\r\n\t\t\t\t\t<div class=\"post-inner\">\r\n\t\t\t\t\t\t\t\t\t\t\t\t\r\n\t\t\t\t\t        <div class=\"entry-media\">\r\n\t\t\t\t\t        \t<div class=\"post-cat\"><span class=\"posted-in\"><a href=\"https:\/\/viqtor.eu\/nl\/category\/veille-juridique\/\" rel=\"category tag\">Juridisch toezicht<\/a><\/span><\/div>\t\t\t\t\t            <a href=\"https:\/\/viqtor.eu\/nl\/hebergement-de-donnees-professionnelles-attention-aux-plateformes-grand-public\/\">\r\n\t\t\t\t\t                <img loading=\"lazy\" decoding=\"async\" width=\"601\" height=\"520\" src=\"https:\/\/viqtor.eu\/wp-content\/uploads\/2026\/03\/shutterstock_2683499137_1773308438337-601x520.jpg\" class=\"attachment-engitech-slider-post-thumbnail size-engitech-slider-post-thumbnail wp-post-image\" alt=\"\" \/>\t\t\t\t\t            <\/a>\r\n\t\t\t\t\t        <\/div>\r\n\t\t\t\t\t        \r\n\t\t\t\t\t    \r\n\t\t\t\t\t\t<div class=\"inner-post\">\r\n\t\t\t\t\t\t\t<div class=\"entry-header\">\r\n\r\n\t\t\t\t\t\t\t\t\r\n\t\t\t\t\t\t\t\t<h3 class=\"entry-title\"><a href=\"https:\/\/viqtor.eu\/nl\/hebergement-de-donnees-professionnelles-attention-aux-plateformes-grand-public\/\" rel=\"bookmark\">Professionele datahosting: pas op voor consumentenplatformen.<\/a><\/h3>\r\n\t\t\t\t\t\t\t<\/div><!-- .entry-header -->\r\n\t\t\t\t\t\t\t\r\n\t\t\t\t\t\t\t\t\t\t\t\t\t\t<div class=\"entry-summary the-excerpt\">\r\n\r\n\t\t\t\t\t            <p>Juridisch Nieuws nr. 79 \u2013 januari 2025. Hosting van professionele data: pas op voor consumentenplatforms. De verplichtingen van datahostingproviders met betrekking tot de bestrijding van kinderpornografie hebben verstrekkende gevolgen voor de vertrouwelijkheid van de documenten die we aan hen toevertrouwen. Dit ondervond een Parijse advocaat onlangs tot zijn grote spijt, [\u2026]\n\r\n\t\t\t\t\t        <\/div><!-- .entry-content -->\r\n\t\t\t\t\t\t\t\t\t\t\t\t\t\t<div class=\"btn-readmore\">\r\n\t\t\t\t\t\t\t\t<a href=\"https:\/\/viqtor.eu\/nl\/hebergement-de-donnees-professionnelles-attention-aux-plateformes-grand-public\/\"><i class=\"flaticon-right-arrow-1\"><\/i>Lees verder<\/a>\t\t\t\t\t\t\t<\/div>\r\n\t\t\t\t\t\t<\/div>\r\n\t\t\t\t\t<\/div>\r\n\t\t\t\t<\/article>\r\n\t\t\t\t<\/div>\r\n\t\t\t \r\n\t\t\t\t<div class=\"pgrid-box\">\r\n\t\t\t\t<article class=\"post-box blog-item\">\r\n\t\t\t\t\t<div class=\"post-inner\">\r\n\t\t\t\t\t\t\t\t\t\t\t\t\r\n\t\t\t\t\t        <div class=\"entry-media\">\r\n\t\t\t\t\t        \t<div class=\"post-cat\"><span class=\"posted-in\"><a href=\"https:\/\/viqtor.eu\/nl\/category\/veille-juridique\/\" rel=\"category tag\">Juridisch toezicht<\/a><\/span><\/div>\t\t\t\t\t            <a href=\"https:\/\/viqtor.eu\/nl\/quelles-perspectives-pour-la-protection-des-donnees-en-2025\/\">\r\n\t\t\t\t\t                <img loading=\"lazy\" decoding=\"async\" width=\"601\" height=\"520\" src=\"https:\/\/viqtor.eu\/wp-content\/uploads\/2026\/03\/shutterstock_2717134265_1773308160007-601x520.jpg\" class=\"attachment-engitech-slider-post-thumbnail size-engitech-slider-post-thumbnail wp-post-image\" alt=\"\" \/>\t\t\t\t\t            <\/a>\r\n\t\t\t\t\t        <\/div>\r\n\t\t\t\t\t        \r\n\t\t\t\t\t    \r\n\t\t\t\t\t\t<div class=\"inner-post\">\r\n\t\t\t\t\t\t\t<div class=\"entry-header\">\r\n\r\n\t\t\t\t\t\t\t\t\r\n\t\t\t\t\t\t\t\t<h3 class=\"entry-title\"><a href=\"https:\/\/viqtor.eu\/nl\/quelles-perspectives-pour-la-protection-des-donnees-en-2025\/\" rel=\"bookmark\">Wat zijn de vooruitzichten voor gegevensbescherming in 2025?<\/a><\/h3>\r\n\t\t\t\t\t\t\t<\/div><!-- .entry-header -->\r\n\t\t\t\t\t\t\t\r\n\t\t\t\t\t\t\t\t\t\t\t\t\t\t<div class=\"entry-summary the-excerpt\">\r\n\r\n\t\t\t\t\t            <p>Legal Watch nr. 78 \u2013 december 2024. Wat zijn de vooruitzichten voor gegevensbescherming in 2025? Het nieuwe jaar gaat verder met de geleidelijke implementatie van het &quot;digitale pakket&quot; van de Europese Unie, evenals nieuwe wetgeving gericht op het versterken van de bescherming van persoonsgegevens in het licht van de uitdagingen die worden gesteld door [\u2026]\n\r\n\t\t\t\t\t        <\/div><!-- .entry-content -->\r\n\t\t\t\t\t\t\t\t\t\t\t\t\t\t<div class=\"btn-readmore\">\r\n\t\t\t\t\t\t\t\t<a href=\"https:\/\/viqtor.eu\/nl\/quelles-perspectives-pour-la-protection-des-donnees-en-2025\/\"><i class=\"flaticon-right-arrow-1\"><\/i>Lees verder<\/a>\t\t\t\t\t\t\t<\/div>\r\n\t\t\t\t\t\t<\/div>\r\n\t\t\t\t\t<\/div>\r\n\t\t\t\t<\/article>\r\n\t\t\t\t<\/div>\r\n\t\t\t \r\n\t\t\t\t<div class=\"pgrid-box\">\r\n\t\t\t\t<article class=\"post-box blog-item\">\r\n\t\t\t\t\t<div class=\"post-inner\">\r\n\t\t\t\t\t\t\t\t\t\t\t\t\r\n\t\t\t\t\t        <div class=\"entry-media\">\r\n\t\t\t\t\t        \t<div class=\"post-cat\"><span class=\"posted-in\"><a href=\"https:\/\/viqtor.eu\/nl\/category\/veille-juridique\/\" rel=\"category tag\">Juridisch toezicht<\/a><\/span><\/div>\t\t\t\t\t            <a href=\"https:\/\/viqtor.eu\/nl\/lintelligence-artificielle-comme-outil-de-travail-quel-encadrement\/\">\r\n\t\t\t\t\t                <img loading=\"lazy\" decoding=\"async\" width=\"601\" height=\"520\" src=\"https:\/\/viqtor.eu\/wp-content\/uploads\/2026\/03\/shutterstock_2719237259_1773240155032-601x520.jpg\" class=\"attachment-engitech-slider-post-thumbnail size-engitech-slider-post-thumbnail wp-post-image\" alt=\"\" \/>\t\t\t\t\t            <\/a>\r\n\t\t\t\t\t        <\/div>\r\n\t\t\t\t\t        \r\n\t\t\t\t\t    \r\n\t\t\t\t\t\t<div class=\"inner-post\">\r\n\t\t\t\t\t\t\t<div class=\"entry-header\">\r\n\r\n\t\t\t\t\t\t\t\t\r\n\t\t\t\t\t\t\t\t<h3 class=\"entry-title\"><a href=\"https:\/\/viqtor.eu\/nl\/lintelligence-artificielle-comme-outil-de-travail-quel-encadrement\/\" rel=\"bookmark\">Kunstmatige intelligentie als werkinstrument: welk raamwerk is nodig?<\/a><\/h3>\r\n\t\t\t\t\t\t\t<\/div><!-- .entry-header -->\r\n\t\t\t\t\t\t\t\r\n\t\t\t\t\t\t\t\t\t\t\t\t\t\t<div class=\"entry-summary the-excerpt\">\r\n\r\n\t\t\t\t\t            <p>Legal Watch nr. 77 \u2013 november 2024. Kunstmatige intelligentie als hulpmiddel op de werkplek: welke regelgeving is er van kracht? Het gebruik van AI op de werkvloer neemt momenteel explosief toe, vaak zonder voorafgaande planning en zonder dat werkgevers precies weten hoe hun werknemers de nieuwe tools gebruiken. Of het nu gaat om de inmiddels klassieke taalmodellen [\u2026]\n\r\n\t\t\t\t\t        <\/div><!-- .entry-content -->\r\n\t\t\t\t\t\t\t\t\t\t\t\t\t\t<div class=\"btn-readmore\">\r\n\t\t\t\t\t\t\t\t<a href=\"https:\/\/viqtor.eu\/nl\/lintelligence-artificielle-comme-outil-de-travail-quel-encadrement\/\"><i class=\"flaticon-right-arrow-1\"><\/i>Lees verder<\/a>\t\t\t\t\t\t\t<\/div>\r\n\t\t\t\t\t\t<\/div>\r\n\t\t\t\t\t<\/div>\r\n\t\t\t\t<\/article>\r\n\t\t\t\t<\/div>\r\n\t\t\t \r\n\t\t\t\t<div class=\"pgrid-box\">\r\n\t\t\t\t<article class=\"post-box blog-item\">\r\n\t\t\t\t\t<div class=\"post-inner\">\r\n\t\t\t\t\t\t\t\t\t\t\t\t\r\n\t\t\t\t\t        <div class=\"entry-media\">\r\n\t\t\t\t\t        \t<div class=\"post-cat\"><span class=\"posted-in\"><a href=\"https:\/\/viqtor.eu\/nl\/category\/veille-juridique\/\" rel=\"category tag\">Juridisch toezicht<\/a><\/span><\/div>\t\t\t\t\t            <a href=\"https:\/\/viqtor.eu\/nl\/cyberattaques-un-risque-accru-et-un-cadre-legal-en-evolution\/\">\r\n\t\t\t\t\t                <img loading=\"lazy\" decoding=\"async\" width=\"601\" height=\"520\" src=\"https:\/\/viqtor.eu\/wp-content\/uploads\/2026\/03\/shutterstock_2461654971_1773239629944-601x520.jpg\" class=\"attachment-engitech-slider-post-thumbnail size-engitech-slider-post-thumbnail wp-post-image\" alt=\"\" \/>\t\t\t\t\t            <\/a>\r\n\t\t\t\t\t        <\/div>\r\n\t\t\t\t\t        \r\n\t\t\t\t\t    \r\n\t\t\t\t\t\t<div class=\"inner-post\">\r\n\t\t\t\t\t\t\t<div class=\"entry-header\">\r\n\r\n\t\t\t\t\t\t\t\t\r\n\t\t\t\t\t\t\t\t<h3 class=\"entry-title\"><a href=\"https:\/\/viqtor.eu\/nl\/cyberattaques-un-risque-accru-et-un-cadre-legal-en-evolution\/\" rel=\"bookmark\">Cyberaanvallen: een toenemend risico en een veranderend juridisch kader.<\/a><\/h3>\r\n\t\t\t\t\t\t\t<\/div><!-- .entry-header -->\r\n\t\t\t\t\t\t\t\r\n\t\t\t\t\t\t\t\t\t\t\t\t\t\t<div class=\"entry-summary the-excerpt\">\r\n\r\n\t\t\t\t\t            <p>Legal Watch nr. 76 \u2013 oktober 2024. Cyberaanvallen: Toenemend risico en een evoluerend juridisch kader. Het aantal cyberaanvallen op bedrijven en openbare diensten in Frankrijk dit najaar is ontelbaar. Na Boulanger, Cultura, Truffaut, Grosbill en SFR is het nu de beurt aan Free om het slachtoffer te worden [\u2026]\n\r\n\t\t\t\t\t        <\/div><!-- .entry-content -->\r\n\t\t\t\t\t\t\t\t\t\t\t\t\t\t<div class=\"btn-readmore\">\r\n\t\t\t\t\t\t\t\t<a href=\"https:\/\/viqtor.eu\/nl\/cyberattaques-un-risque-accru-et-un-cadre-legal-en-evolution\/\"><i class=\"flaticon-right-arrow-1\"><\/i>Lees verder<\/a>\t\t\t\t\t\t\t<\/div>\r\n\t\t\t\t\t\t<\/div>\r\n\t\t\t\t\t<\/div>\r\n\t\t\t\t<\/article>\r\n\t\t\t\t<\/div>\r\n\t\t\t \r\n\t\t\t\t<div class=\"pgrid-box\">\r\n\t\t\t\t<article class=\"post-box blog-item\">\r\n\t\t\t\t\t<div class=\"post-inner\">\r\n\t\t\t\t\t\t\t\t\t\t\t\t\r\n\t\t\t\t\t        <div class=\"entry-media\">\r\n\t\t\t\t\t        \t<div class=\"post-cat\"><span class=\"posted-in\"><a href=\"https:\/\/viqtor.eu\/nl\/category\/veille-juridique\/\" rel=\"category tag\">Juridisch toezicht<\/a><\/span><\/div>\t\t\t\t\t            <a href=\"https:\/\/viqtor.eu\/nl\/anonymisation-ou-pseudonymisation-des-qualifications-evolutives-dans-le-temps\/\">\r\n\t\t\t\t\t                <img loading=\"lazy\" decoding=\"async\" width=\"601\" height=\"520\" src=\"https:\/\/viqtor.eu\/wp-content\/uploads\/2026\/03\/shutterstock_1290531634_1773239136274-601x520.jpg\" class=\"attachment-engitech-slider-post-thumbnail size-engitech-slider-post-thumbnail wp-post-image\" alt=\"\" \/>\t\t\t\t\t            <\/a>\r\n\t\t\t\t\t        <\/div>\r\n\t\t\t\t\t        \r\n\t\t\t\t\t    \r\n\t\t\t\t\t\t<div class=\"inner-post\">\r\n\t\t\t\t\t\t\t<div class=\"entry-header\">\r\n\r\n\t\t\t\t\t\t\t\t\r\n\t\t\t\t\t\t\t\t<h3 class=\"entry-title\"><a href=\"https:\/\/viqtor.eu\/nl\/anonymisation-ou-pseudonymisation-des-qualifications-evolutives-dans-le-temps\/\" rel=\"bookmark\">Anonimisering of pseudonimisering: kwalificaties die in de loop der tijd veranderen?<\/a><\/h3>\r\n\t\t\t\t\t\t\t<\/div><!-- .entry-header -->\r\n\t\t\t\t\t\t\t\r\n\t\t\t\t\t\t\t\t\t\t\t\t\t\t<div class=\"entry-summary the-excerpt\">\r\n\r\n\t\t\t\t\t            <p>Juridisch Nieuws nr. 75 \u2013 september 2024. Anonimisering of pseudonimisering: veranderende classificaties in de loop der tijd? Op 5 september 2024 heeft de CNIL (Franse Autoriteit voor Gegevensbescherming) Cegedim Sant\u00e9 een boete van \u20ac 800.000 opgelegd voor onder meer het verwerken van gezondheidsgegevens zonder toestemming. De toezichthoudende autoriteit merkte op dat deze gegevens nog steeds identificeerbaar waren [\u2026]\n\r\n\t\t\t\t\t        <\/div><!-- .entry-content -->\r\n\t\t\t\t\t\t\t\t\t\t\t\t\t\t<div class=\"btn-readmore\">\r\n\t\t\t\t\t\t\t\t<a href=\"https:\/\/viqtor.eu\/nl\/anonymisation-ou-pseudonymisation-des-qualifications-evolutives-dans-le-temps\/\"><i class=\"flaticon-right-arrow-1\"><\/i>Lees verder<\/a>\t\t\t\t\t\t\t<\/div>\r\n\t\t\t\t\t\t<\/div>\r\n\t\t\t\t\t<\/div>\r\n\t\t\t\t<\/article>\r\n\t\t\t\t<\/div>\r\n\t\t\t \r\n\t\t\t\t<div class=\"pgrid-box\">\r\n\t\t\t\t<article class=\"post-box blog-item\">\r\n\t\t\t\t\t<div class=\"post-inner\">\r\n\t\t\t\t\t\t\t\t\t\t\t\t\r\n\t\t\t\t\t        <div class=\"entry-media\">\r\n\t\t\t\t\t        \t<div class=\"post-cat\"><span class=\"posted-in\"><a href=\"https:\/\/viqtor.eu\/nl\/category\/veille-juridique\/\" rel=\"category tag\">Juridisch toezicht<\/a><\/span><\/div>\t\t\t\t\t            <a href=\"https:\/\/viqtor.eu\/nl\/telegram-signal-whatsapp-que-valent-les-messageries-instantanees-dans-un-contexte-professionnel\/\">\r\n\t\t\t\t\t                <img loading=\"lazy\" decoding=\"async\" width=\"601\" height=\"520\" src=\"https:\/\/viqtor.eu\/wp-content\/uploads\/2026\/03\/shutterstock_2687284167_1773238103065-601x520.jpg\" class=\"attachment-engitech-slider-post-thumbnail size-engitech-slider-post-thumbnail wp-post-image\" alt=\"\" \/>\t\t\t\t\t            <\/a>\r\n\t\t\t\t\t        <\/div>\r\n\t\t\t\t\t        \r\n\t\t\t\t\t    \r\n\t\t\t\t\t\t<div class=\"inner-post\">\r\n\t\t\t\t\t\t\t<div class=\"entry-header\">\r\n\r\n\t\t\t\t\t\t\t\t\r\n\t\t\t\t\t\t\t\t<h3 class=\"entry-title\"><a href=\"https:\/\/viqtor.eu\/nl\/telegram-signal-whatsapp-que-valent-les-messageries-instantanees-dans-un-contexte-professionnel\/\" rel=\"bookmark\">Telegram, Signal, WhatsApp\u2026 Hoe goed zijn instant messaging-diensten in een professionele context?<\/a><\/h3>\r\n\t\t\t\t\t\t\t<\/div><!-- .entry-header -->\r\n\t\t\t\t\t\t\t\r\n\t\t\t\t\t\t\t\t\t\t\t\t\t\t<div class=\"entry-summary the-excerpt\">\r\n\r\n\t\t\t\t\t            <p>Juridisch Nieuws nr. 74 \u2013 augustus 2024. Telegram, Signal, WhatsApp\u2026 Hoe goed zijn instant messaging-diensten in een professionele context? De arrestatie van Pavel Durov, de oprichter van de berichtenapp Telegram, in Frankrijk heeft veel media-aandacht gekregen. Los van de politieke debatten rondom deze kwestie, biedt de zaak ons de mogelijkheid om te onderzoeken [\u2026]\n\r\n\t\t\t\t\t        <\/div><!-- .entry-content -->\r\n\t\t\t\t\t\t\t\t\t\t\t\t\t\t<div class=\"btn-readmore\">\r\n\t\t\t\t\t\t\t\t<a href=\"https:\/\/viqtor.eu\/nl\/telegram-signal-whatsapp-que-valent-les-messageries-instantanees-dans-un-contexte-professionnel\/\"><i class=\"flaticon-right-arrow-1\"><\/i>Lees verder<\/a>\t\t\t\t\t\t\t<\/div>\r\n\t\t\t\t\t\t<\/div>\r\n\t\t\t\t\t<\/div>\r\n\t\t\t\t<\/article>\r\n\t\t\t\t<\/div>\r\n\t\t\t \r\n\t\t\t\t<div class=\"pgrid-box\">\r\n\t\t\t\t<article class=\"post-box blog-item\">\r\n\t\t\t\t\t<div class=\"post-inner\">\r\n\t\t\t\t\t\t\t\t\t\t\t\t\r\n\t\t\t\t\t        <div class=\"entry-media\">\r\n\t\t\t\t\t        \t<div class=\"post-cat\"><span class=\"posted-in\"><a href=\"https:\/\/viqtor.eu\/nl\/category\/veille-juridique\/\" rel=\"category tag\">Juridisch toezicht<\/a><\/span><\/div>\t\t\t\t\t            <a href=\"https:\/\/viqtor.eu\/nl\/services-cloud-quels-criteres-pour-quel-choix\/\">\r\n\t\t\t\t\t                <img loading=\"lazy\" decoding=\"async\" width=\"601\" height=\"520\" src=\"https:\/\/viqtor.eu\/wp-content\/uploads\/2026\/03\/shutterstock_2706142361_1773237268089-601x520.jpg\" class=\"attachment-engitech-slider-post-thumbnail size-engitech-slider-post-thumbnail wp-post-image\" alt=\"\" \/>\t\t\t\t\t            <\/a>\r\n\t\t\t\t\t        <\/div>\r\n\t\t\t\t\t        \r\n\t\t\t\t\t    \r\n\t\t\t\t\t\t<div class=\"inner-post\">\r\n\t\t\t\t\t\t\t<div class=\"entry-header\">\r\n\r\n\t\t\t\t\t\t\t\t\r\n\t\t\t\t\t\t\t\t<h3 class=\"entry-title\"><a href=\"https:\/\/viqtor.eu\/nl\/services-cloud-quels-criteres-pour-quel-choix\/\" rel=\"bookmark\">Clouddiensten: welke criteria spelen een rol bij de keuze?<\/a><\/h3>\r\n\t\t\t\t\t\t\t<\/div><!-- .entry-header -->\r\n\t\t\t\t\t\t\t\r\n\t\t\t\t\t\t\t\t\t\t\t\t\t\t<div class=\"entry-summary the-excerpt\">\r\n\r\n\t\t\t\t\t            <p>Legal Watch nr. 73 \u2013 juli 2024. Clouddiensten: welke criteria voor welke keuze? Sinds de coronapandemie is het gebruik van clouddiensten in zowel de publieke als de private sector toegenomen. Hoewel het Europese kader op dit gebied steeds duidelijker wordt, blijven er veel onzekerheden bestaan. Moeten we kiezen voor [\u2026]\n\r\n\t\t\t\t\t        <\/div><!-- .entry-content -->\r\n\t\t\t\t\t\t\t\t\t\t\t\t\t\t<div class=\"btn-readmore\">\r\n\t\t\t\t\t\t\t\t<a href=\"https:\/\/viqtor.eu\/nl\/services-cloud-quels-criteres-pour-quel-choix\/\"><i class=\"flaticon-right-arrow-1\"><\/i>Lees verder<\/a>\t\t\t\t\t\t\t<\/div>\r\n\t\t\t\t\t\t<\/div>\r\n\t\t\t\t\t<\/div>\r\n\t\t\t\t<\/article>\r\n\t\t\t\t<\/div>\r\n\t\t\t \r\n\t\t\t\t<div class=\"pgrid-box\">\r\n\t\t\t\t<article class=\"post-box blog-item\">\r\n\t\t\t\t\t<div class=\"post-inner\">\r\n\t\t\t\t\t\t\t\t\t\t\t\t\r\n\t\t\t\t\t        <div class=\"entry-media\">\r\n\t\t\t\t\t        \t<div class=\"post-cat\"><span class=\"posted-in\"><a href=\"https:\/\/viqtor.eu\/nl\/category\/veille-juridique\/\" rel=\"category tag\">Juridisch toezicht<\/a><\/span><\/div>\t\t\t\t\t            <a href=\"https:\/\/viqtor.eu\/nl\/communication-et-demarchage-sur-les-reseaux-sociaux-quelles-regles-pour-les-professionnels\/\">\r\n\t\t\t\t\t                <img loading=\"lazy\" decoding=\"async\" width=\"601\" height=\"520\" src=\"https:\/\/viqtor.eu\/wp-content\/uploads\/2026\/03\/shutterstock_2741981435_1773236680638-601x520.jpg\" class=\"attachment-engitech-slider-post-thumbnail size-engitech-slider-post-thumbnail wp-post-image\" alt=\"\" \/>\t\t\t\t\t            <\/a>\r\n\t\t\t\t\t        <\/div>\r\n\t\t\t\t\t        \r\n\t\t\t\t\t    \r\n\t\t\t\t\t\t<div class=\"inner-post\">\r\n\t\t\t\t\t\t\t<div class=\"entry-header\">\r\n\r\n\t\t\t\t\t\t\t\t\r\n\t\t\t\t\t\t\t\t<h3 class=\"entry-title\"><a href=\"https:\/\/viqtor.eu\/nl\/communication-et-demarchage-sur-les-reseaux-sociaux-quelles-regles-pour-les-professionnels\/\" rel=\"bookmark\">Communicatie en marketing op sociale media: wat zijn de regels voor professionals?<\/a><\/h3>\r\n\t\t\t\t\t\t\t<\/div><!-- .entry-header -->\r\n\t\t\t\t\t\t\t\r\n\t\t\t\t\t\t\t\t\t\t\t\t\t\t<div class=\"entry-summary the-excerpt\">\r\n\r\n\t\t\t\t\t            <p>Legal Watch nr. 72 \u2013 juni 2024. Communicatie en marketing op sociale media: welke regels gelden voor professionals? Sociale netwerken vormen een schat aan gegevens voor het benaderen van potenti\u00eble klanten. Het gebruik van deze gegevens, of ze nu openbaar toegankelijk zijn op het sociale netwerk of via het opbouwen van een netwerk van contacten, blijft [\u2026]\n\r\n\t\t\t\t\t        <\/div><!-- .entry-content -->\r\n\t\t\t\t\t\t\t\t\t\t\t\t\t\t<div class=\"btn-readmore\">\r\n\t\t\t\t\t\t\t\t<a href=\"https:\/\/viqtor.eu\/nl\/communication-et-demarchage-sur-les-reseaux-sociaux-quelles-regles-pour-les-professionnels\/\"><i class=\"flaticon-right-arrow-1\"><\/i>Lees verder<\/a>\t\t\t\t\t\t\t<\/div>\r\n\t\t\t\t\t\t<\/div>\r\n\t\t\t\t\t<\/div>\r\n\t\t\t\t<\/article>\r\n\t\t\t\t<\/div>\r\n\t\t\t \r\n\t\t\t\t<div class=\"pgrid-box\">\r\n\t\t\t\t<article class=\"post-box blog-item\">\r\n\t\t\t\t\t<div class=\"post-inner\">\r\n\t\t\t\t\t\t\t\t\t\t\t\t\r\n\t\t\t\t\t        <div class=\"entry-media\">\r\n\t\t\t\t\t        \t<div class=\"post-cat\"><span class=\"posted-in\"><a href=\"https:\/\/viqtor.eu\/nl\/category\/veille-juridique\/\" rel=\"category tag\">Juridisch toezicht<\/a><\/span><\/div>\t\t\t\t\t            <a href=\"https:\/\/viqtor.eu\/nl\/transferts-de-donnees-en-dehors-de-lue-etat-des-lieux\/\">\r\n\t\t\t\t\t                <img loading=\"lazy\" decoding=\"async\" width=\"601\" height=\"520\" src=\"https:\/\/viqtor.eu\/wp-content\/uploads\/2026\/03\/shutterstock_2657746321_1773236092532-601x520.jpg\" class=\"attachment-engitech-slider-post-thumbnail size-engitech-slider-post-thumbnail wp-post-image\" alt=\"\" \/>\t\t\t\t\t            <\/a>\r\n\t\t\t\t\t        <\/div>\r\n\t\t\t\t\t        \r\n\t\t\t\t\t    \r\n\t\t\t\t\t\t<div class=\"inner-post\">\r\n\t\t\t\t\t\t\t<div class=\"entry-header\">\r\n\r\n\t\t\t\t\t\t\t\t\r\n\t\t\t\t\t\t\t\t<h3 class=\"entry-title\"><a href=\"https:\/\/viqtor.eu\/nl\/transferts-de-donnees-en-dehors-de-lue-etat-des-lieux\/\" rel=\"bookmark\">Gegevensoverdracht buiten de EU: de huidige situatie<\/a><\/h3>\r\n\t\t\t\t\t\t\t<\/div><!-- .entry-header -->\r\n\t\t\t\t\t\t\t\r\n\t\t\t\t\t\t\t\t\t\t\t\t\t\t<div class=\"entry-summary the-excerpt\">\r\n\r\n\t\t\t\t\t            <p>Legal Watch nr. 70 \u2013 april 2024. Gegevensoverdracht buiten de EU: huidige situatie. Het landschap van internationale gegevensoverdracht wordt duidelijker met elke beslissing en elk institutioneel standpunt. Verschillende recente initiatieven op zowel Europees als nationaal niveau zijn erop gericht de gegevensstromen te vergemakkelijken [\u2026]\n\r\n\t\t\t\t\t        <\/div><!-- .entry-content -->\r\n\t\t\t\t\t\t\t\t\t\t\t\t\t\t<div class=\"btn-readmore\">\r\n\t\t\t\t\t\t\t\t<a href=\"https:\/\/viqtor.eu\/nl\/transferts-de-donnees-en-dehors-de-lue-etat-des-lieux\/\"><i class=\"flaticon-right-arrow-1\"><\/i>Lees verder<\/a>\t\t\t\t\t\t\t<\/div>\r\n\t\t\t\t\t\t<\/div>\r\n\t\t\t\t\t<\/div>\r\n\t\t\t\t<\/article>\r\n\t\t\t\t<\/div>\r\n\t\t\t \r\n\t\t\t\t<div class=\"pgrid-box\">\r\n\t\t\t\t<article class=\"post-box blog-item\">\r\n\t\t\t\t\t<div class=\"post-inner\">\r\n\t\t\t\t\t\t\t\t\t\t\t\t\r\n\t\t\t\t\t        <div class=\"entry-media\">\r\n\t\t\t\t\t        \t<div class=\"post-cat\"><span class=\"posted-in\"><a href=\"https:\/\/viqtor.eu\/nl\/category\/veille-juridique\/\" rel=\"category tag\">Juridisch toezicht<\/a><\/span><\/div>\t\t\t\t\t            <a href=\"https:\/\/viqtor.eu\/nl\/securite-des-donnees-cybermenaces-etat-des-lieux-et-orientations\/\">\r\n\t\t\t\t\t                <img loading=\"lazy\" decoding=\"async\" width=\"601\" height=\"520\" src=\"https:\/\/viqtor.eu\/wp-content\/uploads\/2026\/03\/shutterstock_2664438657_1773228152886-601x520.jpg\" class=\"attachment-engitech-slider-post-thumbnail size-engitech-slider-post-thumbnail wp-post-image\" alt=\"\" \/>\t\t\t\t\t            <\/a>\r\n\t\t\t\t\t        <\/div>\r\n\t\t\t\t\t        \r\n\t\t\t\t\t    \r\n\t\t\t\t\t\t<div class=\"inner-post\">\r\n\t\t\t\t\t\t\t<div class=\"entry-header\">\r\n\r\n\t\t\t\t\t\t\t\t\r\n\t\t\t\t\t\t\t\t<h3 class=\"entry-title\"><a href=\"https:\/\/viqtor.eu\/nl\/securite-des-donnees-cybermenaces-etat-des-lieux-et-orientations\/\" rel=\"bookmark\">Gegevensbeveiliging, cyberdreigingen: huidige situatie en richtlijnen.<\/a><\/h3>\r\n\t\t\t\t\t\t\t<\/div><!-- .entry-header -->\r\n\t\t\t\t\t\t\t\r\n\t\t\t\t\t\t\t\t\t\t\t\t\t\t<div class=\"entry-summary the-excerpt\">\r\n\r\n\t\t\t\t\t            <p>Legal Watch nr. 69 \u2013 maart 2024. Gegevensbeveiliging, cyberdreigingen: actuele situatie en richtlijnen. Verschillende organisaties publiceren begin dit jaar hun rapporten over de stand van zaken rond cyberdreigingen: een gelegenheid om de risico&#039;s en adviezen voor de bescherming van persoonsgegevens te bekijken. Het Europees Agentschap [\u2026]\n\r\n\t\t\t\t\t        <\/div><!-- .entry-content -->\r\n\t\t\t\t\t\t\t\t\t\t\t\t\t\t<div class=\"btn-readmore\">\r\n\t\t\t\t\t\t\t\t<a href=\"https:\/\/viqtor.eu\/nl\/securite-des-donnees-cybermenaces-etat-des-lieux-et-orientations\/\"><i class=\"flaticon-right-arrow-1\"><\/i>Lees verder<\/a>\t\t\t\t\t\t\t<\/div>\r\n\t\t\t\t\t\t<\/div>\r\n\t\t\t\t\t<\/div>\r\n\t\t\t\t<\/article>\r\n\t\t\t\t<\/div>\r\n\t\t\t \r\n\t\t\t\t<div class=\"pgrid-box\">\r\n\t\t\t\t<article class=\"post-box blog-item\">\r\n\t\t\t\t\t<div class=\"post-inner\">\r\n\t\t\t\t\t\t\t\t\t\t\t\t\r\n\t\t\t\t\t        <div class=\"entry-media\">\r\n\t\t\t\t\t        \t<div class=\"post-cat\"><span class=\"posted-in\"><a href=\"https:\/\/viqtor.eu\/nl\/category\/veille-juridique\/\" rel=\"category tag\">Juridisch toezicht<\/a><\/span><\/div>\t\t\t\t\t            <a href=\"https:\/\/viqtor.eu\/nl\/controles-de-la-cnil-quelles-priorites-pour-2024\/\">\r\n\t\t\t\t\t                <img loading=\"lazy\" decoding=\"async\" width=\"601\" height=\"520\" src=\"https:\/\/viqtor.eu\/wp-content\/uploads\/2026\/03\/shutterstock_1195939270_1773227539403-601x520.jpg\" class=\"attachment-engitech-slider-post-thumbnail size-engitech-slider-post-thumbnail wp-post-image\" alt=\"\" \/>\t\t\t\t\t            <\/a>\r\n\t\t\t\t\t        <\/div>\r\n\t\t\t\t\t        \r\n\t\t\t\t\t    \r\n\t\t\t\t\t\t<div class=\"inner-post\">\r\n\t\t\t\t\t\t\t<div class=\"entry-header\">\r\n\r\n\t\t\t\t\t\t\t\t\r\n\t\t\t\t\t\t\t\t<h3 class=\"entry-title\"><a href=\"https:\/\/viqtor.eu\/nl\/controles-de-la-cnil-quelles-priorites-pour-2024\/\" rel=\"bookmark\">Controle door de CNIL: wat zijn de prioriteiten voor 2024?<\/a><\/h3>\r\n\t\t\t\t\t\t\t<\/div><!-- .entry-header -->\r\n\t\t\t\t\t\t\t\r\n\t\t\t\t\t\t\t\t\t\t\t\t\t\t<div class=\"entry-summary the-excerpt\">\r\n\r\n\t\t\t\t\t            <p>Legal Watch nr. 68 \u2013 februari 2024. CNIL-audits: Wat zijn de prioriteiten voor 2024? Zoals elk jaar publiceerde de CNIL begin 2024 haar jaarverslag en prioriteiten voor de komende maanden. Hieruit blijkt een gestage toename van het aantal audits, die effectiever worden gemaakt door de implementatie van [\u2026]\n\r\n\t\t\t\t\t        <\/div><!-- .entry-content -->\r\n\t\t\t\t\t\t\t\t\t\t\t\t\t\t<div class=\"btn-readmore\">\r\n\t\t\t\t\t\t\t\t<a href=\"https:\/\/viqtor.eu\/nl\/controles-de-la-cnil-quelles-priorites-pour-2024\/\"><i class=\"flaticon-right-arrow-1\"><\/i>Lees verder<\/a>\t\t\t\t\t\t\t<\/div>\r\n\t\t\t\t\t\t<\/div>\r\n\t\t\t\t\t<\/div>\r\n\t\t\t\t<\/article>\r\n\t\t\t\t<\/div>\r\n\t\t\t \r\n\t\t\t\t<div class=\"pgrid-box\">\r\n\t\t\t\t<article class=\"post-box blog-item\">\r\n\t\t\t\t\t<div class=\"post-inner\">\r\n\t\t\t\t\t\t\t\t\t\t\t\t\r\n\t\t\t\t\t        <div class=\"entry-media\">\r\n\t\t\t\t\t        \t<div class=\"post-cat\"><span class=\"posted-in\"><a href=\"https:\/\/viqtor.eu\/nl\/category\/veille-juridique\/\" rel=\"category tag\">Juridisch toezicht<\/a><\/span><\/div>\t\t\t\t\t            <a href=\"https:\/\/viqtor.eu\/nl\/role-et-moyens-des-dpo-les-resultats-dune-annee-de-controles\/\">\r\n\t\t\t\t\t                <img loading=\"lazy\" decoding=\"async\" width=\"601\" height=\"520\" src=\"https:\/\/viqtor.eu\/wp-content\/uploads\/2026\/03\/shutterstock_2084371585_1773151585967-601x520.jpg\" class=\"attachment-engitech-slider-post-thumbnail size-engitech-slider-post-thumbnail wp-post-image\" alt=\"\" \/>\t\t\t\t\t            <\/a>\r\n\t\t\t\t\t        <\/div>\r\n\t\t\t\t\t        \r\n\t\t\t\t\t    \r\n\t\t\t\t\t\t<div class=\"inner-post\">\r\n\t\t\t\t\t\t\t<div class=\"entry-header\">\r\n\r\n\t\t\t\t\t\t\t\t\r\n\t\t\t\t\t\t\t\t<h3 class=\"entry-title\"><a href=\"https:\/\/viqtor.eu\/nl\/role-et-moyens-des-dpo-les-resultats-dune-annee-de-controles\/\" rel=\"bookmark\">Rol en middelen van functionarissen voor gegevensbescherming: resultaten van een jaar audits<\/a><\/h3>\r\n\t\t\t\t\t\t\t<\/div><!-- .entry-header -->\r\n\t\t\t\t\t\t\t\r\n\t\t\t\t\t\t\t\t\t\t\t\t\t\t<div class=\"entry-summary the-excerpt\">\r\n\r\n\t\t\t\t\t            <p>Legal Watch nr. 67 \u2013 januari 2024. Rol en middelen van functionarissen voor gegevensbescherming: de resultaten van een jaar audits. Op 17 januari publiceerden de CNIL en haar Europese tegenhangers de resultaten van hun onderzoek naar de rol en middelen van functionarissen voor gegevensbescherming (FG&#039;s) in het kader van de AVG. [\u2026]\n\r\n\t\t\t\t\t        <\/div><!-- .entry-content -->\r\n\t\t\t\t\t\t\t\t\t\t\t\t\t\t<div class=\"btn-readmore\">\r\n\t\t\t\t\t\t\t\t<a href=\"https:\/\/viqtor.eu\/nl\/role-et-moyens-des-dpo-les-resultats-dune-annee-de-controles\/\"><i class=\"flaticon-right-arrow-1\"><\/i>Lees verder<\/a>\t\t\t\t\t\t\t<\/div>\r\n\t\t\t\t\t\t<\/div>\r\n\t\t\t\t\t<\/div>\r\n\t\t\t\t<\/article>\r\n\t\t\t\t<\/div>\r\n\t\t\t \r\n\t\t\t\t<div class=\"pgrid-box\">\r\n\t\t\t\t<article class=\"post-box blog-item\">\r\n\t\t\t\t\t<div class=\"post-inner\">\r\n\t\t\t\t\t\t\t\t\t\t\t\t\r\n\t\t\t\t\t        <div class=\"entry-media\">\r\n\t\t\t\t\t        \t<div class=\"post-cat\"><span class=\"posted-in\"><a href=\"https:\/\/viqtor.eu\/nl\/category\/veille-juridique\/\" rel=\"category tag\">Juridisch toezicht<\/a><\/span><\/div>\t\t\t\t\t            <a href=\"https:\/\/viqtor.eu\/nl\/jurisprudence-rgpd-les-grandes-orientations-de-2023\/\">\r\n\t\t\t\t\t                <img loading=\"lazy\" decoding=\"async\" width=\"601\" height=\"520\" src=\"https:\/\/viqtor.eu\/wp-content\/uploads\/2026\/03\/shutterstock_2051919695_1773150964945-601x520.jpg\" class=\"attachment-engitech-slider-post-thumbnail size-engitech-slider-post-thumbnail wp-post-image\" alt=\"\" \/>\t\t\t\t\t            <\/a>\r\n\t\t\t\t\t        <\/div>\r\n\t\t\t\t\t        \r\n\t\t\t\t\t    \r\n\t\t\t\t\t\t<div class=\"inner-post\">\r\n\t\t\t\t\t\t\t<div class=\"entry-header\">\r\n\r\n\t\t\t\t\t\t\t\t\r\n\t\t\t\t\t\t\t\t<h3 class=\"entry-title\"><a href=\"https:\/\/viqtor.eu\/nl\/jurisprudence-rgpd-les-grandes-orientations-de-2023\/\" rel=\"bookmark\">GDPR-jurisprudentie: belangrijke trends voor 2023<\/a><\/h3>\r\n\t\t\t\t\t\t\t<\/div><!-- .entry-header -->\r\n\t\t\t\t\t\t\t\r\n\t\t\t\t\t\t\t\t\t\t\t\t\t\t<div class=\"entry-summary the-excerpt\">\r\n\r\n\t\t\t\t\t            <p>Legal Watch nr. 66 \u2013 december 2023. GDPR-jurisprudentie: belangrijkste trends van 2023. Zowel in Frankrijk als op Europees niveau hebben gegevensbeschermingsautoriteiten en rechterlijke instanties in 2023 talrijke uitspraken gedaan waarin de voorwaarden voor de toepassing van de GDPR werden verduidelijkt. Op Europees niveau waren de belangrijkste sancties die door de autoriteiten werden opgelegd [\u2026]\n\r\n\t\t\t\t\t        <\/div><!-- .entry-content -->\r\n\t\t\t\t\t\t\t\t\t\t\t\t\t\t<div class=\"btn-readmore\">\r\n\t\t\t\t\t\t\t\t<a href=\"https:\/\/viqtor.eu\/nl\/jurisprudence-rgpd-les-grandes-orientations-de-2023\/\"><i class=\"flaticon-right-arrow-1\"><\/i>Lees verder<\/a>\t\t\t\t\t\t\t<\/div>\r\n\t\t\t\t\t\t<\/div>\r\n\t\t\t\t\t<\/div>\r\n\t\t\t\t<\/article>\r\n\t\t\t\t<\/div>\r\n\t\t\t \r\n\t\t\t\t<div class=\"pgrid-box\">\r\n\t\t\t\t<article class=\"post-box blog-item\">\r\n\t\t\t\t\t<div class=\"post-inner\">\r\n\t\t\t\t\t\t\t\t\t\t\t\t\r\n\t\t\t\t\t        <div class=\"entry-media\">\r\n\t\t\t\t\t        \t<div class=\"post-cat\"><span class=\"posted-in\"><a href=\"https:\/\/viqtor.eu\/nl\/category\/veille-juridique\/\" rel=\"category tag\">Juridisch toezicht<\/a><\/span><\/div>\t\t\t\t\t            <a href=\"https:\/\/viqtor.eu\/nl\/plaintes-et-sanctions-quel-agenda-2024-pour-les-autorites-de-protection-des-donnees\/\">\r\n\t\t\t\t\t                <img loading=\"lazy\" decoding=\"async\" width=\"601\" height=\"520\" src=\"https:\/\/viqtor.eu\/wp-content\/uploads\/2026\/03\/shutterstock_2344659795_1773150356149-601x520.jpg\" class=\"attachment-engitech-slider-post-thumbnail size-engitech-slider-post-thumbnail wp-post-image\" alt=\"\" \/>\t\t\t\t\t            <\/a>\r\n\t\t\t\t\t        <\/div>\r\n\t\t\t\t\t        \r\n\t\t\t\t\t    \r\n\t\t\t\t\t\t<div class=\"inner-post\">\r\n\t\t\t\t\t\t\t<div class=\"entry-header\">\r\n\r\n\t\t\t\t\t\t\t\t\r\n\t\t\t\t\t\t\t\t<h3 class=\"entry-title\"><a href=\"https:\/\/viqtor.eu\/nl\/plaintes-et-sanctions-quel-agenda-2024-pour-les-autorites-de-protection-des-donnees\/\" rel=\"bookmark\">Klachten en sancties: wat staat er op de agenda van de gegevensbeschermingsautoriteiten voor 2024?<\/a><\/h3>\r\n\t\t\t\t\t\t\t<\/div><!-- .entry-header -->\r\n\t\t\t\t\t\t\t\r\n\t\t\t\t\t\t\t\t\t\t\t\t\t\t<div class=\"entry-summary the-excerpt\">\r\n\r\n\t\t\t\t\t            <p>Legal Watch nr. 65 \u2013 november 2023. Klachten en sancties: wat staat er op de agenda voor gegevensbeschermingsautoriteiten in 2024? De inwerkingtreding van de AVG heeft geleid tot een groter bewustzijn van gegevensbescherming, zowel bij verwerkingsverantwoordelijken als bij betrokkenen. Dit heeft geresulteerd in een toename van [\u2026]\n\r\n\t\t\t\t\t        <\/div><!-- .entry-content -->\r\n\t\t\t\t\t\t\t\t\t\t\t\t\t\t<div class=\"btn-readmore\">\r\n\t\t\t\t\t\t\t\t<a href=\"https:\/\/viqtor.eu\/nl\/plaintes-et-sanctions-quel-agenda-2024-pour-les-autorites-de-protection-des-donnees\/\"><i class=\"flaticon-right-arrow-1\"><\/i>Lees verder<\/a>\t\t\t\t\t\t\t<\/div>\r\n\t\t\t\t\t\t<\/div>\r\n\t\t\t\t\t<\/div>\r\n\t\t\t\t<\/article>\r\n\t\t\t\t<\/div>\r\n\t\t\t \r\n\t\t\t\t<div class=\"pgrid-box\">\r\n\t\t\t\t<article class=\"post-box blog-item\">\r\n\t\t\t\t\t<div class=\"post-inner\">\r\n\t\t\t\t\t\t\t\t\t\t\t\t\r\n\t\t\t\t\t        <div class=\"entry-media\">\r\n\t\t\t\t\t        \t<div class=\"post-cat\"><span class=\"posted-in\"><a href=\"https:\/\/viqtor.eu\/nl\/category\/veille-juridique\/\" rel=\"category tag\">Juridisch toezicht<\/a><\/span><\/div>\t\t\t\t\t            <a href=\"https:\/\/viqtor.eu\/nl\/chiffrement-et-portes-derobees-des-contraintes-techniques-aux-enjeux-de-societe\/\">\r\n\t\t\t\t\t                <img loading=\"lazy\" decoding=\"async\" width=\"601\" height=\"520\" src=\"https:\/\/viqtor.eu\/wp-content\/uploads\/2026\/03\/shutterstock_2563879841_1773140290155-601x520.jpg\" class=\"attachment-engitech-slider-post-thumbnail size-engitech-slider-post-thumbnail wp-post-image\" alt=\"\" \/>\t\t\t\t\t            <\/a>\r\n\t\t\t\t\t        <\/div>\r\n\t\t\t\t\t        \r\n\t\t\t\t\t    \r\n\t\t\t\t\t\t<div class=\"inner-post\">\r\n\t\t\t\t\t\t\t<div class=\"entry-header\">\r\n\r\n\t\t\t\t\t\t\t\t\r\n\t\t\t\t\t\t\t\t<h3 class=\"entry-title\"><a href=\"https:\/\/viqtor.eu\/nl\/chiffrement-et-portes-derobees-des-contraintes-techniques-aux-enjeux-de-societe\/\" rel=\"bookmark\">Versleuteling en achterdeuren: van technische beperkingen tot maatschappelijke uitdagingen<\/a><\/h3>\r\n\t\t\t\t\t\t\t<\/div><!-- .entry-header -->\r\n\t\t\t\t\t\t\t\r\n\t\t\t\t\t\t\t\t\t\t\t\t\t\t<div class=\"entry-summary the-excerpt\">\r\n\r\n\t\t\t\t\t            <p>Legal Watch nr. 64 \u2013 oktober 2023. Versleuteling en achterdeuren: van technische beperkingen tot maatschappelijke uitdagingen. Recente gebeurtenissen in Frankrijk weerspiegelen het huidige debat in Europa over de toegang van wetshandhavers tot de inhoud van versleutelde berichtendiensten. De minister van Binnenlandse Zaken gaf op de radio commentaar op de recente aanval op de middelbare school in Arras, [\u2026]\n\r\n\t\t\t\t\t        <\/div><!-- .entry-content -->\r\n\t\t\t\t\t\t\t\t\t\t\t\t\t\t<div class=\"btn-readmore\">\r\n\t\t\t\t\t\t\t\t<a href=\"https:\/\/viqtor.eu\/nl\/chiffrement-et-portes-derobees-des-contraintes-techniques-aux-enjeux-de-societe\/\"><i class=\"flaticon-right-arrow-1\"><\/i>Lees verder<\/a>\t\t\t\t\t\t\t<\/div>\r\n\t\t\t\t\t\t<\/div>\r\n\t\t\t\t\t<\/div>\r\n\t\t\t\t<\/article>\r\n\t\t\t\t<\/div>\r\n\t\t\t \r\n\t\t\t\t<div class=\"pgrid-box\">\r\n\t\t\t\t<article class=\"post-box blog-item\">\r\n\t\t\t\t\t<div class=\"post-inner\">\r\n\t\t\t\t\t\t\t\t\t\t\t\t\r\n\t\t\t\t\t        <div class=\"entry-media\">\r\n\t\t\t\t\t        \t<div class=\"post-cat\"><span class=\"posted-in\"><a href=\"https:\/\/viqtor.eu\/nl\/category\/veille-juridique\/\" rel=\"category tag\">Juridisch toezicht<\/a><\/span><\/div>\t\t\t\t\t            <a href=\"https:\/\/viqtor.eu\/nl\/brexit-etat-des-lieux-de-la-protection-des-donnees\/\">\r\n\t\t\t\t\t                <img loading=\"lazy\" decoding=\"async\" width=\"601\" height=\"520\" src=\"https:\/\/viqtor.eu\/wp-content\/uploads\/2026\/03\/shutterstock_1347752237_1773139288406-7-601x520.jpg\" class=\"attachment-engitech-slider-post-thumbnail size-engitech-slider-post-thumbnail wp-post-image\" alt=\"\" \/>\t\t\t\t\t            <\/a>\r\n\t\t\t\t\t        <\/div>\r\n\t\t\t\t\t        \r\n\t\t\t\t\t    \r\n\t\t\t\t\t\t<div class=\"inner-post\">\r\n\t\t\t\t\t\t\t<div class=\"entry-header\">\r\n\r\n\t\t\t\t\t\t\t\t\r\n\t\t\t\t\t\t\t\t<h3 class=\"entry-title\"><a href=\"https:\/\/viqtor.eu\/nl\/brexit-etat-des-lieux-de-la-protection-des-donnees\/\" rel=\"bookmark\">Brexit: een overzicht van gegevensbescherming<\/a><\/h3>\r\n\t\t\t\t\t\t\t<\/div><!-- .entry-header -->\r\n\t\t\t\t\t\t\t\r\n\t\t\t\t\t\t\t\t\t\t\t\t\t\t<div class=\"entry-summary the-excerpt\">\r\n\r\n\t\t\t\t\t            <p>Legal Watch nr. 63 \u2013 september 2023. Brexit: een overzicht van gegevensbescherming. Sinds het vertrek van het Verenigd Koninkrijk uit de Europese Unie op 31 januari 2020 zijn er steeds grotere verschillen ontstaan tussen de gegevensbeschermingskaders aan beide zijden van het Kanaal. Het land past nog steeds de wet [\u2026]\n\r\n\t\t\t\t\t        <\/div><!-- .entry-content -->\r\n\t\t\t\t\t\t\t\t\t\t\t\t\t\t<div class=\"btn-readmore\">\r\n\t\t\t\t\t\t\t\t<a href=\"https:\/\/viqtor.eu\/nl\/brexit-etat-des-lieux-de-la-protection-des-donnees\/\"><i class=\"flaticon-right-arrow-1\"><\/i>Lees verder<\/a>\t\t\t\t\t\t\t<\/div>\r\n\t\t\t\t\t\t<\/div>\r\n\t\t\t\t\t<\/div>\r\n\t\t\t\t<\/article>\r\n\t\t\t\t<\/div>\r\n\t\t\t \r\n\t\t\t\t<div class=\"pgrid-box\">\r\n\t\t\t\t<article class=\"post-box blog-item\">\r\n\t\t\t\t\t<div class=\"post-inner\">\r\n\t\t\t\t\t\t\t\t\t\t\t\t\r\n\t\t\t\t\t        <div class=\"entry-media\">\r\n\t\t\t\t\t        \t<div class=\"post-cat\"><span class=\"posted-in\"><a href=\"https:\/\/viqtor.eu\/nl\/category\/veille-juridique\/\" rel=\"category tag\">Juridisch toezicht<\/a><\/span><\/div>\t\t\t\t\t            <a href=\"https:\/\/viqtor.eu\/nl\/dma-dsa-les-nouvelles-obligations-des-geants-de-la-tech\/\">\r\n\t\t\t\t\t                <img loading=\"lazy\" decoding=\"async\" width=\"601\" height=\"520\" src=\"https:\/\/viqtor.eu\/wp-content\/uploads\/2026\/03\/shutterstock_2583776225_1773138280604-601x520.jpg\" class=\"attachment-engitech-slider-post-thumbnail size-engitech-slider-post-thumbnail wp-post-image\" alt=\"\" \/>\t\t\t\t\t            <\/a>\r\n\t\t\t\t\t        <\/div>\r\n\t\t\t\t\t        \r\n\t\t\t\t\t    \r\n\t\t\t\t\t\t<div class=\"inner-post\">\r\n\t\t\t\t\t\t\t<div class=\"entry-header\">\r\n\r\n\t\t\t\t\t\t\t\t\r\n\t\t\t\t\t\t\t\t<h3 class=\"entry-title\"><a href=\"https:\/\/viqtor.eu\/nl\/dma-dsa-les-nouvelles-obligations-des-geants-de-la-tech\/\" rel=\"bookmark\">DMA, DSA: de nieuwe verplichtingen van techreuzen<\/a><\/h3>\r\n\t\t\t\t\t\t\t<\/div><!-- .entry-header -->\r\n\t\t\t\t\t\t\t\r\n\t\t\t\t\t\t\t\t\t\t\t\t\t\t<div class=\"entry-summary the-excerpt\">\r\n\r\n\t\t\t\t\t            <p>Legal Watch nr. 62 \u2013 augustus 2023. DMA, DSA: de nieuwe verplichtingen van techreuzen. Begin september wordt de bescherming van online gebruikersrechten uitgebreid met de toepassing van de Digital Services Act op grote platformen en de publicatie van de lijst met bedrijven die onder de Digital Markets Act vallen. Sinds 25 [\u2026]\n\r\n\t\t\t\t\t        <\/div><!-- .entry-content -->\r\n\t\t\t\t\t\t\t\t\t\t\t\t\t\t<div class=\"btn-readmore\">\r\n\t\t\t\t\t\t\t\t<a href=\"https:\/\/viqtor.eu\/nl\/dma-dsa-les-nouvelles-obligations-des-geants-de-la-tech\/\"><i class=\"flaticon-right-arrow-1\"><\/i>Lees verder<\/a>\t\t\t\t\t\t\t<\/div>\r\n\t\t\t\t\t\t<\/div>\r\n\t\t\t\t\t<\/div>\r\n\t\t\t\t<\/article>\r\n\t\t\t\t<\/div>\r\n\t\t\t \r\n\t\t\t\t<div class=\"pgrid-box\">\r\n\t\t\t\t<article class=\"post-box blog-item\">\r\n\t\t\t\t\t<div class=\"post-inner\">\r\n\t\t\t\t\t\t\t\t\t\t\t\t\r\n\t\t\t\t\t        <div class=\"entry-media\">\r\n\t\t\t\t\t        \t<div class=\"post-cat\"><span class=\"posted-in\"><a href=\"https:\/\/viqtor.eu\/nl\/category\/veille-juridique\/\" rel=\"category tag\">Juridisch toezicht<\/a><\/span><\/div>\t\t\t\t\t            <a href=\"https:\/\/viqtor.eu\/nl\/les-apis-au-coeur-du-partage-des-donnees-a-caractere-personnel\/\">\r\n\t\t\t\t\t                <img loading=\"lazy\" decoding=\"async\" width=\"601\" height=\"520\" src=\"https:\/\/viqtor.eu\/wp-content\/uploads\/2026\/03\/shutterstock_2733529939_1773135977905-2-601x520.jpg\" class=\"attachment-engitech-slider-post-thumbnail size-engitech-slider-post-thumbnail wp-post-image\" alt=\"\" \/>\t\t\t\t\t            <\/a>\r\n\t\t\t\t\t        <\/div>\r\n\t\t\t\t\t        \r\n\t\t\t\t\t    \r\n\t\t\t\t\t\t<div class=\"inner-post\">\r\n\t\t\t\t\t\t\t<div class=\"entry-header\">\r\n\r\n\t\t\t\t\t\t\t\t\r\n\t\t\t\t\t\t\t\t<h3 class=\"entry-title\"><a href=\"https:\/\/viqtor.eu\/nl\/les-apis-au-coeur-du-partage-des-donnees-a-caractere-personnel\/\" rel=\"bookmark\">API&#039;s vormen de kern van het delen van persoonsgegevens.<\/a><\/h3>\r\n\t\t\t\t\t\t\t<\/div><!-- .entry-header -->\r\n\t\t\t\t\t\t\t\r\n\t\t\t\t\t\t\t\t\t\t\t\t\t\t<div class=\"entry-summary the-excerpt\">\r\n\r\n\t\t\t\t\t            <p>Legal Watch nr. 61 \u2013 juli 2023. API&#039;s in het hart van het delen van persoonsgegevens. Application programming interfaces, beter bekend als &quot;API&#039;s&quot; (van hun Engelse naam &quot;application programming interface&quot;), worden vaak gebruikt om het delen van informatie tussen publieke en private organisaties te vergemakkelijken. Dit delen van [\u2026]\n\r\n\t\t\t\t\t        <\/div><!-- .entry-content -->\r\n\t\t\t\t\t\t\t\t\t\t\t\t\t\t<div class=\"btn-readmore\">\r\n\t\t\t\t\t\t\t\t<a href=\"https:\/\/viqtor.eu\/nl\/les-apis-au-coeur-du-partage-des-donnees-a-caractere-personnel\/\"><i class=\"flaticon-right-arrow-1\"><\/i>Lees verder<\/a>\t\t\t\t\t\t\t<\/div>\r\n\t\t\t\t\t\t<\/div>\r\n\t\t\t\t\t<\/div>\r\n\t\t\t\t<\/article>\r\n\t\t\t\t<\/div>\r\n\t\t\t \r\n\t\t\t\t<div class=\"pgrid-box\">\r\n\t\t\t\t<article class=\"post-box blog-item\">\r\n\t\t\t\t\t<div class=\"post-inner\">\r\n\t\t\t\t\t\t\t\t\t\t\t\t\r\n\t\t\t\t\t        <div class=\"entry-media\">\r\n\t\t\t\t\t        \t<div class=\"post-cat\"><span class=\"posted-in\"><a href=\"https:\/\/viqtor.eu\/nl\/category\/veille-juridique\/\" rel=\"category tag\">Juridisch toezicht<\/a><\/span><\/div>\t\t\t\t\t            <a href=\"https:\/\/viqtor.eu\/nl\/sanction-meta-12-milliard-deuros-et-apres\/\">\r\n\t\t\t\t\t                <img loading=\"lazy\" decoding=\"async\" width=\"601\" height=\"520\" src=\"https:\/\/viqtor.eu\/wp-content\/uploads\/2026\/03\/Image198997_1772200212075-2-601x520.jpg\" class=\"attachment-engitech-slider-post-thumbnail size-engitech-slider-post-thumbnail wp-post-image\" alt=\"\" \/>\t\t\t\t\t            <\/a>\r\n\t\t\t\t\t        <\/div>\r\n\t\t\t\t\t        \r\n\t\t\t\t\t    \r\n\t\t\t\t\t\t<div class=\"inner-post\">\r\n\t\t\t\t\t\t\t<div class=\"entry-header\">\r\n\r\n\t\t\t\t\t\t\t\t\r\n\t\t\t\t\t\t\t\t<h3 class=\"entry-title\"><a href=\"https:\/\/viqtor.eu\/nl\/sanction-meta-12-milliard-deuros-et-apres\/\" rel=\"bookmark\">Meta-sanctie: 1,2 miljard euro... en wat dan?<\/a><\/h3>\r\n\t\t\t\t\t\t\t<\/div><!-- .entry-header -->\r\n\t\t\t\t\t\t\t\r\n\t\t\t\t\t\t\t\t\t\t\t\t\t\t<div class=\"entry-summary the-excerpt\">\r\n\r\n\t\t\t\t\t            <p>Legal Watch nr. 59 \u2013 mei 2023. Boete voor Meta: \u20ac 1,2 miljard\u2026 en wat dan? De boete die de Ierse gegevensbeschermingsautoriteit op 12 mei oplegde aan Meta, het moederbedrijf van Facebook, is de hoogste ooit opgelegd door een gegevensbeschermingsautoriteit sinds de AVG van kracht werd, destijds [\u2026]\n\r\n\t\t\t\t\t        <\/div><!-- .entry-content -->\r\n\t\t\t\t\t\t\t\t\t\t\t\t\t\t<div class=\"btn-readmore\">\r\n\t\t\t\t\t\t\t\t<a href=\"https:\/\/viqtor.eu\/nl\/sanction-meta-12-milliard-deuros-et-apres\/\"><i class=\"flaticon-right-arrow-1\"><\/i>Lees verder<\/a>\t\t\t\t\t\t\t<\/div>\r\n\t\t\t\t\t\t<\/div>\r\n\t\t\t\t\t<\/div>\r\n\t\t\t\t<\/article>\r\n\t\t\t\t<\/div>\r\n\t\t\t \r\n\t\t\t\t<div class=\"pgrid-box\">\r\n\t\t\t\t<article class=\"post-box blog-item\">\r\n\t\t\t\t\t<div class=\"post-inner\">\r\n\t\t\t\t\t\t\t\t\t\t\t\t\r\n\t\t\t\t\t        <div class=\"entry-media\">\r\n\t\t\t\t\t        \t<div class=\"post-cat\"><span class=\"posted-in\"><a href=\"https:\/\/viqtor.eu\/nl\/category\/veille-juridique\/\" rel=\"category tag\">Juridisch toezicht<\/a><\/span><\/div>\t\t\t\t\t            <a href=\"https:\/\/viqtor.eu\/nl\/chatgpt-quel-cadre-legal-pour-les-nouvelles-applications-de-lintelligence-artificielle\/\">\r\n\t\t\t\t\t                <img loading=\"lazy\" decoding=\"async\" width=\"601\" height=\"520\" src=\"https:\/\/viqtor.eu\/wp-content\/uploads\/2026\/03\/011111_1772199708788-3-601x520.jpg\" class=\"attachment-engitech-slider-post-thumbnail size-engitech-slider-post-thumbnail wp-post-image\" alt=\"\" \/>\t\t\t\t\t            <\/a>\r\n\t\t\t\t\t        <\/div>\r\n\t\t\t\t\t        \r\n\t\t\t\t\t    \r\n\t\t\t\t\t\t<div class=\"inner-post\">\r\n\t\t\t\t\t\t\t<div class=\"entry-header\">\r\n\r\n\t\t\t\t\t\t\t\t\r\n\t\t\t\t\t\t\t\t<h3 class=\"entry-title\"><a href=\"https:\/\/viqtor.eu\/nl\/chatgpt-quel-cadre-legal-pour-les-nouvelles-applications-de-lintelligence-artificielle\/\" rel=\"bookmark\">ChatGPT: Welk juridisch kader is er voor nieuwe toepassingen van kunstmatige intelligentie?<\/a><\/h3>\r\n\t\t\t\t\t\t\t<\/div><!-- .entry-header -->\r\n\t\t\t\t\t\t\t\r\n\t\t\t\t\t\t\t\t\t\t\t\t\t\t<div class=\"entry-summary the-excerpt\">\r\n\r\n\t\t\t\t\t            <p>Legal Watch nr. 58 \u2013 april 2023. ChatGPT: Welk juridisch kader voor nieuwe toepassingen van kunstmatige intelligentie? ChatGPT, Google Bard, Stable Diffusion en Dall-E zijn Large Language Models (LLM&#039;s), een subcategorie van bestaande taalmodellen. Taalmodellen zijn computerprogramma&#039;s die zijn ontworpen om te verwerken [\u2026]\n\r\n\t\t\t\t\t        <\/div><!-- .entry-content -->\r\n\t\t\t\t\t\t\t\t\t\t\t\t\t\t<div class=\"btn-readmore\">\r\n\t\t\t\t\t\t\t\t<a href=\"https:\/\/viqtor.eu\/nl\/chatgpt-quel-cadre-legal-pour-les-nouvelles-applications-de-lintelligence-artificielle\/\"><i class=\"flaticon-right-arrow-1\"><\/i>Lees verder<\/a>\t\t\t\t\t\t\t<\/div>\r\n\t\t\t\t\t\t<\/div>\r\n\t\t\t\t\t<\/div>\r\n\t\t\t\t<\/article>\r\n\t\t\t\t<\/div>\r\n\t\t\t \r\n\t\t\t\t<div class=\"pgrid-box\">\r\n\t\t\t\t<article class=\"post-box blog-item\">\r\n\t\t\t\t\t<div class=\"post-inner\">\r\n\t\t\t\t\t\t\t\t\t\t\t\t\r\n\t\t\t\t\t        <div class=\"entry-media\">\r\n\t\t\t\t\t        \t<div class=\"post-cat\"><span class=\"posted-in\"><a href=\"https:\/\/viqtor.eu\/nl\/category\/veille-juridique\/\" rel=\"category tag\">Juridisch toezicht<\/a><\/span><\/div>\t\t\t\t\t            <a href=\"https:\/\/viqtor.eu\/nl\/cameras-intelligentes-et-biometrie-quel-sera-limpact-de-la-loi-relative-aux-jeux-olympiques\/\">\r\n\t\t\t\t\t                <img loading=\"lazy\" decoding=\"async\" width=\"601\" height=\"520\" src=\"https:\/\/viqtor.eu\/wp-content\/uploads\/2026\/03\/shutterstock_2489516291_1773759114012-7-601x520.jpg\" class=\"attachment-engitech-slider-post-thumbnail size-engitech-slider-post-thumbnail wp-post-image\" alt=\"\" \/>\t\t\t\t\t            <\/a>\r\n\t\t\t\t\t        <\/div>\r\n\t\t\t\t\t        \r\n\t\t\t\t\t    \r\n\t\t\t\t\t\t<div class=\"inner-post\">\r\n\t\t\t\t\t\t\t<div class=\"entry-header\">\r\n\r\n\t\t\t\t\t\t\t\t\r\n\t\t\t\t\t\t\t\t<h3 class=\"entry-title\"><a href=\"https:\/\/viqtor.eu\/nl\/cameras-intelligentes-et-biometrie-quel-sera-limpact-de-la-loi-relative-aux-jeux-olympiques\/\" rel=\"bookmark\">Slimme camera&#039;s en biometrie \u2013 wat zal de impact zijn van de wetgeving met betrekking tot de Olympische Spelen?<\/a><\/h3>\r\n\t\t\t\t\t\t\t<\/div><!-- .entry-header -->\r\n\t\t\t\t\t\t\t\r\n\t\t\t\t\t\t\t\t\t\t\t\t\t\t<div class=\"entry-summary the-excerpt\">\r\n\r\n\t\t\t\t\t            <p>Juridisch Nieuws nr. 57 \u2013 maart 2023. Slimme camera&#039;s en biometrie \u2013 Wat is de impact van de wet betreffende de Olympische Spelen? Op 23 maart heeft de Nationale Vergadering artikel 7 van de wet op de Olympische Spelen aangenomen. Het wetsvoorstel, dat werd aangenomen in een slecht bezochte vergadering (73 van de 577 leden waren aanwezig), [\u2026]\n\r\n\t\t\t\t\t        <\/div><!-- .entry-content -->\r\n\t\t\t\t\t\t\t\t\t\t\t\t\t\t<div class=\"btn-readmore\">\r\n\t\t\t\t\t\t\t\t<a href=\"https:\/\/viqtor.eu\/nl\/cameras-intelligentes-et-biometrie-quel-sera-limpact-de-la-loi-relative-aux-jeux-olympiques\/\"><i class=\"flaticon-right-arrow-1\"><\/i>Lees verder<\/a>\t\t\t\t\t\t\t<\/div>\r\n\t\t\t\t\t\t<\/div>\r\n\t\t\t\t\t<\/div>\r\n\t\t\t\t<\/article>\r\n\t\t\t\t<\/div>\r\n\t\t\t \r\n\t\t\t\t<div class=\"pgrid-box\">\r\n\t\t\t\t<article class=\"post-box blog-item\">\r\n\t\t\t\t\t<div class=\"post-inner\">\r\n\t\t\t\t\t\t\t\t\t\t\t\t\r\n\t\t\t\t\t        <div class=\"entry-media\">\r\n\t\t\t\t\t        \t<div class=\"post-cat\"><span class=\"posted-in\"><a href=\"https:\/\/viqtor.eu\/nl\/category\/veille-juridique\/\" rel=\"category tag\">Juridisch toezicht<\/a><\/span><\/div>\t\t\t\t\t            <a href=\"https:\/\/viqtor.eu\/nl\/2020-et-au-dela\/\">\r\n\t\t\t\t\t                <img loading=\"lazy\" decoding=\"async\" width=\"601\" height=\"305\" src=\"https:\/\/viqtor.eu\/wp-content\/uploads\/2023\/04\/shutterstock_1034809678-601x305.jpg\" class=\"attachment-engitech-slider-post-thumbnail size-engitech-slider-post-thumbnail wp-post-image\" alt=\"LE SYNDICAT PROFESSIONNEL et le RGPD\" \/>\t\t\t\t\t            <\/a>\r\n\t\t\t\t\t        <\/div>\r\n\t\t\t\t\t        \r\n\t\t\t\t\t    \r\n\t\t\t\t\t\t<div class=\"inner-post\">\r\n\t\t\t\t\t\t\t<div class=\"entry-header\">\r\n\r\n\t\t\t\t\t\t\t\t\r\n\t\t\t\t\t\t\t\t<h3 class=\"entry-title\"><a href=\"https:\/\/viqtor.eu\/nl\/2020-et-au-dela\/\" rel=\"bookmark\">2020 en verder<\/a><\/h3>\r\n\t\t\t\t\t\t\t<\/div><!-- .entry-header -->\r\n\t\t\t\t\t\t\t\r\n\t\t\t\t\t\t\t\t\t\t\t\t\t\t<div class=\"entry-summary the-excerpt\">\r\n\r\n\t\t\t\t\t            <p>2020 and Beyond Legal Watch \u2013 december 2019. Het is een nieuw jaar, maar ook een nieuw decennium, met zijn uitdagingen, beperkingen en beloften. Om deze kwesties beter te kunnen aanpakken, blikken we kort terug op 2019. Meer dan een jaar na de inwerkingtreding van de AVG is een eerste evaluatie van de implementatie [\u2026]\n\r\n\t\t\t\t\t        <\/div><!-- .entry-content -->\r\n\t\t\t\t\t\t\t\t\t\t\t\t\t\t<div class=\"btn-readmore\">\r\n\t\t\t\t\t\t\t\t<a href=\"https:\/\/viqtor.eu\/nl\/2020-et-au-dela\/\"><i class=\"flaticon-right-arrow-1\"><\/i>Lees verder<\/a>\t\t\t\t\t\t\t<\/div>\r\n\t\t\t\t\t\t<\/div>\r\n\t\t\t\t\t<\/div>\r\n\t\t\t\t<\/article>\r\n\t\t\t\t<\/div>\r\n\t\t\t \r\n\t\t\t\t<div class=\"pgrid-box\">\r\n\t\t\t\t<article class=\"post-box blog-item\">\r\n\t\t\t\t\t<div class=\"post-inner\">\r\n\t\t\t\t\t\t\t\t\t\t\t\t\r\n\t\t\t\t\t        <div class=\"entry-media\">\r\n\t\t\t\t\t        \t<div class=\"post-cat\"><span class=\"posted-in\"><a href=\"https:\/\/viqtor.eu\/nl\/category\/veille-juridique\/\" rel=\"category tag\">Juridisch toezicht<\/a><\/span><\/div>\t\t\t\t\t            <a href=\"https:\/\/viqtor.eu\/nl\/securite-des-donnees-lerreur-est-humaine\/\">\r\n\t\t\t\t\t                <img loading=\"lazy\" decoding=\"async\" width=\"601\" height=\"520\" src=\"https:\/\/viqtor.eu\/wp-content\/uploads\/2023\/04\/shutterstock_731103250-601x520.jpg\" class=\"attachment-engitech-slider-post-thumbnail size-engitech-slider-post-thumbnail wp-post-image\" alt=\"Viqtor - E-LEARNING Formation RGPD\" \/>\t\t\t\t\t            <\/a>\r\n\t\t\t\t\t        <\/div>\r\n\t\t\t\t\t        \r\n\t\t\t\t\t    \r\n\t\t\t\t\t\t<div class=\"inner-post\">\r\n\t\t\t\t\t\t\t<div class=\"entry-header\">\r\n\r\n\t\t\t\t\t\t\t\t\r\n\t\t\t\t\t\t\t\t<h3 class=\"entry-title\"><a href=\"https:\/\/viqtor.eu\/nl\/securite-des-donnees-lerreur-est-humaine\/\" rel=\"bookmark\">Gegevensbeveiliging: fouten maken is (vaak) menselijk<\/a><\/h3>\r\n\t\t\t\t\t\t\t<\/div><!-- .entry-header -->\r\n\t\t\t\t\t\t\t\r\n\t\t\t\t\t\t\t\t\t\t\t\t\t\t<div class=\"entry-summary the-excerpt\">\r\n\r\n\t\t\t\t\t            <p>Databeveiliging: fouten maken is (vaak) menselijk. Legal Watch \u2013 november 2019. Databeveiliging: fouten maken is (vaak) menselijk. Dit is de constatering van de overheidsinstanties die verantwoordelijk zijn voor de bescherming van persoonsgegevens, die van 21 tot en met 24 oktober in Tirana bijeenkwamen. In het kader van [\u2026] werden verschillende resoluties aangenomen.\n\r\n\t\t\t\t\t        <\/div><!-- .entry-content -->\r\n\t\t\t\t\t\t\t\t\t\t\t\t\t\t<div class=\"btn-readmore\">\r\n\t\t\t\t\t\t\t\t<a href=\"https:\/\/viqtor.eu\/nl\/securite-des-donnees-lerreur-est-humaine\/\"><i class=\"flaticon-right-arrow-1\"><\/i>Lees verder<\/a>\t\t\t\t\t\t\t<\/div>\r\n\t\t\t\t\t\t<\/div>\r\n\t\t\t\t\t<\/div>\r\n\t\t\t\t<\/article>\r\n\t\t\t\t<\/div>\r\n\t\t\t \r\n\t\t\t\t<div class=\"pgrid-box\">\r\n\t\t\t\t<article class=\"post-box blog-item\">\r\n\t\t\t\t\t<div class=\"post-inner\">\r\n\t\t\t\t\t\t\t\t\t\t\t\t\r\n\t\t\t\t\t        <div class=\"entry-media\">\r\n\t\t\t\t\t        \t<div class=\"post-cat\"><span class=\"posted-in\"><a href=\"https:\/\/viqtor.eu\/nl\/category\/veille-juridique\/\" rel=\"category tag\">Juridisch toezicht<\/a><\/span><\/div>\t\t\t\t\t            <a href=\"https:\/\/viqtor.eu\/nl\/reconnaissance-faciale-intelligence-artificielle-et-ethique-le-debat-prend-de-lampleur\/\">\r\n\t\t\t\t\t                <img loading=\"lazy\" decoding=\"async\" width=\"601\" height=\"520\" src=\"https:\/\/viqtor.eu\/wp-content\/uploads\/2023\/04\/shutterstock_233471317-601x520.jpg\" class=\"attachment-engitech-slider-post-thumbnail size-engitech-slider-post-thumbnail wp-post-image\" alt=\"\" \/>\t\t\t\t\t            <\/a>\r\n\t\t\t\t\t        <\/div>\r\n\t\t\t\t\t        \r\n\t\t\t\t\t    \r\n\t\t\t\t\t\t<div class=\"inner-post\">\r\n\t\t\t\t\t\t\t<div class=\"entry-header\">\r\n\r\n\t\t\t\t\t\t\t\t\r\n\t\t\t\t\t\t\t\t<h3 class=\"entry-title\"><a href=\"https:\/\/viqtor.eu\/nl\/reconnaissance-faciale-intelligence-artificielle-et-ethique-le-debat-prend-de-lampleur\/\" rel=\"bookmark\">Gezichtsherkenning, kunstmatige intelligentie en ethiek: het debat wint aan momentum<\/a><\/h3>\r\n\t\t\t\t\t\t\t<\/div><!-- .entry-header -->\r\n\t\t\t\t\t\t\t\r\n\t\t\t\t\t\t\t\t\t\t\t\t\t\t<div class=\"entry-summary the-excerpt\">\r\n\r\n\t\t\t\t\t            <p>Gezichtsherkenning, kunstmatige intelligentie en ethiek: het debat wint aan momentum Legal Watch \u2013 oktober 2019. Betalen met je gezicht in plaats van met een creditcard, het gebruik van Amazon-camera&#039;s om criminaliteit te bestrijden, zoals de politie van Orlando in de Verenigde Staten deed, het regelen van de bewegingen van atleten en journalisten tijdens de Olympische Spelen in [\u2026]\n\r\n\t\t\t\t\t        <\/div><!-- .entry-content -->\r\n\t\t\t\t\t\t\t\t\t\t\t\t\t\t<div class=\"btn-readmore\">\r\n\t\t\t\t\t\t\t\t<a href=\"https:\/\/viqtor.eu\/nl\/reconnaissance-faciale-intelligence-artificielle-et-ethique-le-debat-prend-de-lampleur\/\"><i class=\"flaticon-right-arrow-1\"><\/i>Lees verder<\/a>\t\t\t\t\t\t\t<\/div>\r\n\t\t\t\t\t\t<\/div>\r\n\t\t\t\t\t<\/div>\r\n\t\t\t\t<\/article>\r\n\t\t\t\t<\/div>\r\n\t\t\t \r\n\t\t\t\t<div class=\"pgrid-box\">\r\n\t\t\t\t<article class=\"post-box blog-item\">\r\n\t\t\t\t\t<div class=\"post-inner\">\r\n\t\t\t\t\t\t\t\t\t\t\t\t\r\n\t\t\t\t\t        <div class=\"entry-media\">\r\n\t\t\t\t\t        \t<div class=\"post-cat\"><span class=\"posted-in\"><a href=\"https:\/\/viqtor.eu\/nl\/category\/veille-juridique\/\" rel=\"category tag\">Juridisch toezicht<\/a><\/span><\/div>\t\t\t\t\t            <a href=\"https:\/\/viqtor.eu\/nl\/on-est-parfois-plus-responsable-quon-ne-le-pense-ou-quon-ne-le-souhaite\/\">\r\n\t\t\t\t\t                <img loading=\"lazy\" decoding=\"async\" width=\"601\" height=\"520\" src=\"https:\/\/viqtor.eu\/wp-content\/uploads\/2023\/04\/shutterstock_1318808819-601x520.jpg\" class=\"attachment-engitech-slider-post-thumbnail size-engitech-slider-post-thumbnail wp-post-image\" alt=\"\" \/>\t\t\t\t\t            <\/a>\r\n\t\t\t\t\t        <\/div>\r\n\t\t\t\t\t        \r\n\t\t\t\t\t    \r\n\t\t\t\t\t\t<div class=\"inner-post\">\r\n\t\t\t\t\t\t\t<div class=\"entry-header\">\r\n\r\n\t\t\t\t\t\t\t\t\r\n\t\t\t\t\t\t\t\t<h3 class=\"entry-title\"><a href=\"https:\/\/viqtor.eu\/nl\/on-est-parfois-plus-responsable-quon-ne-le-pense-ou-quon-ne-le-souhaite\/\" rel=\"bookmark\">Soms zijn we verantwoordelijker dan we denken... of dan we willen.<\/a><\/h3>\r\n\t\t\t\t\t\t\t<\/div><!-- .entry-header -->\r\n\t\t\t\t\t\t\t\r\n\t\t\t\t\t\t\t\t\t\t\t\t\t\t<div class=\"entry-summary the-excerpt\">\r\n\r\n\t\t\t\t\t            <p>We zijn soms verantwoordelijker dan we denken... of dan we willen zijn. Legal Watch \u2013 september 2019. Dit is het geval wanneer we een eenvoudige plug-in op onze website installeren, zelfs als we geen toegang hebben tot de gegevens die hiermee worden verzameld. Een recente uitspraak van het Hof van Justitie van [\u2026]\n\r\n\t\t\t\t\t        <\/div><!-- .entry-content -->\r\n\t\t\t\t\t\t\t\t\t\t\t\t\t\t<div class=\"btn-readmore\">\r\n\t\t\t\t\t\t\t\t<a href=\"https:\/\/viqtor.eu\/nl\/on-est-parfois-plus-responsable-quon-ne-le-pense-ou-quon-ne-le-souhaite\/\"><i class=\"flaticon-right-arrow-1\"><\/i>Lees verder<\/a>\t\t\t\t\t\t\t<\/div>\r\n\t\t\t\t\t\t<\/div>\r\n\t\t\t\t\t<\/div>\r\n\t\t\t\t<\/article>\r\n\t\t\t\t<\/div>\r\n\t\t\t \r\n\t\t\t\t<div class=\"pgrid-box\">\r\n\t\t\t\t<article class=\"post-box blog-item\">\r\n\t\t\t\t\t<div class=\"post-inner\">\r\n\t\t\t\t\t\t\t\t\t\t\t\t\r\n\t\t\t\t\t        <div class=\"entry-media\">\r\n\t\t\t\t\t        \t<div class=\"post-cat\"><span class=\"posted-in\"><a href=\"https:\/\/viqtor.eu\/nl\/category\/veille-juridique\/\" rel=\"category tag\">Juridisch toezicht<\/a><\/span><\/div>\t\t\t\t\t            <a href=\"https:\/\/viqtor.eu\/nl\/un-debut-dete-marque-par-des-sanctions-record-et-de-nouvelles-mesures-daccompagnement\/\">\r\n\t\t\t\t\t                <img loading=\"lazy\" decoding=\"async\" width=\"601\" height=\"520\" src=\"https:\/\/viqtor.eu\/wp-content\/uploads\/2023\/04\/shutterstock_691981369-601x520.jpg\" class=\"attachment-engitech-slider-post-thumbnail size-engitech-slider-post-thumbnail wp-post-image\" alt=\"Un d\u00e9but d\u2019\u00e9t\u00e9 marqu\u00e9 par des sanctions record et de nouvelles mesures d\u2019accompagnement.\" \/>\t\t\t\t\t            <\/a>\r\n\t\t\t\t\t        <\/div>\r\n\t\t\t\t\t        \r\n\t\t\t\t\t    \r\n\t\t\t\t\t\t<div class=\"inner-post\">\r\n\t\t\t\t\t\t\t<div class=\"entry-header\">\r\n\r\n\t\t\t\t\t\t\t\t\r\n\t\t\t\t\t\t\t\t<h3 class=\"entry-title\"><a href=\"https:\/\/viqtor.eu\/nl\/un-debut-dete-marque-par-des-sanctions-record-et-de-nouvelles-mesures-daccompagnement\/\" rel=\"bookmark\">Een start van de zomer met recordsancties en nieuwe steunmaatregelen.<\/a><\/h3>\r\n\t\t\t\t\t\t\t<\/div><!-- .entry-header -->\r\n\t\t\t\t\t\t\t\r\n\t\t\t\t\t\t\t\t\t\t\t\t\t\t<div class=\"entry-summary the-excerpt\">\r\n\r\n\t\t\t\t\t            <p>Een zomerstart met recordboetes en nieuwe steunmaatregelen. Legal Watch \u2013 juli-augustus 2019. De zomerstart brengt een stijging van de temperatuur met zich mee, maar ook van het aantal boetes voor overtredingen van de privacyregels. We wijzen met name op de aankondiging van de ICO, de Britse toezichthouder, van haar voornemen [\u2026]\n\r\n\t\t\t\t\t        <\/div><!-- .entry-content -->\r\n\t\t\t\t\t\t\t\t\t\t\t\t\t\t<div class=\"btn-readmore\">\r\n\t\t\t\t\t\t\t\t<a href=\"https:\/\/viqtor.eu\/nl\/un-debut-dete-marque-par-des-sanctions-record-et-de-nouvelles-mesures-daccompagnement\/\"><i class=\"flaticon-right-arrow-1\"><\/i>Lees verder<\/a>\t\t\t\t\t\t\t<\/div>\r\n\t\t\t\t\t\t<\/div>\r\n\t\t\t\t\t<\/div>\r\n\t\t\t\t<\/article>\r\n\t\t\t\t<\/div>\r\n\t\t\t \r\n\t\t\t\t<div class=\"pgrid-box\">\r\n\t\t\t\t<article class=\"post-box blog-item\">\r\n\t\t\t\t\t<div class=\"post-inner\">\r\n\t\t\t\t\t\t\t\t\t\t\t\t\r\n\t\t\t\t\t        <div class=\"entry-media\">\r\n\t\t\t\t\t        \t<div class=\"post-cat\"><span class=\"posted-in\"><a href=\"https:\/\/viqtor.eu\/nl\/category\/veille-juridique\/\" rel=\"category tag\">Juridisch toezicht<\/a><\/span><\/div>\t\t\t\t\t            <a href=\"https:\/\/viqtor.eu\/nl\/le-rgpd-un-an-apres-quels-enseignements-et-quelles-perspectives\/\">\r\n\t\t\t\t\t                <img loading=\"lazy\" decoding=\"async\" width=\"601\" height=\"520\" src=\"https:\/\/viqtor.eu\/wp-content\/uploads\/2023\/04\/shutterstock_1508348960-601x520.jpg\" class=\"attachment-engitech-slider-post-thumbnail size-engitech-slider-post-thumbnail wp-post-image\" alt=\"Le RGPD un an apr\u00e8s : quels enseignements, et quelles perspectives ?\" \/>\t\t\t\t\t            <\/a>\r\n\t\t\t\t\t        <\/div>\r\n\t\t\t\t\t        \r\n\t\t\t\t\t    \r\n\t\t\t\t\t\t<div class=\"inner-post\">\r\n\t\t\t\t\t\t\t<div class=\"entry-header\">\r\n\r\n\t\t\t\t\t\t\t\t\r\n\t\t\t\t\t\t\t\t<h3 class=\"entry-title\"><a href=\"https:\/\/viqtor.eu\/nl\/le-rgpd-un-an-apres-quels-enseignements-et-quelles-perspectives\/\" rel=\"bookmark\">AVG een jaar later: welke lessen en welke vooruitzichten?<\/a><\/h3>\r\n\t\t\t\t\t\t\t<\/div><!-- .entry-header -->\r\n\t\t\t\t\t\t\t\r\n\t\t\t\t\t\t\t\t\t\t\t\t\t\t<div class=\"entry-summary the-excerpt\">\r\n\r\n\t\t\t\t\t            <p>AVG een jaar later: welke lessen en welke vooruitzichten? Legal Watch \u2013 juni 2019. Op 25 mei 2018 trad de Algemene Verordening Gegevensbescherming (AVG) in werking. Deze nieuwe tekst heeft talloze veranderingen teweeggebracht in de bedrijfsvoering, zowel wat betreft de interne organisatie als de contacten [\u2026]\n\r\n\t\t\t\t\t        <\/div><!-- .entry-content -->\r\n\t\t\t\t\t\t\t\t\t\t\t\t\t\t<div class=\"btn-readmore\">\r\n\t\t\t\t\t\t\t\t<a href=\"https:\/\/viqtor.eu\/nl\/le-rgpd-un-an-apres-quels-enseignements-et-quelles-perspectives\/\"><i class=\"flaticon-right-arrow-1\"><\/i>Lees verder<\/a>\t\t\t\t\t\t\t<\/div>\r\n\t\t\t\t\t\t<\/div>\r\n\t\t\t\t\t<\/div>\r\n\t\t\t\t<\/article>\r\n\t\t\t\t<\/div>\r\n\t\t\t \r\n\t\t\t\t<div class=\"pgrid-box\">\r\n\t\t\t\t<article class=\"post-box blog-item\">\r\n\t\t\t\t\t<div class=\"post-inner\">\r\n\t\t\t\t\t\t\t\t\t\t\t\t\r\n\t\t\t\t\t        <div class=\"entry-media\">\r\n\t\t\t\t\t        \t<div class=\"post-cat\"><span class=\"posted-in\"><a href=\"https:\/\/viqtor.eu\/nl\/category\/veille-juridique\/\" rel=\"category tag\">Juridisch toezicht<\/a><\/span><\/div>\t\t\t\t\t            <a href=\"https:\/\/viqtor.eu\/nl\/focus-rgpd-et-employes-quel-cadre-legal\/\">\r\n\t\t\t\t\t                <img loading=\"lazy\" decoding=\"async\" width=\"601\" height=\"520\" src=\"https:\/\/viqtor.eu\/wp-content\/uploads\/2023\/04\/shutterstock_1779834572-601x520.jpg\" class=\"attachment-engitech-slider-post-thumbnail size-engitech-slider-post-thumbnail wp-post-image\" alt=\"FOCUS RGPD et employ\u00e9s : quel cadre l\u00e9gal ?\" \/>\t\t\t\t\t            <\/a>\r\n\t\t\t\t\t        <\/div>\r\n\t\t\t\t\t        \r\n\t\t\t\t\t    \r\n\t\t\t\t\t\t<div class=\"inner-post\">\r\n\t\t\t\t\t\t\t<div class=\"entry-header\">\r\n\r\n\t\t\t\t\t\t\t\t\r\n\t\t\t\t\t\t\t\t<h3 class=\"entry-title\"><a href=\"https:\/\/viqtor.eu\/nl\/focus-rgpd-et-employes-quel-cadre-legal\/\" rel=\"bookmark\">FOCUS AVG en medewerkers: welk juridisch kader?<\/a><\/h3>\r\n\t\t\t\t\t\t\t<\/div><!-- .entry-header -->\r\n\t\t\t\t\t\t\t\r\n\t\t\t\t\t\t\t\t\t\t\t\t\t\t<div class=\"entry-summary the-excerpt\">\r\n\r\n\t\t\t\t\t            <p>FOCUS AVG en medewerkers: welk juridisch kader? Legal Watch \u2013 mei 2019. Twee recente zaken rond een grote online boekwinkel roepen de vraag op naar de speelruimte van medewerkers bij de verwerking van persoonsgegevens van klanten van het bedrijf. Hoewel gegevensverwerking momenteel gereguleerd is [\u2026]\n\r\n\t\t\t\t\t        <\/div><!-- .entry-content -->\r\n\t\t\t\t\t\t\t\t\t\t\t\t\t\t<div class=\"btn-readmore\">\r\n\t\t\t\t\t\t\t\t<a href=\"https:\/\/viqtor.eu\/nl\/focus-rgpd-et-employes-quel-cadre-legal\/\"><i class=\"flaticon-right-arrow-1\"><\/i>Lees verder<\/a>\t\t\t\t\t\t\t<\/div>\r\n\t\t\t\t\t\t<\/div>\r\n\t\t\t\t\t<\/div>\r\n\t\t\t\t<\/article>\r\n\t\t\t\t<\/div>\r\n\t\t\t \r\n\t\t\t\t<div class=\"pgrid-box\">\r\n\t\t\t\t<article class=\"post-box blog-item\">\r\n\t\t\t\t\t<div class=\"post-inner\">\r\n\t\t\t\t\t\t\t\t\t\t\t\t\r\n\t\t\t\t\t        <div class=\"entry-media\">\r\n\t\t\t\t\t        \t<div class=\"post-cat\"><span class=\"posted-in\"><a href=\"https:\/\/viqtor.eu\/nl\/category\/veille-juridique\/\" rel=\"category tag\">Juridisch toezicht<\/a><\/span><\/div>\t\t\t\t\t            <a href=\"https:\/\/viqtor.eu\/nl\/donnees-sensibles-un-champ-dapplication-particulierement-large\/\">\r\n\t\t\t\t\t                <img loading=\"lazy\" decoding=\"async\" width=\"601\" height=\"479\" src=\"https:\/\/viqtor.eu\/wp-content\/uploads\/2023\/04\/shutterstock_1141709585-601x479.jpg\" class=\"attachment-engitech-slider-post-thumbnail size-engitech-slider-post-thumbnail wp-post-image\" alt=\"\" \/>\t\t\t\t\t            <\/a>\r\n\t\t\t\t\t        <\/div>\r\n\t\t\t\t\t        \r\n\t\t\t\t\t    \r\n\t\t\t\t\t\t<div class=\"inner-post\">\r\n\t\t\t\t\t\t\t<div class=\"entry-header\">\r\n\r\n\t\t\t\t\t\t\t\t\r\n\t\t\t\t\t\t\t\t<h3 class=\"entry-title\"><a href=\"https:\/\/viqtor.eu\/nl\/donnees-sensibles-un-champ-dapplication-particulierement-large\/\" rel=\"bookmark\">Gevoelige gegevens: een bijzonder breed toepassingsgebied<\/a><\/h3>\r\n\t\t\t\t\t\t\t<\/div><!-- .entry-header -->\r\n\t\t\t\t\t\t\t\r\n\t\t\t\t\t\t\t\t\t\t\t\t\t\t<div class=\"entry-summary the-excerpt\">\r\n\r\n\t\t\t\t\t            <p>Gevoelige gegevens: een bijzonder brede reikwijdte, Legal Watch nr. 50 \u2013 augustus 2022. Het kan lastig zijn om de gevoelige aard van de verzamelde gegevens te beoordelen en te beslissen of deze gegevens specifieke bescherming onder de AVG behoeven. We hebben deze interpretatieproblemen benadrukt in ons redactioneel artikel in [\u2026]\n\r\n\t\t\t\t\t        <\/div><!-- .entry-content -->\r\n\t\t\t\t\t\t\t\t\t\t\t\t\t\t<div class=\"btn-readmore\">\r\n\t\t\t\t\t\t\t\t<a href=\"https:\/\/viqtor.eu\/nl\/donnees-sensibles-un-champ-dapplication-particulierement-large\/\"><i class=\"flaticon-right-arrow-1\"><\/i>Lees verder<\/a>\t\t\t\t\t\t\t<\/div>\r\n\t\t\t\t\t\t<\/div>\r\n\t\t\t\t\t<\/div>\r\n\t\t\t\t<\/article>\r\n\t\t\t\t<\/div>\r\n\t\t\t \r\n\t\t\t\t<div class=\"pgrid-box\">\r\n\t\t\t\t<article class=\"post-box blog-item\">\r\n\t\t\t\t\t<div class=\"post-inner\">\r\n\t\t\t\t\t\t\t\t\t\t\t\t\r\n\t\t\t\t\t        <div class=\"entry-media\">\r\n\t\t\t\t\t        \t<div class=\"post-cat\"><span class=\"posted-in\"><a href=\"https:\/\/viqtor.eu\/nl\/category\/veille-juridique\/\" rel=\"category tag\">Juridisch toezicht<\/a><\/span><\/div>\t\t\t\t\t            <a href=\"https:\/\/viqtor.eu\/nl\/dark-patterns-ce-que-vous-avez-toujours-voulu-savoir-sans-oser-le-demander\/\">\r\n\t\t\t\t\t                <img loading=\"lazy\" decoding=\"async\" width=\"601\" height=\"520\" src=\"https:\/\/viqtor.eu\/wp-content\/uploads\/2023\/04\/shutterstock_317415725-601x520.jpg\" class=\"attachment-engitech-slider-post-thumbnail size-engitech-slider-post-thumbnail wp-post-image\" alt=\"\" \/>\t\t\t\t\t            <\/a>\r\n\t\t\t\t\t        <\/div>\r\n\t\t\t\t\t        \r\n\t\t\t\t\t    \r\n\t\t\t\t\t\t<div class=\"inner-post\">\r\n\t\t\t\t\t\t\t<div class=\"entry-header\">\r\n\r\n\t\t\t\t\t\t\t\t\r\n\t\t\t\t\t\t\t\t<h3 class=\"entry-title\"><a href=\"https:\/\/viqtor.eu\/nl\/dark-patterns-ce-que-vous-avez-toujours-voulu-savoir-sans-oser-le-demander\/\" rel=\"bookmark\">Donkere patronen: wat je altijd al wilde weten, maar bang was om te vragen...<\/a><\/h3>\r\n\t\t\t\t\t\t\t<\/div><!-- .entry-header -->\r\n\t\t\t\t\t\t\t\r\n\t\t\t\t\t\t\t\t\t\t\t\t\t\t<div class=\"entry-summary the-excerpt\">\r\n\r\n\t\t\t\t\t            <p>Duistere patronen: wat je altijd al wilde weten, maar bang was om te vragen... Legal Watch nr. 45 \u2013 maart 2022. Deze moeilijk te vertalen Engelse term komt in veel publicaties over informatietechnologie voor. Gerelateerd aan &quot;nudging&quot;, dat internetgebruikers subtiel wil aanzetten tot het gewenste gedrag, &quot;[\u2026]\n\r\n\t\t\t\t\t        <\/div><!-- .entry-content -->\r\n\t\t\t\t\t\t\t\t\t\t\t\t\t\t<div class=\"btn-readmore\">\r\n\t\t\t\t\t\t\t\t<a href=\"https:\/\/viqtor.eu\/nl\/dark-patterns-ce-que-vous-avez-toujours-voulu-savoir-sans-oser-le-demander\/\"><i class=\"flaticon-right-arrow-1\"><\/i>Lees verder<\/a>\t\t\t\t\t\t\t<\/div>\r\n\t\t\t\t\t\t<\/div>\r\n\t\t\t\t\t<\/div>\r\n\t\t\t\t<\/article>\r\n\t\t\t\t<\/div>\r\n\t\t\t \r\n\t\t\t\t<div class=\"pgrid-box\">\r\n\t\t\t\t<article class=\"post-box blog-item\">\r\n\t\t\t\t\t<div class=\"post-inner\">\r\n\t\t\t\t\t\t\t\t\t\t\t\t\r\n\t\t\t\t\t        <div class=\"entry-media\">\r\n\t\t\t\t\t        \t<div class=\"post-cat\"><span class=\"posted-in\"><a href=\"https:\/\/viqtor.eu\/nl\/category\/veille-juridique\/\" rel=\"category tag\">Juridisch toezicht<\/a><\/span><\/div>\t\t\t\t\t            <a href=\"https:\/\/viqtor.eu\/nl\/rancongiciels-des-attaques-en-constante-augmentation\/\">\r\n\t\t\t\t\t                <img loading=\"lazy\" decoding=\"async\" width=\"500\" height=\"334\" src=\"https:\/\/viqtor.eu\/wp-content\/uploads\/2023\/04\/shutterstock_1050436496.jpg\" class=\"attachment-engitech-slider-post-thumbnail size-engitech-slider-post-thumbnail wp-post-image\" alt=\"Le r\u00f4le essentiel des sous-traitants\" srcset=\"https:\/\/viqtor.eu\/wp-content\/uploads\/2023\/04\/shutterstock_1050436496.jpg 500w, https:\/\/viqtor.eu\/wp-content\/uploads\/2023\/04\/shutterstock_1050436496-300x200.jpg 300w\" sizes=\"(max-width: 500px) 100vw, 500px\" \/>\t\t\t\t\t            <\/a>\r\n\t\t\t\t\t        <\/div>\r\n\t\t\t\t\t        \r\n\t\t\t\t\t    \r\n\t\t\t\t\t\t<div class=\"inner-post\">\r\n\t\t\t\t\t\t\t<div class=\"entry-header\">\r\n\r\n\t\t\t\t\t\t\t\t\r\n\t\t\t\t\t\t\t\t<h3 class=\"entry-title\"><a href=\"https:\/\/viqtor.eu\/nl\/rancongiciels-des-attaques-en-constante-augmentation\/\" rel=\"bookmark\">Ransomware: aanvallen nemen toe<\/a><\/h3>\r\n\t\t\t\t\t\t\t<\/div><!-- .entry-header -->\r\n\t\t\t\t\t\t\t\r\n\t\t\t\t\t\t\t\t\t\t\t\t\t\t<div class=\"entry-summary the-excerpt\">\r\n\r\n\t\t\t\t\t            <p>Ransomware: aanvallen nemen toe Legal Watch nr. 51 \u2013 september 2022. Ransomware: aanvallen nemen toe: Het nieuws van dit najaar brengt ons terug bij een terugkerende zorg van gegevensbeheerders: beveiligingsinbreuken. De cyberaanval op het ziekenhuis in Essonne en de verspreiding van meerdere gigabytes aan gegevens [\u2026]\n\r\n\t\t\t\t\t        <\/div><!-- .entry-content -->\r\n\t\t\t\t\t\t\t\t\t\t\t\t\t\t<div class=\"btn-readmore\">\r\n\t\t\t\t\t\t\t\t<a href=\"https:\/\/viqtor.eu\/nl\/rancongiciels-des-attaques-en-constante-augmentation\/\"><i class=\"flaticon-right-arrow-1\"><\/i>Lees verder<\/a>\t\t\t\t\t\t\t<\/div>\r\n\t\t\t\t\t\t<\/div>\r\n\t\t\t\t\t<\/div>\r\n\t\t\t\t<\/article>\r\n\t\t\t\t<\/div>\r\n\t\t\t \r\n\t\t\t\t<div class=\"pgrid-box\">\r\n\t\t\t\t<article class=\"post-box blog-item\">\r\n\t\t\t\t\t<div class=\"post-inner\">\r\n\t\t\t\t\t\t\t\t\t\t\t\t\r\n\t\t\t\t\t        <div class=\"entry-media\">\r\n\t\t\t\t\t        \t<div class=\"post-cat\"><span class=\"posted-in\"><a href=\"https:\/\/viqtor.eu\/nl\/category\/veille-juridique\/\" rel=\"category tag\">Juridisch toezicht<\/a><\/span><\/div>\t\t\t\t\t            <a href=\"https:\/\/viqtor.eu\/nl\/transferts-de-donnees-a-caractere-personnel-vers-les-etats-unis\/\">\r\n\t\t\t\t\t                <img loading=\"lazy\" decoding=\"async\" width=\"500\" height=\"334\" src=\"https:\/\/viqtor.eu\/wp-content\/uploads\/2023\/04\/shutterstock_1784045918.jpg\" class=\"attachment-engitech-slider-post-thumbnail size-engitech-slider-post-thumbnail wp-post-image\" alt=\"\" srcset=\"https:\/\/viqtor.eu\/wp-content\/uploads\/2023\/04\/shutterstock_1784045918.jpg 500w, https:\/\/viqtor.eu\/wp-content\/uploads\/2023\/04\/shutterstock_1784045918-300x200.jpg 300w\" sizes=\"(max-width: 500px) 100vw, 500px\" \/>\t\t\t\t\t            <\/a>\r\n\t\t\t\t\t        <\/div>\r\n\t\t\t\t\t        \r\n\t\t\t\t\t    \r\n\t\t\t\t\t\t<div class=\"inner-post\">\r\n\t\t\t\t\t\t\t<div class=\"entry-header\">\r\n\r\n\t\t\t\t\t\t\t\t\r\n\t\t\t\t\t\t\t\t<h3 class=\"entry-title\"><a href=\"https:\/\/viqtor.eu\/nl\/transferts-de-donnees-a-caractere-personnel-vers-les-etats-unis\/\" rel=\"bookmark\">Doorgifte van persoonsgegevens naar de Verenigde Staten: voortgangsrapport<\/a><\/h3>\r\n\t\t\t\t\t\t\t<\/div><!-- .entry-header -->\r\n\t\t\t\t\t\t\t\r\n\t\t\t\t\t\t\t\t\t\t\t\t\t\t<div class=\"entry-summary the-excerpt\">\r\n\r\n\t\t\t\t\t            <p>Doorgifte van persoonsgegevens naar de Verenigde Staten: voortgangsrapport Legal Watch nr. 55 \u2013 januari 2023 Doorgifte van persoonsgegevens naar de Verenigde Staten: voortgangsrapport. De juridische onzekerheid die momenteel weegt op de gegevensuitwisseling tussen Europa en de Verenigde Staten, heeft gevolgen voor concrete gebieden zoals de strijd tegen [\u2026]\n\r\n\t\t\t\t\t        <\/div><!-- .entry-content -->\r\n\t\t\t\t\t\t\t\t\t\t\t\t\t\t<div class=\"btn-readmore\">\r\n\t\t\t\t\t\t\t\t<a href=\"https:\/\/viqtor.eu\/nl\/transferts-de-donnees-a-caractere-personnel-vers-les-etats-unis\/\"><i class=\"flaticon-right-arrow-1\"><\/i>Lees verder<\/a>\t\t\t\t\t\t\t<\/div>\r\n\t\t\t\t\t\t<\/div>\r\n\t\t\t\t\t<\/div>\r\n\t\t\t\t<\/article>\r\n\t\t\t\t<\/div>\r\n\t\t\t \r\n\t\t\t\t<div class=\"pgrid-box\">\r\n\t\t\t\t<article class=\"post-box blog-item\">\r\n\t\t\t\t\t<div class=\"post-inner\">\r\n\t\t\t\t\t\t\t\t\t\t\t\t\r\n\t\t\t\t\t        <div class=\"entry-media\">\r\n\t\t\t\t\t        \t<div class=\"post-cat\"><span class=\"posted-in\"><a href=\"https:\/\/viqtor.eu\/nl\/category\/veille-juridique\/\" rel=\"category tag\">Juridisch toezicht<\/a><\/span><\/div>\t\t\t\t\t            <a href=\"https:\/\/viqtor.eu\/nl\/donnees-a-caractere-personnel\/\">\r\n\t\t\t\t\t                <img loading=\"lazy\" decoding=\"async\" width=\"500\" height=\"334\" src=\"https:\/\/viqtor.eu\/wp-content\/uploads\/2023\/04\/shutterstock_2209159749.jpg\" class=\"attachment-engitech-slider-post-thumbnail size-engitech-slider-post-thumbnail wp-post-image\" alt=\"\" srcset=\"https:\/\/viqtor.eu\/wp-content\/uploads\/2023\/04\/shutterstock_2209159749.jpg 500w, https:\/\/viqtor.eu\/wp-content\/uploads\/2023\/04\/shutterstock_2209159749-300x200.jpg 300w\" sizes=\"(max-width: 500px) 100vw, 500px\" \/>\t\t\t\t\t            <\/a>\r\n\t\t\t\t\t        <\/div>\r\n\t\t\t\t\t        \r\n\t\t\t\t\t    \r\n\t\t\t\t\t\t<div class=\"inner-post\">\r\n\t\t\t\t\t\t\t<div class=\"entry-header\">\r\n\r\n\t\t\t\t\t\t\t\t\r\n\t\t\t\t\t\t\t\t<h3 class=\"entry-title\"><a href=\"https:\/\/viqtor.eu\/nl\/donnees-a-caractere-personnel\/\" rel=\"bookmark\">Persoonsgegevens: is het gebruik van een grondrecht verhandelbaar?<\/a><\/h3>\r\n\t\t\t\t\t\t\t<\/div><!-- .entry-header -->\r\n\t\t\t\t\t\t\t\r\n\t\t\t\t\t\t\t\t\t\t\t\t\t\t<div class=\"entry-summary the-excerpt\">\r\n\r\n\t\t\t\t\t            <p>Persoonsgegevens: kan er over het gebruik van een grondrecht onderhandeld worden? Legal Watch nr. 54 \u2013 december 2022 Persoonsgegevens: kan er over het gebruik van een grondrecht onderhandeld worden? Reageren op de procedure tegen Meta, het moederbedrijf van Facebook, WhatsApp en Instagram, zou wel eens vermoeiend kunnen worden, omdat het de woede van de gegevensbeschermingsautoriteiten opwekt. [\u2026]\n\r\n\t\t\t\t\t        <\/div><!-- .entry-content -->\r\n\t\t\t\t\t\t\t\t\t\t\t\t\t\t<div class=\"btn-readmore\">\r\n\t\t\t\t\t\t\t\t<a href=\"https:\/\/viqtor.eu\/nl\/donnees-a-caractere-personnel\/\"><i class=\"flaticon-right-arrow-1\"><\/i>Lees verder<\/a>\t\t\t\t\t\t\t<\/div>\r\n\t\t\t\t\t\t<\/div>\r\n\t\t\t\t\t<\/div>\r\n\t\t\t\t<\/article>\r\n\t\t\t\t<\/div>\r\n\t\t\t \r\n\t\t\t\t<div class=\"pgrid-box\">\r\n\t\t\t\t<article class=\"post-box blog-item\">\r\n\t\t\t\t\t<div class=\"post-inner\">\r\n\t\t\t\t\t\t\t\t\t\t\t\t\r\n\t\t\t\t\t        <div class=\"entry-media\">\r\n\t\t\t\t\t        \t<div class=\"post-cat\"><span class=\"posted-in\"><a href=\"https:\/\/viqtor.eu\/nl\/category\/veille-juridique\/\" rel=\"category tag\">Juridisch toezicht<\/a><\/span><\/div>\t\t\t\t\t            <a href=\"https:\/\/viqtor.eu\/nl\/recours-en-justice-une-dynamique-nouvelle-pour-les-actions-collectives\/\">\r\n\t\t\t\t\t                <img loading=\"lazy\" decoding=\"async\" width=\"500\" height=\"419\" src=\"https:\/\/viqtor.eu\/wp-content\/uploads\/2023\/04\/shutterstock_1755983537.jpg\" class=\"attachment-engitech-slider-post-thumbnail size-engitech-slider-post-thumbnail wp-post-image\" alt=\"\" srcset=\"https:\/\/viqtor.eu\/wp-content\/uploads\/2023\/04\/shutterstock_1755983537.jpg 500w, https:\/\/viqtor.eu\/wp-content\/uploads\/2023\/04\/shutterstock_1755983537-300x251.jpg 300w\" sizes=\"(max-width: 500px) 100vw, 500px\" \/>\t\t\t\t\t            <\/a>\r\n\t\t\t\t\t        <\/div>\r\n\t\t\t\t\t        \r\n\t\t\t\t\t    \r\n\t\t\t\t\t\t<div class=\"inner-post\">\r\n\t\t\t\t\t\t\t<div class=\"entry-header\">\r\n\r\n\t\t\t\t\t\t\t\t\r\n\t\t\t\t\t\t\t\t<h3 class=\"entry-title\"><a href=\"https:\/\/viqtor.eu\/nl\/recours-en-justice-une-dynamique-nouvelle-pour-les-actions-collectives\/\" rel=\"bookmark\">Juridische stappen: een nieuwe dynamiek voor collectieve rechtszaken?<\/a><\/h3>\r\n\t\t\t\t\t\t\t<\/div><!-- .entry-header -->\r\n\t\t\t\t\t\t\t\r\n\t\t\t\t\t\t\t\t\t\t\t\t\t\t<div class=\"entry-summary the-excerpt\">\r\n\r\n\t\t\t\t\t            <p>Juridische acties: een nieuwe dynamiek voor collectieve acties? Legal Watch nr. 53 \u2013 november 2022 Juridische acties: een nieuwe dynamiek voor collectieve acties? Het aantal rechtszaken met betrekking tot de bescherming van persoonsgegevens is in Frankrijk en Europa nog steeds beperkt. Als de [\u2026]\n\r\n\t\t\t\t\t        <\/div><!-- .entry-content -->\r\n\t\t\t\t\t\t\t\t\t\t\t\t\t\t<div class=\"btn-readmore\">\r\n\t\t\t\t\t\t\t\t<a href=\"https:\/\/viqtor.eu\/nl\/recours-en-justice-une-dynamique-nouvelle-pour-les-actions-collectives\/\"><i class=\"flaticon-right-arrow-1\"><\/i>Lees verder<\/a>\t\t\t\t\t\t\t<\/div>\r\n\t\t\t\t\t\t<\/div>\r\n\t\t\t\t\t<\/div>\r\n\t\t\t\t<\/article>\r\n\t\t\t\t<\/div>\r\n\t\t\t \r\n\t\t\t\t<div class=\"pgrid-box\">\r\n\t\t\t\t<article class=\"post-box blog-item\">\r\n\t\t\t\t\t<div class=\"post-inner\">\r\n\t\t\t\t\t\t\t\t\t\t\t\t\r\n\t\t\t\t\t        <div class=\"entry-media\">\r\n\t\t\t\t\t        \t<div class=\"post-cat\"><span class=\"posted-in\"><a href=\"https:\/\/viqtor.eu\/nl\/category\/veille-juridique\/\" rel=\"category tag\">Juridisch toezicht<\/a><\/span><\/div>\t\t\t\t\t            <a href=\"https:\/\/viqtor.eu\/nl\/lia-dans-tous-ses-etats\/\">\r\n\t\t\t\t\t                <img loading=\"lazy\" decoding=\"async\" width=\"500\" height=\"334\" src=\"https:\/\/viqtor.eu\/wp-content\/uploads\/2023\/04\/shutterstock_680929729.jpg\" class=\"attachment-engitech-slider-post-thumbnail size-engitech-slider-post-thumbnail wp-post-image\" alt=\"\" srcset=\"https:\/\/viqtor.eu\/wp-content\/uploads\/2023\/04\/shutterstock_680929729.jpg 500w, https:\/\/viqtor.eu\/wp-content\/uploads\/2023\/04\/shutterstock_680929729-300x200.jpg 300w\" sizes=\"(max-width: 500px) 100vw, 500px\" \/>\t\t\t\t\t            <\/a>\r\n\t\t\t\t\t        <\/div>\r\n\t\t\t\t\t        \r\n\t\t\t\t\t    \r\n\t\t\t\t\t\t<div class=\"inner-post\">\r\n\t\t\t\t\t\t\t<div class=\"entry-header\">\r\n\r\n\t\t\t\t\t\t\t\t\r\n\t\t\t\t\t\t\t\t<h3 class=\"entry-title\"><a href=\"https:\/\/viqtor.eu\/nl\/lia-dans-tous-ses-etats\/\" rel=\"bookmark\">AI in al zijn vormen.<\/a><\/h3>\r\n\t\t\t\t\t\t\t<\/div><!-- .entry-header -->\r\n\t\t\t\t\t\t\t\r\n\t\t\t\t\t\t\t\t\t\t\t\t\t\t<div class=\"entry-summary the-excerpt\">\r\n\r\n\t\t\t\t\t            <p>AI in al haar vormen, Legal Watch nr. 52 \u2013 oktober 2022. Op 17 oktober 2022 bevestigde de CNIL haar regelgevende bevoegdheid op het gebied van kunstmatige intelligentie door Clearview AI een boete van \u20ac 20 miljoen op te leggen. Deze sanctie volgt op een formele aanmaning die onbeantwoord bleef, en [\u2026]\n\r\n\t\t\t\t\t        <\/div><!-- .entry-content -->\r\n\t\t\t\t\t\t\t\t\t\t\t\t\t\t<div class=\"btn-readmore\">\r\n\t\t\t\t\t\t\t\t<a href=\"https:\/\/viqtor.eu\/nl\/lia-dans-tous-ses-etats\/\"><i class=\"flaticon-right-arrow-1\"><\/i>Lees verder<\/a>\t\t\t\t\t\t\t<\/div>\r\n\t\t\t\t\t\t<\/div>\r\n\t\t\t\t\t<\/div>\r\n\t\t\t\t<\/article>\r\n\t\t\t\t<\/div>\r\n\t\t\t \r\n\t\t\t\t<div class=\"pgrid-box\">\r\n\t\t\t\t<article class=\"post-box blog-item\">\r\n\t\t\t\t\t<div class=\"post-inner\">\r\n\t\t\t\t\t\t\t\t\t\t\t\t\r\n\t\t\t\t\t        <div class=\"entry-media\">\r\n\t\t\t\t\t        \t<div class=\"post-cat\"><span class=\"posted-in\"><a href=\"https:\/\/viqtor.eu\/nl\/category\/veille-juridique\/\" rel=\"category tag\">Juridisch toezicht<\/a><\/span><\/div>\t\t\t\t\t            <a href=\"https:\/\/viqtor.eu\/nl\/analyser-son-audience-pour-mieux-communiquer\/\">\r\n\t\t\t\t\t                <img loading=\"lazy\" decoding=\"async\" width=\"500\" height=\"334\" src=\"https:\/\/viqtor.eu\/wp-content\/uploads\/2023\/04\/shutterstock_252391039.jpg\" class=\"attachment-engitech-slider-post-thumbnail size-engitech-slider-post-thumbnail wp-post-image\" alt=\"\" srcset=\"https:\/\/viqtor.eu\/wp-content\/uploads\/2023\/04\/shutterstock_252391039.jpg 500w, https:\/\/viqtor.eu\/wp-content\/uploads\/2023\/04\/shutterstock_252391039-300x200.jpg 300w\" sizes=\"(max-width: 500px) 100vw, 500px\" \/>\t\t\t\t\t            <\/a>\r\n\t\t\t\t\t        <\/div>\r\n\t\t\t\t\t        \r\n\t\t\t\t\t    \r\n\t\t\t\t\t\t<div class=\"inner-post\">\r\n\t\t\t\t\t\t\t<div class=\"entry-header\">\r\n\r\n\t\t\t\t\t\t\t\t\r\n\t\t\t\t\t\t\t\t<h3 class=\"entry-title\"><a href=\"https:\/\/viqtor.eu\/nl\/analyser-son-audience-pour-mieux-communiquer\/\" rel=\"bookmark\">Analyseer je publiek om beter te communiceren. Wat zijn de regels?<\/a><\/h3>\r\n\t\t\t\t\t\t\t<\/div><!-- .entry-header -->\r\n\t\t\t\t\t\t\t\r\n\t\t\t\t\t\t\t\t\t\t\t\t\t\t<div class=\"entry-summary the-excerpt\">\r\n\r\n\t\t\t\t\t            <p>Je publiek analyseren om beter te communiceren... wat zijn de regels? Legal Watch nr. 49 \u2013 juli 2022 Je publiek analyseren om beter te communiceren... wat zijn de regels? Media en sociale netwerken stellen bedrijven nu in staat hun publiek te analyseren om hun doelgroep beter te targeten, hun imago te verbeteren en hun marketingstrategie aan te passen. [\u2026]\n\r\n\t\t\t\t\t        <\/div><!-- .entry-content -->\r\n\t\t\t\t\t\t\t\t\t\t\t\t\t\t<div class=\"btn-readmore\">\r\n\t\t\t\t\t\t\t\t<a href=\"https:\/\/viqtor.eu\/nl\/analyser-son-audience-pour-mieux-communiquer\/\"><i class=\"flaticon-right-arrow-1\"><\/i>Lees verder<\/a>\t\t\t\t\t\t\t<\/div>\r\n\t\t\t\t\t\t<\/div>\r\n\t\t\t\t\t<\/div>\r\n\t\t\t\t<\/article>\r\n\t\t\t\t<\/div>\r\n\t\t\t \r\n\t\t\t\t<div class=\"pgrid-box\">\r\n\t\t\t\t<article class=\"post-box blog-item\">\r\n\t\t\t\t\t<div class=\"post-inner\">\r\n\t\t\t\t\t\t\t\t\t\t\t\t\r\n\t\t\t\t\t        <div class=\"entry-media\">\r\n\t\t\t\t\t        \t<div class=\"post-cat\"><span class=\"posted-in\"><a href=\"https:\/\/viqtor.eu\/nl\/category\/veille-juridique\/\" rel=\"category tag\">Juridisch toezicht<\/a><\/span><\/div>\t\t\t\t\t            <a href=\"https:\/\/viqtor.eu\/nl\/metaverse-fashion-week-dans-decentraland\/\">\r\n\t\t\t\t\t                <img loading=\"lazy\" decoding=\"async\" width=\"500\" height=\"334\" src=\"https:\/\/viqtor.eu\/wp-content\/uploads\/2023\/04\/shutterstock_1944426163.jpg\" class=\"attachment-engitech-slider-post-thumbnail size-engitech-slider-post-thumbnail wp-post-image\" alt=\"\" srcset=\"https:\/\/viqtor.eu\/wp-content\/uploads\/2023\/04\/shutterstock_1944426163.jpg 500w, https:\/\/viqtor.eu\/wp-content\/uploads\/2023\/04\/shutterstock_1944426163-300x200.jpg 300w\" sizes=\"(max-width: 500px) 100vw, 500px\" \/>\t\t\t\t\t            <\/a>\r\n\t\t\t\t\t        <\/div>\r\n\t\t\t\t\t        \r\n\t\t\t\t\t    \r\n\t\t\t\t\t\t<div class=\"inner-post\">\r\n\t\t\t\t\t\t\t<div class=\"entry-header\">\r\n\r\n\t\t\t\t\t\t\t\t\r\n\t\t\t\t\t\t\t\t<h3 class=\"entry-title\"><a href=\"https:\/\/viqtor.eu\/nl\/metaverse-fashion-week-dans-decentraland\/\" rel=\"bookmark\">Metaverse Fashion Week in Decentraland, een van de populairste virtuele werelden.<\/a><\/h3>\r\n\t\t\t\t\t\t\t<\/div><!-- .entry-header -->\r\n\t\t\t\t\t\t\t\r\n\t\t\t\t\t\t\t\t\t\t\t\t\t\t<div class=\"entry-summary the-excerpt\">\r\n\r\n\t\t\t\t\t            <p>Metaverse Fashion Week in Decentraland, een van de populairste virtuele werelden. Legal Watch nr. 48 \u2013 juni 2022 Brave New World. In maart 2022 vond het Metaverse Fashion Week-evenement plaats in Decentraland, een van de populairste virtuele werelden. Een online concert werd gestreamd op het Fortnite-gamingplatform [\u2026]\n\r\n\t\t\t\t\t        <\/div><!-- .entry-content -->\r\n\t\t\t\t\t\t\t\t\t\t\t\t\t\t<div class=\"btn-readmore\">\r\n\t\t\t\t\t\t\t\t<a href=\"https:\/\/viqtor.eu\/nl\/metaverse-fashion-week-dans-decentraland\/\"><i class=\"flaticon-right-arrow-1\"><\/i>Lees verder<\/a>\t\t\t\t\t\t\t<\/div>\r\n\t\t\t\t\t\t<\/div>\r\n\t\t\t\t\t<\/div>\r\n\t\t\t\t<\/article>\r\n\t\t\t\t<\/div>\r\n\t\t\t \r\n\t\t\t\t<div class=\"pgrid-box\">\r\n\t\t\t\t<article class=\"post-box blog-item\">\r\n\t\t\t\t\t<div class=\"post-inner\">\r\n\t\t\t\t\t\t\t\t\t\t\t\t\r\n\t\t\t\t\t        <div class=\"entry-media\">\r\n\t\t\t\t\t        \t<div class=\"post-cat\"><span class=\"posted-in\"><a href=\"https:\/\/viqtor.eu\/nl\/category\/veille-juridique\/\" rel=\"category tag\">Juridisch toezicht<\/a><\/span><\/div>\t\t\t\t\t            <a href=\"https:\/\/viqtor.eu\/nl\/decisions-automatisees-comment-le-rgpd-est-il-mis-en-oeuvre\/\">\r\n\t\t\t\t\t                <img loading=\"lazy\" decoding=\"async\" width=\"601\" height=\"520\" src=\"https:\/\/viqtor.eu\/wp-content\/uploads\/2023\/04\/shutterstock_661113826-1-601x520.jpg\" class=\"attachment-engitech-slider-post-thumbnail size-engitech-slider-post-thumbnail wp-post-image\" alt=\"E-learning RGPD\" \/>\t\t\t\t\t            <\/a>\r\n\t\t\t\t\t        <\/div>\r\n\t\t\t\t\t        \r\n\t\t\t\t\t    \r\n\t\t\t\t\t\t<div class=\"inner-post\">\r\n\t\t\t\t\t\t\t<div class=\"entry-header\">\r\n\r\n\t\t\t\t\t\t\t\t\r\n\t\t\t\t\t\t\t\t<h3 class=\"entry-title\"><a href=\"https:\/\/viqtor.eu\/nl\/decisions-automatisees-comment-le-rgpd-est-il-mis-en-oeuvre\/\" rel=\"bookmark\">Geautomatiseerde beslissingen: hoe wordt de AVG ge\u00efmplementeerd?<\/a><\/h3>\r\n\t\t\t\t\t\t\t<\/div><!-- .entry-header -->\r\n\t\t\t\t\t\t\t\r\n\t\t\t\t\t\t\t\t\t\t\t\t\t\t<div class=\"entry-summary the-excerpt\">\r\n\r\n\t\t\t\t\t            <p>Geautomatiseerde beslissingen: hoe wordt de AVG ge\u00efmplementeerd? Legal Watch nr. 47 \u2013 mei 2022 Geautomatiseerde beslissingen: hoe wordt de AVG ge\u00efmplementeerd? Op 17 mei publiceerde het Future of Privacy Forum een uitgebreid rapport over geautomatiseerde beslissingen. Dit rapport analyseert meer dan 70 documenten [\u2026]\n\r\n\t\t\t\t\t        <\/div><!-- .entry-content -->\r\n\t\t\t\t\t\t\t\t\t\t\t\t\t\t<div class=\"btn-readmore\">\r\n\t\t\t\t\t\t\t\t<a href=\"https:\/\/viqtor.eu\/nl\/decisions-automatisees-comment-le-rgpd-est-il-mis-en-oeuvre\/\"><i class=\"flaticon-right-arrow-1\"><\/i>Lees verder<\/a>\t\t\t\t\t\t\t<\/div>\r\n\t\t\t\t\t\t<\/div>\r\n\t\t\t\t\t<\/div>\r\n\t\t\t\t<\/article>\r\n\t\t\t\t<\/div>\r\n\t\t\t \r\n\t\t\t\t<div class=\"pgrid-box\">\r\n\t\t\t\t<article class=\"post-box blog-item\">\r\n\t\t\t\t\t<div class=\"post-inner\">\r\n\t\t\t\t\t\t\t\t\t\t\t\t\r\n\t\t\t\t\t        <div class=\"entry-media\">\r\n\t\t\t\t\t        \t<div class=\"post-cat\"><span class=\"posted-in\"><a href=\"https:\/\/viqtor.eu\/nl\/category\/veille-juridique\/\" rel=\"category tag\">Juridisch toezicht<\/a><\/span><\/div>\t\t\t\t\t            <a href=\"https:\/\/viqtor.eu\/nl\/dsa-dma\/\">\r\n\t\t\t\t\t                <img loading=\"lazy\" decoding=\"async\" width=\"601\" height=\"520\" src=\"https:\/\/viqtor.eu\/wp-content\/uploads\/2023\/04\/shutterstock_2209639365-601x520.jpg\" class=\"attachment-engitech-slider-post-thumbnail size-engitech-slider-post-thumbnail wp-post-image\" alt=\"registre de traitement RGPD\" \/>\t\t\t\t\t            <\/a>\r\n\t\t\t\t\t        <\/div>\r\n\t\t\t\t\t        \r\n\t\t\t\t\t    \r\n\t\t\t\t\t\t<div class=\"inner-post\">\r\n\t\t\t\t\t\t\t<div class=\"entry-header\">\r\n\r\n\t\t\t\t\t\t\t\t\r\n\t\t\t\t\t\t\t\t<h3 class=\"entry-title\"><a href=\"https:\/\/viqtor.eu\/nl\/dsa-dma\/\" rel=\"bookmark\">DSA \u2013 DMA: twee pijlers van de Europese digitale strategie.<\/a><\/h3>\r\n\t\t\t\t\t\t\t<\/div><!-- .entry-header -->\r\n\t\t\t\t\t\t\t\r\n\t\t\t\t\t\t\t\t\t\t\t\t\t\t<div class=\"entry-summary the-excerpt\">\r\n\r\n\t\t\t\t\t            <p>DSA \u2013 DMA: Twee pijlers van de Europese digitale strategie. Legal Watch nr. 46 \u2013 april 2022 DSA \u2013 DMA: Twee pijlers van de Europese digitale strategie. Sinds de totstandkoming van een politiek akkoord in de nacht van 22 op 23 april is de DSA, oftewel de Wet op digitale diensten, onderwerp geweest van talrijke commentaren in de [\u2026]\n\r\n\t\t\t\t\t        <\/div><!-- .entry-content -->\r\n\t\t\t\t\t\t\t\t\t\t\t\t\t\t<div class=\"btn-readmore\">\r\n\t\t\t\t\t\t\t\t<a href=\"https:\/\/viqtor.eu\/nl\/dsa-dma\/\"><i class=\"flaticon-right-arrow-1\"><\/i>Lees verder<\/a>\t\t\t\t\t\t\t<\/div>\r\n\t\t\t\t\t\t<\/div>\r\n\t\t\t\t\t<\/div>\r\n\t\t\t\t<\/article>\r\n\t\t\t\t<\/div>\r\n\t\t\t \r\n\t\t\t\t<div class=\"pgrid-box\">\r\n\t\t\t\t<article class=\"post-box blog-item\">\r\n\t\t\t\t\t<div class=\"post-inner\">\r\n\t\t\t\t\t\t\t\t\t\t\t\t\r\n\t\t\t\t\t        <div class=\"entry-media\">\r\n\t\t\t\t\t        \t<div class=\"post-cat\"><span class=\"posted-in\"><a href=\"https:\/\/viqtor.eu\/nl\/category\/veille-juridique\/\" rel=\"category tag\">Juridisch toezicht<\/a><\/span><\/div>\t\t\t\t\t            <a href=\"https:\/\/viqtor.eu\/nl\/outils-analytiques\/\">\r\n\t\t\t\t\t                <img loading=\"lazy\" decoding=\"async\" width=\"601\" height=\"520\" src=\"https:\/\/viqtor.eu\/wp-content\/uploads\/2023\/04\/shutterstock_791436157-601x520.jpg\" class=\"attachment-engitech-slider-post-thumbnail size-engitech-slider-post-thumbnail wp-post-image\" alt=\"\" \/>\t\t\t\t\t            <\/a>\r\n\t\t\t\t\t        <\/div>\r\n\t\t\t\t\t        \r\n\t\t\t\t\t    \r\n\t\t\t\t\t\t<div class=\"inner-post\">\r\n\t\t\t\t\t\t\t<div class=\"entry-header\">\r\n\r\n\t\t\t\t\t\t\t\t\r\n\t\t\t\t\t\t\t\t<h3 class=\"entry-title\"><a href=\"https:\/\/viqtor.eu\/nl\/outils-analytiques\/\" rel=\"bookmark\">Analytische tools: de impact van een rechterlijke uitspraak \u2013 en inlichtingendiensten \u2013 op onze websites.<\/a><\/h3>\r\n\t\t\t\t\t\t\t<\/div><!-- .entry-header -->\r\n\t\t\t\t\t\t\t\r\n\t\t\t\t\t\t\t\t\t\t\t\t\t\t<div class=\"entry-summary the-excerpt\">\r\n\r\n\t\t\t\t\t            <p>Analysetools: de impact van een rechterlijke uitspraak \u2013 en inlichtingendiensten \u2013 op onze websites. Legal Watch nr. 44 \u2013 februari 2022 Analysetools: de impact van een rechterlijke uitspraak \u2013 en inlichtingendiensten \u2013 op onze websites. Het \u201cSchrems II\u201d-arrest van het Hof van Justitie van de Europese Unie werd al [\u2026]\n\r\n\t\t\t\t\t        <\/div><!-- .entry-content -->\r\n\t\t\t\t\t\t\t\t\t\t\t\t\t\t<div class=\"btn-readmore\">\r\n\t\t\t\t\t\t\t\t<a href=\"https:\/\/viqtor.eu\/nl\/outils-analytiques\/\"><i class=\"flaticon-right-arrow-1\"><\/i>Lees verder<\/a>\t\t\t\t\t\t\t<\/div>\r\n\t\t\t\t\t\t<\/div>\r\n\t\t\t\t\t<\/div>\r\n\t\t\t\t<\/article>\r\n\t\t\t\t<\/div>\r\n\t\t\t \r\n\t\t\t\t<div class=\"pgrid-box\">\r\n\t\t\t\t<article class=\"post-box blog-item\">\r\n\t\t\t\t\t<div class=\"post-inner\">\r\n\t\t\t\t\t\t\t\t\t\t\t\t\r\n\t\t\t\t\t        <div class=\"entry-media\">\r\n\t\t\t\t\t        \t<div class=\"post-cat\"><span class=\"posted-in\"><a href=\"https:\/\/viqtor.eu\/nl\/category\/veille-juridique\/\" rel=\"category tag\">Juridisch toezicht<\/a><\/span><\/div>\t\t\t\t\t            <a href=\"https:\/\/viqtor.eu\/nl\/donnees-sensibles-et-categories-particulieres-de-donnees\/\">\r\n\t\t\t\t\t                <img loading=\"lazy\" decoding=\"async\" width=\"601\" height=\"520\" src=\"https:\/\/viqtor.eu\/wp-content\/uploads\/2023\/04\/shutterstock_2171394857-601x520.jpg\" class=\"attachment-engitech-slider-post-thumbnail size-engitech-slider-post-thumbnail wp-post-image\" alt=\"\" \/>\t\t\t\t\t            <\/a>\r\n\t\t\t\t\t        <\/div>\r\n\t\t\t\t\t        \r\n\t\t\t\t\t    \r\n\t\t\t\t\t\t<div class=\"inner-post\">\r\n\t\t\t\t\t\t\t<div class=\"entry-header\">\r\n\r\n\t\t\t\t\t\t\t\t\r\n\t\t\t\t\t\t\t\t<h3 class=\"entry-title\"><a href=\"https:\/\/viqtor.eu\/nl\/donnees-sensibles-et-categories-particulieres-de-donnees\/\" rel=\"bookmark\">Gevoelige gegevens en bijzondere categorie\u00ebn gegevens: zes van de \u00e9\u00e9n en een half dozijn van de ander?<\/a><\/h3>\r\n\t\t\t\t\t\t\t<\/div><!-- .entry-header -->\r\n\t\t\t\t\t\t\t\r\n\t\t\t\t\t\t\t\t\t\t\t\t\t\t<div class=\"entry-summary the-excerpt\">\r\n\r\n\t\t\t\t\t            <p>Gevoelige gegevens en bijzondere categorie\u00ebn gegevens: zes van de ene en een half dozijn van de andere? Legal Watch nr. 43 \u2013 januari 2022 Gevoelige gegevens en bijzondere categorie\u00ebn gegevens: zes van de ene en een half dozijn van de andere? Bij de verwerking van gegevens met betrekking tot gezondheid, politieke of religieuze opvattingen, is de kwalificatie die direct in gedachten komt [\u2026]\n\r\n\t\t\t\t\t        <\/div><!-- .entry-content -->\r\n\t\t\t\t\t\t\t\t\t\t\t\t\t\t<div class=\"btn-readmore\">\r\n\t\t\t\t\t\t\t\t<a href=\"https:\/\/viqtor.eu\/nl\/donnees-sensibles-et-categories-particulieres-de-donnees\/\"><i class=\"flaticon-right-arrow-1\"><\/i>Lees verder<\/a>\t\t\t\t\t\t\t<\/div>\r\n\t\t\t\t\t\t<\/div>\r\n\t\t\t\t\t<\/div>\r\n\t\t\t\t<\/article>\r\n\t\t\t\t<\/div>\r\n\t\t\t \r\n\t\t\t\t<div class=\"pgrid-box\">\r\n\t\t\t\t<article class=\"post-box blog-item\">\r\n\t\t\t\t\t<div class=\"post-inner\">\r\n\t\t\t\t\t\t\t\t\t\t\t\t\r\n\t\t\t\t\t        <div class=\"entry-media\">\r\n\t\t\t\t\t        \t<div class=\"post-cat\"><span class=\"posted-in\"><a href=\"https:\/\/viqtor.eu\/nl\/category\/veille-juridique\/\" rel=\"category tag\">Juridisch toezicht<\/a><\/span><\/div>\t\t\t\t\t            <a href=\"https:\/\/viqtor.eu\/nl\/une-nouvelle-annee-sous-le-signe-de-lexpectative\/\">\r\n\t\t\t\t\t                <img loading=\"lazy\" decoding=\"async\" width=\"601\" height=\"520\" src=\"https:\/\/viqtor.eu\/wp-content\/uploads\/2023\/04\/shutterstock_1827228413-601x520.jpg\" class=\"attachment-engitech-slider-post-thumbnail size-engitech-slider-post-thumbnail wp-post-image\" alt=\"\" \/>\t\t\t\t\t            <\/a>\r\n\t\t\t\t\t        <\/div>\r\n\t\t\t\t\t        \r\n\t\t\t\t\t    \r\n\t\t\t\t\t\t<div class=\"inner-post\">\r\n\t\t\t\t\t\t\t<div class=\"entry-header\">\r\n\r\n\t\t\t\t\t\t\t\t\r\n\t\t\t\t\t\t\t\t<h3 class=\"entry-title\"><a href=\"https:\/\/viqtor.eu\/nl\/une-nouvelle-annee-sous-le-signe-de-lexpectative\/\" rel=\"bookmark\">Een nieuw jaar in het teken van verwachting<\/a><\/h3>\r\n\t\t\t\t\t\t\t<\/div><!-- .entry-header -->\r\n\t\t\t\t\t\t\t\r\n\t\t\t\t\t\t\t\t\t\t\t\t\t\t<div class=\"entry-summary the-excerpt\">\r\n\r\n\t\t\t\t\t            <p>Een nieuw jaar in het teken van verwachting Legal Watch nr. 42 \u2013 december 2021 Een nieuw jaar in het teken van verwachting Op het gebied van gegevensbescherming kondigt het nieuwe jaar geen grote ontwikkelingen aan, maar een evolutie en wellicht strategische beslissingen over bepaalde actuele thema&#039;s. Laten we ons concentreren op drie daarvan: de [\u2026]\n\r\n\t\t\t\t\t        <\/div><!-- .entry-content -->\r\n\t\t\t\t\t\t\t\t\t\t\t\t\t\t<div class=\"btn-readmore\">\r\n\t\t\t\t\t\t\t\t<a href=\"https:\/\/viqtor.eu\/nl\/une-nouvelle-annee-sous-le-signe-de-lexpectative\/\"><i class=\"flaticon-right-arrow-1\"><\/i>Lees verder<\/a>\t\t\t\t\t\t\t<\/div>\r\n\t\t\t\t\t\t<\/div>\r\n\t\t\t\t\t<\/div>\r\n\t\t\t\t<\/article>\r\n\t\t\t\t<\/div>\r\n\t\t\t \r\n\t\t\t\t<div class=\"pgrid-box\">\r\n\t\t\t\t<article class=\"post-box blog-item\">\r\n\t\t\t\t\t<div class=\"post-inner\">\r\n\t\t\t\t\t\t\t\t\t\t\t\t\r\n\t\t\t\t\t        <div class=\"entry-media\">\r\n\t\t\t\t\t        \t<div class=\"post-cat\"><span class=\"posted-in\"><a href=\"https:\/\/viqtor.eu\/nl\/category\/veille-juridique\/\" rel=\"category tag\">Juridisch toezicht<\/a><\/span><\/div>\t\t\t\t\t            <a href=\"https:\/\/viqtor.eu\/nl\/le-cycle-de-vie-des-donnees-a-caractere-personnel\/\">\r\n\t\t\t\t\t                <img loading=\"lazy\" decoding=\"async\" width=\"601\" height=\"520\" src=\"https:\/\/viqtor.eu\/wp-content\/uploads\/2023\/04\/shutterstock_1493993612-601x520.jpg\" class=\"attachment-engitech-slider-post-thumbnail size-engitech-slider-post-thumbnail wp-post-image\" alt=\"\" \/>\t\t\t\t\t            <\/a>\r\n\t\t\t\t\t        <\/div>\r\n\t\t\t\t\t        \r\n\t\t\t\t\t    \r\n\t\t\t\t\t\t<div class=\"inner-post\">\r\n\t\t\t\t\t\t\t<div class=\"entry-header\">\r\n\r\n\t\t\t\t\t\t\t\t\r\n\t\t\t\t\t\t\t\t<h3 class=\"entry-title\"><a href=\"https:\/\/viqtor.eu\/nl\/le-cycle-de-vie-des-donnees-a-caractere-personnel\/\" rel=\"bookmark\">De levenscyclus van persoonsgegevens<\/a><\/h3>\r\n\t\t\t\t\t\t\t<\/div><!-- .entry-header -->\r\n\t\t\t\t\t\t\t\r\n\t\t\t\t\t\t\t\t\t\t\t\t\t\t<div class=\"entry-summary the-excerpt\">\r\n\r\n\t\t\t\t\t            <p>De levenscyclus van persoonsgegevens Legal Watch nr. 41 \u2013 november 2021 De levenscyclus van persoonsgegevens. Onder de verplichtingen die de AVG biedt, is er \u00e9\u00e9n die, ondanks zijn ogenschijnlijk onschuldige aard, snel een hoofdpijndossier kan worden voor de verwerkingsverantwoordelijke: het is de [\u2026]\n\r\n\t\t\t\t\t        <\/div><!-- .entry-content -->\r\n\t\t\t\t\t\t\t\t\t\t\t\t\t\t<div class=\"btn-readmore\">\r\n\t\t\t\t\t\t\t\t<a href=\"https:\/\/viqtor.eu\/nl\/le-cycle-de-vie-des-donnees-a-caractere-personnel\/\"><i class=\"flaticon-right-arrow-1\"><\/i>Lees verder<\/a>\t\t\t\t\t\t\t<\/div>\r\n\t\t\t\t\t\t<\/div>\r\n\t\t\t\t\t<\/div>\r\n\t\t\t\t<\/article>\r\n\t\t\t\t<\/div>\r\n\t\t\t \r\n\t\t\t\t<div class=\"pgrid-box\">\r\n\t\t\t\t<article class=\"post-box blog-item\">\r\n\t\t\t\t\t<div class=\"post-inner\">\r\n\t\t\t\t\t\t\t\t\t\t\t\t\r\n\t\t\t\t\t        <div class=\"entry-media\">\r\n\t\t\t\t\t        \t<div class=\"post-cat\"><span class=\"posted-in\"><a href=\"https:\/\/viqtor.eu\/nl\/category\/veille-juridique\/\" rel=\"category tag\">Juridisch toezicht<\/a><\/span><\/div>\t\t\t\t\t            <a href=\"https:\/\/viqtor.eu\/nl\/le-cloud-act-et-les-entreprises-europeennes\/\">\r\n\t\t\t\t\t                <img loading=\"lazy\" decoding=\"async\" width=\"601\" height=\"520\" src=\"https:\/\/viqtor.eu\/wp-content\/uploads\/2023\/04\/shutterstock_2269121321-601x520.jpg\" class=\"attachment-engitech-slider-post-thumbnail size-engitech-slider-post-thumbnail wp-post-image\" alt=\"\" \/>\t\t\t\t\t            <\/a>\r\n\t\t\t\t\t        <\/div>\r\n\t\t\t\t\t        \r\n\t\t\t\t\t    \r\n\t\t\t\t\t\t<div class=\"inner-post\">\r\n\t\t\t\t\t\t\t<div class=\"entry-header\">\r\n\r\n\t\t\t\t\t\t\t\t\r\n\t\t\t\t\t\t\t\t<h3 class=\"entry-title\"><a href=\"https:\/\/viqtor.eu\/nl\/le-cloud-act-et-les-entreprises-europeennes\/\" rel=\"bookmark\">De CLOUD Act en Europese bedrijven: wat is het toepassingsgebied?<\/a><\/h3>\r\n\t\t\t\t\t\t\t<\/div><!-- .entry-header -->\r\n\t\t\t\t\t\t\t\r\n\t\t\t\t\t\t\t\t\t\t\t\t\t\t<div class=\"entry-summary the-excerpt\">\r\n\r\n\t\t\t\t\t            <p>De CLOUD Act en Europese bedrijven: wat is het toepassingsgebied? Legal Watch nr. 40 \u2013 oktober 2021 De CLOUD Act en Europese bedrijven: wat is het toepassingsgebied? De dematerialisatie van data en de opslag ervan in de &quot;clouds&quot; hebben fundamentele en complexe gevolgen voor de verplichtingen van bedrijven. Zelfs wanneer ze worden opgeslagen [\u2026]\n\r\n\t\t\t\t\t        <\/div><!-- .entry-content -->\r\n\t\t\t\t\t\t\t\t\t\t\t\t\t\t<div class=\"btn-readmore\">\r\n\t\t\t\t\t\t\t\t<a href=\"https:\/\/viqtor.eu\/nl\/le-cloud-act-et-les-entreprises-europeennes\/\"><i class=\"flaticon-right-arrow-1\"><\/i>Lees verder<\/a>\t\t\t\t\t\t\t<\/div>\r\n\t\t\t\t\t\t<\/div>\r\n\t\t\t\t\t<\/div>\r\n\t\t\t\t<\/article>\r\n\t\t\t\t<\/div>\r\n\t\t\t \r\n\t\t\t\t<div class=\"pgrid-box\">\r\n\t\t\t\t<article class=\"post-box blog-item\">\r\n\t\t\t\t\t<div class=\"post-inner\">\r\n\t\t\t\t\t\t\t\t\t\t\t\t\r\n\t\t\t\t\t        <div class=\"entry-media\">\r\n\t\t\t\t\t        \t<div class=\"post-cat\"><span class=\"posted-in\"><a href=\"https:\/\/viqtor.eu\/nl\/category\/veille-juridique\/\" rel=\"category tag\">Juridisch toezicht<\/a><\/span><\/div>\t\t\t\t\t            <a href=\"https:\/\/viqtor.eu\/nl\/responsable-et-sous-traitant-qui-engage-sa-responsabilite\/\">\r\n\t\t\t\t\t                <img loading=\"lazy\" decoding=\"async\" width=\"601\" height=\"520\" src=\"https:\/\/viqtor.eu\/wp-content\/uploads\/2023\/04\/shutterstock_1726908307-601x520.jpg\" class=\"attachment-engitech-slider-post-thumbnail size-engitech-slider-post-thumbnail wp-post-image\" alt=\"RGPD E-LEARNING\" \/>\t\t\t\t\t            <\/a>\r\n\t\t\t\t\t        <\/div>\r\n\t\t\t\t\t        \r\n\t\t\t\t\t    \r\n\t\t\t\t\t\t<div class=\"inner-post\">\r\n\t\t\t\t\t\t\t<div class=\"entry-header\">\r\n\r\n\t\t\t\t\t\t\t\t\r\n\t\t\t\t\t\t\t\t<h3 class=\"entry-title\"><a href=\"https:\/\/viqtor.eu\/nl\/responsable-et-sous-traitant-qui-engage-sa-responsabilite\/\" rel=\"bookmark\">Manager en onderaannemer: wie is aansprakelijk?<\/a><\/h3>\r\n\t\t\t\t\t\t\t<\/div><!-- .entry-header -->\r\n\t\t\t\t\t\t\t\r\n\t\t\t\t\t\t\t\t\t\t\t\t\t\t<div class=\"entry-summary the-excerpt\">\r\n\r\n\t\t\t\t\t            <p>Verwerkingsverantwoordelijke en onderaannemer: wie is aansprakelijk? Legal Watch nr. 39 \u2013 september 2021 Verwerkingsverantwoordelijke en onderaannemer: wie is aansprakelijk? Veel verwerkingsverantwoordelijken maken gebruik van onderaannemers, of het nu gaat om personeelsbeheer, advertentietargeting of gegevensbeveiliging. [\u2026]\n\r\n\t\t\t\t\t        <\/div><!-- .entry-content -->\r\n\t\t\t\t\t\t\t\t\t\t\t\t\t\t<div class=\"btn-readmore\">\r\n\t\t\t\t\t\t\t\t<a href=\"https:\/\/viqtor.eu\/nl\/responsable-et-sous-traitant-qui-engage-sa-responsabilite\/\"><i class=\"flaticon-right-arrow-1\"><\/i>Lees verder<\/a>\t\t\t\t\t\t\t<\/div>\r\n\t\t\t\t\t\t<\/div>\r\n\t\t\t\t\t<\/div>\r\n\t\t\t\t<\/article>\r\n\t\t\t\t<\/div>\r\n\t\t\t \r\n\t\t\t\t<div class=\"pgrid-box\">\r\n\t\t\t\t<article class=\"post-box blog-item\">\r\n\t\t\t\t\t<div class=\"post-inner\">\r\n\t\t\t\t\t\t\t\t\t\t\t\t\r\n\t\t\t\t\t        <div class=\"entry-media\">\r\n\t\t\t\t\t        \t<div class=\"post-cat\"><span class=\"posted-in\"><a href=\"https:\/\/viqtor.eu\/nl\/category\/veille-juridique\/\" rel=\"category tag\">Juridisch toezicht<\/a><\/span><\/div>\t\t\t\t\t            <a href=\"https:\/\/viqtor.eu\/nl\/decision-whatsapp\/\">\r\n\t\t\t\t\t                <img loading=\"lazy\" decoding=\"async\" width=\"601\" height=\"520\" src=\"https:\/\/viqtor.eu\/wp-content\/uploads\/2023\/04\/shutterstock_1312557080-601x520.jpg\" class=\"attachment-engitech-slider-post-thumbnail size-engitech-slider-post-thumbnail wp-post-image\" alt=\"\" \/>\t\t\t\t\t            <\/a>\r\n\t\t\t\t\t        <\/div>\r\n\t\t\t\t\t        \r\n\t\t\t\t\t    \r\n\t\t\t\t\t\t<div class=\"inner-post\">\r\n\t\t\t\t\t\t\t<div class=\"entry-header\">\r\n\r\n\t\t\t\t\t\t\t\t\r\n\t\t\t\t\t\t\t\t<h3 class=\"entry-title\"><a href=\"https:\/\/viqtor.eu\/nl\/decision-whatsapp\/\" rel=\"bookmark\">WhatsApp-beslissing: einde aan straffeloosheid voor GAFAM in Europa?<\/a><\/h3>\r\n\t\t\t\t\t\t\t<\/div><!-- .entry-header -->\r\n\t\t\t\t\t\t\t\r\n\t\t\t\t\t\t\t\t\t\t\t\t\t\t<div class=\"entry-summary the-excerpt\">\r\n\r\n\t\t\t\t\t            <p>WhatsApp-besluit: einde aan de straffeloosheid voor GAFAM in Europa? Legal Watch nr. 38 \u2013 augustus 2021 WhatsApp-besluit: einde aan de straffeloosheid voor GAFAM in Europa? We hebben in een eerder nieuwsbericht de moeilijkheden bij het bereiken van overeenstemming op Europees niveau over de implementatie van de Algemene Verordening Gegevensbescherming (AVG) benadrukt [\u2026]\n\r\n\t\t\t\t\t        <\/div><!-- .entry-content -->\r\n\t\t\t\t\t\t\t\t\t\t\t\t\t\t<div class=\"btn-readmore\">\r\n\t\t\t\t\t\t\t\t<a href=\"https:\/\/viqtor.eu\/nl\/decision-whatsapp\/\"><i class=\"flaticon-right-arrow-1\"><\/i>Lees verder<\/a>\t\t\t\t\t\t\t<\/div>\r\n\t\t\t\t\t\t<\/div>\r\n\t\t\t\t\t<\/div>\r\n\t\t\t\t<\/article>\r\n\t\t\t\t<\/div>\r\n\t\t\t \r\n\t\t\t\t<div class=\"pgrid-box\">\r\n\t\t\t\t<article class=\"post-box blog-item\">\r\n\t\t\t\t\t<div class=\"post-inner\">\r\n\t\t\t\t\t\t\t\t\t\t\t\t\r\n\t\t\t\t\t        <div class=\"entry-media\">\r\n\t\t\t\t\t        \t<div class=\"post-cat\"><span class=\"posted-in\"><a href=\"https:\/\/viqtor.eu\/nl\/category\/veille-juridique\/\" rel=\"category tag\">Juridisch toezicht<\/a><\/span><\/div>\t\t\t\t\t            <a href=\"https:\/\/viqtor.eu\/nl\/pegasus\/\">\r\n\t\t\t\t\t                <img loading=\"lazy\" decoding=\"async\" width=\"601\" height=\"520\" src=\"https:\/\/viqtor.eu\/wp-content\/uploads\/2023\/04\/shutterstock_2151289487-601x520.jpg\" class=\"attachment-engitech-slider-post-thumbnail size-engitech-slider-post-thumbnail wp-post-image\" alt=\"\" \/>\t\t\t\t\t            <\/a>\r\n\t\t\t\t\t        <\/div>\r\n\t\t\t\t\t        \r\n\t\t\t\t\t    \r\n\t\t\t\t\t\t<div class=\"inner-post\">\r\n\t\t\t\t\t\t\t<div class=\"entry-header\">\r\n\r\n\t\t\t\t\t\t\t\t\r\n\t\t\t\t\t\t\t\t<h3 class=\"entry-title\"><a href=\"https:\/\/viqtor.eu\/nl\/pegasus\/\" rel=\"bookmark\">Pegasus \u2013 spyware die de wet tart.<\/a><\/h3>\r\n\t\t\t\t\t\t\t<\/div><!-- .entry-header -->\r\n\t\t\t\t\t\t\t\r\n\t\t\t\t\t\t\t\t\t\t\t\t\t\t<div class=\"entry-summary the-excerpt\">\r\n\r\n\t\t\t\t\t            <p>Pegasus \u2013 Spyware daagt de wet uit. Legal Watch nr. 37 \u2013 juli 2021 Pegasus \u2013 Spyware daagt de wet uit. In juli onthulde het Pegasus-project de ongekende impact van Isra\u00eblische spyware op smartphones met iOS of Android, die data kan afluisteren en extraheren. [\u2026]\n\r\n\t\t\t\t\t        <\/div><!-- .entry-content -->\r\n\t\t\t\t\t\t\t\t\t\t\t\t\t\t<div class=\"btn-readmore\">\r\n\t\t\t\t\t\t\t\t<a href=\"https:\/\/viqtor.eu\/nl\/pegasus\/\"><i class=\"flaticon-right-arrow-1\"><\/i>Lees verder<\/a>\t\t\t\t\t\t\t<\/div>\r\n\t\t\t\t\t\t<\/div>\r\n\t\t\t\t\t<\/div>\r\n\t\t\t\t<\/article>\r\n\t\t\t\t<\/div>\r\n\t\t\t \r\n\t\t\t\t<div class=\"pgrid-box\">\r\n\t\t\t\t<article class=\"post-box blog-item\">\r\n\t\t\t\t\t<div class=\"post-inner\">\r\n\t\t\t\t\t\t\t\t\t\t\t\t\r\n\t\t\t\t\t        <div class=\"entry-media\">\r\n\t\t\t\t\t        \t<div class=\"post-cat\"><span class=\"posted-in\"><a href=\"https:\/\/viqtor.eu\/nl\/category\/veille-juridique\/\" rel=\"category tag\">Juridisch toezicht<\/a><\/span><\/div>\t\t\t\t\t            <a href=\"https:\/\/viqtor.eu\/nl\/vers-une-europe-de-la-protection-des-donnees\/\">\r\n\t\t\t\t\t                <img loading=\"lazy\" decoding=\"async\" width=\"601\" height=\"520\" src=\"https:\/\/viqtor.eu\/wp-content\/uploads\/2023\/04\/shutterstock_348928994-601x520.jpg\" class=\"attachment-engitech-slider-post-thumbnail size-engitech-slider-post-thumbnail wp-post-image\" alt=\"\" \/>\t\t\t\t\t            <\/a>\r\n\t\t\t\t\t        <\/div>\r\n\t\t\t\t\t        \r\n\t\t\t\t\t    \r\n\t\t\t\t\t\t<div class=\"inner-post\">\r\n\t\t\t\t\t\t\t<div class=\"entry-header\">\r\n\r\n\t\t\t\t\t\t\t\t\r\n\t\t\t\t\t\t\t\t<h3 class=\"entry-title\"><a href=\"https:\/\/viqtor.eu\/nl\/vers-une-europe-de-la-protection-des-donnees\/\" rel=\"bookmark\">Op weg naar een Europa van gegevensbescherming: de weg is nog lang.<\/a><\/h3>\r\n\t\t\t\t\t\t\t<\/div><!-- .entry-header -->\r\n\t\t\t\t\t\t\t\r\n\t\t\t\t\t\t\t\t\t\t\t\t\t\t<div class=\"entry-summary the-excerpt\">\r\n\r\n\t\t\t\t\t            <p>Op weg naar een Europa van gegevensbescherming: de weg is lang. Legal Watch nr. 36 \u2013 juni 2021 Op weg naar een Europa van gegevensbescherming: de weg is lang. De Algemene Verordening Gegevensbescherming wekte veel verwachtingen op het gebied van duidelijkheid en effici\u00ebntie toen deze van kracht werd [\u2026]\n\r\n\t\t\t\t\t        <\/div><!-- .entry-content -->\r\n\t\t\t\t\t\t\t\t\t\t\t\t\t\t<div class=\"btn-readmore\">\r\n\t\t\t\t\t\t\t\t<a href=\"https:\/\/viqtor.eu\/nl\/vers-une-europe-de-la-protection-des-donnees\/\"><i class=\"flaticon-right-arrow-1\"><\/i>Lees verder<\/a>\t\t\t\t\t\t\t<\/div>\r\n\t\t\t\t\t\t<\/div>\r\n\t\t\t\t\t<\/div>\r\n\t\t\t\t<\/article>\r\n\t\t\t\t<\/div>\r\n\t\t\t \r\n\t\t\t\t<div class=\"pgrid-box\">\r\n\t\t\t\t<article class=\"post-box blog-item\">\r\n\t\t\t\t\t<div class=\"post-inner\">\r\n\t\t\t\t\t\t\t\t\t\t\t\t\r\n\t\t\t\t\t        <div class=\"entry-media\">\r\n\t\t\t\t\t        \t<div class=\"post-cat\"><span class=\"posted-in\"><a href=\"https:\/\/viqtor.eu\/nl\/category\/veille-juridique\/\" rel=\"category tag\">Juridisch toezicht<\/a><\/span><\/div>\t\t\t\t\t            <a href=\"https:\/\/viqtor.eu\/nl\/exercice-des-droits-dacces-portabilite\/\">\r\n\t\t\t\t\t                <img loading=\"lazy\" decoding=\"async\" width=\"601\" height=\"520\" src=\"https:\/\/viqtor.eu\/wp-content\/uploads\/2023\/04\/shutterstock_471720524-601x520.jpg\" class=\"attachment-engitech-slider-post-thumbnail size-engitech-slider-post-thumbnail wp-post-image\" alt=\"Un DPO ou un Correspondant \u00e0 la protection des donn\u00e9es\" \/>\t\t\t\t\t            <\/a>\r\n\t\t\t\t\t        <\/div>\r\n\t\t\t\t\t        \r\n\t\t\t\t\t    \r\n\t\t\t\t\t\t<div class=\"inner-post\">\r\n\t\t\t\t\t\t\t<div class=\"entry-header\">\r\n\r\n\t\t\t\t\t\t\t\t\r\n\t\t\t\t\t\t\t\t<h3 class=\"entry-title\"><a href=\"https:\/\/viqtor.eu\/nl\/exercice-des-droits-dacces-portabilite\/\" rel=\"bookmark\">Uitoefening van toegangsrechten, overdraagbaarheid: welke bevoegdheden heeft een vertegenwoordiger?<\/a><\/h3>\r\n\t\t\t\t\t\t\t<\/div><!-- .entry-header -->\r\n\t\t\t\t\t\t\t\r\n\t\t\t\t\t\t\t\t\t\t\t\t\t\t<div class=\"entry-summary the-excerpt\">\r\n\r\n\t\t\t\t\t            <p>Toegangsrechten uitoefenen, overdraagbaarheid: wat zijn de bevoegdheden van een agent? Legal Watch nr. 35 \u2013 mei 2021 Toegangsrechten uitoefenen, overdraagbaarheid: wat zijn de bevoegdheden van een agent? Sommige verwerkingsverantwoordelijken hebben terecht hun verbijstering geuit toen ze een verzoek ontvingen van een bedrijf dat belast is met het verkrijgen van [\u2026]\n\r\n\t\t\t\t\t        <\/div><!-- .entry-content -->\r\n\t\t\t\t\t\t\t\t\t\t\t\t\t\t<div class=\"btn-readmore\">\r\n\t\t\t\t\t\t\t\t<a href=\"https:\/\/viqtor.eu\/nl\/exercice-des-droits-dacces-portabilite\/\"><i class=\"flaticon-right-arrow-1\"><\/i>Lees verder<\/a>\t\t\t\t\t\t\t<\/div>\r\n\t\t\t\t\t\t<\/div>\r\n\t\t\t\t\t<\/div>\r\n\t\t\t\t<\/article>\r\n\t\t\t\t<\/div>\r\n\t\t\t \r\n\t\t\t\t<div class=\"pgrid-box\">\r\n\t\t\t\t<article class=\"post-box blog-item\">\r\n\t\t\t\t\t<div class=\"post-inner\">\r\n\t\t\t\t\t\t\t\t\t\t\t\t\r\n\t\t\t\t\t        <div class=\"entry-media\">\r\n\t\t\t\t\t        \t<div class=\"post-cat\"><span class=\"posted-in\"><a href=\"https:\/\/viqtor.eu\/nl\/category\/veille-juridique\/\" rel=\"category tag\">Juridisch toezicht<\/a><\/span><\/div>\t\t\t\t\t            <a href=\"https:\/\/viqtor.eu\/nl\/lintelligence-artificielle-au-gre-du-droit-et-des-enjeux-de-societe\/\">\r\n\t\t\t\t\t                <img loading=\"lazy\" decoding=\"async\" width=\"601\" height=\"520\" src=\"https:\/\/viqtor.eu\/wp-content\/uploads\/2023\/04\/shutterstock_2247923515-601x520.jpg\" class=\"attachment-engitech-slider-post-thumbnail size-engitech-slider-post-thumbnail wp-post-image\" alt=\"\" \/>\t\t\t\t\t            <\/a>\r\n\t\t\t\t\t        <\/div>\r\n\t\t\t\t\t        \r\n\t\t\t\t\t    \r\n\t\t\t\t\t\t<div class=\"inner-post\">\r\n\t\t\t\t\t\t\t<div class=\"entry-header\">\r\n\r\n\t\t\t\t\t\t\t\t\r\n\t\t\t\t\t\t\t\t<h3 class=\"entry-title\"><a href=\"https:\/\/viqtor.eu\/nl\/lintelligence-artificielle-au-gre-du-droit-et-des-enjeux-de-societe\/\" rel=\"bookmark\">Kunstmatige intelligentie in lijn met wetgeving en maatschappelijke vraagstukken.<\/a><\/h3>\r\n\t\t\t\t\t\t\t<\/div><!-- .entry-header -->\r\n\t\t\t\t\t\t\t\r\n\t\t\t\t\t\t\t\t\t\t\t\t\t\t<div class=\"entry-summary the-excerpt\">\r\n\r\n\t\t\t\t\t            <p>Kunstmatige intelligentie in lijn met de wet en maatschappelijke uitdagingen. Legal Watch nr. 34 \u2013 april 2021 Kunstmatige intelligentie in lijn met de wet en maatschappelijke uitdagingen. Kunstmatige intelligentie en veiligheid zijn nu met elkaar verbonden in het politieke en juridische discours. Maar in hoeverre kan de aanpassing van ons regelgevingskader aan uitdagingen zoals terrorisme [\u2026]\n\r\n\t\t\t\t\t        <\/div><!-- .entry-content -->\r\n\t\t\t\t\t\t\t\t\t\t\t\t\t\t<div class=\"btn-readmore\">\r\n\t\t\t\t\t\t\t\t<a href=\"https:\/\/viqtor.eu\/nl\/lintelligence-artificielle-au-gre-du-droit-et-des-enjeux-de-societe\/\"><i class=\"flaticon-right-arrow-1\"><\/i>Lees verder<\/a>\t\t\t\t\t\t\t<\/div>\r\n\t\t\t\t\t\t<\/div>\r\n\t\t\t\t\t<\/div>\r\n\t\t\t\t<\/article>\r\n\t\t\t\t<\/div>\r\n\t\t\t \r\n\t\t\t\t<div class=\"pgrid-box\">\r\n\t\t\t\t<article class=\"post-box blog-item\">\r\n\t\t\t\t\t<div class=\"post-inner\">\r\n\t\t\t\t\t\t\t\t\t\t\t\t\r\n\t\t\t\t\t        <div class=\"entry-media\">\r\n\t\t\t\t\t        \t<div class=\"post-cat\"><span class=\"posted-in\"><a href=\"https:\/\/viqtor.eu\/nl\/category\/veille-juridique\/\" rel=\"category tag\">Juridisch toezicht<\/a><\/span><\/div>\t\t\t\t\t            <a href=\"https:\/\/viqtor.eu\/nl\/cameras-intelligentes-et-vie-privee\/\">\r\n\t\t\t\t\t                <img loading=\"lazy\" decoding=\"async\" width=\"601\" height=\"520\" src=\"https:\/\/viqtor.eu\/wp-content\/uploads\/2023\/04\/shutterstock_1804911730-601x520.jpg\" class=\"attachment-engitech-slider-post-thumbnail size-engitech-slider-post-thumbnail wp-post-image\" alt=\"\" \/>\t\t\t\t\t            <\/a>\r\n\t\t\t\t\t        <\/div>\r\n\t\t\t\t\t        \r\n\t\t\t\t\t    \r\n\t\t\t\t\t\t<div class=\"inner-post\">\r\n\t\t\t\t\t\t\t<div class=\"entry-header\">\r\n\r\n\t\t\t\t\t\t\t\t\r\n\t\t\t\t\t\t\t\t<h3 class=\"entry-title\"><a href=\"https:\/\/viqtor.eu\/nl\/cameras-intelligentes-et-vie-privee\/\" rel=\"bookmark\">Slimme camera\u2019s en privacy: de juiste balans?<\/a><\/h3>\r\n\t\t\t\t\t\t\t<\/div><!-- .entry-header -->\r\n\t\t\t\t\t\t\t\r\n\t\t\t\t\t\t\t\t\t\t\t\t\t\t<div class=\"entry-summary the-excerpt\">\r\n\r\n\t\t\t\t\t            <p>Slimme camera&#039;s en privacy: de juiste balans? Legal Watch nr. 33 \u2013 maart 2021 Slimme camera&#039;s en privacy: de juiste balans? Sinds maart hangen er camera&#039;s in het openbaar vervoer om te controleren of gebruikers een mondkapje dragen. Deze maatregelen [\u2026]\n\r\n\t\t\t\t\t        <\/div><!-- .entry-content -->\r\n\t\t\t\t\t\t\t\t\t\t\t\t\t\t<div class=\"btn-readmore\">\r\n\t\t\t\t\t\t\t\t<a href=\"https:\/\/viqtor.eu\/nl\/cameras-intelligentes-et-vie-privee\/\"><i class=\"flaticon-right-arrow-1\"><\/i>Lees verder<\/a>\t\t\t\t\t\t\t<\/div>\r\n\t\t\t\t\t\t<\/div>\r\n\t\t\t\t\t<\/div>\r\n\t\t\t\t<\/article>\r\n\t\t\t\t<\/div>\r\n\t\t\t \r\n\t\t\t\t<div class=\"pgrid-box\">\r\n\t\t\t\t<article class=\"post-box blog-item\">\r\n\t\t\t\t\t<div class=\"post-inner\">\r\n\t\t\t\t\t\t\t\t\t\t\t\t\r\n\t\t\t\t\t        <div class=\"entry-media\">\r\n\t\t\t\t\t        \t<div class=\"post-cat\"><span class=\"posted-in\"><a href=\"https:\/\/viqtor.eu\/nl\/category\/veille-juridique\/\" rel=\"category tag\">Juridisch toezicht<\/a><\/span><\/div>\t\t\t\t\t            <a href=\"https:\/\/viqtor.eu\/nl\/securite-fuite-de-donnees-et-rancongiciel\/\">\r\n\t\t\t\t\t                <img loading=\"lazy\" decoding=\"async\" width=\"601\" height=\"520\" src=\"https:\/\/viqtor.eu\/wp-content\/uploads\/2023\/04\/shutterstock_46487152-601x520.jpg\" class=\"attachment-engitech-slider-post-thumbnail size-engitech-slider-post-thumbnail wp-post-image\" alt=\"\" \/>\t\t\t\t\t            <\/a>\r\n\t\t\t\t\t        <\/div>\r\n\t\t\t\t\t        \r\n\t\t\t\t\t    \r\n\t\t\t\t\t\t<div class=\"inner-post\">\r\n\t\t\t\t\t\t\t<div class=\"entry-header\">\r\n\r\n\t\t\t\t\t\t\t\t\r\n\t\t\t\t\t\t\t\t<h3 class=\"entry-title\"><a href=\"https:\/\/viqtor.eu\/nl\/securite-fuite-de-donnees-et-rancongiciel\/\" rel=\"bookmark\">Beveiliging, datalekken en ransomware: aanvallen die serieus genomen moeten worden.<\/a><\/h3>\r\n\t\t\t\t\t\t\t<\/div><!-- .entry-header -->\r\n\t\t\t\t\t\t\t\r\n\t\t\t\t\t\t\t\t\t\t\t\t\t\t<div class=\"entry-summary the-excerpt\">\r\n\r\n\t\t\t\t\t            <p>Beveiliging, datalekken en ransomware: aanvallen die serieus genomen moeten worden. Legal Watch nr. 32 \u2013 februari 2021 Beveiliging, datalekken en ransomware: aanvallen die serieus genomen moeten worden. De pers berichtte eind februari over een enorm datalek in de medische sector. Gevoelige informatie over meer dan 500 [\u2026]\n\r\n\t\t\t\t\t        <\/div><!-- .entry-content -->\r\n\t\t\t\t\t\t\t\t\t\t\t\t\t\t<div class=\"btn-readmore\">\r\n\t\t\t\t\t\t\t\t<a href=\"https:\/\/viqtor.eu\/nl\/securite-fuite-de-donnees-et-rancongiciel\/\"><i class=\"flaticon-right-arrow-1\"><\/i>Lees verder<\/a>\t\t\t\t\t\t\t<\/div>\r\n\t\t\t\t\t\t<\/div>\r\n\t\t\t\t\t<\/div>\r\n\t\t\t\t<\/article>\r\n\t\t\t\t<\/div>\r\n\t\t\t \r\n\t\t\t\t<div class=\"pgrid-box\">\r\n\t\t\t\t<article class=\"post-box blog-item\">\r\n\t\t\t\t\t<div class=\"post-inner\">\r\n\t\t\t\t\t\t\t\t\t\t\t\t\r\n\t\t\t\t\t        <div class=\"entry-media\">\r\n\t\t\t\t\t        \t<div class=\"post-cat\"><span class=\"posted-in\"><a href=\"https:\/\/viqtor.eu\/nl\/category\/veille-juridique\/\" rel=\"category tag\">Juridisch toezicht<\/a><\/span><\/div>\t\t\t\t\t            <a href=\"https:\/\/viqtor.eu\/nl\/lactualite-des-autorites-de-controle\/\">\r\n\t\t\t\t\t                <img loading=\"lazy\" decoding=\"async\" width=\"601\" height=\"520\" src=\"https:\/\/viqtor.eu\/wp-content\/uploads\/2023\/04\/shutterstock_507250789-601x520.jpg\" class=\"attachment-engitech-slider-post-thumbnail size-engitech-slider-post-thumbnail wp-post-image\" alt=\"\" \/>\t\t\t\t\t            <\/a>\r\n\t\t\t\t\t        <\/div>\r\n\t\t\t\t\t        \r\n\t\t\t\t\t    \r\n\t\t\t\t\t\t<div class=\"inner-post\">\r\n\t\t\t\t\t\t\t<div class=\"entry-header\">\r\n\r\n\t\t\t\t\t\t\t\t\r\n\t\t\t\t\t\t\t\t<h3 class=\"entry-title\"><a href=\"https:\/\/viqtor.eu\/nl\/lactualite-des-autorites-de-controle\/\" rel=\"bookmark\">Nieuws van de toezichthoudende autoriteiten: feesten en toezicht<\/a><\/h3>\r\n\t\t\t\t\t\t\t<\/div><!-- .entry-header -->\r\n\t\t\t\t\t\t\t\r\n\t\t\t\t\t\t\t\t\t\t\t\t\t\t<div class=\"entry-summary the-excerpt\">\r\n\r\n\t\t\t\t\t            <p>Regelgevingsnieuws: Feesten en Toezicht Legal Watch nr. 31 \u2013 januari 2021 Regelgevingsnieuws: Feesten en Toezicht. De afgelopen dagen hebben we (virtueel) verschillende jubilea gevierd. Op 28 januari hebben privacybelanghebbenden in Europa, Afrika, Noord- en Zuid-Amerika [\u2026]\n\r\n\t\t\t\t\t        <\/div><!-- .entry-content -->\r\n\t\t\t\t\t\t\t\t\t\t\t\t\t\t<div class=\"btn-readmore\">\r\n\t\t\t\t\t\t\t\t<a href=\"https:\/\/viqtor.eu\/nl\/lactualite-des-autorites-de-controle\/\"><i class=\"flaticon-right-arrow-1\"><\/i>Lees verder<\/a>\t\t\t\t\t\t\t<\/div>\r\n\t\t\t\t\t\t<\/div>\r\n\t\t\t\t\t<\/div>\r\n\t\t\t\t<\/article>\r\n\t\t\t\t<\/div>\r\n\t\t\t \r\n\t\t\t\t<div class=\"pgrid-box\">\r\n\t\t\t\t<article class=\"post-box blog-item\">\r\n\t\t\t\t\t<div class=\"post-inner\">\r\n\t\t\t\t\t\t\t\t\t\t\t\t\r\n\t\t\t\t\t        <div class=\"entry-media\">\r\n\t\t\t\t\t        \t<div class=\"post-cat\"><span class=\"posted-in\"><a href=\"https:\/\/viqtor.eu\/nl\/category\/veille-juridique\/\" rel=\"category tag\">Juridisch toezicht<\/a><\/span><\/div>\t\t\t\t\t            <a href=\"https:\/\/viqtor.eu\/nl\/quelle-strategie-de-controle-pour-2020\/\">\r\n\t\t\t\t\t                <img loading=\"lazy\" decoding=\"async\" width=\"601\" height=\"520\" src=\"https:\/\/viqtor.eu\/wp-content\/uploads\/2023\/04\/shutterstock_1977732161-601x520.jpg\" class=\"attachment-engitech-slider-post-thumbnail size-engitech-slider-post-thumbnail wp-post-image\" alt=\"tout savoir sur le R\u00e8glement G\u00e9n\u00e9ral sur la Protection des Donn\u00e9es\" \/>\t\t\t\t\t            <\/a>\r\n\t\t\t\t\t        <\/div>\r\n\t\t\t\t\t        \r\n\t\t\t\t\t    \r\n\t\t\t\t\t\t<div class=\"inner-post\">\r\n\t\t\t\t\t\t\t<div class=\"entry-header\">\r\n\r\n\t\t\t\t\t\t\t\t\r\n\t\t\t\t\t\t\t\t<h3 class=\"entry-title\"><a href=\"https:\/\/viqtor.eu\/nl\/quelle-strategie-de-controle-pour-2020\/\" rel=\"bookmark\">Welke beheersingsstrategie voor 2020?<\/a><\/h3>\r\n\t\t\t\t\t\t\t<\/div><!-- .entry-header -->\r\n\t\t\t\t\t\t\t\r\n\t\t\t\t\t\t\t\t\t\t\t\t\t\t<div class=\"entry-summary the-excerpt\">\r\n\r\n\t\t\t\t\t            <p>Welke controlestrategie voor 2020? In 2020 zal de CNIL, naast controles naar aanleiding van klachten, in het nieuws gesignaleerde problemen of corrigerende maatregelen, haar controleacties richten op 3 prioritaire thema&#039;s die verband houden met de dagelijkse zorgen van de Fransen: Zoals elk jaar zal de CNIL daarnaast [\u2026]\n\r\n\t\t\t\t\t        <\/div><!-- .entry-content -->\r\n\t\t\t\t\t\t\t\t\t\t\t\t\t\t<div class=\"btn-readmore\">\r\n\t\t\t\t\t\t\t\t<a href=\"https:\/\/viqtor.eu\/nl\/quelle-strategie-de-controle-pour-2020\/\"><i class=\"flaticon-right-arrow-1\"><\/i>Lees verder<\/a>\t\t\t\t\t\t\t<\/div>\r\n\t\t\t\t\t\t<\/div>\r\n\t\t\t\t\t<\/div>\r\n\t\t\t\t<\/article>\r\n\t\t\t\t<\/div>\r\n\t\t\t \r\n\t\t\t\t<div class=\"pgrid-box\">\r\n\t\t\t\t<article class=\"post-box blog-item\">\r\n\t\t\t\t\t<div class=\"post-inner\">\r\n\t\t\t\t\t\t\t\t\t\t\t\t\r\n\t\t\t\t\t        <div class=\"entry-media\">\r\n\t\t\t\t\t        \t<div class=\"post-cat\"><span class=\"posted-in\"><a href=\"https:\/\/viqtor.eu\/nl\/category\/veille-juridique\/\" rel=\"category tag\">Juridisch toezicht<\/a><\/span><\/div>\t\t\t\t\t            <a href=\"https:\/\/viqtor.eu\/nl\/nouvelle-annee-bilan-et-perspectives\/\">\r\n\t\t\t\t\t                <img loading=\"lazy\" decoding=\"async\" width=\"601\" height=\"520\" src=\"https:\/\/viqtor.eu\/wp-content\/uploads\/2023\/04\/shutterstock_1751409956-601x520.jpg\" class=\"attachment-engitech-slider-post-thumbnail size-engitech-slider-post-thumbnail wp-post-image\" alt=\"\" \/>\t\t\t\t\t            <\/a>\r\n\t\t\t\t\t        <\/div>\r\n\t\t\t\t\t        \r\n\t\t\t\t\t    \r\n\t\t\t\t\t\t<div class=\"inner-post\">\r\n\t\t\t\t\t\t\t<div class=\"entry-header\">\r\n\r\n\t\t\t\t\t\t\t\t\r\n\t\t\t\t\t\t\t\t<h3 class=\"entry-title\"><a href=\"https:\/\/viqtor.eu\/nl\/nouvelle-annee-bilan-et-perspectives\/\" rel=\"bookmark\">Nieuw jaar, terugblik en vooruitblik.<\/a><\/h3>\r\n\t\t\t\t\t\t\t<\/div><!-- .entry-header -->\r\n\t\t\t\t\t\t\t\r\n\t\t\t\t\t\t\t\t\t\t\t\t\t\t<div class=\"entry-summary the-excerpt\">\r\n\r\n\t\t\t\t\t            <p>Nieuw jaar, terugblik en vooruitblik. Nieuw jaar, terugblik en vooruitblik. Na een jaar dat sommigen een annus horribilis noemen, wordt 2021 door velen verwelkomd als een hoop op verandering. Het is waar dat de afgelopen maanden de veerkracht van onze samenlevingen op ongekende wijze op de proef hebben gesteld. De impact van de pandemie op onze gezondheid, maar [\u2026]\n\r\n\t\t\t\t\t        <\/div><!-- .entry-content -->\r\n\t\t\t\t\t\t\t\t\t\t\t\t\t\t<div class=\"btn-readmore\">\r\n\t\t\t\t\t\t\t\t<a href=\"https:\/\/viqtor.eu\/nl\/nouvelle-annee-bilan-et-perspectives\/\"><i class=\"flaticon-right-arrow-1\"><\/i>Lees verder<\/a>\t\t\t\t\t\t\t<\/div>\r\n\t\t\t\t\t\t<\/div>\r\n\t\t\t\t\t<\/div>\r\n\t\t\t\t<\/article>\r\n\t\t\t\t<\/div>\r\n\t\t\t \r\n\t\t\t\t<div class=\"pgrid-box\">\r\n\t\t\t\t<article class=\"post-box blog-item\">\r\n\t\t\t\t\t<div class=\"post-inner\">\r\n\t\t\t\t\t\t\t\t\t\t\t\t\r\n\t\t\t\t\t        <div class=\"entry-media\">\r\n\t\t\t\t\t        \t<div class=\"post-cat\"><span class=\"posted-in\"><a href=\"https:\/\/viqtor.eu\/nl\/category\/veille-juridique\/\" rel=\"category tag\">Juridisch toezicht<\/a><\/span><\/div>\t\t\t\t\t            <a href=\"https:\/\/viqtor.eu\/nl\/rgpd-la-jurisprudence-se-precise\/\">\r\n\t\t\t\t\t                <img loading=\"lazy\" decoding=\"async\" width=\"601\" height=\"520\" src=\"https:\/\/viqtor.eu\/wp-content\/uploads\/2023\/04\/shutterstock_750883999-601x520.jpg\" class=\"attachment-engitech-slider-post-thumbnail size-engitech-slider-post-thumbnail wp-post-image\" alt=\"\" \/>\t\t\t\t\t            <\/a>\r\n\t\t\t\t\t        <\/div>\r\n\t\t\t\t\t        \r\n\t\t\t\t\t    \r\n\t\t\t\t\t\t<div class=\"inner-post\">\r\n\t\t\t\t\t\t\t<div class=\"entry-header\">\r\n\r\n\t\t\t\t\t\t\t\t\r\n\t\t\t\t\t\t\t\t<h3 class=\"entry-title\"><a href=\"https:\/\/viqtor.eu\/nl\/rgpd-la-jurisprudence-se-precise\/\" rel=\"bookmark\">AVG: jurisprudentie wordt duidelijker!<\/a><\/h3>\r\n\t\t\t\t\t\t\t<\/div><!-- .entry-header -->\r\n\t\t\t\t\t\t\t\r\n\t\t\t\t\t\t\t\t\t\t\t\t\t\t<div class=\"entry-summary the-excerpt\">\r\n\r\n\t\t\t\t\t            <p>AVG: Jurisprudentie wordt duidelijker! AVG: Jurisprudentie wordt duidelijker! De CNIL onderscheidde zich al door Google in januari een recordboete van 50 miljoen euro op te leggen omdat het zijn klanten niet had ge\u00efnformeerd bij het gebruik van Android. Deze boete werd in juni bevestigd door de Raad van State. [\u2026]\n\r\n\t\t\t\t\t        <\/div><!-- .entry-content -->\r\n\t\t\t\t\t\t\t\t\t\t\t\t\t\t<div class=\"btn-readmore\">\r\n\t\t\t\t\t\t\t\t<a href=\"https:\/\/viqtor.eu\/nl\/rgpd-la-jurisprudence-se-precise\/\"><i class=\"flaticon-right-arrow-1\"><\/i>Lees verder<\/a>\t\t\t\t\t\t\t<\/div>\r\n\t\t\t\t\t\t<\/div>\r\n\t\t\t\t\t<\/div>\r\n\t\t\t\t<\/article>\r\n\t\t\t\t<\/div>\r\n\t\t\t \r\n\t\t\t\t<div class=\"pgrid-box\">\r\n\t\t\t\t<article class=\"post-box blog-item\">\r\n\t\t\t\t\t<div class=\"post-inner\">\r\n\t\t\t\t\t\t\t\t\t\t\t\t\r\n\t\t\t\t\t        <div class=\"entry-media\">\r\n\t\t\t\t\t        \t<div class=\"post-cat\"><span class=\"posted-in\"><a href=\"https:\/\/viqtor.eu\/nl\/category\/veille-juridique\/\" rel=\"category tag\">Juridisch toezicht<\/a><\/span><\/div>\t\t\t\t\t            <a href=\"https:\/\/viqtor.eu\/nl\/le-respect-du-rgpd-en-temps-de-crise\/\">\r\n\t\t\t\t\t                <img loading=\"lazy\" decoding=\"async\" width=\"601\" height=\"520\" src=\"https:\/\/viqtor.eu\/wp-content\/uploads\/2023\/04\/shutterstock_1899466642-601x520.jpg\" class=\"attachment-engitech-slider-post-thumbnail size-engitech-slider-post-thumbnail wp-post-image\" alt=\"\" \/>\t\t\t\t\t            <\/a>\r\n\t\t\t\t\t        <\/div>\r\n\t\t\t\t\t        \r\n\t\t\t\t\t    \r\n\t\t\t\t\t\t<div class=\"inner-post\">\r\n\t\t\t\t\t\t\t<div class=\"entry-header\">\r\n\r\n\t\t\t\t\t\t\t\t\r\n\t\t\t\t\t\t\t\t<h3 class=\"entry-title\"><a href=\"https:\/\/viqtor.eu\/nl\/le-respect-du-rgpd-en-temps-de-crise\/\" rel=\"bookmark\">AVG-naleving in tijden van crisis.<\/a><\/h3>\r\n\t\t\t\t\t\t\t<\/div><!-- .entry-header -->\r\n\t\t\t\t\t\t\t\r\n\t\t\t\t\t\t\t\t\t\t\t\t\t\t<div class=\"entry-summary the-excerpt\">\r\n\r\n\t\t\t\t\t            <p>AVG-naleving in tijden van crisis. AVG-naleving in tijden van crisis. Wat zijn de prioriteiten van toezichthoudende autoriteiten en welke controles kunnen bedrijven verwachten in de huidige gezondheids- en economische context? Hoewel de CNIL haar activiteiten duidelijk richt op gegevensverwerking [\u2026]\n\r\n\t\t\t\t\t        <\/div><!-- .entry-content -->\r\n\t\t\t\t\t\t\t\t\t\t\t\t\t\t<div class=\"btn-readmore\">\r\n\t\t\t\t\t\t\t\t<a href=\"https:\/\/viqtor.eu\/nl\/le-respect-du-rgpd-en-temps-de-crise\/\"><i class=\"flaticon-right-arrow-1\"><\/i>Lees verder<\/a>\t\t\t\t\t\t\t<\/div>\r\n\t\t\t\t\t\t<\/div>\r\n\t\t\t\t\t<\/div>\r\n\t\t\t\t<\/article>\r\n\t\t\t\t<\/div>\r\n\t\t\t \r\n\t\t\t\t<div class=\"pgrid-box\">\r\n\t\t\t\t<article class=\"post-box blog-item\">\r\n\t\t\t\t\t<div class=\"post-inner\">\r\n\t\t\t\t\t\t\t\t\t\t\t\t\r\n\t\t\t\t\t        <div class=\"entry-media\">\r\n\t\t\t\t\t        \t<div class=\"post-cat\"><span class=\"posted-in\"><a href=\"https:\/\/viqtor.eu\/nl\/category\/veille-juridique\/\" rel=\"category tag\">Juridisch toezicht<\/a><\/span><\/div>\t\t\t\t\t            <a href=\"https:\/\/viqtor.eu\/nl\/donnees-de-sante-des-employes-quelle-gestion-en-temps-de-covid-19\/\">\r\n\t\t\t\t\t                <img loading=\"lazy\" decoding=\"async\" width=\"601\" height=\"520\" src=\"https:\/\/viqtor.eu\/wp-content\/uploads\/2023\/04\/shutterstock_1671956773-601x520.jpg\" class=\"attachment-engitech-slider-post-thumbnail size-engitech-slider-post-thumbnail wp-post-image\" alt=\"\" \/>\t\t\t\t\t            <\/a>\r\n\t\t\t\t\t        <\/div>\r\n\t\t\t\t\t        \r\n\t\t\t\t\t    \r\n\t\t\t\t\t\t<div class=\"inner-post\">\r\n\t\t\t\t\t\t\t<div class=\"entry-header\">\r\n\r\n\t\t\t\t\t\t\t\t\r\n\t\t\t\t\t\t\t\t<h3 class=\"entry-title\"><a href=\"https:\/\/viqtor.eu\/nl\/donnees-de-sante-des-employes-quelle-gestion-en-temps-de-covid-19\/\" rel=\"bookmark\">Gezondheidsgegevens van werknemers: hoe ga je ermee om tijdens COVID-19?<\/a><\/h3>\r\n\t\t\t\t\t\t\t<\/div><!-- .entry-header -->\r\n\t\t\t\t\t\t\t\r\n\t\t\t\t\t\t\t\t\t\t\t\t\t\t<div class=\"entry-summary the-excerpt\">\r\n\r\n\t\t\t\t\t            <p>Gezondheidsgegevens van werknemers: hoe ermee om te gaan in tijden van COVID-19? Gezondheidsgegevens van werknemers: hoe ermee om te gaan in tijden van COVID-19? Van de uitdagingen waarmee onze samenlevingen tijdens de gezondheidscrisis worden geconfronteerd, is die voor werkgevers niet de minste. Naast de arbeidsomstandigheden [\u2026]\n\r\n\t\t\t\t\t        <\/div><!-- .entry-content -->\r\n\t\t\t\t\t\t\t\t\t\t\t\t\t\t<div class=\"btn-readmore\">\r\n\t\t\t\t\t\t\t\t<a href=\"https:\/\/viqtor.eu\/nl\/donnees-de-sante-des-employes-quelle-gestion-en-temps-de-covid-19\/\"><i class=\"flaticon-right-arrow-1\"><\/i>Lees verder<\/a>\t\t\t\t\t\t\t<\/div>\r\n\t\t\t\t\t\t<\/div>\r\n\t\t\t\t\t<\/div>\r\n\t\t\t\t<\/article>\r\n\t\t\t\t<\/div>\r\n\t\t\t \r\n\t\t\t\t<div class=\"pgrid-box\">\r\n\t\t\t\t<article class=\"post-box blog-item\">\r\n\t\t\t\t\t<div class=\"post-inner\">\r\n\t\t\t\t\t\t\t\t\t\t\t\t\r\n\t\t\t\t\t        <div class=\"entry-media\">\r\n\t\t\t\t\t        \t<div class=\"post-cat\"><span class=\"posted-in\"><a href=\"https:\/\/viqtor.eu\/nl\/category\/veille-juridique\/\" rel=\"category tag\">Juridisch toezicht<\/a><\/span><\/div>\t\t\t\t\t            <a href=\"https:\/\/viqtor.eu\/nl\/schrems-ii-un-final-attendu-et-redoute\/\">\r\n\t\t\t\t\t                <img loading=\"lazy\" decoding=\"async\" width=\"500\" height=\"334\" src=\"https:\/\/viqtor.eu\/wp-content\/uploads\/2023\/04\/shutterstock_1784045918.jpg\" class=\"attachment-engitech-slider-post-thumbnail size-engitech-slider-post-thumbnail wp-post-image\" alt=\"\" srcset=\"https:\/\/viqtor.eu\/wp-content\/uploads\/2023\/04\/shutterstock_1784045918.jpg 500w, https:\/\/viqtor.eu\/wp-content\/uploads\/2023\/04\/shutterstock_1784045918-300x200.jpg 300w\" sizes=\"(max-width: 500px) 100vw, 500px\" \/>\t\t\t\t\t            <\/a>\r\n\t\t\t\t\t        <\/div>\r\n\t\t\t\t\t        \r\n\t\t\t\t\t    \r\n\t\t\t\t\t\t<div class=\"inner-post\">\r\n\t\t\t\t\t\t\t<div class=\"entry-header\">\r\n\r\n\t\t\t\t\t\t\t\t\r\n\t\t\t\t\t\t\t\t<h3 class=\"entry-title\"><a href=\"https:\/\/viqtor.eu\/nl\/schrems-ii-un-final-attendu-et-redoute\/\" rel=\"bookmark\">SCHREMS II, een langverwachte en gevreesde finale<\/a><\/h3>\r\n\t\t\t\t\t\t\t<\/div><!-- .entry-header -->\r\n\t\t\t\t\t\t\t\r\n\t\t\t\t\t\t\t\t\t\t\t\t\t\t<div class=\"entry-summary the-excerpt\">\r\n\r\n\t\t\t\t\t            <p>SCHREMS II, een verwachte en gevreesde finale. SCHREMS II, een verwachte en gevreesde finale. Op 16 juli 2020 heeft het Hof van Justitie van de Europese Unie het Privacy Shield ongeldig verklaard, een belangrijke overeenkomst die de wettelijke basis vormde voor de overdracht van persoonsgegevens tussen Europa en de Verenigde Staten. Meer dan 5300 Amerikaanse bedrijven [\u2026]\n\r\n\t\t\t\t\t        <\/div><!-- .entry-content -->\r\n\t\t\t\t\t\t\t\t\t\t\t\t\t\t<div class=\"btn-readmore\">\r\n\t\t\t\t\t\t\t\t<a href=\"https:\/\/viqtor.eu\/nl\/schrems-ii-un-final-attendu-et-redoute\/\"><i class=\"flaticon-right-arrow-1\"><\/i>Lees verder<\/a>\t\t\t\t\t\t\t<\/div>\r\n\t\t\t\t\t\t<\/div>\r\n\t\t\t\t\t<\/div>\r\n\t\t\t\t<\/article>\r\n\t\t\t\t<\/div>\r\n\t\t\t \r\n\t\t\t\t<div class=\"pgrid-box\">\r\n\t\t\t\t<article class=\"post-box blog-item\">\r\n\t\t\t\t\t<div class=\"post-inner\">\r\n\t\t\t\t\t\t\t\t\t\t\t\t\r\n\t\t\t\t\t        <div class=\"entry-media\">\r\n\t\t\t\t\t        \t<div class=\"post-cat\"><span class=\"posted-in\"><a href=\"https:\/\/viqtor.eu\/nl\/category\/veille-juridique\/\" rel=\"category tag\">Juridisch toezicht<\/a><\/span><\/div>\t\t\t\t\t            <a href=\"https:\/\/viqtor.eu\/nl\/un-anniversaire-sous-tension\/\">\r\n\t\t\t\t\t                <img loading=\"lazy\" decoding=\"async\" width=\"601\" height=\"520\" src=\"https:\/\/viqtor.eu\/wp-content\/uploads\/2023\/04\/shutterstock_318879689-601x520.jpg\" class=\"attachment-engitech-slider-post-thumbnail size-engitech-slider-post-thumbnail wp-post-image\" alt=\"\" \/>\t\t\t\t\t            <\/a>\r\n\t\t\t\t\t        <\/div>\r\n\t\t\t\t\t        \r\n\t\t\t\t\t    \r\n\t\t\t\t\t\t<div class=\"inner-post\">\r\n\t\t\t\t\t\t\t<div class=\"entry-header\">\r\n\r\n\t\t\t\t\t\t\t\t\r\n\t\t\t\t\t\t\t\t<h3 class=\"entry-title\"><a href=\"https:\/\/viqtor.eu\/nl\/un-anniversaire-sous-tension\/\" rel=\"bookmark\">Een gespannen verjaardag<\/a><\/h3>\r\n\t\t\t\t\t\t\t<\/div><!-- .entry-header -->\r\n\t\t\t\t\t\t\t\r\n\t\t\t\t\t\t\t\t\t\t\t\t\t\t<div class=\"entry-summary the-excerpt\">\r\n\r\n\t\t\t\t\t            <p>Een spannende verjaardag Legal Watch nr. 24 \u2013 mei 2020 Een spannende verjaardag. De AVG viert haar tweede verjaardag in een bijzonder turbulente context voor de grondrechten. Hoe veerkrachtig zal het Europese gegevensbeschermingssysteem zijn in het licht van de huidige uitdagingen op het gebied van de gezondheidszorg? Nu al op de proef gesteld in de context van de [\u2026]\n\r\n\t\t\t\t\t        <\/div><!-- .entry-content -->\r\n\t\t\t\t\t\t\t\t\t\t\t\t\t\t<div class=\"btn-readmore\">\r\n\t\t\t\t\t\t\t\t<a href=\"https:\/\/viqtor.eu\/nl\/un-anniversaire-sous-tension\/\"><i class=\"flaticon-right-arrow-1\"><\/i>Lees verder<\/a>\t\t\t\t\t\t\t<\/div>\r\n\t\t\t\t\t\t<\/div>\r\n\t\t\t\t\t<\/div>\r\n\t\t\t\t<\/article>\r\n\t\t\t\t<\/div>\r\n\t\t\t \r\n\t\t\t\t<div class=\"pgrid-box\">\r\n\t\t\t\t<article class=\"post-box blog-item\">\r\n\t\t\t\t\t<div class=\"post-inner\">\r\n\t\t\t\t\t\t\t\t\t\t\t\t\r\n\t\t\t\t\t        <div class=\"entry-media\">\r\n\t\t\t\t\t        \t<div class=\"post-cat\"><span class=\"posted-in\"><a href=\"https:\/\/viqtor.eu\/nl\/category\/veille-juridique\/\" rel=\"category tag\">Juridisch toezicht<\/a><\/span><\/div>\t\t\t\t\t            <a href=\"https:\/\/viqtor.eu\/nl\/stopcovid-itineraire-dune-application-controversee\/\">\r\n\t\t\t\t\t                <img loading=\"lazy\" decoding=\"async\" width=\"601\" height=\"520\" src=\"https:\/\/viqtor.eu\/wp-content\/uploads\/2023\/04\/shutterstock_1891274599-601x520.jpg\" class=\"attachment-engitech-slider-post-thumbnail size-engitech-slider-post-thumbnail wp-post-image\" alt=\"\" \/>\t\t\t\t\t            <\/a>\r\n\t\t\t\t\t        <\/div>\r\n\t\t\t\t\t        \r\n\t\t\t\t\t    \r\n\t\t\t\t\t\t<div class=\"inner-post\">\r\n\t\t\t\t\t\t\t<div class=\"entry-header\">\r\n\r\n\t\t\t\t\t\t\t\t\r\n\t\t\t\t\t\t\t\t<h3 class=\"entry-title\"><a href=\"https:\/\/viqtor.eu\/nl\/stopcovid-itineraire-dune-application-controversee\/\" rel=\"bookmark\">STOPCOVID: De reis van een controversi\u00eble applicatie<\/a><\/h3>\r\n\t\t\t\t\t\t\t<\/div><!-- .entry-header -->\r\n\t\t\t\t\t\t\t\r\n\t\t\t\t\t\t\t\t\t\t\t\t\t\t<div class=\"entry-summary the-excerpt\">\r\n\r\n\t\t\t\t\t            <p>STOPCOVID: De reis van een controversi\u00eble applicatie STOPCOVID: De reis van een controversi\u00eble applicatie. Er gaat geen dag voorbij zonder dat de kwestie van &quot;deconfinement&quot; van de bevolking ter sprake komt, zowel in Frankrijk als elders, in verband met het traceren van het virus en de personen die het overdragen. Recente ontwikkelingen maken melding van de oprichting van een bestand [\u2026]\n\r\n\t\t\t\t\t        <\/div><!-- .entry-content -->\r\n\t\t\t\t\t\t\t\t\t\t\t\t\t\t<div class=\"btn-readmore\">\r\n\t\t\t\t\t\t\t\t<a href=\"https:\/\/viqtor.eu\/nl\/stopcovid-itineraire-dune-application-controversee\/\"><i class=\"flaticon-right-arrow-1\"><\/i>Lees verder<\/a>\t\t\t\t\t\t\t<\/div>\r\n\t\t\t\t\t\t<\/div>\r\n\t\t\t\t\t<\/div>\r\n\t\t\t\t<\/article>\r\n\t\t\t\t<\/div>\r\n\t\t\t \r\n\t\t\t\t<div class=\"pgrid-box\">\r\n\t\t\t\t<article class=\"post-box blog-item\">\r\n\t\t\t\t\t<div class=\"post-inner\">\r\n\t\t\t\t\t\t\t\t\t\t\t\t\r\n\t\t\t\t\t        <div class=\"entry-media\">\r\n\t\t\t\t\t        \t<div class=\"post-cat\"><span class=\"posted-in\"><a href=\"https:\/\/viqtor.eu\/nl\/category\/veille-juridique\/\" rel=\"category tag\">Juridisch toezicht<\/a><\/span><\/div>\t\t\t\t\t            <a href=\"https:\/\/viqtor.eu\/nl\/la-protection-des-donnees-en-pleine-effervescence\/\">\r\n\t\t\t\t\t                <img loading=\"lazy\" decoding=\"async\" width=\"601\" height=\"520\" src=\"https:\/\/viqtor.eu\/wp-content\/uploads\/2023\/04\/shutterstock_1490310101-601x520.jpg\" class=\"attachment-engitech-slider-post-thumbnail size-engitech-slider-post-thumbnail wp-post-image\" alt=\"\" \/>\t\t\t\t\t            <\/a>\r\n\t\t\t\t\t        <\/div>\r\n\t\t\t\t\t        \r\n\t\t\t\t\t    \r\n\t\t\t\t\t\t<div class=\"inner-post\">\r\n\t\t\t\t\t\t\t<div class=\"entry-header\">\r\n\r\n\t\t\t\t\t\t\t\t\r\n\t\t\t\t\t\t\t\t<h3 class=\"entry-title\"><a href=\"https:\/\/viqtor.eu\/nl\/la-protection-des-donnees-en-pleine-effervescence\/\" rel=\"bookmark\">Gegevensbescherming in volle gang<\/a><\/h3>\r\n\t\t\t\t\t\t\t<\/div><!-- .entry-header -->\r\n\t\t\t\t\t\t\t\r\n\t\t\t\t\t\t\t\t\t\t\t\t\t\t<div class=\"entry-summary the-excerpt\">\r\n\r\n\t\t\t\t\t            <p>Gegevensbescherming in volle gang Legal Watch nr. 20 \u2013 10 februari 2020 Dit is wat we ons herinneren van de eerste weken van dit nieuwe jaar, met talrijke debatten ter gelegenheid van belangrijke gebeurtenissen: februari zal niet ontbreken met de \u201cintensieve conferentie over gegevensbescherming\u201d in Parijs, georganiseerd door de internationale vereniging [\u2026]\n\r\n\t\t\t\t\t        <\/div><!-- .entry-content -->\r\n\t\t\t\t\t\t\t\t\t\t\t\t\t\t<div class=\"btn-readmore\">\r\n\t\t\t\t\t\t\t\t<a href=\"https:\/\/viqtor.eu\/nl\/la-protection-des-donnees-en-pleine-effervescence\/\"><i class=\"flaticon-right-arrow-1\"><\/i>Lees verder<\/a>\t\t\t\t\t\t\t<\/div>\r\n\t\t\t\t\t\t<\/div>\r\n\t\t\t\t\t<\/div>\r\n\t\t\t\t<\/article>\r\n\t\t\t\t<\/div>\r\n\t\t\t\t    <\/div>\r\n\t\t\t\t<\/div>\n\t\t\t\t<\/div>\n\t\t\t\t\t<\/div>\n\t\t<\/div>\n\t\t\t\t\t<\/div>\n\t\t<\/section>\n\t\t\t\t<\/div>","protected":false},"excerpt":{"rendered":"<p>Veille juridique Veille juridique 2020 et au-del\u00e0 2020 et au-del\u00e0 Veille Juridique &#8211; d\u00e9cembre 2019. C\u2019est une nouvelle ann\u00e9e mais aussi une nouvelle d\u00e9cennie qui s\u2019annonce, avec ses d\u00e9fis, ses contraintes et ses promesses. Pour mieux aborder ces enjeux, accordons-nous un bref retour sur l\u2019ann\u00e9e 2019 Plus d\u2019un an apr\u00e8s l\u2019entr\u00e9e en vigueur du RGPD, [&hellip;]<\/p>","protected":false},"author":1,"featured_media":0,"parent":0,"menu_order":0,"comment_status":"closed","ping_status":"closed","template":"","meta":{"_acf_changed":false,"footnotes":""},"class_list":["post-5357","page","type-page","status-publish","hentry"],"acf":[],"yoast_head":"<!-- This site is optimized with the Yoast SEO plugin v23.6 - https:\/\/yoast.com\/wordpress\/plugins\/seo\/ -->\n<title>Veille juridique - Viqtor<\/title>\n<meta name=\"description\" content=\"Veille juridique\" \/>\n<meta name=\"robots\" content=\"index, follow, max-snippet:-1, max-image-preview:large, max-video-preview:-1\" \/>\n<link rel=\"canonical\" href=\"https:\/\/viqtor.eu\/nl\/veille-juridique\/\" \/>\n<meta property=\"og:locale\" content=\"nl_NL\" \/>\n<meta property=\"og:type\" content=\"article\" \/>\n<meta property=\"og:title\" content=\"Veille juridique - Viqtor\" \/>\n<meta property=\"og:description\" content=\"Veille juridique\" \/>\n<meta property=\"og:url\" content=\"https:\/\/viqtor.eu\/nl\/veille-juridique\/\" \/>\n<meta property=\"og:site_name\" content=\"Viqtor\" \/>\n<meta property=\"article:modified_time\" content=\"2024-09-18T14:50:41+00:00\" \/>\n<meta property=\"og:image\" content=\"https:\/\/viqtor.eu\/wp-content\/uploads\/2026\/04\/widget-viqtor.png\" \/>\n<meta name=\"twitter:card\" content=\"summary_large_image\" \/>\n<meta name=\"twitter:label1\" content=\"Verwachte leestijd\" \/>\n\t<meta name=\"twitter:data1\" content=\"32 minuten\" \/>\n<script type=\"application\/ld+json\" class=\"yoast-schema-graph\">{\"@context\":\"https:\/\/schema.org\",\"@graph\":[{\"@type\":\"WebPage\",\"@id\":\"https:\/\/viqtor.eu\/veille-juridique\/\",\"url\":\"https:\/\/viqtor.eu\/veille-juridique\/\",\"name\":\"Veille juridique - Viqtor\",\"isPartOf\":{\"@id\":\"https:\/\/viqtor.eu\/#website\"},\"primaryImageOfPage\":{\"@id\":\"https:\/\/viqtor.eu\/veille-juridique\/#primaryimage\"},\"image\":{\"@id\":\"https:\/\/viqtor.eu\/veille-juridique\/#primaryimage\"},\"thumbnailUrl\":\"https:\/\/viqtor.eu\/wp-content\/uploads\/2023\/04\/shutterstock_1034809678-601x305.jpg\",\"datePublished\":\"2023-04-18T13:21:47+00:00\",\"dateModified\":\"2024-09-18T14:50:41+00:00\",\"description\":\"Veille juridique\",\"breadcrumb\":{\"@id\":\"https:\/\/viqtor.eu\/veille-juridique\/#breadcrumb\"},\"inLanguage\":\"nl-NL\",\"potentialAction\":[{\"@type\":\"ReadAction\",\"target\":[\"https:\/\/viqtor.eu\/veille-juridique\/\"]}]},{\"@type\":\"ImageObject\",\"inLanguage\":\"nl-NL\",\"@id\":\"https:\/\/viqtor.eu\/veille-juridique\/#primaryimage\",\"url\":\"https:\/\/viqtor.eu\/wp-content\/uploads\/2023\/04\/shutterstock_1034809678-601x305.jpg\",\"contentUrl\":\"https:\/\/viqtor.eu\/wp-content\/uploads\/2023\/04\/shutterstock_1034809678-601x305.jpg\"},{\"@type\":\"BreadcrumbList\",\"@id\":\"https:\/\/viqtor.eu\/veille-juridique\/#breadcrumb\",\"itemListElement\":[{\"@type\":\"ListItem\",\"position\":1,\"name\":\"Accueil\",\"item\":\"https:\/\/viqtor.eu\/\"},{\"@type\":\"ListItem\",\"position\":2,\"name\":\"Veille juridique\"}]},{\"@type\":\"WebSite\",\"@id\":\"https:\/\/viqtor.eu\/#website\",\"url\":\"https:\/\/viqtor.eu\/\",\"name\":\"Viqtor\",\"description\":\"Faites du RGPD une opportunit\u00e9 pour votre entreprise.\",\"publisher\":{\"@id\":\"https:\/\/viqtor.eu\/#organization\"},\"potentialAction\":[{\"@type\":\"SearchAction\",\"target\":{\"@type\":\"EntryPoint\",\"urlTemplate\":\"https:\/\/viqtor.eu\/?s={search_term_string}\"},\"query-input\":{\"@type\":\"PropertyValueSpecification\",\"valueRequired\":true,\"valueName\":\"search_term_string\"}}],\"inLanguage\":\"nl-NL\"},{\"@type\":\"Organization\",\"@id\":\"https:\/\/viqtor.eu\/#organization\",\"name\":\"viqtor.eu\",\"url\":\"https:\/\/viqtor.eu\/\",\"logo\":{\"@type\":\"ImageObject\",\"inLanguage\":\"nl-NL\",\"@id\":\"https:\/\/viqtor.eu\/#\/schema\/logo\/image\/\",\"url\":\"https:\/\/viqtor.eu\/wp-content\/uploads\/2023\/06\/favicon-noir.svg\",\"contentUrl\":\"https:\/\/viqtor.eu\/wp-content\/uploads\/2023\/06\/favicon-noir.svg\",\"width\":108,\"height\":86,\"caption\":\"viqtor.eu\"},\"image\":{\"@id\":\"https:\/\/viqtor.eu\/#\/schema\/logo\/image\/\"}}]}<\/script>\n<!-- \/ Yoast SEO plugin. -->","yoast_head_json":{"title":"Veille juridique - Viqtor","description":"Veille juridique","robots":{"index":"index","follow":"follow","max-snippet":"max-snippet:-1","max-image-preview":"max-image-preview:large","max-video-preview":"max-video-preview:-1"},"canonical":"https:\/\/viqtor.eu\/nl\/veille-juridique\/","og_locale":"nl_NL","og_type":"article","og_title":"Veille juridique - Viqtor","og_description":"Veille juridique","og_url":"https:\/\/viqtor.eu\/nl\/veille-juridique\/","og_site_name":"Viqtor","article_modified_time":"2024-09-18T14:50:41+00:00","og_image":[{"url":"https:\/\/viqtor.eu\/wp-content\/uploads\/2026\/04\/widget-viqtor.png"}],"twitter_card":"summary_large_image","twitter_misc":{"Verwachte leestijd":"32 minuten"},"schema":{"@context":"https:\/\/schema.org","@graph":[{"@type":"WebPage","@id":"https:\/\/viqtor.eu\/veille-juridique\/","url":"https:\/\/viqtor.eu\/veille-juridique\/","name":"Veille juridique - Viqtor","isPartOf":{"@id":"https:\/\/viqtor.eu\/#website"},"primaryImageOfPage":{"@id":"https:\/\/viqtor.eu\/veille-juridique\/#primaryimage"},"image":{"@id":"https:\/\/viqtor.eu\/veille-juridique\/#primaryimage"},"thumbnailUrl":"https:\/\/viqtor.eu\/wp-content\/uploads\/2023\/04\/shutterstock_1034809678-601x305.jpg","datePublished":"2023-04-18T13:21:47+00:00","dateModified":"2024-09-18T14:50:41+00:00","description":"Veille juridique","breadcrumb":{"@id":"https:\/\/viqtor.eu\/veille-juridique\/#breadcrumb"},"inLanguage":"nl-NL","potentialAction":[{"@type":"ReadAction","target":["https:\/\/viqtor.eu\/veille-juridique\/"]}]},{"@type":"ImageObject","inLanguage":"nl-NL","@id":"https:\/\/viqtor.eu\/veille-juridique\/#primaryimage","url":"https:\/\/viqtor.eu\/wp-content\/uploads\/2023\/04\/shutterstock_1034809678-601x305.jpg","contentUrl":"https:\/\/viqtor.eu\/wp-content\/uploads\/2023\/04\/shutterstock_1034809678-601x305.jpg"},{"@type":"BreadcrumbList","@id":"https:\/\/viqtor.eu\/veille-juridique\/#breadcrumb","itemListElement":[{"@type":"ListItem","position":1,"name":"Accueil","item":"https:\/\/viqtor.eu\/"},{"@type":"ListItem","position":2,"name":"Veille juridique"}]},{"@type":"WebSite","@id":"https:\/\/viqtor.eu\/#website","url":"https:\/\/viqtor.eu\/","name":"Viqtor","description":"Faites du RGPD une opportunit\u00e9 pour votre entreprise.","publisher":{"@id":"https:\/\/viqtor.eu\/#organization"},"potentialAction":[{"@type":"SearchAction","target":{"@type":"EntryPoint","urlTemplate":"https:\/\/viqtor.eu\/?s={search_term_string}"},"query-input":{"@type":"PropertyValueSpecification","valueRequired":true,"valueName":"search_term_string"}}],"inLanguage":"nl-NL"},{"@type":"Organization","@id":"https:\/\/viqtor.eu\/#organization","name":"viqtor.eu","url":"https:\/\/viqtor.eu\/","logo":{"@type":"ImageObject","inLanguage":"nl-NL","@id":"https:\/\/viqtor.eu\/#\/schema\/logo\/image\/","url":"https:\/\/viqtor.eu\/wp-content\/uploads\/2023\/06\/favicon-noir.svg","contentUrl":"https:\/\/viqtor.eu\/wp-content\/uploads\/2023\/06\/favicon-noir.svg","width":108,"height":86,"caption":"viqtor.eu"},"image":{"@id":"https:\/\/viqtor.eu\/#\/schema\/logo\/image\/"}}]}},"_links":{"self":[{"href":"https:\/\/viqtor.eu\/nl\/wp-json\/wp\/v2\/pages\/5357","targetHints":{"allow":["GET"]}}],"collection":[{"href":"https:\/\/viqtor.eu\/nl\/wp-json\/wp\/v2\/pages"}],"about":[{"href":"https:\/\/viqtor.eu\/nl\/wp-json\/wp\/v2\/types\/page"}],"author":[{"embeddable":true,"href":"https:\/\/viqtor.eu\/nl\/wp-json\/wp\/v2\/users\/1"}],"replies":[{"embeddable":true,"href":"https:\/\/viqtor.eu\/nl\/wp-json\/wp\/v2\/comments?post=5357"}],"version-history":[{"count":25,"href":"https:\/\/viqtor.eu\/nl\/wp-json\/wp\/v2\/pages\/5357\/revisions"}],"predecessor-version":[{"id":12414,"href":"https:\/\/viqtor.eu\/nl\/wp-json\/wp\/v2\/pages\/5357\/revisions\/12414"}],"wp:attachment":[{"href":"https:\/\/viqtor.eu\/nl\/wp-json\/wp\/v2\/media?parent=5357"}],"curies":[{"name":"wp","href":"https:\/\/api.w.org\/{rel}","templated":true}]}}