{"id":5357,"date":"2023-04-18T13:21:47","date_gmt":"2023-04-18T13:21:47","guid":{"rendered":"https:\/\/exciting-panini.13-37-234-21.plesk.page\/?page_id=5357"},"modified":"2024-09-18T14:50:41","modified_gmt":"2024-09-18T14:50:41","slug":"veille-juridique","status":"publish","type":"page","link":"https:\/\/viqtor.eu\/it\/veille-juridique\/","title":{"rendered":"Monitoraggio legale"},"content":{"rendered":"<div data-elementor-type=\"wp-page\" data-elementor-id=\"5357\" class=\"elementor elementor-5357\" data-elementor-post-type=\"page\">\n\t\t\t\t\t\t<section class=\"elementor-section elementor-top-section elementor-element elementor-element-f22ffff ot-traditional elementor-section-boxed elementor-section-height-default elementor-section-height-default\" data-id=\"f22ffff\" data-element_type=\"section\">\n\t\t\t\t\t\t<div class=\"elementor-container elementor-column-gap-default\">\n\t\t\t\t\t<div class=\"elementor-column elementor-col-100 elementor-top-column elementor-element elementor-element-ded1285 ot-flex-column-vertical\" data-id=\"ded1285\" data-element_type=\"column\">\n\t\t\t<div class=\"elementor-widget-wrap elementor-element-populated\">\n\t\t\t\t\t\t<div class=\"elementor-element elementor-element-901e2be elementor-widget elementor-widget-heading\" data-id=\"901e2be\" data-element_type=\"widget\" data-widget_type=\"heading.default\">\n\t\t\t\t<div class=\"elementor-widget-container\">\n\t\t\t<h1 class=\"elementor-heading-title elementor-size-default\">Monitoraggio legale<\/h1>\t\t<\/div>\n\t\t\t\t<\/div>\n\t\t\t\t\t<\/div>\n\t\t<\/div>\n\t\t\t\t\t<\/div>\n\t\t<\/section>\n\t\t\t\t<section class=\"elementor-section elementor-top-section elementor-element elementor-element-bd3d560 ot-traditional elementor-section-boxed elementor-section-height-default elementor-section-height-default\" data-id=\"bd3d560\" data-element_type=\"section\">\n\t\t\t\t\t\t<div class=\"elementor-container elementor-column-gap-default\">\n\t\t\t\t\t<div class=\"elementor-column elementor-col-100 elementor-top-column elementor-element elementor-element-958f45a ot-flex-column-vertical\" data-id=\"958f45a\" data-element_type=\"column\">\n\t\t\t<div class=\"elementor-widget-wrap elementor-element-populated\">\n\t\t\t\t\t\t<div class=\"elementor-element elementor-element-44c3235 elementor-widget elementor-widget-ipost_grid\" data-id=\"44c3235\" data-element_type=\"widget\" data-widget_type=\"ipost_grid.default\">\n\t\t\t\t<div class=\"elementor-widget-container\">\n\t\t\t\r\n\t\t<div class=\"post-grid pgrid row\">\r\n\t\t\t \r\n\t\t\t\t<div class=\"pgrid-box\">\r\n\t\t\t\t<article class=\"post-box blog-item\">\r\n\t\t\t\t\t<div class=\"post-inner\">\r\n\t\t\t\t\t\t\t\t\t\t\t\t\r\n\t\t\t\t\t        <div class=\"entry-media\">\r\n\t\t\t\t\t        \t<div class=\"post-cat\"><span class=\"posted-in\"><a href=\"https:\/\/viqtor.eu\/it\/category\/veille-juridique\/\" rel=\"category tag\">Monitoraggio legale<\/a><\/span><\/div>\t\t\t\t\t            <a href=\"https:\/\/viqtor.eu\/it\/cameras-augmentees-la-cnil-pose-de-nouvelles-balises\/\">\r\n\t\t\t\t\t                <img fetchpriority=\"high\" decoding=\"async\" width=\"601\" height=\"520\" src=\"https:\/\/viqtor.eu\/wp-content\/uploads\/2026\/03\/shutterstock_2704704709_1773309827037-3-601x520.jpg\" class=\"attachment-engitech-slider-post-thumbnail size-engitech-slider-post-thumbnail wp-post-image\" alt=\"\" \/>\t\t\t\t\t            <\/a>\r\n\t\t\t\t\t        <\/div>\r\n\t\t\t\t\t        \r\n\t\t\t\t\t    \r\n\t\t\t\t\t\t<div class=\"inner-post\">\r\n\t\t\t\t\t\t\t<div class=\"entry-header\">\r\n\r\n\t\t\t\t\t\t\t\t\r\n\t\t\t\t\t\t\t\t<h3 class=\"entry-title\"><a href=\"https:\/\/viqtor.eu\/it\/cameras-augmentees-la-cnil-pose-de-nouvelles-balises\/\" rel=\"bookmark\">Telecamere aumentate: la CNIL stabilisce nuove linee guida.<\/a><\/h3>\r\n\t\t\t\t\t\t\t<\/div><!-- .entry-header -->\r\n\t\t\t\t\t\t\t\r\n\t\t\t\t\t\t\t\t\t\t\t\t\t\t<div class=\"entry-summary the-excerpt\">\r\n\r\n\t\t\t\t\t            <p>Legal Watch n. 84 \u2013 Giugno 2025. Telecamere potenziate: la CNIL stabilisce nuove linee guida. L&#039;11 luglio, la CNIL (Autorit\u00e0 francese per la protezione dei dati) ha stabilito che l&#039;uso di telecamere &quot;potenziate&quot; per stimare l&#039;et\u00e0 dei clienti nei negozi di tabacco al fine di controllare la vendita di prodotti vietati ai minori non \u00e8 n\u00e9 necessario n\u00e9 proporzionato. Queste [\u2026]\n\r\n\t\t\t\t\t        <\/div><!-- .entry-content -->\r\n\t\t\t\t\t\t\t\t\t\t\t\t\t\t<div class=\"btn-readmore\">\r\n\t\t\t\t\t\t\t\t<a href=\"https:\/\/viqtor.eu\/it\/cameras-augmentees-la-cnil-pose-de-nouvelles-balises\/\"><i class=\"flaticon-right-arrow-1\"><\/i>Per saperne di pi\u00f9<\/a>\t\t\t\t\t\t\t<\/div>\r\n\t\t\t\t\t\t<\/div>\r\n\t\t\t\t\t<\/div>\r\n\t\t\t\t<\/article>\r\n\t\t\t\t<\/div>\r\n\t\t\t \r\n\t\t\t\t<div class=\"pgrid-box\">\r\n\t\t\t\t<article class=\"post-box blog-item\">\r\n\t\t\t\t\t<div class=\"post-inner\">\r\n\t\t\t\t\t\t\t\t\t\t\t\t\r\n\t\t\t\t\t        <div class=\"entry-media\">\r\n\t\t\t\t\t        \t<div class=\"post-cat\"><span class=\"posted-in\"><a href=\"https:\/\/viqtor.eu\/it\/category\/veille-juridique\/\" rel=\"category tag\">Monitoraggio legale<\/a><\/span><\/div>\t\t\t\t\t            <a href=\"https:\/\/viqtor.eu\/it\/la-souverainete-europeenne-en-matiere-de-donnees-un-voeu-pieux\/\">\r\n\t\t\t\t\t                <img decoding=\"async\" width=\"601\" height=\"520\" src=\"https:\/\/viqtor.eu\/wp-content\/uploads\/2026\/03\/shutterstock_2630309855_1773309574611-1-601x520.jpg\" class=\"attachment-engitech-slider-post-thumbnail size-engitech-slider-post-thumbnail wp-post-image\" alt=\"\" \/>\t\t\t\t\t            <\/a>\r\n\t\t\t\t\t        <\/div>\r\n\t\t\t\t\t        \r\n\t\t\t\t\t    \r\n\t\t\t\t\t\t<div class=\"inner-post\">\r\n\t\t\t\t\t\t\t<div class=\"entry-header\">\r\n\r\n\t\t\t\t\t\t\t\t\r\n\t\t\t\t\t\t\t\t<h3 class=\"entry-title\"><a href=\"https:\/\/viqtor.eu\/it\/la-souverainete-europeenne-en-matiere-de-donnees-un-voeu-pieux\/\" rel=\"bookmark\">Sovranit\u00e0 europea dei dati: pura illusione?<\/a><\/h3>\r\n\t\t\t\t\t\t\t<\/div><!-- .entry-header -->\r\n\t\t\t\t\t\t\t\r\n\t\t\t\t\t\t\t\t\t\t\t\t\t\t<div class=\"entry-summary the-excerpt\">\r\n\r\n\t\t\t\t\t            <p>Legal Watch n. 83 \u2013 Maggio 2025. Sovranit\u00e0 europea dei dati: un&#039;illusione? Il blocco da parte di Microsoft dell&#039;account di posta elettronica del Procuratore capo della Corte penale internazionale (CPI), Karim Khan, solleva la questione cruciale della sovranit\u00e0 digitale della Francia e dell&#039;Europa in generale di fronte a [\u2026]\n\r\n\t\t\t\t\t        <\/div><!-- .entry-content -->\r\n\t\t\t\t\t\t\t\t\t\t\t\t\t\t<div class=\"btn-readmore\">\r\n\t\t\t\t\t\t\t\t<a href=\"https:\/\/viqtor.eu\/it\/la-souverainete-europeenne-en-matiere-de-donnees-un-voeu-pieux\/\"><i class=\"flaticon-right-arrow-1\"><\/i>Per saperne di pi\u00f9<\/a>\t\t\t\t\t\t\t<\/div>\r\n\t\t\t\t\t\t<\/div>\r\n\t\t\t\t\t<\/div>\r\n\t\t\t\t<\/article>\r\n\t\t\t\t<\/div>\r\n\t\t\t \r\n\t\t\t\t<div class=\"pgrid-box\">\r\n\t\t\t\t<article class=\"post-box blog-item\">\r\n\t\t\t\t\t<div class=\"post-inner\">\r\n\t\t\t\t\t\t\t\t\t\t\t\t\r\n\t\t\t\t\t        <div class=\"entry-media\">\r\n\t\t\t\t\t        \t<div class=\"post-cat\"><span class=\"posted-in\"><a href=\"https:\/\/viqtor.eu\/it\/category\/veille-juridique\/\" rel=\"category tag\">Monitoraggio legale<\/a><\/span><\/div>\t\t\t\t\t            <a href=\"https:\/\/viqtor.eu\/it\/protection-des-donnees-et-simplification-des-normes-a-quoi-faut-il-sattendre\/\">\r\n\t\t\t\t\t                <img decoding=\"async\" width=\"601\" height=\"520\" src=\"https:\/\/viqtor.eu\/wp-content\/uploads\/2026\/03\/shutterstock_2694495575_1773309350287-1-601x520.jpg\" class=\"attachment-engitech-slider-post-thumbnail size-engitech-slider-post-thumbnail wp-post-image\" alt=\"\" \/>\t\t\t\t\t            <\/a>\r\n\t\t\t\t\t        <\/div>\r\n\t\t\t\t\t        \r\n\t\t\t\t\t    \r\n\t\t\t\t\t\t<div class=\"inner-post\">\r\n\t\t\t\t\t\t\t<div class=\"entry-header\">\r\n\r\n\t\t\t\t\t\t\t\t\r\n\t\t\t\t\t\t\t\t<h3 class=\"entry-title\"><a href=\"https:\/\/viqtor.eu\/it\/protection-des-donnees-et-simplification-des-normes-a-quoi-faut-il-sattendre\/\" rel=\"bookmark\">Protezione dei dati e semplificazione degli standard: cosa dobbiamo aspettarci?<\/a><\/h3>\r\n\t\t\t\t\t\t\t<\/div><!-- .entry-header -->\r\n\t\t\t\t\t\t\t\r\n\t\t\t\t\t\t\t\t\t\t\t\t\t\t<div class=\"entry-summary the-excerpt\">\r\n\r\n\t\t\t\t\t            <p>Legal Watch n. 82 \u2013 Aprile 2025. Protezione dei dati e semplificazione degli standard: cosa aspettarsi? La questione della semplificazione degli standard, tema ricorrente di discussione in Europa, ha assunto particolare importanza dopo il cambio di leadership alla Casa Bianca. Al Vertice sull&#039;Intelligenza Artificiale (IA) di Parigi [\u2026]\n\r\n\t\t\t\t\t        <\/div><!-- .entry-content -->\r\n\t\t\t\t\t\t\t\t\t\t\t\t\t\t<div class=\"btn-readmore\">\r\n\t\t\t\t\t\t\t\t<a href=\"https:\/\/viqtor.eu\/it\/protection-des-donnees-et-simplification-des-normes-a-quoi-faut-il-sattendre\/\"><i class=\"flaticon-right-arrow-1\"><\/i>Per saperne di pi\u00f9<\/a>\t\t\t\t\t\t\t<\/div>\r\n\t\t\t\t\t\t<\/div>\r\n\t\t\t\t\t<\/div>\r\n\t\t\t\t<\/article>\r\n\t\t\t\t<\/div>\r\n\t\t\t \r\n\t\t\t\t<div class=\"pgrid-box\">\r\n\t\t\t\t<article class=\"post-box blog-item\">\r\n\t\t\t\t\t<div class=\"post-inner\">\r\n\t\t\t\t\t\t\t\t\t\t\t\t\r\n\t\t\t\t\t        <div class=\"entry-media\">\r\n\t\t\t\t\t        \t<div class=\"post-cat\"><span class=\"posted-in\"><a href=\"https:\/\/viqtor.eu\/it\/category\/veille-juridique\/\" rel=\"category tag\">Monitoraggio legale<\/a><\/span><\/div>\t\t\t\t\t            <a href=\"https:\/\/viqtor.eu\/it\/violations-de-donnees-quelle-application-de-la-loi-pour-quelles-sanctions\/\">\r\n\t\t\t\t\t                <img loading=\"lazy\" decoding=\"async\" width=\"601\" height=\"520\" src=\"https:\/\/viqtor.eu\/wp-content\/uploads\/2026\/03\/shutterstock_2733065965_1773309100558-1-601x520.jpg\" class=\"attachment-engitech-slider-post-thumbnail size-engitech-slider-post-thumbnail wp-post-image\" alt=\"\" \/>\t\t\t\t\t            <\/a>\r\n\t\t\t\t\t        <\/div>\r\n\t\t\t\t\t        \r\n\t\t\t\t\t    \r\n\t\t\t\t\t\t<div class=\"inner-post\">\r\n\t\t\t\t\t\t\t<div class=\"entry-header\">\r\n\r\n\t\t\t\t\t\t\t\t\r\n\t\t\t\t\t\t\t\t<h3 class=\"entry-title\"><a href=\"https:\/\/viqtor.eu\/it\/violations-de-donnees-quelle-application-de-la-loi-pour-quelles-sanctions\/\" rel=\"bookmark\">Violazioni dei dati: quali azioni legali intraprendere e quali sanzioni?<\/a><\/h3>\r\n\t\t\t\t\t\t\t<\/div><!-- .entry-header -->\r\n\t\t\t\t\t\t\t\r\n\t\t\t\t\t\t\t\t\t\t\t\t\t\t<div class=\"entry-summary the-excerpt\">\r\n\r\n\t\t\t\t\t            <p>Legal Watch n. 81 \u2013 Marzo 2025. Violazioni dei dati: come viene applicata la legge e quali sono le sanzioni? Chi non ha ricevuto di recente un&#039;e-mail dal proprio fornitore di servizi di telecomunicazione, o dalla ONG a cui effettua una donazione mensile, che lo informava che i suoi dati di contatto, le credenziali di accesso e talvolta persino i dati bancari erano stati compromessi?\n\r\n\t\t\t\t\t        <\/div><!-- .entry-content -->\r\n\t\t\t\t\t\t\t\t\t\t\t\t\t\t<div class=\"btn-readmore\">\r\n\t\t\t\t\t\t\t\t<a href=\"https:\/\/viqtor.eu\/it\/violations-de-donnees-quelle-application-de-la-loi-pour-quelles-sanctions\/\"><i class=\"flaticon-right-arrow-1\"><\/i>Per saperne di pi\u00f9<\/a>\t\t\t\t\t\t\t<\/div>\r\n\t\t\t\t\t\t<\/div>\r\n\t\t\t\t\t<\/div>\r\n\t\t\t\t<\/article>\r\n\t\t\t\t<\/div>\r\n\t\t\t \r\n\t\t\t\t<div class=\"pgrid-box\">\r\n\t\t\t\t<article class=\"post-box blog-item\">\r\n\t\t\t\t\t<div class=\"post-inner\">\r\n\t\t\t\t\t\t\t\t\t\t\t\t\r\n\t\t\t\t\t        <div class=\"entry-media\">\r\n\t\t\t\t\t        \t<div class=\"post-cat\"><span class=\"posted-in\"><a href=\"https:\/\/viqtor.eu\/it\/category\/veille-juridique\/\" rel=\"category tag\">Monitoraggio legale<\/a><\/span><\/div>\t\t\t\t\t            <a href=\"https:\/\/viqtor.eu\/it\/transferts-de-donnees-vers-les-etats-unis-un-cadre-juridique-fragilise\/\">\r\n\t\t\t\t\t                <img loading=\"lazy\" decoding=\"async\" width=\"601\" height=\"520\" src=\"https:\/\/viqtor.eu\/wp-content\/uploads\/2026\/03\/shutterstock_1889109403_1773308862820-601x520.jpg\" class=\"attachment-engitech-slider-post-thumbnail size-engitech-slider-post-thumbnail wp-post-image\" alt=\"\" \/>\t\t\t\t\t            <\/a>\r\n\t\t\t\t\t        <\/div>\r\n\t\t\t\t\t        \r\n\t\t\t\t\t    \r\n\t\t\t\t\t\t<div class=\"inner-post\">\r\n\t\t\t\t\t\t\t<div class=\"entry-header\">\r\n\r\n\t\t\t\t\t\t\t\t\r\n\t\t\t\t\t\t\t\t<h3 class=\"entry-title\"><a href=\"https:\/\/viqtor.eu\/it\/transferts-de-donnees-vers-les-etats-unis-un-cadre-juridique-fragilise\/\" rel=\"bookmark\">Trasferimento di dati verso gli Stati Uniti: un quadro giuridico indebolito.<\/a><\/h3>\r\n\t\t\t\t\t\t\t<\/div><!-- .entry-header -->\r\n\t\t\t\t\t\t\t\r\n\t\t\t\t\t\t\t\t\t\t\t\t\t\t<div class=\"entry-summary the-excerpt\">\r\n\r\n\t\t\t\t\t            <p>Osservatorio legale n. 80 \u2013 Febbraio 2025. Trasferimenti di dati verso gli Stati Uniti: un quadro giuridico indebolito. Il 5 febbraio, 19 membri del Parlamento europeo, appartenenti a tutto lo spettro politico, hanno chiesto alla Commissione europea di valutare se il Quadro normativo sulla protezione dei dati (DPF), che disciplina i trasferimenti di dati verso gli Stati Uniti, sia sufficiente a mantenere un quadro giuridico adeguato per il trattamento dei dati.\n\r\n\t\t\t\t\t        <\/div><!-- .entry-content -->\r\n\t\t\t\t\t\t\t\t\t\t\t\t\t\t<div class=\"btn-readmore\">\r\n\t\t\t\t\t\t\t\t<a href=\"https:\/\/viqtor.eu\/it\/transferts-de-donnees-vers-les-etats-unis-un-cadre-juridique-fragilise\/\"><i class=\"flaticon-right-arrow-1\"><\/i>Per saperne di pi\u00f9<\/a>\t\t\t\t\t\t\t<\/div>\r\n\t\t\t\t\t\t<\/div>\r\n\t\t\t\t\t<\/div>\r\n\t\t\t\t<\/article>\r\n\t\t\t\t<\/div>\r\n\t\t\t \r\n\t\t\t\t<div class=\"pgrid-box\">\r\n\t\t\t\t<article class=\"post-box blog-item\">\r\n\t\t\t\t\t<div class=\"post-inner\">\r\n\t\t\t\t\t\t\t\t\t\t\t\t\r\n\t\t\t\t\t        <div class=\"entry-media\">\r\n\t\t\t\t\t        \t<div class=\"post-cat\"><span class=\"posted-in\"><a href=\"https:\/\/viqtor.eu\/it\/category\/veille-juridique\/\" rel=\"category tag\">Monitoraggio legale<\/a><\/span><\/div>\t\t\t\t\t            <a href=\"https:\/\/viqtor.eu\/it\/hebergement-de-donnees-professionnelles-attention-aux-plateformes-grand-public\/\">\r\n\t\t\t\t\t                <img loading=\"lazy\" decoding=\"async\" width=\"601\" height=\"520\" src=\"https:\/\/viqtor.eu\/wp-content\/uploads\/2026\/03\/shutterstock_2683499137_1773308438337-601x520.jpg\" class=\"attachment-engitech-slider-post-thumbnail size-engitech-slider-post-thumbnail wp-post-image\" alt=\"\" \/>\t\t\t\t\t            <\/a>\r\n\t\t\t\t\t        <\/div>\r\n\t\t\t\t\t        \r\n\t\t\t\t\t    \r\n\t\t\t\t\t\t<div class=\"inner-post\">\r\n\t\t\t\t\t\t\t<div class=\"entry-header\">\r\n\r\n\t\t\t\t\t\t\t\t\r\n\t\t\t\t\t\t\t\t<h3 class=\"entry-title\"><a href=\"https:\/\/viqtor.eu\/it\/hebergement-de-donnees-professionnelles-attention-aux-plateformes-grand-public\/\" rel=\"bookmark\">Hosting di dati professionali: attenzione alle piattaforme per consumatori.<\/a><\/h3>\r\n\t\t\t\t\t\t\t<\/div><!-- .entry-header -->\r\n\t\t\t\t\t\t\t\r\n\t\t\t\t\t\t\t\t\t\t\t\t\t\t<div class=\"entry-summary the-excerpt\">\r\n\r\n\t\t\t\t\t            <p>Legal Watch n. 79 \u2013 Gennaio 2025. Hosting di dati professionali: attenzione alle piattaforme per consumatori. Gli obblighi dei fornitori di servizi di hosting in materia di lotta alla pedopornografia hanno un impatto di vasta portata sulla riservatezza dei documenti che affidiamo loro. \u00c8 quanto ha scoperto a sue spese un avvocato parigino di recente, [\u2026]\n\r\n\t\t\t\t\t        <\/div><!-- .entry-content -->\r\n\t\t\t\t\t\t\t\t\t\t\t\t\t\t<div class=\"btn-readmore\">\r\n\t\t\t\t\t\t\t\t<a href=\"https:\/\/viqtor.eu\/it\/hebergement-de-donnees-professionnelles-attention-aux-plateformes-grand-public\/\"><i class=\"flaticon-right-arrow-1\"><\/i>Per saperne di pi\u00f9<\/a>\t\t\t\t\t\t\t<\/div>\r\n\t\t\t\t\t\t<\/div>\r\n\t\t\t\t\t<\/div>\r\n\t\t\t\t<\/article>\r\n\t\t\t\t<\/div>\r\n\t\t\t \r\n\t\t\t\t<div class=\"pgrid-box\">\r\n\t\t\t\t<article class=\"post-box blog-item\">\r\n\t\t\t\t\t<div class=\"post-inner\">\r\n\t\t\t\t\t\t\t\t\t\t\t\t\r\n\t\t\t\t\t        <div class=\"entry-media\">\r\n\t\t\t\t\t        \t<div class=\"post-cat\"><span class=\"posted-in\"><a href=\"https:\/\/viqtor.eu\/it\/category\/veille-juridique\/\" rel=\"category tag\">Monitoraggio legale<\/a><\/span><\/div>\t\t\t\t\t            <a href=\"https:\/\/viqtor.eu\/it\/quelles-perspectives-pour-la-protection-des-donnees-en-2025\/\">\r\n\t\t\t\t\t                <img loading=\"lazy\" decoding=\"async\" width=\"601\" height=\"520\" src=\"https:\/\/viqtor.eu\/wp-content\/uploads\/2026\/03\/shutterstock_2717134265_1773308160007-601x520.jpg\" class=\"attachment-engitech-slider-post-thumbnail size-engitech-slider-post-thumbnail wp-post-image\" alt=\"\" \/>\t\t\t\t\t            <\/a>\r\n\t\t\t\t\t        <\/div>\r\n\t\t\t\t\t        \r\n\t\t\t\t\t    \r\n\t\t\t\t\t\t<div class=\"inner-post\">\r\n\t\t\t\t\t\t\t<div class=\"entry-header\">\r\n\r\n\t\t\t\t\t\t\t\t\r\n\t\t\t\t\t\t\t\t<h3 class=\"entry-title\"><a href=\"https:\/\/viqtor.eu\/it\/quelles-perspectives-pour-la-protection-des-donnees-en-2025\/\" rel=\"bookmark\">Quali sono le prospettive per la protezione dei dati nel 2025?<\/a><\/h3>\r\n\t\t\t\t\t\t\t<\/div><!-- .entry-header -->\r\n\t\t\t\t\t\t\t\r\n\t\t\t\t\t\t\t\t\t\t\t\t\t\t<div class=\"entry-summary the-excerpt\">\r\n\r\n\t\t\t\t\t            <p>Legal Watch n. 78 \u2013 Dicembre 2024. Quali sono le prospettive per la protezione dei dati nel 2025? Il nuovo anno prosegue con la graduale attuazione del \u201cpacchetto digitale\u201d dell\u2019Unione europea, nonch\u00e9 con nuove normative volte a rafforzare la protezione dei dati personali di fronte alle sfide poste da [\u2026]\n\r\n\t\t\t\t\t        <\/div><!-- .entry-content -->\r\n\t\t\t\t\t\t\t\t\t\t\t\t\t\t<div class=\"btn-readmore\">\r\n\t\t\t\t\t\t\t\t<a href=\"https:\/\/viqtor.eu\/it\/quelles-perspectives-pour-la-protection-des-donnees-en-2025\/\"><i class=\"flaticon-right-arrow-1\"><\/i>Per saperne di pi\u00f9<\/a>\t\t\t\t\t\t\t<\/div>\r\n\t\t\t\t\t\t<\/div>\r\n\t\t\t\t\t<\/div>\r\n\t\t\t\t<\/article>\r\n\t\t\t\t<\/div>\r\n\t\t\t \r\n\t\t\t\t<div class=\"pgrid-box\">\r\n\t\t\t\t<article class=\"post-box blog-item\">\r\n\t\t\t\t\t<div class=\"post-inner\">\r\n\t\t\t\t\t\t\t\t\t\t\t\t\r\n\t\t\t\t\t        <div class=\"entry-media\">\r\n\t\t\t\t\t        \t<div class=\"post-cat\"><span class=\"posted-in\"><a href=\"https:\/\/viqtor.eu\/it\/category\/veille-juridique\/\" rel=\"category tag\">Monitoraggio legale<\/a><\/span><\/div>\t\t\t\t\t            <a href=\"https:\/\/viqtor.eu\/it\/lintelligence-artificielle-comme-outil-de-travail-quel-encadrement\/\">\r\n\t\t\t\t\t                <img loading=\"lazy\" decoding=\"async\" width=\"601\" height=\"520\" src=\"https:\/\/viqtor.eu\/wp-content\/uploads\/2026\/03\/shutterstock_2719237259_1773240155032-601x520.jpg\" class=\"attachment-engitech-slider-post-thumbnail size-engitech-slider-post-thumbnail wp-post-image\" alt=\"\" \/>\t\t\t\t\t            <\/a>\r\n\t\t\t\t\t        <\/div>\r\n\t\t\t\t\t        \r\n\t\t\t\t\t    \r\n\t\t\t\t\t\t<div class=\"inner-post\">\r\n\t\t\t\t\t\t\t<div class=\"entry-header\">\r\n\r\n\t\t\t\t\t\t\t\t\r\n\t\t\t\t\t\t\t\t<h3 class=\"entry-title\"><a href=\"https:\/\/viqtor.eu\/it\/lintelligence-artificielle-comme-outil-de-travail-quel-encadrement\/\" rel=\"bookmark\">L&#039;intelligenza artificiale come strumento di lavoro: quale quadro di riferimento \u00e8 necessario?<\/a><\/h3>\r\n\t\t\t\t\t\t\t<\/div><!-- .entry-header -->\r\n\t\t\t\t\t\t\t\r\n\t\t\t\t\t\t\t\t\t\t\t\t\t\t<div class=\"entry-summary the-excerpt\">\r\n\r\n\t\t\t\t\t            <p>Legal Watch n. 77 \u2013 Novembre 2024. L&#039;intelligenza artificiale come strumento di lavoro: quali normative sono in vigore? L&#039;uso dell&#039;IA sul posto di lavoro \u00e8 in forte espansione, spesso senza una pianificazione preventiva e senza che i datori di lavoro sappiano esattamente come i loro dipendenti utilizzano i nuovi strumenti a loro disposizione. Che si tratti dei modelli linguistici ormai classici [\u2026]\n\r\n\t\t\t\t\t        <\/div><!-- .entry-content -->\r\n\t\t\t\t\t\t\t\t\t\t\t\t\t\t<div class=\"btn-readmore\">\r\n\t\t\t\t\t\t\t\t<a href=\"https:\/\/viqtor.eu\/it\/lintelligence-artificielle-comme-outil-de-travail-quel-encadrement\/\"><i class=\"flaticon-right-arrow-1\"><\/i>Per saperne di pi\u00f9<\/a>\t\t\t\t\t\t\t<\/div>\r\n\t\t\t\t\t\t<\/div>\r\n\t\t\t\t\t<\/div>\r\n\t\t\t\t<\/article>\r\n\t\t\t\t<\/div>\r\n\t\t\t \r\n\t\t\t\t<div class=\"pgrid-box\">\r\n\t\t\t\t<article class=\"post-box blog-item\">\r\n\t\t\t\t\t<div class=\"post-inner\">\r\n\t\t\t\t\t\t\t\t\t\t\t\t\r\n\t\t\t\t\t        <div class=\"entry-media\">\r\n\t\t\t\t\t        \t<div class=\"post-cat\"><span class=\"posted-in\"><a href=\"https:\/\/viqtor.eu\/it\/category\/veille-juridique\/\" rel=\"category tag\">Monitoraggio legale<\/a><\/span><\/div>\t\t\t\t\t            <a href=\"https:\/\/viqtor.eu\/it\/cyberattaques-un-risque-accru-et-un-cadre-legal-en-evolution\/\">\r\n\t\t\t\t\t                <img loading=\"lazy\" decoding=\"async\" width=\"601\" height=\"520\" src=\"https:\/\/viqtor.eu\/wp-content\/uploads\/2026\/03\/shutterstock_2461654971_1773239629944-601x520.jpg\" class=\"attachment-engitech-slider-post-thumbnail size-engitech-slider-post-thumbnail wp-post-image\" alt=\"\" \/>\t\t\t\t\t            <\/a>\r\n\t\t\t\t\t        <\/div>\r\n\t\t\t\t\t        \r\n\t\t\t\t\t    \r\n\t\t\t\t\t\t<div class=\"inner-post\">\r\n\t\t\t\t\t\t\t<div class=\"entry-header\">\r\n\r\n\t\t\t\t\t\t\t\t\r\n\t\t\t\t\t\t\t\t<h3 class=\"entry-title\"><a href=\"https:\/\/viqtor.eu\/it\/cyberattaques-un-risque-accru-et-un-cadre-legal-en-evolution\/\" rel=\"bookmark\">Attacchi informatici: aumento del rischio e quadro giuridico in evoluzione<\/a><\/h3>\r\n\t\t\t\t\t\t\t<\/div><!-- .entry-header -->\r\n\t\t\t\t\t\t\t\r\n\t\t\t\t\t\t\t\t\t\t\t\t\t\t<div class=\"entry-summary the-excerpt\">\r\n\r\n\t\t\t\t\t            <p>Legal Watch n. 76 \u2013 Ottobre 2024. Attacchi informatici: rischio crescente e quadro giuridico in evoluzione. Il numero di attacchi informatici che hanno colpito aziende e servizi pubblici in Francia quest&#039;autunno \u00e8 incalcolabile. Dopo Boulanger, Cultura, Truffaut, Grosbill e SFR, ora \u00e8 il turno di Free di subire un attacco informatico. [\u2026]\n\r\n\t\t\t\t\t        <\/div><!-- .entry-content -->\r\n\t\t\t\t\t\t\t\t\t\t\t\t\t\t<div class=\"btn-readmore\">\r\n\t\t\t\t\t\t\t\t<a href=\"https:\/\/viqtor.eu\/it\/cyberattaques-un-risque-accru-et-un-cadre-legal-en-evolution\/\"><i class=\"flaticon-right-arrow-1\"><\/i>Per saperne di pi\u00f9<\/a>\t\t\t\t\t\t\t<\/div>\r\n\t\t\t\t\t\t<\/div>\r\n\t\t\t\t\t<\/div>\r\n\t\t\t\t<\/article>\r\n\t\t\t\t<\/div>\r\n\t\t\t \r\n\t\t\t\t<div class=\"pgrid-box\">\r\n\t\t\t\t<article class=\"post-box blog-item\">\r\n\t\t\t\t\t<div class=\"post-inner\">\r\n\t\t\t\t\t\t\t\t\t\t\t\t\r\n\t\t\t\t\t        <div class=\"entry-media\">\r\n\t\t\t\t\t        \t<div class=\"post-cat\"><span class=\"posted-in\"><a href=\"https:\/\/viqtor.eu\/it\/category\/veille-juridique\/\" rel=\"category tag\">Monitoraggio legale<\/a><\/span><\/div>\t\t\t\t\t            <a href=\"https:\/\/viqtor.eu\/it\/anonymisation-ou-pseudonymisation-des-qualifications-evolutives-dans-le-temps\/\">\r\n\t\t\t\t\t                <img loading=\"lazy\" decoding=\"async\" width=\"601\" height=\"520\" src=\"https:\/\/viqtor.eu\/wp-content\/uploads\/2026\/03\/shutterstock_1290531634_1773239136274-601x520.jpg\" class=\"attachment-engitech-slider-post-thumbnail size-engitech-slider-post-thumbnail wp-post-image\" alt=\"\" \/>\t\t\t\t\t            <\/a>\r\n\t\t\t\t\t        <\/div>\r\n\t\t\t\t\t        \r\n\t\t\t\t\t    \r\n\t\t\t\t\t\t<div class=\"inner-post\">\r\n\t\t\t\t\t\t\t<div class=\"entry-header\">\r\n\r\n\t\t\t\t\t\t\t\t\r\n\t\t\t\t\t\t\t\t<h3 class=\"entry-title\"><a href=\"https:\/\/viqtor.eu\/it\/anonymisation-ou-pseudonymisation-des-qualifications-evolutives-dans-le-temps\/\" rel=\"bookmark\">Anonimizzazione o pseudonimizzazione: qualifiche che si evolvono nel tempo?<\/a><\/h3>\r\n\t\t\t\t\t\t\t<\/div><!-- .entry-header -->\r\n\t\t\t\t\t\t\t\r\n\t\t\t\t\t\t\t\t\t\t\t\t\t\t<div class=\"entry-summary the-excerpt\">\r\n\r\n\t\t\t\t\t            <p>Osservatorio legale n. 75 \u2013 Settembre 2024. Anonimizzazione o pseudonimizzazione: classificazioni in evoluzione nel tempo? Il 5 settembre 2024, la CNIL (Autorit\u00e0 francese per la protezione dei dati) ha multato Cegedim Sant\u00e9 per 800.000 euro per, tra le altre cose, il trattamento non autorizzato di dati sanitari. L&#039;autorit\u00e0 di controllo ha rilevato che tali dati rimanevano comunque identificabili [\u2026]\n\r\n\t\t\t\t\t        <\/div><!-- .entry-content -->\r\n\t\t\t\t\t\t\t\t\t\t\t\t\t\t<div class=\"btn-readmore\">\r\n\t\t\t\t\t\t\t\t<a href=\"https:\/\/viqtor.eu\/it\/anonymisation-ou-pseudonymisation-des-qualifications-evolutives-dans-le-temps\/\"><i class=\"flaticon-right-arrow-1\"><\/i>Per saperne di pi\u00f9<\/a>\t\t\t\t\t\t\t<\/div>\r\n\t\t\t\t\t\t<\/div>\r\n\t\t\t\t\t<\/div>\r\n\t\t\t\t<\/article>\r\n\t\t\t\t<\/div>\r\n\t\t\t \r\n\t\t\t\t<div class=\"pgrid-box\">\r\n\t\t\t\t<article class=\"post-box blog-item\">\r\n\t\t\t\t\t<div class=\"post-inner\">\r\n\t\t\t\t\t\t\t\t\t\t\t\t\r\n\t\t\t\t\t        <div class=\"entry-media\">\r\n\t\t\t\t\t        \t<div class=\"post-cat\"><span class=\"posted-in\"><a href=\"https:\/\/viqtor.eu\/it\/category\/veille-juridique\/\" rel=\"category tag\">Monitoraggio legale<\/a><\/span><\/div>\t\t\t\t\t            <a href=\"https:\/\/viqtor.eu\/it\/telegram-signal-whatsapp-que-valent-les-messageries-instantanees-dans-un-contexte-professionnel\/\">\r\n\t\t\t\t\t                <img loading=\"lazy\" decoding=\"async\" width=\"601\" height=\"520\" src=\"https:\/\/viqtor.eu\/wp-content\/uploads\/2026\/03\/shutterstock_2687284167_1773238103065-601x520.jpg\" class=\"attachment-engitech-slider-post-thumbnail size-engitech-slider-post-thumbnail wp-post-image\" alt=\"\" \/>\t\t\t\t\t            <\/a>\r\n\t\t\t\t\t        <\/div>\r\n\t\t\t\t\t        \r\n\t\t\t\t\t    \r\n\t\t\t\t\t\t<div class=\"inner-post\">\r\n\t\t\t\t\t\t\t<div class=\"entry-header\">\r\n\r\n\t\t\t\t\t\t\t\t\r\n\t\t\t\t\t\t\t\t<h3 class=\"entry-title\"><a href=\"https:\/\/viqtor.eu\/it\/telegram-signal-whatsapp-que-valent-les-messageries-instantanees-dans-un-contexte-professionnel\/\" rel=\"bookmark\">Telegram, Signal, WhatsApp\u2026 Quanto sono validi i servizi di messaggistica istantanea in un contesto professionale?<\/a><\/h3>\r\n\t\t\t\t\t\t\t<\/div><!-- .entry-header -->\r\n\t\t\t\t\t\t\t\r\n\t\t\t\t\t\t\t\t\t\t\t\t\t\t<div class=\"entry-summary the-excerpt\">\r\n\r\n\t\t\t\t\t            <p>Legal Watch n. 74 \u2013 Agosto 2024. Telegram, Signal, WhatsApp\u2026 Quanto sono validi i servizi di messaggistica istantanea in un contesto professionale? L&#039;arresto in Francia di Pavel Durov, fondatore dell&#039;app di messaggistica Telegram, ha suscitato numerose reazioni mediatiche. A prescindere dai dibattiti politici che circondano la questione, il caso ci offre l&#039;opportunit\u00e0 di esaminare [\u2026]\n\r\n\t\t\t\t\t        <\/div><!-- .entry-content -->\r\n\t\t\t\t\t\t\t\t\t\t\t\t\t\t<div class=\"btn-readmore\">\r\n\t\t\t\t\t\t\t\t<a href=\"https:\/\/viqtor.eu\/it\/telegram-signal-whatsapp-que-valent-les-messageries-instantanees-dans-un-contexte-professionnel\/\"><i class=\"flaticon-right-arrow-1\"><\/i>Per saperne di pi\u00f9<\/a>\t\t\t\t\t\t\t<\/div>\r\n\t\t\t\t\t\t<\/div>\r\n\t\t\t\t\t<\/div>\r\n\t\t\t\t<\/article>\r\n\t\t\t\t<\/div>\r\n\t\t\t \r\n\t\t\t\t<div class=\"pgrid-box\">\r\n\t\t\t\t<article class=\"post-box blog-item\">\r\n\t\t\t\t\t<div class=\"post-inner\">\r\n\t\t\t\t\t\t\t\t\t\t\t\t\r\n\t\t\t\t\t        <div class=\"entry-media\">\r\n\t\t\t\t\t        \t<div class=\"post-cat\"><span class=\"posted-in\"><a href=\"https:\/\/viqtor.eu\/it\/category\/veille-juridique\/\" rel=\"category tag\">Monitoraggio legale<\/a><\/span><\/div>\t\t\t\t\t            <a href=\"https:\/\/viqtor.eu\/it\/services-cloud-quels-criteres-pour-quel-choix\/\">\r\n\t\t\t\t\t                <img loading=\"lazy\" decoding=\"async\" width=\"601\" height=\"520\" src=\"https:\/\/viqtor.eu\/wp-content\/uploads\/2026\/03\/shutterstock_2706142361_1773237268089-601x520.jpg\" class=\"attachment-engitech-slider-post-thumbnail size-engitech-slider-post-thumbnail wp-post-image\" alt=\"\" \/>\t\t\t\t\t            <\/a>\r\n\t\t\t\t\t        <\/div>\r\n\t\t\t\t\t        \r\n\t\t\t\t\t    \r\n\t\t\t\t\t\t<div class=\"inner-post\">\r\n\t\t\t\t\t\t\t<div class=\"entry-header\">\r\n\r\n\t\t\t\t\t\t\t\t\r\n\t\t\t\t\t\t\t\t<h3 class=\"entry-title\"><a href=\"https:\/\/viqtor.eu\/it\/services-cloud-quels-criteres-pour-quel-choix\/\" rel=\"bookmark\">Servizi cloud: quali criteri utilizzare per scegliere?<\/a><\/h3>\r\n\t\t\t\t\t\t\t<\/div><!-- .entry-header -->\r\n\t\t\t\t\t\t\t\r\n\t\t\t\t\t\t\t\t\t\t\t\t\t\t<div class=\"entry-summary the-excerpt\">\r\n\r\n\t\t\t\t\t            <p>Legal Watch n. 73 \u2013 Luglio 2024. Servizi cloud: quali criteri per quale scelta? Dall&#039;inizio della pandemia di Covid, si \u00e8 assistito a un crescente utilizzo dei servizi cloud sia nel settore pubblico che in quello privato. Sebbene il quadro normativo europeo in materia si stia delineando con maggiore chiarezza, permangono molte incertezze. Dovremmo scegliere [\u2026]\n\r\n\t\t\t\t\t        <\/div><!-- .entry-content -->\r\n\t\t\t\t\t\t\t\t\t\t\t\t\t\t<div class=\"btn-readmore\">\r\n\t\t\t\t\t\t\t\t<a href=\"https:\/\/viqtor.eu\/it\/services-cloud-quels-criteres-pour-quel-choix\/\"><i class=\"flaticon-right-arrow-1\"><\/i>Per saperne di pi\u00f9<\/a>\t\t\t\t\t\t\t<\/div>\r\n\t\t\t\t\t\t<\/div>\r\n\t\t\t\t\t<\/div>\r\n\t\t\t\t<\/article>\r\n\t\t\t\t<\/div>\r\n\t\t\t \r\n\t\t\t\t<div class=\"pgrid-box\">\r\n\t\t\t\t<article class=\"post-box blog-item\">\r\n\t\t\t\t\t<div class=\"post-inner\">\r\n\t\t\t\t\t\t\t\t\t\t\t\t\r\n\t\t\t\t\t        <div class=\"entry-media\">\r\n\t\t\t\t\t        \t<div class=\"post-cat\"><span class=\"posted-in\"><a href=\"https:\/\/viqtor.eu\/it\/category\/veille-juridique\/\" rel=\"category tag\">Monitoraggio legale<\/a><\/span><\/div>\t\t\t\t\t            <a href=\"https:\/\/viqtor.eu\/it\/communication-et-demarchage-sur-les-reseaux-sociaux-quelles-regles-pour-les-professionnels\/\">\r\n\t\t\t\t\t                <img loading=\"lazy\" decoding=\"async\" width=\"601\" height=\"520\" src=\"https:\/\/viqtor.eu\/wp-content\/uploads\/2026\/03\/shutterstock_2741981435_1773236680638-601x520.jpg\" class=\"attachment-engitech-slider-post-thumbnail size-engitech-slider-post-thumbnail wp-post-image\" alt=\"\" \/>\t\t\t\t\t            <\/a>\r\n\t\t\t\t\t        <\/div>\r\n\t\t\t\t\t        \r\n\t\t\t\t\t    \r\n\t\t\t\t\t\t<div class=\"inner-post\">\r\n\t\t\t\t\t\t\t<div class=\"entry-header\">\r\n\r\n\t\t\t\t\t\t\t\t\r\n\t\t\t\t\t\t\t\t<h3 class=\"entry-title\"><a href=\"https:\/\/viqtor.eu\/it\/communication-et-demarchage-sur-les-reseaux-sociaux-quelles-regles-pour-les-professionnels\/\" rel=\"bookmark\">Comunicazione e marketing sui social media: quali sono le regole per i professionisti?<\/a><\/h3>\r\n\t\t\t\t\t\t\t<\/div><!-- .entry-header -->\r\n\t\t\t\t\t\t\t\r\n\t\t\t\t\t\t\t\t\t\t\t\t\t\t<div class=\"entry-summary the-excerpt\">\r\n\r\n\t\t\t\t\t            <p>Legal Watch n. 72 \u2013 Giugno 2024. Comunicazione e marketing sui social media: quali regole si applicano ai professionisti? I social network costituiscono una miniera di dati per l&#039;individuazione di potenziali clienti. L&#039;utilizzo di questi dati, siano essi accessibili pubblicamente sul social network o ottenuti attraverso la costruzione di una rete di contatti, rimane soggetto a normative specifiche.\n\r\n\t\t\t\t\t        <\/div><!-- .entry-content -->\r\n\t\t\t\t\t\t\t\t\t\t\t\t\t\t<div class=\"btn-readmore\">\r\n\t\t\t\t\t\t\t\t<a href=\"https:\/\/viqtor.eu\/it\/communication-et-demarchage-sur-les-reseaux-sociaux-quelles-regles-pour-les-professionnels\/\"><i class=\"flaticon-right-arrow-1\"><\/i>Per saperne di pi\u00f9<\/a>\t\t\t\t\t\t\t<\/div>\r\n\t\t\t\t\t\t<\/div>\r\n\t\t\t\t\t<\/div>\r\n\t\t\t\t<\/article>\r\n\t\t\t\t<\/div>\r\n\t\t\t \r\n\t\t\t\t<div class=\"pgrid-box\">\r\n\t\t\t\t<article class=\"post-box blog-item\">\r\n\t\t\t\t\t<div class=\"post-inner\">\r\n\t\t\t\t\t\t\t\t\t\t\t\t\r\n\t\t\t\t\t        <div class=\"entry-media\">\r\n\t\t\t\t\t        \t<div class=\"post-cat\"><span class=\"posted-in\"><a href=\"https:\/\/viqtor.eu\/it\/category\/veille-juridique\/\" rel=\"category tag\">Monitoraggio legale<\/a><\/span><\/div>\t\t\t\t\t            <a href=\"https:\/\/viqtor.eu\/it\/transferts-de-donnees-en-dehors-de-lue-etat-des-lieux\/\">\r\n\t\t\t\t\t                <img loading=\"lazy\" decoding=\"async\" width=\"601\" height=\"520\" src=\"https:\/\/viqtor.eu\/wp-content\/uploads\/2026\/03\/shutterstock_2657746321_1773236092532-601x520.jpg\" class=\"attachment-engitech-slider-post-thumbnail size-engitech-slider-post-thumbnail wp-post-image\" alt=\"\" \/>\t\t\t\t\t            <\/a>\r\n\t\t\t\t\t        <\/div>\r\n\t\t\t\t\t        \r\n\t\t\t\t\t    \r\n\t\t\t\t\t\t<div class=\"inner-post\">\r\n\t\t\t\t\t\t\t<div class=\"entry-header\">\r\n\r\n\t\t\t\t\t\t\t\t\r\n\t\t\t\t\t\t\t\t<h3 class=\"entry-title\"><a href=\"https:\/\/viqtor.eu\/it\/transferts-de-donnees-en-dehors-de-lue-etat-des-lieux\/\" rel=\"bookmark\">Trasferimento di dati al di fuori dell&#039;UE: situazione attuale<\/a><\/h3>\r\n\t\t\t\t\t\t\t<\/div><!-- .entry-header -->\r\n\t\t\t\t\t\t\t\r\n\t\t\t\t\t\t\t\t\t\t\t\t\t\t<div class=\"entry-summary the-excerpt\">\r\n\r\n\t\t\t\t\t            <p>Legal Watch n. 70 \u2013 Aprile 2024. Trasferimenti di dati al di fuori dell&#039;UE: situazione attuale. Il panorama dei trasferimenti internazionali di dati si sta delineando con maggiore chiarezza a ogni decisione e posizione istituzionale assunta. Diverse iniziative recenti, sia a livello europeo che nazionale, mirano a facilitare i flussi di dati [\u2026]\n\r\n\t\t\t\t\t        <\/div><!-- .entry-content -->\r\n\t\t\t\t\t\t\t\t\t\t\t\t\t\t<div class=\"btn-readmore\">\r\n\t\t\t\t\t\t\t\t<a href=\"https:\/\/viqtor.eu\/it\/transferts-de-donnees-en-dehors-de-lue-etat-des-lieux\/\"><i class=\"flaticon-right-arrow-1\"><\/i>Per saperne di pi\u00f9<\/a>\t\t\t\t\t\t\t<\/div>\r\n\t\t\t\t\t\t<\/div>\r\n\t\t\t\t\t<\/div>\r\n\t\t\t\t<\/article>\r\n\t\t\t\t<\/div>\r\n\t\t\t \r\n\t\t\t\t<div class=\"pgrid-box\">\r\n\t\t\t\t<article class=\"post-box blog-item\">\r\n\t\t\t\t\t<div class=\"post-inner\">\r\n\t\t\t\t\t\t\t\t\t\t\t\t\r\n\t\t\t\t\t        <div class=\"entry-media\">\r\n\t\t\t\t\t        \t<div class=\"post-cat\"><span class=\"posted-in\"><a href=\"https:\/\/viqtor.eu\/it\/category\/veille-juridique\/\" rel=\"category tag\">Monitoraggio legale<\/a><\/span><\/div>\t\t\t\t\t            <a href=\"https:\/\/viqtor.eu\/it\/securite-des-donnees-cybermenaces-etat-des-lieux-et-orientations\/\">\r\n\t\t\t\t\t                <img loading=\"lazy\" decoding=\"async\" width=\"601\" height=\"520\" src=\"https:\/\/viqtor.eu\/wp-content\/uploads\/2026\/03\/shutterstock_2664438657_1773228152886-601x520.jpg\" class=\"attachment-engitech-slider-post-thumbnail size-engitech-slider-post-thumbnail wp-post-image\" alt=\"\" \/>\t\t\t\t\t            <\/a>\r\n\t\t\t\t\t        <\/div>\r\n\t\t\t\t\t        \r\n\t\t\t\t\t    \r\n\t\t\t\t\t\t<div class=\"inner-post\">\r\n\t\t\t\t\t\t\t<div class=\"entry-header\">\r\n\r\n\t\t\t\t\t\t\t\t\r\n\t\t\t\t\t\t\t\t<h3 class=\"entry-title\"><a href=\"https:\/\/viqtor.eu\/it\/securite-des-donnees-cybermenaces-etat-des-lieux-et-orientations\/\" rel=\"bookmark\">Sicurezza dei dati, minacce informatiche: situazione attuale e linee guida.<\/a><\/h3>\r\n\t\t\t\t\t\t\t<\/div><!-- .entry-header -->\r\n\t\t\t\t\t\t\t\r\n\t\t\t\t\t\t\t\t\t\t\t\t\t\t<div class=\"entry-summary the-excerpt\">\r\n\r\n\t\t\t\t\t            <p>Legal Watch n. 69 \u2013 Marzo 2024. Sicurezza dei dati, minacce informatiche: situazione attuale e linee guida. Diverse organizzazioni stanno pubblicando i loro rapporti sullo stato delle minacce informatiche all&#039;inizio di quest&#039;anno: un&#039;occasione per esaminare i rischi e fornire consigli per la protezione dei dati personali. L&#039;Agenzia dell&#039;Unione europea [\u2026]\n\r\n\t\t\t\t\t        <\/div><!-- .entry-content -->\r\n\t\t\t\t\t\t\t\t\t\t\t\t\t\t<div class=\"btn-readmore\">\r\n\t\t\t\t\t\t\t\t<a href=\"https:\/\/viqtor.eu\/it\/securite-des-donnees-cybermenaces-etat-des-lieux-et-orientations\/\"><i class=\"flaticon-right-arrow-1\"><\/i>Per saperne di pi\u00f9<\/a>\t\t\t\t\t\t\t<\/div>\r\n\t\t\t\t\t\t<\/div>\r\n\t\t\t\t\t<\/div>\r\n\t\t\t\t<\/article>\r\n\t\t\t\t<\/div>\r\n\t\t\t \r\n\t\t\t\t<div class=\"pgrid-box\">\r\n\t\t\t\t<article class=\"post-box blog-item\">\r\n\t\t\t\t\t<div class=\"post-inner\">\r\n\t\t\t\t\t\t\t\t\t\t\t\t\r\n\t\t\t\t\t        <div class=\"entry-media\">\r\n\t\t\t\t\t        \t<div class=\"post-cat\"><span class=\"posted-in\"><a href=\"https:\/\/viqtor.eu\/it\/category\/veille-juridique\/\" rel=\"category tag\">Monitoraggio legale<\/a><\/span><\/div>\t\t\t\t\t            <a href=\"https:\/\/viqtor.eu\/it\/controles-de-la-cnil-quelles-priorites-pour-2024\/\">\r\n\t\t\t\t\t                <img loading=\"lazy\" decoding=\"async\" width=\"601\" height=\"520\" src=\"https:\/\/viqtor.eu\/wp-content\/uploads\/2026\/03\/shutterstock_1195939270_1773227539403-601x520.jpg\" class=\"attachment-engitech-slider-post-thumbnail size-engitech-slider-post-thumbnail wp-post-image\" alt=\"\" \/>\t\t\t\t\t            <\/a>\r\n\t\t\t\t\t        <\/div>\r\n\t\t\t\t\t        \r\n\t\t\t\t\t    \r\n\t\t\t\t\t\t<div class=\"inner-post\">\r\n\t\t\t\t\t\t\t<div class=\"entry-header\">\r\n\r\n\t\t\t\t\t\t\t\t\r\n\t\t\t\t\t\t\t\t<h3 class=\"entry-title\"><a href=\"https:\/\/viqtor.eu\/it\/controles-de-la-cnil-quelles-priorites-pour-2024\/\" rel=\"bookmark\">Controlli della CNIL: quali sono le priorit\u00e0 per il 2024?<\/a><\/h3>\r\n\t\t\t\t\t\t\t<\/div><!-- .entry-header -->\r\n\t\t\t\t\t\t\t\r\n\t\t\t\t\t\t\t\t\t\t\t\t\t\t<div class=\"entry-summary the-excerpt\">\r\n\r\n\t\t\t\t\t            <p>Legal Watch n. 68 \u2013 Febbraio 2024. Audit della CNIL: quali sono le priorit\u00e0 per il 2024? Come ogni anno, all&#039;inizio del 2024 la CNIL ha pubblicato la sua relazione annuale e le priorit\u00e0 per i mesi a venire. Il documento indica un costante aumento degli audit, resi pi\u00f9 efficaci dall&#039;implementazione [\u2026]\n\r\n\t\t\t\t\t        <\/div><!-- .entry-content -->\r\n\t\t\t\t\t\t\t\t\t\t\t\t\t\t<div class=\"btn-readmore\">\r\n\t\t\t\t\t\t\t\t<a href=\"https:\/\/viqtor.eu\/it\/controles-de-la-cnil-quelles-priorites-pour-2024\/\"><i class=\"flaticon-right-arrow-1\"><\/i>Per saperne di pi\u00f9<\/a>\t\t\t\t\t\t\t<\/div>\r\n\t\t\t\t\t\t<\/div>\r\n\t\t\t\t\t<\/div>\r\n\t\t\t\t<\/article>\r\n\t\t\t\t<\/div>\r\n\t\t\t \r\n\t\t\t\t<div class=\"pgrid-box\">\r\n\t\t\t\t<article class=\"post-box blog-item\">\r\n\t\t\t\t\t<div class=\"post-inner\">\r\n\t\t\t\t\t\t\t\t\t\t\t\t\r\n\t\t\t\t\t        <div class=\"entry-media\">\r\n\t\t\t\t\t        \t<div class=\"post-cat\"><span class=\"posted-in\"><a href=\"https:\/\/viqtor.eu\/it\/category\/veille-juridique\/\" rel=\"category tag\">Monitoraggio legale<\/a><\/span><\/div>\t\t\t\t\t            <a href=\"https:\/\/viqtor.eu\/it\/role-et-moyens-des-dpo-les-resultats-dune-annee-de-controles\/\">\r\n\t\t\t\t\t                <img loading=\"lazy\" decoding=\"async\" width=\"601\" height=\"520\" src=\"https:\/\/viqtor.eu\/wp-content\/uploads\/2026\/03\/shutterstock_2084371585_1773151585967-601x520.jpg\" class=\"attachment-engitech-slider-post-thumbnail size-engitech-slider-post-thumbnail wp-post-image\" alt=\"\" \/>\t\t\t\t\t            <\/a>\r\n\t\t\t\t\t        <\/div>\r\n\t\t\t\t\t        \r\n\t\t\t\t\t    \r\n\t\t\t\t\t\t<div class=\"inner-post\">\r\n\t\t\t\t\t\t\t<div class=\"entry-header\">\r\n\r\n\t\t\t\t\t\t\t\t\r\n\t\t\t\t\t\t\t\t<h3 class=\"entry-title\"><a href=\"https:\/\/viqtor.eu\/it\/role-et-moyens-des-dpo-les-resultats-dune-annee-de-controles\/\" rel=\"bookmark\">Ruolo e risorse dei DPO: risultati di un anno di audit<\/a><\/h3>\r\n\t\t\t\t\t\t\t<\/div><!-- .entry-header -->\r\n\t\t\t\t\t\t\t\r\n\t\t\t\t\t\t\t\t\t\t\t\t\t\t<div class=\"entry-summary the-excerpt\">\r\n\r\n\t\t\t\t\t            <p>Legal Watch n. 67 \u2013 Gennaio 2024. Ruolo e risorse dei DPO: i risultati di un anno di audit. Il 17 gennaio, la CNIL e le sue controparti europee hanno pubblicato i risultati delle loro indagini sul ruolo e le risorse dei responsabili della protezione dei dati (DPO) nel contesto del GDPR. [\u2026]\n\r\n\t\t\t\t\t        <\/div><!-- .entry-content -->\r\n\t\t\t\t\t\t\t\t\t\t\t\t\t\t<div class=\"btn-readmore\">\r\n\t\t\t\t\t\t\t\t<a href=\"https:\/\/viqtor.eu\/it\/role-et-moyens-des-dpo-les-resultats-dune-annee-de-controles\/\"><i class=\"flaticon-right-arrow-1\"><\/i>Per saperne di pi\u00f9<\/a>\t\t\t\t\t\t\t<\/div>\r\n\t\t\t\t\t\t<\/div>\r\n\t\t\t\t\t<\/div>\r\n\t\t\t\t<\/article>\r\n\t\t\t\t<\/div>\r\n\t\t\t \r\n\t\t\t\t<div class=\"pgrid-box\">\r\n\t\t\t\t<article class=\"post-box blog-item\">\r\n\t\t\t\t\t<div class=\"post-inner\">\r\n\t\t\t\t\t\t\t\t\t\t\t\t\r\n\t\t\t\t\t        <div class=\"entry-media\">\r\n\t\t\t\t\t        \t<div class=\"post-cat\"><span class=\"posted-in\"><a href=\"https:\/\/viqtor.eu\/it\/category\/veille-juridique\/\" rel=\"category tag\">Monitoraggio legale<\/a><\/span><\/div>\t\t\t\t\t            <a href=\"https:\/\/viqtor.eu\/it\/jurisprudence-rgpd-les-grandes-orientations-de-2023\/\">\r\n\t\t\t\t\t                <img loading=\"lazy\" decoding=\"async\" width=\"601\" height=\"520\" src=\"https:\/\/viqtor.eu\/wp-content\/uploads\/2026\/03\/shutterstock_2051919695_1773150964945-601x520.jpg\" class=\"attachment-engitech-slider-post-thumbnail size-engitech-slider-post-thumbnail wp-post-image\" alt=\"\" \/>\t\t\t\t\t            <\/a>\r\n\t\t\t\t\t        <\/div>\r\n\t\t\t\t\t        \r\n\t\t\t\t\t    \r\n\t\t\t\t\t\t<div class=\"inner-post\">\r\n\t\t\t\t\t\t\t<div class=\"entry-header\">\r\n\r\n\t\t\t\t\t\t\t\t\r\n\t\t\t\t\t\t\t\t<h3 class=\"entry-title\"><a href=\"https:\/\/viqtor.eu\/it\/jurisprudence-rgpd-les-grandes-orientations-de-2023\/\" rel=\"bookmark\">Giurisprudenza in materia di GDPR: principali tendenze per il 2023<\/a><\/h3>\r\n\t\t\t\t\t\t\t<\/div><!-- .entry-header -->\r\n\t\t\t\t\t\t\t\r\n\t\t\t\t\t\t\t\t\t\t\t\t\t\t<div class=\"entry-summary the-excerpt\">\r\n\r\n\t\t\t\t\t            <p>Legal Watch n. 66 \u2013 Dicembre 2023. Giurisprudenza GDPR: principali tendenze del 2023. Sia in Francia che a livello europeo, le autorit\u00e0 di protezione dei dati e gli organi giurisdizionali hanno emesso numerose decisioni nel 2023, chiarendo le condizioni per l&#039;applicazione del GDPR. A livello europeo, le sanzioni pi\u00f9 significative imposte dalle autorit\u00e0 [\u2026]\n\r\n\t\t\t\t\t        <\/div><!-- .entry-content -->\r\n\t\t\t\t\t\t\t\t\t\t\t\t\t\t<div class=\"btn-readmore\">\r\n\t\t\t\t\t\t\t\t<a href=\"https:\/\/viqtor.eu\/it\/jurisprudence-rgpd-les-grandes-orientations-de-2023\/\"><i class=\"flaticon-right-arrow-1\"><\/i>Per saperne di pi\u00f9<\/a>\t\t\t\t\t\t\t<\/div>\r\n\t\t\t\t\t\t<\/div>\r\n\t\t\t\t\t<\/div>\r\n\t\t\t\t<\/article>\r\n\t\t\t\t<\/div>\r\n\t\t\t \r\n\t\t\t\t<div class=\"pgrid-box\">\r\n\t\t\t\t<article class=\"post-box blog-item\">\r\n\t\t\t\t\t<div class=\"post-inner\">\r\n\t\t\t\t\t\t\t\t\t\t\t\t\r\n\t\t\t\t\t        <div class=\"entry-media\">\r\n\t\t\t\t\t        \t<div class=\"post-cat\"><span class=\"posted-in\"><a href=\"https:\/\/viqtor.eu\/it\/category\/veille-juridique\/\" rel=\"category tag\">Monitoraggio legale<\/a><\/span><\/div>\t\t\t\t\t            <a href=\"https:\/\/viqtor.eu\/it\/plaintes-et-sanctions-quel-agenda-2024-pour-les-autorites-de-protection-des-donnees\/\">\r\n\t\t\t\t\t                <img loading=\"lazy\" decoding=\"async\" width=\"601\" height=\"520\" src=\"https:\/\/viqtor.eu\/wp-content\/uploads\/2026\/03\/shutterstock_2344659795_1773150356149-601x520.jpg\" class=\"attachment-engitech-slider-post-thumbnail size-engitech-slider-post-thumbnail wp-post-image\" alt=\"\" \/>\t\t\t\t\t            <\/a>\r\n\t\t\t\t\t        <\/div>\r\n\t\t\t\t\t        \r\n\t\t\t\t\t    \r\n\t\t\t\t\t\t<div class=\"inner-post\">\r\n\t\t\t\t\t\t\t<div class=\"entry-header\">\r\n\r\n\t\t\t\t\t\t\t\t\r\n\t\t\t\t\t\t\t\t<h3 class=\"entry-title\"><a href=\"https:\/\/viqtor.eu\/it\/plaintes-et-sanctions-quel-agenda-2024-pour-les-autorites-de-protection-des-donnees\/\" rel=\"bookmark\">Reclami e sanzioni: qual \u00e8 l&#039;agenda 2024 per le autorit\u00e0 di protezione dei dati?<\/a><\/h3>\r\n\t\t\t\t\t\t\t<\/div><!-- .entry-header -->\r\n\t\t\t\t\t\t\t\r\n\t\t\t\t\t\t\t\t\t\t\t\t\t\t<div class=\"entry-summary the-excerpt\">\r\n\r\n\t\t\t\t\t            <p>Legal Watch n. 65 \u2013 Novembre 2023. Reclami e sanzioni: qual \u00e8 l&#039;agenda 2024 per le autorit\u00e0 di protezione dei dati? L&#039;entrata in vigore del GDPR ha portato a una maggiore consapevolezza in materia di protezione dei dati, sia tra i titolari del trattamento che tra gli individui. Ci\u00f2 ha comportato un aumento di [\u2026]\n\r\n\t\t\t\t\t        <\/div><!-- .entry-content -->\r\n\t\t\t\t\t\t\t\t\t\t\t\t\t\t<div class=\"btn-readmore\">\r\n\t\t\t\t\t\t\t\t<a href=\"https:\/\/viqtor.eu\/it\/plaintes-et-sanctions-quel-agenda-2024-pour-les-autorites-de-protection-des-donnees\/\"><i class=\"flaticon-right-arrow-1\"><\/i>Per saperne di pi\u00f9<\/a>\t\t\t\t\t\t\t<\/div>\r\n\t\t\t\t\t\t<\/div>\r\n\t\t\t\t\t<\/div>\r\n\t\t\t\t<\/article>\r\n\t\t\t\t<\/div>\r\n\t\t\t \r\n\t\t\t\t<div class=\"pgrid-box\">\r\n\t\t\t\t<article class=\"post-box blog-item\">\r\n\t\t\t\t\t<div class=\"post-inner\">\r\n\t\t\t\t\t\t\t\t\t\t\t\t\r\n\t\t\t\t\t        <div class=\"entry-media\">\r\n\t\t\t\t\t        \t<div class=\"post-cat\"><span class=\"posted-in\"><a href=\"https:\/\/viqtor.eu\/it\/category\/veille-juridique\/\" rel=\"category tag\">Monitoraggio legale<\/a><\/span><\/div>\t\t\t\t\t            <a href=\"https:\/\/viqtor.eu\/it\/chiffrement-et-portes-derobees-des-contraintes-techniques-aux-enjeux-de-societe\/\">\r\n\t\t\t\t\t                <img loading=\"lazy\" decoding=\"async\" width=\"601\" height=\"520\" src=\"https:\/\/viqtor.eu\/wp-content\/uploads\/2026\/03\/shutterstock_2563879841_1773140290155-601x520.jpg\" class=\"attachment-engitech-slider-post-thumbnail size-engitech-slider-post-thumbnail wp-post-image\" alt=\"\" \/>\t\t\t\t\t            <\/a>\r\n\t\t\t\t\t        <\/div>\r\n\t\t\t\t\t        \r\n\t\t\t\t\t    \r\n\t\t\t\t\t\t<div class=\"inner-post\">\r\n\t\t\t\t\t\t\t<div class=\"entry-header\">\r\n\r\n\t\t\t\t\t\t\t\t\r\n\t\t\t\t\t\t\t\t<h3 class=\"entry-title\"><a href=\"https:\/\/viqtor.eu\/it\/chiffrement-et-portes-derobees-des-contraintes-techniques-aux-enjeux-de-societe\/\" rel=\"bookmark\">Crittografia e backdoor: dai vincoli tecnici alle sfide sociali<\/a><\/h3>\r\n\t\t\t\t\t\t\t<\/div><!-- .entry-header -->\r\n\t\t\t\t\t\t\t\r\n\t\t\t\t\t\t\t\t\t\t\t\t\t\t<div class=\"entry-summary the-excerpt\">\r\n\r\n\t\t\t\t\t            <p>Legal Watch n. 64 \u2013 Ottobre 2023. Crittografia e backdoor: dai vincoli tecnici alle sfide sociali. I recenti eventi in Francia riecheggiano l&#039;attuale dibattito in Europa sull&#039;accesso delle forze dell&#039;ordine al contenuto dei servizi di messaggistica crittografata. Il Ministro dell&#039;Interno, commentando alla radio il recente attacco al liceo di Arras, [\u2026]\n\r\n\t\t\t\t\t        <\/div><!-- .entry-content -->\r\n\t\t\t\t\t\t\t\t\t\t\t\t\t\t<div class=\"btn-readmore\">\r\n\t\t\t\t\t\t\t\t<a href=\"https:\/\/viqtor.eu\/it\/chiffrement-et-portes-derobees-des-contraintes-techniques-aux-enjeux-de-societe\/\"><i class=\"flaticon-right-arrow-1\"><\/i>Per saperne di pi\u00f9<\/a>\t\t\t\t\t\t\t<\/div>\r\n\t\t\t\t\t\t<\/div>\r\n\t\t\t\t\t<\/div>\r\n\t\t\t\t<\/article>\r\n\t\t\t\t<\/div>\r\n\t\t\t \r\n\t\t\t\t<div class=\"pgrid-box\">\r\n\t\t\t\t<article class=\"post-box blog-item\">\r\n\t\t\t\t\t<div class=\"post-inner\">\r\n\t\t\t\t\t\t\t\t\t\t\t\t\r\n\t\t\t\t\t        <div class=\"entry-media\">\r\n\t\t\t\t\t        \t<div class=\"post-cat\"><span class=\"posted-in\"><a href=\"https:\/\/viqtor.eu\/it\/category\/veille-juridique\/\" rel=\"category tag\">Monitoraggio legale<\/a><\/span><\/div>\t\t\t\t\t            <a href=\"https:\/\/viqtor.eu\/it\/brexit-etat-des-lieux-de-la-protection-des-donnees\/\">\r\n\t\t\t\t\t                <img loading=\"lazy\" decoding=\"async\" width=\"601\" height=\"520\" src=\"https:\/\/viqtor.eu\/wp-content\/uploads\/2026\/03\/shutterstock_1347752237_1773139288406-7-601x520.jpg\" class=\"attachment-engitech-slider-post-thumbnail size-engitech-slider-post-thumbnail wp-post-image\" alt=\"\" \/>\t\t\t\t\t            <\/a>\r\n\t\t\t\t\t        <\/div>\r\n\t\t\t\t\t        \r\n\t\t\t\t\t    \r\n\t\t\t\t\t\t<div class=\"inner-post\">\r\n\t\t\t\t\t\t\t<div class=\"entry-header\">\r\n\r\n\t\t\t\t\t\t\t\t\r\n\t\t\t\t\t\t\t\t<h3 class=\"entry-title\"><a href=\"https:\/\/viqtor.eu\/it\/brexit-etat-des-lieux-de-la-protection-des-donnees\/\" rel=\"bookmark\">Brexit: una panoramica sulla protezione dei dati<\/a><\/h3>\r\n\t\t\t\t\t\t\t<\/div><!-- .entry-header -->\r\n\t\t\t\t\t\t\t\r\n\t\t\t\t\t\t\t\t\t\t\t\t\t\t<div class=\"entry-summary the-excerpt\">\r\n\r\n\t\t\t\t\t            <p>Legal Watch n. 63 \u2013 Settembre 2023. Brexit: una panoramica sulla protezione dei dati. Dall&#039;uscita del Regno Unito dall&#039;Unione Europea, avvenuta il 31 gennaio 2020, sono emerse differenze sempre pi\u00f9 significative tra i quadri normativi in materia di protezione dei dati su entrambe le sponde della Manica. Il Paese continua ad applicare la legge [\u2026]\n\r\n\t\t\t\t\t        <\/div><!-- .entry-content -->\r\n\t\t\t\t\t\t\t\t\t\t\t\t\t\t<div class=\"btn-readmore\">\r\n\t\t\t\t\t\t\t\t<a href=\"https:\/\/viqtor.eu\/it\/brexit-etat-des-lieux-de-la-protection-des-donnees\/\"><i class=\"flaticon-right-arrow-1\"><\/i>Per saperne di pi\u00f9<\/a>\t\t\t\t\t\t\t<\/div>\r\n\t\t\t\t\t\t<\/div>\r\n\t\t\t\t\t<\/div>\r\n\t\t\t\t<\/article>\r\n\t\t\t\t<\/div>\r\n\t\t\t \r\n\t\t\t\t<div class=\"pgrid-box\">\r\n\t\t\t\t<article class=\"post-box blog-item\">\r\n\t\t\t\t\t<div class=\"post-inner\">\r\n\t\t\t\t\t\t\t\t\t\t\t\t\r\n\t\t\t\t\t        <div class=\"entry-media\">\r\n\t\t\t\t\t        \t<div class=\"post-cat\"><span class=\"posted-in\"><a href=\"https:\/\/viqtor.eu\/it\/category\/veille-juridique\/\" rel=\"category tag\">Monitoraggio legale<\/a><\/span><\/div>\t\t\t\t\t            <a href=\"https:\/\/viqtor.eu\/it\/dma-dsa-les-nouvelles-obligations-des-geants-de-la-tech\/\">\r\n\t\t\t\t\t                <img loading=\"lazy\" decoding=\"async\" width=\"601\" height=\"520\" src=\"https:\/\/viqtor.eu\/wp-content\/uploads\/2026\/03\/shutterstock_2583776225_1773138280604-601x520.jpg\" class=\"attachment-engitech-slider-post-thumbnail size-engitech-slider-post-thumbnail wp-post-image\" alt=\"\" \/>\t\t\t\t\t            <\/a>\r\n\t\t\t\t\t        <\/div>\r\n\t\t\t\t\t        \r\n\t\t\t\t\t    \r\n\t\t\t\t\t\t<div class=\"inner-post\">\r\n\t\t\t\t\t\t\t<div class=\"entry-header\">\r\n\r\n\t\t\t\t\t\t\t\t\r\n\t\t\t\t\t\t\t\t<h3 class=\"entry-title\"><a href=\"https:\/\/viqtor.eu\/it\/dma-dsa-les-nouvelles-obligations-des-geants-de-la-tech\/\" rel=\"bookmark\">DMA, DSA: i nuovi obblighi dei giganti della tecnologia<\/a><\/h3>\r\n\t\t\t\t\t\t\t<\/div><!-- .entry-header -->\r\n\t\t\t\t\t\t\t\r\n\t\t\t\t\t\t\t\t\t\t\t\t\t\t<div class=\"entry-summary the-excerpt\">\r\n\r\n\t\t\t\t\t            <p>Osservatorio legale n. 62 \u2013 Agosto 2023. DMA, DSA: i nuovi obblighi dei giganti della tecnologia. All&#039;inizio di settembre si amplia la tutela dei diritti degli utenti online, con l&#039;applicazione della Legge sui servizi digitali alle principali piattaforme e la pubblicazione dell&#039;elenco delle societ\u00e0 soggette alla Legge sui mercati digitali. Dal 25 [\u2026]\n\r\n\t\t\t\t\t        <\/div><!-- .entry-content -->\r\n\t\t\t\t\t\t\t\t\t\t\t\t\t\t<div class=\"btn-readmore\">\r\n\t\t\t\t\t\t\t\t<a href=\"https:\/\/viqtor.eu\/it\/dma-dsa-les-nouvelles-obligations-des-geants-de-la-tech\/\"><i class=\"flaticon-right-arrow-1\"><\/i>Per saperne di pi\u00f9<\/a>\t\t\t\t\t\t\t<\/div>\r\n\t\t\t\t\t\t<\/div>\r\n\t\t\t\t\t<\/div>\r\n\t\t\t\t<\/article>\r\n\t\t\t\t<\/div>\r\n\t\t\t \r\n\t\t\t\t<div class=\"pgrid-box\">\r\n\t\t\t\t<article class=\"post-box blog-item\">\r\n\t\t\t\t\t<div class=\"post-inner\">\r\n\t\t\t\t\t\t\t\t\t\t\t\t\r\n\t\t\t\t\t        <div class=\"entry-media\">\r\n\t\t\t\t\t        \t<div class=\"post-cat\"><span class=\"posted-in\"><a href=\"https:\/\/viqtor.eu\/it\/category\/veille-juridique\/\" rel=\"category tag\">Monitoraggio legale<\/a><\/span><\/div>\t\t\t\t\t            <a href=\"https:\/\/viqtor.eu\/it\/les-apis-au-coeur-du-partage-des-donnees-a-caractere-personnel\/\">\r\n\t\t\t\t\t                <img loading=\"lazy\" decoding=\"async\" width=\"601\" height=\"520\" src=\"https:\/\/viqtor.eu\/wp-content\/uploads\/2026\/03\/shutterstock_2733529939_1773135977905-2-601x520.jpg\" class=\"attachment-engitech-slider-post-thumbnail size-engitech-slider-post-thumbnail wp-post-image\" alt=\"\" \/>\t\t\t\t\t            <\/a>\r\n\t\t\t\t\t        <\/div>\r\n\t\t\t\t\t        \r\n\t\t\t\t\t    \r\n\t\t\t\t\t\t<div class=\"inner-post\">\r\n\t\t\t\t\t\t\t<div class=\"entry-header\">\r\n\r\n\t\t\t\t\t\t\t\t\r\n\t\t\t\t\t\t\t\t<h3 class=\"entry-title\"><a href=\"https:\/\/viqtor.eu\/it\/les-apis-au-coeur-du-partage-des-donnees-a-caractere-personnel\/\" rel=\"bookmark\">Le API al centro della condivisione dei dati personali<\/a><\/h3>\r\n\t\t\t\t\t\t\t<\/div><!-- .entry-header -->\r\n\t\t\t\t\t\t\t\r\n\t\t\t\t\t\t\t\t\t\t\t\t\t\t<div class=\"entry-summary the-excerpt\">\r\n\r\n\t\t\t\t\t            <p>Legal Watch n. 61 \u2013 Luglio 2023. Le API al centro della condivisione dei dati personali. Le interfacce di programmazione delle applicazioni, comunemente note come &quot;API&quot; (dal loro nome inglese &quot;application programming interface&quot;), sono spesso utilizzate per facilitare la condivisione di informazioni tra organizzazioni pubbliche e private. Questa condivisione di [\u2026]\n\r\n\t\t\t\t\t        <\/div><!-- .entry-content -->\r\n\t\t\t\t\t\t\t\t\t\t\t\t\t\t<div class=\"btn-readmore\">\r\n\t\t\t\t\t\t\t\t<a href=\"https:\/\/viqtor.eu\/it\/les-apis-au-coeur-du-partage-des-donnees-a-caractere-personnel\/\"><i class=\"flaticon-right-arrow-1\"><\/i>Per saperne di pi\u00f9<\/a>\t\t\t\t\t\t\t<\/div>\r\n\t\t\t\t\t\t<\/div>\r\n\t\t\t\t\t<\/div>\r\n\t\t\t\t<\/article>\r\n\t\t\t\t<\/div>\r\n\t\t\t \r\n\t\t\t\t<div class=\"pgrid-box\">\r\n\t\t\t\t<article class=\"post-box blog-item\">\r\n\t\t\t\t\t<div class=\"post-inner\">\r\n\t\t\t\t\t\t\t\t\t\t\t\t\r\n\t\t\t\t\t        <div class=\"entry-media\">\r\n\t\t\t\t\t        \t<div class=\"post-cat\"><span class=\"posted-in\"><a href=\"https:\/\/viqtor.eu\/it\/category\/veille-juridique\/\" rel=\"category tag\">Monitoraggio legale<\/a><\/span><\/div>\t\t\t\t\t            <a href=\"https:\/\/viqtor.eu\/it\/sanction-meta-12-milliard-deuros-et-apres\/\">\r\n\t\t\t\t\t                <img loading=\"lazy\" decoding=\"async\" width=\"601\" height=\"520\" src=\"https:\/\/viqtor.eu\/wp-content\/uploads\/2026\/03\/Image198997_1772200212075-2-601x520.jpg\" class=\"attachment-engitech-slider-post-thumbnail size-engitech-slider-post-thumbnail wp-post-image\" alt=\"\" \/>\t\t\t\t\t            <\/a>\r\n\t\t\t\t\t        <\/div>\r\n\t\t\t\t\t        \r\n\t\t\t\t\t    \r\n\t\t\t\t\t\t<div class=\"inner-post\">\r\n\t\t\t\t\t\t\t<div class=\"entry-header\">\r\n\r\n\t\t\t\t\t\t\t\t\r\n\t\t\t\t\t\t\t\t<h3 class=\"entry-title\"><a href=\"https:\/\/viqtor.eu\/it\/sanction-meta-12-milliard-deuros-et-apres\/\" rel=\"bookmark\">Meta sanzione: 1,2 miliardi di euro\u2026 e poi?<\/a><\/h3>\r\n\t\t\t\t\t\t\t<\/div><!-- .entry-header -->\r\n\t\t\t\t\t\t\t\r\n\t\t\t\t\t\t\t\t\t\t\t\t\t\t<div class=\"entry-summary the-excerpt\">\r\n\r\n\t\t\t\t\t            <p>Osservatorio legale n. 59 \u2013 Maggio 2023. Multa a Meta: 1,2 miliardi di euro\u2026 e poi? La multa inflitta il 12 maggio dall&#039;autorit\u00e0 irlandese per la protezione dei dati a Meta, la societ\u00e0 madre di Facebook, \u00e8 la pi\u00f9 alta mai imposta da un&#039;autorit\u00e0 per la protezione dei dati da quando il GDPR \u00e8 entrato in vigore, all&#039;epoca [\u2026]\n\r\n\t\t\t\t\t        <\/div><!-- .entry-content -->\r\n\t\t\t\t\t\t\t\t\t\t\t\t\t\t<div class=\"btn-readmore\">\r\n\t\t\t\t\t\t\t\t<a href=\"https:\/\/viqtor.eu\/it\/sanction-meta-12-milliard-deuros-et-apres\/\"><i class=\"flaticon-right-arrow-1\"><\/i>Per saperne di pi\u00f9<\/a>\t\t\t\t\t\t\t<\/div>\r\n\t\t\t\t\t\t<\/div>\r\n\t\t\t\t\t<\/div>\r\n\t\t\t\t<\/article>\r\n\t\t\t\t<\/div>\r\n\t\t\t \r\n\t\t\t\t<div class=\"pgrid-box\">\r\n\t\t\t\t<article class=\"post-box blog-item\">\r\n\t\t\t\t\t<div class=\"post-inner\">\r\n\t\t\t\t\t\t\t\t\t\t\t\t\r\n\t\t\t\t\t        <div class=\"entry-media\">\r\n\t\t\t\t\t        \t<div class=\"post-cat\"><span class=\"posted-in\"><a href=\"https:\/\/viqtor.eu\/it\/category\/veille-juridique\/\" rel=\"category tag\">Monitoraggio legale<\/a><\/span><\/div>\t\t\t\t\t            <a href=\"https:\/\/viqtor.eu\/it\/chatgpt-quel-cadre-legal-pour-les-nouvelles-applications-de-lintelligence-artificielle\/\">\r\n\t\t\t\t\t                <img loading=\"lazy\" decoding=\"async\" width=\"601\" height=\"520\" src=\"https:\/\/viqtor.eu\/wp-content\/uploads\/2026\/03\/011111_1772199708788-3-601x520.jpg\" class=\"attachment-engitech-slider-post-thumbnail size-engitech-slider-post-thumbnail wp-post-image\" alt=\"\" \/>\t\t\t\t\t            <\/a>\r\n\t\t\t\t\t        <\/div>\r\n\t\t\t\t\t        \r\n\t\t\t\t\t    \r\n\t\t\t\t\t\t<div class=\"inner-post\">\r\n\t\t\t\t\t\t\t<div class=\"entry-header\">\r\n\r\n\t\t\t\t\t\t\t\t\r\n\t\t\t\t\t\t\t\t<h3 class=\"entry-title\"><a href=\"https:\/\/viqtor.eu\/it\/chatgpt-quel-cadre-legal-pour-les-nouvelles-applications-de-lintelligence-artificielle\/\" rel=\"bookmark\">ChatGPT: Qual \u00e8 il quadro giuridico per le nuove applicazioni di intelligenza artificiale?<\/a><\/h3>\r\n\t\t\t\t\t\t\t<\/div><!-- .entry-header -->\r\n\t\t\t\t\t\t\t\r\n\t\t\t\t\t\t\t\t\t\t\t\t\t\t<div class=\"entry-summary the-excerpt\">\r\n\r\n\t\t\t\t\t            <p>Osservatorio legale n. 58 \u2013 Aprile 2023. ChatGPT: quale quadro giuridico per le nuove applicazioni di intelligenza artificiale? ChatGPT, Google Bard, Stable Diffusion e Dall-E sono modelli linguistici di grandi dimensioni (LLM), una sottocategoria dei modelli linguistici esistenti. I modelli linguistici sono programmi per computer progettati per elaborare [\u2026]\n\r\n\t\t\t\t\t        <\/div><!-- .entry-content -->\r\n\t\t\t\t\t\t\t\t\t\t\t\t\t\t<div class=\"btn-readmore\">\r\n\t\t\t\t\t\t\t\t<a href=\"https:\/\/viqtor.eu\/it\/chatgpt-quel-cadre-legal-pour-les-nouvelles-applications-de-lintelligence-artificielle\/\"><i class=\"flaticon-right-arrow-1\"><\/i>Per saperne di pi\u00f9<\/a>\t\t\t\t\t\t\t<\/div>\r\n\t\t\t\t\t\t<\/div>\r\n\t\t\t\t\t<\/div>\r\n\t\t\t\t<\/article>\r\n\t\t\t\t<\/div>\r\n\t\t\t \r\n\t\t\t\t<div class=\"pgrid-box\">\r\n\t\t\t\t<article class=\"post-box blog-item\">\r\n\t\t\t\t\t<div class=\"post-inner\">\r\n\t\t\t\t\t\t\t\t\t\t\t\t\r\n\t\t\t\t\t        <div class=\"entry-media\">\r\n\t\t\t\t\t        \t<div class=\"post-cat\"><span class=\"posted-in\"><a href=\"https:\/\/viqtor.eu\/it\/category\/veille-juridique\/\" rel=\"category tag\">Monitoraggio legale<\/a><\/span><\/div>\t\t\t\t\t            <a href=\"https:\/\/viqtor.eu\/it\/cameras-intelligentes-et-biometrie-quel-sera-limpact-de-la-loi-relative-aux-jeux-olympiques\/\">\r\n\t\t\t\t\t                <img loading=\"lazy\" decoding=\"async\" width=\"601\" height=\"520\" src=\"https:\/\/viqtor.eu\/wp-content\/uploads\/2026\/03\/shutterstock_2489516291_1773759114012-7-601x520.jpg\" class=\"attachment-engitech-slider-post-thumbnail size-engitech-slider-post-thumbnail wp-post-image\" alt=\"\" \/>\t\t\t\t\t            <\/a>\r\n\t\t\t\t\t        <\/div>\r\n\t\t\t\t\t        \r\n\t\t\t\t\t    \r\n\t\t\t\t\t\t<div class=\"inner-post\">\r\n\t\t\t\t\t\t\t<div class=\"entry-header\">\r\n\r\n\t\t\t\t\t\t\t\t\r\n\t\t\t\t\t\t\t\t<h3 class=\"entry-title\"><a href=\"https:\/\/viqtor.eu\/it\/cameras-intelligentes-et-biometrie-quel-sera-limpact-de-la-loi-relative-aux-jeux-olympiques\/\" rel=\"bookmark\">Telecamere intelligenti e biometria: quale sar\u00e0 l&#039;impatto della normativa relativa ai Giochi Olimpici?<\/a><\/h3>\r\n\t\t\t\t\t\t\t<\/div><!-- .entry-header -->\r\n\t\t\t\t\t\t\t\r\n\t\t\t\t\t\t\t\t\t\t\t\t\t\t<div class=\"entry-summary the-excerpt\">\r\n\r\n\t\t\t\t\t            <p>Osservatorio legale n. 57 \u2013 Marzo 2023. Telecamere intelligenti e biometria: quale sar\u00e0 l&#039;impatto della legge relativa ai Giochi Olimpici? Il 23 marzo, l&#039;Assemblea nazionale ha adottato l&#039;articolo 7 della legge sui Giochi Olimpici. Il disegno di legge, approvato in un&#039;assemblea scarsamente partecipata (erano presenti 73 membri su 577), [\u2026]\n\r\n\t\t\t\t\t        <\/div><!-- .entry-content -->\r\n\t\t\t\t\t\t\t\t\t\t\t\t\t\t<div class=\"btn-readmore\">\r\n\t\t\t\t\t\t\t\t<a href=\"https:\/\/viqtor.eu\/it\/cameras-intelligentes-et-biometrie-quel-sera-limpact-de-la-loi-relative-aux-jeux-olympiques\/\"><i class=\"flaticon-right-arrow-1\"><\/i>Per saperne di pi\u00f9<\/a>\t\t\t\t\t\t\t<\/div>\r\n\t\t\t\t\t\t<\/div>\r\n\t\t\t\t\t<\/div>\r\n\t\t\t\t<\/article>\r\n\t\t\t\t<\/div>\r\n\t\t\t \r\n\t\t\t\t<div class=\"pgrid-box\">\r\n\t\t\t\t<article class=\"post-box blog-item\">\r\n\t\t\t\t\t<div class=\"post-inner\">\r\n\t\t\t\t\t\t\t\t\t\t\t\t\r\n\t\t\t\t\t        <div class=\"entry-media\">\r\n\t\t\t\t\t        \t<div class=\"post-cat\"><span class=\"posted-in\"><a href=\"https:\/\/viqtor.eu\/it\/category\/veille-juridique\/\" rel=\"category tag\">Monitoraggio legale<\/a><\/span><\/div>\t\t\t\t\t            <a href=\"https:\/\/viqtor.eu\/it\/2020-et-au-dela\/\">\r\n\t\t\t\t\t                <img loading=\"lazy\" decoding=\"async\" width=\"601\" height=\"305\" src=\"https:\/\/viqtor.eu\/wp-content\/uploads\/2023\/04\/shutterstock_1034809678-601x305.jpg\" class=\"attachment-engitech-slider-post-thumbnail size-engitech-slider-post-thumbnail wp-post-image\" alt=\"LE SYNDICAT PROFESSIONNEL et le RGPD\" \/>\t\t\t\t\t            <\/a>\r\n\t\t\t\t\t        <\/div>\r\n\t\t\t\t\t        \r\n\t\t\t\t\t    \r\n\t\t\t\t\t\t<div class=\"inner-post\">\r\n\t\t\t\t\t\t\t<div class=\"entry-header\">\r\n\r\n\t\t\t\t\t\t\t\t\r\n\t\t\t\t\t\t\t\t<h3 class=\"entry-title\"><a href=\"https:\/\/viqtor.eu\/it\/2020-et-au-dela\/\" rel=\"bookmark\">2020 e oltre<\/a><\/h3>\r\n\t\t\t\t\t\t\t<\/div><!-- .entry-header -->\r\n\t\t\t\t\t\t\t\r\n\t\t\t\t\t\t\t\t\t\t\t\t\t\t<div class=\"entry-summary the-excerpt\">\r\n\r\n\t\t\t\t\t            <p>2020 e oltre Legal Watch \u2013 Dicembre 2019. \u00c8 un nuovo anno, ma anche un nuovo decennio davanti a noi, con le sue sfide, i suoi vincoli e le sue promesse. Per affrontare meglio queste problematiche, diamo un breve sguardo al 2019. A pi\u00f9 di un anno dall&#039;entrata in vigore del GDPR, una prima valutazione dell&#039;implementazione [\u2026]\n\r\n\t\t\t\t\t        <\/div><!-- .entry-content -->\r\n\t\t\t\t\t\t\t\t\t\t\t\t\t\t<div class=\"btn-readmore\">\r\n\t\t\t\t\t\t\t\t<a href=\"https:\/\/viqtor.eu\/it\/2020-et-au-dela\/\"><i class=\"flaticon-right-arrow-1\"><\/i>Per saperne di pi\u00f9<\/a>\t\t\t\t\t\t\t<\/div>\r\n\t\t\t\t\t\t<\/div>\r\n\t\t\t\t\t<\/div>\r\n\t\t\t\t<\/article>\r\n\t\t\t\t<\/div>\r\n\t\t\t \r\n\t\t\t\t<div class=\"pgrid-box\">\r\n\t\t\t\t<article class=\"post-box blog-item\">\r\n\t\t\t\t\t<div class=\"post-inner\">\r\n\t\t\t\t\t\t\t\t\t\t\t\t\r\n\t\t\t\t\t        <div class=\"entry-media\">\r\n\t\t\t\t\t        \t<div class=\"post-cat\"><span class=\"posted-in\"><a href=\"https:\/\/viqtor.eu\/it\/category\/veille-juridique\/\" rel=\"category tag\">Monitoraggio legale<\/a><\/span><\/div>\t\t\t\t\t            <a href=\"https:\/\/viqtor.eu\/it\/securite-des-donnees-lerreur-est-humaine\/\">\r\n\t\t\t\t\t                <img loading=\"lazy\" decoding=\"async\" width=\"601\" height=\"520\" src=\"https:\/\/viqtor.eu\/wp-content\/uploads\/2023\/04\/shutterstock_731103250-601x520.jpg\" class=\"attachment-engitech-slider-post-thumbnail size-engitech-slider-post-thumbnail wp-post-image\" alt=\"Viqtor - E-LEARNING Formation RGPD\" \/>\t\t\t\t\t            <\/a>\r\n\t\t\t\t\t        <\/div>\r\n\t\t\t\t\t        \r\n\t\t\t\t\t    \r\n\t\t\t\t\t\t<div class=\"inner-post\">\r\n\t\t\t\t\t\t\t<div class=\"entry-header\">\r\n\r\n\t\t\t\t\t\t\t\t\r\n\t\t\t\t\t\t\t\t<h3 class=\"entry-title\"><a href=\"https:\/\/viqtor.eu\/it\/securite-des-donnees-lerreur-est-humaine\/\" rel=\"bookmark\">Sicurezza dei dati: sbagliare \u00e8 (spesso) umano<\/a><\/h3>\r\n\t\t\t\t\t\t\t<\/div><!-- .entry-header -->\r\n\t\t\t\t\t\t\t\r\n\t\t\t\t\t\t\t\t\t\t\t\t\t\t<div class=\"entry-summary the-excerpt\">\r\n\r\n\t\t\t\t\t            <p>Sicurezza dei dati: sbagliare \u00e8 (spesso) umano Legal Watch \u2013 Novembre 2019. Sicurezza dei dati: sbagliare \u00e8 (spesso) umano. Questa \u00e8 la constatazione delle autorit\u00e0 pubbliche responsabili della protezione dei dati personali, riunite a Tirana dal 21 al 24 ottobre. Diverse risoluzioni sono state adottate nell&#039;ambito di [\u2026]\n\r\n\t\t\t\t\t        <\/div><!-- .entry-content -->\r\n\t\t\t\t\t\t\t\t\t\t\t\t\t\t<div class=\"btn-readmore\">\r\n\t\t\t\t\t\t\t\t<a href=\"https:\/\/viqtor.eu\/it\/securite-des-donnees-lerreur-est-humaine\/\"><i class=\"flaticon-right-arrow-1\"><\/i>Per saperne di pi\u00f9<\/a>\t\t\t\t\t\t\t<\/div>\r\n\t\t\t\t\t\t<\/div>\r\n\t\t\t\t\t<\/div>\r\n\t\t\t\t<\/article>\r\n\t\t\t\t<\/div>\r\n\t\t\t \r\n\t\t\t\t<div class=\"pgrid-box\">\r\n\t\t\t\t<article class=\"post-box blog-item\">\r\n\t\t\t\t\t<div class=\"post-inner\">\r\n\t\t\t\t\t\t\t\t\t\t\t\t\r\n\t\t\t\t\t        <div class=\"entry-media\">\r\n\t\t\t\t\t        \t<div class=\"post-cat\"><span class=\"posted-in\"><a href=\"https:\/\/viqtor.eu\/it\/category\/veille-juridique\/\" rel=\"category tag\">Monitoraggio legale<\/a><\/span><\/div>\t\t\t\t\t            <a href=\"https:\/\/viqtor.eu\/it\/reconnaissance-faciale-intelligence-artificielle-et-ethique-le-debat-prend-de-lampleur\/\">\r\n\t\t\t\t\t                <img loading=\"lazy\" decoding=\"async\" width=\"601\" height=\"520\" src=\"https:\/\/viqtor.eu\/wp-content\/uploads\/2023\/04\/shutterstock_233471317-601x520.jpg\" class=\"attachment-engitech-slider-post-thumbnail size-engitech-slider-post-thumbnail wp-post-image\" alt=\"\" \/>\t\t\t\t\t            <\/a>\r\n\t\t\t\t\t        <\/div>\r\n\t\t\t\t\t        \r\n\t\t\t\t\t    \r\n\t\t\t\t\t\t<div class=\"inner-post\">\r\n\t\t\t\t\t\t\t<div class=\"entry-header\">\r\n\r\n\t\t\t\t\t\t\t\t\r\n\t\t\t\t\t\t\t\t<h3 class=\"entry-title\"><a href=\"https:\/\/viqtor.eu\/it\/reconnaissance-faciale-intelligence-artificielle-et-ethique-le-debat-prend-de-lampleur\/\" rel=\"bookmark\">Riconoscimento facciale, intelligenza artificiale ed etica: il dibattito si fa sempre pi\u00f9 acceso<\/a><\/h3>\r\n\t\t\t\t\t\t\t<\/div><!-- .entry-header -->\r\n\t\t\t\t\t\t\t\r\n\t\t\t\t\t\t\t\t\t\t\t\t\t\t<div class=\"entry-summary the-excerpt\">\r\n\r\n\t\t\t\t\t            <p>Riconoscimento facciale, intelligenza artificiale ed etica: il dibattito si fa sempre pi\u00f9 acceso Legal Watch \u2013 ottobre 2019. Pagare con il volto anzich\u00e9 con la carta di credito, usare le telecamere di Amazon per combattere la criminalit\u00e0, come ha fatto la polizia di Orlando negli Stati Uniti, gestire gli spostamenti di atleti e giornalisti alle Olimpiadi di [\u2026]\n\r\n\t\t\t\t\t        <\/div><!-- .entry-content -->\r\n\t\t\t\t\t\t\t\t\t\t\t\t\t\t<div class=\"btn-readmore\">\r\n\t\t\t\t\t\t\t\t<a href=\"https:\/\/viqtor.eu\/it\/reconnaissance-faciale-intelligence-artificielle-et-ethique-le-debat-prend-de-lampleur\/\"><i class=\"flaticon-right-arrow-1\"><\/i>Per saperne di pi\u00f9<\/a>\t\t\t\t\t\t\t<\/div>\r\n\t\t\t\t\t\t<\/div>\r\n\t\t\t\t\t<\/div>\r\n\t\t\t\t<\/article>\r\n\t\t\t\t<\/div>\r\n\t\t\t \r\n\t\t\t\t<div class=\"pgrid-box\">\r\n\t\t\t\t<article class=\"post-box blog-item\">\r\n\t\t\t\t\t<div class=\"post-inner\">\r\n\t\t\t\t\t\t\t\t\t\t\t\t\r\n\t\t\t\t\t        <div class=\"entry-media\">\r\n\t\t\t\t\t        \t<div class=\"post-cat\"><span class=\"posted-in\"><a href=\"https:\/\/viqtor.eu\/it\/category\/veille-juridique\/\" rel=\"category tag\">Monitoraggio legale<\/a><\/span><\/div>\t\t\t\t\t            <a href=\"https:\/\/viqtor.eu\/it\/on-est-parfois-plus-responsable-quon-ne-le-pense-ou-quon-ne-le-souhaite\/\">\r\n\t\t\t\t\t                <img loading=\"lazy\" decoding=\"async\" width=\"601\" height=\"520\" src=\"https:\/\/viqtor.eu\/wp-content\/uploads\/2023\/04\/shutterstock_1318808819-601x520.jpg\" class=\"attachment-engitech-slider-post-thumbnail size-engitech-slider-post-thumbnail wp-post-image\" alt=\"\" \/>\t\t\t\t\t            <\/a>\r\n\t\t\t\t\t        <\/div>\r\n\t\t\t\t\t        \r\n\t\t\t\t\t    \r\n\t\t\t\t\t\t<div class=\"inner-post\">\r\n\t\t\t\t\t\t\t<div class=\"entry-header\">\r\n\r\n\t\t\t\t\t\t\t\t\r\n\t\t\t\t\t\t\t\t<h3 class=\"entry-title\"><a href=\"https:\/\/viqtor.eu\/it\/on-est-parfois-plus-responsable-quon-ne-le-pense-ou-quon-ne-le-souhaite\/\" rel=\"bookmark\">A volte siamo pi\u00f9 responsabili di quanto pensiamo... o di quanto vorremmo essere.<\/a><\/h3>\r\n\t\t\t\t\t\t\t<\/div><!-- .entry-header -->\r\n\t\t\t\t\t\t\t\r\n\t\t\t\t\t\t\t\t\t\t\t\t\t\t<div class=\"entry-summary the-excerpt\">\r\n\r\n\t\t\t\t\t            <p>A volte siamo pi\u00f9 responsabili di quanto pensiamo... o di quanto vorremmo essere. Legal Watch \u2013 Settembre 2019. \u00c8 il caso quando installiamo un semplice plug-in sul nostro sito web, anche se non abbiamo accesso ai dati raccolti tramite questo mezzo. Una recente sentenza della Corte di Giustizia [\u2026]\n\r\n\t\t\t\t\t        <\/div><!-- .entry-content -->\r\n\t\t\t\t\t\t\t\t\t\t\t\t\t\t<div class=\"btn-readmore\">\r\n\t\t\t\t\t\t\t\t<a href=\"https:\/\/viqtor.eu\/it\/on-est-parfois-plus-responsable-quon-ne-le-pense-ou-quon-ne-le-souhaite\/\"><i class=\"flaticon-right-arrow-1\"><\/i>Per saperne di pi\u00f9<\/a>\t\t\t\t\t\t\t<\/div>\r\n\t\t\t\t\t\t<\/div>\r\n\t\t\t\t\t<\/div>\r\n\t\t\t\t<\/article>\r\n\t\t\t\t<\/div>\r\n\t\t\t \r\n\t\t\t\t<div class=\"pgrid-box\">\r\n\t\t\t\t<article class=\"post-box blog-item\">\r\n\t\t\t\t\t<div class=\"post-inner\">\r\n\t\t\t\t\t\t\t\t\t\t\t\t\r\n\t\t\t\t\t        <div class=\"entry-media\">\r\n\t\t\t\t\t        \t<div class=\"post-cat\"><span class=\"posted-in\"><a href=\"https:\/\/viqtor.eu\/it\/category\/veille-juridique\/\" rel=\"category tag\">Monitoraggio legale<\/a><\/span><\/div>\t\t\t\t\t            <a href=\"https:\/\/viqtor.eu\/it\/un-debut-dete-marque-par-des-sanctions-record-et-de-nouvelles-mesures-daccompagnement\/\">\r\n\t\t\t\t\t                <img loading=\"lazy\" decoding=\"async\" width=\"601\" height=\"520\" src=\"https:\/\/viqtor.eu\/wp-content\/uploads\/2023\/04\/shutterstock_691981369-601x520.jpg\" class=\"attachment-engitech-slider-post-thumbnail size-engitech-slider-post-thumbnail wp-post-image\" alt=\"Un d\u00e9but d\u2019\u00e9t\u00e9 marqu\u00e9 par des sanctions record et de nouvelles mesures d\u2019accompagnement.\" \/>\t\t\t\t\t            <\/a>\r\n\t\t\t\t\t        <\/div>\r\n\t\t\t\t\t        \r\n\t\t\t\t\t    \r\n\t\t\t\t\t\t<div class=\"inner-post\">\r\n\t\t\t\t\t\t\t<div class=\"entry-header\">\r\n\r\n\t\t\t\t\t\t\t\t\r\n\t\t\t\t\t\t\t\t<h3 class=\"entry-title\"><a href=\"https:\/\/viqtor.eu\/it\/un-debut-dete-marque-par-des-sanctions-record-et-de-nouvelles-mesures-daccompagnement\/\" rel=\"bookmark\">Un inizio d&#039;estate segnato da sanzioni record e nuove misure di sostegno.<\/a><\/h3>\r\n\t\t\t\t\t\t\t<\/div><!-- .entry-header -->\r\n\t\t\t\t\t\t\t\r\n\t\t\t\t\t\t\t\t\t\t\t\t\t\t<div class=\"entry-summary the-excerpt\">\r\n\r\n\t\t\t\t\t            <p>Un inizio d&#039;estate segnato da multe record e nuove misure di sostegno. Legal Watch \u2013 Luglio-Agosto 2019. L&#039;inizio dell&#039;estate vede un aumento delle temperature, ma anche dell&#039;importo delle multe per violazioni delle norme sulla tutela della privacy. Segnaliamo in particolare l&#039;annuncio dell&#039;ICO, l&#039;autorit\u00e0 di vigilanza britannica, della sua intenzione [\u2026]\n\r\n\t\t\t\t\t        <\/div><!-- .entry-content -->\r\n\t\t\t\t\t\t\t\t\t\t\t\t\t\t<div class=\"btn-readmore\">\r\n\t\t\t\t\t\t\t\t<a href=\"https:\/\/viqtor.eu\/it\/un-debut-dete-marque-par-des-sanctions-record-et-de-nouvelles-mesures-daccompagnement\/\"><i class=\"flaticon-right-arrow-1\"><\/i>Per saperne di pi\u00f9<\/a>\t\t\t\t\t\t\t<\/div>\r\n\t\t\t\t\t\t<\/div>\r\n\t\t\t\t\t<\/div>\r\n\t\t\t\t<\/article>\r\n\t\t\t\t<\/div>\r\n\t\t\t \r\n\t\t\t\t<div class=\"pgrid-box\">\r\n\t\t\t\t<article class=\"post-box blog-item\">\r\n\t\t\t\t\t<div class=\"post-inner\">\r\n\t\t\t\t\t\t\t\t\t\t\t\t\r\n\t\t\t\t\t        <div class=\"entry-media\">\r\n\t\t\t\t\t        \t<div class=\"post-cat\"><span class=\"posted-in\"><a href=\"https:\/\/viqtor.eu\/it\/category\/veille-juridique\/\" rel=\"category tag\">Monitoraggio legale<\/a><\/span><\/div>\t\t\t\t\t            <a href=\"https:\/\/viqtor.eu\/it\/le-rgpd-un-an-apres-quels-enseignements-et-quelles-perspectives\/\">\r\n\t\t\t\t\t                <img loading=\"lazy\" decoding=\"async\" width=\"601\" height=\"520\" src=\"https:\/\/viqtor.eu\/wp-content\/uploads\/2023\/04\/shutterstock_1508348960-601x520.jpg\" class=\"attachment-engitech-slider-post-thumbnail size-engitech-slider-post-thumbnail wp-post-image\" alt=\"Le RGPD un an apr\u00e8s : quels enseignements, et quelles perspectives ?\" \/>\t\t\t\t\t            <\/a>\r\n\t\t\t\t\t        <\/div>\r\n\t\t\t\t\t        \r\n\t\t\t\t\t    \r\n\t\t\t\t\t\t<div class=\"inner-post\">\r\n\t\t\t\t\t\t\t<div class=\"entry-header\">\r\n\r\n\t\t\t\t\t\t\t\t\r\n\t\t\t\t\t\t\t\t<h3 class=\"entry-title\"><a href=\"https:\/\/viqtor.eu\/it\/le-rgpd-un-an-apres-quels-enseignements-et-quelles-perspectives\/\" rel=\"bookmark\">GDPR un anno dopo: quali lezioni e quali prospettive?<\/a><\/h3>\r\n\t\t\t\t\t\t\t<\/div><!-- .entry-header -->\r\n\t\t\t\t\t\t\t\r\n\t\t\t\t\t\t\t\t\t\t\t\t\t\t<div class=\"entry-summary the-excerpt\">\r\n\r\n\t\t\t\t\t            <p>GDPR un anno dopo: quali insegnamenti e quali prospettive? Legal Watch \u2013 Giugno 2019. Il 25 maggio 2018 \u00e8 entrato in vigore il Regolamento Generale sulla Protezione dei Dati (GDPR). Questo nuovo testo ha portato con s\u00e9 numerosi cambiamenti nelle pratiche aziendali, sia in termini di organizzazione interna che di contatti [\u2026]\n\r\n\t\t\t\t\t        <\/div><!-- .entry-content -->\r\n\t\t\t\t\t\t\t\t\t\t\t\t\t\t<div class=\"btn-readmore\">\r\n\t\t\t\t\t\t\t\t<a href=\"https:\/\/viqtor.eu\/it\/le-rgpd-un-an-apres-quels-enseignements-et-quelles-perspectives\/\"><i class=\"flaticon-right-arrow-1\"><\/i>Per saperne di pi\u00f9<\/a>\t\t\t\t\t\t\t<\/div>\r\n\t\t\t\t\t\t<\/div>\r\n\t\t\t\t\t<\/div>\r\n\t\t\t\t<\/article>\r\n\t\t\t\t<\/div>\r\n\t\t\t \r\n\t\t\t\t<div class=\"pgrid-box\">\r\n\t\t\t\t<article class=\"post-box blog-item\">\r\n\t\t\t\t\t<div class=\"post-inner\">\r\n\t\t\t\t\t\t\t\t\t\t\t\t\r\n\t\t\t\t\t        <div class=\"entry-media\">\r\n\t\t\t\t\t        \t<div class=\"post-cat\"><span class=\"posted-in\"><a href=\"https:\/\/viqtor.eu\/it\/category\/veille-juridique\/\" rel=\"category tag\">Monitoraggio legale<\/a><\/span><\/div>\t\t\t\t\t            <a href=\"https:\/\/viqtor.eu\/it\/focus-rgpd-et-employes-quel-cadre-legal\/\">\r\n\t\t\t\t\t                <img loading=\"lazy\" decoding=\"async\" width=\"601\" height=\"520\" src=\"https:\/\/viqtor.eu\/wp-content\/uploads\/2023\/04\/shutterstock_1779834572-601x520.jpg\" class=\"attachment-engitech-slider-post-thumbnail size-engitech-slider-post-thumbnail wp-post-image\" alt=\"FOCUS RGPD et employ\u00e9s : quel cadre l\u00e9gal ?\" \/>\t\t\t\t\t            <\/a>\r\n\t\t\t\t\t        <\/div>\r\n\t\t\t\t\t        \r\n\t\t\t\t\t    \r\n\t\t\t\t\t\t<div class=\"inner-post\">\r\n\t\t\t\t\t\t\t<div class=\"entry-header\">\r\n\r\n\t\t\t\t\t\t\t\t\r\n\t\t\t\t\t\t\t\t<h3 class=\"entry-title\"><a href=\"https:\/\/viqtor.eu\/it\/focus-rgpd-et-employes-quel-cadre-legal\/\" rel=\"bookmark\">FOCUS GDPR e dipendenti: quale quadro giuridico?<\/a><\/h3>\r\n\t\t\t\t\t\t\t<\/div><!-- .entry-header -->\r\n\t\t\t\t\t\t\t\r\n\t\t\t\t\t\t\t\t\t\t\t\t\t\t<div class=\"entry-summary the-excerpt\">\r\n\r\n\t\t\t\t\t            <p>FOCUS GDPR e dipendenti: quale quadro giuridico? Legal Watch \u2013 Maggio 2019. Due recenti casi che hanno coinvolto un&#039;importante libreria online sollevano la questione del margine di discrezionalit\u00e0 dei dipendenti nel trattamento dei dati personali dei clienti dell&#039;azienda. Sebbene il trattamento dei dati sia attualmente regolamentato [\u2026]\n\r\n\t\t\t\t\t        <\/div><!-- .entry-content -->\r\n\t\t\t\t\t\t\t\t\t\t\t\t\t\t<div class=\"btn-readmore\">\r\n\t\t\t\t\t\t\t\t<a href=\"https:\/\/viqtor.eu\/it\/focus-rgpd-et-employes-quel-cadre-legal\/\"><i class=\"flaticon-right-arrow-1\"><\/i>Per saperne di pi\u00f9<\/a>\t\t\t\t\t\t\t<\/div>\r\n\t\t\t\t\t\t<\/div>\r\n\t\t\t\t\t<\/div>\r\n\t\t\t\t<\/article>\r\n\t\t\t\t<\/div>\r\n\t\t\t \r\n\t\t\t\t<div class=\"pgrid-box\">\r\n\t\t\t\t<article class=\"post-box blog-item\">\r\n\t\t\t\t\t<div class=\"post-inner\">\r\n\t\t\t\t\t\t\t\t\t\t\t\t\r\n\t\t\t\t\t        <div class=\"entry-media\">\r\n\t\t\t\t\t        \t<div class=\"post-cat\"><span class=\"posted-in\"><a href=\"https:\/\/viqtor.eu\/it\/category\/veille-juridique\/\" rel=\"category tag\">Monitoraggio legale<\/a><\/span><\/div>\t\t\t\t\t            <a href=\"https:\/\/viqtor.eu\/it\/donnees-sensibles-un-champ-dapplication-particulierement-large\/\">\r\n\t\t\t\t\t                <img loading=\"lazy\" decoding=\"async\" width=\"601\" height=\"479\" src=\"https:\/\/viqtor.eu\/wp-content\/uploads\/2023\/04\/shutterstock_1141709585-601x479.jpg\" class=\"attachment-engitech-slider-post-thumbnail size-engitech-slider-post-thumbnail wp-post-image\" alt=\"\" \/>\t\t\t\t\t            <\/a>\r\n\t\t\t\t\t        <\/div>\r\n\t\t\t\t\t        \r\n\t\t\t\t\t    \r\n\t\t\t\t\t\t<div class=\"inner-post\">\r\n\t\t\t\t\t\t\t<div class=\"entry-header\">\r\n\r\n\t\t\t\t\t\t\t\t\r\n\t\t\t\t\t\t\t\t<h3 class=\"entry-title\"><a href=\"https:\/\/viqtor.eu\/it\/donnees-sensibles-un-champ-dapplication-particulierement-large\/\" rel=\"bookmark\">Dati sensibili: un ambito di applicazione particolarmente ampio<\/a><\/h3>\r\n\t\t\t\t\t\t\t<\/div><!-- .entry-header -->\r\n\t\t\t\t\t\t\t\r\n\t\t\t\t\t\t\t\t\t\t\t\t\t\t<div class=\"entry-summary the-excerpt\">\r\n\r\n\t\t\t\t\t            <p>Dati sensibili: un Legal Watch di portata particolarmente ampia n. 50 \u2013 Agosto 2022. Pu\u00f2 essere difficile valutare la natura sensibile dei dati raccolti e decidere se questi richiedano una protezione specifica ai sensi del GDPR. Abbiamo ripreso queste difficolt\u00e0 interpretative nel nostro editoriale in [\u2026]\n\r\n\t\t\t\t\t        <\/div><!-- .entry-content -->\r\n\t\t\t\t\t\t\t\t\t\t\t\t\t\t<div class=\"btn-readmore\">\r\n\t\t\t\t\t\t\t\t<a href=\"https:\/\/viqtor.eu\/it\/donnees-sensibles-un-champ-dapplication-particulierement-large\/\"><i class=\"flaticon-right-arrow-1\"><\/i>Per saperne di pi\u00f9<\/a>\t\t\t\t\t\t\t<\/div>\r\n\t\t\t\t\t\t<\/div>\r\n\t\t\t\t\t<\/div>\r\n\t\t\t\t<\/article>\r\n\t\t\t\t<\/div>\r\n\t\t\t \r\n\t\t\t\t<div class=\"pgrid-box\">\r\n\t\t\t\t<article class=\"post-box blog-item\">\r\n\t\t\t\t\t<div class=\"post-inner\">\r\n\t\t\t\t\t\t\t\t\t\t\t\t\r\n\t\t\t\t\t        <div class=\"entry-media\">\r\n\t\t\t\t\t        \t<div class=\"post-cat\"><span class=\"posted-in\"><a href=\"https:\/\/viqtor.eu\/it\/category\/veille-juridique\/\" rel=\"category tag\">Monitoraggio legale<\/a><\/span><\/div>\t\t\t\t\t            <a href=\"https:\/\/viqtor.eu\/it\/dark-patterns-ce-que-vous-avez-toujours-voulu-savoir-sans-oser-le-demander\/\">\r\n\t\t\t\t\t                <img loading=\"lazy\" decoding=\"async\" width=\"601\" height=\"520\" src=\"https:\/\/viqtor.eu\/wp-content\/uploads\/2023\/04\/shutterstock_317415725-601x520.jpg\" class=\"attachment-engitech-slider-post-thumbnail size-engitech-slider-post-thumbnail wp-post-image\" alt=\"\" \/>\t\t\t\t\t            <\/a>\r\n\t\t\t\t\t        <\/div>\r\n\t\t\t\t\t        \r\n\t\t\t\t\t    \r\n\t\t\t\t\t\t<div class=\"inner-post\">\r\n\t\t\t\t\t\t\t<div class=\"entry-header\">\r\n\r\n\t\t\t\t\t\t\t\t\r\n\t\t\t\t\t\t\t\t<h3 class=\"entry-title\"><a href=\"https:\/\/viqtor.eu\/it\/dark-patterns-ce-que-vous-avez-toujours-voulu-savoir-sans-oser-le-demander\/\" rel=\"bookmark\">Dark Patterns: tutto quello che hai sempre voluto sapere ma non hai mai osato chiedere...<\/a><\/h3>\r\n\t\t\t\t\t\t\t<\/div><!-- .entry-header -->\r\n\t\t\t\t\t\t\t\r\n\t\t\t\t\t\t\t\t\t\t\t\t\t\t<div class=\"entry-summary the-excerpt\">\r\n\r\n\t\t\t\t\t            <p>Dark pattern: quello che hai sempre voluto sapere ma non hai mai osato chiedere\u2026 Legal Watch n. 45 \u2013 Marzo 2022. Questo termine inglese, difficile da tradurre, si ritrova in molte pubblicazioni riguardanti l&#039;informatica. Correlato al &quot;nudging&quot;, che mira a incoraggiare in modo sottile gli utenti di Internet ad adottare il comportamento desiderato, &quot;[\u2026]\n\r\n\t\t\t\t\t        <\/div><!-- .entry-content -->\r\n\t\t\t\t\t\t\t\t\t\t\t\t\t\t<div class=\"btn-readmore\">\r\n\t\t\t\t\t\t\t\t<a href=\"https:\/\/viqtor.eu\/it\/dark-patterns-ce-que-vous-avez-toujours-voulu-savoir-sans-oser-le-demander\/\"><i class=\"flaticon-right-arrow-1\"><\/i>Per saperne di pi\u00f9<\/a>\t\t\t\t\t\t\t<\/div>\r\n\t\t\t\t\t\t<\/div>\r\n\t\t\t\t\t<\/div>\r\n\t\t\t\t<\/article>\r\n\t\t\t\t<\/div>\r\n\t\t\t \r\n\t\t\t\t<div class=\"pgrid-box\">\r\n\t\t\t\t<article class=\"post-box blog-item\">\r\n\t\t\t\t\t<div class=\"post-inner\">\r\n\t\t\t\t\t\t\t\t\t\t\t\t\r\n\t\t\t\t\t        <div class=\"entry-media\">\r\n\t\t\t\t\t        \t<div class=\"post-cat\"><span class=\"posted-in\"><a href=\"https:\/\/viqtor.eu\/it\/category\/veille-juridique\/\" rel=\"category tag\">Monitoraggio legale<\/a><\/span><\/div>\t\t\t\t\t            <a href=\"https:\/\/viqtor.eu\/it\/rancongiciels-des-attaques-en-constante-augmentation\/\">\r\n\t\t\t\t\t                <img loading=\"lazy\" decoding=\"async\" width=\"500\" height=\"334\" src=\"https:\/\/viqtor.eu\/wp-content\/uploads\/2023\/04\/shutterstock_1050436496.jpg\" class=\"attachment-engitech-slider-post-thumbnail size-engitech-slider-post-thumbnail wp-post-image\" alt=\"Le r\u00f4le essentiel des sous-traitants\" srcset=\"https:\/\/viqtor.eu\/wp-content\/uploads\/2023\/04\/shutterstock_1050436496.jpg 500w, https:\/\/viqtor.eu\/wp-content\/uploads\/2023\/04\/shutterstock_1050436496-300x200.jpg 300w\" sizes=\"(max-width: 500px) 100vw, 500px\" \/>\t\t\t\t\t            <\/a>\r\n\t\t\t\t\t        <\/div>\r\n\t\t\t\t\t        \r\n\t\t\t\t\t    \r\n\t\t\t\t\t\t<div class=\"inner-post\">\r\n\t\t\t\t\t\t\t<div class=\"entry-header\">\r\n\r\n\t\t\t\t\t\t\t\t\r\n\t\t\t\t\t\t\t\t<h3 class=\"entry-title\"><a href=\"https:\/\/viqtor.eu\/it\/rancongiciels-des-attaques-en-constante-augmentation\/\" rel=\"bookmark\">Ransomware: attacchi in aumento<\/a><\/h3>\r\n\t\t\t\t\t\t\t<\/div><!-- .entry-header -->\r\n\t\t\t\t\t\t\t\r\n\t\t\t\t\t\t\t\t\t\t\t\t\t\t<div class=\"entry-summary the-excerpt\">\r\n\r\n\t\t\t\t\t            <p>Ransomware: attacchi in aumento Legal Watch n. 51 \u2013 settembre 2022. Ransomware: attacchi in aumento: le notizie di questo autunno ci riportano a una preoccupazione ricorrente dei titolari del trattamento dei dati: le violazioni della sicurezza. Il cyberattacco all&#039;ospedale di Essonne e la diffusione di diversi gigabyte di dati [\u2026]\n\r\n\t\t\t\t\t        <\/div><!-- .entry-content -->\r\n\t\t\t\t\t\t\t\t\t\t\t\t\t\t<div class=\"btn-readmore\">\r\n\t\t\t\t\t\t\t\t<a href=\"https:\/\/viqtor.eu\/it\/rancongiciels-des-attaques-en-constante-augmentation\/\"><i class=\"flaticon-right-arrow-1\"><\/i>Per saperne di pi\u00f9<\/a>\t\t\t\t\t\t\t<\/div>\r\n\t\t\t\t\t\t<\/div>\r\n\t\t\t\t\t<\/div>\r\n\t\t\t\t<\/article>\r\n\t\t\t\t<\/div>\r\n\t\t\t \r\n\t\t\t\t<div class=\"pgrid-box\">\r\n\t\t\t\t<article class=\"post-box blog-item\">\r\n\t\t\t\t\t<div class=\"post-inner\">\r\n\t\t\t\t\t\t\t\t\t\t\t\t\r\n\t\t\t\t\t        <div class=\"entry-media\">\r\n\t\t\t\t\t        \t<div class=\"post-cat\"><span class=\"posted-in\"><a href=\"https:\/\/viqtor.eu\/it\/category\/veille-juridique\/\" rel=\"category tag\">Monitoraggio legale<\/a><\/span><\/div>\t\t\t\t\t            <a href=\"https:\/\/viqtor.eu\/it\/transferts-de-donnees-a-caractere-personnel-vers-les-etats-unis\/\">\r\n\t\t\t\t\t                <img loading=\"lazy\" decoding=\"async\" width=\"500\" height=\"334\" src=\"https:\/\/viqtor.eu\/wp-content\/uploads\/2023\/04\/shutterstock_1784045918.jpg\" class=\"attachment-engitech-slider-post-thumbnail size-engitech-slider-post-thumbnail wp-post-image\" alt=\"\" srcset=\"https:\/\/viqtor.eu\/wp-content\/uploads\/2023\/04\/shutterstock_1784045918.jpg 500w, https:\/\/viqtor.eu\/wp-content\/uploads\/2023\/04\/shutterstock_1784045918-300x200.jpg 300w\" sizes=\"(max-width: 500px) 100vw, 500px\" \/>\t\t\t\t\t            <\/a>\r\n\t\t\t\t\t        <\/div>\r\n\t\t\t\t\t        \r\n\t\t\t\t\t    \r\n\t\t\t\t\t\t<div class=\"inner-post\">\r\n\t\t\t\t\t\t\t<div class=\"entry-header\">\r\n\r\n\t\t\t\t\t\t\t\t\r\n\t\t\t\t\t\t\t\t<h3 class=\"entry-title\"><a href=\"https:\/\/viqtor.eu\/it\/transferts-de-donnees-a-caractere-personnel-vers-les-etats-unis\/\" rel=\"bookmark\">Trasferimenti di dati personali verso gli Stati Uniti: rapporto sullo stato di avanzamento<\/a><\/h3>\r\n\t\t\t\t\t\t\t<\/div><!-- .entry-header -->\r\n\t\t\t\t\t\t\t\r\n\t\t\t\t\t\t\t\t\t\t\t\t\t\t<div class=\"entry-summary the-excerpt\">\r\n\r\n\t\t\t\t\t            <p>Trasferimenti di dati personali verso gli Stati Uniti: rapporto sui progressi Legal Watch n. 55 \u2013 gennaio 2023 Trasferimenti di dati personali verso gli Stati Uniti: rapporto sui progressi. L&#039;incertezza giuridica che attualmente grava sugli scambi di dati tra Europa e Stati Uniti ha ripercussioni concrete su ambiti quali la lotta contro [\u2026]\n\r\n\t\t\t\t\t        <\/div><!-- .entry-content -->\r\n\t\t\t\t\t\t\t\t\t\t\t\t\t\t<div class=\"btn-readmore\">\r\n\t\t\t\t\t\t\t\t<a href=\"https:\/\/viqtor.eu\/it\/transferts-de-donnees-a-caractere-personnel-vers-les-etats-unis\/\"><i class=\"flaticon-right-arrow-1\"><\/i>Per saperne di pi\u00f9<\/a>\t\t\t\t\t\t\t<\/div>\r\n\t\t\t\t\t\t<\/div>\r\n\t\t\t\t\t<\/div>\r\n\t\t\t\t<\/article>\r\n\t\t\t\t<\/div>\r\n\t\t\t \r\n\t\t\t\t<div class=\"pgrid-box\">\r\n\t\t\t\t<article class=\"post-box blog-item\">\r\n\t\t\t\t\t<div class=\"post-inner\">\r\n\t\t\t\t\t\t\t\t\t\t\t\t\r\n\t\t\t\t\t        <div class=\"entry-media\">\r\n\t\t\t\t\t        \t<div class=\"post-cat\"><span class=\"posted-in\"><a href=\"https:\/\/viqtor.eu\/it\/category\/veille-juridique\/\" rel=\"category tag\">Monitoraggio legale<\/a><\/span><\/div>\t\t\t\t\t            <a href=\"https:\/\/viqtor.eu\/it\/donnees-a-caractere-personnel\/\">\r\n\t\t\t\t\t                <img loading=\"lazy\" decoding=\"async\" width=\"500\" height=\"334\" src=\"https:\/\/viqtor.eu\/wp-content\/uploads\/2023\/04\/shutterstock_2209159749.jpg\" class=\"attachment-engitech-slider-post-thumbnail size-engitech-slider-post-thumbnail wp-post-image\" alt=\"\" srcset=\"https:\/\/viqtor.eu\/wp-content\/uploads\/2023\/04\/shutterstock_2209159749.jpg 500w, https:\/\/viqtor.eu\/wp-content\/uploads\/2023\/04\/shutterstock_2209159749-300x200.jpg 300w\" sizes=\"(max-width: 500px) 100vw, 500px\" \/>\t\t\t\t\t            <\/a>\r\n\t\t\t\t\t        <\/div>\r\n\t\t\t\t\t        \r\n\t\t\t\t\t    \r\n\t\t\t\t\t\t<div class=\"inner-post\">\r\n\t\t\t\t\t\t\t<div class=\"entry-header\">\r\n\r\n\t\t\t\t\t\t\t\t\r\n\t\t\t\t\t\t\t\t<h3 class=\"entry-title\"><a href=\"https:\/\/viqtor.eu\/it\/donnees-a-caractere-personnel\/\" rel=\"bookmark\">Dati personali: \u00e8 possibile commerciare l&#039;esercizio di un diritto fondamentale?<\/a><\/h3>\r\n\t\t\t\t\t\t\t<\/div><!-- .entry-header -->\r\n\t\t\t\t\t\t\t\r\n\t\t\t\t\t\t\t\t\t\t\t\t\t\t<div class=\"entry-summary the-excerpt\">\r\n\r\n\t\t\t\t\t            <p>Dati personali: \u00e8 possibile negoziare l&#039;esercizio di un diritto fondamentale? Legal Watch n. 54 \u2013 dicembre 2022 Dati personali: \u00e8 possibile negoziare l&#039;esercizio di un diritto fondamentale? Commentare il procedimento contro Meta, la societ\u00e0 madre di Facebook, WhatsApp e Instagram, potrebbe diventare noioso, poich\u00e9 attirerebbe l&#039;ira delle autorit\u00e0 per la protezione dei dati. [\u2026]\n\r\n\t\t\t\t\t        <\/div><!-- .entry-content -->\r\n\t\t\t\t\t\t\t\t\t\t\t\t\t\t<div class=\"btn-readmore\">\r\n\t\t\t\t\t\t\t\t<a href=\"https:\/\/viqtor.eu\/it\/donnees-a-caractere-personnel\/\"><i class=\"flaticon-right-arrow-1\"><\/i>Per saperne di pi\u00f9<\/a>\t\t\t\t\t\t\t<\/div>\r\n\t\t\t\t\t\t<\/div>\r\n\t\t\t\t\t<\/div>\r\n\t\t\t\t<\/article>\r\n\t\t\t\t<\/div>\r\n\t\t\t \r\n\t\t\t\t<div class=\"pgrid-box\">\r\n\t\t\t\t<article class=\"post-box blog-item\">\r\n\t\t\t\t\t<div class=\"post-inner\">\r\n\t\t\t\t\t\t\t\t\t\t\t\t\r\n\t\t\t\t\t        <div class=\"entry-media\">\r\n\t\t\t\t\t        \t<div class=\"post-cat\"><span class=\"posted-in\"><a href=\"https:\/\/viqtor.eu\/it\/category\/veille-juridique\/\" rel=\"category tag\">Monitoraggio legale<\/a><\/span><\/div>\t\t\t\t\t            <a href=\"https:\/\/viqtor.eu\/it\/recours-en-justice-une-dynamique-nouvelle-pour-les-actions-collectives\/\">\r\n\t\t\t\t\t                <img loading=\"lazy\" decoding=\"async\" width=\"500\" height=\"419\" src=\"https:\/\/viqtor.eu\/wp-content\/uploads\/2023\/04\/shutterstock_1755983537.jpg\" class=\"attachment-engitech-slider-post-thumbnail size-engitech-slider-post-thumbnail wp-post-image\" alt=\"\" srcset=\"https:\/\/viqtor.eu\/wp-content\/uploads\/2023\/04\/shutterstock_1755983537.jpg 500w, https:\/\/viqtor.eu\/wp-content\/uploads\/2023\/04\/shutterstock_1755983537-300x251.jpg 300w\" sizes=\"(max-width: 500px) 100vw, 500px\" \/>\t\t\t\t\t            <\/a>\r\n\t\t\t\t\t        <\/div>\r\n\t\t\t\t\t        \r\n\t\t\t\t\t    \r\n\t\t\t\t\t\t<div class=\"inner-post\">\r\n\t\t\t\t\t\t\t<div class=\"entry-header\">\r\n\r\n\t\t\t\t\t\t\t\t\r\n\t\t\t\t\t\t\t\t<h3 class=\"entry-title\"><a href=\"https:\/\/viqtor.eu\/it\/recours-en-justice-une-dynamique-nouvelle-pour-les-actions-collectives\/\" rel=\"bookmark\">Azione legale: una nuova dinamica per le azioni collettive?<\/a><\/h3>\r\n\t\t\t\t\t\t\t<\/div><!-- .entry-header -->\r\n\t\t\t\t\t\t\t\r\n\t\t\t\t\t\t\t\t\t\t\t\t\t\t<div class=\"entry-summary the-excerpt\">\r\n\r\n\t\t\t\t\t            <p>Azioni legali: una nuova dinamica per le azioni collettive? Legal Watch n. 53 \u2013 Novembre 2022 Azioni legali: una nuova dinamica per le azioni collettive? Le azioni legali riguardanti questioni di protezione dei dati personali sono ancora poche in Francia e in Europa. Se [\u2026]\n\r\n\t\t\t\t\t        <\/div><!-- .entry-content -->\r\n\t\t\t\t\t\t\t\t\t\t\t\t\t\t<div class=\"btn-readmore\">\r\n\t\t\t\t\t\t\t\t<a href=\"https:\/\/viqtor.eu\/it\/recours-en-justice-une-dynamique-nouvelle-pour-les-actions-collectives\/\"><i class=\"flaticon-right-arrow-1\"><\/i>Per saperne di pi\u00f9<\/a>\t\t\t\t\t\t\t<\/div>\r\n\t\t\t\t\t\t<\/div>\r\n\t\t\t\t\t<\/div>\r\n\t\t\t\t<\/article>\r\n\t\t\t\t<\/div>\r\n\t\t\t \r\n\t\t\t\t<div class=\"pgrid-box\">\r\n\t\t\t\t<article class=\"post-box blog-item\">\r\n\t\t\t\t\t<div class=\"post-inner\">\r\n\t\t\t\t\t\t\t\t\t\t\t\t\r\n\t\t\t\t\t        <div class=\"entry-media\">\r\n\t\t\t\t\t        \t<div class=\"post-cat\"><span class=\"posted-in\"><a href=\"https:\/\/viqtor.eu\/it\/category\/veille-juridique\/\" rel=\"category tag\">Monitoraggio legale<\/a><\/span><\/div>\t\t\t\t\t            <a href=\"https:\/\/viqtor.eu\/it\/lia-dans-tous-ses-etats\/\">\r\n\t\t\t\t\t                <img loading=\"lazy\" decoding=\"async\" width=\"500\" height=\"334\" src=\"https:\/\/viqtor.eu\/wp-content\/uploads\/2023\/04\/shutterstock_680929729.jpg\" class=\"attachment-engitech-slider-post-thumbnail size-engitech-slider-post-thumbnail wp-post-image\" alt=\"\" srcset=\"https:\/\/viqtor.eu\/wp-content\/uploads\/2023\/04\/shutterstock_680929729.jpg 500w, https:\/\/viqtor.eu\/wp-content\/uploads\/2023\/04\/shutterstock_680929729-300x200.jpg 300w\" sizes=\"(max-width: 500px) 100vw, 500px\" \/>\t\t\t\t\t            <\/a>\r\n\t\t\t\t\t        <\/div>\r\n\t\t\t\t\t        \r\n\t\t\t\t\t    \r\n\t\t\t\t\t\t<div class=\"inner-post\">\r\n\t\t\t\t\t\t\t<div class=\"entry-header\">\r\n\r\n\t\t\t\t\t\t\t\t\r\n\t\t\t\t\t\t\t\t<h3 class=\"entry-title\"><a href=\"https:\/\/viqtor.eu\/it\/lia-dans-tous-ses-etats\/\" rel=\"bookmark\">L&#039;intelligenza artificiale in tutte le sue forme.<\/a><\/h3>\r\n\t\t\t\t\t\t\t<\/div><!-- .entry-header -->\r\n\t\t\t\t\t\t\t\r\n\t\t\t\t\t\t\t\t\t\t\t\t\t\t<div class=\"entry-summary the-excerpt\">\r\n\r\n\t\t\t\t\t            <p>L&#039;intelligenza artificiale in tutte le sue forme Legal Watch n. 52 \u2013 ottobre 2022 Il 17 ottobre 2022, la CNIL ha confermato la sua autorit\u00e0 di regolamentazione nel campo dell&#039;intelligenza artificiale, infliggendo a Clearview AI una multa di 20 milioni di euro. Questa sanzione fa seguito a una diffida rimasta senza risposta e [\u2026]\n\r\n\t\t\t\t\t        <\/div><!-- .entry-content -->\r\n\t\t\t\t\t\t\t\t\t\t\t\t\t\t<div class=\"btn-readmore\">\r\n\t\t\t\t\t\t\t\t<a href=\"https:\/\/viqtor.eu\/it\/lia-dans-tous-ses-etats\/\"><i class=\"flaticon-right-arrow-1\"><\/i>Per saperne di pi\u00f9<\/a>\t\t\t\t\t\t\t<\/div>\r\n\t\t\t\t\t\t<\/div>\r\n\t\t\t\t\t<\/div>\r\n\t\t\t\t<\/article>\r\n\t\t\t\t<\/div>\r\n\t\t\t \r\n\t\t\t\t<div class=\"pgrid-box\">\r\n\t\t\t\t<article class=\"post-box blog-item\">\r\n\t\t\t\t\t<div class=\"post-inner\">\r\n\t\t\t\t\t\t\t\t\t\t\t\t\r\n\t\t\t\t\t        <div class=\"entry-media\">\r\n\t\t\t\t\t        \t<div class=\"post-cat\"><span class=\"posted-in\"><a href=\"https:\/\/viqtor.eu\/it\/category\/veille-juridique\/\" rel=\"category tag\">Monitoraggio legale<\/a><\/span><\/div>\t\t\t\t\t            <a href=\"https:\/\/viqtor.eu\/it\/analyser-son-audience-pour-mieux-communiquer\/\">\r\n\t\t\t\t\t                <img loading=\"lazy\" decoding=\"async\" width=\"500\" height=\"334\" src=\"https:\/\/viqtor.eu\/wp-content\/uploads\/2023\/04\/shutterstock_252391039.jpg\" class=\"attachment-engitech-slider-post-thumbnail size-engitech-slider-post-thumbnail wp-post-image\" alt=\"\" srcset=\"https:\/\/viqtor.eu\/wp-content\/uploads\/2023\/04\/shutterstock_252391039.jpg 500w, https:\/\/viqtor.eu\/wp-content\/uploads\/2023\/04\/shutterstock_252391039-300x200.jpg 300w\" sizes=\"(max-width: 500px) 100vw, 500px\" \/>\t\t\t\t\t            <\/a>\r\n\t\t\t\t\t        <\/div>\r\n\t\t\t\t\t        \r\n\t\t\t\t\t    \r\n\t\t\t\t\t\t<div class=\"inner-post\">\r\n\t\t\t\t\t\t\t<div class=\"entry-header\">\r\n\r\n\t\t\t\t\t\t\t\t\r\n\t\t\t\t\t\t\t\t<h3 class=\"entry-title\"><a href=\"https:\/\/viqtor.eu\/it\/analyser-son-audience-pour-mieux-communiquer\/\" rel=\"bookmark\">Analizzare il pubblico per comunicare meglio... quali sono le regole?<\/a><\/h3>\r\n\t\t\t\t\t\t\t<\/div><!-- .entry-header -->\r\n\t\t\t\t\t\t\t\r\n\t\t\t\t\t\t\t\t\t\t\t\t\t\t<div class=\"entry-summary the-excerpt\">\r\n\r\n\t\t\t\t\t            <p>Analizzare il proprio pubblico per comunicare meglio\u2026 quali sono le regole? Legal Watch n. 49 \u2013 Luglio 2022 Analizzare il proprio pubblico per comunicare meglio\u2026 quali sono le regole? I media e i social network consentono oggi alle aziende di analizzare il proprio pubblico per meglio targettizzarlo, migliorare la propria immagine e adattare la propria strategia di marketing. [\u2026]\n\r\n\t\t\t\t\t        <\/div><!-- .entry-content -->\r\n\t\t\t\t\t\t\t\t\t\t\t\t\t\t<div class=\"btn-readmore\">\r\n\t\t\t\t\t\t\t\t<a href=\"https:\/\/viqtor.eu\/it\/analyser-son-audience-pour-mieux-communiquer\/\"><i class=\"flaticon-right-arrow-1\"><\/i>Per saperne di pi\u00f9<\/a>\t\t\t\t\t\t\t<\/div>\r\n\t\t\t\t\t\t<\/div>\r\n\t\t\t\t\t<\/div>\r\n\t\t\t\t<\/article>\r\n\t\t\t\t<\/div>\r\n\t\t\t \r\n\t\t\t\t<div class=\"pgrid-box\">\r\n\t\t\t\t<article class=\"post-box blog-item\">\r\n\t\t\t\t\t<div class=\"post-inner\">\r\n\t\t\t\t\t\t\t\t\t\t\t\t\r\n\t\t\t\t\t        <div class=\"entry-media\">\r\n\t\t\t\t\t        \t<div class=\"post-cat\"><span class=\"posted-in\"><a href=\"https:\/\/viqtor.eu\/it\/category\/veille-juridique\/\" rel=\"category tag\">Monitoraggio legale<\/a><\/span><\/div>\t\t\t\t\t            <a href=\"https:\/\/viqtor.eu\/it\/metaverse-fashion-week-dans-decentraland\/\">\r\n\t\t\t\t\t                <img loading=\"lazy\" decoding=\"async\" width=\"500\" height=\"334\" src=\"https:\/\/viqtor.eu\/wp-content\/uploads\/2023\/04\/shutterstock_1944426163.jpg\" class=\"attachment-engitech-slider-post-thumbnail size-engitech-slider-post-thumbnail wp-post-image\" alt=\"\" srcset=\"https:\/\/viqtor.eu\/wp-content\/uploads\/2023\/04\/shutterstock_1944426163.jpg 500w, https:\/\/viqtor.eu\/wp-content\/uploads\/2023\/04\/shutterstock_1944426163-300x200.jpg 300w\" sizes=\"(max-width: 500px) 100vw, 500px\" \/>\t\t\t\t\t            <\/a>\r\n\t\t\t\t\t        <\/div>\r\n\t\t\t\t\t        \r\n\t\t\t\t\t    \r\n\t\t\t\t\t\t<div class=\"inner-post\">\r\n\t\t\t\t\t\t\t<div class=\"entry-header\">\r\n\r\n\t\t\t\t\t\t\t\t\r\n\t\t\t\t\t\t\t\t<h3 class=\"entry-title\"><a href=\"https:\/\/viqtor.eu\/it\/metaverse-fashion-week-dans-decentraland\/\" rel=\"bookmark\">Metaverse Fashion Week a Decentraland, uno dei mondi virtuali pi\u00f9 popolari.<\/a><\/h3>\r\n\t\t\t\t\t\t\t<\/div><!-- .entry-header -->\r\n\t\t\t\t\t\t\t\r\n\t\t\t\t\t\t\t\t\t\t\t\t\t\t<div class=\"entry-summary the-excerpt\">\r\n\r\n\t\t\t\t\t            <p>Metaverse Fashion Week a Decentraland, uno dei mondi virtuali pi\u00f9 popolari. Legal Watch n. 48 - Giugno 2022 Brave New World. A marzo 2022, l&#039;evento Metaverse Fashion Week si \u00e8 svolto a Decentraland, uno dei mondi virtuali pi\u00f9 popolari. Un concerto online trasmesso in streaming sulla piattaforma di gioco Fortnite [\u2026]\n\r\n\t\t\t\t\t        <\/div><!-- .entry-content -->\r\n\t\t\t\t\t\t\t\t\t\t\t\t\t\t<div class=\"btn-readmore\">\r\n\t\t\t\t\t\t\t\t<a href=\"https:\/\/viqtor.eu\/it\/metaverse-fashion-week-dans-decentraland\/\"><i class=\"flaticon-right-arrow-1\"><\/i>Per saperne di pi\u00f9<\/a>\t\t\t\t\t\t\t<\/div>\r\n\t\t\t\t\t\t<\/div>\r\n\t\t\t\t\t<\/div>\r\n\t\t\t\t<\/article>\r\n\t\t\t\t<\/div>\r\n\t\t\t \r\n\t\t\t\t<div class=\"pgrid-box\">\r\n\t\t\t\t<article class=\"post-box blog-item\">\r\n\t\t\t\t\t<div class=\"post-inner\">\r\n\t\t\t\t\t\t\t\t\t\t\t\t\r\n\t\t\t\t\t        <div class=\"entry-media\">\r\n\t\t\t\t\t        \t<div class=\"post-cat\"><span class=\"posted-in\"><a href=\"https:\/\/viqtor.eu\/it\/category\/veille-juridique\/\" rel=\"category tag\">Monitoraggio legale<\/a><\/span><\/div>\t\t\t\t\t            <a href=\"https:\/\/viqtor.eu\/it\/decisions-automatisees-comment-le-rgpd-est-il-mis-en-oeuvre\/\">\r\n\t\t\t\t\t                <img loading=\"lazy\" decoding=\"async\" width=\"601\" height=\"520\" src=\"https:\/\/viqtor.eu\/wp-content\/uploads\/2023\/04\/shutterstock_661113826-1-601x520.jpg\" class=\"attachment-engitech-slider-post-thumbnail size-engitech-slider-post-thumbnail wp-post-image\" alt=\"E-learning RGPD\" \/>\t\t\t\t\t            <\/a>\r\n\t\t\t\t\t        <\/div>\r\n\t\t\t\t\t        \r\n\t\t\t\t\t    \r\n\t\t\t\t\t\t<div class=\"inner-post\">\r\n\t\t\t\t\t\t\t<div class=\"entry-header\">\r\n\r\n\t\t\t\t\t\t\t\t\r\n\t\t\t\t\t\t\t\t<h3 class=\"entry-title\"><a href=\"https:\/\/viqtor.eu\/it\/decisions-automatisees-comment-le-rgpd-est-il-mis-en-oeuvre\/\" rel=\"bookmark\">Decisioni automatizzate: come viene implementato il GDPR?<\/a><\/h3>\r\n\t\t\t\t\t\t\t<\/div><!-- .entry-header -->\r\n\t\t\t\t\t\t\t\r\n\t\t\t\t\t\t\t\t\t\t\t\t\t\t<div class=\"entry-summary the-excerpt\">\r\n\r\n\t\t\t\t\t            <p>Decisioni automatizzate: come viene implementato il GDPR? Legal Watch n. 47 \u2013 Maggio 2022 Decisioni automatizzate: come viene implementato il GDPR? Il 17 maggio, il Future of Privacy Forum ha pubblicato un ampio rapporto sulla questione delle decisioni automatizzate. Questo rapporto analizza oltre 70 documenti [\u2026]\n\r\n\t\t\t\t\t        <\/div><!-- .entry-content -->\r\n\t\t\t\t\t\t\t\t\t\t\t\t\t\t<div class=\"btn-readmore\">\r\n\t\t\t\t\t\t\t\t<a href=\"https:\/\/viqtor.eu\/it\/decisions-automatisees-comment-le-rgpd-est-il-mis-en-oeuvre\/\"><i class=\"flaticon-right-arrow-1\"><\/i>Per saperne di pi\u00f9<\/a>\t\t\t\t\t\t\t<\/div>\r\n\t\t\t\t\t\t<\/div>\r\n\t\t\t\t\t<\/div>\r\n\t\t\t\t<\/article>\r\n\t\t\t\t<\/div>\r\n\t\t\t \r\n\t\t\t\t<div class=\"pgrid-box\">\r\n\t\t\t\t<article class=\"post-box blog-item\">\r\n\t\t\t\t\t<div class=\"post-inner\">\r\n\t\t\t\t\t\t\t\t\t\t\t\t\r\n\t\t\t\t\t        <div class=\"entry-media\">\r\n\t\t\t\t\t        \t<div class=\"post-cat\"><span class=\"posted-in\"><a href=\"https:\/\/viqtor.eu\/it\/category\/veille-juridique\/\" rel=\"category tag\">Monitoraggio legale<\/a><\/span><\/div>\t\t\t\t\t            <a href=\"https:\/\/viqtor.eu\/it\/dsa-dma\/\">\r\n\t\t\t\t\t                <img loading=\"lazy\" decoding=\"async\" width=\"601\" height=\"520\" src=\"https:\/\/viqtor.eu\/wp-content\/uploads\/2023\/04\/shutterstock_2209639365-601x520.jpg\" class=\"attachment-engitech-slider-post-thumbnail size-engitech-slider-post-thumbnail wp-post-image\" alt=\"registre de traitement RGPD\" \/>\t\t\t\t\t            <\/a>\r\n\t\t\t\t\t        <\/div>\r\n\t\t\t\t\t        \r\n\t\t\t\t\t    \r\n\t\t\t\t\t\t<div class=\"inner-post\">\r\n\t\t\t\t\t\t\t<div class=\"entry-header\">\r\n\r\n\t\t\t\t\t\t\t\t\r\n\t\t\t\t\t\t\t\t<h3 class=\"entry-title\"><a href=\"https:\/\/viqtor.eu\/it\/dsa-dma\/\" rel=\"bookmark\">DSA \u2013 DMA: due pilastri della strategia digitale europea.<\/a><\/h3>\r\n\t\t\t\t\t\t\t<\/div><!-- .entry-header -->\r\n\t\t\t\t\t\t\t\r\n\t\t\t\t\t\t\t\t\t\t\t\t\t\t<div class=\"entry-summary the-excerpt\">\r\n\r\n\t\t\t\t\t            <p>DSA \u2013 DMA: due pilastri della strategia digitale europea. Legal Watch n. 46 \u2013 aprile 2022 DSA \u2013 DMA: due pilastri della strategia digitale europea. Dalla conclusione di un accordo politico nella notte tra il 22 e il 23 aprile, il DSA, o Digital Services Act, \u00e8 stato oggetto di numerosi commenti nel [\u2026]\n\r\n\t\t\t\t\t        <\/div><!-- .entry-content -->\r\n\t\t\t\t\t\t\t\t\t\t\t\t\t\t<div class=\"btn-readmore\">\r\n\t\t\t\t\t\t\t\t<a href=\"https:\/\/viqtor.eu\/it\/dsa-dma\/\"><i class=\"flaticon-right-arrow-1\"><\/i>Per saperne di pi\u00f9<\/a>\t\t\t\t\t\t\t<\/div>\r\n\t\t\t\t\t\t<\/div>\r\n\t\t\t\t\t<\/div>\r\n\t\t\t\t<\/article>\r\n\t\t\t\t<\/div>\r\n\t\t\t \r\n\t\t\t\t<div class=\"pgrid-box\">\r\n\t\t\t\t<article class=\"post-box blog-item\">\r\n\t\t\t\t\t<div class=\"post-inner\">\r\n\t\t\t\t\t\t\t\t\t\t\t\t\r\n\t\t\t\t\t        <div class=\"entry-media\">\r\n\t\t\t\t\t        \t<div class=\"post-cat\"><span class=\"posted-in\"><a href=\"https:\/\/viqtor.eu\/it\/category\/veille-juridique\/\" rel=\"category tag\">Monitoraggio legale<\/a><\/span><\/div>\t\t\t\t\t            <a href=\"https:\/\/viqtor.eu\/it\/outils-analytiques\/\">\r\n\t\t\t\t\t                <img loading=\"lazy\" decoding=\"async\" width=\"601\" height=\"520\" src=\"https:\/\/viqtor.eu\/wp-content\/uploads\/2023\/04\/shutterstock_791436157-601x520.jpg\" class=\"attachment-engitech-slider-post-thumbnail size-engitech-slider-post-thumbnail wp-post-image\" alt=\"\" \/>\t\t\t\t\t            <\/a>\r\n\t\t\t\t\t        <\/div>\r\n\t\t\t\t\t        \r\n\t\t\t\t\t    \r\n\t\t\t\t\t\t<div class=\"inner-post\">\r\n\t\t\t\t\t\t\t<div class=\"entry-header\">\r\n\r\n\t\t\t\t\t\t\t\t\r\n\t\t\t\t\t\t\t\t<h3 class=\"entry-title\"><a href=\"https:\/\/viqtor.eu\/it\/outils-analytiques\/\" rel=\"bookmark\">Strumenti analitici: l&#039;impatto di una decisione giudiziaria (e dei servizi di intelligence) sui nostri siti web.<\/a><\/h3>\r\n\t\t\t\t\t\t\t<\/div><!-- .entry-header -->\r\n\t\t\t\t\t\t\t\r\n\t\t\t\t\t\t\t\t\t\t\t\t\t\t<div class=\"entry-summary the-excerpt\">\r\n\r\n\t\t\t\t\t            <p>Strumenti analitici: l&#039;impatto di una decisione giudiziaria \u2013 e dei servizi di intelligence \u2013 sui nostri siti web. Legal Watch n. 44 \u2013 Febbraio 2022 Strumenti analitici: l&#039;impatto di una decisione giudiziaria \u2013 e dei servizi di intelligence \u2013 sui nostri siti web. La sentenza &quot;Schrems II&quot; della Corte di giustizia dell&#039;Unione europea era gi\u00e0 [\u2026]\n\r\n\t\t\t\t\t        <\/div><!-- .entry-content -->\r\n\t\t\t\t\t\t\t\t\t\t\t\t\t\t<div class=\"btn-readmore\">\r\n\t\t\t\t\t\t\t\t<a href=\"https:\/\/viqtor.eu\/it\/outils-analytiques\/\"><i class=\"flaticon-right-arrow-1\"><\/i>Per saperne di pi\u00f9<\/a>\t\t\t\t\t\t\t<\/div>\r\n\t\t\t\t\t\t<\/div>\r\n\t\t\t\t\t<\/div>\r\n\t\t\t\t<\/article>\r\n\t\t\t\t<\/div>\r\n\t\t\t \r\n\t\t\t\t<div class=\"pgrid-box\">\r\n\t\t\t\t<article class=\"post-box blog-item\">\r\n\t\t\t\t\t<div class=\"post-inner\">\r\n\t\t\t\t\t\t\t\t\t\t\t\t\r\n\t\t\t\t\t        <div class=\"entry-media\">\r\n\t\t\t\t\t        \t<div class=\"post-cat\"><span class=\"posted-in\"><a href=\"https:\/\/viqtor.eu\/it\/category\/veille-juridique\/\" rel=\"category tag\">Monitoraggio legale<\/a><\/span><\/div>\t\t\t\t\t            <a href=\"https:\/\/viqtor.eu\/it\/donnees-sensibles-et-categories-particulieres-de-donnees\/\">\r\n\t\t\t\t\t                <img loading=\"lazy\" decoding=\"async\" width=\"601\" height=\"520\" src=\"https:\/\/viqtor.eu\/wp-content\/uploads\/2023\/04\/shutterstock_2171394857-601x520.jpg\" class=\"attachment-engitech-slider-post-thumbnail size-engitech-slider-post-thumbnail wp-post-image\" alt=\"\" \/>\t\t\t\t\t            <\/a>\r\n\t\t\t\t\t        <\/div>\r\n\t\t\t\t\t        \r\n\t\t\t\t\t    \r\n\t\t\t\t\t\t<div class=\"inner-post\">\r\n\t\t\t\t\t\t\t<div class=\"entry-header\">\r\n\r\n\t\t\t\t\t\t\t\t\r\n\t\t\t\t\t\t\t\t<h3 class=\"entry-title\"><a href=\"https:\/\/viqtor.eu\/it\/donnees-sensibles-et-categories-particulieres-de-donnees\/\" rel=\"bookmark\">Dati sensibili e categorie particolari di dati: sei di uno e mezza dozzina dell&#039;altro?<\/a><\/h3>\r\n\t\t\t\t\t\t\t<\/div><!-- .entry-header -->\r\n\t\t\t\t\t\t\t\r\n\t\t\t\t\t\t\t\t\t\t\t\t\t\t<div class=\"entry-summary the-excerpt\">\r\n\r\n\t\t\t\t\t            <p>Dati sensibili e categorie particolari di dati: sei volte meno di una e mezza dozzina meno dell&#039;altra? Legal Watch n. 43 \u2013 Gennaio 2022 Dati sensibili e categorie particolari di dati: sei volte meno di una e mezza dozzina meno dell&#039;altra? Quando si trattano dati relativi alla salute, alle opinioni politiche o religiose, la qualificazione che viene subito in mente [\u2026]\n\r\n\t\t\t\t\t        <\/div><!-- .entry-content -->\r\n\t\t\t\t\t\t\t\t\t\t\t\t\t\t<div class=\"btn-readmore\">\r\n\t\t\t\t\t\t\t\t<a href=\"https:\/\/viqtor.eu\/it\/donnees-sensibles-et-categories-particulieres-de-donnees\/\"><i class=\"flaticon-right-arrow-1\"><\/i>Per saperne di pi\u00f9<\/a>\t\t\t\t\t\t\t<\/div>\r\n\t\t\t\t\t\t<\/div>\r\n\t\t\t\t\t<\/div>\r\n\t\t\t\t<\/article>\r\n\t\t\t\t<\/div>\r\n\t\t\t \r\n\t\t\t\t<div class=\"pgrid-box\">\r\n\t\t\t\t<article class=\"post-box blog-item\">\r\n\t\t\t\t\t<div class=\"post-inner\">\r\n\t\t\t\t\t\t\t\t\t\t\t\t\r\n\t\t\t\t\t        <div class=\"entry-media\">\r\n\t\t\t\t\t        \t<div class=\"post-cat\"><span class=\"posted-in\"><a href=\"https:\/\/viqtor.eu\/it\/category\/veille-juridique\/\" rel=\"category tag\">Monitoraggio legale<\/a><\/span><\/div>\t\t\t\t\t            <a href=\"https:\/\/viqtor.eu\/it\/une-nouvelle-annee-sous-le-signe-de-lexpectative\/\">\r\n\t\t\t\t\t                <img loading=\"lazy\" decoding=\"async\" width=\"601\" height=\"520\" src=\"https:\/\/viqtor.eu\/wp-content\/uploads\/2023\/04\/shutterstock_1827228413-601x520.jpg\" class=\"attachment-engitech-slider-post-thumbnail size-engitech-slider-post-thumbnail wp-post-image\" alt=\"\" \/>\t\t\t\t\t            <\/a>\r\n\t\t\t\t\t        <\/div>\r\n\t\t\t\t\t        \r\n\t\t\t\t\t    \r\n\t\t\t\t\t\t<div class=\"inner-post\">\r\n\t\t\t\t\t\t\t<div class=\"entry-header\">\r\n\r\n\t\t\t\t\t\t\t\t\r\n\t\t\t\t\t\t\t\t<h3 class=\"entry-title\"><a href=\"https:\/\/viqtor.eu\/it\/une-nouvelle-annee-sous-le-signe-de-lexpectative\/\" rel=\"bookmark\">Un nuovo anno sotto il segno dell&#039;attesa<\/a><\/h3>\r\n\t\t\t\t\t\t\t<\/div><!-- .entry-header -->\r\n\t\t\t\t\t\t\t\r\n\t\t\t\t\t\t\t\t\t\t\t\t\t\t<div class=\"entry-summary the-excerpt\">\r\n\r\n\t\t\t\t\t            <p>Un nuovo anno all\u2019insegna dell\u2019attesa Legal Watch n. 42 \u2013 Dicembre 2021 Un nuovo anno all\u2019insegna dell\u2019attesa In materia di protezione dei dati, l\u2019anno che inizia non annuncia grandi novit\u00e0, ma un\u2019evoluzione e forse decisioni strategiche su alcune tematiche di attualit\u00e0. Concentriamoci su tre di esse: la [\u2026]\n\r\n\t\t\t\t\t        <\/div><!-- .entry-content -->\r\n\t\t\t\t\t\t\t\t\t\t\t\t\t\t<div class=\"btn-readmore\">\r\n\t\t\t\t\t\t\t\t<a href=\"https:\/\/viqtor.eu\/it\/une-nouvelle-annee-sous-le-signe-de-lexpectative\/\"><i class=\"flaticon-right-arrow-1\"><\/i>Per saperne di pi\u00f9<\/a>\t\t\t\t\t\t\t<\/div>\r\n\t\t\t\t\t\t<\/div>\r\n\t\t\t\t\t<\/div>\r\n\t\t\t\t<\/article>\r\n\t\t\t\t<\/div>\r\n\t\t\t \r\n\t\t\t\t<div class=\"pgrid-box\">\r\n\t\t\t\t<article class=\"post-box blog-item\">\r\n\t\t\t\t\t<div class=\"post-inner\">\r\n\t\t\t\t\t\t\t\t\t\t\t\t\r\n\t\t\t\t\t        <div class=\"entry-media\">\r\n\t\t\t\t\t        \t<div class=\"post-cat\"><span class=\"posted-in\"><a href=\"https:\/\/viqtor.eu\/it\/category\/veille-juridique\/\" rel=\"category tag\">Monitoraggio legale<\/a><\/span><\/div>\t\t\t\t\t            <a href=\"https:\/\/viqtor.eu\/it\/le-cycle-de-vie-des-donnees-a-caractere-personnel\/\">\r\n\t\t\t\t\t                <img loading=\"lazy\" decoding=\"async\" width=\"601\" height=\"520\" src=\"https:\/\/viqtor.eu\/wp-content\/uploads\/2023\/04\/shutterstock_1493993612-601x520.jpg\" class=\"attachment-engitech-slider-post-thumbnail size-engitech-slider-post-thumbnail wp-post-image\" alt=\"\" \/>\t\t\t\t\t            <\/a>\r\n\t\t\t\t\t        <\/div>\r\n\t\t\t\t\t        \r\n\t\t\t\t\t    \r\n\t\t\t\t\t\t<div class=\"inner-post\">\r\n\t\t\t\t\t\t\t<div class=\"entry-header\">\r\n\r\n\t\t\t\t\t\t\t\t\r\n\t\t\t\t\t\t\t\t<h3 class=\"entry-title\"><a href=\"https:\/\/viqtor.eu\/it\/le-cycle-de-vie-des-donnees-a-caractere-personnel\/\" rel=\"bookmark\">Il ciclo di vita dei dati personali<\/a><\/h3>\r\n\t\t\t\t\t\t\t<\/div><!-- .entry-header -->\r\n\t\t\t\t\t\t\t\r\n\t\t\t\t\t\t\t\t\t\t\t\t\t\t<div class=\"entry-summary the-excerpt\">\r\n\r\n\t\t\t\t\t            <p>Il ciclo di vita dei dati personali Legal Watch n. 41 \u2013 Novembre 2021 Il ciclo di vita dei dati personali. Tra gli obblighi previsti dal GDPR, ce n\u2019\u00e8 uno che pu\u00f2 rapidamente trasformarsi in un grattacapo per il titolare del trattamento, nonostante la sua natura apparentemente innocua: si tratta del [\u2026]\n\r\n\t\t\t\t\t        <\/div><!-- .entry-content -->\r\n\t\t\t\t\t\t\t\t\t\t\t\t\t\t<div class=\"btn-readmore\">\r\n\t\t\t\t\t\t\t\t<a href=\"https:\/\/viqtor.eu\/it\/le-cycle-de-vie-des-donnees-a-caractere-personnel\/\"><i class=\"flaticon-right-arrow-1\"><\/i>Per saperne di pi\u00f9<\/a>\t\t\t\t\t\t\t<\/div>\r\n\t\t\t\t\t\t<\/div>\r\n\t\t\t\t\t<\/div>\r\n\t\t\t\t<\/article>\r\n\t\t\t\t<\/div>\r\n\t\t\t \r\n\t\t\t\t<div class=\"pgrid-box\">\r\n\t\t\t\t<article class=\"post-box blog-item\">\r\n\t\t\t\t\t<div class=\"post-inner\">\r\n\t\t\t\t\t\t\t\t\t\t\t\t\r\n\t\t\t\t\t        <div class=\"entry-media\">\r\n\t\t\t\t\t        \t<div class=\"post-cat\"><span class=\"posted-in\"><a href=\"https:\/\/viqtor.eu\/it\/category\/veille-juridique\/\" rel=\"category tag\">Monitoraggio legale<\/a><\/span><\/div>\t\t\t\t\t            <a href=\"https:\/\/viqtor.eu\/it\/le-cloud-act-et-les-entreprises-europeennes\/\">\r\n\t\t\t\t\t                <img loading=\"lazy\" decoding=\"async\" width=\"601\" height=\"520\" src=\"https:\/\/viqtor.eu\/wp-content\/uploads\/2023\/04\/shutterstock_2269121321-601x520.jpg\" class=\"attachment-engitech-slider-post-thumbnail size-engitech-slider-post-thumbnail wp-post-image\" alt=\"\" \/>\t\t\t\t\t            <\/a>\r\n\t\t\t\t\t        <\/div>\r\n\t\t\t\t\t        \r\n\t\t\t\t\t    \r\n\t\t\t\t\t\t<div class=\"inner-post\">\r\n\t\t\t\t\t\t\t<div class=\"entry-header\">\r\n\r\n\t\t\t\t\t\t\t\t\r\n\t\t\t\t\t\t\t\t<h3 class=\"entry-title\"><a href=\"https:\/\/viqtor.eu\/it\/le-cloud-act-et-les-entreprises-europeennes\/\" rel=\"bookmark\">Il CLOUD Act e le imprese europee: quale ambito di applicazione?<\/a><\/h3>\r\n\t\t\t\t\t\t\t<\/div><!-- .entry-header -->\r\n\t\t\t\t\t\t\t\r\n\t\t\t\t\t\t\t\t\t\t\t\t\t\t<div class=\"entry-summary the-excerpt\">\r\n\r\n\t\t\t\t\t            <p>Il CLOUD Act e le imprese europee: quale ambito di applicazione? Legal Watch n. 40 \u2013 ottobre 2021 Il CLOUD Act e le imprese europee: quale ambito di applicazione? La dematerializzazione dei dati e la loro archiviazione nel \u201ccloud\u201d hanno conseguenze fondamentali e complesse per gli obblighi delle imprese. Anche quando archiviati [\u2026]\n\r\n\t\t\t\t\t        <\/div><!-- .entry-content -->\r\n\t\t\t\t\t\t\t\t\t\t\t\t\t\t<div class=\"btn-readmore\">\r\n\t\t\t\t\t\t\t\t<a href=\"https:\/\/viqtor.eu\/it\/le-cloud-act-et-les-entreprises-europeennes\/\"><i class=\"flaticon-right-arrow-1\"><\/i>Per saperne di pi\u00f9<\/a>\t\t\t\t\t\t\t<\/div>\r\n\t\t\t\t\t\t<\/div>\r\n\t\t\t\t\t<\/div>\r\n\t\t\t\t<\/article>\r\n\t\t\t\t<\/div>\r\n\t\t\t \r\n\t\t\t\t<div class=\"pgrid-box\">\r\n\t\t\t\t<article class=\"post-box blog-item\">\r\n\t\t\t\t\t<div class=\"post-inner\">\r\n\t\t\t\t\t\t\t\t\t\t\t\t\r\n\t\t\t\t\t        <div class=\"entry-media\">\r\n\t\t\t\t\t        \t<div class=\"post-cat\"><span class=\"posted-in\"><a href=\"https:\/\/viqtor.eu\/it\/category\/veille-juridique\/\" rel=\"category tag\">Monitoraggio legale<\/a><\/span><\/div>\t\t\t\t\t            <a href=\"https:\/\/viqtor.eu\/it\/responsable-et-sous-traitant-qui-engage-sa-responsabilite\/\">\r\n\t\t\t\t\t                <img loading=\"lazy\" decoding=\"async\" width=\"601\" height=\"520\" src=\"https:\/\/viqtor.eu\/wp-content\/uploads\/2023\/04\/shutterstock_1726908307-601x520.jpg\" class=\"attachment-engitech-slider-post-thumbnail size-engitech-slider-post-thumbnail wp-post-image\" alt=\"RGPD E-LEARNING\" \/>\t\t\t\t\t            <\/a>\r\n\t\t\t\t\t        <\/div>\r\n\t\t\t\t\t        \r\n\t\t\t\t\t    \r\n\t\t\t\t\t\t<div class=\"inner-post\">\r\n\t\t\t\t\t\t\t<div class=\"entry-header\">\r\n\r\n\t\t\t\t\t\t\t\t\r\n\t\t\t\t\t\t\t\t<h3 class=\"entry-title\"><a href=\"https:\/\/viqtor.eu\/it\/responsable-et-sous-traitant-qui-engage-sa-responsabilite\/\" rel=\"bookmark\">Responsabile e subappaltatore: chi \u00e8 responsabile?<\/a><\/h3>\r\n\t\t\t\t\t\t\t<\/div><!-- .entry-header -->\r\n\t\t\t\t\t\t\t\r\n\t\t\t\t\t\t\t\t\t\t\t\t\t\t<div class=\"entry-summary the-excerpt\">\r\n\r\n\t\t\t\t\t            <p>Titolare del trattamento e subappaltatore: chi \u00e8 responsabile? Legal Watch n. 39 \u2013 settembre 2021 Titolare del trattamento e subappaltatore: chi \u00e8 responsabile? Molti titolari del trattamento si avvalgono di subappaltatori, sia per la gestione delle risorse umane, sia per il targeting pubblicitario o la sicurezza dei dati. [\u2026]\n\r\n\t\t\t\t\t        <\/div><!-- .entry-content -->\r\n\t\t\t\t\t\t\t\t\t\t\t\t\t\t<div class=\"btn-readmore\">\r\n\t\t\t\t\t\t\t\t<a href=\"https:\/\/viqtor.eu\/it\/responsable-et-sous-traitant-qui-engage-sa-responsabilite\/\"><i class=\"flaticon-right-arrow-1\"><\/i>Per saperne di pi\u00f9<\/a>\t\t\t\t\t\t\t<\/div>\r\n\t\t\t\t\t\t<\/div>\r\n\t\t\t\t\t<\/div>\r\n\t\t\t\t<\/article>\r\n\t\t\t\t<\/div>\r\n\t\t\t \r\n\t\t\t\t<div class=\"pgrid-box\">\r\n\t\t\t\t<article class=\"post-box blog-item\">\r\n\t\t\t\t\t<div class=\"post-inner\">\r\n\t\t\t\t\t\t\t\t\t\t\t\t\r\n\t\t\t\t\t        <div class=\"entry-media\">\r\n\t\t\t\t\t        \t<div class=\"post-cat\"><span class=\"posted-in\"><a href=\"https:\/\/viqtor.eu\/it\/category\/veille-juridique\/\" rel=\"category tag\">Monitoraggio legale<\/a><\/span><\/div>\t\t\t\t\t            <a href=\"https:\/\/viqtor.eu\/it\/decision-whatsapp\/\">\r\n\t\t\t\t\t                <img loading=\"lazy\" decoding=\"async\" width=\"601\" height=\"520\" src=\"https:\/\/viqtor.eu\/wp-content\/uploads\/2023\/04\/shutterstock_1312557080-601x520.jpg\" class=\"attachment-engitech-slider-post-thumbnail size-engitech-slider-post-thumbnail wp-post-image\" alt=\"\" \/>\t\t\t\t\t            <\/a>\r\n\t\t\t\t\t        <\/div>\r\n\t\t\t\t\t        \r\n\t\t\t\t\t    \r\n\t\t\t\t\t\t<div class=\"inner-post\">\r\n\t\t\t\t\t\t\t<div class=\"entry-header\">\r\n\r\n\t\t\t\t\t\t\t\t\r\n\t\t\t\t\t\t\t\t<h3 class=\"entry-title\"><a href=\"https:\/\/viqtor.eu\/it\/decision-whatsapp\/\" rel=\"bookmark\">Decisione WhatsApp: fine dell&#039;impunit\u00e0 per GAFAM in Europa?<\/a><\/h3>\r\n\t\t\t\t\t\t\t<\/div><!-- .entry-header -->\r\n\t\t\t\t\t\t\t\r\n\t\t\t\t\t\t\t\t\t\t\t\t\t\t<div class=\"entry-summary the-excerpt\">\r\n\r\n\t\t\t\t\t            <p>Decisione WhatsApp: fine dell&#039;impunit\u00e0 per GAFAM in Europa? Legal Watch n. 38 \u2013 agosto 2021 Decisione WhatsApp: fine dell&#039;impunit\u00e0 per GAFAM in Europa? Abbiamo ripreso in un precedente articolo le difficolt\u00e0 di accordo a livello europeo in merito all&#039;attuazione del Regolamento generale sulla protezione dei dati [\u2026]\n\r\n\t\t\t\t\t        <\/div><!-- .entry-content -->\r\n\t\t\t\t\t\t\t\t\t\t\t\t\t\t<div class=\"btn-readmore\">\r\n\t\t\t\t\t\t\t\t<a href=\"https:\/\/viqtor.eu\/it\/decision-whatsapp\/\"><i class=\"flaticon-right-arrow-1\"><\/i>Per saperne di pi\u00f9<\/a>\t\t\t\t\t\t\t<\/div>\r\n\t\t\t\t\t\t<\/div>\r\n\t\t\t\t\t<\/div>\r\n\t\t\t\t<\/article>\r\n\t\t\t\t<\/div>\r\n\t\t\t \r\n\t\t\t\t<div class=\"pgrid-box\">\r\n\t\t\t\t<article class=\"post-box blog-item\">\r\n\t\t\t\t\t<div class=\"post-inner\">\r\n\t\t\t\t\t\t\t\t\t\t\t\t\r\n\t\t\t\t\t        <div class=\"entry-media\">\r\n\t\t\t\t\t        \t<div class=\"post-cat\"><span class=\"posted-in\"><a href=\"https:\/\/viqtor.eu\/it\/category\/veille-juridique\/\" rel=\"category tag\">Monitoraggio legale<\/a><\/span><\/div>\t\t\t\t\t            <a href=\"https:\/\/viqtor.eu\/it\/pegasus\/\">\r\n\t\t\t\t\t                <img loading=\"lazy\" decoding=\"async\" width=\"601\" height=\"520\" src=\"https:\/\/viqtor.eu\/wp-content\/uploads\/2023\/04\/shutterstock_2151289487-601x520.jpg\" class=\"attachment-engitech-slider-post-thumbnail size-engitech-slider-post-thumbnail wp-post-image\" alt=\"\" \/>\t\t\t\t\t            <\/a>\r\n\t\t\t\t\t        <\/div>\r\n\t\t\t\t\t        \r\n\t\t\t\t\t    \r\n\t\t\t\t\t\t<div class=\"inner-post\">\r\n\t\t\t\t\t\t\t<div class=\"entry-header\">\r\n\r\n\t\t\t\t\t\t\t\t\r\n\t\t\t\t\t\t\t\t<h3 class=\"entry-title\"><a href=\"https:\/\/viqtor.eu\/it\/pegasus\/\" rel=\"bookmark\">Pegasus: uno spyware che sfida la legge.<\/a><\/h3>\r\n\t\t\t\t\t\t\t<\/div><!-- .entry-header -->\r\n\t\t\t\t\t\t\t\r\n\t\t\t\t\t\t\t\t\t\t\t\t\t\t<div class=\"entry-summary the-excerpt\">\r\n\r\n\t\t\t\t\t            <p>Pegasus \u2013 Lo spyware sfida la legge. Legal Watch n. 37 \u2013 Luglio 2021 Pegasus \u2013 Lo spyware sfida la legge. A luglio, il progetto Pegasus ha rivelato l&#039;impatto senza precedenti sulla sorveglianza dello spyware israeliano in grado di ascoltare ed estrarre dati dagli smartphone con iOS o Android. [\u2026]\n\r\n\t\t\t\t\t        <\/div><!-- .entry-content -->\r\n\t\t\t\t\t\t\t\t\t\t\t\t\t\t<div class=\"btn-readmore\">\r\n\t\t\t\t\t\t\t\t<a href=\"https:\/\/viqtor.eu\/it\/pegasus\/\"><i class=\"flaticon-right-arrow-1\"><\/i>Per saperne di pi\u00f9<\/a>\t\t\t\t\t\t\t<\/div>\r\n\t\t\t\t\t\t<\/div>\r\n\t\t\t\t\t<\/div>\r\n\t\t\t\t<\/article>\r\n\t\t\t\t<\/div>\r\n\t\t\t \r\n\t\t\t\t<div class=\"pgrid-box\">\r\n\t\t\t\t<article class=\"post-box blog-item\">\r\n\t\t\t\t\t<div class=\"post-inner\">\r\n\t\t\t\t\t\t\t\t\t\t\t\t\r\n\t\t\t\t\t        <div class=\"entry-media\">\r\n\t\t\t\t\t        \t<div class=\"post-cat\"><span class=\"posted-in\"><a href=\"https:\/\/viqtor.eu\/it\/category\/veille-juridique\/\" rel=\"category tag\">Monitoraggio legale<\/a><\/span><\/div>\t\t\t\t\t            <a href=\"https:\/\/viqtor.eu\/it\/vers-une-europe-de-la-protection-des-donnees\/\">\r\n\t\t\t\t\t                <img loading=\"lazy\" decoding=\"async\" width=\"601\" height=\"520\" src=\"https:\/\/viqtor.eu\/wp-content\/uploads\/2023\/04\/shutterstock_348928994-601x520.jpg\" class=\"attachment-engitech-slider-post-thumbnail size-engitech-slider-post-thumbnail wp-post-image\" alt=\"\" \/>\t\t\t\t\t            <\/a>\r\n\t\t\t\t\t        <\/div>\r\n\t\t\t\t\t        \r\n\t\t\t\t\t    \r\n\t\t\t\t\t\t<div class=\"inner-post\">\r\n\t\t\t\t\t\t\t<div class=\"entry-header\">\r\n\r\n\t\t\t\t\t\t\t\t\r\n\t\t\t\t\t\t\t\t<h3 class=\"entry-title\"><a href=\"https:\/\/viqtor.eu\/it\/vers-une-europe-de-la-protection-des-donnees\/\" rel=\"bookmark\">Verso un&#039;Europa della protezione dei dati: la strada \u00e8 lunga.<\/a><\/h3>\r\n\t\t\t\t\t\t\t<\/div><!-- .entry-header -->\r\n\t\t\t\t\t\t\t\r\n\t\t\t\t\t\t\t\t\t\t\t\t\t\t<div class=\"entry-summary the-excerpt\">\r\n\r\n\t\t\t\t\t            <p>Verso un&#039;Europa della protezione dei dati: la strada \u00e8 lunga. Legal Watch n. 36 \u2013 giugno 2021 Verso un&#039;Europa della protezione dei dati: la strada \u00e8 lunga. Il Regolamento generale sulla protezione dei dati ha suscitato molte speranze in termini di chiarezza ed efficienza al momento della sua entrata in vigore [\u2026]\n\r\n\t\t\t\t\t        <\/div><!-- .entry-content -->\r\n\t\t\t\t\t\t\t\t\t\t\t\t\t\t<div class=\"btn-readmore\">\r\n\t\t\t\t\t\t\t\t<a href=\"https:\/\/viqtor.eu\/it\/vers-une-europe-de-la-protection-des-donnees\/\"><i class=\"flaticon-right-arrow-1\"><\/i>Per saperne di pi\u00f9<\/a>\t\t\t\t\t\t\t<\/div>\r\n\t\t\t\t\t\t<\/div>\r\n\t\t\t\t\t<\/div>\r\n\t\t\t\t<\/article>\r\n\t\t\t\t<\/div>\r\n\t\t\t \r\n\t\t\t\t<div class=\"pgrid-box\">\r\n\t\t\t\t<article class=\"post-box blog-item\">\r\n\t\t\t\t\t<div class=\"post-inner\">\r\n\t\t\t\t\t\t\t\t\t\t\t\t\r\n\t\t\t\t\t        <div class=\"entry-media\">\r\n\t\t\t\t\t        \t<div class=\"post-cat\"><span class=\"posted-in\"><a href=\"https:\/\/viqtor.eu\/it\/category\/veille-juridique\/\" rel=\"category tag\">Monitoraggio legale<\/a><\/span><\/div>\t\t\t\t\t            <a href=\"https:\/\/viqtor.eu\/it\/exercice-des-droits-dacces-portabilite\/\">\r\n\t\t\t\t\t                <img loading=\"lazy\" decoding=\"async\" width=\"601\" height=\"520\" src=\"https:\/\/viqtor.eu\/wp-content\/uploads\/2023\/04\/shutterstock_471720524-601x520.jpg\" class=\"attachment-engitech-slider-post-thumbnail size-engitech-slider-post-thumbnail wp-post-image\" alt=\"Un DPO ou un Correspondant \u00e0 la protection des donn\u00e9es\" \/>\t\t\t\t\t            <\/a>\r\n\t\t\t\t\t        <\/div>\r\n\t\t\t\t\t        \r\n\t\t\t\t\t    \r\n\t\t\t\t\t\t<div class=\"inner-post\">\r\n\t\t\t\t\t\t\t<div class=\"entry-header\">\r\n\r\n\t\t\t\t\t\t\t\t\r\n\t\t\t\t\t\t\t\t<h3 class=\"entry-title\"><a href=\"https:\/\/viqtor.eu\/it\/exercice-des-droits-dacces-portabilite\/\" rel=\"bookmark\">Esercizio dei diritti di accesso, portabilit\u00e0: quali sono i poteri di un rappresentante?<\/a><\/h3>\r\n\t\t\t\t\t\t\t<\/div><!-- .entry-header -->\r\n\t\t\t\t\t\t\t\r\n\t\t\t\t\t\t\t\t\t\t\t\t\t\t<div class=\"entry-summary the-excerpt\">\r\n\r\n\t\t\t\t\t            <p>Esercizio dei diritti di accesso, portabilit\u00e0: quali sono i poteri di un agente? Legal Watch n. 35 \u2013 Maggio 2021 Esercizio dei diritti di accesso, portabilit\u00e0: quali sono i poteri di un agente? Alcuni titolari del trattamento hanno legittimamente espresso la propria perplessit\u00e0 nel ricevere una richiesta da parte di una societ\u00e0 incaricata di ottenere [\u2026]\n\r\n\t\t\t\t\t        <\/div><!-- .entry-content -->\r\n\t\t\t\t\t\t\t\t\t\t\t\t\t\t<div class=\"btn-readmore\">\r\n\t\t\t\t\t\t\t\t<a href=\"https:\/\/viqtor.eu\/it\/exercice-des-droits-dacces-portabilite\/\"><i class=\"flaticon-right-arrow-1\"><\/i>Per saperne di pi\u00f9<\/a>\t\t\t\t\t\t\t<\/div>\r\n\t\t\t\t\t\t<\/div>\r\n\t\t\t\t\t<\/div>\r\n\t\t\t\t<\/article>\r\n\t\t\t\t<\/div>\r\n\t\t\t \r\n\t\t\t\t<div class=\"pgrid-box\">\r\n\t\t\t\t<article class=\"post-box blog-item\">\r\n\t\t\t\t\t<div class=\"post-inner\">\r\n\t\t\t\t\t\t\t\t\t\t\t\t\r\n\t\t\t\t\t        <div class=\"entry-media\">\r\n\t\t\t\t\t        \t<div class=\"post-cat\"><span class=\"posted-in\"><a href=\"https:\/\/viqtor.eu\/it\/category\/veille-juridique\/\" rel=\"category tag\">Monitoraggio legale<\/a><\/span><\/div>\t\t\t\t\t            <a href=\"https:\/\/viqtor.eu\/it\/lintelligence-artificielle-au-gre-du-droit-et-des-enjeux-de-societe\/\">\r\n\t\t\t\t\t                <img loading=\"lazy\" decoding=\"async\" width=\"601\" height=\"520\" src=\"https:\/\/viqtor.eu\/wp-content\/uploads\/2023\/04\/shutterstock_2247923515-601x520.jpg\" class=\"attachment-engitech-slider-post-thumbnail size-engitech-slider-post-thumbnail wp-post-image\" alt=\"\" \/>\t\t\t\t\t            <\/a>\r\n\t\t\t\t\t        <\/div>\r\n\t\t\t\t\t        \r\n\t\t\t\t\t    \r\n\t\t\t\t\t\t<div class=\"inner-post\">\r\n\t\t\t\t\t\t\t<div class=\"entry-header\">\r\n\r\n\t\t\t\t\t\t\t\t\r\n\t\t\t\t\t\t\t\t<h3 class=\"entry-title\"><a href=\"https:\/\/viqtor.eu\/it\/lintelligence-artificielle-au-gre-du-droit-et-des-enjeux-de-societe\/\" rel=\"bookmark\">Intelligenza artificiale in linea con la legge e le problematiche sociali.<\/a><\/h3>\r\n\t\t\t\t\t\t\t<\/div><!-- .entry-header -->\r\n\t\t\t\t\t\t\t\r\n\t\t\t\t\t\t\t\t\t\t\t\t\t\t<div class=\"entry-summary the-excerpt\">\r\n\r\n\t\t\t\t\t            <p>Intelligenza artificiale al passo con la legge e le sfide sociali. Legal Watch n. 34 \u2013 Aprile 2021 Intelligenza artificiale al passo con la legge e le sfide sociali. Intelligenza artificiale e sicurezza sono ormai interconnesse nel dibattito politico e giuridico. Ma fino a che punto pu\u00f2 l&#039;adattamento del nostro quadro normativo a sfide come il terrorismo [\u2026]\n\r\n\t\t\t\t\t        <\/div><!-- .entry-content -->\r\n\t\t\t\t\t\t\t\t\t\t\t\t\t\t<div class=\"btn-readmore\">\r\n\t\t\t\t\t\t\t\t<a href=\"https:\/\/viqtor.eu\/it\/lintelligence-artificielle-au-gre-du-droit-et-des-enjeux-de-societe\/\"><i class=\"flaticon-right-arrow-1\"><\/i>Per saperne di pi\u00f9<\/a>\t\t\t\t\t\t\t<\/div>\r\n\t\t\t\t\t\t<\/div>\r\n\t\t\t\t\t<\/div>\r\n\t\t\t\t<\/article>\r\n\t\t\t\t<\/div>\r\n\t\t\t \r\n\t\t\t\t<div class=\"pgrid-box\">\r\n\t\t\t\t<article class=\"post-box blog-item\">\r\n\t\t\t\t\t<div class=\"post-inner\">\r\n\t\t\t\t\t\t\t\t\t\t\t\t\r\n\t\t\t\t\t        <div class=\"entry-media\">\r\n\t\t\t\t\t        \t<div class=\"post-cat\"><span class=\"posted-in\"><a href=\"https:\/\/viqtor.eu\/it\/category\/veille-juridique\/\" rel=\"category tag\">Monitoraggio legale<\/a><\/span><\/div>\t\t\t\t\t            <a href=\"https:\/\/viqtor.eu\/it\/cameras-intelligentes-et-vie-privee\/\">\r\n\t\t\t\t\t                <img loading=\"lazy\" decoding=\"async\" width=\"601\" height=\"520\" src=\"https:\/\/viqtor.eu\/wp-content\/uploads\/2023\/04\/shutterstock_1804911730-601x520.jpg\" class=\"attachment-engitech-slider-post-thumbnail size-engitech-slider-post-thumbnail wp-post-image\" alt=\"\" \/>\t\t\t\t\t            <\/a>\r\n\t\t\t\t\t        <\/div>\r\n\t\t\t\t\t        \r\n\t\t\t\t\t    \r\n\t\t\t\t\t\t<div class=\"inner-post\">\r\n\t\t\t\t\t\t\t<div class=\"entry-header\">\r\n\r\n\t\t\t\t\t\t\t\t\r\n\t\t\t\t\t\t\t\t<h3 class=\"entry-title\"><a href=\"https:\/\/viqtor.eu\/it\/cameras-intelligentes-et-vie-privee\/\" rel=\"bookmark\">Telecamere intelligenti e privacy: il giusto equilibrio?<\/a><\/h3>\r\n\t\t\t\t\t\t\t<\/div><!-- .entry-header -->\r\n\t\t\t\t\t\t\t\r\n\t\t\t\t\t\t\t\t\t\t\t\t\t\t<div class=\"entry-summary the-excerpt\">\r\n\r\n\t\t\t\t\t            <p>Telecamere intelligenti e privacy: trovare il giusto equilibrio? Legal Watch n. 33 \u2013 marzo 2021 Telecamere intelligenti e privacy: trovare il giusto equilibrio? Da marzo, sui mezzi pubblici sono state installate delle telecamere per monitorare se gli utenti indossano la mascherina. Queste misure sono [\u2026]\n\r\n\t\t\t\t\t        <\/div><!-- .entry-content -->\r\n\t\t\t\t\t\t\t\t\t\t\t\t\t\t<div class=\"btn-readmore\">\r\n\t\t\t\t\t\t\t\t<a href=\"https:\/\/viqtor.eu\/it\/cameras-intelligentes-et-vie-privee\/\"><i class=\"flaticon-right-arrow-1\"><\/i>Per saperne di pi\u00f9<\/a>\t\t\t\t\t\t\t<\/div>\r\n\t\t\t\t\t\t<\/div>\r\n\t\t\t\t\t<\/div>\r\n\t\t\t\t<\/article>\r\n\t\t\t\t<\/div>\r\n\t\t\t \r\n\t\t\t\t<div class=\"pgrid-box\">\r\n\t\t\t\t<article class=\"post-box blog-item\">\r\n\t\t\t\t\t<div class=\"post-inner\">\r\n\t\t\t\t\t\t\t\t\t\t\t\t\r\n\t\t\t\t\t        <div class=\"entry-media\">\r\n\t\t\t\t\t        \t<div class=\"post-cat\"><span class=\"posted-in\"><a href=\"https:\/\/viqtor.eu\/it\/category\/veille-juridique\/\" rel=\"category tag\">Monitoraggio legale<\/a><\/span><\/div>\t\t\t\t\t            <a href=\"https:\/\/viqtor.eu\/it\/securite-fuite-de-donnees-et-rancongiciel\/\">\r\n\t\t\t\t\t                <img loading=\"lazy\" decoding=\"async\" width=\"601\" height=\"520\" src=\"https:\/\/viqtor.eu\/wp-content\/uploads\/2023\/04\/shutterstock_46487152-601x520.jpg\" class=\"attachment-engitech-slider-post-thumbnail size-engitech-slider-post-thumbnail wp-post-image\" alt=\"\" \/>\t\t\t\t\t            <\/a>\r\n\t\t\t\t\t        <\/div>\r\n\t\t\t\t\t        \r\n\t\t\t\t\t    \r\n\t\t\t\t\t\t<div class=\"inner-post\">\r\n\t\t\t\t\t\t\t<div class=\"entry-header\">\r\n\r\n\t\t\t\t\t\t\t\t\r\n\t\t\t\t\t\t\t\t<h3 class=\"entry-title\"><a href=\"https:\/\/viqtor.eu\/it\/securite-fuite-de-donnees-et-rancongiciel\/\" rel=\"bookmark\">Sicurezza, fughe di dati e ransomware: attacchi da prendere sul serio.<\/a><\/h3>\r\n\t\t\t\t\t\t\t<\/div><!-- .entry-header -->\r\n\t\t\t\t\t\t\t\r\n\t\t\t\t\t\t\t\t\t\t\t\t\t\t<div class=\"entry-summary the-excerpt\">\r\n\r\n\t\t\t\t\t            <p>Sicurezza, fughe di dati e ransomware: attacchi da prendere sul serio. Legal Watch n. 32 \u2013 Febbraio 2021 Sicurezza, fughe di dati e ransomware: attacchi da prendere sul serio. La stampa ha riportato a fine febbraio la notizia di una massiccia fuga di dati nel settore medico. Informazioni sensibili riguardanti oltre 500 [\u2026]\n\r\n\t\t\t\t\t        <\/div><!-- .entry-content -->\r\n\t\t\t\t\t\t\t\t\t\t\t\t\t\t<div class=\"btn-readmore\">\r\n\t\t\t\t\t\t\t\t<a href=\"https:\/\/viqtor.eu\/it\/securite-fuite-de-donnees-et-rancongiciel\/\"><i class=\"flaticon-right-arrow-1\"><\/i>Per saperne di pi\u00f9<\/a>\t\t\t\t\t\t\t<\/div>\r\n\t\t\t\t\t\t<\/div>\r\n\t\t\t\t\t<\/div>\r\n\t\t\t\t<\/article>\r\n\t\t\t\t<\/div>\r\n\t\t\t \r\n\t\t\t\t<div class=\"pgrid-box\">\r\n\t\t\t\t<article class=\"post-box blog-item\">\r\n\t\t\t\t\t<div class=\"post-inner\">\r\n\t\t\t\t\t\t\t\t\t\t\t\t\r\n\t\t\t\t\t        <div class=\"entry-media\">\r\n\t\t\t\t\t        \t<div class=\"post-cat\"><span class=\"posted-in\"><a href=\"https:\/\/viqtor.eu\/it\/category\/veille-juridique\/\" rel=\"category tag\">Monitoraggio legale<\/a><\/span><\/div>\t\t\t\t\t            <a href=\"https:\/\/viqtor.eu\/it\/lactualite-des-autorites-de-controle\/\">\r\n\t\t\t\t\t                <img loading=\"lazy\" decoding=\"async\" width=\"601\" height=\"520\" src=\"https:\/\/viqtor.eu\/wp-content\/uploads\/2023\/04\/shutterstock_507250789-601x520.jpg\" class=\"attachment-engitech-slider-post-thumbnail size-engitech-slider-post-thumbnail wp-post-image\" alt=\"\" \/>\t\t\t\t\t            <\/a>\r\n\t\t\t\t\t        <\/div>\r\n\t\t\t\t\t        \r\n\t\t\t\t\t    \r\n\t\t\t\t\t\t<div class=\"inner-post\">\r\n\t\t\t\t\t\t\t<div class=\"entry-header\">\r\n\r\n\t\t\t\t\t\t\t\t\r\n\t\t\t\t\t\t\t\t<h3 class=\"entry-title\"><a href=\"https:\/\/viqtor.eu\/it\/lactualite-des-autorites-de-controle\/\" rel=\"bookmark\">Notizie dalle autorit\u00e0 di vigilanza: festeggiamenti e vigilanza<\/a><\/h3>\r\n\t\t\t\t\t\t\t<\/div><!-- .entry-header -->\r\n\t\t\t\t\t\t\t\r\n\t\t\t\t\t\t\t\t\t\t\t\t\t\t<div class=\"entry-summary the-excerpt\">\r\n\r\n\t\t\t\t\t            <p>Notizie sulla regolamentazione: celebrazioni e supervisione Legal Watch n. 31 \u2013 gennaio 2021 Notizie sulla regolamentazione: celebrazioni e supervisione. Gli ultimi giorni sono stati l&#039;occasione per celebrare (virtualmente) diversi anniversari. Il 28 gennaio, gli stakeholder della privacy in Europa, Africa, Americhe e [\u2026]\n\r\n\t\t\t\t\t        <\/div><!-- .entry-content -->\r\n\t\t\t\t\t\t\t\t\t\t\t\t\t\t<div class=\"btn-readmore\">\r\n\t\t\t\t\t\t\t\t<a href=\"https:\/\/viqtor.eu\/it\/lactualite-des-autorites-de-controle\/\"><i class=\"flaticon-right-arrow-1\"><\/i>Per saperne di pi\u00f9<\/a>\t\t\t\t\t\t\t<\/div>\r\n\t\t\t\t\t\t<\/div>\r\n\t\t\t\t\t<\/div>\r\n\t\t\t\t<\/article>\r\n\t\t\t\t<\/div>\r\n\t\t\t \r\n\t\t\t\t<div class=\"pgrid-box\">\r\n\t\t\t\t<article class=\"post-box blog-item\">\r\n\t\t\t\t\t<div class=\"post-inner\">\r\n\t\t\t\t\t\t\t\t\t\t\t\t\r\n\t\t\t\t\t        <div class=\"entry-media\">\r\n\t\t\t\t\t        \t<div class=\"post-cat\"><span class=\"posted-in\"><a href=\"https:\/\/viqtor.eu\/it\/category\/veille-juridique\/\" rel=\"category tag\">Monitoraggio legale<\/a><\/span><\/div>\t\t\t\t\t            <a href=\"https:\/\/viqtor.eu\/it\/quelle-strategie-de-controle-pour-2020\/\">\r\n\t\t\t\t\t                <img loading=\"lazy\" decoding=\"async\" width=\"601\" height=\"520\" src=\"https:\/\/viqtor.eu\/wp-content\/uploads\/2023\/04\/shutterstock_1977732161-601x520.jpg\" class=\"attachment-engitech-slider-post-thumbnail size-engitech-slider-post-thumbnail wp-post-image\" alt=\"tout savoir sur le R\u00e8glement G\u00e9n\u00e9ral sur la Protection des Donn\u00e9es\" \/>\t\t\t\t\t            <\/a>\r\n\t\t\t\t\t        <\/div>\r\n\t\t\t\t\t        \r\n\t\t\t\t\t    \r\n\t\t\t\t\t\t<div class=\"inner-post\">\r\n\t\t\t\t\t\t\t<div class=\"entry-header\">\r\n\r\n\t\t\t\t\t\t\t\t\r\n\t\t\t\t\t\t\t\t<h3 class=\"entry-title\"><a href=\"https:\/\/viqtor.eu\/it\/quelle-strategie-de-controle-pour-2020\/\" rel=\"bookmark\">Quale strategia di controllo per il 2020?<\/a><\/h3>\r\n\t\t\t\t\t\t\t<\/div><!-- .entry-header -->\r\n\t\t\t\t\t\t\t\r\n\t\t\t\t\t\t\t\t\t\t\t\t\t\t<div class=\"entry-summary the-excerpt\">\r\n\r\n\t\t\t\t\t            <p>Quale strategia di controllo per il 2020? Nel 2020, oltre ai controlli a seguito di reclami, problemi emersi nell&#039;attualit\u00e0 o misure correttive, la CNIL concentrer\u00e0 la sua azione di controllo su 3 temi prioritari legati alle preoccupazioni quotidiane dei francesi: Come ogni anno, oltre [\u2026]\n\r\n\t\t\t\t\t        <\/div><!-- .entry-content -->\r\n\t\t\t\t\t\t\t\t\t\t\t\t\t\t<div class=\"btn-readmore\">\r\n\t\t\t\t\t\t\t\t<a href=\"https:\/\/viqtor.eu\/it\/quelle-strategie-de-controle-pour-2020\/\"><i class=\"flaticon-right-arrow-1\"><\/i>Per saperne di pi\u00f9<\/a>\t\t\t\t\t\t\t<\/div>\r\n\t\t\t\t\t\t<\/div>\r\n\t\t\t\t\t<\/div>\r\n\t\t\t\t<\/article>\r\n\t\t\t\t<\/div>\r\n\t\t\t \r\n\t\t\t\t<div class=\"pgrid-box\">\r\n\t\t\t\t<article class=\"post-box blog-item\">\r\n\t\t\t\t\t<div class=\"post-inner\">\r\n\t\t\t\t\t\t\t\t\t\t\t\t\r\n\t\t\t\t\t        <div class=\"entry-media\">\r\n\t\t\t\t\t        \t<div class=\"post-cat\"><span class=\"posted-in\"><a href=\"https:\/\/viqtor.eu\/it\/category\/veille-juridique\/\" rel=\"category tag\">Monitoraggio legale<\/a><\/span><\/div>\t\t\t\t\t            <a href=\"https:\/\/viqtor.eu\/it\/nouvelle-annee-bilan-et-perspectives\/\">\r\n\t\t\t\t\t                <img loading=\"lazy\" decoding=\"async\" width=\"601\" height=\"520\" src=\"https:\/\/viqtor.eu\/wp-content\/uploads\/2023\/04\/shutterstock_1751409956-601x520.jpg\" class=\"attachment-engitech-slider-post-thumbnail size-engitech-slider-post-thumbnail wp-post-image\" alt=\"\" \/>\t\t\t\t\t            <\/a>\r\n\t\t\t\t\t        <\/div>\r\n\t\t\t\t\t        \r\n\t\t\t\t\t    \r\n\t\t\t\t\t\t<div class=\"inner-post\">\r\n\t\t\t\t\t\t\t<div class=\"entry-header\">\r\n\r\n\t\t\t\t\t\t\t\t\r\n\t\t\t\t\t\t\t\t<h3 class=\"entry-title\"><a href=\"https:\/\/viqtor.eu\/it\/nouvelle-annee-bilan-et-perspectives\/\" rel=\"bookmark\">Nuovo anno, bilancio e prospettive.<\/a><\/h3>\r\n\t\t\t\t\t\t\t<\/div><!-- .entry-header -->\r\n\t\t\t\t\t\t\t\r\n\t\t\t\t\t\t\t\t\t\t\t\t\t\t<div class=\"entry-summary the-excerpt\">\r\n\r\n\t\t\t\t\t            <p>Nuovo anno, bilancio e prospettive. Nuovo anno, bilancio e prospettive. Dopo un anno che alcuni definiscono un annus horribilis, il 2021 \u00e8 accolto da molti come una speranza di cambiamento. \u00c8 vero che gli ultimi mesi hanno messo a dura prova la resilienza delle nostre societ\u00e0 in modi senza precedenti. L&#039;impatto della pandemia sulla nostra salute, ma [\u2026]\n\r\n\t\t\t\t\t        <\/div><!-- .entry-content -->\r\n\t\t\t\t\t\t\t\t\t\t\t\t\t\t<div class=\"btn-readmore\">\r\n\t\t\t\t\t\t\t\t<a href=\"https:\/\/viqtor.eu\/it\/nouvelle-annee-bilan-et-perspectives\/\"><i class=\"flaticon-right-arrow-1\"><\/i>Per saperne di pi\u00f9<\/a>\t\t\t\t\t\t\t<\/div>\r\n\t\t\t\t\t\t<\/div>\r\n\t\t\t\t\t<\/div>\r\n\t\t\t\t<\/article>\r\n\t\t\t\t<\/div>\r\n\t\t\t \r\n\t\t\t\t<div class=\"pgrid-box\">\r\n\t\t\t\t<article class=\"post-box blog-item\">\r\n\t\t\t\t\t<div class=\"post-inner\">\r\n\t\t\t\t\t\t\t\t\t\t\t\t\r\n\t\t\t\t\t        <div class=\"entry-media\">\r\n\t\t\t\t\t        \t<div class=\"post-cat\"><span class=\"posted-in\"><a href=\"https:\/\/viqtor.eu\/it\/category\/veille-juridique\/\" rel=\"category tag\">Monitoraggio legale<\/a><\/span><\/div>\t\t\t\t\t            <a href=\"https:\/\/viqtor.eu\/it\/rgpd-la-jurisprudence-se-precise\/\">\r\n\t\t\t\t\t                <img loading=\"lazy\" decoding=\"async\" width=\"601\" height=\"520\" src=\"https:\/\/viqtor.eu\/wp-content\/uploads\/2023\/04\/shutterstock_750883999-601x520.jpg\" class=\"attachment-engitech-slider-post-thumbnail size-engitech-slider-post-thumbnail wp-post-image\" alt=\"\" \/>\t\t\t\t\t            <\/a>\r\n\t\t\t\t\t        <\/div>\r\n\t\t\t\t\t        \r\n\t\t\t\t\t    \r\n\t\t\t\t\t\t<div class=\"inner-post\">\r\n\t\t\t\t\t\t\t<div class=\"entry-header\">\r\n\r\n\t\t\t\t\t\t\t\t\r\n\t\t\t\t\t\t\t\t<h3 class=\"entry-title\"><a href=\"https:\/\/viqtor.eu\/it\/rgpd-la-jurisprudence-se-precise\/\" rel=\"bookmark\">GDPR: la giurisprudenza diventa pi\u00f9 chiara!<\/a><\/h3>\r\n\t\t\t\t\t\t\t<\/div><!-- .entry-header -->\r\n\t\t\t\t\t\t\t\r\n\t\t\t\t\t\t\t\t\t\t\t\t\t\t<div class=\"entry-summary the-excerpt\">\r\n\r\n\t\t\t\t\t            <p>GDPR: la giurisprudenza diventa pi\u00f9 chiara! GDPR: la giurisprudenza diventa pi\u00f9 chiara! La CNIL si era gi\u00e0 distinta infliggendo a Google una multa record di 50 milioni di euro lo scorso gennaio per non aver informato i propri clienti sull&#039;utilizzo di Android, multa confermata a giugno dal Consiglio di Stato. [\u2026]\n\r\n\t\t\t\t\t        <\/div><!-- .entry-content -->\r\n\t\t\t\t\t\t\t\t\t\t\t\t\t\t<div class=\"btn-readmore\">\r\n\t\t\t\t\t\t\t\t<a href=\"https:\/\/viqtor.eu\/it\/rgpd-la-jurisprudence-se-precise\/\"><i class=\"flaticon-right-arrow-1\"><\/i>Per saperne di pi\u00f9<\/a>\t\t\t\t\t\t\t<\/div>\r\n\t\t\t\t\t\t<\/div>\r\n\t\t\t\t\t<\/div>\r\n\t\t\t\t<\/article>\r\n\t\t\t\t<\/div>\r\n\t\t\t \r\n\t\t\t\t<div class=\"pgrid-box\">\r\n\t\t\t\t<article class=\"post-box blog-item\">\r\n\t\t\t\t\t<div class=\"post-inner\">\r\n\t\t\t\t\t\t\t\t\t\t\t\t\r\n\t\t\t\t\t        <div class=\"entry-media\">\r\n\t\t\t\t\t        \t<div class=\"post-cat\"><span class=\"posted-in\"><a href=\"https:\/\/viqtor.eu\/it\/category\/veille-juridique\/\" rel=\"category tag\">Monitoraggio legale<\/a><\/span><\/div>\t\t\t\t\t            <a href=\"https:\/\/viqtor.eu\/it\/le-respect-du-rgpd-en-temps-de-crise\/\">\r\n\t\t\t\t\t                <img loading=\"lazy\" decoding=\"async\" width=\"601\" height=\"520\" src=\"https:\/\/viqtor.eu\/wp-content\/uploads\/2023\/04\/shutterstock_1899466642-601x520.jpg\" class=\"attachment-engitech-slider-post-thumbnail size-engitech-slider-post-thumbnail wp-post-image\" alt=\"\" \/>\t\t\t\t\t            <\/a>\r\n\t\t\t\t\t        <\/div>\r\n\t\t\t\t\t        \r\n\t\t\t\t\t    \r\n\t\t\t\t\t\t<div class=\"inner-post\">\r\n\t\t\t\t\t\t\t<div class=\"entry-header\">\r\n\r\n\t\t\t\t\t\t\t\t\r\n\t\t\t\t\t\t\t\t<h3 class=\"entry-title\"><a href=\"https:\/\/viqtor.eu\/it\/le-respect-du-rgpd-en-temps-de-crise\/\" rel=\"bookmark\">Conformit\u00e0 al GDPR in tempi di crisi.<\/a><\/h3>\r\n\t\t\t\t\t\t\t<\/div><!-- .entry-header -->\r\n\t\t\t\t\t\t\t\r\n\t\t\t\t\t\t\t\t\t\t\t\t\t\t<div class=\"entry-summary the-excerpt\">\r\n\r\n\t\t\t\t\t            <p>Conformit\u00e0 al GDPR in tempi di crisi. Conformit\u00e0 al GDPR in tempi di crisi. Quali sono le priorit\u00e0 delle autorit\u00e0 di controllo e quali controlli possono aspettarsi le aziende nell&#039;attuale contesto sanitario ed economico? Mentre la CNIL sta chiaramente concentrando le sue attivit\u00e0 sul trattamento dei dati [\u2026]\n\r\n\t\t\t\t\t        <\/div><!-- .entry-content -->\r\n\t\t\t\t\t\t\t\t\t\t\t\t\t\t<div class=\"btn-readmore\">\r\n\t\t\t\t\t\t\t\t<a href=\"https:\/\/viqtor.eu\/it\/le-respect-du-rgpd-en-temps-de-crise\/\"><i class=\"flaticon-right-arrow-1\"><\/i>Per saperne di pi\u00f9<\/a>\t\t\t\t\t\t\t<\/div>\r\n\t\t\t\t\t\t<\/div>\r\n\t\t\t\t\t<\/div>\r\n\t\t\t\t<\/article>\r\n\t\t\t\t<\/div>\r\n\t\t\t \r\n\t\t\t\t<div class=\"pgrid-box\">\r\n\t\t\t\t<article class=\"post-box blog-item\">\r\n\t\t\t\t\t<div class=\"post-inner\">\r\n\t\t\t\t\t\t\t\t\t\t\t\t\r\n\t\t\t\t\t        <div class=\"entry-media\">\r\n\t\t\t\t\t        \t<div class=\"post-cat\"><span class=\"posted-in\"><a href=\"https:\/\/viqtor.eu\/it\/category\/veille-juridique\/\" rel=\"category tag\">Monitoraggio legale<\/a><\/span><\/div>\t\t\t\t\t            <a href=\"https:\/\/viqtor.eu\/it\/donnees-de-sante-des-employes-quelle-gestion-en-temps-de-covid-19\/\">\r\n\t\t\t\t\t                <img loading=\"lazy\" decoding=\"async\" width=\"601\" height=\"520\" src=\"https:\/\/viqtor.eu\/wp-content\/uploads\/2023\/04\/shutterstock_1671956773-601x520.jpg\" class=\"attachment-engitech-slider-post-thumbnail size-engitech-slider-post-thumbnail wp-post-image\" alt=\"\" \/>\t\t\t\t\t            <\/a>\r\n\t\t\t\t\t        <\/div>\r\n\t\t\t\t\t        \r\n\t\t\t\t\t    \r\n\t\t\t\t\t\t<div class=\"inner-post\">\r\n\t\t\t\t\t\t\t<div class=\"entry-header\">\r\n\r\n\t\t\t\t\t\t\t\t\r\n\t\t\t\t\t\t\t\t<h3 class=\"entry-title\"><a href=\"https:\/\/viqtor.eu\/it\/donnees-de-sante-des-employes-quelle-gestion-en-temps-de-covid-19\/\" rel=\"bookmark\">Dati sanitari dei dipendenti: come gestirli durante il COVID-19?<\/a><\/h3>\r\n\t\t\t\t\t\t\t<\/div><!-- .entry-header -->\r\n\t\t\t\t\t\t\t\r\n\t\t\t\t\t\t\t\t\t\t\t\t\t\t<div class=\"entry-summary the-excerpt\">\r\n\r\n\t\t\t\t\t            <p>Dati sulla salute dei dipendenti: come gestirli in tempi di COVID-19? Dati sulla salute dei dipendenti: come gestirli in tempi di COVID-19? Tra le sfide che le nostre societ\u00e0 stanno affrontando durante la crisi sanitaria, quella che i datori di lavoro si trovano ad affrontare non \u00e8 certo l&#039;ultima. Oltre alle condizioni di lavoro [\u2026]\n\r\n\t\t\t\t\t        <\/div><!-- .entry-content -->\r\n\t\t\t\t\t\t\t\t\t\t\t\t\t\t<div class=\"btn-readmore\">\r\n\t\t\t\t\t\t\t\t<a href=\"https:\/\/viqtor.eu\/it\/donnees-de-sante-des-employes-quelle-gestion-en-temps-de-covid-19\/\"><i class=\"flaticon-right-arrow-1\"><\/i>Per saperne di pi\u00f9<\/a>\t\t\t\t\t\t\t<\/div>\r\n\t\t\t\t\t\t<\/div>\r\n\t\t\t\t\t<\/div>\r\n\t\t\t\t<\/article>\r\n\t\t\t\t<\/div>\r\n\t\t\t \r\n\t\t\t\t<div class=\"pgrid-box\">\r\n\t\t\t\t<article class=\"post-box blog-item\">\r\n\t\t\t\t\t<div class=\"post-inner\">\r\n\t\t\t\t\t\t\t\t\t\t\t\t\r\n\t\t\t\t\t        <div class=\"entry-media\">\r\n\t\t\t\t\t        \t<div class=\"post-cat\"><span class=\"posted-in\"><a href=\"https:\/\/viqtor.eu\/it\/category\/veille-juridique\/\" rel=\"category tag\">Monitoraggio legale<\/a><\/span><\/div>\t\t\t\t\t            <a href=\"https:\/\/viqtor.eu\/it\/schrems-ii-un-final-attendu-et-redoute\/\">\r\n\t\t\t\t\t                <img loading=\"lazy\" decoding=\"async\" width=\"500\" height=\"334\" src=\"https:\/\/viqtor.eu\/wp-content\/uploads\/2023\/04\/shutterstock_1784045918.jpg\" class=\"attachment-engitech-slider-post-thumbnail size-engitech-slider-post-thumbnail wp-post-image\" alt=\"\" srcset=\"https:\/\/viqtor.eu\/wp-content\/uploads\/2023\/04\/shutterstock_1784045918.jpg 500w, https:\/\/viqtor.eu\/wp-content\/uploads\/2023\/04\/shutterstock_1784045918-300x200.jpg 300w\" sizes=\"(max-width: 500px) 100vw, 500px\" \/>\t\t\t\t\t            <\/a>\r\n\t\t\t\t\t        <\/div>\r\n\t\t\t\t\t        \r\n\t\t\t\t\t    \r\n\t\t\t\t\t\t<div class=\"inner-post\">\r\n\t\t\t\t\t\t\t<div class=\"entry-header\">\r\n\r\n\t\t\t\t\t\t\t\t\r\n\t\t\t\t\t\t\t\t<h3 class=\"entry-title\"><a href=\"https:\/\/viqtor.eu\/it\/schrems-ii-un-final-attendu-et-redoute\/\" rel=\"bookmark\">SCHREMS II, un finale atteso e temuto<\/a><\/h3>\r\n\t\t\t\t\t\t\t<\/div><!-- .entry-header -->\r\n\t\t\t\t\t\t\t\r\n\t\t\t\t\t\t\t\t\t\t\t\t\t\t<div class=\"entry-summary the-excerpt\">\r\n\r\n\t\t\t\t\t            <p>SCHREMS II, un finale atteso e temuto SCHREMS II, un finale atteso e temuto. Il 16 luglio 2020, la Corte di Giustizia dell&#039;Unione Europea ha invalidato il Privacy Shield, un accordo chiave che costituiva la base giuridica per i trasferimenti di dati personali tra Europa e Stati Uniti. Oltre 5.300 aziende americane [\u2026]\n\r\n\t\t\t\t\t        <\/div><!-- .entry-content -->\r\n\t\t\t\t\t\t\t\t\t\t\t\t\t\t<div class=\"btn-readmore\">\r\n\t\t\t\t\t\t\t\t<a href=\"https:\/\/viqtor.eu\/it\/schrems-ii-un-final-attendu-et-redoute\/\"><i class=\"flaticon-right-arrow-1\"><\/i>Per saperne di pi\u00f9<\/a>\t\t\t\t\t\t\t<\/div>\r\n\t\t\t\t\t\t<\/div>\r\n\t\t\t\t\t<\/div>\r\n\t\t\t\t<\/article>\r\n\t\t\t\t<\/div>\r\n\t\t\t \r\n\t\t\t\t<div class=\"pgrid-box\">\r\n\t\t\t\t<article class=\"post-box blog-item\">\r\n\t\t\t\t\t<div class=\"post-inner\">\r\n\t\t\t\t\t\t\t\t\t\t\t\t\r\n\t\t\t\t\t        <div class=\"entry-media\">\r\n\t\t\t\t\t        \t<div class=\"post-cat\"><span class=\"posted-in\"><a href=\"https:\/\/viqtor.eu\/it\/category\/veille-juridique\/\" rel=\"category tag\">Monitoraggio legale<\/a><\/span><\/div>\t\t\t\t\t            <a href=\"https:\/\/viqtor.eu\/it\/un-anniversaire-sous-tension\/\">\r\n\t\t\t\t\t                <img loading=\"lazy\" decoding=\"async\" width=\"601\" height=\"520\" src=\"https:\/\/viqtor.eu\/wp-content\/uploads\/2023\/04\/shutterstock_318879689-601x520.jpg\" class=\"attachment-engitech-slider-post-thumbnail size-engitech-slider-post-thumbnail wp-post-image\" alt=\"\" \/>\t\t\t\t\t            <\/a>\r\n\t\t\t\t\t        <\/div>\r\n\t\t\t\t\t        \r\n\t\t\t\t\t    \r\n\t\t\t\t\t\t<div class=\"inner-post\">\r\n\t\t\t\t\t\t\t<div class=\"entry-header\">\r\n\r\n\t\t\t\t\t\t\t\t\r\n\t\t\t\t\t\t\t\t<h3 class=\"entry-title\"><a href=\"https:\/\/viqtor.eu\/it\/un-anniversaire-sous-tension\/\" rel=\"bookmark\">Un compleanno teso<\/a><\/h3>\r\n\t\t\t\t\t\t\t<\/div><!-- .entry-header -->\r\n\t\t\t\t\t\t\t\r\n\t\t\t\t\t\t\t\t\t\t\t\t\t\t<div class=\"entry-summary the-excerpt\">\r\n\r\n\t\t\t\t\t            <p>Un anniversario teso Legal Watch n. 24 \u2013 Maggio 2020 Un anniversario teso. Il GDPR celebra il suo secondo anniversario in un contesto particolarmente turbolento per i diritti fondamentali. Quanto sar\u00e0 resiliente il sistema europeo di protezione dei dati di fronte alle attuali sfide sanitarie? Gi\u00e0 messo alla prova nel contesto del [\u2026]\n\r\n\t\t\t\t\t        <\/div><!-- .entry-content -->\r\n\t\t\t\t\t\t\t\t\t\t\t\t\t\t<div class=\"btn-readmore\">\r\n\t\t\t\t\t\t\t\t<a href=\"https:\/\/viqtor.eu\/it\/un-anniversaire-sous-tension\/\"><i class=\"flaticon-right-arrow-1\"><\/i>Per saperne di pi\u00f9<\/a>\t\t\t\t\t\t\t<\/div>\r\n\t\t\t\t\t\t<\/div>\r\n\t\t\t\t\t<\/div>\r\n\t\t\t\t<\/article>\r\n\t\t\t\t<\/div>\r\n\t\t\t \r\n\t\t\t\t<div class=\"pgrid-box\">\r\n\t\t\t\t<article class=\"post-box blog-item\">\r\n\t\t\t\t\t<div class=\"post-inner\">\r\n\t\t\t\t\t\t\t\t\t\t\t\t\r\n\t\t\t\t\t        <div class=\"entry-media\">\r\n\t\t\t\t\t        \t<div class=\"post-cat\"><span class=\"posted-in\"><a href=\"https:\/\/viqtor.eu\/it\/category\/veille-juridique\/\" rel=\"category tag\">Monitoraggio legale<\/a><\/span><\/div>\t\t\t\t\t            <a href=\"https:\/\/viqtor.eu\/it\/stopcovid-itineraire-dune-application-controversee\/\">\r\n\t\t\t\t\t                <img loading=\"lazy\" decoding=\"async\" width=\"601\" height=\"520\" src=\"https:\/\/viqtor.eu\/wp-content\/uploads\/2023\/04\/shutterstock_1891274599-601x520.jpg\" class=\"attachment-engitech-slider-post-thumbnail size-engitech-slider-post-thumbnail wp-post-image\" alt=\"\" \/>\t\t\t\t\t            <\/a>\r\n\t\t\t\t\t        <\/div>\r\n\t\t\t\t\t        \r\n\t\t\t\t\t    \r\n\t\t\t\t\t\t<div class=\"inner-post\">\r\n\t\t\t\t\t\t\t<div class=\"entry-header\">\r\n\r\n\t\t\t\t\t\t\t\t\r\n\t\t\t\t\t\t\t\t<h3 class=\"entry-title\"><a href=\"https:\/\/viqtor.eu\/it\/stopcovid-itineraire-dune-application-controversee\/\" rel=\"bookmark\">STOPCOVID: Il percorso di un&#039;applicazione controversa<\/a><\/h3>\r\n\t\t\t\t\t\t\t<\/div><!-- .entry-header -->\r\n\t\t\t\t\t\t\t\r\n\t\t\t\t\t\t\t\t\t\t\t\t\t\t<div class=\"entry-summary the-excerpt\">\r\n\r\n\t\t\t\t\t            <p>STOPCOVID: Il percorso di un&#039;applicazione controversa STOPCOVID: Il percorso di un&#039;applicazione controversa. Non passa giorno senza che la questione del &quot;deconfinamento&quot; della popolazione venga affrontata, in Francia come altrove, in relazione al tracciamento del virus e delle persone che lo trasmettono. Recenti sviluppi menzionano la creazione di un file [\u2026]\n\r\n\t\t\t\t\t        <\/div><!-- .entry-content -->\r\n\t\t\t\t\t\t\t\t\t\t\t\t\t\t<div class=\"btn-readmore\">\r\n\t\t\t\t\t\t\t\t<a href=\"https:\/\/viqtor.eu\/it\/stopcovid-itineraire-dune-application-controversee\/\"><i class=\"flaticon-right-arrow-1\"><\/i>Per saperne di pi\u00f9<\/a>\t\t\t\t\t\t\t<\/div>\r\n\t\t\t\t\t\t<\/div>\r\n\t\t\t\t\t<\/div>\r\n\t\t\t\t<\/article>\r\n\t\t\t\t<\/div>\r\n\t\t\t \r\n\t\t\t\t<div class=\"pgrid-box\">\r\n\t\t\t\t<article class=\"post-box blog-item\">\r\n\t\t\t\t\t<div class=\"post-inner\">\r\n\t\t\t\t\t\t\t\t\t\t\t\t\r\n\t\t\t\t\t        <div class=\"entry-media\">\r\n\t\t\t\t\t        \t<div class=\"post-cat\"><span class=\"posted-in\"><a href=\"https:\/\/viqtor.eu\/it\/category\/veille-juridique\/\" rel=\"category tag\">Monitoraggio legale<\/a><\/span><\/div>\t\t\t\t\t            <a href=\"https:\/\/viqtor.eu\/it\/la-protection-des-donnees-en-pleine-effervescence\/\">\r\n\t\t\t\t\t                <img loading=\"lazy\" decoding=\"async\" width=\"601\" height=\"520\" src=\"https:\/\/viqtor.eu\/wp-content\/uploads\/2023\/04\/shutterstock_1490310101-601x520.jpg\" class=\"attachment-engitech-slider-post-thumbnail size-engitech-slider-post-thumbnail wp-post-image\" alt=\"\" \/>\t\t\t\t\t            <\/a>\r\n\t\t\t\t\t        <\/div>\r\n\t\t\t\t\t        \r\n\t\t\t\t\t    \r\n\t\t\t\t\t\t<div class=\"inner-post\">\r\n\t\t\t\t\t\t\t<div class=\"entry-header\">\r\n\r\n\t\t\t\t\t\t\t\t\r\n\t\t\t\t\t\t\t\t<h3 class=\"entry-title\"><a href=\"https:\/\/viqtor.eu\/it\/la-protection-des-donnees-en-pleine-effervescence\/\" rel=\"bookmark\">Protezione dei dati in pieno svolgimento<\/a><\/h3>\r\n\t\t\t\t\t\t\t<\/div><!-- .entry-header -->\r\n\t\t\t\t\t\t\t\r\n\t\t\t\t\t\t\t\t\t\t\t\t\t\t<div class=\"entry-summary the-excerpt\">\r\n\r\n\t\t\t\t\t            <p>Protezione dei dati in pieno svolgimento Legal Watch n. 20 \u2013 10 febbraio 2020 Ecco cosa ricordiamo delle prime settimane di questo nuovo anno, con numerosi dibattiti in occasione di eventi significativi: febbraio non mancher\u00e0, con la conferenza \u201cintensiva sulla protezione dei dati\u201d a Parigi organizzata dall\u2019associazione internazionale [\u2026]\n\r\n\t\t\t\t\t        <\/div><!-- .entry-content -->\r\n\t\t\t\t\t\t\t\t\t\t\t\t\t\t<div class=\"btn-readmore\">\r\n\t\t\t\t\t\t\t\t<a href=\"https:\/\/viqtor.eu\/it\/la-protection-des-donnees-en-pleine-effervescence\/\"><i class=\"flaticon-right-arrow-1\"><\/i>Per saperne di pi\u00f9<\/a>\t\t\t\t\t\t\t<\/div>\r\n\t\t\t\t\t\t<\/div>\r\n\t\t\t\t\t<\/div>\r\n\t\t\t\t<\/article>\r\n\t\t\t\t<\/div>\r\n\t\t\t\t    <\/div>\r\n\t\t\t\t<\/div>\n\t\t\t\t<\/div>\n\t\t\t\t\t<\/div>\n\t\t<\/div>\n\t\t\t\t\t<\/div>\n\t\t<\/section>\n\t\t\t\t<\/div>","protected":false},"excerpt":{"rendered":"<p>Veille juridique Veille juridique 2020 et au-del\u00e0 2020 et au-del\u00e0 Veille Juridique &#8211; d\u00e9cembre 2019. C\u2019est une nouvelle ann\u00e9e mais aussi une nouvelle d\u00e9cennie qui s\u2019annonce, avec ses d\u00e9fis, ses contraintes et ses promesses. Pour mieux aborder ces enjeux, accordons-nous un bref retour sur l\u2019ann\u00e9e 2019 Plus d\u2019un an apr\u00e8s l\u2019entr\u00e9e en vigueur du RGPD, [&hellip;]<\/p>","protected":false},"author":1,"featured_media":0,"parent":0,"menu_order":0,"comment_status":"closed","ping_status":"closed","template":"","meta":{"_acf_changed":false,"footnotes":""},"class_list":["post-5357","page","type-page","status-publish","hentry"],"acf":[],"yoast_head":"<!-- This site is optimized with the Yoast SEO plugin v23.6 - https:\/\/yoast.com\/wordpress\/plugins\/seo\/ -->\n<title>Veille juridique - Viqtor<\/title>\n<meta name=\"description\" content=\"Veille juridique\" \/>\n<meta name=\"robots\" content=\"index, follow, max-snippet:-1, max-image-preview:large, max-video-preview:-1\" \/>\n<link rel=\"canonical\" href=\"https:\/\/viqtor.eu\/it\/veille-juridique\/\" \/>\n<meta property=\"og:locale\" content=\"it_IT\" \/>\n<meta property=\"og:type\" content=\"article\" \/>\n<meta property=\"og:title\" content=\"Veille juridique - Viqtor\" \/>\n<meta property=\"og:description\" content=\"Veille juridique\" \/>\n<meta property=\"og:url\" content=\"https:\/\/viqtor.eu\/it\/veille-juridique\/\" \/>\n<meta property=\"og:site_name\" content=\"Viqtor\" \/>\n<meta property=\"article:modified_time\" content=\"2024-09-18T14:50:41+00:00\" \/>\n<meta property=\"og:image\" content=\"https:\/\/viqtor.eu\/wp-content\/uploads\/2026\/04\/widget-viqtor.png\" \/>\n<meta name=\"twitter:card\" content=\"summary_large_image\" \/>\n<meta name=\"twitter:label1\" content=\"Tempo di lettura stimato\" \/>\n\t<meta name=\"twitter:data1\" content=\"32 minuti\" \/>\n<script type=\"application\/ld+json\" class=\"yoast-schema-graph\">{\"@context\":\"https:\/\/schema.org\",\"@graph\":[{\"@type\":\"WebPage\",\"@id\":\"https:\/\/viqtor.eu\/veille-juridique\/\",\"url\":\"https:\/\/viqtor.eu\/veille-juridique\/\",\"name\":\"Veille juridique - Viqtor\",\"isPartOf\":{\"@id\":\"https:\/\/viqtor.eu\/#website\"},\"primaryImageOfPage\":{\"@id\":\"https:\/\/viqtor.eu\/veille-juridique\/#primaryimage\"},\"image\":{\"@id\":\"https:\/\/viqtor.eu\/veille-juridique\/#primaryimage\"},\"thumbnailUrl\":\"https:\/\/viqtor.eu\/wp-content\/uploads\/2023\/04\/shutterstock_1034809678-601x305.jpg\",\"datePublished\":\"2023-04-18T13:21:47+00:00\",\"dateModified\":\"2024-09-18T14:50:41+00:00\",\"description\":\"Veille juridique\",\"breadcrumb\":{\"@id\":\"https:\/\/viqtor.eu\/veille-juridique\/#breadcrumb\"},\"inLanguage\":\"it-IT\",\"potentialAction\":[{\"@type\":\"ReadAction\",\"target\":[\"https:\/\/viqtor.eu\/veille-juridique\/\"]}]},{\"@type\":\"ImageObject\",\"inLanguage\":\"it-IT\",\"@id\":\"https:\/\/viqtor.eu\/veille-juridique\/#primaryimage\",\"url\":\"https:\/\/viqtor.eu\/wp-content\/uploads\/2023\/04\/shutterstock_1034809678-601x305.jpg\",\"contentUrl\":\"https:\/\/viqtor.eu\/wp-content\/uploads\/2023\/04\/shutterstock_1034809678-601x305.jpg\"},{\"@type\":\"BreadcrumbList\",\"@id\":\"https:\/\/viqtor.eu\/veille-juridique\/#breadcrumb\",\"itemListElement\":[{\"@type\":\"ListItem\",\"position\":1,\"name\":\"Accueil\",\"item\":\"https:\/\/viqtor.eu\/\"},{\"@type\":\"ListItem\",\"position\":2,\"name\":\"Veille juridique\"}]},{\"@type\":\"WebSite\",\"@id\":\"https:\/\/viqtor.eu\/#website\",\"url\":\"https:\/\/viqtor.eu\/\",\"name\":\"Viqtor\",\"description\":\"Faites du RGPD une opportunit\u00e9 pour votre entreprise.\",\"publisher\":{\"@id\":\"https:\/\/viqtor.eu\/#organization\"},\"potentialAction\":[{\"@type\":\"SearchAction\",\"target\":{\"@type\":\"EntryPoint\",\"urlTemplate\":\"https:\/\/viqtor.eu\/?s={search_term_string}\"},\"query-input\":{\"@type\":\"PropertyValueSpecification\",\"valueRequired\":true,\"valueName\":\"search_term_string\"}}],\"inLanguage\":\"it-IT\"},{\"@type\":\"Organization\",\"@id\":\"https:\/\/viqtor.eu\/#organization\",\"name\":\"viqtor.eu\",\"url\":\"https:\/\/viqtor.eu\/\",\"logo\":{\"@type\":\"ImageObject\",\"inLanguage\":\"it-IT\",\"@id\":\"https:\/\/viqtor.eu\/#\/schema\/logo\/image\/\",\"url\":\"https:\/\/viqtor.eu\/wp-content\/uploads\/2023\/06\/favicon-noir.svg\",\"contentUrl\":\"https:\/\/viqtor.eu\/wp-content\/uploads\/2023\/06\/favicon-noir.svg\",\"width\":108,\"height\":86,\"caption\":\"viqtor.eu\"},\"image\":{\"@id\":\"https:\/\/viqtor.eu\/#\/schema\/logo\/image\/\"}}]}<\/script>\n<!-- \/ Yoast SEO plugin. -->","yoast_head_json":{"title":"Veille juridique - Viqtor","description":"Veille juridique","robots":{"index":"index","follow":"follow","max-snippet":"max-snippet:-1","max-image-preview":"max-image-preview:large","max-video-preview":"max-video-preview:-1"},"canonical":"https:\/\/viqtor.eu\/it\/veille-juridique\/","og_locale":"it_IT","og_type":"article","og_title":"Veille juridique - Viqtor","og_description":"Veille juridique","og_url":"https:\/\/viqtor.eu\/it\/veille-juridique\/","og_site_name":"Viqtor","article_modified_time":"2024-09-18T14:50:41+00:00","og_image":[{"url":"https:\/\/viqtor.eu\/wp-content\/uploads\/2026\/04\/widget-viqtor.png"}],"twitter_card":"summary_large_image","twitter_misc":{"Tempo di lettura stimato":"32 minuti"},"schema":{"@context":"https:\/\/schema.org","@graph":[{"@type":"WebPage","@id":"https:\/\/viqtor.eu\/veille-juridique\/","url":"https:\/\/viqtor.eu\/veille-juridique\/","name":"Veille juridique - Viqtor","isPartOf":{"@id":"https:\/\/viqtor.eu\/#website"},"primaryImageOfPage":{"@id":"https:\/\/viqtor.eu\/veille-juridique\/#primaryimage"},"image":{"@id":"https:\/\/viqtor.eu\/veille-juridique\/#primaryimage"},"thumbnailUrl":"https:\/\/viqtor.eu\/wp-content\/uploads\/2023\/04\/shutterstock_1034809678-601x305.jpg","datePublished":"2023-04-18T13:21:47+00:00","dateModified":"2024-09-18T14:50:41+00:00","description":"Veille juridique","breadcrumb":{"@id":"https:\/\/viqtor.eu\/veille-juridique\/#breadcrumb"},"inLanguage":"it-IT","potentialAction":[{"@type":"ReadAction","target":["https:\/\/viqtor.eu\/veille-juridique\/"]}]},{"@type":"ImageObject","inLanguage":"it-IT","@id":"https:\/\/viqtor.eu\/veille-juridique\/#primaryimage","url":"https:\/\/viqtor.eu\/wp-content\/uploads\/2023\/04\/shutterstock_1034809678-601x305.jpg","contentUrl":"https:\/\/viqtor.eu\/wp-content\/uploads\/2023\/04\/shutterstock_1034809678-601x305.jpg"},{"@type":"BreadcrumbList","@id":"https:\/\/viqtor.eu\/veille-juridique\/#breadcrumb","itemListElement":[{"@type":"ListItem","position":1,"name":"Accueil","item":"https:\/\/viqtor.eu\/"},{"@type":"ListItem","position":2,"name":"Veille juridique"}]},{"@type":"WebSite","@id":"https:\/\/viqtor.eu\/#website","url":"https:\/\/viqtor.eu\/","name":"Viqtor","description":"Faites du RGPD une opportunit\u00e9 pour votre entreprise.","publisher":{"@id":"https:\/\/viqtor.eu\/#organization"},"potentialAction":[{"@type":"SearchAction","target":{"@type":"EntryPoint","urlTemplate":"https:\/\/viqtor.eu\/?s={search_term_string}"},"query-input":{"@type":"PropertyValueSpecification","valueRequired":true,"valueName":"search_term_string"}}],"inLanguage":"it-IT"},{"@type":"Organization","@id":"https:\/\/viqtor.eu\/#organization","name":"viqtor.eu","url":"https:\/\/viqtor.eu\/","logo":{"@type":"ImageObject","inLanguage":"it-IT","@id":"https:\/\/viqtor.eu\/#\/schema\/logo\/image\/","url":"https:\/\/viqtor.eu\/wp-content\/uploads\/2023\/06\/favicon-noir.svg","contentUrl":"https:\/\/viqtor.eu\/wp-content\/uploads\/2023\/06\/favicon-noir.svg","width":108,"height":86,"caption":"viqtor.eu"},"image":{"@id":"https:\/\/viqtor.eu\/#\/schema\/logo\/image\/"}}]}},"_links":{"self":[{"href":"https:\/\/viqtor.eu\/it\/wp-json\/wp\/v2\/pages\/5357","targetHints":{"allow":["GET"]}}],"collection":[{"href":"https:\/\/viqtor.eu\/it\/wp-json\/wp\/v2\/pages"}],"about":[{"href":"https:\/\/viqtor.eu\/it\/wp-json\/wp\/v2\/types\/page"}],"author":[{"embeddable":true,"href":"https:\/\/viqtor.eu\/it\/wp-json\/wp\/v2\/users\/1"}],"replies":[{"embeddable":true,"href":"https:\/\/viqtor.eu\/it\/wp-json\/wp\/v2\/comments?post=5357"}],"version-history":[{"count":25,"href":"https:\/\/viqtor.eu\/it\/wp-json\/wp\/v2\/pages\/5357\/revisions"}],"predecessor-version":[{"id":12414,"href":"https:\/\/viqtor.eu\/it\/wp-json\/wp\/v2\/pages\/5357\/revisions\/12414"}],"wp:attachment":[{"href":"https:\/\/viqtor.eu\/it\/wp-json\/wp\/v2\/media?parent=5357"}],"curies":[{"name":"wp","href":"https:\/\/api.w.org\/{rel}","templated":true}]}}