{"id":5301,"date":"2023-04-18T09:44:55","date_gmt":"2023-04-18T09:44:55","guid":{"rendered":"https:\/\/exciting-panini.13-37-234-21.plesk.page\/?page_id=5301"},"modified":"2024-09-18T11:19:32","modified_gmt":"2024-09-18T11:19:32","slug":"chronique","status":"publish","type":"page","link":"https:\/\/viqtor.eu\/it\/chronique\/","title":{"rendered":"Cronico"},"content":{"rendered":"<div data-elementor-type=\"wp-page\" data-elementor-id=\"5301\" class=\"elementor elementor-5301\" data-elementor-post-type=\"page\">\n\t\t\t\t\t\t<section class=\"elementor-section elementor-top-section elementor-element elementor-element-f22ffff ot-traditional elementor-section-boxed elementor-section-height-default elementor-section-height-default\" data-id=\"f22ffff\" data-element_type=\"section\">\n\t\t\t\t\t\t<div class=\"elementor-container elementor-column-gap-default\">\n\t\t\t\t\t<div class=\"elementor-column elementor-col-100 elementor-top-column elementor-element elementor-element-ded1285 ot-flex-column-vertical\" data-id=\"ded1285\" data-element_type=\"column\">\n\t\t\t<div class=\"elementor-widget-wrap elementor-element-populated\">\n\t\t\t\t\t\t<div class=\"elementor-element elementor-element-901e2be elementor-widget elementor-widget-heading\" data-id=\"901e2be\" data-element_type=\"widget\" data-widget_type=\"heading.default\">\n\t\t\t\t<div class=\"elementor-widget-container\">\n\t\t\t<h1 class=\"elementor-heading-title elementor-size-default\">Benvenuti alla rubrica<br>&quot;Il giardino segreto delle grandi menti&quot;<\/h1>\t\t<\/div>\n\t\t\t\t<\/div>\n\t\t\t\t\t<\/div>\n\t\t<\/div>\n\t\t\t\t\t<\/div>\n\t\t<\/section>\n\t\t\t\t<section class=\"elementor-section elementor-top-section elementor-element elementor-element-720dbbb ot-traditional elementor-section-boxed elementor-section-height-default elementor-section-height-default\" data-id=\"720dbbb\" data-element_type=\"section\">\n\t\t\t\t\t\t<div class=\"elementor-container elementor-column-gap-default\">\n\t\t\t\t\t<div class=\"elementor-column elementor-col-100 elementor-top-column elementor-element elementor-element-b22e9b1 ot-flex-column-vertical\" data-id=\"b22e9b1\" data-element_type=\"column\">\n\t\t\t<div class=\"elementor-widget-wrap elementor-element-populated\">\n\t\t\t\t\t\t<div class=\"elementor-element elementor-element-4a14265 elementor-widget elementor-widget-image\" data-id=\"4a14265\" data-element_type=\"widget\" data-widget_type=\"image.default\">\n\t\t\t\t<div class=\"elementor-widget-container\">\n\t\t\t\t\t\t\t\t\t\t\t\t\t<img fetchpriority=\"high\" decoding=\"async\" width=\"1000\" height=\"667\" src=\"https:\/\/viqtor.eu\/wp-content\/uploads\/2023\/04\/shutterstock_1235080081.jpg\" class=\"attachment-large size-large wp-image-5889\" alt=\"Paris,\" srcset=\"https:\/\/viqtor.eu\/wp-content\/uploads\/2023\/04\/shutterstock_1235080081.jpg 1000w, https:\/\/viqtor.eu\/wp-content\/uploads\/2023\/04\/shutterstock_1235080081-300x200.jpg 300w, https:\/\/viqtor.eu\/wp-content\/uploads\/2023\/04\/shutterstock_1235080081-768x512.jpg 768w, https:\/\/viqtor.eu\/wp-content\/uploads\/2023\/04\/shutterstock_1235080081-720x480.jpg 720w\" sizes=\"(max-width: 1000px) 100vw, 1000px\" \/>\t\t\t\t\t\t\t\t\t\t\t\t\t<\/div>\n\t\t\t\t<\/div>\n\t\t\t\t\t<\/div>\n\t\t<\/div>\n\t\t\t\t\t<\/div>\n\t\t<\/section>\n\t\t\t\t<section class=\"elementor-section elementor-top-section elementor-element elementor-element-82f9d3b ot-traditional elementor-section-boxed elementor-section-height-default elementor-section-height-default\" data-id=\"82f9d3b\" data-element_type=\"section\">\n\t\t\t\t\t\t<div class=\"elementor-container elementor-column-gap-default\">\n\t\t\t\t\t<div class=\"elementor-column elementor-col-100 elementor-top-column elementor-element elementor-element-aaa00d0 ot-flex-column-vertical\" data-id=\"aaa00d0\" data-element_type=\"column\">\n\t\t\t<div class=\"elementor-widget-wrap elementor-element-populated\">\n\t\t\t\t\t\t<div class=\"elementor-element elementor-element-5277623 elementor-widget__width-initial elementor-widget elementor-widget-text-editor\" data-id=\"5277623\" data-element_type=\"widget\" data-widget_type=\"text-editor.default\">\n\t\t\t\t<div class=\"elementor-widget-container\">\n\t\t\t\t\t\t\t<p style=\"box-sizing: inherit; color: #6d6d6d;\"><span style=\"font-weight: var( --e-global-typography-text-font-weight );\">Il GDPR \u00e8 un gioiello per la protezione della privacy. Come lo avrebbero accolto illustri scrittori e grandi pensatori, nel loro tempo e a modo loro, nella pi\u00f9 pura delle loro forme e visioni.<\/span><\/p><p style=\"box-sizing: inherit; color: #6d6d6d;\">Godetevi questi brevi saggi, vi ricordiamo che sono di fantasia, che ci impegnano solo, lo avrete capito, in ogni caso ci abbiamo messo tutto il cuore, e il risultato \u00e8 sorprendente!<\/p><p style=\"box-sizing: inherit; color: #6d6d6d;\">Se per caso qualcuno di questi illustri scrittori, pensatori o visionari, ancora del nostro mondo, volesse prestarsi a questo esercizio, \u00e8 con immenso piacere che sostituiremo la loro finzione con la loro percezione della protezione della vita privata.<\/p><p style=\"box-sizing: inherit; color: #6d6d6d;\">Presto arriveranno molti altri brevi e deliziosi saggi di fantasia, quindi iscriviti per riceverli per primo.<\/p><p style=\"box-sizing: inherit; color: #6d6d6d;\">Per ora, ecco cosa vi offriamo nel riassunto della nostra Cronaca &quot;Il giardino segreto delle grandi menti&quot;<\/p><p style=\"box-sizing: inherit; color: #6d6d6d;\">\u00a0<\/p><p style=\"box-sizing: inherit; color: #6d6d6d;\">\u00a0<\/p>\t\t\t\t\t\t<\/div>\n\t\t\t\t<\/div>\n\t\t\t\t\t<\/div>\n\t\t<\/div>\n\t\t\t\t\t<\/div>\n\t\t<\/section>\n\t\t\t\t<section class=\"elementor-section elementor-top-section elementor-element elementor-element-bd3d560 ot-traditional elementor-section-boxed elementor-section-height-default elementor-section-height-default\" data-id=\"bd3d560\" data-element_type=\"section\">\n\t\t\t\t\t\t<div class=\"elementor-container elementor-column-gap-default\">\n\t\t\t\t\t<div class=\"elementor-column elementor-col-100 elementor-top-column elementor-element elementor-element-958f45a ot-flex-column-vertical\" data-id=\"958f45a\" data-element_type=\"column\">\n\t\t\t<div class=\"elementor-widget-wrap elementor-element-populated\">\n\t\t\t\t\t\t<div class=\"elementor-element elementor-element-44c3235 elementor-widget elementor-widget-ipost_grid\" data-id=\"44c3235\" data-element_type=\"widget\" data-widget_type=\"ipost_grid.default\">\n\t\t\t\t<div class=\"elementor-widget-container\">\n\t\t\t\r\n\t\t<div class=\"post-grid pgrid row\">\r\n\t\t\t \r\n\t\t\t\t<div class=\"pgrid-box\">\r\n\t\t\t\t<article class=\"post-box blog-item\">\r\n\t\t\t\t\t<div class=\"post-inner\">\r\n\t\t\t\t\t\t\t\t\t\t\t\t\r\n\t\t\t\t\t        <div class=\"entry-media\">\r\n\t\t\t\t\t        \t<div class=\"post-cat\"><span class=\"posted-in\"><a href=\"https:\/\/viqtor.eu\/it\/category\/chronique\/\" rel=\"category tag\">Cronico<\/a><\/span><\/div>\t\t\t\t\t            <a href=\"https:\/\/viqtor.eu\/it\/sous-les-etoiles-de-saint-malo\/\">\r\n\t\t\t\t\t                <img decoding=\"async\" width=\"601\" height=\"520\" src=\"https:\/\/viqtor.eu\/wp-content\/uploads\/2023\/05\/Virginie_Grimaldi_-_2018_cropped-601x520.png\" class=\"attachment-engitech-slider-post-thumbnail size-engitech-slider-post-thumbnail wp-post-image\" alt=\"Sous les \u00c9toiles de Saint-Malo\" \/>\t\t\t\t\t            <\/a>\r\n\t\t\t\t\t        <\/div>\r\n\t\t\t\t\t        \r\n\t\t\t\t\t    \r\n\t\t\t\t\t\t<div class=\"inner-post\">\r\n\t\t\t\t\t\t\t<div class=\"entry-header\">\r\n\r\n\t\t\t\t\t\t\t\t\r\n\t\t\t\t\t\t\t\t<h3 class=\"entry-title\"><a href=\"https:\/\/viqtor.eu\/it\/sous-les-etoiles-de-saint-malo\/\" rel=\"bookmark\">Sotto le stelle di Saint-Malo<\/a><\/h3>\r\n\t\t\t\t\t\t\t<\/div><!-- .entry-header -->\r\n\t\t\t\t\t\t\t\r\n\t\t\t\t\t\t\t\t\t\t\t\t\t\t<div class=\"entry-summary the-excerpt\">\r\n\r\n\t\t\t\t\t            <p>Sotto le stelle di Saint-Malo VIRGINIE GRIMALDI Nella tranquilla cittadina costiera di Saint-Malo, dove le onde accarezzano dolcemente la riva e i gabbiani volteggiano nel cielo, viveva una giovane donna di nome Alice. Alice era un&#039;anima sensibile e sognatrice, che credeva fermamente nell&#039;importanza di proteggere la privacy in un mondo frenetico [\u2026]\n\r\n\t\t\t\t\t        <\/div><!-- .entry-content -->\r\n\t\t\t\t\t\t\t\t\t\t\t\t\t\t<div class=\"btn-readmore\">\r\n\t\t\t\t\t\t\t\t<a href=\"https:\/\/viqtor.eu\/it\/sous-les-etoiles-de-saint-malo\/\"><i class=\"flaticon-right-arrow-1\"><\/i>Per saperne di pi\u00f9<\/a>\t\t\t\t\t\t\t<\/div>\r\n\t\t\t\t\t\t<\/div>\r\n\t\t\t\t\t<\/div>\r\n\t\t\t\t<\/article>\r\n\t\t\t\t<\/div>\r\n\t\t\t \r\n\t\t\t\t<div class=\"pgrid-box\">\r\n\t\t\t\t<article class=\"post-box blog-item\">\r\n\t\t\t\t\t<div class=\"post-inner\">\r\n\t\t\t\t\t\t\t\t\t\t\t\t\r\n\t\t\t\t\t        <div class=\"entry-media\">\r\n\t\t\t\t\t        \t<div class=\"post-cat\"><span class=\"posted-in\"><a href=\"https:\/\/viqtor.eu\/it\/category\/chronique\/\" rel=\"category tag\">Cronico<\/a><\/span><\/div>\t\t\t\t\t            <a href=\"https:\/\/viqtor.eu\/it\/brouillards-dintimite\/\">\r\n\t\t\t\t\t                <img decoding=\"async\" width=\"601\" height=\"520\" src=\"https:\/\/viqtor.eu\/wp-content\/uploads\/2023\/05\/Guillaume_Musso_20090315_Salon_du_livre_2-601x520.jpg\" class=\"attachment-engitech-slider-post-thumbnail size-engitech-slider-post-thumbnail wp-post-image\" alt=\"brouillards dintimite\" \/>\t\t\t\t\t            <\/a>\r\n\t\t\t\t\t        <\/div>\r\n\t\t\t\t\t        \r\n\t\t\t\t\t    \r\n\t\t\t\t\t\t<div class=\"inner-post\">\r\n\t\t\t\t\t\t\t<div class=\"entry-header\">\r\n\r\n\t\t\t\t\t\t\t\t\r\n\t\t\t\t\t\t\t\t<h3 class=\"entry-title\"><a href=\"https:\/\/viqtor.eu\/it\/brouillards-dintimite\/\" rel=\"bookmark\">nebbie di intimit\u00e0<\/a><\/h3>\r\n\t\t\t\t\t\t\t<\/div><!-- .entry-header -->\r\n\t\t\t\t\t\t\t\r\n\t\t\t\t\t\t\t\t\t\t\t\t\t\t<div class=\"entry-summary the-excerpt\">\r\n\r\n\t\t\t\t\t            <p>Nebbie d&#039;intimit\u00e0 GUILLAUME MUSSO Nella tumultuosa citt\u00e0 di Parigi, dove i destini si intrecciano e i segreti si nascondono dietro ogni sorriso, viveva un uomo enigmatico di nome Max. Max era uno scrittore di successo, ma dietro la sua notoriet\u00e0 si nascondeva un profondo desiderio di proteggere la sua privacy. In un&#039;epoca in cui [\u2026]\n\r\n\t\t\t\t\t        <\/div><!-- .entry-content -->\r\n\t\t\t\t\t\t\t\t\t\t\t\t\t\t<div class=\"btn-readmore\">\r\n\t\t\t\t\t\t\t\t<a href=\"https:\/\/viqtor.eu\/it\/brouillards-dintimite\/\"><i class=\"flaticon-right-arrow-1\"><\/i>Per saperne di pi\u00f9<\/a>\t\t\t\t\t\t\t<\/div>\r\n\t\t\t\t\t\t<\/div>\r\n\t\t\t\t\t<\/div>\r\n\t\t\t\t<\/article>\r\n\t\t\t\t<\/div>\r\n\t\t\t \r\n\t\t\t\t<div class=\"pgrid-box\">\r\n\t\t\t\t<article class=\"post-box blog-item\">\r\n\t\t\t\t\t<div class=\"post-inner\">\r\n\t\t\t\t\t\t\t\t\t\t\t\t\r\n\t\t\t\t\t        <div class=\"entry-media\">\r\n\t\t\t\t\t        \t<div class=\"post-cat\"><span class=\"posted-in\"><a href=\"https:\/\/viqtor.eu\/it\/category\/chronique\/\" rel=\"category tag\">Cronico<\/a><\/span><\/div>\t\t\t\t\t            <a href=\"https:\/\/viqtor.eu\/it\/dans-leclat-des-secrets\/\">\r\n\t\t\t\t\t                <img loading=\"lazy\" decoding=\"async\" width=\"601\" height=\"520\" src=\"https:\/\/viqtor.eu\/wp-content\/uploads\/2023\/05\/FRIEDRICCH-NIETZSCHE-601x520.jpeg\" class=\"attachment-engitech-slider-post-thumbnail size-engitech-slider-post-thumbnail wp-post-image\" alt=\"dans leclat des secrets\" \/>\t\t\t\t\t            <\/a>\r\n\t\t\t\t\t        <\/div>\r\n\t\t\t\t\t        \r\n\t\t\t\t\t    \r\n\t\t\t\t\t\t<div class=\"inner-post\">\r\n\t\t\t\t\t\t\t<div class=\"entry-header\">\r\n\r\n\t\t\t\t\t\t\t\t\r\n\t\t\t\t\t\t\t\t<h3 class=\"entry-title\"><a href=\"https:\/\/viqtor.eu\/it\/dans-leclat-des-secrets\/\" rel=\"bookmark\">nello splendore dei segreti<\/a><\/h3>\r\n\t\t\t\t\t\t\t<\/div><!-- .entry-header -->\r\n\t\t\t\t\t\t\t\r\n\t\t\t\t\t\t\t\t\t\t\t\t\t\t<div class=\"entry-summary the-excerpt\">\r\n\r\n\t\t\t\t\t            <p>Nello splendore dei segreti Nello stile di Friedrich Nietzsche C&#039;era una volta, in un mondo caotico e rumoroso, un uomo in cerca di verit\u00e0 e libert\u00e0. Il suo nome era Emil, uno spirito libero guidato da un&#039;intensa volont\u00e0 di potenza e da un&#039;insaziabile sete di conoscenza. Camminava da solo, vagando tra i [\u2026]\n\r\n\t\t\t\t\t        <\/div><!-- .entry-content -->\r\n\t\t\t\t\t\t\t\t\t\t\t\t\t\t<div class=\"btn-readmore\">\r\n\t\t\t\t\t\t\t\t<a href=\"https:\/\/viqtor.eu\/it\/dans-leclat-des-secrets\/\"><i class=\"flaticon-right-arrow-1\"><\/i>Per saperne di pi\u00f9<\/a>\t\t\t\t\t\t\t<\/div>\r\n\t\t\t\t\t\t<\/div>\r\n\t\t\t\t\t<\/div>\r\n\t\t\t\t<\/article>\r\n\t\t\t\t<\/div>\r\n\t\t\t \r\n\t\t\t\t<div class=\"pgrid-box\">\r\n\t\t\t\t<article class=\"post-box blog-item\">\r\n\t\t\t\t\t<div class=\"post-inner\">\r\n\t\t\t\t\t\t\t\t\t\t\t\t\r\n\t\t\t\t\t        <div class=\"entry-media\">\r\n\t\t\t\t\t        \t<div class=\"post-cat\"><span class=\"posted-in\"><a href=\"https:\/\/viqtor.eu\/it\/category\/chronique\/\" rel=\"category tag\">Cronico<\/a><\/span><\/div>\t\t\t\t\t            <a href=\"https:\/\/viqtor.eu\/it\/derriere-le-masque-des-regards\/\">\r\n\t\t\t\t\t                <img loading=\"lazy\" decoding=\"async\" width=\"601\" height=\"520\" src=\"https:\/\/viqtor.eu\/wp-content\/uploads\/2023\/05\/Moliere-601x520.jpeg\" class=\"attachment-engitech-slider-post-thumbnail size-engitech-slider-post-thumbnail wp-post-image\" alt=\"Derri\u00e8re le Masque des Regards\" \/>\t\t\t\t\t            <\/a>\r\n\t\t\t\t\t        <\/div>\r\n\t\t\t\t\t        \r\n\t\t\t\t\t    \r\n\t\t\t\t\t\t<div class=\"inner-post\">\r\n\t\t\t\t\t\t\t<div class=\"entry-header\">\r\n\r\n\t\t\t\t\t\t\t\t\r\n\t\t\t\t\t\t\t\t<h3 class=\"entry-title\"><a href=\"https:\/\/viqtor.eu\/it\/derriere-le-masque-des-regards\/\" rel=\"bookmark\">Dietro la maschera degli sguardi<\/a><\/h3>\r\n\t\t\t\t\t\t\t<\/div><!-- .entry-header -->\r\n\t\t\t\t\t\t\t\r\n\t\t\t\t\t\t\t\t\t\t\t\t\t\t<div class=\"entry-summary the-excerpt\">\r\n\r\n\t\t\t\t\t            <p>Dietro la maschera degli sguardi Nello stile di MOLIERE \u201cIn questa commedia di costume, Moli\u00e8re sottolinea l\u2019importanza della vita privata in una societ\u00e0 in cui le apparenze e il pettegolezzo regnano sovrani. I personaggi, di fronte all\u2019osservazione incessante di chi li circonda, cercano di preservare il loro giardino segreto, la loro intimit\u00e0. Moli\u00e8re ci ricorda cos\u00ec [\u2026]\n\r\n\t\t\t\t\t        <\/div><!-- .entry-content -->\r\n\t\t\t\t\t\t\t\t\t\t\t\t\t\t<div class=\"btn-readmore\">\r\n\t\t\t\t\t\t\t\t<a href=\"https:\/\/viqtor.eu\/it\/derriere-le-masque-des-regards\/\"><i class=\"flaticon-right-arrow-1\"><\/i>Per saperne di pi\u00f9<\/a>\t\t\t\t\t\t\t<\/div>\r\n\t\t\t\t\t\t<\/div>\r\n\t\t\t\t\t<\/div>\r\n\t\t\t\t<\/article>\r\n\t\t\t\t<\/div>\r\n\t\t\t \r\n\t\t\t\t<div class=\"pgrid-box\">\r\n\t\t\t\t<article class=\"post-box blog-item\">\r\n\t\t\t\t\t<div class=\"post-inner\">\r\n\t\t\t\t\t\t\t\t\t\t\t\t\r\n\t\t\t\t\t        <div class=\"entry-media\">\r\n\t\t\t\t\t        \t<div class=\"post-cat\"><span class=\"posted-in\"><a href=\"https:\/\/viqtor.eu\/it\/category\/chronique\/\" rel=\"category tag\">Cronico<\/a><\/span><\/div>\t\t\t\t\t            <a href=\"https:\/\/viqtor.eu\/it\/les-voix-murmurent\/\">\r\n\t\t\t\t\t                <img loading=\"lazy\" decoding=\"async\" width=\"441\" height=\"520\" src=\"https:\/\/viqtor.eu\/wp-content\/uploads\/2023\/05\/william-shakespeare-1564-1616-640-441x520.jpg\" class=\"attachment-engitech-slider-post-thumbnail size-engitech-slider-post-thumbnail wp-post-image\" alt=\"Les Voix Murmurent william-shakespeare\" \/>\t\t\t\t\t            <\/a>\r\n\t\t\t\t\t        <\/div>\r\n\t\t\t\t\t        \r\n\t\t\t\t\t    \r\n\t\t\t\t\t\t<div class=\"inner-post\">\r\n\t\t\t\t\t\t\t<div class=\"entry-header\">\r\n\r\n\t\t\t\t\t\t\t\t\r\n\t\t\t\t\t\t\t\t<h3 class=\"entry-title\"><a href=\"https:\/\/viqtor.eu\/it\/les-voix-murmurent\/\" rel=\"bookmark\">Le voci sussurrano<\/a><\/h3>\r\n\t\t\t\t\t\t\t<\/div><!-- .entry-header -->\r\n\t\t\t\t\t\t\t\r\n\t\t\t\t\t\t\t\t\t\t\t\t\t\t<div class=\"entry-summary the-excerpt\">\r\n\r\n\t\t\t\t\t            <p>Le voci sussurrano nello stile di William Shakespeare &quot;In questa opera shakespeariana, i personaggi lottano per mantenere la propria privacy in un mondo in cui pettegolezzi e manipolazioni sono all&#039;ordine del giorno. Shakespeare sottolinea l&#039;importanza della privacy come rifugio sacro, dove gli individui possono essere veramente se stessi. \u00c8 un [...]\n\r\n\t\t\t\t\t        <\/div><!-- .entry-content -->\r\n\t\t\t\t\t\t\t\t\t\t\t\t\t\t<div class=\"btn-readmore\">\r\n\t\t\t\t\t\t\t\t<a href=\"https:\/\/viqtor.eu\/it\/les-voix-murmurent\/\"><i class=\"flaticon-right-arrow-1\"><\/i>Per saperne di pi\u00f9<\/a>\t\t\t\t\t\t\t<\/div>\r\n\t\t\t\t\t\t<\/div>\r\n\t\t\t\t\t<\/div>\r\n\t\t\t\t<\/article>\r\n\t\t\t\t<\/div>\r\n\t\t\t \r\n\t\t\t\t<div class=\"pgrid-box\">\r\n\t\t\t\t<article class=\"post-box blog-item\">\r\n\t\t\t\t\t<div class=\"post-inner\">\r\n\t\t\t\t\t\t\t\t\t\t\t\t\r\n\t\t\t\t\t        <div class=\"entry-media\">\r\n\t\t\t\t\t        \t<div class=\"post-cat\"><span class=\"posted-in\"><a href=\"https:\/\/viqtor.eu\/it\/category\/chronique\/\" rel=\"category tag\">Cronico<\/a><\/span><\/div>\t\t\t\t\t            <a href=\"https:\/\/viqtor.eu\/it\/les-amants-caches\/\">\r\n\t\t\t\t\t                <img loading=\"lazy\" decoding=\"async\" width=\"601\" height=\"520\" src=\"https:\/\/viqtor.eu\/wp-content\/uploads\/2023\/05\/jean-racine-illustration-md-601x520.jpeg\" class=\"attachment-engitech-slider-post-thumbnail size-engitech-slider-post-thumbnail wp-post-image\" alt=\"Les Amants Cach\u00e9s\" \/>\t\t\t\t\t            <\/a>\r\n\t\t\t\t\t        <\/div>\r\n\t\t\t\t\t        \r\n\t\t\t\t\t    \r\n\t\t\t\t\t\t<div class=\"inner-post\">\r\n\t\t\t\t\t\t\t<div class=\"entry-header\">\r\n\r\n\t\t\t\t\t\t\t\t\r\n\t\t\t\t\t\t\t\t<h3 class=\"entry-title\"><a href=\"https:\/\/viqtor.eu\/it\/les-amants-caches\/\" rel=\"bookmark\">Gli amanti nascosti<\/a><\/h3>\r\n\t\t\t\t\t\t\t<\/div><!-- .entry-header -->\r\n\t\t\t\t\t\t\t\r\n\t\t\t\t\t\t\t\t\t\t\t\t\t\t<div class=\"entry-summary the-excerpt\">\r\n\r\n\t\t\t\t\t            <p>Gli amanti nascosti Nello stile di JEAN RACINE \u201cLa protezione della vita privata \u00e8 un\u2019eco delle tragedie di Racine, dove i personaggi nascondono segreti, dove gli intrighi si intrecciano nell\u2019ombra. Come in \u201cFedra\u201d, dove l\u2019eroina cerca di nascondere le sue passioni divoratrici, cerchiamo di preservare la nostra intimit\u00e0, di evitare le ripercussioni [\u2026]\n\r\n\t\t\t\t\t        <\/div><!-- .entry-content -->\r\n\t\t\t\t\t\t\t\t\t\t\t\t\t\t<div class=\"btn-readmore\">\r\n\t\t\t\t\t\t\t\t<a href=\"https:\/\/viqtor.eu\/it\/les-amants-caches\/\"><i class=\"flaticon-right-arrow-1\"><\/i>Per saperne di pi\u00f9<\/a>\t\t\t\t\t\t\t<\/div>\r\n\t\t\t\t\t\t<\/div>\r\n\t\t\t\t\t<\/div>\r\n\t\t\t\t<\/article>\r\n\t\t\t\t<\/div>\r\n\t\t\t \r\n\t\t\t\t<div class=\"pgrid-box\">\r\n\t\t\t\t<article class=\"post-box blog-item\">\r\n\t\t\t\t\t<div class=\"post-inner\">\r\n\t\t\t\t\t\t\t\t\t\t\t\t\r\n\t\t\t\t\t        <div class=\"entry-media\">\r\n\t\t\t\t\t        \t<div class=\"post-cat\"><span class=\"posted-in\"><a href=\"https:\/\/viqtor.eu\/it\/category\/chronique\/\" rel=\"category tag\">Cronico<\/a><\/span><\/div>\t\t\t\t\t            <a href=\"https:\/\/viqtor.eu\/it\/lecho-du-silence\/\">\r\n\t\t\t\t\t                <img loading=\"lazy\" decoding=\"async\" width=\"601\" height=\"520\" src=\"https:\/\/viqtor.eu\/wp-content\/uploads\/2023\/05\/Hermann-Hesse-601x520.jpeg\" class=\"attachment-engitech-slider-post-thumbnail size-engitech-slider-post-thumbnail wp-post-image\" alt=\"Hermann Hesse\" \/>\t\t\t\t\t            <\/a>\r\n\t\t\t\t\t        <\/div>\r\n\t\t\t\t\t        \r\n\t\t\t\t\t    \r\n\t\t\t\t\t\t<div class=\"inner-post\">\r\n\t\t\t\t\t\t\t<div class=\"entry-header\">\r\n\r\n\t\t\t\t\t\t\t\t\r\n\t\t\t\t\t\t\t\t<h3 class=\"entry-title\"><a href=\"https:\/\/viqtor.eu\/it\/lecho-du-silence\/\" rel=\"bookmark\">L&#039;eco del silenzio<\/a><\/h3>\r\n\t\t\t\t\t\t\t<\/div><!-- .entry-header -->\r\n\t\t\t\t\t\t\t\r\n\t\t\t\t\t\t\t\t\t\t\t\t\t\t<div class=\"entry-summary the-excerpt\">\r\n\r\n\t\t\t\t\t            <p>L&#039;eco del silenzio Nello stile di Hermann Hesse Nel cuore di una piccola e tranquilla cittadina, c&#039;\u00e8 un uomo di nome Julian. Julian era un attento osservatore della societ\u00e0 che lo circondava, alla costante ricerca di significato e verit\u00e0. Era sempre stato consapevole dell&#039;importanza di preservare la propria privacy, uno spazio intimo dove [\u2026]\n\r\n\t\t\t\t\t        <\/div><!-- .entry-content -->\r\n\t\t\t\t\t\t\t\t\t\t\t\t\t\t<div class=\"btn-readmore\">\r\n\t\t\t\t\t\t\t\t<a href=\"https:\/\/viqtor.eu\/it\/lecho-du-silence\/\"><i class=\"flaticon-right-arrow-1\"><\/i>Per saperne di pi\u00f9<\/a>\t\t\t\t\t\t\t<\/div>\r\n\t\t\t\t\t\t<\/div>\r\n\t\t\t\t\t<\/div>\r\n\t\t\t\t<\/article>\r\n\t\t\t\t<\/div>\r\n\t\t\t \r\n\t\t\t\t<div class=\"pgrid-box\">\r\n\t\t\t\t<article class=\"post-box blog-item\">\r\n\t\t\t\t\t<div class=\"post-inner\">\r\n\t\t\t\t\t\t\t\t\t\t\t\t\r\n\t\t\t\t\t        <div class=\"entry-media\">\r\n\t\t\t\t\t        \t<div class=\"post-cat\"><span class=\"posted-in\"><a href=\"https:\/\/viqtor.eu\/it\/category\/chronique\/\" rel=\"category tag\">Cronico<\/a><\/span><\/div>\t\t\t\t\t            <a href=\"https:\/\/viqtor.eu\/it\/les-maitres-de-lombre\/\">\r\n\t\t\t\t\t                <img loading=\"lazy\" decoding=\"async\" width=\"601\" height=\"520\" src=\"https:\/\/viqtor.eu\/wp-content\/uploads\/2023\/05\/Bulgakov1910s-601x520.jpg\" class=\"attachment-engitech-slider-post-thumbnail size-engitech-slider-post-thumbnail wp-post-image\" alt=\"Les Ma\u00eetres de l&#039;Ombre\" \/>\t\t\t\t\t            <\/a>\r\n\t\t\t\t\t        <\/div>\r\n\t\t\t\t\t        \r\n\t\t\t\t\t    \r\n\t\t\t\t\t\t<div class=\"inner-post\">\r\n\t\t\t\t\t\t\t<div class=\"entry-header\">\r\n\r\n\t\t\t\t\t\t\t\t\r\n\t\t\t\t\t\t\t\t<h3 class=\"entry-title\"><a href=\"https:\/\/viqtor.eu\/it\/les-maitres-de-lombre\/\" rel=\"bookmark\">I Maestri dell&#039;Ombra<\/a><\/h3>\r\n\t\t\t\t\t\t\t<\/div><!-- .entry-header -->\r\n\t\t\t\t\t\t\t\r\n\t\t\t\t\t\t\t\t\t\t\t\t\t\t<div class=\"entry-summary the-excerpt\">\r\n\r\n\t\t\t\t\t            <p>I Maestri delle Ombre Nello stile di Michail Bulgakov \u201cLa protezione della privacy \u00e8 una ricerca eterna nel panorama mutevole del nostro tempo. Come un romanzo intriso di misteri, ci ricorda l&#039;importanza di preservare la nostra integrit\u00e0, la nostra libert\u00e0, la nostra umanit\u00e0. \u00c8 un invito alla vigilanza, all&#039;impegno, a [\u2026]\n\r\n\t\t\t\t\t        <\/div><!-- .entry-content -->\r\n\t\t\t\t\t\t\t\t\t\t\t\t\t\t<div class=\"btn-readmore\">\r\n\t\t\t\t\t\t\t\t<a href=\"https:\/\/viqtor.eu\/it\/les-maitres-de-lombre\/\"><i class=\"flaticon-right-arrow-1\"><\/i>Per saperne di pi\u00f9<\/a>\t\t\t\t\t\t\t<\/div>\r\n\t\t\t\t\t\t<\/div>\r\n\t\t\t\t\t<\/div>\r\n\t\t\t\t<\/article>\r\n\t\t\t\t<\/div>\r\n\t\t\t \r\n\t\t\t\t<div class=\"pgrid-box\">\r\n\t\t\t\t<article class=\"post-box blog-item\">\r\n\t\t\t\t\t<div class=\"post-inner\">\r\n\t\t\t\t\t\t\t\t\t\t\t\t\r\n\t\t\t\t\t        <div class=\"entry-media\">\r\n\t\t\t\t\t        \t<div class=\"post-cat\"><span class=\"posted-in\"><a href=\"https:\/\/viqtor.eu\/it\/category\/chronique\/\" rel=\"category tag\">Cronico<\/a><\/span><\/div>\t\t\t\t\t            <a href=\"https:\/\/viqtor.eu\/it\/le-petit-prince-de-lintimite\/\">\r\n\t\t\t\t\t                <img loading=\"lazy\" decoding=\"async\" width=\"450\" height=\"326\" src=\"https:\/\/viqtor.eu\/wp-content\/uploads\/2023\/05\/antoine-de-saint-exupery-81aaaf.jpg\" class=\"attachment-engitech-slider-post-thumbnail size-engitech-slider-post-thumbnail wp-post-image\" alt=\"Le Petit Prince de l&#039;Intimit\u00e9\" srcset=\"https:\/\/viqtor.eu\/wp-content\/uploads\/2023\/05\/antoine-de-saint-exupery-81aaaf.jpg 450w, https:\/\/viqtor.eu\/wp-content\/uploads\/2023\/05\/antoine-de-saint-exupery-81aaaf-300x217.jpg 300w\" sizes=\"(max-width: 450px) 100vw, 450px\" \/>\t\t\t\t\t            <\/a>\r\n\t\t\t\t\t        <\/div>\r\n\t\t\t\t\t        \r\n\t\t\t\t\t    \r\n\t\t\t\t\t\t<div class=\"inner-post\">\r\n\t\t\t\t\t\t\t<div class=\"entry-header\">\r\n\r\n\t\t\t\t\t\t\t\t\r\n\t\t\t\t\t\t\t\t<h3 class=\"entry-title\"><a href=\"https:\/\/viqtor.eu\/it\/le-petit-prince-de-lintimite\/\" rel=\"bookmark\">Il piccolo principe dell&#039;intimit\u00e0<\/a><\/h3>\r\n\t\t\t\t\t\t\t<\/div><!-- .entry-header -->\r\n\t\t\t\t\t\t\t\r\n\t\t\t\t\t\t\t\t\t\t\t\t\t\t<div class=\"entry-summary the-excerpt\">\r\n\r\n\t\t\t\t\t            <p>Il Piccolo Principe della Privacy Nello stile di ANTOINE DE SAINT-EXUP\u00c9RY \u201cPer Antoine de Saint-Exup\u00e9ry, la protezione della privacy \u00e8 una ricerca intima e universale. Come il Piccolo Principe che si prende teneramente cura della sua rosa, dobbiamo preservare la nostra integrit\u00e0, la nostra libert\u00e0 e la nostra autenticit\u00e0. \u00c8 nella preservazione della nostra [\u2026]\n\r\n\t\t\t\t\t        <\/div><!-- .entry-content -->\r\n\t\t\t\t\t\t\t\t\t\t\t\t\t\t<div class=\"btn-readmore\">\r\n\t\t\t\t\t\t\t\t<a href=\"https:\/\/viqtor.eu\/it\/le-petit-prince-de-lintimite\/\"><i class=\"flaticon-right-arrow-1\"><\/i>Per saperne di pi\u00f9<\/a>\t\t\t\t\t\t\t<\/div>\r\n\t\t\t\t\t\t<\/div>\r\n\t\t\t\t\t<\/div>\r\n\t\t\t\t<\/article>\r\n\t\t\t\t<\/div>\r\n\t\t\t \r\n\t\t\t\t<div class=\"pgrid-box\">\r\n\t\t\t\t<article class=\"post-box blog-item\">\r\n\t\t\t\t\t<div class=\"post-inner\">\r\n\t\t\t\t\t\t\t\t\t\t\t\t\r\n\t\t\t\t\t        <div class=\"entry-media\">\r\n\t\t\t\t\t        \t<div class=\"post-cat\"><span class=\"posted-in\"><a href=\"https:\/\/viqtor.eu\/it\/category\/chronique\/\" rel=\"category tag\">Cronico<\/a><\/span><\/div>\t\t\t\t\t            <a href=\"https:\/\/viqtor.eu\/it\/les-gardiens-de-lintimite\/\">\r\n\t\t\t\t\t                <img loading=\"lazy\" decoding=\"async\" width=\"426\" height=\"520\" src=\"https:\/\/viqtor.eu\/wp-content\/uploads\/2023\/05\/Alexandre-Dumas-426x520.jpeg\" class=\"attachment-engitech-slider-post-thumbnail size-engitech-slider-post-thumbnail wp-post-image\" alt=\"Alexandre Dumas\" \/>\t\t\t\t\t            <\/a>\r\n\t\t\t\t\t        <\/div>\r\n\t\t\t\t\t        \r\n\t\t\t\t\t    \r\n\t\t\t\t\t\t<div class=\"inner-post\">\r\n\t\t\t\t\t\t\t<div class=\"entry-header\">\r\n\r\n\t\t\t\t\t\t\t\t\r\n\t\t\t\t\t\t\t\t<h3 class=\"entry-title\"><a href=\"https:\/\/viqtor.eu\/it\/les-gardiens-de-lintimite\/\" rel=\"bookmark\">I guardiani della privacy<\/a><\/h3>\r\n\t\t\t\t\t\t\t<\/div><!-- .entry-header -->\r\n\t\t\t\t\t\t\t\r\n\t\t\t\t\t\t\t\t\t\t\t\t\t\t<div class=\"entry-summary the-excerpt\">\r\n\r\n\t\t\t\t\t            <p>I Guardiani della Privacy Nello stile di ALEXANDRE DUMAS \u201cPer Alexandre Dumas, la protezione della privacy \u00e8 una lotta costante, una ricerca di verit\u00e0 e autenticit\u00e0. \u00c8 il riflesso del nostro essere pi\u00f9 profondo, il guardiano dei nostri pensieri, delle nostre emozioni, delle nostre scelte. \u00c8 il pilastro di [\u2026]\n\r\n\t\t\t\t\t        <\/div><!-- .entry-content -->\r\n\t\t\t\t\t\t\t\t\t\t\t\t\t\t<div class=\"btn-readmore\">\r\n\t\t\t\t\t\t\t\t<a href=\"https:\/\/viqtor.eu\/it\/les-gardiens-de-lintimite\/\"><i class=\"flaticon-right-arrow-1\"><\/i>Per saperne di pi\u00f9<\/a>\t\t\t\t\t\t\t<\/div>\r\n\t\t\t\t\t\t<\/div>\r\n\t\t\t\t\t<\/div>\r\n\t\t\t\t<\/article>\r\n\t\t\t\t<\/div>\r\n\t\t\t \r\n\t\t\t\t<div class=\"pgrid-box\">\r\n\t\t\t\t<article class=\"post-box blog-item\">\r\n\t\t\t\t\t<div class=\"post-inner\">\r\n\t\t\t\t\t\t\t\t\t\t\t\t\r\n\t\t\t\t\t        <div class=\"entry-media\">\r\n\t\t\t\t\t        \t<div class=\"post-cat\"><span class=\"posted-in\"><a href=\"https:\/\/viqtor.eu\/it\/category\/chronique\/\" rel=\"category tag\">Cronico<\/a><\/span><\/div>\t\t\t\t\t            <a href=\"https:\/\/viqtor.eu\/it\/les-secrets-reveles-la-quete-de-vie-privee\/\">\r\n\t\t\t\t\t                <img loading=\"lazy\" decoding=\"async\" width=\"601\" height=\"520\" src=\"https:\/\/viqtor.eu\/wp-content\/uploads\/2023\/05\/guy-de-maupassant-fotograferad-av-felix-nadar-1888-91fb21-1024-601x520.jpg\" class=\"attachment-engitech-slider-post-thumbnail size-engitech-slider-post-thumbnail wp-post-image\" alt=\"Les secrets r\u00e9v\u00e9l\u00e9s\" \/>\t\t\t\t\t            <\/a>\r\n\t\t\t\t\t        <\/div>\r\n\t\t\t\t\t        \r\n\t\t\t\t\t    \r\n\t\t\t\t\t\t<div class=\"inner-post\">\r\n\t\t\t\t\t\t\t<div class=\"entry-header\">\r\n\r\n\t\t\t\t\t\t\t\t\r\n\t\t\t\t\t\t\t\t<h3 class=\"entry-title\"><a href=\"https:\/\/viqtor.eu\/it\/les-secrets-reveles-la-quete-de-vie-privee\/\" rel=\"bookmark\">Segreti rivelati<\/a><\/h3>\r\n\t\t\t\t\t\t\t<\/div><!-- .entry-header -->\r\n\t\t\t\t\t\t\t\r\n\t\t\t\t\t\t\t\t\t\t\t\t\t\t<div class=\"entry-summary the-excerpt\">\r\n\r\n\t\t\t\t\t            <p>Segreti svelati nello stile di Guy de Maupassant Nella pianura della vita, tra i campi di sguardi indagatori e le colline di pettegolezzi incessanti, c&#039;era un&#039;oasi di pace chiamata &quot;Vita privata&quot;. Era un luogo segreto e sacro dove tutti potevano ritirarsi, lontano da occhi indiscreti, per preservare [\u2026]\n\r\n\t\t\t\t\t        <\/div><!-- .entry-content -->\r\n\t\t\t\t\t\t\t\t\t\t\t\t\t\t<div class=\"btn-readmore\">\r\n\t\t\t\t\t\t\t\t<a href=\"https:\/\/viqtor.eu\/it\/les-secrets-reveles-la-quete-de-vie-privee\/\"><i class=\"flaticon-right-arrow-1\"><\/i>Per saperne di pi\u00f9<\/a>\t\t\t\t\t\t\t<\/div>\r\n\t\t\t\t\t\t<\/div>\r\n\t\t\t\t\t<\/div>\r\n\t\t\t\t<\/article>\r\n\t\t\t\t<\/div>\r\n\t\t\t \r\n\t\t\t\t<div class=\"pgrid-box\">\r\n\t\t\t\t<article class=\"post-box blog-item\">\r\n\t\t\t\t\t<div class=\"post-inner\">\r\n\t\t\t\t\t\t\t\t\t\t\t\t\r\n\t\t\t\t\t        <div class=\"entry-media\">\r\n\t\t\t\t\t        \t<div class=\"post-cat\"><span class=\"posted-in\"><a href=\"https:\/\/viqtor.eu\/it\/category\/chronique\/\" rel=\"category tag\">Cronico<\/a><\/span><\/div>\t\t\t\t\t            <a href=\"https:\/\/viqtor.eu\/it\/le-labyrinthe\/\">\r\n\t\t\t\t\t                <img loading=\"lazy\" decoding=\"async\" width=\"601\" height=\"520\" src=\"https:\/\/viqtor.eu\/wp-content\/uploads\/2023\/04\/KAFKA2-601x520.jpeg\" class=\"attachment-engitech-slider-post-thumbnail size-engitech-slider-post-thumbnail wp-post-image\" alt=\"\" \/>\t\t\t\t\t            <\/a>\r\n\t\t\t\t\t        <\/div>\r\n\t\t\t\t\t        \r\n\t\t\t\t\t    \r\n\t\t\t\t\t\t<div class=\"inner-post\">\r\n\t\t\t\t\t\t\t<div class=\"entry-header\">\r\n\r\n\t\t\t\t\t\t\t\t\r\n\t\t\t\t\t\t\t\t<h3 class=\"entry-title\"><a href=\"https:\/\/viqtor.eu\/it\/le-labyrinthe\/\" rel=\"bookmark\">Il labirinto<\/a><\/h3>\r\n\t\t\t\t\t\t\t<\/div><!-- .entry-header -->\r\n\t\t\t\t\t\t\t\r\n\t\t\t\t\t\t\t\t\t\t\t\t\t\t<div class=\"entry-summary the-excerpt\">\r\n\r\n\t\t\t\t\t            <p>Il labirinto alla maniera di Kafka La privacy \u00e8 un labirinto oscuro e tortuoso, dove ogni passo pu\u00f2 farci sprofondare nell&#039;oscurit\u00e0 pi\u00f9 profonda, ci offre solitudine, intimit\u00e0, libert\u00e0, ma pu\u00f2 anche diventare una trappola mortale, un incubo senza fine. Come un guardiano silenzioso, lo scudo della privacy, respinge [\u2026]\n\r\n\t\t\t\t\t        <\/div><!-- .entry-content -->\r\n\t\t\t\t\t\t\t\t\t\t\t\t\t\t<div class=\"btn-readmore\">\r\n\t\t\t\t\t\t\t\t<a href=\"https:\/\/viqtor.eu\/it\/le-labyrinthe\/\"><i class=\"flaticon-right-arrow-1\"><\/i>Per saperne di pi\u00f9<\/a>\t\t\t\t\t\t\t<\/div>\r\n\t\t\t\t\t\t<\/div>\r\n\t\t\t\t\t<\/div>\r\n\t\t\t\t<\/article>\r\n\t\t\t\t<\/div>\r\n\t\t\t \r\n\t\t\t\t<div class=\"pgrid-box\">\r\n\t\t\t\t<article class=\"post-box blog-item\">\r\n\t\t\t\t\t<div class=\"post-inner\">\r\n\t\t\t\t\t\t\t\t\t\t\t\t\r\n\t\t\t\t\t        <div class=\"entry-media\">\r\n\t\t\t\t\t        \t<div class=\"post-cat\"><span class=\"posted-in\"><a href=\"https:\/\/viqtor.eu\/it\/category\/chronique\/\" rel=\"category tag\">Cronico<\/a><\/span><\/div>\t\t\t\t\t            <a href=\"https:\/\/viqtor.eu\/it\/le-pilier\/\">\r\n\t\t\t\t\t                <img loading=\"lazy\" decoding=\"async\" width=\"601\" height=\"520\" src=\"https:\/\/viqtor.eu\/wp-content\/uploads\/2023\/04\/Franz-Kafka-etchingauthor-Jan-Hladik-1978-601x520.jpg\" class=\"attachment-engitech-slider-post-thumbnail size-engitech-slider-post-thumbnail wp-post-image\" alt=\"\" \/>\t\t\t\t\t            <\/a>\r\n\t\t\t\t\t        <\/div>\r\n\t\t\t\t\t        \r\n\t\t\t\t\t    \r\n\t\t\t\t\t\t<div class=\"inner-post\">\r\n\t\t\t\t\t\t\t<div class=\"entry-header\">\r\n\r\n\t\t\t\t\t\t\t\t\r\n\t\t\t\t\t\t\t\t<h3 class=\"entry-title\"><a href=\"https:\/\/viqtor.eu\/it\/le-pilier\/\" rel=\"bookmark\">Il pilastro<\/a><\/h3>\r\n\t\t\t\t\t\t\t<\/div><!-- .entry-header -->\r\n\t\t\t\t\t\t\t\r\n\t\t\t\t\t\t\t\t\t\t\t\t\t\t<div class=\"entry-summary the-excerpt\">\r\n\r\n\t\t\t\t\t            <p>Il Pilastro della Via di Kafka La privacy \u00e8 un diritto fondamentale, un pilastro della nostra dignit\u00e0 umana. Come un castello medievale, ci protegge da occhi indiscreti, giudizi affrettati e interessi malevoli. Ci offre un rifugio sicuro, una zona di comfort dove possiamo essere noi stessi, senza [\u2026]\n\r\n\t\t\t\t\t        <\/div><!-- .entry-content -->\r\n\t\t\t\t\t\t\t\t\t\t\t\t\t\t<div class=\"btn-readmore\">\r\n\t\t\t\t\t\t\t\t<a href=\"https:\/\/viqtor.eu\/it\/le-pilier\/\"><i class=\"flaticon-right-arrow-1\"><\/i>Per saperne di pi\u00f9<\/a>\t\t\t\t\t\t\t<\/div>\r\n\t\t\t\t\t\t<\/div>\r\n\t\t\t\t\t<\/div>\r\n\t\t\t\t<\/article>\r\n\t\t\t\t<\/div>\r\n\t\t\t \r\n\t\t\t\t<div class=\"pgrid-box\">\r\n\t\t\t\t<article class=\"post-box blog-item\">\r\n\t\t\t\t\t<div class=\"post-inner\">\r\n\t\t\t\t\t\t\t\t\t\t\t\t\r\n\t\t\t\t\t        <div class=\"entry-media\">\r\n\t\t\t\t\t        \t<div class=\"post-cat\"><span class=\"posted-in\"><a href=\"https:\/\/viqtor.eu\/it\/category\/chronique\/\" rel=\"category tag\">Cronico<\/a><\/span><\/div>\t\t\t\t\t            <a href=\"https:\/\/viqtor.eu\/it\/la-question-existentielle\/\">\r\n\t\t\t\t\t                <img loading=\"lazy\" decoding=\"async\" width=\"601\" height=\"520\" src=\"https:\/\/viqtor.eu\/wp-content\/uploads\/2023\/04\/Flickr_-_Government_Press_Office_GPO_-_Jean_Paul_Sartre_and_Simone_De_Beauvoir_welcomed_by_Avraham_Shlonsky_and_Leah_Goldberg_cropped-601x520.jpg\" class=\"attachment-engitech-slider-post-thumbnail size-engitech-slider-post-thumbnail wp-post-image\" alt=\"\" \/>\t\t\t\t\t            <\/a>\r\n\t\t\t\t\t        <\/div>\r\n\t\t\t\t\t        \r\n\t\t\t\t\t    \r\n\t\t\t\t\t\t<div class=\"inner-post\">\r\n\t\t\t\t\t\t\t<div class=\"entry-header\">\r\n\r\n\t\t\t\t\t\t\t\t\r\n\t\t\t\t\t\t\t\t<h3 class=\"entry-title\"><a href=\"https:\/\/viqtor.eu\/it\/la-question-existentielle\/\" rel=\"bookmark\">La domanda esistenziale<\/a><\/h3>\r\n\t\t\t\t\t\t\t<\/div><!-- .entry-header -->\r\n\t\t\t\t\t\t\t\r\n\t\t\t\t\t\t\t\t\t\t\t\t\t\t<div class=\"entry-summary the-excerpt\">\r\n\r\n\t\t\t\t\t            <p>La questione esistenziale nello stile di Sartre La privacy \u00e8 una questione esistenziale cruciale nella nostra societ\u00e0. \u00c8 al centro della nostra libert\u00e0 e della nostra capacit\u00e0 di essere pienamente noi stessi. La privacy \u00e8 la nostra sfera esistenziale, una zona di comfort in cui possiamo esplorare noi stessi [\u2026]\n\r\n\t\t\t\t\t        <\/div><!-- .entry-content -->\r\n\t\t\t\t\t\t\t\t\t\t\t\t\t\t<div class=\"btn-readmore\">\r\n\t\t\t\t\t\t\t\t<a href=\"https:\/\/viqtor.eu\/it\/la-question-existentielle\/\"><i class=\"flaticon-right-arrow-1\"><\/i>Per saperne di pi\u00f9<\/a>\t\t\t\t\t\t\t<\/div>\r\n\t\t\t\t\t\t<\/div>\r\n\t\t\t\t\t<\/div>\r\n\t\t\t\t<\/article>\r\n\t\t\t\t<\/div>\r\n\t\t\t \r\n\t\t\t\t<div class=\"pgrid-box\">\r\n\t\t\t\t<article class=\"post-box blog-item\">\r\n\t\t\t\t\t<div class=\"post-inner\">\r\n\t\t\t\t\t\t\t\t\t\t\t\t\r\n\t\t\t\t\t        <div class=\"entry-media\">\r\n\t\t\t\t\t        \t<div class=\"post-cat\"><span class=\"posted-in\"><a href=\"https:\/\/viqtor.eu\/it\/category\/chronique\/\" rel=\"category tag\">Cronico<\/a><\/span><\/div>\t\t\t\t\t            <a href=\"https:\/\/viqtor.eu\/it\/le-droit-sacre\/\">\r\n\t\t\t\t\t                <img loading=\"lazy\" decoding=\"async\" width=\"601\" height=\"520\" src=\"https:\/\/viqtor.eu\/wp-content\/uploads\/2023\/04\/Victor-Hugo-601x520.jpeg\" class=\"attachment-engitech-slider-post-thumbnail size-engitech-slider-post-thumbnail wp-post-image\" alt=\"la vie priv\u00e9e \u00e0 la mani\u00e8re de Victor Hugo\" \/>\t\t\t\t\t            <\/a>\r\n\t\t\t\t\t        <\/div>\r\n\t\t\t\t\t        \r\n\t\t\t\t\t    \r\n\t\t\t\t\t\t<div class=\"inner-post\">\r\n\t\t\t\t\t\t\t<div class=\"entry-header\">\r\n\r\n\t\t\t\t\t\t\t\t\r\n\t\t\t\t\t\t\t\t<h3 class=\"entry-title\"><a href=\"https:\/\/viqtor.eu\/it\/le-droit-sacre\/\" rel=\"bookmark\">Il diritto sacro<\/a><\/h3>\r\n\t\t\t\t\t\t\t<\/div><!-- .entry-header -->\r\n\t\t\t\t\t\t\t\r\n\t\t\t\t\t\t\t\t\t\t\t\t\t\t<div class=\"entry-summary the-excerpt\">\r\n\r\n\t\t\t\t\t            <p>Il Sacro Diritto Alla maniera di Hugo Nell&#039;ombra misteriosa della vita privata, Un tesoro prezioso \u00e8 nascosto, conservato per sempre, Come un gioiello raro, protetto da tutti gli occhi, Contiene i segreti pi\u00f9 intimi, i pi\u00f9 rari. Come un vigile guardiano, lo scudo della vita privata, Veglia sui nostri segreti, sui nostri sogni [\u2026]\n\r\n\t\t\t\t\t        <\/div><!-- .entry-content -->\r\n\t\t\t\t\t\t\t\t\t\t\t\t\t\t<div class=\"btn-readmore\">\r\n\t\t\t\t\t\t\t\t<a href=\"https:\/\/viqtor.eu\/it\/le-droit-sacre\/\"><i class=\"flaticon-right-arrow-1\"><\/i>Per saperne di pi\u00f9<\/a>\t\t\t\t\t\t\t<\/div>\r\n\t\t\t\t\t\t<\/div>\r\n\t\t\t\t\t<\/div>\r\n\t\t\t\t<\/article>\r\n\t\t\t\t<\/div>\r\n\t\t\t \r\n\t\t\t\t<div class=\"pgrid-box\">\r\n\t\t\t\t<article class=\"post-box blog-item\">\r\n\t\t\t\t\t<div class=\"post-inner\">\r\n\t\t\t\t\t\t\t\t\t\t\t\t\r\n\t\t\t\t\t        <div class=\"entry-media\">\r\n\t\t\t\t\t        \t<div class=\"post-cat\"><span class=\"posted-in\"><a href=\"https:\/\/viqtor.eu\/it\/category\/chronique\/\" rel=\"category tag\">Cronico<\/a><\/span><\/div>\t\t\t\t\t            <a href=\"https:\/\/viqtor.eu\/it\/ce-que-nous-sommes-en-verite\/\">\r\n\t\t\t\t\t                <img loading=\"lazy\" decoding=\"async\" width=\"601\" height=\"520\" src=\"https:\/\/viqtor.eu\/wp-content\/uploads\/2023\/04\/Victor_Hugo_in_1876_49937840042-601x520.png\" class=\"attachment-engitech-slider-post-thumbnail size-engitech-slider-post-thumbnail wp-post-image\" alt=\"la vie priv\u00e9e \u00e0 la mani\u00e8re de Victor Hugo\" \/>\t\t\t\t\t            <\/a>\r\n\t\t\t\t\t        <\/div>\r\n\t\t\t\t\t        \r\n\t\t\t\t\t    \r\n\t\t\t\t\t\t<div class=\"inner-post\">\r\n\t\t\t\t\t\t\t<div class=\"entry-header\">\r\n\r\n\t\t\t\t\t\t\t\t\r\n\t\t\t\t\t\t\t\t<h3 class=\"entry-title\"><a href=\"https:\/\/viqtor.eu\/it\/ce-que-nous-sommes-en-verite\/\" rel=\"bookmark\">Ci\u00f2 che siamo veramente<\/a><\/h3>\r\n\t\t\t\t\t\t\t<\/div><!-- .entry-header -->\r\n\t\t\t\t\t\t\t\r\n\t\t\t\t\t\t\t\t\t\t\t\t\t\t<div class=\"entry-summary the-excerpt\">\r\n\r\n\t\t\t\t\t            <p>Ci\u00f2 che siamo veramente, alla maniera di Hugo. Dall&#039;ombra sacra della vita privata, si erge uno scudo che nessuno pu\u00f2 rompere, protegge i nostri segreti pi\u00f9 intimi e ci permette di vivere senza paura o terrore. Come un bastione di pietra eretto, respinge gli sguardi indiscreti e ci d\u00e0 la libert\u00e0 di essere, ci\u00f2 che [\u2026]\n\r\n\t\t\t\t\t        <\/div><!-- .entry-content -->\r\n\t\t\t\t\t\t\t\t\t\t\t\t\t\t<div class=\"btn-readmore\">\r\n\t\t\t\t\t\t\t\t<a href=\"https:\/\/viqtor.eu\/it\/ce-que-nous-sommes-en-verite\/\"><i class=\"flaticon-right-arrow-1\"><\/i>Per saperne di pi\u00f9<\/a>\t\t\t\t\t\t\t<\/div>\r\n\t\t\t\t\t\t<\/div>\r\n\t\t\t\t\t<\/div>\r\n\t\t\t\t<\/article>\r\n\t\t\t\t<\/div>\r\n\t\t\t \r\n\t\t\t\t<div class=\"pgrid-box\">\r\n\t\t\t\t<article class=\"post-box blog-item\">\r\n\t\t\t\t\t<div class=\"post-inner\">\r\n\t\t\t\t\t\t\t\t\t\t\t\t\r\n\t\t\t\t\t        <div class=\"entry-media\">\r\n\t\t\t\t\t        \t<div class=\"post-cat\"><span class=\"posted-in\"><a href=\"https:\/\/viqtor.eu\/it\/category\/chronique\/\" rel=\"category tag\">Cronico<\/a><\/span><\/div>\t\t\t\t\t            <a href=\"https:\/\/viqtor.eu\/it\/la-quete-de-sens\/\">\r\n\t\t\t\t\t                <img loading=\"lazy\" decoding=\"async\" width=\"601\" height=\"520\" src=\"https:\/\/viqtor.eu\/wp-content\/uploads\/2023\/04\/Damasio2020-601x520.jpg\" class=\"attachment-engitech-slider-post-thumbnail size-engitech-slider-post-thumbnail wp-post-image\" alt=\"\" \/>\t\t\t\t\t            <\/a>\r\n\t\t\t\t\t        <\/div>\r\n\t\t\t\t\t        \r\n\t\t\t\t\t    \r\n\t\t\t\t\t\t<div class=\"inner-post\">\r\n\t\t\t\t\t\t\t<div class=\"entry-header\">\r\n\r\n\t\t\t\t\t\t\t\t\r\n\t\t\t\t\t\t\t\t<h3 class=\"entry-title\"><a href=\"https:\/\/viqtor.eu\/it\/la-quete-de-sens\/\" rel=\"bookmark\">La ricerca del significato<\/a><\/h3>\r\n\t\t\t\t\t\t\t<\/div><!-- .entry-header -->\r\n\t\t\t\t\t\t\t\r\n\t\t\t\t\t\t\t\t\t\t\t\t\t\t<div class=\"entry-summary the-excerpt\">\r\n\r\n\t\t\t\t\t            <p>La ricerca di significato nello stile di Alain Damasio Nel mondo dello Stealth, la privacy \u00e8 la chiave di volta della resistenza contro l&#039;onnipresente sistema di controllo. \u00c8 la strategia definitiva per sfuggire alle grinfie di aziende e governi che cercano di controllare tutto. Il [\u2026]\n\r\n\t\t\t\t\t        <\/div><!-- .entry-content -->\r\n\t\t\t\t\t\t\t\t\t\t\t\t\t\t<div class=\"btn-readmore\">\r\n\t\t\t\t\t\t\t\t<a href=\"https:\/\/viqtor.eu\/it\/la-quete-de-sens\/\"><i class=\"flaticon-right-arrow-1\"><\/i>Per saperne di pi\u00f9<\/a>\t\t\t\t\t\t\t<\/div>\r\n\t\t\t\t\t\t<\/div>\r\n\t\t\t\t\t<\/div>\r\n\t\t\t\t<\/article>\r\n\t\t\t\t<\/div>\r\n\t\t\t \r\n\t\t\t\t<div class=\"pgrid-box\">\r\n\t\t\t\t<article class=\"post-box blog-item\">\r\n\t\t\t\t\t<div class=\"post-inner\">\r\n\t\t\t\t\t\t\t\t\t\t\t\t\r\n\t\t\t\t\t        <div class=\"entry-media\">\r\n\t\t\t\t\t        \t<div class=\"post-cat\"><span class=\"posted-in\"><a href=\"https:\/\/viqtor.eu\/it\/category\/chronique\/\" rel=\"category tag\">Cronico<\/a><\/span><\/div>\t\t\t\t\t            <a href=\"https:\/\/viqtor.eu\/it\/lharmonie\/\">\r\n\t\t\t\t\t                <img loading=\"lazy\" decoding=\"async\" width=\"565\" height=\"520\" src=\"https:\/\/viqtor.eu\/wp-content\/uploads\/2023\/04\/Emile_Zola_1840\u20131902-565x520.jpg\" class=\"attachment-engitech-slider-post-thumbnail size-engitech-slider-post-thumbnail wp-post-image\" alt=\"\" \/>\t\t\t\t\t            <\/a>\r\n\t\t\t\t\t        <\/div>\r\n\t\t\t\t\t        \r\n\t\t\t\t\t    \r\n\t\t\t\t\t\t<div class=\"inner-post\">\r\n\t\t\t\t\t\t\t<div class=\"entry-header\">\r\n\r\n\t\t\t\t\t\t\t\t\r\n\t\t\t\t\t\t\t\t<h3 class=\"entry-title\"><a href=\"https:\/\/viqtor.eu\/it\/lharmonie\/\" rel=\"bookmark\">Armonia<\/a><\/h3>\r\n\t\t\t\t\t\t\t<\/div><!-- .entry-header -->\r\n\t\t\t\t\t\t\t\r\n\t\t\t\t\t\t\t\t\t\t\t\t\t\t<div class=\"entry-summary the-excerpt\">\r\n\r\n\t\t\t\t\t            <p>Armonia alla maniera di Zola La protezione della privacy, come un filo d&#039;oro finemente intrecciato, \u00c8 un solido baluardo contro la societ\u00e0 vorace e avida, Ci offre la libert\u00e0 di essere, di pensare e di sognare, E ci protegge da sguardi curiosi, mani avide. Come uno scudo robusto, la privacy ci protegge, Da [\u2026]\n\r\n\t\t\t\t\t        <\/div><!-- .entry-content -->\r\n\t\t\t\t\t\t\t\t\t\t\t\t\t\t<div class=\"btn-readmore\">\r\n\t\t\t\t\t\t\t\t<a href=\"https:\/\/viqtor.eu\/it\/lharmonie\/\"><i class=\"flaticon-right-arrow-1\"><\/i>Per saperne di pi\u00f9<\/a>\t\t\t\t\t\t\t<\/div>\r\n\t\t\t\t\t\t<\/div>\r\n\t\t\t\t\t<\/div>\r\n\t\t\t\t<\/article>\r\n\t\t\t\t<\/div>\r\n\t\t\t \r\n\t\t\t\t<div class=\"pgrid-box\">\r\n\t\t\t\t<article class=\"post-box blog-item\">\r\n\t\t\t\t\t<div class=\"post-inner\">\r\n\t\t\t\t\t\t\t\t\t\t\t\t\r\n\t\t\t\t\t        <div class=\"entry-media\">\r\n\t\t\t\t\t        \t<div class=\"post-cat\"><span class=\"posted-in\"><a href=\"https:\/\/viqtor.eu\/it\/category\/chronique\/\" rel=\"category tag\">Cronico<\/a><\/span><\/div>\t\t\t\t\t            <a href=\"https:\/\/viqtor.eu\/it\/le-havre-de-paix\/\">\r\n\t\t\t\t\t                <img loading=\"lazy\" decoding=\"async\" width=\"290\" height=\"387\" src=\"https:\/\/viqtor.eu\/wp-content\/uploads\/2023\/04\/11314924445_d58680ef6f_w.jpg\" class=\"attachment-engitech-slider-post-thumbnail size-engitech-slider-post-thumbnail wp-post-image\" alt=\"\" srcset=\"https:\/\/viqtor.eu\/wp-content\/uploads\/2023\/04\/11314924445_d58680ef6f_w.jpg 290w, https:\/\/viqtor.eu\/wp-content\/uploads\/2023\/04\/11314924445_d58680ef6f_w-225x300.jpg 225w\" sizes=\"(max-width: 290px) 100vw, 290px\" \/>\t\t\t\t\t            <\/a>\r\n\t\t\t\t\t        <\/div>\r\n\t\t\t\t\t        \r\n\t\t\t\t\t    \r\n\t\t\t\t\t\t<div class=\"inner-post\">\r\n\t\t\t\t\t\t\t<div class=\"entry-header\">\r\n\r\n\t\t\t\t\t\t\t\t\r\n\t\t\t\t\t\t\t\t<h3 class=\"entry-title\"><a href=\"https:\/\/viqtor.eu\/it\/le-havre-de-paix\/\" rel=\"bookmark\">Il rifugio della pace<\/a><\/h3>\r\n\t\t\t\t\t\t\t<\/div><!-- .entry-header -->\r\n\t\t\t\t\t\t\t\r\n\t\t\t\t\t\t\t\t\t\t\t\t\t\t<div class=\"entry-summary the-excerpt\">\r\n\r\n\t\t\t\t\t            <p>Il rifugio di pace alla maniera di Balzac Nella societ\u00e0 complessa e mutevole del nostro tempo, la protezione della privacy \u00e8 una questione fondamentale, un baluardo contro l&#039;oppressione e il giudizio, un rifugio per l&#039;anima e il cuore, un porto sicuro di pace. Come un gioiello prezioso, la nostra vita privata \u00e8 un tesoro, un santuario [\u2026]\n\r\n\t\t\t\t\t        <\/div><!-- .entry-content -->\r\n\t\t\t\t\t\t\t\t\t\t\t\t\t\t<div class=\"btn-readmore\">\r\n\t\t\t\t\t\t\t\t<a href=\"https:\/\/viqtor.eu\/it\/le-havre-de-paix\/\"><i class=\"flaticon-right-arrow-1\"><\/i>Per saperne di pi\u00f9<\/a>\t\t\t\t\t\t\t<\/div>\r\n\t\t\t\t\t\t<\/div>\r\n\t\t\t\t\t<\/div>\r\n\t\t\t\t<\/article>\r\n\t\t\t\t<\/div>\r\n\t\t\t \r\n\t\t\t\t<div class=\"pgrid-box\">\r\n\t\t\t\t<article class=\"post-box blog-item\">\r\n\t\t\t\t\t<div class=\"post-inner\">\r\n\t\t\t\t\t\t\t\t\t\t\t\t\r\n\t\t\t\t\t        <div class=\"entry-media\">\r\n\t\t\t\t\t        \t<div class=\"post-cat\"><span class=\"posted-in\"><a href=\"https:\/\/viqtor.eu\/it\/category\/chronique\/\" rel=\"category tag\">Cronico<\/a><\/span><\/div>\t\t\t\t\t            <a href=\"https:\/\/viqtor.eu\/it\/la-hyene-et-la-gazelle\/\">\r\n\t\t\t\t\t                <img loading=\"lazy\" decoding=\"async\" width=\"601\" height=\"520\" src=\"https:\/\/viqtor.eu\/wp-content\/uploads\/2023\/04\/De-la-fontaine-601x520.jpeg\" class=\"attachment-engitech-slider-post-thumbnail size-engitech-slider-post-thumbnail wp-post-image\" alt=\"\" \/>\t\t\t\t\t            <\/a>\r\n\t\t\t\t\t        <\/div>\r\n\t\t\t\t\t        \r\n\t\t\t\t\t    \r\n\t\t\t\t\t\t<div class=\"inner-post\">\r\n\t\t\t\t\t\t\t<div class=\"entry-header\">\r\n\r\n\t\t\t\t\t\t\t\t\r\n\t\t\t\t\t\t\t\t<h3 class=\"entry-title\"><a href=\"https:\/\/viqtor.eu\/it\/la-hyene-et-la-gazelle\/\" rel=\"bookmark\">La iena e la gazzella<\/a><\/h3>\r\n\t\t\t\t\t\t\t<\/div><!-- .entry-header -->\r\n\t\t\t\t\t\t\t\r\n\t\t\t\t\t\t\t\t\t\t\t\t\t\t<div class=\"entry-summary the-excerpt\">\r\n\r\n\t\t\t\t\t            <p>La iena e la gazzella Nello stile di Jean de la Fontaine In una vasta ed estesa savana, Viveva una iena affamata e astuta, Che amava osservare la fauna disorientata, E sognava di mangiare una gazzella dorata. Un giorno, incontr\u00f2 una gazzella, Che si nascondeva dietro un cespuglio, E le chiese, con aria ribelle, Perch\u00e9 stesse fuggendo senza motivo. [\u2026]\n\r\n\t\t\t\t\t        <\/div><!-- .entry-content -->\r\n\t\t\t\t\t\t\t\t\t\t\t\t\t\t<div class=\"btn-readmore\">\r\n\t\t\t\t\t\t\t\t<a href=\"https:\/\/viqtor.eu\/it\/la-hyene-et-la-gazelle\/\"><i class=\"flaticon-right-arrow-1\"><\/i>Per saperne di pi\u00f9<\/a>\t\t\t\t\t\t\t<\/div>\r\n\t\t\t\t\t\t<\/div>\r\n\t\t\t\t\t<\/div>\r\n\t\t\t\t<\/article>\r\n\t\t\t\t<\/div>\r\n\t\t\t \r\n\t\t\t\t<div class=\"pgrid-box\">\r\n\t\t\t\t<article class=\"post-box blog-item\">\r\n\t\t\t\t\t<div class=\"post-inner\">\r\n\t\t\t\t\t\t\t\t\t\t\t\t\r\n\t\t\t\t\t        <div class=\"entry-media\">\r\n\t\t\t\t\t        \t<div class=\"post-cat\"><span class=\"posted-in\"><a href=\"https:\/\/viqtor.eu\/it\/category\/chronique\/\" rel=\"category tag\">Cronico<\/a><\/span><\/div>\t\t\t\t\t            <a href=\"https:\/\/viqtor.eu\/it\/la-fable-du-rempart\/\">\r\n\t\t\t\t\t                <img loading=\"lazy\" decoding=\"async\" width=\"601\" height=\"520\" src=\"https:\/\/viqtor.eu\/wp-content\/uploads\/2023\/04\/shutterstock_2241730789-601x520.jpg\" class=\"attachment-engitech-slider-post-thumbnail size-engitech-slider-post-thumbnail wp-post-image\" alt=\"\" \/>\t\t\t\t\t            <\/a>\r\n\t\t\t\t\t        <\/div>\r\n\t\t\t\t\t        \r\n\t\t\t\t\t    \r\n\t\t\t\t\t\t<div class=\"inner-post\">\r\n\t\t\t\t\t\t\t<div class=\"entry-header\">\r\n\r\n\t\t\t\t\t\t\t\t\r\n\t\t\t\t\t\t\t\t<h3 class=\"entry-title\"><a href=\"https:\/\/viqtor.eu\/it\/la-fable-du-rempart\/\" rel=\"bookmark\">La favola del bastione<\/a><\/h3>\r\n\t\t\t\t\t\t\t<\/div><!-- .entry-header -->\r\n\t\t\t\t\t\t\t\r\n\t\t\t\t\t\t\t\t\t\t\t\t\t\t<div class=\"entry-summary the-excerpt\">\r\n\r\n\t\t\t\t\t            <p>La favola del Bastione Nello stile di Jean de la Fontaine Nella vita di tutti i giorni, c&#039;\u00e8 un diritto che deve essere custodito, un baluardo contro gli occhi indiscreti, un tesoro che deve essere preservato. Come un animale selvatico, la nostra vita privata deve essere protetta, dai curiosi, dalle spie, dagli inquisitori, dagli ficcanaso. Perch\u00e9 senza di essa, non siamo nulla, da [\u2026]\n\r\n\t\t\t\t\t        <\/div><!-- .entry-content -->\r\n\t\t\t\t\t\t\t\t\t\t\t\t\t\t<div class=\"btn-readmore\">\r\n\t\t\t\t\t\t\t\t<a href=\"https:\/\/viqtor.eu\/it\/la-fable-du-rempart\/\"><i class=\"flaticon-right-arrow-1\"><\/i>Per saperne di pi\u00f9<\/a>\t\t\t\t\t\t\t<\/div>\r\n\t\t\t\t\t\t<\/div>\r\n\t\t\t\t\t<\/div>\r\n\t\t\t\t<\/article>\r\n\t\t\t\t<\/div>\r\n\t\t\t \r\n\t\t\t\t<div class=\"pgrid-box\">\r\n\t\t\t\t<article class=\"post-box blog-item\">\r\n\t\t\t\t\t<div class=\"post-inner\">\r\n\t\t\t\t\t\t\t\t\t\t\t\t\r\n\t\t\t\t\t        <div class=\"entry-media\">\r\n\t\t\t\t\t        \t<div class=\"post-cat\"><span class=\"posted-in\"><a href=\"https:\/\/viqtor.eu\/it\/category\/chronique\/\" rel=\"category tag\">Cronico<\/a><\/span><\/div>\t\t\t\t\t            <a href=\"https:\/\/viqtor.eu\/it\/la-pieuvre-et-le-poussin\/\">\r\n\t\t\t\t\t                <img loading=\"lazy\" decoding=\"async\" width=\"230\" height=\"305\" src=\"https:\/\/viqtor.eu\/wp-content\/uploads\/2023\/04\/Portrait_Jean_de_la_fontaine.jpg\" class=\"attachment-engitech-slider-post-thumbnail size-engitech-slider-post-thumbnail wp-post-image\" alt=\"\" srcset=\"https:\/\/viqtor.eu\/wp-content\/uploads\/2023\/04\/Portrait_Jean_de_la_fontaine.jpg 230w, https:\/\/viqtor.eu\/wp-content\/uploads\/2023\/04\/Portrait_Jean_de_la_fontaine-226x300.jpg 226w\" sizes=\"(max-width: 230px) 100vw, 230px\" \/>\t\t\t\t\t            <\/a>\r\n\t\t\t\t\t        <\/div>\r\n\t\t\t\t\t        \r\n\t\t\t\t\t    \r\n\t\t\t\t\t\t<div class=\"inner-post\">\r\n\t\t\t\t\t\t\t<div class=\"entry-header\">\r\n\r\n\t\t\t\t\t\t\t\t\r\n\t\t\t\t\t\t\t\t<h3 class=\"entry-title\"><a href=\"https:\/\/viqtor.eu\/it\/la-pieuvre-et-le-poussin\/\" rel=\"bookmark\">Il polpo e il pulcino<\/a><\/h3>\r\n\t\t\t\t\t\t\t<\/div><!-- .entry-header -->\r\n\t\t\t\t\t\t\t\r\n\t\t\t\t\t\t\t\t\t\t\t\t\t\t<div class=\"entry-summary the-excerpt\">\r\n\r\n\t\t\t\t\t            <p>Il polpo e il pulcino Nello stile di Jean de la Fontaine In un oceano tumultuoso, viveva un polpo tentacolato, che amava osservare il cielo e sognava di essere una stella. Un giorno, incontr\u00f2 un pulcino, che stava giocando tutto solo sulla spiaggia, e gli chiese, con aria maliziosa, perch\u00e9 nascondesse il viso. Il pulcino rispose saggiamente: &quot;Io proteggo [\u2026]\n\r\n\t\t\t\t\t        <\/div><!-- .entry-content -->\r\n\t\t\t\t\t\t\t\t\t\t\t\t\t\t<div class=\"btn-readmore\">\r\n\t\t\t\t\t\t\t\t<a href=\"https:\/\/viqtor.eu\/it\/la-pieuvre-et-le-poussin\/\"><i class=\"flaticon-right-arrow-1\"><\/i>Per saperne di pi\u00f9<\/a>\t\t\t\t\t\t\t<\/div>\r\n\t\t\t\t\t\t<\/div>\r\n\t\t\t\t\t<\/div>\r\n\t\t\t\t<\/article>\r\n\t\t\t\t<\/div>\r\n\t\t\t\t    <\/div>\r\n\t\t\t\t<\/div>\n\t\t\t\t<\/div>\n\t\t\t\t\t<\/div>\n\t\t<\/div>\n\t\t\t\t\t<\/div>\n\t\t<\/section>\n\t\t\t\t<\/div>","protected":false},"excerpt":{"rendered":"<p>Bienvenue dans la chronique\u00ab\u00a0Le jardin secret des grands Esprits\u00a0\u00bb Le RGPD est un joyau pour la protection de la vie priv\u00e9e. Comment les illustres \u00e9crivains et grands penseurs s\u2019en seraient saisi, \u00e0 leur \u00e9poque et \u00e0 leur mani\u00e8re dans le plus pur de leur style et de leur vision. D\u00e9lectez-vous de ces courts essais, nous [&hellip;]<\/p>","protected":false},"author":1,"featured_media":0,"parent":0,"menu_order":0,"comment_status":"closed","ping_status":"closed","template":"","meta":{"_acf_changed":false,"footnotes":""},"class_list":["post-5301","page","type-page","status-publish","hentry"],"acf":[],"yoast_head":"<!-- This site is optimized with the Yoast SEO plugin v23.6 - https:\/\/yoast.com\/wordpress\/plugins\/seo\/ -->\n<title>Chronique - Viqtor<\/title>\n<meta name=\"robots\" content=\"index, follow, max-snippet:-1, max-image-preview:large, max-video-preview:-1\" \/>\n<link rel=\"canonical\" href=\"https:\/\/viqtor.eu\/it\/chronique\/\" \/>\n<meta property=\"og:locale\" content=\"it_IT\" \/>\n<meta property=\"og:type\" content=\"article\" \/>\n<meta property=\"og:title\" content=\"Chronique - Viqtor\" \/>\n<meta property=\"og:description\" content=\"Bienvenue dans la chronique\u00ab\u00a0Le jardin secret des grands Esprits\u00a0\u00bb Le RGPD est un joyau pour la protection de la vie priv\u00e9e. Comment les illustres \u00e9crivains et grands penseurs s\u2019en seraient saisi, \u00e0 leur \u00e9poque et \u00e0 leur mani\u00e8re dans le plus pur de leur style et de leur vision. D\u00e9lectez-vous de ces courts essais, nous [&hellip;]\" \/>\n<meta property=\"og:url\" content=\"https:\/\/viqtor.eu\/it\/chronique\/\" \/>\n<meta property=\"og:site_name\" content=\"Viqtor\" \/>\n<meta property=\"article:modified_time\" content=\"2024-09-18T11:19:32+00:00\" \/>\n<meta property=\"og:image\" content=\"https:\/\/viqtor.eu\/wp-content\/uploads\/2026\/04\/widget-viqtor.png\" \/>\n<meta name=\"twitter:card\" content=\"summary_large_image\" \/>\n<meta name=\"twitter:label1\" content=\"Tempo di lettura stimato\" \/>\n\t<meta name=\"twitter:data1\" content=\"17 minuti\" \/>\n<script type=\"application\/ld+json\" class=\"yoast-schema-graph\">{\"@context\":\"https:\/\/schema.org\",\"@graph\":[{\"@type\":\"WebPage\",\"@id\":\"https:\/\/viqtor.eu\/chronique\/\",\"url\":\"https:\/\/viqtor.eu\/chronique\/\",\"name\":\"Chronique - Viqtor\",\"isPartOf\":{\"@id\":\"https:\/\/viqtor.eu\/#website\"},\"primaryImageOfPage\":{\"@id\":\"https:\/\/viqtor.eu\/chronique\/#primaryimage\"},\"image\":{\"@id\":\"https:\/\/viqtor.eu\/chronique\/#primaryimage\"},\"thumbnailUrl\":\"https:\/\/viqtor.eu\/wp-content\/uploads\/2023\/04\/shutterstock_1235080081.jpg\",\"datePublished\":\"2023-04-18T09:44:55+00:00\",\"dateModified\":\"2024-09-18T11:19:32+00:00\",\"breadcrumb\":{\"@id\":\"https:\/\/viqtor.eu\/chronique\/#breadcrumb\"},\"inLanguage\":\"it-IT\",\"potentialAction\":[{\"@type\":\"ReadAction\",\"target\":[\"https:\/\/viqtor.eu\/chronique\/\"]}]},{\"@type\":\"ImageObject\",\"inLanguage\":\"it-IT\",\"@id\":\"https:\/\/viqtor.eu\/chronique\/#primaryimage\",\"url\":\"https:\/\/viqtor.eu\/wp-content\/uploads\/2023\/04\/shutterstock_1235080081.jpg\",\"contentUrl\":\"https:\/\/viqtor.eu\/wp-content\/uploads\/2023\/04\/shutterstock_1235080081.jpg\"},{\"@type\":\"BreadcrumbList\",\"@id\":\"https:\/\/viqtor.eu\/chronique\/#breadcrumb\",\"itemListElement\":[{\"@type\":\"ListItem\",\"position\":1,\"name\":\"Accueil\",\"item\":\"https:\/\/viqtor.eu\/\"},{\"@type\":\"ListItem\",\"position\":2,\"name\":\"Chronique\"}]},{\"@type\":\"WebSite\",\"@id\":\"https:\/\/viqtor.eu\/#website\",\"url\":\"https:\/\/viqtor.eu\/\",\"name\":\"Viqtor\",\"description\":\"Faites du RGPD une opportunit\u00e9 pour votre entreprise.\",\"publisher\":{\"@id\":\"https:\/\/viqtor.eu\/#organization\"},\"potentialAction\":[{\"@type\":\"SearchAction\",\"target\":{\"@type\":\"EntryPoint\",\"urlTemplate\":\"https:\/\/viqtor.eu\/?s={search_term_string}\"},\"query-input\":{\"@type\":\"PropertyValueSpecification\",\"valueRequired\":true,\"valueName\":\"search_term_string\"}}],\"inLanguage\":\"it-IT\"},{\"@type\":\"Organization\",\"@id\":\"https:\/\/viqtor.eu\/#organization\",\"name\":\"viqtor.eu\",\"url\":\"https:\/\/viqtor.eu\/\",\"logo\":{\"@type\":\"ImageObject\",\"inLanguage\":\"it-IT\",\"@id\":\"https:\/\/viqtor.eu\/#\/schema\/logo\/image\/\",\"url\":\"https:\/\/viqtor.eu\/wp-content\/uploads\/2023\/06\/favicon-noir.svg\",\"contentUrl\":\"https:\/\/viqtor.eu\/wp-content\/uploads\/2023\/06\/favicon-noir.svg\",\"width\":108,\"height\":86,\"caption\":\"viqtor.eu\"},\"image\":{\"@id\":\"https:\/\/viqtor.eu\/#\/schema\/logo\/image\/\"}}]}<\/script>\n<!-- \/ Yoast SEO plugin. -->","yoast_head_json":{"title":"Chronique - Viqtor","robots":{"index":"index","follow":"follow","max-snippet":"max-snippet:-1","max-image-preview":"max-image-preview:large","max-video-preview":"max-video-preview:-1"},"canonical":"https:\/\/viqtor.eu\/it\/chronique\/","og_locale":"it_IT","og_type":"article","og_title":"Chronique - Viqtor","og_description":"Bienvenue dans la chronique\u00ab\u00a0Le jardin secret des grands Esprits\u00a0\u00bb Le RGPD est un joyau pour la protection de la vie priv\u00e9e. Comment les illustres \u00e9crivains et grands penseurs s\u2019en seraient saisi, \u00e0 leur \u00e9poque et \u00e0 leur mani\u00e8re dans le plus pur de leur style et de leur vision. D\u00e9lectez-vous de ces courts essais, nous [&hellip;]","og_url":"https:\/\/viqtor.eu\/it\/chronique\/","og_site_name":"Viqtor","article_modified_time":"2024-09-18T11:19:32+00:00","og_image":[{"url":"https:\/\/viqtor.eu\/wp-content\/uploads\/2026\/04\/widget-viqtor.png"}],"twitter_card":"summary_large_image","twitter_misc":{"Tempo di lettura stimato":"17 minuti"},"schema":{"@context":"https:\/\/schema.org","@graph":[{"@type":"WebPage","@id":"https:\/\/viqtor.eu\/chronique\/","url":"https:\/\/viqtor.eu\/chronique\/","name":"Chronique - Viqtor","isPartOf":{"@id":"https:\/\/viqtor.eu\/#website"},"primaryImageOfPage":{"@id":"https:\/\/viqtor.eu\/chronique\/#primaryimage"},"image":{"@id":"https:\/\/viqtor.eu\/chronique\/#primaryimage"},"thumbnailUrl":"https:\/\/viqtor.eu\/wp-content\/uploads\/2023\/04\/shutterstock_1235080081.jpg","datePublished":"2023-04-18T09:44:55+00:00","dateModified":"2024-09-18T11:19:32+00:00","breadcrumb":{"@id":"https:\/\/viqtor.eu\/chronique\/#breadcrumb"},"inLanguage":"it-IT","potentialAction":[{"@type":"ReadAction","target":["https:\/\/viqtor.eu\/chronique\/"]}]},{"@type":"ImageObject","inLanguage":"it-IT","@id":"https:\/\/viqtor.eu\/chronique\/#primaryimage","url":"https:\/\/viqtor.eu\/wp-content\/uploads\/2023\/04\/shutterstock_1235080081.jpg","contentUrl":"https:\/\/viqtor.eu\/wp-content\/uploads\/2023\/04\/shutterstock_1235080081.jpg"},{"@type":"BreadcrumbList","@id":"https:\/\/viqtor.eu\/chronique\/#breadcrumb","itemListElement":[{"@type":"ListItem","position":1,"name":"Accueil","item":"https:\/\/viqtor.eu\/"},{"@type":"ListItem","position":2,"name":"Chronique"}]},{"@type":"WebSite","@id":"https:\/\/viqtor.eu\/#website","url":"https:\/\/viqtor.eu\/","name":"Viqtor","description":"Faites du RGPD une opportunit\u00e9 pour votre entreprise.","publisher":{"@id":"https:\/\/viqtor.eu\/#organization"},"potentialAction":[{"@type":"SearchAction","target":{"@type":"EntryPoint","urlTemplate":"https:\/\/viqtor.eu\/?s={search_term_string}"},"query-input":{"@type":"PropertyValueSpecification","valueRequired":true,"valueName":"search_term_string"}}],"inLanguage":"it-IT"},{"@type":"Organization","@id":"https:\/\/viqtor.eu\/#organization","name":"viqtor.eu","url":"https:\/\/viqtor.eu\/","logo":{"@type":"ImageObject","inLanguage":"it-IT","@id":"https:\/\/viqtor.eu\/#\/schema\/logo\/image\/","url":"https:\/\/viqtor.eu\/wp-content\/uploads\/2023\/06\/favicon-noir.svg","contentUrl":"https:\/\/viqtor.eu\/wp-content\/uploads\/2023\/06\/favicon-noir.svg","width":108,"height":86,"caption":"viqtor.eu"},"image":{"@id":"https:\/\/viqtor.eu\/#\/schema\/logo\/image\/"}}]}},"_links":{"self":[{"href":"https:\/\/viqtor.eu\/it\/wp-json\/wp\/v2\/pages\/5301","targetHints":{"allow":["GET"]}}],"collection":[{"href":"https:\/\/viqtor.eu\/it\/wp-json\/wp\/v2\/pages"}],"about":[{"href":"https:\/\/viqtor.eu\/it\/wp-json\/wp\/v2\/types\/page"}],"author":[{"embeddable":true,"href":"https:\/\/viqtor.eu\/it\/wp-json\/wp\/v2\/users\/1"}],"replies":[{"embeddable":true,"href":"https:\/\/viqtor.eu\/it\/wp-json\/wp\/v2\/comments?post=5301"}],"version-history":[{"count":52,"href":"https:\/\/viqtor.eu\/it\/wp-json\/wp\/v2\/pages\/5301\/revisions"}],"predecessor-version":[{"id":12417,"href":"https:\/\/viqtor.eu\/it\/wp-json\/wp\/v2\/pages\/5301\/revisions\/12417"}],"wp:attachment":[{"href":"https:\/\/viqtor.eu\/it\/wp-json\/wp\/v2\/media?parent=5301"}],"curies":[{"name":"wp","href":"https:\/\/api.w.org\/{rel}","templated":true}]}}