{"id":8869,"date":"2023-07-24T10:33:08","date_gmt":"2023-07-24T10:33:08","guid":{"rendered":"https:\/\/viqtor.eu\/?page_id=8869"},"modified":"2023-09-20T10:54:39","modified_gmt":"2023-09-20T10:54:39","slug":"politique-generale-de-protection-des-donnees-a-caractere-personnel","status":"publish","type":"page","link":"https:\/\/viqtor.eu\/hr\/politique-generale-de-protection-des-donnees-a-caractere-personnel\/","title":{"rendered":"Op\u0107a politika za\u0161tite osobnih podataka"},"content":{"rendered":"<div data-elementor-type=\"wp-page\" data-elementor-id=\"8869\" class=\"elementor elementor-8869\" data-elementor-post-type=\"page\">\n\t\t\t\t\t\t<section class=\"elementor-section elementor-top-section elementor-element elementor-element-747390f0 ot-traditional elementor-section-boxed elementor-section-height-default elementor-section-height-default\" data-id=\"747390f0\" data-element_type=\"section\">\n\t\t\t\t\t\t<div class=\"elementor-container elementor-column-gap-default\">\n\t\t\t\t\t<div class=\"elementor-column elementor-col-100 elementor-top-column elementor-element elementor-element-2fbcdc64 ot-flex-column-vertical\" data-id=\"2fbcdc64\" data-element_type=\"column\">\n\t\t\t<div class=\"elementor-widget-wrap elementor-element-populated\">\n\t\t\t\t\t\t<div class=\"elementor-element elementor-element-69294830 elementor-widget elementor-widget-text-editor\" data-id=\"69294830\" data-element_type=\"widget\" data-widget_type=\"text-editor.default\">\n\t\t\t\t<div class=\"elementor-widget-container\">\n\t\t\t\t\t\t\t<p>Po\u0161tovanje privatnosti i za\u0161tita osobnih podataka predstavljaju faktor povjerenja, vrijednost kojoj je DBWO posebno privr\u017een, pridaju\u0107i va\u017enost po\u0161tivanju temeljnih sloboda i prava svakog pojedinca.<\/p>\n<p>Ova politika za\u0161tite osobnih podataka pokazuje obveze koje DBWO provodi u kontekstu svojih svakodnevnih aktivnosti za odgovorno kori\u0161tenje osobnih podataka.<\/p>\n<p>\u00a0<\/p>\n<p><b>Slu\u017ebenik za za\u0161titu podataka (DPO)<\/b><\/p>\n<p>Kako bi se o\u010duvala privatnost i za\u0161tita osobnih podataka svih, DBWO je 2020. godine imenovao slu\u017ebenika za za\u0161titu podataka (DPO) koji obavlja svoje du\u017enosti za sve njegove strukture.<\/p>\n<p>Slu\u017ebenik za za\u0161titu podataka je pouzdani predstavnik. Specijalist za za\u0161titu osobnih podataka, odgovoran za osiguravanje o\u010duvanja privatnosti i pravilnu primjenu pravila o za\u0161titi osobnih podataka, glavni kontakt za Francusku Nacionalnu komisiju za informacijsku tehnologiju i gra\u0111anske slobode (CNIL) i sve osobe na koje se odnosi prikupljanje ili obrada osobnih podataka.<\/p>\n<p>Za kontakt s na\u0161im slu\u017ebenikom za za\u0161titu podataka:<\/p>\n<p>DPO@DBWO.FR<\/p>\n<p>DBWO je izdava\u010d platforme Viqtor\u00ae.<\/p>\n<p>Ova platforma \u201eUskla\u0111enost kao usluga\u201c je softverski paket usmjeren na olak\u0161avanje implementacije i pra\u0107enja uskla\u0111enosti organizacija s Op\u0107om uredbom o za\u0161titi podataka.<\/p>\n<p>\u00a0<\/p>\n<p><b>Osobne podatke koje obra\u0111uje DBWO<\/b><\/p>\n<p><strong>Kao dio svoje politike zapo\u0161ljavanja<\/strong>DBWO prima zahtjeve popra\u0107ene \u017eivotopisima ili \u010dak ispunjene osobnim podacima koji omogu\u0107uju stvaranje datoteke razgovora za posao koju dostave kandidati, a koja \u0107e se \u010duvati dvije godine nakon primitka, osim ako doti\u010dna osoba ne zaposli ili ne zatra\u017ei drugi zahtjev.<\/p>\n<p><strong>U kontekstu izvr\u0161avanja ugovora o radu svojih zaposlenika ili ugovora o pru\u017eanju usluga svojih pojedina\u010dnih pru\u017eatelja usluga <\/strong>DBWO obra\u0111uje osobne podatke potrebne za organizaciju svoje misije ili svojih zakonskih obveza (podaci o bra\u010dnom statusu, financijski podaci, podaci koji se odnose na osobni \u017eivot, diplome i ovla\u0161tenja, komunikacijski podaci itd.). Podaci se \u010duvaju tijekom cijelog ugovornog odnosa, a za neke od njih i produljuju se zbog zakonskih ili poreznih zahtjeva.\u00a0 \u00a0<\/p>\n<p><strong>Kao dio svojih komercijalnih napora<\/strong> isklju\u010divo za profesionalce u svom sektoru, DBWO je tako\u0111er du\u017ean obra\u0111ivati osobne podatke kao \u0161to su ime, tvrtka, pozicija, telefonski broj, adresa e-po\u0161te koje izravno dobiva tijekom razmjena na sajmovima ili doga\u0111ajima, zahtjeva upu\u0107enih njegovim uslugama ili putem njegove web stranice od strane potencijalnih klijenata ili neizravno od tvrtki specijaliziranih za izradu sektorskih profesionalnih baza podataka. Obrada ovih podataka djelomi\u010dno se temelji na legitimnom interesu (zahtjev za informacijama, razmjena kontaktnih podataka), a djelomi\u010dno na privoli. Doti\u010dna osoba mo\u017ee u bilo kojem trenutku zatra\u017eiti brisanje svojih podataka.<\/p>\n<p><strong>U kontekstu izvr\u0161enja svojih ugovora, <\/strong>DBWO obra\u0111uje osobne podatke kontakata i dopisnika koje odrede njegovi klijenti ili podizvo\u0111a\u010di te \u010duva te podatke (prezime, ime, adresu e-po\u0161te, telefonski broj, poziciju, tvrtku) tijekom cijelog ugovornog odnosa, osim ako od Dru\u0161tva ne dobije upute za brisanje kontakta iz svojih baza podataka.<\/p>\n<p>\u00a0<\/p>\n<p><b>Na\u010dela koja se primjenjuju na za\u0161titu osobnih podataka<\/b><\/p>\n<p>DBWO primjenjuje na\u010dela definirana od strane Privacy by Design u svim svojim projektima i provodi politiku informiranja i podizanja svijesti me\u0111u svojim timovima o uskla\u0111enosti s na\u010delima utvr\u0111enim u Op\u0107oj uredbi o za\u0161titi podataka.<\/p>\n<p>Svojim klijentima nudi softver kompatibilan sa svim zahtjevima Op\u0107e uredbe o za\u0161titi podataka.<\/p>\n<p>1. Specifi\u010dna, eksplicitna i legitimna svrha obrade:<\/p>\n<p>Kada se prikupljaju osobni podaci, oni se prikupljaju za odre\u0111ene ciljeve (svrhe) definirane potrebama obrade na\u0161ih korisnika.<\/p>\n<p>2. Udio i relevantnost prikupljenih podataka:<\/p>\n<p>Prikupljeni osobni podaci strogo su potrebni za svrhu prikupljanja. Dizajn DBWO softvera nastoji smanjiti prikupljene podatke.<\/p>\n<p>3. Ograni\u010deno razdoblje \u010duvanja osobnih podataka:<\/p>\n<p>Osobni podaci, kada se pohranjuju pod odgovorno\u0161\u0107u DBWO-a, \u010duvaju se ograni\u010deno vrijeme koje ne prelazi razdoblje potrebno za potrebe prikupljanja.<\/p>\n<p>4. Povjerljivost \/ Sigurnost podataka:\u00a0<\/p>\n<p>Provode se Politike za\u0161tite informacijskih sustava (PSSI), prilago\u0111ene prirodi obra\u0111enih podataka i njihovoj obradi.<\/p>\n<p>Na snazi su odgovaraju\u0107e fizi\u010dke, logi\u010dke i organizacijske sigurnosne mjere kako bi se osigurala povjerljivost podataka, uklju\u010duju\u0107i sprje\u010davanje neovla\u0161tenog pristupa.<\/p>\n<p>DBWO tako\u0111er zahtijeva od svakog podizvo\u0111a\u010da da osigura odgovaraju\u0107e za\u0161titne mjere kako bi se osigurala sigurnost i povjerljivost osobnih podataka.<\/p>\n<p>5. Prava pojedinaca:<\/p>\n<p>U vezi s obradom koja se provodi pod odgovorno\u0161\u0107u DBWO-a<\/p>\n<ul>\n<li style=\"list-style-type: none;\">\n<ul><!-- wp:list-item --><\/ul>\n<\/li>\n<\/ul>\n<ul>\n<li style=\"list-style-type: none;\">\n<ul>\n<li>Provode se sva potrebna sredstva za jam\u010denje u\u010dinkovitosti prava pojedinaca u vezi s njihovim osobnim podacima.<\/li>\n<\/ul>\n<\/li>\n<\/ul>\n<p><!-- \/wp:list-item --> <!-- wp:list-item --><\/p>\n<ul>\n<li style=\"list-style-type: none;\">\n<ul>\n<li>Osobni podaci prikupljaju se po\u0161teno; nijedno prikupljanje se ne provodi bez znanja pojedinaca ili bez njihove informiranosti.<\/li>\n<\/ul>\n<\/li>\n<\/ul>\n<p><!-- \/wp:list-item --> <!-- wp:list-item --><\/p>\n<ul>\n<li style=\"list-style-type: none;\">\n<ul>\n<li>Prikupljeni osobni podaci dostavljaju se doti\u010dnim osobama.<\/li>\n<\/ul>\n<\/li>\n<\/ul>\n<p><!-- \/wp:list-item --> <!-- wp:list-item --><\/p>\n<ul>\n<li style=\"list-style-type: none;\">\n<ul>\n<li>Prikupljeni podaci se naknadno ne koriste na na\u010din koji nije u skladu s tim svrhama.<\/li>\n<\/ul>\n<\/li>\n<\/ul>\n<p><!-- \/wp:list-item --> <!-- wp:list-item --><\/p>\n<ul>\n<li style=\"list-style-type: none;\">\n<ul>\n<li>Osobni podaci se odr\u017eavaju to\u010dnima i a\u017eurnima.<\/li>\n<\/ul>\n<\/li>\n<\/ul>\n<p><!-- \/wp:list-item --> <!-- wp:list-item --><\/p>\n<ul>\n<li style=\"list-style-type: none;\">\n<ul>\n<li>Razdoblja \u010duvanja podataka dostavljaju se pojedincima i variraju ovisno o prirodi podataka, svrsi obrade ili zakonskim ili regulatornim zahtjevima.<\/li>\n<\/ul>\n<\/li>\n<\/ul>\n<p><!-- \/wp:list-item --> <!-- wp:list-item --><\/p>\n<ul>\n<li style=\"list-style-type: none;\">\n<ul>\n<li>Ako bi se osobni podaci prenosili u zemlje koje se nalaze u Europskoj uniji ili izvan Europske unije, doti\u010dne osobe bi bile posebno obavije\u0161tene i poduzele bi se posebne mjere za reguliranje tih prijenosa.<\/li>\n<\/ul>\n<\/li>\n<\/ul>\n<p><!-- \/wp:list-item --> <!-- wp:list-item --><\/p>\n<ul>\n<li style=\"list-style-type: none;\">\n<ul>\n<li>Provode se sredstva potrebna za jam\u010denje u\u010dinkovitosti prava pojedinaca nad njihovim osobnim podacima, posebno putem jasnih i potpunih informacija o provedenoj obradi podataka, lako dostupnih i razumljivih svima.<\/li>\n<\/ul>\n<\/li>\n<\/ul>\n<p><!-- \/wp:list-item --> <!-- wp:list-item --><\/p>\n<ul>\n<li style=\"list-style-type: none;\">\n<ul>\n<li>Svatko ima prava nad svojim osobnim podacima, koja mo\u017ee ostvariti u bilo kojem trenutku i besplatno, pru\u017eanjem dokaza o svom identitetu. Pojedinci stoga mogu pristupiti svojim osobnim podacima i, u odre\u0111enim slu\u010dajevima, zatra\u017eiti njihov ispravak, brisanje ili prigovor na njihovu obradu.<\/li>\n<\/ul>\n<\/li>\n<\/ul>\n<p><!-- \/wp:list-item --><\/p>\n<p><b>U vezi s obradom koja se provodi pod odgovorno\u0161\u0107u korisnika DBWO softvera<\/b><\/p>\n<ul>\n<li style=\"list-style-type: none;\">\n<ul><!-- wp:list-item --><\/ul>\n<\/li>\n<\/ul>\n<ul>\n<li style=\"list-style-type: none;\">\n<ul>\n<li>DBWO podi\u017ee svijest i obu\u010dava sve svoje zaposlenike koji dolaze u kontakt s privatnim podacima kao dio operacija odr\u017eavanja o na\u010delima utvr\u0111enim GDPR-om.<\/li>\n<\/ul>\n<\/li>\n<\/ul>\n<p><!-- \/wp:list-item --> <!-- wp:list-item --><\/p>\n<ul>\n<li style=\"list-style-type: none;\">\n<ul>\n<li>DBWO informira korisnike svog softvera o bitnim pravilima koja odre\u0111uju zakonitost obrade privatnih podataka.<\/li>\n<\/ul>\n<\/li>\n<\/ul>\n<p><!-- \/wp:list-item --> <!-- wp:list-item --><\/p>\n<ul>\n<li style=\"list-style-type: none;\">\n<ul>\n<li>DBWO obavje\u0161tava korisnike svog softvera o mjerama opreza potrebnim za za\u0161titu prikupljenih osobnih podataka.<\/li>\n<\/ul>\n<\/li>\n<\/ul>\n<p><!-- \/wp:list-item --> <!-- wp:list-item --><\/p>\n<ul>\n<li style=\"list-style-type: none;\">\n<ul>\n<li>DBWO softver pru\u017ea alate za za\u0161titu ovih podataka (bilje\u017eenje, pseudonimizacija, \u0161ifriranje itd.)<\/li>\n<\/ul>\n<\/li>\n<\/ul>\n<p><!-- \/wp:list-item --> <!-- wp:list-item --><\/p>\n<ul>\n<li style=\"list-style-type: none;\">\n<ul>\n<li><a href=\"https:\/\/app.viqtor.eu\/gdpr-rights-exercise\">Pristup tim pravima<\/a> (pristup, ispravak, brisanje, prigovor) omogu\u0107en je funkcionalnostima softvera koji koristi DBWO.<br \/><br \/><\/li>\n<\/ul>\n<\/li>\n<\/ul>\n<p><!-- \/wp:list-item --><\/p>\n<p>6. Prava koja proizlaze iz Zakona za digitalnu Republiku.<\/p>\n<p>Novi \u010dlanak 40-1 Zakona o za\u0161titi podataka omogu\u0107uje pojedincima da daju upute u vezi sa zadr\u017eavanjem, brisanjem i komunikacijom svojih podataka nakon njihove smrti.<\/p>\n<p>Za provo\u0111enje ovih uputa mo\u017ee se odrediti osoba. Ta osoba tada ima ovlast, nakon smrti osobe, upoznati se s uputama i zatra\u017eiti njihovu provedbu od doti\u010dnih kontrolora podataka.<\/p>\n<p>U nedostatku uputa koje je osoba dala za \u017eivota, nasljednici \u0107e imati mogu\u0107nost ostvarivanja odre\u0111enih prava, posebno:<\/p>\n<ul>\n<li style=\"list-style-type: none;\">\n<ul><!-- wp:list-item --><\/ul>\n<\/li>\n<\/ul>\n<ul>\n<li style=\"list-style-type: none;\">\n<ul>\n<li>Pravo pristupa, ako je potrebno za rje\u0161avanje ostavinske mase pokojnika;<\/li>\n<\/ul>\n<\/li>\n<\/ul>\n<p><!-- \/wp:list-item --> <!-- wp:list-item --><\/p>\n<ul>\n<li style=\"list-style-type: none;\">\n<ul>\n<li>Pravo na prigovor na zatvaranje korisni\u010dkih ra\u010duna pokojnika i na obradu njihovih podataka.<\/li>\n<\/ul>\n<\/li>\n<\/ul>\n<p><!-- \/wp:list-item --><\/p>\n<p><b>Pra\u0107enje Politike za\u0161tite osobnih podataka.<\/b><\/p>\n<p>Ova se politika redovito a\u017eurira kako bi se uzeli u obzir zakonodavni i regulatorni razvoji te sve promjene u organizaciji DBWO-a ili u ponu\u0111enim ponudama, proizvodima i uslugama.<\/p>\t\t\t\t\t\t<\/div>\n\t\t\t\t<\/div>\n\t\t\t\t\t<\/div>\n\t\t<\/div>\n\t\t\t\t\t<\/div>\n\t\t<\/section>\n\t\t\t\t<\/div>","protected":false},"excerpt":{"rendered":"<p>Le respect de la vie priv\u00e9e et de la protection des donn\u00e9es \u00e0 caract\u00e8re personnel constitue un facteur de confiance, valeur \u00e0 laquelle tient particuli\u00e8rement DBWO, en s\u2019attachant au respect des libert\u00e9s et droits fondamentaux de chacun. La pr\u00e9sente politique de protection des donn\u00e9es \u00e0 caract\u00e8re personnel t\u00e9moigne des engagements mis en \u0153uvre par DBWO [&hellip;]<\/p>","protected":false},"author":1,"featured_media":0,"parent":0,"menu_order":0,"comment_status":"closed","ping_status":"closed","template":"","meta":{"_acf_changed":false,"footnotes":""},"class_list":["post-8869","page","type-page","status-publish","hentry"],"acf":[],"yoast_head":"<!-- This site is optimized with the Yoast SEO plugin v23.6 - https:\/\/yoast.com\/wordpress\/plugins\/seo\/ -->\n<title>Politique g\u00e9n\u00e9rale de protection des donn\u00e9es \u00e0 caract\u00e8re personnel - Viqtor<\/title>\n<meta name=\"robots\" content=\"noindex, nofollow\" \/>\n<meta property=\"og:locale\" content=\"hr_HR\" \/>\n<meta property=\"og:type\" content=\"article\" \/>\n<meta property=\"og:title\" content=\"Politique g\u00e9n\u00e9rale de protection des donn\u00e9es \u00e0 caract\u00e8re personnel - Viqtor\" \/>\n<meta property=\"og:description\" content=\"Le respect de la vie priv\u00e9e et de la protection des donn\u00e9es \u00e0 caract\u00e8re personnel constitue un facteur de confiance, valeur \u00e0 laquelle tient particuli\u00e8rement DBWO, en s\u2019attachant au respect des libert\u00e9s et droits fondamentaux de chacun. La pr\u00e9sente politique de protection des donn\u00e9es \u00e0 caract\u00e8re personnel t\u00e9moigne des engagements mis en \u0153uvre par DBWO [&hellip;]\" \/>\n<meta property=\"og:url\" content=\"https:\/\/viqtor.eu\/hr\/politique-generale-de-protection-des-donnees-a-caractere-personnel\/\" \/>\n<meta property=\"og:site_name\" content=\"Viqtor\" \/>\n<meta property=\"article:modified_time\" content=\"2023-09-20T10:54:39+00:00\" \/>\n<meta name=\"twitter:card\" content=\"summary_large_image\" \/>\n<meta name=\"twitter:label1\" content=\"Procijenjeno vrijeme \u010ditanja\" \/>\n\t<meta name=\"twitter:data1\" content=\"7 minuta\" \/>\n<script type=\"application\/ld+json\" class=\"yoast-schema-graph\">{\"@context\":\"https:\/\/schema.org\",\"@graph\":[{\"@type\":\"WebPage\",\"@id\":\"https:\/\/viqtor.eu\/politique-generale-de-protection-des-donnees-a-caractere-personnel\/\",\"url\":\"https:\/\/viqtor.eu\/politique-generale-de-protection-des-donnees-a-caractere-personnel\/\",\"name\":\"Politique g\u00e9n\u00e9rale de protection des donn\u00e9es \u00e0 caract\u00e8re personnel - Viqtor\",\"isPartOf\":{\"@id\":\"https:\/\/viqtor.eu\/#website\"},\"datePublished\":\"2023-07-24T10:33:08+00:00\",\"dateModified\":\"2023-09-20T10:54:39+00:00\",\"breadcrumb\":{\"@id\":\"https:\/\/viqtor.eu\/politique-generale-de-protection-des-donnees-a-caractere-personnel\/#breadcrumb\"},\"inLanguage\":\"hr\",\"potentialAction\":[{\"@type\":\"ReadAction\",\"target\":[\"https:\/\/viqtor.eu\/politique-generale-de-protection-des-donnees-a-caractere-personnel\/\"]}]},{\"@type\":\"BreadcrumbList\",\"@id\":\"https:\/\/viqtor.eu\/politique-generale-de-protection-des-donnees-a-caractere-personnel\/#breadcrumb\",\"itemListElement\":[{\"@type\":\"ListItem\",\"position\":1,\"name\":\"Accueil\",\"item\":\"https:\/\/viqtor.eu\/\"},{\"@type\":\"ListItem\",\"position\":2,\"name\":\"Politique g\u00e9n\u00e9rale de protection des donn\u00e9es \u00e0 caract\u00e8re personnel\"}]},{\"@type\":\"WebSite\",\"@id\":\"https:\/\/viqtor.eu\/#website\",\"url\":\"https:\/\/viqtor.eu\/\",\"name\":\"Viqtor\",\"description\":\"Faites du RGPD une opportunit\u00e9 pour votre entreprise.\",\"publisher\":{\"@id\":\"https:\/\/viqtor.eu\/#organization\"},\"potentialAction\":[{\"@type\":\"SearchAction\",\"target\":{\"@type\":\"EntryPoint\",\"urlTemplate\":\"https:\/\/viqtor.eu\/?s={search_term_string}\"},\"query-input\":{\"@type\":\"PropertyValueSpecification\",\"valueRequired\":true,\"valueName\":\"search_term_string\"}}],\"inLanguage\":\"hr\"},{\"@type\":\"Organization\",\"@id\":\"https:\/\/viqtor.eu\/#organization\",\"name\":\"viqtor.eu\",\"url\":\"https:\/\/viqtor.eu\/\",\"logo\":{\"@type\":\"ImageObject\",\"inLanguage\":\"hr\",\"@id\":\"https:\/\/viqtor.eu\/#\/schema\/logo\/image\/\",\"url\":\"https:\/\/viqtor.eu\/wp-content\/uploads\/2023\/06\/favicon-noir.svg\",\"contentUrl\":\"https:\/\/viqtor.eu\/wp-content\/uploads\/2023\/06\/favicon-noir.svg\",\"width\":108,\"height\":86,\"caption\":\"viqtor.eu\"},\"image\":{\"@id\":\"https:\/\/viqtor.eu\/#\/schema\/logo\/image\/\"}}]}<\/script>\n<!-- \/ Yoast SEO plugin. -->","yoast_head_json":{"title":"Politique g\u00e9n\u00e9rale de protection des donn\u00e9es \u00e0 caract\u00e8re personnel - Viqtor","robots":{"index":"noindex","follow":"nofollow"},"og_locale":"hr_HR","og_type":"article","og_title":"Politique g\u00e9n\u00e9rale de protection des donn\u00e9es \u00e0 caract\u00e8re personnel - Viqtor","og_description":"Le respect de la vie priv\u00e9e et de la protection des donn\u00e9es \u00e0 caract\u00e8re personnel constitue un facteur de confiance, valeur \u00e0 laquelle tient particuli\u00e8rement DBWO, en s\u2019attachant au respect des libert\u00e9s et droits fondamentaux de chacun. La pr\u00e9sente politique de protection des donn\u00e9es \u00e0 caract\u00e8re personnel t\u00e9moigne des engagements mis en \u0153uvre par DBWO [&hellip;]","og_url":"https:\/\/viqtor.eu\/hr\/politique-generale-de-protection-des-donnees-a-caractere-personnel\/","og_site_name":"Viqtor","article_modified_time":"2023-09-20T10:54:39+00:00","twitter_card":"summary_large_image","twitter_misc":{"Procijenjeno vrijeme \u010ditanja":"7 minuta"},"schema":{"@context":"https:\/\/schema.org","@graph":[{"@type":"WebPage","@id":"https:\/\/viqtor.eu\/politique-generale-de-protection-des-donnees-a-caractere-personnel\/","url":"https:\/\/viqtor.eu\/politique-generale-de-protection-des-donnees-a-caractere-personnel\/","name":"Politique g\u00e9n\u00e9rale de protection des donn\u00e9es \u00e0 caract\u00e8re personnel - Viqtor","isPartOf":{"@id":"https:\/\/viqtor.eu\/#website"},"datePublished":"2023-07-24T10:33:08+00:00","dateModified":"2023-09-20T10:54:39+00:00","breadcrumb":{"@id":"https:\/\/viqtor.eu\/politique-generale-de-protection-des-donnees-a-caractere-personnel\/#breadcrumb"},"inLanguage":"hr","potentialAction":[{"@type":"ReadAction","target":["https:\/\/viqtor.eu\/politique-generale-de-protection-des-donnees-a-caractere-personnel\/"]}]},{"@type":"BreadcrumbList","@id":"https:\/\/viqtor.eu\/politique-generale-de-protection-des-donnees-a-caractere-personnel\/#breadcrumb","itemListElement":[{"@type":"ListItem","position":1,"name":"Accueil","item":"https:\/\/viqtor.eu\/"},{"@type":"ListItem","position":2,"name":"Politique g\u00e9n\u00e9rale de protection des donn\u00e9es \u00e0 caract\u00e8re personnel"}]},{"@type":"WebSite","@id":"https:\/\/viqtor.eu\/#website","url":"https:\/\/viqtor.eu\/","name":"Viqtor","description":"Faites du RGPD une opportunit\u00e9 pour votre entreprise.","publisher":{"@id":"https:\/\/viqtor.eu\/#organization"},"potentialAction":[{"@type":"SearchAction","target":{"@type":"EntryPoint","urlTemplate":"https:\/\/viqtor.eu\/?s={search_term_string}"},"query-input":{"@type":"PropertyValueSpecification","valueRequired":true,"valueName":"search_term_string"}}],"inLanguage":"hr"},{"@type":"Organization","@id":"https:\/\/viqtor.eu\/#organization","name":"viqtor.eu","url":"https:\/\/viqtor.eu\/","logo":{"@type":"ImageObject","inLanguage":"hr","@id":"https:\/\/viqtor.eu\/#\/schema\/logo\/image\/","url":"https:\/\/viqtor.eu\/wp-content\/uploads\/2023\/06\/favicon-noir.svg","contentUrl":"https:\/\/viqtor.eu\/wp-content\/uploads\/2023\/06\/favicon-noir.svg","width":108,"height":86,"caption":"viqtor.eu"},"image":{"@id":"https:\/\/viqtor.eu\/#\/schema\/logo\/image\/"}}]}},"_links":{"self":[{"href":"https:\/\/viqtor.eu\/hr\/wp-json\/wp\/v2\/pages\/8869","targetHints":{"allow":["GET"]}}],"collection":[{"href":"https:\/\/viqtor.eu\/hr\/wp-json\/wp\/v2\/pages"}],"about":[{"href":"https:\/\/viqtor.eu\/hr\/wp-json\/wp\/v2\/types\/page"}],"author":[{"embeddable":true,"href":"https:\/\/viqtor.eu\/hr\/wp-json\/wp\/v2\/users\/1"}],"replies":[{"embeddable":true,"href":"https:\/\/viqtor.eu\/hr\/wp-json\/wp\/v2\/comments?post=8869"}],"version-history":[{"count":12,"href":"https:\/\/viqtor.eu\/hr\/wp-json\/wp\/v2\/pages\/8869\/revisions"}],"predecessor-version":[{"id":9625,"href":"https:\/\/viqtor.eu\/hr\/wp-json\/wp\/v2\/pages\/8869\/revisions\/9625"}],"wp:attachment":[{"href":"https:\/\/viqtor.eu\/hr\/wp-json\/wp\/v2\/media?parent=8869"}],"curies":[{"name":"wp","href":"https:\/\/api.w.org\/{rel}","templated":true}]}}