{"id":5357,"date":"2023-04-18T13:21:47","date_gmt":"2023-04-18T13:21:47","guid":{"rendered":"https:\/\/exciting-panini.13-37-234-21.plesk.page\/?page_id=5357"},"modified":"2024-09-18T14:50:41","modified_gmt":"2024-09-18T14:50:41","slug":"veille-juridique","status":"publish","type":"page","link":"https:\/\/viqtor.eu\/hr\/veille-juridique\/","title":{"rendered":"Pravni nadzor"},"content":{"rendered":"<div data-elementor-type=\"wp-page\" data-elementor-id=\"5357\" class=\"elementor elementor-5357\" data-elementor-post-type=\"page\">\n\t\t\t\t\t\t<section class=\"elementor-section elementor-top-section elementor-element elementor-element-f22ffff ot-traditional elementor-section-boxed elementor-section-height-default elementor-section-height-default\" data-id=\"f22ffff\" data-element_type=\"section\">\n\t\t\t\t\t\t<div class=\"elementor-container elementor-column-gap-default\">\n\t\t\t\t\t<div class=\"elementor-column elementor-col-100 elementor-top-column elementor-element elementor-element-ded1285 ot-flex-column-vertical\" data-id=\"ded1285\" data-element_type=\"column\">\n\t\t\t<div class=\"elementor-widget-wrap elementor-element-populated\">\n\t\t\t\t\t\t<div class=\"elementor-element elementor-element-901e2be elementor-widget elementor-widget-heading\" data-id=\"901e2be\" data-element_type=\"widget\" data-widget_type=\"heading.default\">\n\t\t\t\t<div class=\"elementor-widget-container\">\n\t\t\t<h1 class=\"elementor-heading-title elementor-size-default\">Pravni nadzor<\/h1>\t\t<\/div>\n\t\t\t\t<\/div>\n\t\t\t\t\t<\/div>\n\t\t<\/div>\n\t\t\t\t\t<\/div>\n\t\t<\/section>\n\t\t\t\t<section class=\"elementor-section elementor-top-section elementor-element elementor-element-bd3d560 ot-traditional elementor-section-boxed elementor-section-height-default elementor-section-height-default\" data-id=\"bd3d560\" data-element_type=\"section\">\n\t\t\t\t\t\t<div class=\"elementor-container elementor-column-gap-default\">\n\t\t\t\t\t<div class=\"elementor-column elementor-col-100 elementor-top-column elementor-element elementor-element-958f45a ot-flex-column-vertical\" data-id=\"958f45a\" data-element_type=\"column\">\n\t\t\t<div class=\"elementor-widget-wrap elementor-element-populated\">\n\t\t\t\t\t\t<div class=\"elementor-element elementor-element-44c3235 elementor-widget elementor-widget-ipost_grid\" data-id=\"44c3235\" data-element_type=\"widget\" data-widget_type=\"ipost_grid.default\">\n\t\t\t\t<div class=\"elementor-widget-container\">\n\t\t\t\r\n\t\t<div class=\"post-grid pgrid row\">\r\n\t\t\t \r\n\t\t\t\t<div class=\"pgrid-box\">\r\n\t\t\t\t<article class=\"post-box blog-item\">\r\n\t\t\t\t\t<div class=\"post-inner\">\r\n\t\t\t\t\t\t\t\t\t\t\t\t\r\n\t\t\t\t\t        <div class=\"entry-media\">\r\n\t\t\t\t\t        \t<div class=\"post-cat\"><span class=\"posted-in\"><a href=\"https:\/\/viqtor.eu\/hr\/category\/veille-juridique\/\" rel=\"category tag\">Pravni nadzor<\/a><\/span><\/div>\t\t\t\t\t            <a href=\"https:\/\/viqtor.eu\/hr\/cameras-augmentees-la-cnil-pose-de-nouvelles-balises\/\">\r\n\t\t\t\t\t                <img fetchpriority=\"high\" decoding=\"async\" width=\"601\" height=\"520\" src=\"https:\/\/viqtor.eu\/wp-content\/uploads\/2026\/03\/shutterstock_2704704709_1773309827037-3-601x520.jpg\" class=\"attachment-engitech-slider-post-thumbnail size-engitech-slider-post-thumbnail wp-post-image\" alt=\"\" \/>\t\t\t\t\t            <\/a>\r\n\t\t\t\t\t        <\/div>\r\n\t\t\t\t\t        \r\n\t\t\t\t\t    \r\n\t\t\t\t\t\t<div class=\"inner-post\">\r\n\t\t\t\t\t\t\t<div class=\"entry-header\">\r\n\r\n\t\t\t\t\t\t\t\t\r\n\t\t\t\t\t\t\t\t<h3 class=\"entry-title\"><a href=\"https:\/\/viqtor.eu\/hr\/cameras-augmentees-la-cnil-pose-de-nouvelles-balises\/\" rel=\"bookmark\">Pro\u0161irene kamere: CNIL postavlja nove smjernice.<\/a><\/h3>\r\n\t\t\t\t\t\t\t<\/div><!-- .entry-header -->\r\n\t\t\t\t\t\t\t\r\n\t\t\t\t\t\t\t\t\t\t\t\t\t\t<div class=\"entry-summary the-excerpt\">\r\n\r\n\t\t\t\t\t            <p>Pravni nadzor br. 84 \u2013 lipanj 2025. Pro\u0161irene kamere: CNIL postavlja nove smjernice. Dana 11. srpnja CNIL (Francusko tijelo za za\u0161titu podataka) presudio je da kori\u0161tenje \u201epro\u0161irenih\u201c kamera za procjenu dobi kupaca u trgovinama duhana radi kontrole prodaje proizvoda zabranjenih maloljetnicima nije ni potrebno ni proporcionalno. Ove [\u2026]\n\r\n\t\t\t\t\t        <\/div><!-- .entry-content -->\r\n\t\t\t\t\t\t\t\t\t\t\t\t\t\t<div class=\"btn-readmore\">\r\n\t\t\t\t\t\t\t\t<a href=\"https:\/\/viqtor.eu\/hr\/cameras-augmentees-la-cnil-pose-de-nouvelles-balises\/\"><i class=\"flaticon-right-arrow-1\"><\/i>Pro\u010ditajte vi\u0161e<\/a>\t\t\t\t\t\t\t<\/div>\r\n\t\t\t\t\t\t<\/div>\r\n\t\t\t\t\t<\/div>\r\n\t\t\t\t<\/article>\r\n\t\t\t\t<\/div>\r\n\t\t\t \r\n\t\t\t\t<div class=\"pgrid-box\">\r\n\t\t\t\t<article class=\"post-box blog-item\">\r\n\t\t\t\t\t<div class=\"post-inner\">\r\n\t\t\t\t\t\t\t\t\t\t\t\t\r\n\t\t\t\t\t        <div class=\"entry-media\">\r\n\t\t\t\t\t        \t<div class=\"post-cat\"><span class=\"posted-in\"><a href=\"https:\/\/viqtor.eu\/hr\/category\/veille-juridique\/\" rel=\"category tag\">Pravni nadzor<\/a><\/span><\/div>\t\t\t\t\t            <a href=\"https:\/\/viqtor.eu\/hr\/la-souverainete-europeenne-en-matiere-de-donnees-un-voeu-pieux\/\">\r\n\t\t\t\t\t                <img decoding=\"async\" width=\"601\" height=\"520\" src=\"https:\/\/viqtor.eu\/wp-content\/uploads\/2026\/03\/shutterstock_2630309855_1773309574611-1-601x520.jpg\" class=\"attachment-engitech-slider-post-thumbnail size-engitech-slider-post-thumbnail wp-post-image\" alt=\"\" \/>\t\t\t\t\t            <\/a>\r\n\t\t\t\t\t        <\/div>\r\n\t\t\t\t\t        \r\n\t\t\t\t\t    \r\n\t\t\t\t\t\t<div class=\"inner-post\">\r\n\t\t\t\t\t\t\t<div class=\"entry-header\">\r\n\r\n\t\t\t\t\t\t\t\t\r\n\t\t\t\t\t\t\t\t<h3 class=\"entry-title\"><a href=\"https:\/\/viqtor.eu\/hr\/la-souverainete-europeenne-en-matiere-de-donnees-un-voeu-pieux\/\" rel=\"bookmark\">Europski suverenitet podataka: pusta \u017eelja?<\/a><\/h3>\r\n\t\t\t\t\t\t\t<\/div><!-- .entry-header -->\r\n\t\t\t\t\t\t\t\r\n\t\t\t\t\t\t\t\t\t\t\t\t\t\t<div class=\"entry-summary the-excerpt\">\r\n\r\n\t\t\t\t\t            <p>Pravni nadzor br. 83 \u2013 svibanj 2025. Europski suverenitet podataka: pusti san? Microsoftovo blokiranje e-mail ra\u010duna glavnog tu\u017eitelja Me\u0111unarodnog kaznenog suda (ICC), Karima Khana, postavlja klju\u010dno pitanje digitalnog suvereniteta Francuske i Europe op\u0107enito s obzirom na [\u2026]\n\r\n\t\t\t\t\t        <\/div><!-- .entry-content -->\r\n\t\t\t\t\t\t\t\t\t\t\t\t\t\t<div class=\"btn-readmore\">\r\n\t\t\t\t\t\t\t\t<a href=\"https:\/\/viqtor.eu\/hr\/la-souverainete-europeenne-en-matiere-de-donnees-un-voeu-pieux\/\"><i class=\"flaticon-right-arrow-1\"><\/i>Pro\u010ditajte vi\u0161e<\/a>\t\t\t\t\t\t\t<\/div>\r\n\t\t\t\t\t\t<\/div>\r\n\t\t\t\t\t<\/div>\r\n\t\t\t\t<\/article>\r\n\t\t\t\t<\/div>\r\n\t\t\t \r\n\t\t\t\t<div class=\"pgrid-box\">\r\n\t\t\t\t<article class=\"post-box blog-item\">\r\n\t\t\t\t\t<div class=\"post-inner\">\r\n\t\t\t\t\t\t\t\t\t\t\t\t\r\n\t\t\t\t\t        <div class=\"entry-media\">\r\n\t\t\t\t\t        \t<div class=\"post-cat\"><span class=\"posted-in\"><a href=\"https:\/\/viqtor.eu\/hr\/category\/veille-juridique\/\" rel=\"category tag\">Pravni nadzor<\/a><\/span><\/div>\t\t\t\t\t            <a href=\"https:\/\/viqtor.eu\/hr\/protection-des-donnees-et-simplification-des-normes-a-quoi-faut-il-sattendre\/\">\r\n\t\t\t\t\t                <img decoding=\"async\" width=\"601\" height=\"520\" src=\"https:\/\/viqtor.eu\/wp-content\/uploads\/2026\/03\/shutterstock_2694495575_1773309350287-1-601x520.jpg\" class=\"attachment-engitech-slider-post-thumbnail size-engitech-slider-post-thumbnail wp-post-image\" alt=\"\" \/>\t\t\t\t\t            <\/a>\r\n\t\t\t\t\t        <\/div>\r\n\t\t\t\t\t        \r\n\t\t\t\t\t    \r\n\t\t\t\t\t\t<div class=\"inner-post\">\r\n\t\t\t\t\t\t\t<div class=\"entry-header\">\r\n\r\n\t\t\t\t\t\t\t\t\r\n\t\t\t\t\t\t\t\t<h3 class=\"entry-title\"><a href=\"https:\/\/viqtor.eu\/hr\/protection-des-donnees-et-simplification-des-normes-a-quoi-faut-il-sattendre\/\" rel=\"bookmark\">Za\u0161tita podataka i pojednostavljenje standarda: \u0161to mo\u017eemo o\u010dekivati?<\/a><\/h3>\r\n\t\t\t\t\t\t\t<\/div><!-- .entry-header -->\r\n\t\t\t\t\t\t\t\r\n\t\t\t\t\t\t\t\t\t\t\t\t\t\t<div class=\"entry-summary the-excerpt\">\r\n\r\n\t\t\t\t\t            <p>Pravni nadzor br. 82 \u2013 travanj 2025. Za\u0161tita podataka i pojednostavljenje standarda: \u0160to o\u010dekivati? Pitanje pojednostavljenja standarda, ponavljaju\u0107a tema rasprava u Europi, dobilo je na posebnoj va\u017enosti od promjene vodstva u Bijeloj ku\u0107i. Na pari\u0161kom samitu o umjetnoj inteligenciji (AI) u [\u2026]\n\r\n\t\t\t\t\t        <\/div><!-- .entry-content -->\r\n\t\t\t\t\t\t\t\t\t\t\t\t\t\t<div class=\"btn-readmore\">\r\n\t\t\t\t\t\t\t\t<a href=\"https:\/\/viqtor.eu\/hr\/protection-des-donnees-et-simplification-des-normes-a-quoi-faut-il-sattendre\/\"><i class=\"flaticon-right-arrow-1\"><\/i>Pro\u010ditajte vi\u0161e<\/a>\t\t\t\t\t\t\t<\/div>\r\n\t\t\t\t\t\t<\/div>\r\n\t\t\t\t\t<\/div>\r\n\t\t\t\t<\/article>\r\n\t\t\t\t<\/div>\r\n\t\t\t \r\n\t\t\t\t<div class=\"pgrid-box\">\r\n\t\t\t\t<article class=\"post-box blog-item\">\r\n\t\t\t\t\t<div class=\"post-inner\">\r\n\t\t\t\t\t\t\t\t\t\t\t\t\r\n\t\t\t\t\t        <div class=\"entry-media\">\r\n\t\t\t\t\t        \t<div class=\"post-cat\"><span class=\"posted-in\"><a href=\"https:\/\/viqtor.eu\/hr\/category\/veille-juridique\/\" rel=\"category tag\">Pravni nadzor<\/a><\/span><\/div>\t\t\t\t\t            <a href=\"https:\/\/viqtor.eu\/hr\/violations-de-donnees-quelle-application-de-la-loi-pour-quelles-sanctions\/\">\r\n\t\t\t\t\t                <img loading=\"lazy\" decoding=\"async\" width=\"601\" height=\"520\" src=\"https:\/\/viqtor.eu\/wp-content\/uploads\/2026\/03\/shutterstock_2733065965_1773309100558-1-601x520.jpg\" class=\"attachment-engitech-slider-post-thumbnail size-engitech-slider-post-thumbnail wp-post-image\" alt=\"\" \/>\t\t\t\t\t            <\/a>\r\n\t\t\t\t\t        <\/div>\r\n\t\t\t\t\t        \r\n\t\t\t\t\t    \r\n\t\t\t\t\t\t<div class=\"inner-post\">\r\n\t\t\t\t\t\t\t<div class=\"entry-header\">\r\n\r\n\t\t\t\t\t\t\t\t\r\n\t\t\t\t\t\t\t\t<h3 class=\"entry-title\"><a href=\"https:\/\/viqtor.eu\/hr\/violations-de-donnees-quelle-application-de-la-loi-pour-quelles-sanctions\/\" rel=\"bookmark\">Kr\u0161enje podataka: koja je provedba zakona i koje su sankcije?<\/a><\/h3>\r\n\t\t\t\t\t\t\t<\/div><!-- .entry-header -->\r\n\t\t\t\t\t\t\t\r\n\t\t\t\t\t\t\t\t\t\t\t\t\t\t<div class=\"entry-summary the-excerpt\">\r\n\r\n\t\t\t\t\t            <p>Pravni nadzor br. 81 \u2013 o\u017eujak 2025. Kr\u0161enje podataka: kako se zakon primjenjuje i koje su kazne? Tko nije nedavno primio e-poruku od svog davatelja telekomunikacijskih usluga ili od nevladine organizacije kojoj mjese\u010dno donira, u kojoj ga obavje\u0161tavaju da su mu kontaktni podaci, pristupni podaci, a ponekad \u010dak i bankovni podaci, kompromitirani?\n\r\n\t\t\t\t\t        <\/div><!-- .entry-content -->\r\n\t\t\t\t\t\t\t\t\t\t\t\t\t\t<div class=\"btn-readmore\">\r\n\t\t\t\t\t\t\t\t<a href=\"https:\/\/viqtor.eu\/hr\/violations-de-donnees-quelle-application-de-la-loi-pour-quelles-sanctions\/\"><i class=\"flaticon-right-arrow-1\"><\/i>Pro\u010ditajte vi\u0161e<\/a>\t\t\t\t\t\t\t<\/div>\r\n\t\t\t\t\t\t<\/div>\r\n\t\t\t\t\t<\/div>\r\n\t\t\t\t<\/article>\r\n\t\t\t\t<\/div>\r\n\t\t\t \r\n\t\t\t\t<div class=\"pgrid-box\">\r\n\t\t\t\t<article class=\"post-box blog-item\">\r\n\t\t\t\t\t<div class=\"post-inner\">\r\n\t\t\t\t\t\t\t\t\t\t\t\t\r\n\t\t\t\t\t        <div class=\"entry-media\">\r\n\t\t\t\t\t        \t<div class=\"post-cat\"><span class=\"posted-in\"><a href=\"https:\/\/viqtor.eu\/hr\/category\/veille-juridique\/\" rel=\"category tag\">Pravni nadzor<\/a><\/span><\/div>\t\t\t\t\t            <a href=\"https:\/\/viqtor.eu\/hr\/transferts-de-donnees-vers-les-etats-unis-un-cadre-juridique-fragilise\/\">\r\n\t\t\t\t\t                <img loading=\"lazy\" decoding=\"async\" width=\"601\" height=\"520\" src=\"https:\/\/viqtor.eu\/wp-content\/uploads\/2026\/03\/shutterstock_1889109403_1773308862820-601x520.jpg\" class=\"attachment-engitech-slider-post-thumbnail size-engitech-slider-post-thumbnail wp-post-image\" alt=\"\" \/>\t\t\t\t\t            <\/a>\r\n\t\t\t\t\t        <\/div>\r\n\t\t\t\t\t        \r\n\t\t\t\t\t    \r\n\t\t\t\t\t\t<div class=\"inner-post\">\r\n\t\t\t\t\t\t\t<div class=\"entry-header\">\r\n\r\n\t\t\t\t\t\t\t\t\r\n\t\t\t\t\t\t\t\t<h3 class=\"entry-title\"><a href=\"https:\/\/viqtor.eu\/hr\/transferts-de-donnees-vers-les-etats-unis-un-cadre-juridique-fragilise\/\" rel=\"bookmark\">Prijenos podataka u Sjedinjene Dr\u017eave: oslabljen pravni okvir.<\/a><\/h3>\r\n\t\t\t\t\t\t\t<\/div><!-- .entry-header -->\r\n\t\t\t\t\t\t\t\r\n\t\t\t\t\t\t\t\t\t\t\t\t\t\t<div class=\"entry-summary the-excerpt\">\r\n\r\n\t\t\t\t\t            <p>Pravni nadzor br. 80 \u2013 velja\u010da 2025. Prijenos podataka u Sjedinjene Ameri\u010dke Dr\u017eave: oslabljen pravni okvir. Dana 5. velja\u010de, 19 \u010dlanova Europskog parlamenta iz cijelog politi\u010dkog spektra zatra\u017eilo je od Europske komisije da ispita je li Okvir za za\u0161titu podataka (DPF), koji ure\u0111uje prijenos podataka u Sjedinjene Ameri\u010dke Dr\u017eave, dovoljan za odr\u017eavanje pravnog okvira za obradu podataka.\n\r\n\t\t\t\t\t        <\/div><!-- .entry-content -->\r\n\t\t\t\t\t\t\t\t\t\t\t\t\t\t<div class=\"btn-readmore\">\r\n\t\t\t\t\t\t\t\t<a href=\"https:\/\/viqtor.eu\/hr\/transferts-de-donnees-vers-les-etats-unis-un-cadre-juridique-fragilise\/\"><i class=\"flaticon-right-arrow-1\"><\/i>Pro\u010ditajte vi\u0161e<\/a>\t\t\t\t\t\t\t<\/div>\r\n\t\t\t\t\t\t<\/div>\r\n\t\t\t\t\t<\/div>\r\n\t\t\t\t<\/article>\r\n\t\t\t\t<\/div>\r\n\t\t\t \r\n\t\t\t\t<div class=\"pgrid-box\">\r\n\t\t\t\t<article class=\"post-box blog-item\">\r\n\t\t\t\t\t<div class=\"post-inner\">\r\n\t\t\t\t\t\t\t\t\t\t\t\t\r\n\t\t\t\t\t        <div class=\"entry-media\">\r\n\t\t\t\t\t        \t<div class=\"post-cat\"><span class=\"posted-in\"><a href=\"https:\/\/viqtor.eu\/hr\/category\/veille-juridique\/\" rel=\"category tag\">Pravni nadzor<\/a><\/span><\/div>\t\t\t\t\t            <a href=\"https:\/\/viqtor.eu\/hr\/hebergement-de-donnees-professionnelles-attention-aux-plateformes-grand-public\/\">\r\n\t\t\t\t\t                <img loading=\"lazy\" decoding=\"async\" width=\"601\" height=\"520\" src=\"https:\/\/viqtor.eu\/wp-content\/uploads\/2026\/03\/shutterstock_2683499137_1773308438337-601x520.jpg\" class=\"attachment-engitech-slider-post-thumbnail size-engitech-slider-post-thumbnail wp-post-image\" alt=\"\" \/>\t\t\t\t\t            <\/a>\r\n\t\t\t\t\t        <\/div>\r\n\t\t\t\t\t        \r\n\t\t\t\t\t    \r\n\t\t\t\t\t\t<div class=\"inner-post\">\r\n\t\t\t\t\t\t\t<div class=\"entry-header\">\r\n\r\n\t\t\t\t\t\t\t\t\r\n\t\t\t\t\t\t\t\t<h3 class=\"entry-title\"><a href=\"https:\/\/viqtor.eu\/hr\/hebergement-de-donnees-professionnelles-attention-aux-plateformes-grand-public\/\" rel=\"bookmark\">Hosting profesionalnih podataka: pripazite na potro\u0161a\u010dke platforme.<\/a><\/h3>\r\n\t\t\t\t\t\t\t<\/div><!-- .entry-header -->\r\n\t\t\t\t\t\t\t\r\n\t\t\t\t\t\t\t\t\t\t\t\t\t\t<div class=\"entry-summary the-excerpt\">\r\n\r\n\t\t\t\t\t            <p>Pravni nadzor br. 79 \u2013 sije\u010danj 2025. Pohranjivanje profesionalnih podataka: \u010duvajte se potro\u0161a\u010dkih platformi. Obveze pru\u017eatelja usluga pohranjivanja podataka u vezi s borbom protiv dje\u010dje pornografije imaju dalekose\u017ean utjecaj na povjerljivost dokumenata koje im povjeravamo. To je ono \u0161to je nedavno, na svoju \u0161tetu, otkrio pari\u0161ki odvjetnik, [\u2026]\n\r\n\t\t\t\t\t        <\/div><!-- .entry-content -->\r\n\t\t\t\t\t\t\t\t\t\t\t\t\t\t<div class=\"btn-readmore\">\r\n\t\t\t\t\t\t\t\t<a href=\"https:\/\/viqtor.eu\/hr\/hebergement-de-donnees-professionnelles-attention-aux-plateformes-grand-public\/\"><i class=\"flaticon-right-arrow-1\"><\/i>Pro\u010ditajte vi\u0161e<\/a>\t\t\t\t\t\t\t<\/div>\r\n\t\t\t\t\t\t<\/div>\r\n\t\t\t\t\t<\/div>\r\n\t\t\t\t<\/article>\r\n\t\t\t\t<\/div>\r\n\t\t\t \r\n\t\t\t\t<div class=\"pgrid-box\">\r\n\t\t\t\t<article class=\"post-box blog-item\">\r\n\t\t\t\t\t<div class=\"post-inner\">\r\n\t\t\t\t\t\t\t\t\t\t\t\t\r\n\t\t\t\t\t        <div class=\"entry-media\">\r\n\t\t\t\t\t        \t<div class=\"post-cat\"><span class=\"posted-in\"><a href=\"https:\/\/viqtor.eu\/hr\/category\/veille-juridique\/\" rel=\"category tag\">Pravni nadzor<\/a><\/span><\/div>\t\t\t\t\t            <a href=\"https:\/\/viqtor.eu\/hr\/quelles-perspectives-pour-la-protection-des-donnees-en-2025\/\">\r\n\t\t\t\t\t                <img loading=\"lazy\" decoding=\"async\" width=\"601\" height=\"520\" src=\"https:\/\/viqtor.eu\/wp-content\/uploads\/2026\/03\/shutterstock_2717134265_1773308160007-601x520.jpg\" class=\"attachment-engitech-slider-post-thumbnail size-engitech-slider-post-thumbnail wp-post-image\" alt=\"\" \/>\t\t\t\t\t            <\/a>\r\n\t\t\t\t\t        <\/div>\r\n\t\t\t\t\t        \r\n\t\t\t\t\t    \r\n\t\t\t\t\t\t<div class=\"inner-post\">\r\n\t\t\t\t\t\t\t<div class=\"entry-header\">\r\n\r\n\t\t\t\t\t\t\t\t\r\n\t\t\t\t\t\t\t\t<h3 class=\"entry-title\"><a href=\"https:\/\/viqtor.eu\/hr\/quelles-perspectives-pour-la-protection-des-donnees-en-2025\/\" rel=\"bookmark\">Kakvi su izgledi za za\u0161titu podataka u 2025. godini?<\/a><\/h3>\r\n\t\t\t\t\t\t\t<\/div><!-- .entry-header -->\r\n\t\t\t\t\t\t\t\r\n\t\t\t\t\t\t\t\t\t\t\t\t\t\t<div class=\"entry-summary the-excerpt\">\r\n\r\n\t\t\t\t\t            <p>Pravni nadzor br. 78 \u2013 prosinac 2024. Kakvi su izgledi za za\u0161titu podataka u 2025. godini? Nova godina nastavlja se postupnom provedbom \u201edigitalnog paketa\u201c Europske unije, kao i novim zakonodavstvom usmjerenim na ja\u010danje za\u0161tite osobnih podataka suo\u010deni s izazovima koje predstavljaju [\u2026]\n\r\n\t\t\t\t\t        <\/div><!-- .entry-content -->\r\n\t\t\t\t\t\t\t\t\t\t\t\t\t\t<div class=\"btn-readmore\">\r\n\t\t\t\t\t\t\t\t<a href=\"https:\/\/viqtor.eu\/hr\/quelles-perspectives-pour-la-protection-des-donnees-en-2025\/\"><i class=\"flaticon-right-arrow-1\"><\/i>Pro\u010ditajte vi\u0161e<\/a>\t\t\t\t\t\t\t<\/div>\r\n\t\t\t\t\t\t<\/div>\r\n\t\t\t\t\t<\/div>\r\n\t\t\t\t<\/article>\r\n\t\t\t\t<\/div>\r\n\t\t\t \r\n\t\t\t\t<div class=\"pgrid-box\">\r\n\t\t\t\t<article class=\"post-box blog-item\">\r\n\t\t\t\t\t<div class=\"post-inner\">\r\n\t\t\t\t\t\t\t\t\t\t\t\t\r\n\t\t\t\t\t        <div class=\"entry-media\">\r\n\t\t\t\t\t        \t<div class=\"post-cat\"><span class=\"posted-in\"><a href=\"https:\/\/viqtor.eu\/hr\/category\/veille-juridique\/\" rel=\"category tag\">Pravni nadzor<\/a><\/span><\/div>\t\t\t\t\t            <a href=\"https:\/\/viqtor.eu\/hr\/lintelligence-artificielle-comme-outil-de-travail-quel-encadrement\/\">\r\n\t\t\t\t\t                <img loading=\"lazy\" decoding=\"async\" width=\"601\" height=\"520\" src=\"https:\/\/viqtor.eu\/wp-content\/uploads\/2026\/03\/shutterstock_2719237259_1773240155032-601x520.jpg\" class=\"attachment-engitech-slider-post-thumbnail size-engitech-slider-post-thumbnail wp-post-image\" alt=\"\" \/>\t\t\t\t\t            <\/a>\r\n\t\t\t\t\t        <\/div>\r\n\t\t\t\t\t        \r\n\t\t\t\t\t    \r\n\t\t\t\t\t\t<div class=\"inner-post\">\r\n\t\t\t\t\t\t\t<div class=\"entry-header\">\r\n\r\n\t\t\t\t\t\t\t\t\r\n\t\t\t\t\t\t\t\t<h3 class=\"entry-title\"><a href=\"https:\/\/viqtor.eu\/hr\/lintelligence-artificielle-comme-outil-de-travail-quel-encadrement\/\" rel=\"bookmark\">Umjetna inteligencija kao radni alat: kakav je okvir potreban?<\/a><\/h3>\r\n\t\t\t\t\t\t\t<\/div><!-- .entry-header -->\r\n\t\t\t\t\t\t\t\r\n\t\t\t\t\t\t\t\t\t\t\t\t\t\t<div class=\"entry-summary the-excerpt\">\r\n\r\n\t\t\t\t\t            <p>Pravni nadzor br. 77 \u2013 studeni 2024. Umjetna inteligencija kao radni alat: koji su propisi na snazi? Kori\u0161tenje umjetne inteligencije na radnom mjestu danas je u ekspanziji, \u010desto bez prethodnog planiranja i bez da poslodavci to\u010dno znaju kako njihovi zaposlenici koriste nove alate koji su im na raspolaganju. Bilo da se radi o sada ve\u0107 klasi\u010dnim jezi\u010dnim modelima [\u2026]\n\r\n\t\t\t\t\t        <\/div><!-- .entry-content -->\r\n\t\t\t\t\t\t\t\t\t\t\t\t\t\t<div class=\"btn-readmore\">\r\n\t\t\t\t\t\t\t\t<a href=\"https:\/\/viqtor.eu\/hr\/lintelligence-artificielle-comme-outil-de-travail-quel-encadrement\/\"><i class=\"flaticon-right-arrow-1\"><\/i>Pro\u010ditajte vi\u0161e<\/a>\t\t\t\t\t\t\t<\/div>\r\n\t\t\t\t\t\t<\/div>\r\n\t\t\t\t\t<\/div>\r\n\t\t\t\t<\/article>\r\n\t\t\t\t<\/div>\r\n\t\t\t \r\n\t\t\t\t<div class=\"pgrid-box\">\r\n\t\t\t\t<article class=\"post-box blog-item\">\r\n\t\t\t\t\t<div class=\"post-inner\">\r\n\t\t\t\t\t\t\t\t\t\t\t\t\r\n\t\t\t\t\t        <div class=\"entry-media\">\r\n\t\t\t\t\t        \t<div class=\"post-cat\"><span class=\"posted-in\"><a href=\"https:\/\/viqtor.eu\/hr\/category\/veille-juridique\/\" rel=\"category tag\">Pravni nadzor<\/a><\/span><\/div>\t\t\t\t\t            <a href=\"https:\/\/viqtor.eu\/hr\/cyberattaques-un-risque-accru-et-un-cadre-legal-en-evolution\/\">\r\n\t\t\t\t\t                <img loading=\"lazy\" decoding=\"async\" width=\"601\" height=\"520\" src=\"https:\/\/viqtor.eu\/wp-content\/uploads\/2026\/03\/shutterstock_2461654971_1773239629944-601x520.jpg\" class=\"attachment-engitech-slider-post-thumbnail size-engitech-slider-post-thumbnail wp-post-image\" alt=\"\" \/>\t\t\t\t\t            <\/a>\r\n\t\t\t\t\t        <\/div>\r\n\t\t\t\t\t        \r\n\t\t\t\t\t    \r\n\t\t\t\t\t\t<div class=\"inner-post\">\r\n\t\t\t\t\t\t\t<div class=\"entry-header\">\r\n\r\n\t\t\t\t\t\t\t\t\r\n\t\t\t\t\t\t\t\t<h3 class=\"entry-title\"><a href=\"https:\/\/viqtor.eu\/hr\/cyberattaques-un-risque-accru-et-un-cadre-legal-en-evolution\/\" rel=\"bookmark\">Kiberneti\u010dki napadi: Pove\u0107ani rizik i promjenjivi pravni okvir<\/a><\/h3>\r\n\t\t\t\t\t\t\t<\/div><!-- .entry-header -->\r\n\t\t\t\t\t\t\t\r\n\t\t\t\t\t\t\t\t\t\t\t\t\t\t<div class=\"entry-summary the-excerpt\">\r\n\r\n\t\t\t\t\t            <p>Pravni nadzor br. 76 \u2013 listopad 2024. Kiberneti\u010dki napadi: Pove\u0107ani rizik i pravni okvir u razvoju. Broj kiberneti\u010dkih napada usmjerenih na poduze\u0107a i javne slu\u017ebe u Francuskoj ove jeseni je bezbrojan. Nakon Boulangera, Culture, Truffauta, Grosbilla i SFR-a, sada je na redu Free da pretrpi [\u2026]\n\r\n\t\t\t\t\t        <\/div><!-- .entry-content -->\r\n\t\t\t\t\t\t\t\t\t\t\t\t\t\t<div class=\"btn-readmore\">\r\n\t\t\t\t\t\t\t\t<a href=\"https:\/\/viqtor.eu\/hr\/cyberattaques-un-risque-accru-et-un-cadre-legal-en-evolution\/\"><i class=\"flaticon-right-arrow-1\"><\/i>Pro\u010ditajte vi\u0161e<\/a>\t\t\t\t\t\t\t<\/div>\r\n\t\t\t\t\t\t<\/div>\r\n\t\t\t\t\t<\/div>\r\n\t\t\t\t<\/article>\r\n\t\t\t\t<\/div>\r\n\t\t\t \r\n\t\t\t\t<div class=\"pgrid-box\">\r\n\t\t\t\t<article class=\"post-box blog-item\">\r\n\t\t\t\t\t<div class=\"post-inner\">\r\n\t\t\t\t\t\t\t\t\t\t\t\t\r\n\t\t\t\t\t        <div class=\"entry-media\">\r\n\t\t\t\t\t        \t<div class=\"post-cat\"><span class=\"posted-in\"><a href=\"https:\/\/viqtor.eu\/hr\/category\/veille-juridique\/\" rel=\"category tag\">Pravni nadzor<\/a><\/span><\/div>\t\t\t\t\t            <a href=\"https:\/\/viqtor.eu\/hr\/anonymisation-ou-pseudonymisation-des-qualifications-evolutives-dans-le-temps\/\">\r\n\t\t\t\t\t                <img loading=\"lazy\" decoding=\"async\" width=\"601\" height=\"520\" src=\"https:\/\/viqtor.eu\/wp-content\/uploads\/2026\/03\/shutterstock_1290531634_1773239136274-601x520.jpg\" class=\"attachment-engitech-slider-post-thumbnail size-engitech-slider-post-thumbnail wp-post-image\" alt=\"\" \/>\t\t\t\t\t            <\/a>\r\n\t\t\t\t\t        <\/div>\r\n\t\t\t\t\t        \r\n\t\t\t\t\t    \r\n\t\t\t\t\t\t<div class=\"inner-post\">\r\n\t\t\t\t\t\t\t<div class=\"entry-header\">\r\n\r\n\t\t\t\t\t\t\t\t\r\n\t\t\t\t\t\t\t\t<h3 class=\"entry-title\"><a href=\"https:\/\/viqtor.eu\/hr\/anonymisation-ou-pseudonymisation-des-qualifications-evolutives-dans-le-temps\/\" rel=\"bookmark\">Anonimizacija ili pseudonimizacija: kvalifikacije koje se s vremenom razvijaju?<\/a><\/h3>\r\n\t\t\t\t\t\t\t<\/div><!-- .entry-header -->\r\n\t\t\t\t\t\t\t\r\n\t\t\t\t\t\t\t\t\t\t\t\t\t\t<div class=\"entry-summary the-excerpt\">\r\n\r\n\t\t\t\t\t            <p>Pravni nadzor br. 75 \u2013 rujan 2024. Anonimizacija ili pseudonimizacija: razvoj klasifikacija tijekom vremena? Dana 5. rujna 2024. CNIL (Francusko tijelo za za\u0161titu podataka) kaznio je Cegedima Sant\u00e9a s 800.000 eura, izme\u0111u ostalog, zbog obrade zdravstvenih podataka bez odobrenja. Nadzorno tijelo primijetilo je da su ti podaci i dalje prepoznatljivi [\u2026]\n\r\n\t\t\t\t\t        <\/div><!-- .entry-content -->\r\n\t\t\t\t\t\t\t\t\t\t\t\t\t\t<div class=\"btn-readmore\">\r\n\t\t\t\t\t\t\t\t<a href=\"https:\/\/viqtor.eu\/hr\/anonymisation-ou-pseudonymisation-des-qualifications-evolutives-dans-le-temps\/\"><i class=\"flaticon-right-arrow-1\"><\/i>Pro\u010ditajte vi\u0161e<\/a>\t\t\t\t\t\t\t<\/div>\r\n\t\t\t\t\t\t<\/div>\r\n\t\t\t\t\t<\/div>\r\n\t\t\t\t<\/article>\r\n\t\t\t\t<\/div>\r\n\t\t\t \r\n\t\t\t\t<div class=\"pgrid-box\">\r\n\t\t\t\t<article class=\"post-box blog-item\">\r\n\t\t\t\t\t<div class=\"post-inner\">\r\n\t\t\t\t\t\t\t\t\t\t\t\t\r\n\t\t\t\t\t        <div class=\"entry-media\">\r\n\t\t\t\t\t        \t<div class=\"post-cat\"><span class=\"posted-in\"><a href=\"https:\/\/viqtor.eu\/hr\/category\/veille-juridique\/\" rel=\"category tag\">Pravni nadzor<\/a><\/span><\/div>\t\t\t\t\t            <a href=\"https:\/\/viqtor.eu\/hr\/telegram-signal-whatsapp-que-valent-les-messageries-instantanees-dans-un-contexte-professionnel\/\">\r\n\t\t\t\t\t                <img loading=\"lazy\" decoding=\"async\" width=\"601\" height=\"520\" src=\"https:\/\/viqtor.eu\/wp-content\/uploads\/2026\/03\/shutterstock_2687284167_1773238103065-601x520.jpg\" class=\"attachment-engitech-slider-post-thumbnail size-engitech-slider-post-thumbnail wp-post-image\" alt=\"\" \/>\t\t\t\t\t            <\/a>\r\n\t\t\t\t\t        <\/div>\r\n\t\t\t\t\t        \r\n\t\t\t\t\t    \r\n\t\t\t\t\t\t<div class=\"inner-post\">\r\n\t\t\t\t\t\t\t<div class=\"entry-header\">\r\n\r\n\t\t\t\t\t\t\t\t\r\n\t\t\t\t\t\t\t\t<h3 class=\"entry-title\"><a href=\"https:\/\/viqtor.eu\/hr\/telegram-signal-whatsapp-que-valent-les-messageries-instantanees-dans-un-contexte-professionnel\/\" rel=\"bookmark\">Telegram, Signal, Whatsapp\u2026 Koliko su dobre usluge instant poruka u profesionalnom kontekstu?<\/a><\/h3>\r\n\t\t\t\t\t\t\t<\/div><!-- .entry-header -->\r\n\t\t\t\t\t\t\t\r\n\t\t\t\t\t\t\t\t\t\t\t\t\t\t<div class=\"entry-summary the-excerpt\">\r\n\r\n\t\t\t\t\t            <p>Pravni nadzor br. 74 \u2013 kolovoz 2024. Telegram, Signal, WhatsApp\u2026 Koliko su dobre usluge instant poruka u profesionalnom kontekstu? Brojne su medijske reakcije na uhi\u0107enje Pavela Durova, osniva\u010da aplikacije za razmjenu poruka Telegram, u Francuskoj. Bez obzira na politi\u010dke rasprave koje okru\u017euju ovo pitanje, slu\u010daj nam pru\u017ea priliku da ispitamo [\u2026]\n\r\n\t\t\t\t\t        <\/div><!-- .entry-content -->\r\n\t\t\t\t\t\t\t\t\t\t\t\t\t\t<div class=\"btn-readmore\">\r\n\t\t\t\t\t\t\t\t<a href=\"https:\/\/viqtor.eu\/hr\/telegram-signal-whatsapp-que-valent-les-messageries-instantanees-dans-un-contexte-professionnel\/\"><i class=\"flaticon-right-arrow-1\"><\/i>Pro\u010ditajte vi\u0161e<\/a>\t\t\t\t\t\t\t<\/div>\r\n\t\t\t\t\t\t<\/div>\r\n\t\t\t\t\t<\/div>\r\n\t\t\t\t<\/article>\r\n\t\t\t\t<\/div>\r\n\t\t\t \r\n\t\t\t\t<div class=\"pgrid-box\">\r\n\t\t\t\t<article class=\"post-box blog-item\">\r\n\t\t\t\t\t<div class=\"post-inner\">\r\n\t\t\t\t\t\t\t\t\t\t\t\t\r\n\t\t\t\t\t        <div class=\"entry-media\">\r\n\t\t\t\t\t        \t<div class=\"post-cat\"><span class=\"posted-in\"><a href=\"https:\/\/viqtor.eu\/hr\/category\/veille-juridique\/\" rel=\"category tag\">Pravni nadzor<\/a><\/span><\/div>\t\t\t\t\t            <a href=\"https:\/\/viqtor.eu\/hr\/services-cloud-quels-criteres-pour-quel-choix\/\">\r\n\t\t\t\t\t                <img loading=\"lazy\" decoding=\"async\" width=\"601\" height=\"520\" src=\"https:\/\/viqtor.eu\/wp-content\/uploads\/2026\/03\/shutterstock_2706142361_1773237268089-601x520.jpg\" class=\"attachment-engitech-slider-post-thumbnail size-engitech-slider-post-thumbnail wp-post-image\" alt=\"\" \/>\t\t\t\t\t            <\/a>\r\n\t\t\t\t\t        <\/div>\r\n\t\t\t\t\t        \r\n\t\t\t\t\t    \r\n\t\t\t\t\t\t<div class=\"inner-post\">\r\n\t\t\t\t\t\t\t<div class=\"entry-header\">\r\n\r\n\t\t\t\t\t\t\t\t\r\n\t\t\t\t\t\t\t\t<h3 class=\"entry-title\"><a href=\"https:\/\/viqtor.eu\/hr\/services-cloud-quels-criteres-pour-quel-choix\/\" rel=\"bookmark\">Usluge u oblaku: koji su kriteriji za koji izbor?<\/a><\/h3>\r\n\t\t\t\t\t\t\t<\/div><!-- .entry-header -->\r\n\t\t\t\t\t\t\t\r\n\t\t\t\t\t\t\t\t\t\t\t\t\t\t<div class=\"entry-summary the-excerpt\">\r\n\r\n\t\t\t\t\t            <p>Pravni nadzor br. 73 \u2013 srpanj 2024. Usluge u oblaku: koji kriteriji za koji izbor? Od pandemije Covida-19, sve je ve\u0107a upotreba usluga u oblaku i u javnom i u privatnom sektoru. Iako europski okvir u ovom podru\u010dju postaje jasniji, mnoge neizvjesnosti ostaju. Trebamo li odabrati [\u2026]\n\r\n\t\t\t\t\t        <\/div><!-- .entry-content -->\r\n\t\t\t\t\t\t\t\t\t\t\t\t\t\t<div class=\"btn-readmore\">\r\n\t\t\t\t\t\t\t\t<a href=\"https:\/\/viqtor.eu\/hr\/services-cloud-quels-criteres-pour-quel-choix\/\"><i class=\"flaticon-right-arrow-1\"><\/i>Pro\u010ditajte vi\u0161e<\/a>\t\t\t\t\t\t\t<\/div>\r\n\t\t\t\t\t\t<\/div>\r\n\t\t\t\t\t<\/div>\r\n\t\t\t\t<\/article>\r\n\t\t\t\t<\/div>\r\n\t\t\t \r\n\t\t\t\t<div class=\"pgrid-box\">\r\n\t\t\t\t<article class=\"post-box blog-item\">\r\n\t\t\t\t\t<div class=\"post-inner\">\r\n\t\t\t\t\t\t\t\t\t\t\t\t\r\n\t\t\t\t\t        <div class=\"entry-media\">\r\n\t\t\t\t\t        \t<div class=\"post-cat\"><span class=\"posted-in\"><a href=\"https:\/\/viqtor.eu\/hr\/category\/veille-juridique\/\" rel=\"category tag\">Pravni nadzor<\/a><\/span><\/div>\t\t\t\t\t            <a href=\"https:\/\/viqtor.eu\/hr\/communication-et-demarchage-sur-les-reseaux-sociaux-quelles-regles-pour-les-professionnels\/\">\r\n\t\t\t\t\t                <img loading=\"lazy\" decoding=\"async\" width=\"601\" height=\"520\" src=\"https:\/\/viqtor.eu\/wp-content\/uploads\/2026\/03\/shutterstock_2741981435_1773236680638-601x520.jpg\" class=\"attachment-engitech-slider-post-thumbnail size-engitech-slider-post-thumbnail wp-post-image\" alt=\"\" \/>\t\t\t\t\t            <\/a>\r\n\t\t\t\t\t        <\/div>\r\n\t\t\t\t\t        \r\n\t\t\t\t\t    \r\n\t\t\t\t\t\t<div class=\"inner-post\">\r\n\t\t\t\t\t\t\t<div class=\"entry-header\">\r\n\r\n\t\t\t\t\t\t\t\t\r\n\t\t\t\t\t\t\t\t<h3 class=\"entry-title\"><a href=\"https:\/\/viqtor.eu\/hr\/communication-et-demarchage-sur-les-reseaux-sociaux-quelles-regles-pour-les-professionnels\/\" rel=\"bookmark\">Komunikacija i marketing na dru\u0161tvenim mre\u017eama: koja su pravila za profesionalce?<\/a><\/h3>\r\n\t\t\t\t\t\t\t<\/div><!-- .entry-header -->\r\n\t\t\t\t\t\t\t\r\n\t\t\t\t\t\t\t\t\t\t\t\t\t\t<div class=\"entry-summary the-excerpt\">\r\n\r\n\t\t\t\t\t            <p>Pravni nadzor br. 72 \u2013 lipanj 2024. Komunikacija i marketing na dru\u0161tvenim mre\u017eama: koja se pravila primjenjuju na profesionalce? Dru\u0161tvene mre\u017ee predstavljaju bogatstvo podataka za ciljanje potencijalnih klijenata. Kori\u0161tenje tih podataka, bilo da su javno dostupni na dru\u0161tvenoj mre\u017ei ili izgradnjom mre\u017ee kontakata, ostaje [\u2026]\n\r\n\t\t\t\t\t        <\/div><!-- .entry-content -->\r\n\t\t\t\t\t\t\t\t\t\t\t\t\t\t<div class=\"btn-readmore\">\r\n\t\t\t\t\t\t\t\t<a href=\"https:\/\/viqtor.eu\/hr\/communication-et-demarchage-sur-les-reseaux-sociaux-quelles-regles-pour-les-professionnels\/\"><i class=\"flaticon-right-arrow-1\"><\/i>Pro\u010ditajte vi\u0161e<\/a>\t\t\t\t\t\t\t<\/div>\r\n\t\t\t\t\t\t<\/div>\r\n\t\t\t\t\t<\/div>\r\n\t\t\t\t<\/article>\r\n\t\t\t\t<\/div>\r\n\t\t\t \r\n\t\t\t\t<div class=\"pgrid-box\">\r\n\t\t\t\t<article class=\"post-box blog-item\">\r\n\t\t\t\t\t<div class=\"post-inner\">\r\n\t\t\t\t\t\t\t\t\t\t\t\t\r\n\t\t\t\t\t        <div class=\"entry-media\">\r\n\t\t\t\t\t        \t<div class=\"post-cat\"><span class=\"posted-in\"><a href=\"https:\/\/viqtor.eu\/hr\/category\/veille-juridique\/\" rel=\"category tag\">Pravni nadzor<\/a><\/span><\/div>\t\t\t\t\t            <a href=\"https:\/\/viqtor.eu\/hr\/transferts-de-donnees-en-dehors-de-lue-etat-des-lieux\/\">\r\n\t\t\t\t\t                <img loading=\"lazy\" decoding=\"async\" width=\"601\" height=\"520\" src=\"https:\/\/viqtor.eu\/wp-content\/uploads\/2026\/03\/shutterstock_2657746321_1773236092532-601x520.jpg\" class=\"attachment-engitech-slider-post-thumbnail size-engitech-slider-post-thumbnail wp-post-image\" alt=\"\" \/>\t\t\t\t\t            <\/a>\r\n\t\t\t\t\t        <\/div>\r\n\t\t\t\t\t        \r\n\t\t\t\t\t    \r\n\t\t\t\t\t\t<div class=\"inner-post\">\r\n\t\t\t\t\t\t\t<div class=\"entry-header\">\r\n\r\n\t\t\t\t\t\t\t\t\r\n\t\t\t\t\t\t\t\t<h3 class=\"entry-title\"><a href=\"https:\/\/viqtor.eu\/hr\/transferts-de-donnees-en-dehors-de-lue-etat-des-lieux\/\" rel=\"bookmark\">Prijenos podataka izvan EU-a: trenutna situacija<\/a><\/h3>\r\n\t\t\t\t\t\t\t<\/div><!-- .entry-header -->\r\n\t\t\t\t\t\t\t\r\n\t\t\t\t\t\t\t\t\t\t\t\t\t\t<div class=\"entry-summary the-excerpt\">\r\n\r\n\t\t\t\t\t            <p>Pravni nadzor br. 70 \u2013 travanj 2024. Prijenos podataka izvan EU-a: Trenutna situacija. Situacija s me\u0111unarodnim prijenosom podataka postaje jasnija sa svakom odlukom i institucionalnim stavom. Nekoliko nedavnih inicijativa na europskoj i nacionalnoj razini ima za cilj olak\u0161ati protok podataka [\u2026]\n\r\n\t\t\t\t\t        <\/div><!-- .entry-content -->\r\n\t\t\t\t\t\t\t\t\t\t\t\t\t\t<div class=\"btn-readmore\">\r\n\t\t\t\t\t\t\t\t<a href=\"https:\/\/viqtor.eu\/hr\/transferts-de-donnees-en-dehors-de-lue-etat-des-lieux\/\"><i class=\"flaticon-right-arrow-1\"><\/i>Pro\u010ditajte vi\u0161e<\/a>\t\t\t\t\t\t\t<\/div>\r\n\t\t\t\t\t\t<\/div>\r\n\t\t\t\t\t<\/div>\r\n\t\t\t\t<\/article>\r\n\t\t\t\t<\/div>\r\n\t\t\t \r\n\t\t\t\t<div class=\"pgrid-box\">\r\n\t\t\t\t<article class=\"post-box blog-item\">\r\n\t\t\t\t\t<div class=\"post-inner\">\r\n\t\t\t\t\t\t\t\t\t\t\t\t\r\n\t\t\t\t\t        <div class=\"entry-media\">\r\n\t\t\t\t\t        \t<div class=\"post-cat\"><span class=\"posted-in\"><a href=\"https:\/\/viqtor.eu\/hr\/category\/veille-juridique\/\" rel=\"category tag\">Pravni nadzor<\/a><\/span><\/div>\t\t\t\t\t            <a href=\"https:\/\/viqtor.eu\/hr\/securite-des-donnees-cybermenaces-etat-des-lieux-et-orientations\/\">\r\n\t\t\t\t\t                <img loading=\"lazy\" decoding=\"async\" width=\"601\" height=\"520\" src=\"https:\/\/viqtor.eu\/wp-content\/uploads\/2026\/03\/shutterstock_2664438657_1773228152886-601x520.jpg\" class=\"attachment-engitech-slider-post-thumbnail size-engitech-slider-post-thumbnail wp-post-image\" alt=\"\" \/>\t\t\t\t\t            <\/a>\r\n\t\t\t\t\t        <\/div>\r\n\t\t\t\t\t        \r\n\t\t\t\t\t    \r\n\t\t\t\t\t\t<div class=\"inner-post\">\r\n\t\t\t\t\t\t\t<div class=\"entry-header\">\r\n\r\n\t\t\t\t\t\t\t\t\r\n\t\t\t\t\t\t\t\t<h3 class=\"entry-title\"><a href=\"https:\/\/viqtor.eu\/hr\/securite-des-donnees-cybermenaces-etat-des-lieux-et-orientations\/\" rel=\"bookmark\">Sigurnost podataka, kiberneti\u010dke prijetnje: trenutno stanje i smjernice.<\/a><\/h3>\r\n\t\t\t\t\t\t\t<\/div><!-- .entry-header -->\r\n\t\t\t\t\t\t\t\r\n\t\t\t\t\t\t\t\t\t\t\t\t\t\t<div class=\"entry-summary the-excerpt\">\r\n\r\n\t\t\t\t\t            <p>Pravni nadzor br. 69 \u2013 o\u017eujak 2024. Sigurnost podataka, kiberneti\u010dke prijetnje: trenutno stanje i smjernice. Nekoliko organizacija objavljuje svoja izvje\u0161\u0107a o stanju kiberneti\u010dkih prijetnji po\u010detkom ove godine: prilika za pregled rizika i savjete za za\u0161titu osobnih podataka. Europska agencija [\u2026]\n\r\n\t\t\t\t\t        <\/div><!-- .entry-content -->\r\n\t\t\t\t\t\t\t\t\t\t\t\t\t\t<div class=\"btn-readmore\">\r\n\t\t\t\t\t\t\t\t<a href=\"https:\/\/viqtor.eu\/hr\/securite-des-donnees-cybermenaces-etat-des-lieux-et-orientations\/\"><i class=\"flaticon-right-arrow-1\"><\/i>Pro\u010ditajte vi\u0161e<\/a>\t\t\t\t\t\t\t<\/div>\r\n\t\t\t\t\t\t<\/div>\r\n\t\t\t\t\t<\/div>\r\n\t\t\t\t<\/article>\r\n\t\t\t\t<\/div>\r\n\t\t\t \r\n\t\t\t\t<div class=\"pgrid-box\">\r\n\t\t\t\t<article class=\"post-box blog-item\">\r\n\t\t\t\t\t<div class=\"post-inner\">\r\n\t\t\t\t\t\t\t\t\t\t\t\t\r\n\t\t\t\t\t        <div class=\"entry-media\">\r\n\t\t\t\t\t        \t<div class=\"post-cat\"><span class=\"posted-in\"><a href=\"https:\/\/viqtor.eu\/hr\/category\/veille-juridique\/\" rel=\"category tag\">Pravni nadzor<\/a><\/span><\/div>\t\t\t\t\t            <a href=\"https:\/\/viqtor.eu\/hr\/controles-de-la-cnil-quelles-priorites-pour-2024\/\">\r\n\t\t\t\t\t                <img loading=\"lazy\" decoding=\"async\" width=\"601\" height=\"520\" src=\"https:\/\/viqtor.eu\/wp-content\/uploads\/2026\/03\/shutterstock_1195939270_1773227539403-601x520.jpg\" class=\"attachment-engitech-slider-post-thumbnail size-engitech-slider-post-thumbnail wp-post-image\" alt=\"\" \/>\t\t\t\t\t            <\/a>\r\n\t\t\t\t\t        <\/div>\r\n\t\t\t\t\t        \r\n\t\t\t\t\t    \r\n\t\t\t\t\t\t<div class=\"inner-post\">\r\n\t\t\t\t\t\t\t<div class=\"entry-header\">\r\n\r\n\t\t\t\t\t\t\t\t\r\n\t\t\t\t\t\t\t\t<h3 class=\"entry-title\"><a href=\"https:\/\/viqtor.eu\/hr\/controles-de-la-cnil-quelles-priorites-pour-2024\/\" rel=\"bookmark\">CNIL kontrole: koji su prioriteti za 2024. godinu?<\/a><\/h3>\r\n\t\t\t\t\t\t\t<\/div><!-- .entry-header -->\r\n\t\t\t\t\t\t\t\r\n\t\t\t\t\t\t\t\t\t\t\t\t\t\t<div class=\"entry-summary the-excerpt\">\r\n\r\n\t\t\t\t\t            <p>Pravni nadzor br. 68 \u2013 velja\u010da 2024. CNIL-ove revizije: Koji su prioriteti za 2024.? Kao i svake godine, CNIL je po\u010detkom 2024. objavio svoje godi\u0161nje izvje\u0161\u0107e i prioritete za nadolaze\u0107e mjesece. To ukazuje na stalan porast revizija, koje su postale u\u010dinkovitije provedbom [\u2026]\n\r\n\t\t\t\t\t        <\/div><!-- .entry-content -->\r\n\t\t\t\t\t\t\t\t\t\t\t\t\t\t<div class=\"btn-readmore\">\r\n\t\t\t\t\t\t\t\t<a href=\"https:\/\/viqtor.eu\/hr\/controles-de-la-cnil-quelles-priorites-pour-2024\/\"><i class=\"flaticon-right-arrow-1\"><\/i>Pro\u010ditajte vi\u0161e<\/a>\t\t\t\t\t\t\t<\/div>\r\n\t\t\t\t\t\t<\/div>\r\n\t\t\t\t\t<\/div>\r\n\t\t\t\t<\/article>\r\n\t\t\t\t<\/div>\r\n\t\t\t \r\n\t\t\t\t<div class=\"pgrid-box\">\r\n\t\t\t\t<article class=\"post-box blog-item\">\r\n\t\t\t\t\t<div class=\"post-inner\">\r\n\t\t\t\t\t\t\t\t\t\t\t\t\r\n\t\t\t\t\t        <div class=\"entry-media\">\r\n\t\t\t\t\t        \t<div class=\"post-cat\"><span class=\"posted-in\"><a href=\"https:\/\/viqtor.eu\/hr\/category\/veille-juridique\/\" rel=\"category tag\">Pravni nadzor<\/a><\/span><\/div>\t\t\t\t\t            <a href=\"https:\/\/viqtor.eu\/hr\/role-et-moyens-des-dpo-les-resultats-dune-annee-de-controles\/\">\r\n\t\t\t\t\t                <img loading=\"lazy\" decoding=\"async\" width=\"601\" height=\"520\" src=\"https:\/\/viqtor.eu\/wp-content\/uploads\/2026\/03\/shutterstock_2084371585_1773151585967-601x520.jpg\" class=\"attachment-engitech-slider-post-thumbnail size-engitech-slider-post-thumbnail wp-post-image\" alt=\"\" \/>\t\t\t\t\t            <\/a>\r\n\t\t\t\t\t        <\/div>\r\n\t\t\t\t\t        \r\n\t\t\t\t\t    \r\n\t\t\t\t\t\t<div class=\"inner-post\">\r\n\t\t\t\t\t\t\t<div class=\"entry-header\">\r\n\r\n\t\t\t\t\t\t\t\t\r\n\t\t\t\t\t\t\t\t<h3 class=\"entry-title\"><a href=\"https:\/\/viqtor.eu\/hr\/role-et-moyens-des-dpo-les-resultats-dune-annee-de-controles\/\" rel=\"bookmark\">Uloga i resursi slu\u017ebenika za za\u0161titu podataka: rezultati jednogodi\u0161njih revizija<\/a><\/h3>\r\n\t\t\t\t\t\t\t<\/div><!-- .entry-header -->\r\n\t\t\t\t\t\t\t\r\n\t\t\t\t\t\t\t\t\t\t\t\t\t\t<div class=\"entry-summary the-excerpt\">\r\n\r\n\t\t\t\t\t            <p>Pravni nadzor br. 67 \u2013 sije\u010danj 2024. Uloga i resursi slu\u017ebenika za za\u0161titu podataka: rezultati jednogodi\u0161njih revizija. Dana 17. sije\u010dnja, CNIL i njegovi europski kolege objavili su rezultate svojih istraga o ulozi i resursima slu\u017ebenika za za\u0161titu podataka (DPO) u kontekstu GDPR-a. [\u2026]\n\r\n\t\t\t\t\t        <\/div><!-- .entry-content -->\r\n\t\t\t\t\t\t\t\t\t\t\t\t\t\t<div class=\"btn-readmore\">\r\n\t\t\t\t\t\t\t\t<a href=\"https:\/\/viqtor.eu\/hr\/role-et-moyens-des-dpo-les-resultats-dune-annee-de-controles\/\"><i class=\"flaticon-right-arrow-1\"><\/i>Pro\u010ditajte vi\u0161e<\/a>\t\t\t\t\t\t\t<\/div>\r\n\t\t\t\t\t\t<\/div>\r\n\t\t\t\t\t<\/div>\r\n\t\t\t\t<\/article>\r\n\t\t\t\t<\/div>\r\n\t\t\t \r\n\t\t\t\t<div class=\"pgrid-box\">\r\n\t\t\t\t<article class=\"post-box blog-item\">\r\n\t\t\t\t\t<div class=\"post-inner\">\r\n\t\t\t\t\t\t\t\t\t\t\t\t\r\n\t\t\t\t\t        <div class=\"entry-media\">\r\n\t\t\t\t\t        \t<div class=\"post-cat\"><span class=\"posted-in\"><a href=\"https:\/\/viqtor.eu\/hr\/category\/veille-juridique\/\" rel=\"category tag\">Pravni nadzor<\/a><\/span><\/div>\t\t\t\t\t            <a href=\"https:\/\/viqtor.eu\/hr\/jurisprudence-rgpd-les-grandes-orientations-de-2023\/\">\r\n\t\t\t\t\t                <img loading=\"lazy\" decoding=\"async\" width=\"601\" height=\"520\" src=\"https:\/\/viqtor.eu\/wp-content\/uploads\/2026\/03\/shutterstock_2051919695_1773150964945-601x520.jpg\" class=\"attachment-engitech-slider-post-thumbnail size-engitech-slider-post-thumbnail wp-post-image\" alt=\"\" \/>\t\t\t\t\t            <\/a>\r\n\t\t\t\t\t        <\/div>\r\n\t\t\t\t\t        \r\n\t\t\t\t\t    \r\n\t\t\t\t\t\t<div class=\"inner-post\">\r\n\t\t\t\t\t\t\t<div class=\"entry-header\">\r\n\r\n\t\t\t\t\t\t\t\t\r\n\t\t\t\t\t\t\t\t<h3 class=\"entry-title\"><a href=\"https:\/\/viqtor.eu\/hr\/jurisprudence-rgpd-les-grandes-orientations-de-2023\/\" rel=\"bookmark\">Sudska praksa u vezi s GDPR-om: Klju\u010dni trendovi za 2023. godinu<\/a><\/h3>\r\n\t\t\t\t\t\t\t<\/div><!-- .entry-header -->\r\n\t\t\t\t\t\t\t\r\n\t\t\t\t\t\t\t\t\t\t\t\t\t\t<div class=\"entry-summary the-excerpt\">\r\n\r\n\t\t\t\t\t            <p>Pravni nadzor br. 66 \u2013 prosinac 2023. Sudska praksa u vezi s GDPR-om: Klju\u010dni trendovi u 2023. Bilo u Francuskoj ili na europskoj razini, tijela za za\u0161titu podataka i pravosudna tijela donijela su 2023. brojne odluke kojima se poja\u0161njavaju uvjeti za primjenu GDPR-a. Na europskoj razini, najzna\u010dajnije sankcije koje su nametnula tijela [\u2026]\n\r\n\t\t\t\t\t        <\/div><!-- .entry-content -->\r\n\t\t\t\t\t\t\t\t\t\t\t\t\t\t<div class=\"btn-readmore\">\r\n\t\t\t\t\t\t\t\t<a href=\"https:\/\/viqtor.eu\/hr\/jurisprudence-rgpd-les-grandes-orientations-de-2023\/\"><i class=\"flaticon-right-arrow-1\"><\/i>Pro\u010ditajte vi\u0161e<\/a>\t\t\t\t\t\t\t<\/div>\r\n\t\t\t\t\t\t<\/div>\r\n\t\t\t\t\t<\/div>\r\n\t\t\t\t<\/article>\r\n\t\t\t\t<\/div>\r\n\t\t\t \r\n\t\t\t\t<div class=\"pgrid-box\">\r\n\t\t\t\t<article class=\"post-box blog-item\">\r\n\t\t\t\t\t<div class=\"post-inner\">\r\n\t\t\t\t\t\t\t\t\t\t\t\t\r\n\t\t\t\t\t        <div class=\"entry-media\">\r\n\t\t\t\t\t        \t<div class=\"post-cat\"><span class=\"posted-in\"><a href=\"https:\/\/viqtor.eu\/hr\/category\/veille-juridique\/\" rel=\"category tag\">Pravni nadzor<\/a><\/span><\/div>\t\t\t\t\t            <a href=\"https:\/\/viqtor.eu\/hr\/plaintes-et-sanctions-quel-agenda-2024-pour-les-autorites-de-protection-des-donnees\/\">\r\n\t\t\t\t\t                <img loading=\"lazy\" decoding=\"async\" width=\"601\" height=\"520\" src=\"https:\/\/viqtor.eu\/wp-content\/uploads\/2026\/03\/shutterstock_2344659795_1773150356149-601x520.jpg\" class=\"attachment-engitech-slider-post-thumbnail size-engitech-slider-post-thumbnail wp-post-image\" alt=\"\" \/>\t\t\t\t\t            <\/a>\r\n\t\t\t\t\t        <\/div>\r\n\t\t\t\t\t        \r\n\t\t\t\t\t    \r\n\t\t\t\t\t\t<div class=\"inner-post\">\r\n\t\t\t\t\t\t\t<div class=\"entry-header\">\r\n\r\n\t\t\t\t\t\t\t\t\r\n\t\t\t\t\t\t\t\t<h3 class=\"entry-title\"><a href=\"https:\/\/viqtor.eu\/hr\/plaintes-et-sanctions-quel-agenda-2024-pour-les-autorites-de-protection-des-donnees\/\" rel=\"bookmark\">Pritu\u017ebe i sankcije: \u0161to je program za tijela za za\u0161titu podataka za 2024. godinu?<\/a><\/h3>\r\n\t\t\t\t\t\t\t<\/div><!-- .entry-header -->\r\n\t\t\t\t\t\t\t\r\n\t\t\t\t\t\t\t\t\t\t\t\t\t\t<div class=\"entry-summary the-excerpt\">\r\n\r\n\t\t\t\t\t            <p>Pravni nadzor br. 65 \u2013 studeni 2023. Pritu\u017ebe i sankcije: kakav je program za tijela za za\u0161titu podataka u 2024. godini? Stupanje na snagu GDPR-a dovelo je do pove\u0107ane svijesti o za\u0161titi podataka, kako me\u0111u voditeljima obrade podataka tako i me\u0111u pojedincima. To je rezultiralo pove\u0107anjem [\u2026]\n\r\n\t\t\t\t\t        <\/div><!-- .entry-content -->\r\n\t\t\t\t\t\t\t\t\t\t\t\t\t\t<div class=\"btn-readmore\">\r\n\t\t\t\t\t\t\t\t<a href=\"https:\/\/viqtor.eu\/hr\/plaintes-et-sanctions-quel-agenda-2024-pour-les-autorites-de-protection-des-donnees\/\"><i class=\"flaticon-right-arrow-1\"><\/i>Pro\u010ditajte vi\u0161e<\/a>\t\t\t\t\t\t\t<\/div>\r\n\t\t\t\t\t\t<\/div>\r\n\t\t\t\t\t<\/div>\r\n\t\t\t\t<\/article>\r\n\t\t\t\t<\/div>\r\n\t\t\t \r\n\t\t\t\t<div class=\"pgrid-box\">\r\n\t\t\t\t<article class=\"post-box blog-item\">\r\n\t\t\t\t\t<div class=\"post-inner\">\r\n\t\t\t\t\t\t\t\t\t\t\t\t\r\n\t\t\t\t\t        <div class=\"entry-media\">\r\n\t\t\t\t\t        \t<div class=\"post-cat\"><span class=\"posted-in\"><a href=\"https:\/\/viqtor.eu\/hr\/category\/veille-juridique\/\" rel=\"category tag\">Pravni nadzor<\/a><\/span><\/div>\t\t\t\t\t            <a href=\"https:\/\/viqtor.eu\/hr\/chiffrement-et-portes-derobees-des-contraintes-techniques-aux-enjeux-de-societe\/\">\r\n\t\t\t\t\t                <img loading=\"lazy\" decoding=\"async\" width=\"601\" height=\"520\" src=\"https:\/\/viqtor.eu\/wp-content\/uploads\/2026\/03\/shutterstock_2563879841_1773140290155-601x520.jpg\" class=\"attachment-engitech-slider-post-thumbnail size-engitech-slider-post-thumbnail wp-post-image\" alt=\"\" \/>\t\t\t\t\t            <\/a>\r\n\t\t\t\t\t        <\/div>\r\n\t\t\t\t\t        \r\n\t\t\t\t\t    \r\n\t\t\t\t\t\t<div class=\"inner-post\">\r\n\t\t\t\t\t\t\t<div class=\"entry-header\">\r\n\r\n\t\t\t\t\t\t\t\t\r\n\t\t\t\t\t\t\t\t<h3 class=\"entry-title\"><a href=\"https:\/\/viqtor.eu\/hr\/chiffrement-et-portes-derobees-des-contraintes-techniques-aux-enjeux-de-societe\/\" rel=\"bookmark\">\u0160ifriranje i stra\u017enja vrata: od tehni\u010dkih ograni\u010denja do dru\u0161tvenih izazova<\/a><\/h3>\r\n\t\t\t\t\t\t\t<\/div><!-- .entry-header -->\r\n\t\t\t\t\t\t\t\r\n\t\t\t\t\t\t\t\t\t\t\t\t\t\t<div class=\"entry-summary the-excerpt\">\r\n\r\n\t\t\t\t\t            <p>Pravni nadzor br. 64 \u2013 listopad 2023. \u0160ifriranje i stra\u017enja vrata: od tehni\u010dkih ograni\u010denja do dru\u0161tvenih izazova. Nedavni doga\u0111aji u Francuskoj odra\u017eavaju trenutnu raspravu u Europi o pristupu tijela za provedbu zakona sadr\u017eaju \u0161ifriranih usluga razmjene poruka. Ministar unutarnjih poslova, komentiraju\u0107i na radiju nedavni napad u srednjoj \u0161koli Arras, [\u2026]\n\r\n\t\t\t\t\t        <\/div><!-- .entry-content -->\r\n\t\t\t\t\t\t\t\t\t\t\t\t\t\t<div class=\"btn-readmore\">\r\n\t\t\t\t\t\t\t\t<a href=\"https:\/\/viqtor.eu\/hr\/chiffrement-et-portes-derobees-des-contraintes-techniques-aux-enjeux-de-societe\/\"><i class=\"flaticon-right-arrow-1\"><\/i>Pro\u010ditajte vi\u0161e<\/a>\t\t\t\t\t\t\t<\/div>\r\n\t\t\t\t\t\t<\/div>\r\n\t\t\t\t\t<\/div>\r\n\t\t\t\t<\/article>\r\n\t\t\t\t<\/div>\r\n\t\t\t \r\n\t\t\t\t<div class=\"pgrid-box\">\r\n\t\t\t\t<article class=\"post-box blog-item\">\r\n\t\t\t\t\t<div class=\"post-inner\">\r\n\t\t\t\t\t\t\t\t\t\t\t\t\r\n\t\t\t\t\t        <div class=\"entry-media\">\r\n\t\t\t\t\t        \t<div class=\"post-cat\"><span class=\"posted-in\"><a href=\"https:\/\/viqtor.eu\/hr\/category\/veille-juridique\/\" rel=\"category tag\">Pravni nadzor<\/a><\/span><\/div>\t\t\t\t\t            <a href=\"https:\/\/viqtor.eu\/hr\/brexit-etat-des-lieux-de-la-protection-des-donnees\/\">\r\n\t\t\t\t\t                <img loading=\"lazy\" decoding=\"async\" width=\"601\" height=\"520\" src=\"https:\/\/viqtor.eu\/wp-content\/uploads\/2026\/03\/shutterstock_1347752237_1773139288406-7-601x520.jpg\" class=\"attachment-engitech-slider-post-thumbnail size-engitech-slider-post-thumbnail wp-post-image\" alt=\"\" \/>\t\t\t\t\t            <\/a>\r\n\t\t\t\t\t        <\/div>\r\n\t\t\t\t\t        \r\n\t\t\t\t\t    \r\n\t\t\t\t\t\t<div class=\"inner-post\">\r\n\t\t\t\t\t\t\t<div class=\"entry-header\">\r\n\r\n\t\t\t\t\t\t\t\t\r\n\t\t\t\t\t\t\t\t<h3 class=\"entry-title\"><a href=\"https:\/\/viqtor.eu\/hr\/brexit-etat-des-lieux-de-la-protection-des-donnees\/\" rel=\"bookmark\">Brexit: pregled za\u0161tite podataka<\/a><\/h3>\r\n\t\t\t\t\t\t\t<\/div><!-- .entry-header -->\r\n\t\t\t\t\t\t\t\r\n\t\t\t\t\t\t\t\t\t\t\t\t\t\t<div class=\"entry-summary the-excerpt\">\r\n\r\n\t\t\t\t\t            <p>Pravni nadzor br. 63 \u2013 rujan 2023. Brexit: pregled za\u0161tite podataka. Od izlaska Ujedinjene Kraljevine iz Europske unije 31. sije\u010dnja 2020. pojavljuju se sve zna\u010dajnije razlike izme\u0111u okvira za za\u0161titu podataka s obje strane La Manchea. Zemlja i dalje primjenjuje zakon [\u2026]\n\r\n\t\t\t\t\t        <\/div><!-- .entry-content -->\r\n\t\t\t\t\t\t\t\t\t\t\t\t\t\t<div class=\"btn-readmore\">\r\n\t\t\t\t\t\t\t\t<a href=\"https:\/\/viqtor.eu\/hr\/brexit-etat-des-lieux-de-la-protection-des-donnees\/\"><i class=\"flaticon-right-arrow-1\"><\/i>Pro\u010ditajte vi\u0161e<\/a>\t\t\t\t\t\t\t<\/div>\r\n\t\t\t\t\t\t<\/div>\r\n\t\t\t\t\t<\/div>\r\n\t\t\t\t<\/article>\r\n\t\t\t\t<\/div>\r\n\t\t\t \r\n\t\t\t\t<div class=\"pgrid-box\">\r\n\t\t\t\t<article class=\"post-box blog-item\">\r\n\t\t\t\t\t<div class=\"post-inner\">\r\n\t\t\t\t\t\t\t\t\t\t\t\t\r\n\t\t\t\t\t        <div class=\"entry-media\">\r\n\t\t\t\t\t        \t<div class=\"post-cat\"><span class=\"posted-in\"><a href=\"https:\/\/viqtor.eu\/hr\/category\/veille-juridique\/\" rel=\"category tag\">Pravni nadzor<\/a><\/span><\/div>\t\t\t\t\t            <a href=\"https:\/\/viqtor.eu\/hr\/dma-dsa-les-nouvelles-obligations-des-geants-de-la-tech\/\">\r\n\t\t\t\t\t                <img loading=\"lazy\" decoding=\"async\" width=\"601\" height=\"520\" src=\"https:\/\/viqtor.eu\/wp-content\/uploads\/2026\/03\/shutterstock_2583776225_1773138280604-601x520.jpg\" class=\"attachment-engitech-slider-post-thumbnail size-engitech-slider-post-thumbnail wp-post-image\" alt=\"\" \/>\t\t\t\t\t            <\/a>\r\n\t\t\t\t\t        <\/div>\r\n\t\t\t\t\t        \r\n\t\t\t\t\t    \r\n\t\t\t\t\t\t<div class=\"inner-post\">\r\n\t\t\t\t\t\t\t<div class=\"entry-header\">\r\n\r\n\t\t\t\t\t\t\t\t\r\n\t\t\t\t\t\t\t\t<h3 class=\"entry-title\"><a href=\"https:\/\/viqtor.eu\/hr\/dma-dsa-les-nouvelles-obligations-des-geants-de-la-tech\/\" rel=\"bookmark\">DMA, DSA: nove obveze tehnolo\u0161kih divova<\/a><\/h3>\r\n\t\t\t\t\t\t\t<\/div><!-- .entry-header -->\r\n\t\t\t\t\t\t\t\r\n\t\t\t\t\t\t\t\t\t\t\t\t\t\t<div class=\"entry-summary the-excerpt\">\r\n\r\n\t\t\t\t\t            <p>Pravni nadzor br. 62 \u2013 kolovoz 2023. DMA, DSA: nove obveze tehnolo\u0161kih divova. Po\u010detkom rujna pro\u0161iruje se za\u0161tita prava korisnika na mre\u017ei, primjenom Zakona o digitalnim uslugama na glavne platforme i objavom popisa tvrtki koje podlije\u017eu Zakonu o digitalnim tr\u017ei\u0161tima. Od 25. [\u2026]\n\r\n\t\t\t\t\t        <\/div><!-- .entry-content -->\r\n\t\t\t\t\t\t\t\t\t\t\t\t\t\t<div class=\"btn-readmore\">\r\n\t\t\t\t\t\t\t\t<a href=\"https:\/\/viqtor.eu\/hr\/dma-dsa-les-nouvelles-obligations-des-geants-de-la-tech\/\"><i class=\"flaticon-right-arrow-1\"><\/i>Pro\u010ditajte vi\u0161e<\/a>\t\t\t\t\t\t\t<\/div>\r\n\t\t\t\t\t\t<\/div>\r\n\t\t\t\t\t<\/div>\r\n\t\t\t\t<\/article>\r\n\t\t\t\t<\/div>\r\n\t\t\t \r\n\t\t\t\t<div class=\"pgrid-box\">\r\n\t\t\t\t<article class=\"post-box blog-item\">\r\n\t\t\t\t\t<div class=\"post-inner\">\r\n\t\t\t\t\t\t\t\t\t\t\t\t\r\n\t\t\t\t\t        <div class=\"entry-media\">\r\n\t\t\t\t\t        \t<div class=\"post-cat\"><span class=\"posted-in\"><a href=\"https:\/\/viqtor.eu\/hr\/category\/veille-juridique\/\" rel=\"category tag\">Pravni nadzor<\/a><\/span><\/div>\t\t\t\t\t            <a href=\"https:\/\/viqtor.eu\/hr\/les-apis-au-coeur-du-partage-des-donnees-a-caractere-personnel\/\">\r\n\t\t\t\t\t                <img loading=\"lazy\" decoding=\"async\" width=\"601\" height=\"520\" src=\"https:\/\/viqtor.eu\/wp-content\/uploads\/2026\/03\/shutterstock_2733529939_1773135977905-2-601x520.jpg\" class=\"attachment-engitech-slider-post-thumbnail size-engitech-slider-post-thumbnail wp-post-image\" alt=\"\" \/>\t\t\t\t\t            <\/a>\r\n\t\t\t\t\t        <\/div>\r\n\t\t\t\t\t        \r\n\t\t\t\t\t    \r\n\t\t\t\t\t\t<div class=\"inner-post\">\r\n\t\t\t\t\t\t\t<div class=\"entry-header\">\r\n\r\n\t\t\t\t\t\t\t\t\r\n\t\t\t\t\t\t\t\t<h3 class=\"entry-title\"><a href=\"https:\/\/viqtor.eu\/hr\/les-apis-au-coeur-du-partage-des-donnees-a-caractere-personnel\/\" rel=\"bookmark\">API-ji u sredi\u0161tu dijeljenja osobnih podataka<\/a><\/h3>\r\n\t\t\t\t\t\t\t<\/div><!-- .entry-header -->\r\n\t\t\t\t\t\t\t\r\n\t\t\t\t\t\t\t\t\t\t\t\t\t\t<div class=\"entry-summary the-excerpt\">\r\n\r\n\t\t\t\t\t            <p>Pravni nadzor br. 61 \u2013 srpanj 2023. API-ji u sredi\u0161tu dijeljenja osobnih podataka. Su\u010delja za programiranje aplikacija, obi\u010dno poznata kao &quot;API-ji&quot; (od engleskog naziva &quot;application programming interface&quot;), \u010desto se koriste za olak\u0161avanje dijeljenja informacija izme\u0111u javnih i privatnih organizacija. Ovo dijeljenje [\u2026]\n\r\n\t\t\t\t\t        <\/div><!-- .entry-content -->\r\n\t\t\t\t\t\t\t\t\t\t\t\t\t\t<div class=\"btn-readmore\">\r\n\t\t\t\t\t\t\t\t<a href=\"https:\/\/viqtor.eu\/hr\/les-apis-au-coeur-du-partage-des-donnees-a-caractere-personnel\/\"><i class=\"flaticon-right-arrow-1\"><\/i>Pro\u010ditajte vi\u0161e<\/a>\t\t\t\t\t\t\t<\/div>\r\n\t\t\t\t\t\t<\/div>\r\n\t\t\t\t\t<\/div>\r\n\t\t\t\t<\/article>\r\n\t\t\t\t<\/div>\r\n\t\t\t \r\n\t\t\t\t<div class=\"pgrid-box\">\r\n\t\t\t\t<article class=\"post-box blog-item\">\r\n\t\t\t\t\t<div class=\"post-inner\">\r\n\t\t\t\t\t\t\t\t\t\t\t\t\r\n\t\t\t\t\t        <div class=\"entry-media\">\r\n\t\t\t\t\t        \t<div class=\"post-cat\"><span class=\"posted-in\"><a href=\"https:\/\/viqtor.eu\/hr\/category\/veille-juridique\/\" rel=\"category tag\">Pravni nadzor<\/a><\/span><\/div>\t\t\t\t\t            <a href=\"https:\/\/viqtor.eu\/hr\/sanction-meta-12-milliard-deuros-et-apres\/\">\r\n\t\t\t\t\t                <img loading=\"lazy\" decoding=\"async\" width=\"601\" height=\"520\" src=\"https:\/\/viqtor.eu\/wp-content\/uploads\/2026\/03\/Image198997_1772200212075-2-601x520.jpg\" class=\"attachment-engitech-slider-post-thumbnail size-engitech-slider-post-thumbnail wp-post-image\" alt=\"\" \/>\t\t\t\t\t            <\/a>\r\n\t\t\t\t\t        <\/div>\r\n\t\t\t\t\t        \r\n\t\t\t\t\t    \r\n\t\t\t\t\t\t<div class=\"inner-post\">\r\n\t\t\t\t\t\t\t<div class=\"entry-header\">\r\n\r\n\t\t\t\t\t\t\t\t\r\n\t\t\t\t\t\t\t\t<h3 class=\"entry-title\"><a href=\"https:\/\/viqtor.eu\/hr\/sanction-meta-12-milliard-deuros-et-apres\/\" rel=\"bookmark\">Meta-sankcije: 1,2 milijarde eura... i \u0161to onda?<\/a><\/h3>\r\n\t\t\t\t\t\t\t<\/div><!-- .entry-header -->\r\n\t\t\t\t\t\t\t\r\n\t\t\t\t\t\t\t\t\t\t\t\t\t\t<div class=\"entry-summary the-excerpt\">\r\n\r\n\t\t\t\t\t            <p>Pravni nadzor br. 59 \u2013 svibanj 2023. Kazna za Metu: 1,2 milijarde eura\u2026 i \u0161to onda? Kazna koju je 12. svibnja irsko tijelo za za\u0161titu podataka izreklo tvrtki Meta, mati\u010dnoj tvrtki Facebooka, najvi\u0161a je ikad izre\u010dena od strane tijela za za\u0161titu podataka od stupanja na snagu GDPR-a, u vrijeme [\u2026]\n\r\n\t\t\t\t\t        <\/div><!-- .entry-content -->\r\n\t\t\t\t\t\t\t\t\t\t\t\t\t\t<div class=\"btn-readmore\">\r\n\t\t\t\t\t\t\t\t<a href=\"https:\/\/viqtor.eu\/hr\/sanction-meta-12-milliard-deuros-et-apres\/\"><i class=\"flaticon-right-arrow-1\"><\/i>Pro\u010ditajte vi\u0161e<\/a>\t\t\t\t\t\t\t<\/div>\r\n\t\t\t\t\t\t<\/div>\r\n\t\t\t\t\t<\/div>\r\n\t\t\t\t<\/article>\r\n\t\t\t\t<\/div>\r\n\t\t\t \r\n\t\t\t\t<div class=\"pgrid-box\">\r\n\t\t\t\t<article class=\"post-box blog-item\">\r\n\t\t\t\t\t<div class=\"post-inner\">\r\n\t\t\t\t\t\t\t\t\t\t\t\t\r\n\t\t\t\t\t        <div class=\"entry-media\">\r\n\t\t\t\t\t        \t<div class=\"post-cat\"><span class=\"posted-in\"><a href=\"https:\/\/viqtor.eu\/hr\/category\/veille-juridique\/\" rel=\"category tag\">Pravni nadzor<\/a><\/span><\/div>\t\t\t\t\t            <a href=\"https:\/\/viqtor.eu\/hr\/chatgpt-quel-cadre-legal-pour-les-nouvelles-applications-de-lintelligence-artificielle\/\">\r\n\t\t\t\t\t                <img loading=\"lazy\" decoding=\"async\" width=\"601\" height=\"520\" src=\"https:\/\/viqtor.eu\/wp-content\/uploads\/2026\/03\/011111_1772199708788-3-601x520.jpg\" class=\"attachment-engitech-slider-post-thumbnail size-engitech-slider-post-thumbnail wp-post-image\" alt=\"\" \/>\t\t\t\t\t            <\/a>\r\n\t\t\t\t\t        <\/div>\r\n\t\t\t\t\t        \r\n\t\t\t\t\t    \r\n\t\t\t\t\t\t<div class=\"inner-post\">\r\n\t\t\t\t\t\t\t<div class=\"entry-header\">\r\n\r\n\t\t\t\t\t\t\t\t\r\n\t\t\t\t\t\t\t\t<h3 class=\"entry-title\"><a href=\"https:\/\/viqtor.eu\/hr\/chatgpt-quel-cadre-legal-pour-les-nouvelles-applications-de-lintelligence-artificielle\/\" rel=\"bookmark\">ChatGPT: Koji je pravni okvir za nove primjene umjetne inteligencije?<\/a><\/h3>\r\n\t\t\t\t\t\t\t<\/div><!-- .entry-header -->\r\n\t\t\t\t\t\t\t\r\n\t\t\t\t\t\t\t\t\t\t\t\t\t\t<div class=\"entry-summary the-excerpt\">\r\n\r\n\t\t\t\t\t            <p>Pravni nadzor br. 58 \u2013 travanj 2023. ChatGPT: Koji je pravni okvir za nove primjene umjetne inteligencije? ChatGPT, Google Bard, Stable Diffusion i Dall-E su modeli velikih jezika (LLM), podkategorija postoje\u0107ih jezi\u010dnih modela. Jezi\u010dni modeli su ra\u010dunalni programi dizajnirani za obradu [\u2026]\n\r\n\t\t\t\t\t        <\/div><!-- .entry-content -->\r\n\t\t\t\t\t\t\t\t\t\t\t\t\t\t<div class=\"btn-readmore\">\r\n\t\t\t\t\t\t\t\t<a href=\"https:\/\/viqtor.eu\/hr\/chatgpt-quel-cadre-legal-pour-les-nouvelles-applications-de-lintelligence-artificielle\/\"><i class=\"flaticon-right-arrow-1\"><\/i>Pro\u010ditajte vi\u0161e<\/a>\t\t\t\t\t\t\t<\/div>\r\n\t\t\t\t\t\t<\/div>\r\n\t\t\t\t\t<\/div>\r\n\t\t\t\t<\/article>\r\n\t\t\t\t<\/div>\r\n\t\t\t \r\n\t\t\t\t<div class=\"pgrid-box\">\r\n\t\t\t\t<article class=\"post-box blog-item\">\r\n\t\t\t\t\t<div class=\"post-inner\">\r\n\t\t\t\t\t\t\t\t\t\t\t\t\r\n\t\t\t\t\t        <div class=\"entry-media\">\r\n\t\t\t\t\t        \t<div class=\"post-cat\"><span class=\"posted-in\"><a href=\"https:\/\/viqtor.eu\/hr\/category\/veille-juridique\/\" rel=\"category tag\">Pravni nadzor<\/a><\/span><\/div>\t\t\t\t\t            <a href=\"https:\/\/viqtor.eu\/hr\/cameras-intelligentes-et-biometrie-quel-sera-limpact-de-la-loi-relative-aux-jeux-olympiques\/\">\r\n\t\t\t\t\t                <img loading=\"lazy\" decoding=\"async\" width=\"601\" height=\"520\" src=\"https:\/\/viqtor.eu\/wp-content\/uploads\/2026\/03\/shutterstock_2489516291_1773759114012-7-601x520.jpg\" class=\"attachment-engitech-slider-post-thumbnail size-engitech-slider-post-thumbnail wp-post-image\" alt=\"\" \/>\t\t\t\t\t            <\/a>\r\n\t\t\t\t\t        <\/div>\r\n\t\t\t\t\t        \r\n\t\t\t\t\t    \r\n\t\t\t\t\t\t<div class=\"inner-post\">\r\n\t\t\t\t\t\t\t<div class=\"entry-header\">\r\n\r\n\t\t\t\t\t\t\t\t\r\n\t\t\t\t\t\t\t\t<h3 class=\"entry-title\"><a href=\"https:\/\/viqtor.eu\/hr\/cameras-intelligentes-et-biometrie-quel-sera-limpact-de-la-loi-relative-aux-jeux-olympiques\/\" rel=\"bookmark\">Pametne kamere i biometrija \u2013 kakav \u0107e biti utjecaj zakona koji se odnosi na Olimpijske igre?<\/a><\/h3>\r\n\t\t\t\t\t\t\t<\/div><!-- .entry-header -->\r\n\t\t\t\t\t\t\t\r\n\t\t\t\t\t\t\t\t\t\t\t\t\t\t<div class=\"entry-summary the-excerpt\">\r\n\r\n\t\t\t\t\t            <p>Pravni nadzor br. 57 \u2013 o\u017eujak 2023. Pametne kamere i biometrija \u2013 kakav \u0107e biti utjecaj zakona koji se odnosi na Olimpijske igre? Dana 23. o\u017eujka, Nacionalna skup\u0161tina usvojila je \u010dlanak 7. zakona o Olimpijskim igrama. Prijedlog zakona, usvojen na slabo posje\u0107enoj skup\u0161tini (prisutno je bilo 73 od 577 \u010dlanova), [\u2026]\n\r\n\t\t\t\t\t        <\/div><!-- .entry-content -->\r\n\t\t\t\t\t\t\t\t\t\t\t\t\t\t<div class=\"btn-readmore\">\r\n\t\t\t\t\t\t\t\t<a href=\"https:\/\/viqtor.eu\/hr\/cameras-intelligentes-et-biometrie-quel-sera-limpact-de-la-loi-relative-aux-jeux-olympiques\/\"><i class=\"flaticon-right-arrow-1\"><\/i>Pro\u010ditajte vi\u0161e<\/a>\t\t\t\t\t\t\t<\/div>\r\n\t\t\t\t\t\t<\/div>\r\n\t\t\t\t\t<\/div>\r\n\t\t\t\t<\/article>\r\n\t\t\t\t<\/div>\r\n\t\t\t \r\n\t\t\t\t<div class=\"pgrid-box\">\r\n\t\t\t\t<article class=\"post-box blog-item\">\r\n\t\t\t\t\t<div class=\"post-inner\">\r\n\t\t\t\t\t\t\t\t\t\t\t\t\r\n\t\t\t\t\t        <div class=\"entry-media\">\r\n\t\t\t\t\t        \t<div class=\"post-cat\"><span class=\"posted-in\"><a href=\"https:\/\/viqtor.eu\/hr\/category\/veille-juridique\/\" rel=\"category tag\">Pravni nadzor<\/a><\/span><\/div>\t\t\t\t\t            <a href=\"https:\/\/viqtor.eu\/hr\/2020-et-au-dela\/\">\r\n\t\t\t\t\t                <img loading=\"lazy\" decoding=\"async\" width=\"601\" height=\"305\" src=\"https:\/\/viqtor.eu\/wp-content\/uploads\/2023\/04\/shutterstock_1034809678-601x305.jpg\" class=\"attachment-engitech-slider-post-thumbnail size-engitech-slider-post-thumbnail wp-post-image\" alt=\"LE SYNDICAT PROFESSIONNEL et le RGPD\" \/>\t\t\t\t\t            <\/a>\r\n\t\t\t\t\t        <\/div>\r\n\t\t\t\t\t        \r\n\t\t\t\t\t    \r\n\t\t\t\t\t\t<div class=\"inner-post\">\r\n\t\t\t\t\t\t\t<div class=\"entry-header\">\r\n\r\n\t\t\t\t\t\t\t\t\r\n\t\t\t\t\t\t\t\t<h3 class=\"entry-title\"><a href=\"https:\/\/viqtor.eu\/hr\/2020-et-au-dela\/\" rel=\"bookmark\">2020. i nadalje<\/a><\/h3>\r\n\t\t\t\t\t\t\t<\/div><!-- .entry-header -->\r\n\t\t\t\t\t\t\t\r\n\t\t\t\t\t\t\t\t\t\t\t\t\t\t<div class=\"entry-summary the-excerpt\">\r\n\r\n\t\t\t\t\t            <p>Pravni pregled 2020. i dalje \u2013 prosinac 2019. Pred nama je nova godina, ali i novo desetlje\u0107e, sa svojim izazovima, ograni\u010denjima i obe\u0107anjima. Kako bismo se bolje pozabavili ovim pitanjima, ukratko se osvrnimo na 2019. Vi\u0161e od godinu dana nakon \u0161to je GDPR stupio na snagu, prva procjena provedbe [\u2026]\n\r\n\t\t\t\t\t        <\/div><!-- .entry-content -->\r\n\t\t\t\t\t\t\t\t\t\t\t\t\t\t<div class=\"btn-readmore\">\r\n\t\t\t\t\t\t\t\t<a href=\"https:\/\/viqtor.eu\/hr\/2020-et-au-dela\/\"><i class=\"flaticon-right-arrow-1\"><\/i>Pro\u010ditajte vi\u0161e<\/a>\t\t\t\t\t\t\t<\/div>\r\n\t\t\t\t\t\t<\/div>\r\n\t\t\t\t\t<\/div>\r\n\t\t\t\t<\/article>\r\n\t\t\t\t<\/div>\r\n\t\t\t \r\n\t\t\t\t<div class=\"pgrid-box\">\r\n\t\t\t\t<article class=\"post-box blog-item\">\r\n\t\t\t\t\t<div class=\"post-inner\">\r\n\t\t\t\t\t\t\t\t\t\t\t\t\r\n\t\t\t\t\t        <div class=\"entry-media\">\r\n\t\t\t\t\t        \t<div class=\"post-cat\"><span class=\"posted-in\"><a href=\"https:\/\/viqtor.eu\/hr\/category\/veille-juridique\/\" rel=\"category tag\">Pravni nadzor<\/a><\/span><\/div>\t\t\t\t\t            <a href=\"https:\/\/viqtor.eu\/hr\/securite-des-donnees-lerreur-est-humaine\/\">\r\n\t\t\t\t\t                <img loading=\"lazy\" decoding=\"async\" width=\"601\" height=\"520\" src=\"https:\/\/viqtor.eu\/wp-content\/uploads\/2023\/04\/shutterstock_731103250-601x520.jpg\" class=\"attachment-engitech-slider-post-thumbnail size-engitech-slider-post-thumbnail wp-post-image\" alt=\"Viqtor - E-LEARNING Formation RGPD\" \/>\t\t\t\t\t            <\/a>\r\n\t\t\t\t\t        <\/div>\r\n\t\t\t\t\t        \r\n\t\t\t\t\t    \r\n\t\t\t\t\t\t<div class=\"inner-post\">\r\n\t\t\t\t\t\t\t<div class=\"entry-header\">\r\n\r\n\t\t\t\t\t\t\t\t\r\n\t\t\t\t\t\t\t\t<h3 class=\"entry-title\"><a href=\"https:\/\/viqtor.eu\/hr\/securite-des-donnees-lerreur-est-humaine\/\" rel=\"bookmark\">Sigurnost podataka: grije\u0161iti je (\u010desto) ljudski<\/a><\/h3>\r\n\t\t\t\t\t\t\t<\/div><!-- .entry-header -->\r\n\t\t\t\t\t\t\t\r\n\t\t\t\t\t\t\t\t\t\t\t\t\t\t<div class=\"entry-summary the-excerpt\">\r\n\r\n\t\t\t\t\t            <p>Sigurnost podataka: grije\u0161iti je (\u010desto) ljudski Legal Watch \u2013 studeni 2019. Sigurnost podataka: grije\u0161iti je (\u010desto) ljudski. Ovo je zapa\u017eanje javnih tijela odgovornih za za\u0161titu osobnih podataka, koja su se sastala u Tirani od 21. do 24. listopada. U okviru [\u2026] usvojeno je nekoliko rezolucija.\n\r\n\t\t\t\t\t        <\/div><!-- .entry-content -->\r\n\t\t\t\t\t\t\t\t\t\t\t\t\t\t<div class=\"btn-readmore\">\r\n\t\t\t\t\t\t\t\t<a href=\"https:\/\/viqtor.eu\/hr\/securite-des-donnees-lerreur-est-humaine\/\"><i class=\"flaticon-right-arrow-1\"><\/i>Pro\u010ditajte vi\u0161e<\/a>\t\t\t\t\t\t\t<\/div>\r\n\t\t\t\t\t\t<\/div>\r\n\t\t\t\t\t<\/div>\r\n\t\t\t\t<\/article>\r\n\t\t\t\t<\/div>\r\n\t\t\t \r\n\t\t\t\t<div class=\"pgrid-box\">\r\n\t\t\t\t<article class=\"post-box blog-item\">\r\n\t\t\t\t\t<div class=\"post-inner\">\r\n\t\t\t\t\t\t\t\t\t\t\t\t\r\n\t\t\t\t\t        <div class=\"entry-media\">\r\n\t\t\t\t\t        \t<div class=\"post-cat\"><span class=\"posted-in\"><a href=\"https:\/\/viqtor.eu\/hr\/category\/veille-juridique\/\" rel=\"category tag\">Pravni nadzor<\/a><\/span><\/div>\t\t\t\t\t            <a href=\"https:\/\/viqtor.eu\/hr\/reconnaissance-faciale-intelligence-artificielle-et-ethique-le-debat-prend-de-lampleur\/\">\r\n\t\t\t\t\t                <img loading=\"lazy\" decoding=\"async\" width=\"601\" height=\"520\" src=\"https:\/\/viqtor.eu\/wp-content\/uploads\/2023\/04\/shutterstock_233471317-601x520.jpg\" class=\"attachment-engitech-slider-post-thumbnail size-engitech-slider-post-thumbnail wp-post-image\" alt=\"\" \/>\t\t\t\t\t            <\/a>\r\n\t\t\t\t\t        <\/div>\r\n\t\t\t\t\t        \r\n\t\t\t\t\t    \r\n\t\t\t\t\t\t<div class=\"inner-post\">\r\n\t\t\t\t\t\t\t<div class=\"entry-header\">\r\n\r\n\t\t\t\t\t\t\t\t\r\n\t\t\t\t\t\t\t\t<h3 class=\"entry-title\"><a href=\"https:\/\/viqtor.eu\/hr\/reconnaissance-faciale-intelligence-artificielle-et-ethique-le-debat-prend-de-lampleur\/\" rel=\"bookmark\">Prepoznavanje lica, umjetna inteligencija i etika: rasprava dobiva na zamahu<\/a><\/h3>\r\n\t\t\t\t\t\t\t<\/div><!-- .entry-header -->\r\n\t\t\t\t\t\t\t\r\n\t\t\t\t\t\t\t\t\t\t\t\t\t\t<div class=\"entry-summary the-excerpt\">\r\n\r\n\t\t\t\t\t            <p>Prepoznavanje lica, umjetna inteligencija i etika: rasprava dobiva na zamahu Legal Watch \u2013 listopad 2019. Pla\u0107anje licem umjesto kreditnom karticom, kori\u0161tenje Amazon kamera za borbu protiv kriminala, kao \u0161to je to u\u010dinila policija Orlanda u Sjedinjenim Dr\u017eavama, upravljanje kretanjem sporta\u0161a i novinara na Olimpijskim igrama u [\u2026]\n\r\n\t\t\t\t\t        <\/div><!-- .entry-content -->\r\n\t\t\t\t\t\t\t\t\t\t\t\t\t\t<div class=\"btn-readmore\">\r\n\t\t\t\t\t\t\t\t<a href=\"https:\/\/viqtor.eu\/hr\/reconnaissance-faciale-intelligence-artificielle-et-ethique-le-debat-prend-de-lampleur\/\"><i class=\"flaticon-right-arrow-1\"><\/i>Pro\u010ditajte vi\u0161e<\/a>\t\t\t\t\t\t\t<\/div>\r\n\t\t\t\t\t\t<\/div>\r\n\t\t\t\t\t<\/div>\r\n\t\t\t\t<\/article>\r\n\t\t\t\t<\/div>\r\n\t\t\t \r\n\t\t\t\t<div class=\"pgrid-box\">\r\n\t\t\t\t<article class=\"post-box blog-item\">\r\n\t\t\t\t\t<div class=\"post-inner\">\r\n\t\t\t\t\t\t\t\t\t\t\t\t\r\n\t\t\t\t\t        <div class=\"entry-media\">\r\n\t\t\t\t\t        \t<div class=\"post-cat\"><span class=\"posted-in\"><a href=\"https:\/\/viqtor.eu\/hr\/category\/veille-juridique\/\" rel=\"category tag\">Pravni nadzor<\/a><\/span><\/div>\t\t\t\t\t            <a href=\"https:\/\/viqtor.eu\/hr\/on-est-parfois-plus-responsable-quon-ne-le-pense-ou-quon-ne-le-souhaite\/\">\r\n\t\t\t\t\t                <img loading=\"lazy\" decoding=\"async\" width=\"601\" height=\"520\" src=\"https:\/\/viqtor.eu\/wp-content\/uploads\/2023\/04\/shutterstock_1318808819-601x520.jpg\" class=\"attachment-engitech-slider-post-thumbnail size-engitech-slider-post-thumbnail wp-post-image\" alt=\"\" \/>\t\t\t\t\t            <\/a>\r\n\t\t\t\t\t        <\/div>\r\n\t\t\t\t\t        \r\n\t\t\t\t\t    \r\n\t\t\t\t\t\t<div class=\"inner-post\">\r\n\t\t\t\t\t\t\t<div class=\"entry-header\">\r\n\r\n\t\t\t\t\t\t\t\t\r\n\t\t\t\t\t\t\t\t<h3 class=\"entry-title\"><a href=\"https:\/\/viqtor.eu\/hr\/on-est-parfois-plus-responsable-quon-ne-le-pense-ou-quon-ne-le-souhaite\/\" rel=\"bookmark\">Ponekad smo odgovorniji nego \u0161to mislimo... ili nego \u0161to \u017eelimo biti.<\/a><\/h3>\r\n\t\t\t\t\t\t\t<\/div><!-- .entry-header -->\r\n\t\t\t\t\t\t\t\r\n\t\t\t\t\t\t\t\t\t\t\t\t\t\t<div class=\"entry-summary the-excerpt\">\r\n\r\n\t\t\t\t\t            <p>Ponekad smo odgovorniji nego \u0161to mislimo... ili nego \u0161to \u017eelimo biti. Legal Watch \u2013 rujan 2019. To je slu\u010daj kada instaliramo jednostavan dodatak na na\u0161u web stranicu, \u010dak i ako nemamo pristup podacima prikupljenim na taj na\u010din. Nedavna presuda Suda pravde od [\u2026]\n\r\n\t\t\t\t\t        <\/div><!-- .entry-content -->\r\n\t\t\t\t\t\t\t\t\t\t\t\t\t\t<div class=\"btn-readmore\">\r\n\t\t\t\t\t\t\t\t<a href=\"https:\/\/viqtor.eu\/hr\/on-est-parfois-plus-responsable-quon-ne-le-pense-ou-quon-ne-le-souhaite\/\"><i class=\"flaticon-right-arrow-1\"><\/i>Pro\u010ditajte vi\u0161e<\/a>\t\t\t\t\t\t\t<\/div>\r\n\t\t\t\t\t\t<\/div>\r\n\t\t\t\t\t<\/div>\r\n\t\t\t\t<\/article>\r\n\t\t\t\t<\/div>\r\n\t\t\t \r\n\t\t\t\t<div class=\"pgrid-box\">\r\n\t\t\t\t<article class=\"post-box blog-item\">\r\n\t\t\t\t\t<div class=\"post-inner\">\r\n\t\t\t\t\t\t\t\t\t\t\t\t\r\n\t\t\t\t\t        <div class=\"entry-media\">\r\n\t\t\t\t\t        \t<div class=\"post-cat\"><span class=\"posted-in\"><a href=\"https:\/\/viqtor.eu\/hr\/category\/veille-juridique\/\" rel=\"category tag\">Pravni nadzor<\/a><\/span><\/div>\t\t\t\t\t            <a href=\"https:\/\/viqtor.eu\/hr\/un-debut-dete-marque-par-des-sanctions-record-et-de-nouvelles-mesures-daccompagnement\/\">\r\n\t\t\t\t\t                <img loading=\"lazy\" decoding=\"async\" width=\"601\" height=\"520\" src=\"https:\/\/viqtor.eu\/wp-content\/uploads\/2023\/04\/shutterstock_691981369-601x520.jpg\" class=\"attachment-engitech-slider-post-thumbnail size-engitech-slider-post-thumbnail wp-post-image\" alt=\"Un d\u00e9but d\u2019\u00e9t\u00e9 marqu\u00e9 par des sanctions record et de nouvelles mesures d\u2019accompagnement.\" \/>\t\t\t\t\t            <\/a>\r\n\t\t\t\t\t        <\/div>\r\n\t\t\t\t\t        \r\n\t\t\t\t\t    \r\n\t\t\t\t\t\t<div class=\"inner-post\">\r\n\t\t\t\t\t\t\t<div class=\"entry-header\">\r\n\r\n\t\t\t\t\t\t\t\t\r\n\t\t\t\t\t\t\t\t<h3 class=\"entry-title\"><a href=\"https:\/\/viqtor.eu\/hr\/un-debut-dete-marque-par-des-sanctions-record-et-de-nouvelles-mesures-daccompagnement\/\" rel=\"bookmark\">Po\u010detak ljeta obilje\u017een rekordnim sankcijama i novim mjerama potpore.<\/a><\/h3>\r\n\t\t\t\t\t\t\t<\/div><!-- .entry-header -->\r\n\t\t\t\t\t\t\t\r\n\t\t\t\t\t\t\t\t\t\t\t\t\t\t<div class=\"entry-summary the-excerpt\">\r\n\r\n\t\t\t\t\t            <p>Po\u010detak ljeta obilje\u017een rekordnim kaznama i novim mjerama podr\u0161ke. Legal Watch \u2013 srpanj-kolovoz 2019. Po\u010detak ljeta donosi porast temperature, ali i iznosa kazni za kr\u0161enje pravila o za\u0161titi privatnosti. Posebno primje\u0107ujemo najavu ICO-a, britanskog nadzornog tijela, o svojoj namjeri [\u2026]\n\r\n\t\t\t\t\t        <\/div><!-- .entry-content -->\r\n\t\t\t\t\t\t\t\t\t\t\t\t\t\t<div class=\"btn-readmore\">\r\n\t\t\t\t\t\t\t\t<a href=\"https:\/\/viqtor.eu\/hr\/un-debut-dete-marque-par-des-sanctions-record-et-de-nouvelles-mesures-daccompagnement\/\"><i class=\"flaticon-right-arrow-1\"><\/i>Pro\u010ditajte vi\u0161e<\/a>\t\t\t\t\t\t\t<\/div>\r\n\t\t\t\t\t\t<\/div>\r\n\t\t\t\t\t<\/div>\r\n\t\t\t\t<\/article>\r\n\t\t\t\t<\/div>\r\n\t\t\t \r\n\t\t\t\t<div class=\"pgrid-box\">\r\n\t\t\t\t<article class=\"post-box blog-item\">\r\n\t\t\t\t\t<div class=\"post-inner\">\r\n\t\t\t\t\t\t\t\t\t\t\t\t\r\n\t\t\t\t\t        <div class=\"entry-media\">\r\n\t\t\t\t\t        \t<div class=\"post-cat\"><span class=\"posted-in\"><a href=\"https:\/\/viqtor.eu\/hr\/category\/veille-juridique\/\" rel=\"category tag\">Pravni nadzor<\/a><\/span><\/div>\t\t\t\t\t            <a href=\"https:\/\/viqtor.eu\/hr\/le-rgpd-un-an-apres-quels-enseignements-et-quelles-perspectives\/\">\r\n\t\t\t\t\t                <img loading=\"lazy\" decoding=\"async\" width=\"601\" height=\"520\" src=\"https:\/\/viqtor.eu\/wp-content\/uploads\/2023\/04\/shutterstock_1508348960-601x520.jpg\" class=\"attachment-engitech-slider-post-thumbnail size-engitech-slider-post-thumbnail wp-post-image\" alt=\"Le RGPD un an apr\u00e8s : quels enseignements, et quelles perspectives ?\" \/>\t\t\t\t\t            <\/a>\r\n\t\t\t\t\t        <\/div>\r\n\t\t\t\t\t        \r\n\t\t\t\t\t    \r\n\t\t\t\t\t\t<div class=\"inner-post\">\r\n\t\t\t\t\t\t\t<div class=\"entry-header\">\r\n\r\n\t\t\t\t\t\t\t\t\r\n\t\t\t\t\t\t\t\t<h3 class=\"entry-title\"><a href=\"https:\/\/viqtor.eu\/hr\/le-rgpd-un-an-apres-quels-enseignements-et-quelles-perspectives\/\" rel=\"bookmark\">GDPR godinu dana kasnije: koje su pouke i kakve perspektive?<\/a><\/h3>\r\n\t\t\t\t\t\t\t<\/div><!-- .entry-header -->\r\n\t\t\t\t\t\t\t\r\n\t\t\t\t\t\t\t\t\t\t\t\t\t\t<div class=\"entry-summary the-excerpt\">\r\n\r\n\t\t\t\t\t            <p>GDPR godinu dana kasnije: Koje su pouke i kakvi su izgledi? Legal Watch \u2013 lipanj 2019. Dana 25. svibnja 2018. stupila je na snagu Op\u0107a uredba o za\u0161titi podataka. Ovaj novi tekst donio je brojne promjene u poslovnim praksama, bilo u pogledu njihove unutarnje organizacije ili kontakata [\u2026]\n\r\n\t\t\t\t\t        <\/div><!-- .entry-content -->\r\n\t\t\t\t\t\t\t\t\t\t\t\t\t\t<div class=\"btn-readmore\">\r\n\t\t\t\t\t\t\t\t<a href=\"https:\/\/viqtor.eu\/hr\/le-rgpd-un-an-apres-quels-enseignements-et-quelles-perspectives\/\"><i class=\"flaticon-right-arrow-1\"><\/i>Pro\u010ditajte vi\u0161e<\/a>\t\t\t\t\t\t\t<\/div>\r\n\t\t\t\t\t\t<\/div>\r\n\t\t\t\t\t<\/div>\r\n\t\t\t\t<\/article>\r\n\t\t\t\t<\/div>\r\n\t\t\t \r\n\t\t\t\t<div class=\"pgrid-box\">\r\n\t\t\t\t<article class=\"post-box blog-item\">\r\n\t\t\t\t\t<div class=\"post-inner\">\r\n\t\t\t\t\t\t\t\t\t\t\t\t\r\n\t\t\t\t\t        <div class=\"entry-media\">\r\n\t\t\t\t\t        \t<div class=\"post-cat\"><span class=\"posted-in\"><a href=\"https:\/\/viqtor.eu\/hr\/category\/veille-juridique\/\" rel=\"category tag\">Pravni nadzor<\/a><\/span><\/div>\t\t\t\t\t            <a href=\"https:\/\/viqtor.eu\/hr\/focus-rgpd-et-employes-quel-cadre-legal\/\">\r\n\t\t\t\t\t                <img loading=\"lazy\" decoding=\"async\" width=\"601\" height=\"520\" src=\"https:\/\/viqtor.eu\/wp-content\/uploads\/2023\/04\/shutterstock_1779834572-601x520.jpg\" class=\"attachment-engitech-slider-post-thumbnail size-engitech-slider-post-thumbnail wp-post-image\" alt=\"FOCUS RGPD et employ\u00e9s : quel cadre l\u00e9gal ?\" \/>\t\t\t\t\t            <\/a>\r\n\t\t\t\t\t        <\/div>\r\n\t\t\t\t\t        \r\n\t\t\t\t\t    \r\n\t\t\t\t\t\t<div class=\"inner-post\">\r\n\t\t\t\t\t\t\t<div class=\"entry-header\">\r\n\r\n\t\t\t\t\t\t\t\t\r\n\t\t\t\t\t\t\t\t<h3 class=\"entry-title\"><a href=\"https:\/\/viqtor.eu\/hr\/focus-rgpd-et-employes-quel-cadre-legal\/\" rel=\"bookmark\">FOCUS GDPR i zaposlenici: koji je pravni okvir?<\/a><\/h3>\r\n\t\t\t\t\t\t\t<\/div><!-- .entry-header -->\r\n\t\t\t\t\t\t\t\r\n\t\t\t\t\t\t\t\t\t\t\t\t\t\t<div class=\"entry-summary the-excerpt\">\r\n\r\n\t\t\t\t\t            <p>FOCUS GDPR i zaposlenici: kakav pravni okvir? Legal Watch \u2013 svibanj 2019. Dva nedavna slu\u010daja koja uklju\u010duju veliku internetsku knji\u017earu postavljaju pitanje slobode djelovanja zaposlenika kada je u pitanju obrada osobnih podataka kupaca tvrtke. Iako je obrada podataka trenutno regulirana [\u2026]\n\r\n\t\t\t\t\t        <\/div><!-- .entry-content -->\r\n\t\t\t\t\t\t\t\t\t\t\t\t\t\t<div class=\"btn-readmore\">\r\n\t\t\t\t\t\t\t\t<a href=\"https:\/\/viqtor.eu\/hr\/focus-rgpd-et-employes-quel-cadre-legal\/\"><i class=\"flaticon-right-arrow-1\"><\/i>Pro\u010ditajte vi\u0161e<\/a>\t\t\t\t\t\t\t<\/div>\r\n\t\t\t\t\t\t<\/div>\r\n\t\t\t\t\t<\/div>\r\n\t\t\t\t<\/article>\r\n\t\t\t\t<\/div>\r\n\t\t\t \r\n\t\t\t\t<div class=\"pgrid-box\">\r\n\t\t\t\t<article class=\"post-box blog-item\">\r\n\t\t\t\t\t<div class=\"post-inner\">\r\n\t\t\t\t\t\t\t\t\t\t\t\t\r\n\t\t\t\t\t        <div class=\"entry-media\">\r\n\t\t\t\t\t        \t<div class=\"post-cat\"><span class=\"posted-in\"><a href=\"https:\/\/viqtor.eu\/hr\/category\/veille-juridique\/\" rel=\"category tag\">Pravni nadzor<\/a><\/span><\/div>\t\t\t\t\t            <a href=\"https:\/\/viqtor.eu\/hr\/donnees-sensibles-un-champ-dapplication-particulierement-large\/\">\r\n\t\t\t\t\t                <img loading=\"lazy\" decoding=\"async\" width=\"601\" height=\"479\" src=\"https:\/\/viqtor.eu\/wp-content\/uploads\/2023\/04\/shutterstock_1141709585-601x479.jpg\" class=\"attachment-engitech-slider-post-thumbnail size-engitech-slider-post-thumbnail wp-post-image\" alt=\"\" \/>\t\t\t\t\t            <\/a>\r\n\t\t\t\t\t        <\/div>\r\n\t\t\t\t\t        \r\n\t\t\t\t\t    \r\n\t\t\t\t\t\t<div class=\"inner-post\">\r\n\t\t\t\t\t\t\t<div class=\"entry-header\">\r\n\r\n\t\t\t\t\t\t\t\t\r\n\t\t\t\t\t\t\t\t<h3 class=\"entry-title\"><a href=\"https:\/\/viqtor.eu\/hr\/donnees-sensibles-un-champ-dapplication-particulierement-large\/\" rel=\"bookmark\">Osjetljivi podaci: posebno \u0161iroko podru\u010dje primjene<\/a><\/h3>\r\n\t\t\t\t\t\t\t<\/div><!-- .entry-header -->\r\n\t\t\t\t\t\t\t\r\n\t\t\t\t\t\t\t\t\t\t\t\t\t\t<div class=\"entry-summary the-excerpt\">\r\n\r\n\t\t\t\t\t            <p>Osjetljivi podaci: Pravni nadzor posebno \u0161irokog opsega br. 50 \u2013 kolovoz 2022. Mo\u017ee biti te\u0161ko procijeniti osjetljivu prirodu prikupljenih podataka i odlu\u010diti zahtijevaju li ti podaci posebnu za\u0161titu prema GDPR-u. Ove pote\u0161ko\u0107e u tuma\u010denju ponovili smo u na\u0161em uvodniku u [\u2026]\n\r\n\t\t\t\t\t        <\/div><!-- .entry-content -->\r\n\t\t\t\t\t\t\t\t\t\t\t\t\t\t<div class=\"btn-readmore\">\r\n\t\t\t\t\t\t\t\t<a href=\"https:\/\/viqtor.eu\/hr\/donnees-sensibles-un-champ-dapplication-particulierement-large\/\"><i class=\"flaticon-right-arrow-1\"><\/i>Pro\u010ditajte vi\u0161e<\/a>\t\t\t\t\t\t\t<\/div>\r\n\t\t\t\t\t\t<\/div>\r\n\t\t\t\t\t<\/div>\r\n\t\t\t\t<\/article>\r\n\t\t\t\t<\/div>\r\n\t\t\t \r\n\t\t\t\t<div class=\"pgrid-box\">\r\n\t\t\t\t<article class=\"post-box blog-item\">\r\n\t\t\t\t\t<div class=\"post-inner\">\r\n\t\t\t\t\t\t\t\t\t\t\t\t\r\n\t\t\t\t\t        <div class=\"entry-media\">\r\n\t\t\t\t\t        \t<div class=\"post-cat\"><span class=\"posted-in\"><a href=\"https:\/\/viqtor.eu\/hr\/category\/veille-juridique\/\" rel=\"category tag\">Pravni nadzor<\/a><\/span><\/div>\t\t\t\t\t            <a href=\"https:\/\/viqtor.eu\/hr\/dark-patterns-ce-que-vous-avez-toujours-voulu-savoir-sans-oser-le-demander\/\">\r\n\t\t\t\t\t                <img loading=\"lazy\" decoding=\"async\" width=\"601\" height=\"520\" src=\"https:\/\/viqtor.eu\/wp-content\/uploads\/2023\/04\/shutterstock_317415725-601x520.jpg\" class=\"attachment-engitech-slider-post-thumbnail size-engitech-slider-post-thumbnail wp-post-image\" alt=\"\" \/>\t\t\t\t\t            <\/a>\r\n\t\t\t\t\t        <\/div>\r\n\t\t\t\t\t        \r\n\t\t\t\t\t    \r\n\t\t\t\t\t\t<div class=\"inner-post\">\r\n\t\t\t\t\t\t\t<div class=\"entry-header\">\r\n\r\n\t\t\t\t\t\t\t\t\r\n\t\t\t\t\t\t\t\t<h3 class=\"entry-title\"><a href=\"https:\/\/viqtor.eu\/hr\/dark-patterns-ce-que-vous-avez-toujours-voulu-savoir-sans-oser-le-demander\/\" rel=\"bookmark\">Tamni obrasci: Ono \u0161to ste oduvijek \u017eeljeli znati, ali ste se bojali pitati\u2026<\/a><\/h3>\r\n\t\t\t\t\t\t\t<\/div><!-- .entry-header -->\r\n\t\t\t\t\t\t\t\r\n\t\t\t\t\t\t\t\t\t\t\t\t\t\t<div class=\"entry-summary the-excerpt\">\r\n\r\n\t\t\t\t\t            <p>Tamni obrasci: ono \u0161to ste oduvijek \u017eeljeli znati, ali ste se bojali pitati... Legal Watch br. 45 \u2013 o\u017eujak 2022. Ovaj te\u0161ko prevedivi engleski izraz nalazi se u mnogim publikacijama o informacijskoj tehnologiji. Vezano uz \u201enudging\u201c, koji ima za cilj suptilno potaknuti korisnike interneta da usvoje \u017eeljeno pona\u0161anje, \u201e[\u2026]\n\r\n\t\t\t\t\t        <\/div><!-- .entry-content -->\r\n\t\t\t\t\t\t\t\t\t\t\t\t\t\t<div class=\"btn-readmore\">\r\n\t\t\t\t\t\t\t\t<a href=\"https:\/\/viqtor.eu\/hr\/dark-patterns-ce-que-vous-avez-toujours-voulu-savoir-sans-oser-le-demander\/\"><i class=\"flaticon-right-arrow-1\"><\/i>Pro\u010ditajte vi\u0161e<\/a>\t\t\t\t\t\t\t<\/div>\r\n\t\t\t\t\t\t<\/div>\r\n\t\t\t\t\t<\/div>\r\n\t\t\t\t<\/article>\r\n\t\t\t\t<\/div>\r\n\t\t\t \r\n\t\t\t\t<div class=\"pgrid-box\">\r\n\t\t\t\t<article class=\"post-box blog-item\">\r\n\t\t\t\t\t<div class=\"post-inner\">\r\n\t\t\t\t\t\t\t\t\t\t\t\t\r\n\t\t\t\t\t        <div class=\"entry-media\">\r\n\t\t\t\t\t        \t<div class=\"post-cat\"><span class=\"posted-in\"><a href=\"https:\/\/viqtor.eu\/hr\/category\/veille-juridique\/\" rel=\"category tag\">Pravni nadzor<\/a><\/span><\/div>\t\t\t\t\t            <a href=\"https:\/\/viqtor.eu\/hr\/rancongiciels-des-attaques-en-constante-augmentation\/\">\r\n\t\t\t\t\t                <img loading=\"lazy\" decoding=\"async\" width=\"500\" height=\"334\" src=\"https:\/\/viqtor.eu\/wp-content\/uploads\/2023\/04\/shutterstock_1050436496.jpg\" class=\"attachment-engitech-slider-post-thumbnail size-engitech-slider-post-thumbnail wp-post-image\" alt=\"Le r\u00f4le essentiel des sous-traitants\" srcset=\"https:\/\/viqtor.eu\/wp-content\/uploads\/2023\/04\/shutterstock_1050436496.jpg 500w, https:\/\/viqtor.eu\/wp-content\/uploads\/2023\/04\/shutterstock_1050436496-300x200.jpg 300w\" sizes=\"(max-width: 500px) 100vw, 500px\" \/>\t\t\t\t\t            <\/a>\r\n\t\t\t\t\t        <\/div>\r\n\t\t\t\t\t        \r\n\t\t\t\t\t    \r\n\t\t\t\t\t\t<div class=\"inner-post\">\r\n\t\t\t\t\t\t\t<div class=\"entry-header\">\r\n\r\n\t\t\t\t\t\t\t\t\r\n\t\t\t\t\t\t\t\t<h3 class=\"entry-title\"><a href=\"https:\/\/viqtor.eu\/hr\/rancongiciels-des-attaques-en-constante-augmentation\/\" rel=\"bookmark\">Ransomware: napadi u porastu<\/a><\/h3>\r\n\t\t\t\t\t\t\t<\/div><!-- .entry-header -->\r\n\t\t\t\t\t\t\t\r\n\t\t\t\t\t\t\t\t\t\t\t\t\t\t<div class=\"entry-summary the-excerpt\">\r\n\r\n\t\t\t\t\t            <p>Ransomware: napadi u porastu Legal Watch br. 51 \u2013 rujan 2022. Ransomware: napadi u porastu: Vijesti ove jeseni vra\u0107aju nas na ponavljaju\u0107u zabrinutost kontrolora podataka: sigurnosne propuste. Kiberneti\u010dki napad na bolnicu Essonne i \u0161irenje nekoliko gigabajta podataka [\u2026]\n\r\n\t\t\t\t\t        <\/div><!-- .entry-content -->\r\n\t\t\t\t\t\t\t\t\t\t\t\t\t\t<div class=\"btn-readmore\">\r\n\t\t\t\t\t\t\t\t<a href=\"https:\/\/viqtor.eu\/hr\/rancongiciels-des-attaques-en-constante-augmentation\/\"><i class=\"flaticon-right-arrow-1\"><\/i>Pro\u010ditajte vi\u0161e<\/a>\t\t\t\t\t\t\t<\/div>\r\n\t\t\t\t\t\t<\/div>\r\n\t\t\t\t\t<\/div>\r\n\t\t\t\t<\/article>\r\n\t\t\t\t<\/div>\r\n\t\t\t \r\n\t\t\t\t<div class=\"pgrid-box\">\r\n\t\t\t\t<article class=\"post-box blog-item\">\r\n\t\t\t\t\t<div class=\"post-inner\">\r\n\t\t\t\t\t\t\t\t\t\t\t\t\r\n\t\t\t\t\t        <div class=\"entry-media\">\r\n\t\t\t\t\t        \t<div class=\"post-cat\"><span class=\"posted-in\"><a href=\"https:\/\/viqtor.eu\/hr\/category\/veille-juridique\/\" rel=\"category tag\">Pravni nadzor<\/a><\/span><\/div>\t\t\t\t\t            <a href=\"https:\/\/viqtor.eu\/hr\/transferts-de-donnees-a-caractere-personnel-vers-les-etats-unis\/\">\r\n\t\t\t\t\t                <img loading=\"lazy\" decoding=\"async\" width=\"500\" height=\"334\" src=\"https:\/\/viqtor.eu\/wp-content\/uploads\/2023\/04\/shutterstock_1784045918.jpg\" class=\"attachment-engitech-slider-post-thumbnail size-engitech-slider-post-thumbnail wp-post-image\" alt=\"\" srcset=\"https:\/\/viqtor.eu\/wp-content\/uploads\/2023\/04\/shutterstock_1784045918.jpg 500w, https:\/\/viqtor.eu\/wp-content\/uploads\/2023\/04\/shutterstock_1784045918-300x200.jpg 300w\" sizes=\"(max-width: 500px) 100vw, 500px\" \/>\t\t\t\t\t            <\/a>\r\n\t\t\t\t\t        <\/div>\r\n\t\t\t\t\t        \r\n\t\t\t\t\t    \r\n\t\t\t\t\t\t<div class=\"inner-post\">\r\n\t\t\t\t\t\t\t<div class=\"entry-header\">\r\n\r\n\t\t\t\t\t\t\t\t\r\n\t\t\t\t\t\t\t\t<h3 class=\"entry-title\"><a href=\"https:\/\/viqtor.eu\/hr\/transferts-de-donnees-a-caractere-personnel-vers-les-etats-unis\/\" rel=\"bookmark\">Prijenosi osobnih podataka u Sjedinjene Ameri\u010dke Dr\u017eave: izvje\u0161\u0107e o napretku<\/a><\/h3>\r\n\t\t\t\t\t\t\t<\/div><!-- .entry-header -->\r\n\t\t\t\t\t\t\t\r\n\t\t\t\t\t\t\t\t\t\t\t\t\t\t<div class=\"entry-summary the-excerpt\">\r\n\r\n\t\t\t\t\t            <p>Prijenosi osobnih podataka u Sjedinjene Ameri\u010dke Dr\u017eave: izvje\u0161\u0107e o napretku Legal Watch br. 55 \u2013 sije\u010danj 2023. Prijenosi osobnih podataka u Sjedinjene Ameri\u010dke Dr\u017eave: izvje\u0161\u0107e o napretku. Pravna nesigurnost koja trenutno optere\u0107uje razmjenu podataka izme\u0111u Europe i Sjedinjenih Ameri\u010dkih Dr\u017eava utje\u010de na podru\u010dja konkretna poput borbe protiv [\u2026]\n\r\n\t\t\t\t\t        <\/div><!-- .entry-content -->\r\n\t\t\t\t\t\t\t\t\t\t\t\t\t\t<div class=\"btn-readmore\">\r\n\t\t\t\t\t\t\t\t<a href=\"https:\/\/viqtor.eu\/hr\/transferts-de-donnees-a-caractere-personnel-vers-les-etats-unis\/\"><i class=\"flaticon-right-arrow-1\"><\/i>Pro\u010ditajte vi\u0161e<\/a>\t\t\t\t\t\t\t<\/div>\r\n\t\t\t\t\t\t<\/div>\r\n\t\t\t\t\t<\/div>\r\n\t\t\t\t<\/article>\r\n\t\t\t\t<\/div>\r\n\t\t\t \r\n\t\t\t\t<div class=\"pgrid-box\">\r\n\t\t\t\t<article class=\"post-box blog-item\">\r\n\t\t\t\t\t<div class=\"post-inner\">\r\n\t\t\t\t\t\t\t\t\t\t\t\t\r\n\t\t\t\t\t        <div class=\"entry-media\">\r\n\t\t\t\t\t        \t<div class=\"post-cat\"><span class=\"posted-in\"><a href=\"https:\/\/viqtor.eu\/hr\/category\/veille-juridique\/\" rel=\"category tag\">Pravni nadzor<\/a><\/span><\/div>\t\t\t\t\t            <a href=\"https:\/\/viqtor.eu\/hr\/donnees-a-caractere-personnel\/\">\r\n\t\t\t\t\t                <img loading=\"lazy\" decoding=\"async\" width=\"500\" height=\"334\" src=\"https:\/\/viqtor.eu\/wp-content\/uploads\/2023\/04\/shutterstock_2209159749.jpg\" class=\"attachment-engitech-slider-post-thumbnail size-engitech-slider-post-thumbnail wp-post-image\" alt=\"\" srcset=\"https:\/\/viqtor.eu\/wp-content\/uploads\/2023\/04\/shutterstock_2209159749.jpg 500w, https:\/\/viqtor.eu\/wp-content\/uploads\/2023\/04\/shutterstock_2209159749-300x200.jpg 300w\" sizes=\"(max-width: 500px) 100vw, 500px\" \/>\t\t\t\t\t            <\/a>\r\n\t\t\t\t\t        <\/div>\r\n\t\t\t\t\t        \r\n\t\t\t\t\t    \r\n\t\t\t\t\t\t<div class=\"inner-post\">\r\n\t\t\t\t\t\t\t<div class=\"entry-header\">\r\n\r\n\t\t\t\t\t\t\t\t\r\n\t\t\t\t\t\t\t\t<h3 class=\"entry-title\"><a href=\"https:\/\/viqtor.eu\/hr\/donnees-a-caractere-personnel\/\" rel=\"bookmark\">Osobni podaci: mo\u017ee li se kori\u0161tenje temeljnog prava trgovati?<\/a><\/h3>\r\n\t\t\t\t\t\t\t<\/div><!-- .entry-header -->\r\n\t\t\t\t\t\t\t\r\n\t\t\t\t\t\t\t\t\t\t\t\t\t\t<div class=\"entry-summary the-excerpt\">\r\n\r\n\t\t\t\t\t            <p>Osobni podaci: mo\u017ee li se pregovarati o kori\u0161tenju temeljnog prava? Legal Watch br. 54 \u2013 prosinac 2022. Osobni podaci: mo\u017ee li se pregovarati o kori\u0161tenju temeljnog prava? Komentiranje postupka protiv Mete, mati\u010dne tvrtke Facebooka, WhatsAppa i Instagrama, moglo bi postati zamorno jer privla\u010di gnjev tijela za za\u0161titu podataka. [\u2026]\n\r\n\t\t\t\t\t        <\/div><!-- .entry-content -->\r\n\t\t\t\t\t\t\t\t\t\t\t\t\t\t<div class=\"btn-readmore\">\r\n\t\t\t\t\t\t\t\t<a href=\"https:\/\/viqtor.eu\/hr\/donnees-a-caractere-personnel\/\"><i class=\"flaticon-right-arrow-1\"><\/i>Pro\u010ditajte vi\u0161e<\/a>\t\t\t\t\t\t\t<\/div>\r\n\t\t\t\t\t\t<\/div>\r\n\t\t\t\t\t<\/div>\r\n\t\t\t\t<\/article>\r\n\t\t\t\t<\/div>\r\n\t\t\t \r\n\t\t\t\t<div class=\"pgrid-box\">\r\n\t\t\t\t<article class=\"post-box blog-item\">\r\n\t\t\t\t\t<div class=\"post-inner\">\r\n\t\t\t\t\t\t\t\t\t\t\t\t\r\n\t\t\t\t\t        <div class=\"entry-media\">\r\n\t\t\t\t\t        \t<div class=\"post-cat\"><span class=\"posted-in\"><a href=\"https:\/\/viqtor.eu\/hr\/category\/veille-juridique\/\" rel=\"category tag\">Pravni nadzor<\/a><\/span><\/div>\t\t\t\t\t            <a href=\"https:\/\/viqtor.eu\/hr\/recours-en-justice-une-dynamique-nouvelle-pour-les-actions-collectives\/\">\r\n\t\t\t\t\t                <img loading=\"lazy\" decoding=\"async\" width=\"500\" height=\"419\" src=\"https:\/\/viqtor.eu\/wp-content\/uploads\/2023\/04\/shutterstock_1755983537.jpg\" class=\"attachment-engitech-slider-post-thumbnail size-engitech-slider-post-thumbnail wp-post-image\" alt=\"\" srcset=\"https:\/\/viqtor.eu\/wp-content\/uploads\/2023\/04\/shutterstock_1755983537.jpg 500w, https:\/\/viqtor.eu\/wp-content\/uploads\/2023\/04\/shutterstock_1755983537-300x251.jpg 300w\" sizes=\"(max-width: 500px) 100vw, 500px\" \/>\t\t\t\t\t            <\/a>\r\n\t\t\t\t\t        <\/div>\r\n\t\t\t\t\t        \r\n\t\t\t\t\t    \r\n\t\t\t\t\t\t<div class=\"inner-post\">\r\n\t\t\t\t\t\t\t<div class=\"entry-header\">\r\n\r\n\t\t\t\t\t\t\t\t\r\n\t\t\t\t\t\t\t\t<h3 class=\"entry-title\"><a href=\"https:\/\/viqtor.eu\/hr\/recours-en-justice-une-dynamique-nouvelle-pour-les-actions-collectives\/\" rel=\"bookmark\">Pravni postupak: nova dinamika za kolektivne tu\u017ebe?<\/a><\/h3>\r\n\t\t\t\t\t\t\t<\/div><!-- .entry-header -->\r\n\t\t\t\t\t\t\t\r\n\t\t\t\t\t\t\t\t\t\t\t\t\t\t<div class=\"entry-summary the-excerpt\">\r\n\r\n\t\t\t\t\t            <p>Pravne radnje: Nova dinamika za kolektivne tu\u017ebe? Legal Watch br. 53 \u2013 studeni 2022. Pravne radnje: Nova dinamika za kolektivne tu\u017ebe? Pravne radnje koje se ti\u010du pitanja za\u0161tite osobnih podataka jo\u0161 su uvijek malobrojne u Francuskoj i Europi. Ako [\u2026]\n\r\n\t\t\t\t\t        <\/div><!-- .entry-content -->\r\n\t\t\t\t\t\t\t\t\t\t\t\t\t\t<div class=\"btn-readmore\">\r\n\t\t\t\t\t\t\t\t<a href=\"https:\/\/viqtor.eu\/hr\/recours-en-justice-une-dynamique-nouvelle-pour-les-actions-collectives\/\"><i class=\"flaticon-right-arrow-1\"><\/i>Pro\u010ditajte vi\u0161e<\/a>\t\t\t\t\t\t\t<\/div>\r\n\t\t\t\t\t\t<\/div>\r\n\t\t\t\t\t<\/div>\r\n\t\t\t\t<\/article>\r\n\t\t\t\t<\/div>\r\n\t\t\t \r\n\t\t\t\t<div class=\"pgrid-box\">\r\n\t\t\t\t<article class=\"post-box blog-item\">\r\n\t\t\t\t\t<div class=\"post-inner\">\r\n\t\t\t\t\t\t\t\t\t\t\t\t\r\n\t\t\t\t\t        <div class=\"entry-media\">\r\n\t\t\t\t\t        \t<div class=\"post-cat\"><span class=\"posted-in\"><a href=\"https:\/\/viqtor.eu\/hr\/category\/veille-juridique\/\" rel=\"category tag\">Pravni nadzor<\/a><\/span><\/div>\t\t\t\t\t            <a href=\"https:\/\/viqtor.eu\/hr\/lia-dans-tous-ses-etats\/\">\r\n\t\t\t\t\t                <img loading=\"lazy\" decoding=\"async\" width=\"500\" height=\"334\" src=\"https:\/\/viqtor.eu\/wp-content\/uploads\/2023\/04\/shutterstock_680929729.jpg\" class=\"attachment-engitech-slider-post-thumbnail size-engitech-slider-post-thumbnail wp-post-image\" alt=\"\" srcset=\"https:\/\/viqtor.eu\/wp-content\/uploads\/2023\/04\/shutterstock_680929729.jpg 500w, https:\/\/viqtor.eu\/wp-content\/uploads\/2023\/04\/shutterstock_680929729-300x200.jpg 300w\" sizes=\"(max-width: 500px) 100vw, 500px\" \/>\t\t\t\t\t            <\/a>\r\n\t\t\t\t\t        <\/div>\r\n\t\t\t\t\t        \r\n\t\t\t\t\t    \r\n\t\t\t\t\t\t<div class=\"inner-post\">\r\n\t\t\t\t\t\t\t<div class=\"entry-header\">\r\n\r\n\t\t\t\t\t\t\t\t\r\n\t\t\t\t\t\t\t\t<h3 class=\"entry-title\"><a href=\"https:\/\/viqtor.eu\/hr\/lia-dans-tous-ses-etats\/\" rel=\"bookmark\">Umjetna inteligencija u svim svojim oblicima.<\/a><\/h3>\r\n\t\t\t\t\t\t\t<\/div><!-- .entry-header -->\r\n\t\t\t\t\t\t\t\r\n\t\t\t\t\t\t\t\t\t\t\t\t\t\t<div class=\"entry-summary the-excerpt\">\r\n\r\n\t\t\t\t\t            <p>Umjetna inteligencija u svim svojim oblicima Pravni nadzor br. 52 \u2013 listopad 2022. Dana 17. listopada 2022. CNIL je potvrdio svoju regulatornu ovlast u podru\u010dju umjetne inteligencije izri\u010du\u0107i kaznu od 20 milijuna eura tvrtki Clearview AI. Ova sankcija slijedi nakon formalne obavijesti koja je ostala bez odgovora i [\u2026]\n\r\n\t\t\t\t\t        <\/div><!-- .entry-content -->\r\n\t\t\t\t\t\t\t\t\t\t\t\t\t\t<div class=\"btn-readmore\">\r\n\t\t\t\t\t\t\t\t<a href=\"https:\/\/viqtor.eu\/hr\/lia-dans-tous-ses-etats\/\"><i class=\"flaticon-right-arrow-1\"><\/i>Pro\u010ditajte vi\u0161e<\/a>\t\t\t\t\t\t\t<\/div>\r\n\t\t\t\t\t\t<\/div>\r\n\t\t\t\t\t<\/div>\r\n\t\t\t\t<\/article>\r\n\t\t\t\t<\/div>\r\n\t\t\t \r\n\t\t\t\t<div class=\"pgrid-box\">\r\n\t\t\t\t<article class=\"post-box blog-item\">\r\n\t\t\t\t\t<div class=\"post-inner\">\r\n\t\t\t\t\t\t\t\t\t\t\t\t\r\n\t\t\t\t\t        <div class=\"entry-media\">\r\n\t\t\t\t\t        \t<div class=\"post-cat\"><span class=\"posted-in\"><a href=\"https:\/\/viqtor.eu\/hr\/category\/veille-juridique\/\" rel=\"category tag\">Pravni nadzor<\/a><\/span><\/div>\t\t\t\t\t            <a href=\"https:\/\/viqtor.eu\/hr\/analyser-son-audience-pour-mieux-communiquer\/\">\r\n\t\t\t\t\t                <img loading=\"lazy\" decoding=\"async\" width=\"500\" height=\"334\" src=\"https:\/\/viqtor.eu\/wp-content\/uploads\/2023\/04\/shutterstock_252391039.jpg\" class=\"attachment-engitech-slider-post-thumbnail size-engitech-slider-post-thumbnail wp-post-image\" alt=\"\" srcset=\"https:\/\/viqtor.eu\/wp-content\/uploads\/2023\/04\/shutterstock_252391039.jpg 500w, https:\/\/viqtor.eu\/wp-content\/uploads\/2023\/04\/shutterstock_252391039-300x200.jpg 300w\" sizes=\"(max-width: 500px) 100vw, 500px\" \/>\t\t\t\t\t            <\/a>\r\n\t\t\t\t\t        <\/div>\r\n\t\t\t\t\t        \r\n\t\t\t\t\t    \r\n\t\t\t\t\t\t<div class=\"inner-post\">\r\n\t\t\t\t\t\t\t<div class=\"entry-header\">\r\n\r\n\t\t\t\t\t\t\t\t\r\n\t\t\t\t\t\t\t\t<h3 class=\"entry-title\"><a href=\"https:\/\/viqtor.eu\/hr\/analyser-son-audience-pour-mieux-communiquer\/\" rel=\"bookmark\">Analiziranje publike radi bolje komunikacije... koja su pravila?<\/a><\/h3>\r\n\t\t\t\t\t\t\t<\/div><!-- .entry-header -->\r\n\t\t\t\t\t\t\t\r\n\t\t\t\t\t\t\t\t\t\t\t\t\t\t<div class=\"entry-summary the-excerpt\">\r\n\r\n\t\t\t\t\t            <p>Analiza publike radi bolje komunikacije\u2026 koja su pravila? Pravni nadzor br. 49 \u2013 srpanj 2022. Analiza publike radi bolje komunikacije\u2026 koja su pravila? Mediji i dru\u0161tvene mre\u017ee sada omogu\u0107uju tvrtkama da analiziraju svoju publiku kako bi bolje usmjerile svoju publiku, pobolj\u0161ale svoj imid\u017e i prilagodile svoju marketin\u0161ku strategiju. [\u2026]\n\r\n\t\t\t\t\t        <\/div><!-- .entry-content -->\r\n\t\t\t\t\t\t\t\t\t\t\t\t\t\t<div class=\"btn-readmore\">\r\n\t\t\t\t\t\t\t\t<a href=\"https:\/\/viqtor.eu\/hr\/analyser-son-audience-pour-mieux-communiquer\/\"><i class=\"flaticon-right-arrow-1\"><\/i>Pro\u010ditajte vi\u0161e<\/a>\t\t\t\t\t\t\t<\/div>\r\n\t\t\t\t\t\t<\/div>\r\n\t\t\t\t\t<\/div>\r\n\t\t\t\t<\/article>\r\n\t\t\t\t<\/div>\r\n\t\t\t \r\n\t\t\t\t<div class=\"pgrid-box\">\r\n\t\t\t\t<article class=\"post-box blog-item\">\r\n\t\t\t\t\t<div class=\"post-inner\">\r\n\t\t\t\t\t\t\t\t\t\t\t\t\r\n\t\t\t\t\t        <div class=\"entry-media\">\r\n\t\t\t\t\t        \t<div class=\"post-cat\"><span class=\"posted-in\"><a href=\"https:\/\/viqtor.eu\/hr\/category\/veille-juridique\/\" rel=\"category tag\">Pravni nadzor<\/a><\/span><\/div>\t\t\t\t\t            <a href=\"https:\/\/viqtor.eu\/hr\/metaverse-fashion-week-dans-decentraland\/\">\r\n\t\t\t\t\t                <img loading=\"lazy\" decoding=\"async\" width=\"500\" height=\"334\" src=\"https:\/\/viqtor.eu\/wp-content\/uploads\/2023\/04\/shutterstock_1944426163.jpg\" class=\"attachment-engitech-slider-post-thumbnail size-engitech-slider-post-thumbnail wp-post-image\" alt=\"\" srcset=\"https:\/\/viqtor.eu\/wp-content\/uploads\/2023\/04\/shutterstock_1944426163.jpg 500w, https:\/\/viqtor.eu\/wp-content\/uploads\/2023\/04\/shutterstock_1944426163-300x200.jpg 300w\" sizes=\"(max-width: 500px) 100vw, 500px\" \/>\t\t\t\t\t            <\/a>\r\n\t\t\t\t\t        <\/div>\r\n\t\t\t\t\t        \r\n\t\t\t\t\t    \r\n\t\t\t\t\t\t<div class=\"inner-post\">\r\n\t\t\t\t\t\t\t<div class=\"entry-header\">\r\n\r\n\t\t\t\t\t\t\t\t\r\n\t\t\t\t\t\t\t\t<h3 class=\"entry-title\"><a href=\"https:\/\/viqtor.eu\/hr\/metaverse-fashion-week-dans-decentraland\/\" rel=\"bookmark\">Tjedan mode Metaverse u Decentralandu, jednom od najpopularnijih virtualnih svjetova.<\/a><\/h3>\r\n\t\t\t\t\t\t\t<\/div><!-- .entry-header -->\r\n\t\t\t\t\t\t\t\r\n\t\t\t\t\t\t\t\t\t\t\t\t\t\t<div class=\"entry-summary the-excerpt\">\r\n\r\n\t\t\t\t\t            <p>Metaverse Fashion Week u Decentralandu, jednom od najpopularnijih virtualnih svjetova. Pravni pregled br. 48 \u2013 lipanj 2022. Vrli novi svijet. U o\u017eujku 2022. doga\u0111aj Metaverse Fashion Week odr\u017ean je u Decentralandu, jednom od najpopularnijih virtualnih svjetova. Online koncert emitiran je na Fortnite gaming platformi [\u2026]\n\r\n\t\t\t\t\t        <\/div><!-- .entry-content -->\r\n\t\t\t\t\t\t\t\t\t\t\t\t\t\t<div class=\"btn-readmore\">\r\n\t\t\t\t\t\t\t\t<a href=\"https:\/\/viqtor.eu\/hr\/metaverse-fashion-week-dans-decentraland\/\"><i class=\"flaticon-right-arrow-1\"><\/i>Pro\u010ditajte vi\u0161e<\/a>\t\t\t\t\t\t\t<\/div>\r\n\t\t\t\t\t\t<\/div>\r\n\t\t\t\t\t<\/div>\r\n\t\t\t\t<\/article>\r\n\t\t\t\t<\/div>\r\n\t\t\t \r\n\t\t\t\t<div class=\"pgrid-box\">\r\n\t\t\t\t<article class=\"post-box blog-item\">\r\n\t\t\t\t\t<div class=\"post-inner\">\r\n\t\t\t\t\t\t\t\t\t\t\t\t\r\n\t\t\t\t\t        <div class=\"entry-media\">\r\n\t\t\t\t\t        \t<div class=\"post-cat\"><span class=\"posted-in\"><a href=\"https:\/\/viqtor.eu\/hr\/category\/veille-juridique\/\" rel=\"category tag\">Pravni nadzor<\/a><\/span><\/div>\t\t\t\t\t            <a href=\"https:\/\/viqtor.eu\/hr\/decisions-automatisees-comment-le-rgpd-est-il-mis-en-oeuvre\/\">\r\n\t\t\t\t\t                <img loading=\"lazy\" decoding=\"async\" width=\"601\" height=\"520\" src=\"https:\/\/viqtor.eu\/wp-content\/uploads\/2023\/04\/shutterstock_661113826-1-601x520.jpg\" class=\"attachment-engitech-slider-post-thumbnail size-engitech-slider-post-thumbnail wp-post-image\" alt=\"E-learning RGPD\" \/>\t\t\t\t\t            <\/a>\r\n\t\t\t\t\t        <\/div>\r\n\t\t\t\t\t        \r\n\t\t\t\t\t    \r\n\t\t\t\t\t\t<div class=\"inner-post\">\r\n\t\t\t\t\t\t\t<div class=\"entry-header\">\r\n\r\n\t\t\t\t\t\t\t\t\r\n\t\t\t\t\t\t\t\t<h3 class=\"entry-title\"><a href=\"https:\/\/viqtor.eu\/hr\/decisions-automatisees-comment-le-rgpd-est-il-mis-en-oeuvre\/\" rel=\"bookmark\">Automatizirane odluke: kako se provodi GDPR?<\/a><\/h3>\r\n\t\t\t\t\t\t\t<\/div><!-- .entry-header -->\r\n\t\t\t\t\t\t\t\r\n\t\t\t\t\t\t\t\t\t\t\t\t\t\t<div class=\"entry-summary the-excerpt\">\r\n\r\n\t\t\t\t\t            <p>Automatizirane odluke: Kako se provodi GDPR? Legal Watch br. 47 \u2013 svibanj 2022. Automatizirane odluke: Kako se provodi GDPR? Dana 17. svibnja, Forum za budu\u0107nost privatnosti objavio je opse\u017eno izvje\u0161\u0107e o pitanju automatiziranih odluka. Ovo izvje\u0161\u0107e analizira vi\u0161e od 70 dokumenata [\u2026]\n\r\n\t\t\t\t\t        <\/div><!-- .entry-content -->\r\n\t\t\t\t\t\t\t\t\t\t\t\t\t\t<div class=\"btn-readmore\">\r\n\t\t\t\t\t\t\t\t<a href=\"https:\/\/viqtor.eu\/hr\/decisions-automatisees-comment-le-rgpd-est-il-mis-en-oeuvre\/\"><i class=\"flaticon-right-arrow-1\"><\/i>Pro\u010ditajte vi\u0161e<\/a>\t\t\t\t\t\t\t<\/div>\r\n\t\t\t\t\t\t<\/div>\r\n\t\t\t\t\t<\/div>\r\n\t\t\t\t<\/article>\r\n\t\t\t\t<\/div>\r\n\t\t\t \r\n\t\t\t\t<div class=\"pgrid-box\">\r\n\t\t\t\t<article class=\"post-box blog-item\">\r\n\t\t\t\t\t<div class=\"post-inner\">\r\n\t\t\t\t\t\t\t\t\t\t\t\t\r\n\t\t\t\t\t        <div class=\"entry-media\">\r\n\t\t\t\t\t        \t<div class=\"post-cat\"><span class=\"posted-in\"><a href=\"https:\/\/viqtor.eu\/hr\/category\/veille-juridique\/\" rel=\"category tag\">Pravni nadzor<\/a><\/span><\/div>\t\t\t\t\t            <a href=\"https:\/\/viqtor.eu\/hr\/dsa-dma\/\">\r\n\t\t\t\t\t                <img loading=\"lazy\" decoding=\"async\" width=\"601\" height=\"520\" src=\"https:\/\/viqtor.eu\/wp-content\/uploads\/2023\/04\/shutterstock_2209639365-601x520.jpg\" class=\"attachment-engitech-slider-post-thumbnail size-engitech-slider-post-thumbnail wp-post-image\" alt=\"registre de traitement RGPD\" \/>\t\t\t\t\t            <\/a>\r\n\t\t\t\t\t        <\/div>\r\n\t\t\t\t\t        \r\n\t\t\t\t\t    \r\n\t\t\t\t\t\t<div class=\"inner-post\">\r\n\t\t\t\t\t\t\t<div class=\"entry-header\">\r\n\r\n\t\t\t\t\t\t\t\t\r\n\t\t\t\t\t\t\t\t<h3 class=\"entry-title\"><a href=\"https:\/\/viqtor.eu\/hr\/dsa-dma\/\" rel=\"bookmark\">DSA \u2013 DMA: dva stupa europske digitalne strategije.<\/a><\/h3>\r\n\t\t\t\t\t\t\t<\/div><!-- .entry-header -->\r\n\t\t\t\t\t\t\t\r\n\t\t\t\t\t\t\t\t\t\t\t\t\t\t<div class=\"entry-summary the-excerpt\">\r\n\r\n\t\t\t\t\t            <p>DSA \u2013 DMA: Dva stupa Europske digitalne strategije. Legal Watch br. 46 \u2013 travanj 2022. DSA \u2013 DMA: Dva stupa Europske digitalne strategije. Od sklapanja politi\u010dkog sporazuma u no\u0107i s 22. na 23. travnja, DSA ili Zakon o digitalnim uslugama bio je predmet brojnih komentara u [\u2026]\n\r\n\t\t\t\t\t        <\/div><!-- .entry-content -->\r\n\t\t\t\t\t\t\t\t\t\t\t\t\t\t<div class=\"btn-readmore\">\r\n\t\t\t\t\t\t\t\t<a href=\"https:\/\/viqtor.eu\/hr\/dsa-dma\/\"><i class=\"flaticon-right-arrow-1\"><\/i>Pro\u010ditajte vi\u0161e<\/a>\t\t\t\t\t\t\t<\/div>\r\n\t\t\t\t\t\t<\/div>\r\n\t\t\t\t\t<\/div>\r\n\t\t\t\t<\/article>\r\n\t\t\t\t<\/div>\r\n\t\t\t \r\n\t\t\t\t<div class=\"pgrid-box\">\r\n\t\t\t\t<article class=\"post-box blog-item\">\r\n\t\t\t\t\t<div class=\"post-inner\">\r\n\t\t\t\t\t\t\t\t\t\t\t\t\r\n\t\t\t\t\t        <div class=\"entry-media\">\r\n\t\t\t\t\t        \t<div class=\"post-cat\"><span class=\"posted-in\"><a href=\"https:\/\/viqtor.eu\/hr\/category\/veille-juridique\/\" rel=\"category tag\">Pravni nadzor<\/a><\/span><\/div>\t\t\t\t\t            <a href=\"https:\/\/viqtor.eu\/hr\/outils-analytiques\/\">\r\n\t\t\t\t\t                <img loading=\"lazy\" decoding=\"async\" width=\"601\" height=\"520\" src=\"https:\/\/viqtor.eu\/wp-content\/uploads\/2023\/04\/shutterstock_791436157-601x520.jpg\" class=\"attachment-engitech-slider-post-thumbnail size-engitech-slider-post-thumbnail wp-post-image\" alt=\"\" \/>\t\t\t\t\t            <\/a>\r\n\t\t\t\t\t        <\/div>\r\n\t\t\t\t\t        \r\n\t\t\t\t\t    \r\n\t\t\t\t\t\t<div class=\"inner-post\">\r\n\t\t\t\t\t\t\t<div class=\"entry-header\">\r\n\r\n\t\t\t\t\t\t\t\t\r\n\t\t\t\t\t\t\t\t<h3 class=\"entry-title\"><a href=\"https:\/\/viqtor.eu\/hr\/outils-analytiques\/\" rel=\"bookmark\">Analiti\u010dki alati: utjecaj sudske odluke \u2013 i obavje\u0161tajnih slu\u017ebi \u2013 na na\u0161e web stranice.<\/a><\/h3>\r\n\t\t\t\t\t\t\t<\/div><!-- .entry-header -->\r\n\t\t\t\t\t\t\t\r\n\t\t\t\t\t\t\t\t\t\t\t\t\t\t<div class=\"entry-summary the-excerpt\">\r\n\r\n\t\t\t\t\t            <p>Analiti\u010dki alati: utjecaj sudske odluke \u2013 i obavje\u0161tajnih slu\u017ebi \u2013 na na\u0161e web stranice. Legal Watch br. 44 \u2013 velja\u010da 2022. Analiti\u010dki alati: utjecaj sudske odluke \u2013 i obavje\u0161tajnih slu\u017ebi \u2013 na na\u0161e web stranice. Presuda \u201eSchrems II\u201c Suda Europske unije ve\u0107 je bila, [\u2026]\n\r\n\t\t\t\t\t        <\/div><!-- .entry-content -->\r\n\t\t\t\t\t\t\t\t\t\t\t\t\t\t<div class=\"btn-readmore\">\r\n\t\t\t\t\t\t\t\t<a href=\"https:\/\/viqtor.eu\/hr\/outils-analytiques\/\"><i class=\"flaticon-right-arrow-1\"><\/i>Pro\u010ditajte vi\u0161e<\/a>\t\t\t\t\t\t\t<\/div>\r\n\t\t\t\t\t\t<\/div>\r\n\t\t\t\t\t<\/div>\r\n\t\t\t\t<\/article>\r\n\t\t\t\t<\/div>\r\n\t\t\t \r\n\t\t\t\t<div class=\"pgrid-box\">\r\n\t\t\t\t<article class=\"post-box blog-item\">\r\n\t\t\t\t\t<div class=\"post-inner\">\r\n\t\t\t\t\t\t\t\t\t\t\t\t\r\n\t\t\t\t\t        <div class=\"entry-media\">\r\n\t\t\t\t\t        \t<div class=\"post-cat\"><span class=\"posted-in\"><a href=\"https:\/\/viqtor.eu\/hr\/category\/veille-juridique\/\" rel=\"category tag\">Pravni nadzor<\/a><\/span><\/div>\t\t\t\t\t            <a href=\"https:\/\/viqtor.eu\/hr\/donnees-sensibles-et-categories-particulieres-de-donnees\/\">\r\n\t\t\t\t\t                <img loading=\"lazy\" decoding=\"async\" width=\"601\" height=\"520\" src=\"https:\/\/viqtor.eu\/wp-content\/uploads\/2023\/04\/shutterstock_2171394857-601x520.jpg\" class=\"attachment-engitech-slider-post-thumbnail size-engitech-slider-post-thumbnail wp-post-image\" alt=\"\" \/>\t\t\t\t\t            <\/a>\r\n\t\t\t\t\t        <\/div>\r\n\t\t\t\t\t        \r\n\t\t\t\t\t    \r\n\t\t\t\t\t\t<div class=\"inner-post\">\r\n\t\t\t\t\t\t\t<div class=\"entry-header\">\r\n\r\n\t\t\t\t\t\t\t\t\r\n\t\t\t\t\t\t\t\t<h3 class=\"entry-title\"><a href=\"https:\/\/viqtor.eu\/hr\/donnees-sensibles-et-categories-particulieres-de-donnees\/\" rel=\"bookmark\">Osjetljivi podaci i posebne kategorije podataka: \u0161est od jednog i pola tuceta drugih?<\/a><\/h3>\r\n\t\t\t\t\t\t\t<\/div><!-- .entry-header -->\r\n\t\t\t\t\t\t\t\r\n\t\t\t\t\t\t\t\t\t\t\t\t\t\t<div class=\"entry-summary the-excerpt\">\r\n\r\n\t\t\t\t\t            <p>Osjetljivi podaci i posebne kategorije podataka: \u0161est od jednog i pol tuceta drugih? Legal Watch br. 43 \u2013 sije\u010danj 2022. Osjetljivi podaci i posebne kategorije podataka: \u0161est od jednog i pol tuceta drugih? Prilikom obrade podataka koji se odnose na zdravlje, politi\u010dka ili vjerska mi\u0161ljenja, kvalifikacija koja odmah pada na pamet [\u2026]\n\r\n\t\t\t\t\t        <\/div><!-- .entry-content -->\r\n\t\t\t\t\t\t\t\t\t\t\t\t\t\t<div class=\"btn-readmore\">\r\n\t\t\t\t\t\t\t\t<a href=\"https:\/\/viqtor.eu\/hr\/donnees-sensibles-et-categories-particulieres-de-donnees\/\"><i class=\"flaticon-right-arrow-1\"><\/i>Pro\u010ditajte vi\u0161e<\/a>\t\t\t\t\t\t\t<\/div>\r\n\t\t\t\t\t\t<\/div>\r\n\t\t\t\t\t<\/div>\r\n\t\t\t\t<\/article>\r\n\t\t\t\t<\/div>\r\n\t\t\t \r\n\t\t\t\t<div class=\"pgrid-box\">\r\n\t\t\t\t<article class=\"post-box blog-item\">\r\n\t\t\t\t\t<div class=\"post-inner\">\r\n\t\t\t\t\t\t\t\t\t\t\t\t\r\n\t\t\t\t\t        <div class=\"entry-media\">\r\n\t\t\t\t\t        \t<div class=\"post-cat\"><span class=\"posted-in\"><a href=\"https:\/\/viqtor.eu\/hr\/category\/veille-juridique\/\" rel=\"category tag\">Pravni nadzor<\/a><\/span><\/div>\t\t\t\t\t            <a href=\"https:\/\/viqtor.eu\/hr\/une-nouvelle-annee-sous-le-signe-de-lexpectative\/\">\r\n\t\t\t\t\t                <img loading=\"lazy\" decoding=\"async\" width=\"601\" height=\"520\" src=\"https:\/\/viqtor.eu\/wp-content\/uploads\/2023\/04\/shutterstock_1827228413-601x520.jpg\" class=\"attachment-engitech-slider-post-thumbnail size-engitech-slider-post-thumbnail wp-post-image\" alt=\"\" \/>\t\t\t\t\t            <\/a>\r\n\t\t\t\t\t        <\/div>\r\n\t\t\t\t\t        \r\n\t\t\t\t\t    \r\n\t\t\t\t\t\t<div class=\"inner-post\">\r\n\t\t\t\t\t\t\t<div class=\"entry-header\">\r\n\r\n\t\t\t\t\t\t\t\t\r\n\t\t\t\t\t\t\t\t<h3 class=\"entry-title\"><a href=\"https:\/\/viqtor.eu\/hr\/une-nouvelle-annee-sous-le-signe-de-lexpectative\/\" rel=\"bookmark\">Nova godina u znaku i\u0161\u010dekivanja<\/a><\/h3>\r\n\t\t\t\t\t\t\t<\/div><!-- .entry-header -->\r\n\t\t\t\t\t\t\t\r\n\t\t\t\t\t\t\t\t\t\t\t\t\t\t<div class=\"entry-summary the-excerpt\">\r\n\r\n\t\t\t\t\t            <p>Nova godina u znaku o\u010dekivanja Pravni nadzor br. 42 \u2013 prosinac 2021. Nova godina u znaku o\u010dekivanja \u0160to se ti\u010de za\u0161tite podataka, godina koja po\u010dinje ne najavljuje nikakve ve\u0107e nove doga\u0111aje, ve\u0107 evoluciju i mo\u017eda strate\u0161ke odluke u vezi s odre\u0111enim aktualnim pitanjima. Usredoto\u010dimo se na tri od njih: [\u2026]\n\r\n\t\t\t\t\t        <\/div><!-- .entry-content -->\r\n\t\t\t\t\t\t\t\t\t\t\t\t\t\t<div class=\"btn-readmore\">\r\n\t\t\t\t\t\t\t\t<a href=\"https:\/\/viqtor.eu\/hr\/une-nouvelle-annee-sous-le-signe-de-lexpectative\/\"><i class=\"flaticon-right-arrow-1\"><\/i>Pro\u010ditajte vi\u0161e<\/a>\t\t\t\t\t\t\t<\/div>\r\n\t\t\t\t\t\t<\/div>\r\n\t\t\t\t\t<\/div>\r\n\t\t\t\t<\/article>\r\n\t\t\t\t<\/div>\r\n\t\t\t \r\n\t\t\t\t<div class=\"pgrid-box\">\r\n\t\t\t\t<article class=\"post-box blog-item\">\r\n\t\t\t\t\t<div class=\"post-inner\">\r\n\t\t\t\t\t\t\t\t\t\t\t\t\r\n\t\t\t\t\t        <div class=\"entry-media\">\r\n\t\t\t\t\t        \t<div class=\"post-cat\"><span class=\"posted-in\"><a href=\"https:\/\/viqtor.eu\/hr\/category\/veille-juridique\/\" rel=\"category tag\">Pravni nadzor<\/a><\/span><\/div>\t\t\t\t\t            <a href=\"https:\/\/viqtor.eu\/hr\/le-cycle-de-vie-des-donnees-a-caractere-personnel\/\">\r\n\t\t\t\t\t                <img loading=\"lazy\" decoding=\"async\" width=\"601\" height=\"520\" src=\"https:\/\/viqtor.eu\/wp-content\/uploads\/2023\/04\/shutterstock_1493993612-601x520.jpg\" class=\"attachment-engitech-slider-post-thumbnail size-engitech-slider-post-thumbnail wp-post-image\" alt=\"\" \/>\t\t\t\t\t            <\/a>\r\n\t\t\t\t\t        <\/div>\r\n\t\t\t\t\t        \r\n\t\t\t\t\t    \r\n\t\t\t\t\t\t<div class=\"inner-post\">\r\n\t\t\t\t\t\t\t<div class=\"entry-header\">\r\n\r\n\t\t\t\t\t\t\t\t\r\n\t\t\t\t\t\t\t\t<h3 class=\"entry-title\"><a href=\"https:\/\/viqtor.eu\/hr\/le-cycle-de-vie-des-donnees-a-caractere-personnel\/\" rel=\"bookmark\">\u017divotni ciklus osobnih podataka<\/a><\/h3>\r\n\t\t\t\t\t\t\t<\/div><!-- .entry-header -->\r\n\t\t\t\t\t\t\t\r\n\t\t\t\t\t\t\t\t\t\t\t\t\t\t<div class=\"entry-summary the-excerpt\">\r\n\r\n\t\t\t\t\t            <p>\u017divotni ciklus osobnih podataka Pravni nadzor br. 41 \u2013 studeni 2021. \u017divotni ciklus osobnih podataka. Me\u0111u obvezama koje predvi\u0111a GDPR, postoji jedna koja se brzo mo\u017ee pretvoriti u glavobolju za kontrolora podataka, unato\u010d svojoj naizgled bezazlenoj prirodi: to je [\u2026]\n\r\n\t\t\t\t\t        <\/div><!-- .entry-content -->\r\n\t\t\t\t\t\t\t\t\t\t\t\t\t\t<div class=\"btn-readmore\">\r\n\t\t\t\t\t\t\t\t<a href=\"https:\/\/viqtor.eu\/hr\/le-cycle-de-vie-des-donnees-a-caractere-personnel\/\"><i class=\"flaticon-right-arrow-1\"><\/i>Pro\u010ditajte vi\u0161e<\/a>\t\t\t\t\t\t\t<\/div>\r\n\t\t\t\t\t\t<\/div>\r\n\t\t\t\t\t<\/div>\r\n\t\t\t\t<\/article>\r\n\t\t\t\t<\/div>\r\n\t\t\t \r\n\t\t\t\t<div class=\"pgrid-box\">\r\n\t\t\t\t<article class=\"post-box blog-item\">\r\n\t\t\t\t\t<div class=\"post-inner\">\r\n\t\t\t\t\t\t\t\t\t\t\t\t\r\n\t\t\t\t\t        <div class=\"entry-media\">\r\n\t\t\t\t\t        \t<div class=\"post-cat\"><span class=\"posted-in\"><a href=\"https:\/\/viqtor.eu\/hr\/category\/veille-juridique\/\" rel=\"category tag\">Pravni nadzor<\/a><\/span><\/div>\t\t\t\t\t            <a href=\"https:\/\/viqtor.eu\/hr\/le-cloud-act-et-les-entreprises-europeennes\/\">\r\n\t\t\t\t\t                <img loading=\"lazy\" decoding=\"async\" width=\"601\" height=\"520\" src=\"https:\/\/viqtor.eu\/wp-content\/uploads\/2023\/04\/shutterstock_2269121321-601x520.jpg\" class=\"attachment-engitech-slider-post-thumbnail size-engitech-slider-post-thumbnail wp-post-image\" alt=\"\" \/>\t\t\t\t\t            <\/a>\r\n\t\t\t\t\t        <\/div>\r\n\t\t\t\t\t        \r\n\t\t\t\t\t    \r\n\t\t\t\t\t\t<div class=\"inner-post\">\r\n\t\t\t\t\t\t\t<div class=\"entry-header\">\r\n\r\n\t\t\t\t\t\t\t\t\r\n\t\t\t\t\t\t\t\t<h3 class=\"entry-title\"><a href=\"https:\/\/viqtor.eu\/hr\/le-cloud-act-et-les-entreprises-europeennes\/\" rel=\"bookmark\">Zakon CLOUD i europske tvrtke: koji je opseg primjene?<\/a><\/h3>\r\n\t\t\t\t\t\t\t<\/div><!-- .entry-header -->\r\n\t\t\t\t\t\t\t\r\n\t\t\t\t\t\t\t\t\t\t\t\t\t\t<div class=\"entry-summary the-excerpt\">\r\n\r\n\t\t\t\t\t            <p>Zakon CLOUD i europska poduze\u0107a: koji opseg primjene? Legal Watch br. 40 \u2013 listopad 2021. Zakon CLOUD i europska poduze\u0107a: koji opseg primjene? Dematerijalizacija podataka i njihova pohrana u \u201eoblacima\u201c imaju temeljne i slo\u017eene posljedice za obveze poduze\u0107a. \u010cak i kada se pohranjuju [\u2026]\n\r\n\t\t\t\t\t        <\/div><!-- .entry-content -->\r\n\t\t\t\t\t\t\t\t\t\t\t\t\t\t<div class=\"btn-readmore\">\r\n\t\t\t\t\t\t\t\t<a href=\"https:\/\/viqtor.eu\/hr\/le-cloud-act-et-les-entreprises-europeennes\/\"><i class=\"flaticon-right-arrow-1\"><\/i>Pro\u010ditajte vi\u0161e<\/a>\t\t\t\t\t\t\t<\/div>\r\n\t\t\t\t\t\t<\/div>\r\n\t\t\t\t\t<\/div>\r\n\t\t\t\t<\/article>\r\n\t\t\t\t<\/div>\r\n\t\t\t \r\n\t\t\t\t<div class=\"pgrid-box\">\r\n\t\t\t\t<article class=\"post-box blog-item\">\r\n\t\t\t\t\t<div class=\"post-inner\">\r\n\t\t\t\t\t\t\t\t\t\t\t\t\r\n\t\t\t\t\t        <div class=\"entry-media\">\r\n\t\t\t\t\t        \t<div class=\"post-cat\"><span class=\"posted-in\"><a href=\"https:\/\/viqtor.eu\/hr\/category\/veille-juridique\/\" rel=\"category tag\">Pravni nadzor<\/a><\/span><\/div>\t\t\t\t\t            <a href=\"https:\/\/viqtor.eu\/hr\/responsable-et-sous-traitant-qui-engage-sa-responsabilite\/\">\r\n\t\t\t\t\t                <img loading=\"lazy\" decoding=\"async\" width=\"601\" height=\"520\" src=\"https:\/\/viqtor.eu\/wp-content\/uploads\/2023\/04\/shutterstock_1726908307-601x520.jpg\" class=\"attachment-engitech-slider-post-thumbnail size-engitech-slider-post-thumbnail wp-post-image\" alt=\"RGPD E-LEARNING\" \/>\t\t\t\t\t            <\/a>\r\n\t\t\t\t\t        <\/div>\r\n\t\t\t\t\t        \r\n\t\t\t\t\t    \r\n\t\t\t\t\t\t<div class=\"inner-post\">\r\n\t\t\t\t\t\t\t<div class=\"entry-header\">\r\n\r\n\t\t\t\t\t\t\t\t\r\n\t\t\t\t\t\t\t\t<h3 class=\"entry-title\"><a href=\"https:\/\/viqtor.eu\/hr\/responsable-et-sous-traitant-qui-engage-sa-responsabilite\/\" rel=\"bookmark\">Voditelj i podizvo\u0111a\u010d: tko je odgovoran?<\/a><\/h3>\r\n\t\t\t\t\t\t\t<\/div><!-- .entry-header -->\r\n\t\t\t\t\t\t\t\r\n\t\t\t\t\t\t\t\t\t\t\t\t\t\t<div class=\"entry-summary the-excerpt\">\r\n\r\n\t\t\t\t\t            <p>Kontrolor i podizvo\u0111a\u010d: tko je odgovoran? Legal Watch br. 39 \u2013 rujan 2021. Kontrolor i podizvo\u0111a\u010d: tko je odgovoran? Mnogi kontrolori podataka koriste podizvo\u0111a\u010de, bilo za upravljanje ljudskim resursima, ciljano ogla\u0161avanje ili sigurnost podataka. [\u2026]\n\r\n\t\t\t\t\t        <\/div><!-- .entry-content -->\r\n\t\t\t\t\t\t\t\t\t\t\t\t\t\t<div class=\"btn-readmore\">\r\n\t\t\t\t\t\t\t\t<a href=\"https:\/\/viqtor.eu\/hr\/responsable-et-sous-traitant-qui-engage-sa-responsabilite\/\"><i class=\"flaticon-right-arrow-1\"><\/i>Pro\u010ditajte vi\u0161e<\/a>\t\t\t\t\t\t\t<\/div>\r\n\t\t\t\t\t\t<\/div>\r\n\t\t\t\t\t<\/div>\r\n\t\t\t\t<\/article>\r\n\t\t\t\t<\/div>\r\n\t\t\t \r\n\t\t\t\t<div class=\"pgrid-box\">\r\n\t\t\t\t<article class=\"post-box blog-item\">\r\n\t\t\t\t\t<div class=\"post-inner\">\r\n\t\t\t\t\t\t\t\t\t\t\t\t\r\n\t\t\t\t\t        <div class=\"entry-media\">\r\n\t\t\t\t\t        \t<div class=\"post-cat\"><span class=\"posted-in\"><a href=\"https:\/\/viqtor.eu\/hr\/category\/veille-juridique\/\" rel=\"category tag\">Pravni nadzor<\/a><\/span><\/div>\t\t\t\t\t            <a href=\"https:\/\/viqtor.eu\/hr\/decision-whatsapp\/\">\r\n\t\t\t\t\t                <img loading=\"lazy\" decoding=\"async\" width=\"601\" height=\"520\" src=\"https:\/\/viqtor.eu\/wp-content\/uploads\/2023\/04\/shutterstock_1312557080-601x520.jpg\" class=\"attachment-engitech-slider-post-thumbnail size-engitech-slider-post-thumbnail wp-post-image\" alt=\"\" \/>\t\t\t\t\t            <\/a>\r\n\t\t\t\t\t        <\/div>\r\n\t\t\t\t\t        \r\n\t\t\t\t\t    \r\n\t\t\t\t\t\t<div class=\"inner-post\">\r\n\t\t\t\t\t\t\t<div class=\"entry-header\">\r\n\r\n\t\t\t\t\t\t\t\t\r\n\t\t\t\t\t\t\t\t<h3 class=\"entry-title\"><a href=\"https:\/\/viqtor.eu\/hr\/decision-whatsapp\/\" rel=\"bookmark\">Odluka o WhatsAppu: Kraj neka\u017enjivosti za GAFAM u Europi?<\/a><\/h3>\r\n\t\t\t\t\t\t\t<\/div><!-- .entry-header -->\r\n\t\t\t\t\t\t\t\r\n\t\t\t\t\t\t\t\t\t\t\t\t\t\t<div class=\"entry-summary the-excerpt\">\r\n\r\n\t\t\t\t\t            <p>Odluka WhatsAppa: Kraj neka\u017enjivosti za GAFAM u Europi? Legal Watch br. 38 \u2013 kolovoz 2021. Odluka WhatsAppa: Kraj neka\u017enjivosti za GAFAM u Europi? U prethodnoj vijesti ponovili smo pote\u0161ko\u0107e u postizanju dogovora na europskoj razini u vezi s provedbom Op\u0107e uredbe o za\u0161titi podataka [\u2026]\n\r\n\t\t\t\t\t        <\/div><!-- .entry-content -->\r\n\t\t\t\t\t\t\t\t\t\t\t\t\t\t<div class=\"btn-readmore\">\r\n\t\t\t\t\t\t\t\t<a href=\"https:\/\/viqtor.eu\/hr\/decision-whatsapp\/\"><i class=\"flaticon-right-arrow-1\"><\/i>Pro\u010ditajte vi\u0161e<\/a>\t\t\t\t\t\t\t<\/div>\r\n\t\t\t\t\t\t<\/div>\r\n\t\t\t\t\t<\/div>\r\n\t\t\t\t<\/article>\r\n\t\t\t\t<\/div>\r\n\t\t\t \r\n\t\t\t\t<div class=\"pgrid-box\">\r\n\t\t\t\t<article class=\"post-box blog-item\">\r\n\t\t\t\t\t<div class=\"post-inner\">\r\n\t\t\t\t\t\t\t\t\t\t\t\t\r\n\t\t\t\t\t        <div class=\"entry-media\">\r\n\t\t\t\t\t        \t<div class=\"post-cat\"><span class=\"posted-in\"><a href=\"https:\/\/viqtor.eu\/hr\/category\/veille-juridique\/\" rel=\"category tag\">Pravni nadzor<\/a><\/span><\/div>\t\t\t\t\t            <a href=\"https:\/\/viqtor.eu\/hr\/pegasus\/\">\r\n\t\t\t\t\t                <img loading=\"lazy\" decoding=\"async\" width=\"601\" height=\"520\" src=\"https:\/\/viqtor.eu\/wp-content\/uploads\/2023\/04\/shutterstock_2151289487-601x520.jpg\" class=\"attachment-engitech-slider-post-thumbnail size-engitech-slider-post-thumbnail wp-post-image\" alt=\"\" \/>\t\t\t\t\t            <\/a>\r\n\t\t\t\t\t        <\/div>\r\n\t\t\t\t\t        \r\n\t\t\t\t\t    \r\n\t\t\t\t\t\t<div class=\"inner-post\">\r\n\t\t\t\t\t\t\t<div class=\"entry-header\">\r\n\r\n\t\t\t\t\t\t\t\t\r\n\t\t\t\t\t\t\t\t<h3 class=\"entry-title\"><a href=\"https:\/\/viqtor.eu\/hr\/pegasus\/\" rel=\"bookmark\">Pegasus \u2013 \u0161pijunski softver koji prkosi zakonu.<\/a><\/h3>\r\n\t\t\t\t\t\t\t<\/div><!-- .entry-header -->\r\n\t\t\t\t\t\t\t\r\n\t\t\t\t\t\t\t\t\t\t\t\t\t\t<div class=\"entry-summary the-excerpt\">\r\n\r\n\t\t\t\t\t            <p>Pegasus \u2013 \u0160pijunski softver izaziva zakon. Pravni nadzor br. 37 \u2013 srpanj 2021. Pegasus \u2013 \u0160pijunski softver izaziva zakon. U srpnju je projekt Pegasus otkrio nevi\u0111eni utjecaj nadzora izraelskog \u0161pijunskog softvera koji mo\u017ee slu\u0161ati i izdvajati podatke s pametnih telefona s iOS-om ili Androidom. [\u2026]\n\r\n\t\t\t\t\t        <\/div><!-- .entry-content -->\r\n\t\t\t\t\t\t\t\t\t\t\t\t\t\t<div class=\"btn-readmore\">\r\n\t\t\t\t\t\t\t\t<a href=\"https:\/\/viqtor.eu\/hr\/pegasus\/\"><i class=\"flaticon-right-arrow-1\"><\/i>Pro\u010ditajte vi\u0161e<\/a>\t\t\t\t\t\t\t<\/div>\r\n\t\t\t\t\t\t<\/div>\r\n\t\t\t\t\t<\/div>\r\n\t\t\t\t<\/article>\r\n\t\t\t\t<\/div>\r\n\t\t\t \r\n\t\t\t\t<div class=\"pgrid-box\">\r\n\t\t\t\t<article class=\"post-box blog-item\">\r\n\t\t\t\t\t<div class=\"post-inner\">\r\n\t\t\t\t\t\t\t\t\t\t\t\t\r\n\t\t\t\t\t        <div class=\"entry-media\">\r\n\t\t\t\t\t        \t<div class=\"post-cat\"><span class=\"posted-in\"><a href=\"https:\/\/viqtor.eu\/hr\/category\/veille-juridique\/\" rel=\"category tag\">Pravni nadzor<\/a><\/span><\/div>\t\t\t\t\t            <a href=\"https:\/\/viqtor.eu\/hr\/vers-une-europe-de-la-protection-des-donnees\/\">\r\n\t\t\t\t\t                <img loading=\"lazy\" decoding=\"async\" width=\"601\" height=\"520\" src=\"https:\/\/viqtor.eu\/wp-content\/uploads\/2023\/04\/shutterstock_348928994-601x520.jpg\" class=\"attachment-engitech-slider-post-thumbnail size-engitech-slider-post-thumbnail wp-post-image\" alt=\"\" \/>\t\t\t\t\t            <\/a>\r\n\t\t\t\t\t        <\/div>\r\n\t\t\t\t\t        \r\n\t\t\t\t\t    \r\n\t\t\t\t\t\t<div class=\"inner-post\">\r\n\t\t\t\t\t\t\t<div class=\"entry-header\">\r\n\r\n\t\t\t\t\t\t\t\t\r\n\t\t\t\t\t\t\t\t<h3 class=\"entry-title\"><a href=\"https:\/\/viqtor.eu\/hr\/vers-une-europe-de-la-protection-des-donnees\/\" rel=\"bookmark\">Prema Europi za\u0161tite podataka: put je dug.<\/a><\/h3>\r\n\t\t\t\t\t\t\t<\/div><!-- .entry-header -->\r\n\t\t\t\t\t\t\t\r\n\t\t\t\t\t\t\t\t\t\t\t\t\t\t<div class=\"entry-summary the-excerpt\">\r\n\r\n\t\t\t\t\t            <p>Prema Europi za\u0161tite podataka: put je dug. Legal Watch br. 36 \u2013 lipanj 2021. Prema Europi za\u0161tite podataka: put je dug. Op\u0107a uredba o za\u0161titi podataka pobudila je mnoge nade u smislu jasno\u0107e i u\u010dinkovitosti kada je stupila na snagu [\u2026]\n\r\n\t\t\t\t\t        <\/div><!-- .entry-content -->\r\n\t\t\t\t\t\t\t\t\t\t\t\t\t\t<div class=\"btn-readmore\">\r\n\t\t\t\t\t\t\t\t<a href=\"https:\/\/viqtor.eu\/hr\/vers-une-europe-de-la-protection-des-donnees\/\"><i class=\"flaticon-right-arrow-1\"><\/i>Pro\u010ditajte vi\u0161e<\/a>\t\t\t\t\t\t\t<\/div>\r\n\t\t\t\t\t\t<\/div>\r\n\t\t\t\t\t<\/div>\r\n\t\t\t\t<\/article>\r\n\t\t\t\t<\/div>\r\n\t\t\t \r\n\t\t\t\t<div class=\"pgrid-box\">\r\n\t\t\t\t<article class=\"post-box blog-item\">\r\n\t\t\t\t\t<div class=\"post-inner\">\r\n\t\t\t\t\t\t\t\t\t\t\t\t\r\n\t\t\t\t\t        <div class=\"entry-media\">\r\n\t\t\t\t\t        \t<div class=\"post-cat\"><span class=\"posted-in\"><a href=\"https:\/\/viqtor.eu\/hr\/category\/veille-juridique\/\" rel=\"category tag\">Pravni nadzor<\/a><\/span><\/div>\t\t\t\t\t            <a href=\"https:\/\/viqtor.eu\/hr\/exercice-des-droits-dacces-portabilite\/\">\r\n\t\t\t\t\t                <img loading=\"lazy\" decoding=\"async\" width=\"601\" height=\"520\" src=\"https:\/\/viqtor.eu\/wp-content\/uploads\/2023\/04\/shutterstock_471720524-601x520.jpg\" class=\"attachment-engitech-slider-post-thumbnail size-engitech-slider-post-thumbnail wp-post-image\" alt=\"Un DPO ou un Correspondant \u00e0 la protection des donn\u00e9es\" \/>\t\t\t\t\t            <\/a>\r\n\t\t\t\t\t        <\/div>\r\n\t\t\t\t\t        \r\n\t\t\t\t\t    \r\n\t\t\t\t\t\t<div class=\"inner-post\">\r\n\t\t\t\t\t\t\t<div class=\"entry-header\">\r\n\r\n\t\t\t\t\t\t\t\t\r\n\t\t\t\t\t\t\t\t<h3 class=\"entry-title\"><a href=\"https:\/\/viqtor.eu\/hr\/exercice-des-droits-dacces-portabilite\/\" rel=\"bookmark\">Ostvarivanje prava pristupa, prenosivost: koje su ovlasti predstavnika?<\/a><\/h3>\r\n\t\t\t\t\t\t\t<\/div><!-- .entry-header -->\r\n\t\t\t\t\t\t\t\r\n\t\t\t\t\t\t\t\t\t\t\t\t\t\t<div class=\"entry-summary the-excerpt\">\r\n\r\n\t\t\t\t\t            <p>Ostvarivanje prava pristupa, prenosivost: koje su ovlasti agenta? Legal Watch br. 35 \u2013 svibanj 2021. Ostvarivanje prava pristupa, prenosivost: koje su ovlasti agenta? Neki kontrolori podataka legitimno su izrazili svoju zbunjenost nakon \u0161to su primili zahtjev od tvrtke koja je ovla\u0161tena pribaviti [\u2026]\n\r\n\t\t\t\t\t        <\/div><!-- .entry-content -->\r\n\t\t\t\t\t\t\t\t\t\t\t\t\t\t<div class=\"btn-readmore\">\r\n\t\t\t\t\t\t\t\t<a href=\"https:\/\/viqtor.eu\/hr\/exercice-des-droits-dacces-portabilite\/\"><i class=\"flaticon-right-arrow-1\"><\/i>Pro\u010ditajte vi\u0161e<\/a>\t\t\t\t\t\t\t<\/div>\r\n\t\t\t\t\t\t<\/div>\r\n\t\t\t\t\t<\/div>\r\n\t\t\t\t<\/article>\r\n\t\t\t\t<\/div>\r\n\t\t\t \r\n\t\t\t\t<div class=\"pgrid-box\">\r\n\t\t\t\t<article class=\"post-box blog-item\">\r\n\t\t\t\t\t<div class=\"post-inner\">\r\n\t\t\t\t\t\t\t\t\t\t\t\t\r\n\t\t\t\t\t        <div class=\"entry-media\">\r\n\t\t\t\t\t        \t<div class=\"post-cat\"><span class=\"posted-in\"><a href=\"https:\/\/viqtor.eu\/hr\/category\/veille-juridique\/\" rel=\"category tag\">Pravni nadzor<\/a><\/span><\/div>\t\t\t\t\t            <a href=\"https:\/\/viqtor.eu\/hr\/lintelligence-artificielle-au-gre-du-droit-et-des-enjeux-de-societe\/\">\r\n\t\t\t\t\t                <img loading=\"lazy\" decoding=\"async\" width=\"601\" height=\"520\" src=\"https:\/\/viqtor.eu\/wp-content\/uploads\/2023\/04\/shutterstock_2247923515-601x520.jpg\" class=\"attachment-engitech-slider-post-thumbnail size-engitech-slider-post-thumbnail wp-post-image\" alt=\"\" \/>\t\t\t\t\t            <\/a>\r\n\t\t\t\t\t        <\/div>\r\n\t\t\t\t\t        \r\n\t\t\t\t\t    \r\n\t\t\t\t\t\t<div class=\"inner-post\">\r\n\t\t\t\t\t\t\t<div class=\"entry-header\">\r\n\r\n\t\t\t\t\t\t\t\t\r\n\t\t\t\t\t\t\t\t<h3 class=\"entry-title\"><a href=\"https:\/\/viqtor.eu\/hr\/lintelligence-artificielle-au-gre-du-droit-et-des-enjeux-de-societe\/\" rel=\"bookmark\">Umjetna inteligencija u skladu sa zakonom i dru\u0161tvenim pitanjima.<\/a><\/h3>\r\n\t\t\t\t\t\t\t<\/div><!-- .entry-header -->\r\n\t\t\t\t\t\t\t\r\n\t\t\t\t\t\t\t\t\t\t\t\t\t\t<div class=\"entry-summary the-excerpt\">\r\n\r\n\t\t\t\t\t            <p>Umjetna inteligencija u skladu sa zakonom i dru\u0161tvenim izazovima. Legal Watch br. 34 \u2013 travanj 2021. Umjetna inteligencija u skladu sa zakonom i dru\u0161tvenim izazovima. Umjetna inteligencija i sigurnost sada su povezane u politi\u010dkom i pravnom diskursu. Ali koliko daleko prilagodba na\u0161eg regulatornog okvira izazovima poput terorizma [\u2026]\n\r\n\t\t\t\t\t        <\/div><!-- .entry-content -->\r\n\t\t\t\t\t\t\t\t\t\t\t\t\t\t<div class=\"btn-readmore\">\r\n\t\t\t\t\t\t\t\t<a href=\"https:\/\/viqtor.eu\/hr\/lintelligence-artificielle-au-gre-du-droit-et-des-enjeux-de-societe\/\"><i class=\"flaticon-right-arrow-1\"><\/i>Pro\u010ditajte vi\u0161e<\/a>\t\t\t\t\t\t\t<\/div>\r\n\t\t\t\t\t\t<\/div>\r\n\t\t\t\t\t<\/div>\r\n\t\t\t\t<\/article>\r\n\t\t\t\t<\/div>\r\n\t\t\t \r\n\t\t\t\t<div class=\"pgrid-box\">\r\n\t\t\t\t<article class=\"post-box blog-item\">\r\n\t\t\t\t\t<div class=\"post-inner\">\r\n\t\t\t\t\t\t\t\t\t\t\t\t\r\n\t\t\t\t\t        <div class=\"entry-media\">\r\n\t\t\t\t\t        \t<div class=\"post-cat\"><span class=\"posted-in\"><a href=\"https:\/\/viqtor.eu\/hr\/category\/veille-juridique\/\" rel=\"category tag\">Pravni nadzor<\/a><\/span><\/div>\t\t\t\t\t            <a href=\"https:\/\/viqtor.eu\/hr\/cameras-intelligentes-et-vie-privee\/\">\r\n\t\t\t\t\t                <img loading=\"lazy\" decoding=\"async\" width=\"601\" height=\"520\" src=\"https:\/\/viqtor.eu\/wp-content\/uploads\/2023\/04\/shutterstock_1804911730-601x520.jpg\" class=\"attachment-engitech-slider-post-thumbnail size-engitech-slider-post-thumbnail wp-post-image\" alt=\"\" \/>\t\t\t\t\t            <\/a>\r\n\t\t\t\t\t        <\/div>\r\n\t\t\t\t\t        \r\n\t\t\t\t\t    \r\n\t\t\t\t\t\t<div class=\"inner-post\">\r\n\t\t\t\t\t\t\t<div class=\"entry-header\">\r\n\r\n\t\t\t\t\t\t\t\t\r\n\t\t\t\t\t\t\t\t<h3 class=\"entry-title\"><a href=\"https:\/\/viqtor.eu\/hr\/cameras-intelligentes-et-vie-privee\/\" rel=\"bookmark\">Pametne kamere i privatnost: prava ravnote\u017ea?<\/a><\/h3>\r\n\t\t\t\t\t\t\t<\/div><!-- .entry-header -->\r\n\t\t\t\t\t\t\t\r\n\t\t\t\t\t\t\t\t\t\t\t\t\t\t<div class=\"entry-summary the-excerpt\">\r\n\r\n\t\t\t\t\t            <p>Pametne kamere i privatnost: Postizanje prave ravnote\u017ee? Pravni nadzor br. 33 \u2013 o\u017eujak 2021. Pametne kamere i privatnost: Postizanje prave ravnote\u017ee? Od o\u017eujka su u javnom prijevozu postavljene kamere koje prate nose li korisnici maske. Ove mjere su [\u2026]\n\r\n\t\t\t\t\t        <\/div><!-- .entry-content -->\r\n\t\t\t\t\t\t\t\t\t\t\t\t\t\t<div class=\"btn-readmore\">\r\n\t\t\t\t\t\t\t\t<a href=\"https:\/\/viqtor.eu\/hr\/cameras-intelligentes-et-vie-privee\/\"><i class=\"flaticon-right-arrow-1\"><\/i>Pro\u010ditajte vi\u0161e<\/a>\t\t\t\t\t\t\t<\/div>\r\n\t\t\t\t\t\t<\/div>\r\n\t\t\t\t\t<\/div>\r\n\t\t\t\t<\/article>\r\n\t\t\t\t<\/div>\r\n\t\t\t \r\n\t\t\t\t<div class=\"pgrid-box\">\r\n\t\t\t\t<article class=\"post-box blog-item\">\r\n\t\t\t\t\t<div class=\"post-inner\">\r\n\t\t\t\t\t\t\t\t\t\t\t\t\r\n\t\t\t\t\t        <div class=\"entry-media\">\r\n\t\t\t\t\t        \t<div class=\"post-cat\"><span class=\"posted-in\"><a href=\"https:\/\/viqtor.eu\/hr\/category\/veille-juridique\/\" rel=\"category tag\">Pravni nadzor<\/a><\/span><\/div>\t\t\t\t\t            <a href=\"https:\/\/viqtor.eu\/hr\/securite-fuite-de-donnees-et-rancongiciel\/\">\r\n\t\t\t\t\t                <img loading=\"lazy\" decoding=\"async\" width=\"601\" height=\"520\" src=\"https:\/\/viqtor.eu\/wp-content\/uploads\/2023\/04\/shutterstock_46487152-601x520.jpg\" class=\"attachment-engitech-slider-post-thumbnail size-engitech-slider-post-thumbnail wp-post-image\" alt=\"\" \/>\t\t\t\t\t            <\/a>\r\n\t\t\t\t\t        <\/div>\r\n\t\t\t\t\t        \r\n\t\t\t\t\t    \r\n\t\t\t\t\t\t<div class=\"inner-post\">\r\n\t\t\t\t\t\t\t<div class=\"entry-header\">\r\n\r\n\t\t\t\t\t\t\t\t\r\n\t\t\t\t\t\t\t\t<h3 class=\"entry-title\"><a href=\"https:\/\/viqtor.eu\/hr\/securite-fuite-de-donnees-et-rancongiciel\/\" rel=\"bookmark\">Sigurnost, curenje podataka i ransomware: napadi koje treba shvatiti ozbiljno.<\/a><\/h3>\r\n\t\t\t\t\t\t\t<\/div><!-- .entry-header -->\r\n\t\t\t\t\t\t\t\r\n\t\t\t\t\t\t\t\t\t\t\t\t\t\t<div class=\"entry-summary the-excerpt\">\r\n\r\n\t\t\t\t\t            <p>Sigurnost, curenje podataka i ransomware: napadi koje treba shvatiti ozbiljno. Legal Watch br. 32 \u2013 velja\u010da 2021. Sigurnost, curenje podataka i ransomware: napadi koje treba shvatiti ozbiljno. Tisak je krajem velja\u010de izvijestio o masovnom curenju podataka u medicinskom sektoru. Osjetljive informacije koje se odnose na vi\u0161e od 500 [\u2026]\n\r\n\t\t\t\t\t        <\/div><!-- .entry-content -->\r\n\t\t\t\t\t\t\t\t\t\t\t\t\t\t<div class=\"btn-readmore\">\r\n\t\t\t\t\t\t\t\t<a href=\"https:\/\/viqtor.eu\/hr\/securite-fuite-de-donnees-et-rancongiciel\/\"><i class=\"flaticon-right-arrow-1\"><\/i>Pro\u010ditajte vi\u0161e<\/a>\t\t\t\t\t\t\t<\/div>\r\n\t\t\t\t\t\t<\/div>\r\n\t\t\t\t\t<\/div>\r\n\t\t\t\t<\/article>\r\n\t\t\t\t<\/div>\r\n\t\t\t \r\n\t\t\t\t<div class=\"pgrid-box\">\r\n\t\t\t\t<article class=\"post-box blog-item\">\r\n\t\t\t\t\t<div class=\"post-inner\">\r\n\t\t\t\t\t\t\t\t\t\t\t\t\r\n\t\t\t\t\t        <div class=\"entry-media\">\r\n\t\t\t\t\t        \t<div class=\"post-cat\"><span class=\"posted-in\"><a href=\"https:\/\/viqtor.eu\/hr\/category\/veille-juridique\/\" rel=\"category tag\">Pravni nadzor<\/a><\/span><\/div>\t\t\t\t\t            <a href=\"https:\/\/viqtor.eu\/hr\/lactualite-des-autorites-de-controle\/\">\r\n\t\t\t\t\t                <img loading=\"lazy\" decoding=\"async\" width=\"601\" height=\"520\" src=\"https:\/\/viqtor.eu\/wp-content\/uploads\/2023\/04\/shutterstock_507250789-601x520.jpg\" class=\"attachment-engitech-slider-post-thumbnail size-engitech-slider-post-thumbnail wp-post-image\" alt=\"\" \/>\t\t\t\t\t            <\/a>\r\n\t\t\t\t\t        <\/div>\r\n\t\t\t\t\t        \r\n\t\t\t\t\t    \r\n\t\t\t\t\t\t<div class=\"inner-post\">\r\n\t\t\t\t\t\t\t<div class=\"entry-header\">\r\n\r\n\t\t\t\t\t\t\t\t\r\n\t\t\t\t\t\t\t\t<h3 class=\"entry-title\"><a href=\"https:\/\/viqtor.eu\/hr\/lactualite-des-autorites-de-controle\/\" rel=\"bookmark\">Vijesti nadzornih tijela: proslave i nadzor<\/a><\/h3>\r\n\t\t\t\t\t\t\t<\/div><!-- .entry-header -->\r\n\t\t\t\t\t\t\t\r\n\t\t\t\t\t\t\t\t\t\t\t\t\t\t<div class=\"entry-summary the-excerpt\">\r\n\r\n\t\t\t\t\t            <p>Regulatorne vijesti: Proslave i nadzor Pravni nadzor br. 31 \u2013 sije\u010danj 2021. Regulatorne vijesti: Proslave i nadzor. Posljednjih nekoliko dana bila je prilika za (virtualno) slavlje nekoliko obljetnica. 28. sije\u010dnja, dionici za\u0161tite privatnosti u Europi, Africi, Americi i [\u2026]\n\r\n\t\t\t\t\t        <\/div><!-- .entry-content -->\r\n\t\t\t\t\t\t\t\t\t\t\t\t\t\t<div class=\"btn-readmore\">\r\n\t\t\t\t\t\t\t\t<a href=\"https:\/\/viqtor.eu\/hr\/lactualite-des-autorites-de-controle\/\"><i class=\"flaticon-right-arrow-1\"><\/i>Pro\u010ditajte vi\u0161e<\/a>\t\t\t\t\t\t\t<\/div>\r\n\t\t\t\t\t\t<\/div>\r\n\t\t\t\t\t<\/div>\r\n\t\t\t\t<\/article>\r\n\t\t\t\t<\/div>\r\n\t\t\t \r\n\t\t\t\t<div class=\"pgrid-box\">\r\n\t\t\t\t<article class=\"post-box blog-item\">\r\n\t\t\t\t\t<div class=\"post-inner\">\r\n\t\t\t\t\t\t\t\t\t\t\t\t\r\n\t\t\t\t\t        <div class=\"entry-media\">\r\n\t\t\t\t\t        \t<div class=\"post-cat\"><span class=\"posted-in\"><a href=\"https:\/\/viqtor.eu\/hr\/category\/veille-juridique\/\" rel=\"category tag\">Pravni nadzor<\/a><\/span><\/div>\t\t\t\t\t            <a href=\"https:\/\/viqtor.eu\/hr\/quelle-strategie-de-controle-pour-2020\/\">\r\n\t\t\t\t\t                <img loading=\"lazy\" decoding=\"async\" width=\"601\" height=\"520\" src=\"https:\/\/viqtor.eu\/wp-content\/uploads\/2023\/04\/shutterstock_1977732161-601x520.jpg\" class=\"attachment-engitech-slider-post-thumbnail size-engitech-slider-post-thumbnail wp-post-image\" alt=\"tout savoir sur le R\u00e8glement G\u00e9n\u00e9ral sur la Protection des Donn\u00e9es\" \/>\t\t\t\t\t            <\/a>\r\n\t\t\t\t\t        <\/div>\r\n\t\t\t\t\t        \r\n\t\t\t\t\t    \r\n\t\t\t\t\t\t<div class=\"inner-post\">\r\n\t\t\t\t\t\t\t<div class=\"entry-header\">\r\n\r\n\t\t\t\t\t\t\t\t\r\n\t\t\t\t\t\t\t\t<h3 class=\"entry-title\"><a href=\"https:\/\/viqtor.eu\/hr\/quelle-strategie-de-controle-pour-2020\/\" rel=\"bookmark\">Koja je strategija kontrole za 2020. godinu?<\/a><\/h3>\r\n\t\t\t\t\t\t\t<\/div><!-- .entry-header -->\r\n\t\t\t\t\t\t\t\r\n\t\t\t\t\t\t\t\t\t\t\t\t\t\t<div class=\"entry-summary the-excerpt\">\r\n\r\n\t\t\t\t\t            <p>Koja strategija kontrole za 2020. godinu? U 2020. godini, uz kontrole nakon pritu\u017ebi, problema otkrivenih u vijestima ili korektivnih mjera, CNIL \u0107e usmjeriti svoje kontrolne aktivnosti na 3 prioritetne teme povezane sa svakodnevnim brigama Francuza: Kao i svake godine, uz to [\u2026]\n\r\n\t\t\t\t\t        <\/div><!-- .entry-content -->\r\n\t\t\t\t\t\t\t\t\t\t\t\t\t\t<div class=\"btn-readmore\">\r\n\t\t\t\t\t\t\t\t<a href=\"https:\/\/viqtor.eu\/hr\/quelle-strategie-de-controle-pour-2020\/\"><i class=\"flaticon-right-arrow-1\"><\/i>Pro\u010ditajte vi\u0161e<\/a>\t\t\t\t\t\t\t<\/div>\r\n\t\t\t\t\t\t<\/div>\r\n\t\t\t\t\t<\/div>\r\n\t\t\t\t<\/article>\r\n\t\t\t\t<\/div>\r\n\t\t\t \r\n\t\t\t\t<div class=\"pgrid-box\">\r\n\t\t\t\t<article class=\"post-box blog-item\">\r\n\t\t\t\t\t<div class=\"post-inner\">\r\n\t\t\t\t\t\t\t\t\t\t\t\t\r\n\t\t\t\t\t        <div class=\"entry-media\">\r\n\t\t\t\t\t        \t<div class=\"post-cat\"><span class=\"posted-in\"><a href=\"https:\/\/viqtor.eu\/hr\/category\/veille-juridique\/\" rel=\"category tag\">Pravni nadzor<\/a><\/span><\/div>\t\t\t\t\t            <a href=\"https:\/\/viqtor.eu\/hr\/nouvelle-annee-bilan-et-perspectives\/\">\r\n\t\t\t\t\t                <img loading=\"lazy\" decoding=\"async\" width=\"601\" height=\"520\" src=\"https:\/\/viqtor.eu\/wp-content\/uploads\/2023\/04\/shutterstock_1751409956-601x520.jpg\" class=\"attachment-engitech-slider-post-thumbnail size-engitech-slider-post-thumbnail wp-post-image\" alt=\"\" \/>\t\t\t\t\t            <\/a>\r\n\t\t\t\t\t        <\/div>\r\n\t\t\t\t\t        \r\n\t\t\t\t\t    \r\n\t\t\t\t\t\t<div class=\"inner-post\">\r\n\t\t\t\t\t\t\t<div class=\"entry-header\">\r\n\r\n\t\t\t\t\t\t\t\t\r\n\t\t\t\t\t\t\t\t<h3 class=\"entry-title\"><a href=\"https:\/\/viqtor.eu\/hr\/nouvelle-annee-bilan-et-perspectives\/\" rel=\"bookmark\">Nova godina, pregled i izgledi.<\/a><\/h3>\r\n\t\t\t\t\t\t\t<\/div><!-- .entry-header -->\r\n\t\t\t\t\t\t\t\r\n\t\t\t\t\t\t\t\t\t\t\t\t\t\t<div class=\"entry-summary the-excerpt\">\r\n\r\n\t\t\t\t\t            <p>Nova godina, pregled i izgledi. Nova godina, pregled i izgledi. Nakon godine koju neki nazivaju annus horribilis, mnogi 2021. do\u010dekuju kao nadu u promjenu. Istina je da su posljednji mjeseci testirali otpornost na\u0161ih dru\u0161tava na nevi\u0111ene na\u010dine. Utjecaj pandemije na na\u0161e zdravlje, ali [\u2026]\n\r\n\t\t\t\t\t        <\/div><!-- .entry-content -->\r\n\t\t\t\t\t\t\t\t\t\t\t\t\t\t<div class=\"btn-readmore\">\r\n\t\t\t\t\t\t\t\t<a href=\"https:\/\/viqtor.eu\/hr\/nouvelle-annee-bilan-et-perspectives\/\"><i class=\"flaticon-right-arrow-1\"><\/i>Pro\u010ditajte vi\u0161e<\/a>\t\t\t\t\t\t\t<\/div>\r\n\t\t\t\t\t\t<\/div>\r\n\t\t\t\t\t<\/div>\r\n\t\t\t\t<\/article>\r\n\t\t\t\t<\/div>\r\n\t\t\t \r\n\t\t\t\t<div class=\"pgrid-box\">\r\n\t\t\t\t<article class=\"post-box blog-item\">\r\n\t\t\t\t\t<div class=\"post-inner\">\r\n\t\t\t\t\t\t\t\t\t\t\t\t\r\n\t\t\t\t\t        <div class=\"entry-media\">\r\n\t\t\t\t\t        \t<div class=\"post-cat\"><span class=\"posted-in\"><a href=\"https:\/\/viqtor.eu\/hr\/category\/veille-juridique\/\" rel=\"category tag\">Pravni nadzor<\/a><\/span><\/div>\t\t\t\t\t            <a href=\"https:\/\/viqtor.eu\/hr\/rgpd-la-jurisprudence-se-precise\/\">\r\n\t\t\t\t\t                <img loading=\"lazy\" decoding=\"async\" width=\"601\" height=\"520\" src=\"https:\/\/viqtor.eu\/wp-content\/uploads\/2023\/04\/shutterstock_750883999-601x520.jpg\" class=\"attachment-engitech-slider-post-thumbnail size-engitech-slider-post-thumbnail wp-post-image\" alt=\"\" \/>\t\t\t\t\t            <\/a>\r\n\t\t\t\t\t        <\/div>\r\n\t\t\t\t\t        \r\n\t\t\t\t\t    \r\n\t\t\t\t\t\t<div class=\"inner-post\">\r\n\t\t\t\t\t\t\t<div class=\"entry-header\">\r\n\r\n\t\t\t\t\t\t\t\t\r\n\t\t\t\t\t\t\t\t<h3 class=\"entry-title\"><a href=\"https:\/\/viqtor.eu\/hr\/rgpd-la-jurisprudence-se-precise\/\" rel=\"bookmark\">GDPR: sudska praksa postaje jasnija!<\/a><\/h3>\r\n\t\t\t\t\t\t\t<\/div><!-- .entry-header -->\r\n\t\t\t\t\t\t\t\r\n\t\t\t\t\t\t\t\t\t\t\t\t\t\t<div class=\"entry-summary the-excerpt\">\r\n\r\n\t\t\t\t\t            <p>GDPR: Sudska praksa postaje jasnija! GDPR: Sudska praksa postaje jasnija! CNIL se ve\u0107 istaknuo izricanjem rekordne kazne od 50 milijuna eura Googleu pro\u0161log sije\u010dnja zbog neinformiranja svojih korisnika prilikom kori\u0161tenja Androida, kaznu koju je u lipnju potvrdilo Dr\u017eavno vije\u0107e. [\u2026]\n\r\n\t\t\t\t\t        <\/div><!-- .entry-content -->\r\n\t\t\t\t\t\t\t\t\t\t\t\t\t\t<div class=\"btn-readmore\">\r\n\t\t\t\t\t\t\t\t<a href=\"https:\/\/viqtor.eu\/hr\/rgpd-la-jurisprudence-se-precise\/\"><i class=\"flaticon-right-arrow-1\"><\/i>Pro\u010ditajte vi\u0161e<\/a>\t\t\t\t\t\t\t<\/div>\r\n\t\t\t\t\t\t<\/div>\r\n\t\t\t\t\t<\/div>\r\n\t\t\t\t<\/article>\r\n\t\t\t\t<\/div>\r\n\t\t\t \r\n\t\t\t\t<div class=\"pgrid-box\">\r\n\t\t\t\t<article class=\"post-box blog-item\">\r\n\t\t\t\t\t<div class=\"post-inner\">\r\n\t\t\t\t\t\t\t\t\t\t\t\t\r\n\t\t\t\t\t        <div class=\"entry-media\">\r\n\t\t\t\t\t        \t<div class=\"post-cat\"><span class=\"posted-in\"><a href=\"https:\/\/viqtor.eu\/hr\/category\/veille-juridique\/\" rel=\"category tag\">Pravni nadzor<\/a><\/span><\/div>\t\t\t\t\t            <a href=\"https:\/\/viqtor.eu\/hr\/le-respect-du-rgpd-en-temps-de-crise\/\">\r\n\t\t\t\t\t                <img loading=\"lazy\" decoding=\"async\" width=\"601\" height=\"520\" src=\"https:\/\/viqtor.eu\/wp-content\/uploads\/2023\/04\/shutterstock_1899466642-601x520.jpg\" class=\"attachment-engitech-slider-post-thumbnail size-engitech-slider-post-thumbnail wp-post-image\" alt=\"\" \/>\t\t\t\t\t            <\/a>\r\n\t\t\t\t\t        <\/div>\r\n\t\t\t\t\t        \r\n\t\t\t\t\t    \r\n\t\t\t\t\t\t<div class=\"inner-post\">\r\n\t\t\t\t\t\t\t<div class=\"entry-header\">\r\n\r\n\t\t\t\t\t\t\t\t\r\n\t\t\t\t\t\t\t\t<h3 class=\"entry-title\"><a href=\"https:\/\/viqtor.eu\/hr\/le-respect-du-rgpd-en-temps-de-crise\/\" rel=\"bookmark\">Uskla\u0111enost s GDPR-om u kriznim vremenima.<\/a><\/h3>\r\n\t\t\t\t\t\t\t<\/div><!-- .entry-header -->\r\n\t\t\t\t\t\t\t\r\n\t\t\t\t\t\t\t\t\t\t\t\t\t\t<div class=\"entry-summary the-excerpt\">\r\n\r\n\t\t\t\t\t            <p>Uskla\u0111enost s GDPR-om u vremenima krize. Uskla\u0111enost s GDPR-om u vremenima krize. Koji su prioriteti nadzornih tijela i kakve kontrole tvrtke mogu o\u010dekivati u trenutnom zdravstvenom i ekonomskom kontekstu? Dok CNIL o\u010dito usmjerava svoje aktivnosti na obradu podataka [\u2026]\n\r\n\t\t\t\t\t        <\/div><!-- .entry-content -->\r\n\t\t\t\t\t\t\t\t\t\t\t\t\t\t<div class=\"btn-readmore\">\r\n\t\t\t\t\t\t\t\t<a href=\"https:\/\/viqtor.eu\/hr\/le-respect-du-rgpd-en-temps-de-crise\/\"><i class=\"flaticon-right-arrow-1\"><\/i>Pro\u010ditajte vi\u0161e<\/a>\t\t\t\t\t\t\t<\/div>\r\n\t\t\t\t\t\t<\/div>\r\n\t\t\t\t\t<\/div>\r\n\t\t\t\t<\/article>\r\n\t\t\t\t<\/div>\r\n\t\t\t \r\n\t\t\t\t<div class=\"pgrid-box\">\r\n\t\t\t\t<article class=\"post-box blog-item\">\r\n\t\t\t\t\t<div class=\"post-inner\">\r\n\t\t\t\t\t\t\t\t\t\t\t\t\r\n\t\t\t\t\t        <div class=\"entry-media\">\r\n\t\t\t\t\t        \t<div class=\"post-cat\"><span class=\"posted-in\"><a href=\"https:\/\/viqtor.eu\/hr\/category\/veille-juridique\/\" rel=\"category tag\">Pravni nadzor<\/a><\/span><\/div>\t\t\t\t\t            <a href=\"https:\/\/viqtor.eu\/hr\/donnees-de-sante-des-employes-quelle-gestion-en-temps-de-covid-19\/\">\r\n\t\t\t\t\t                <img loading=\"lazy\" decoding=\"async\" width=\"601\" height=\"520\" src=\"https:\/\/viqtor.eu\/wp-content\/uploads\/2023\/04\/shutterstock_1671956773-601x520.jpg\" class=\"attachment-engitech-slider-post-thumbnail size-engitech-slider-post-thumbnail wp-post-image\" alt=\"\" \/>\t\t\t\t\t            <\/a>\r\n\t\t\t\t\t        <\/div>\r\n\t\t\t\t\t        \r\n\t\t\t\t\t    \r\n\t\t\t\t\t\t<div class=\"inner-post\">\r\n\t\t\t\t\t\t\t<div class=\"entry-header\">\r\n\r\n\t\t\t\t\t\t\t\t\r\n\t\t\t\t\t\t\t\t<h3 class=\"entry-title\"><a href=\"https:\/\/viqtor.eu\/hr\/donnees-de-sante-des-employes-quelle-gestion-en-temps-de-covid-19\/\" rel=\"bookmark\">Podaci o zdravlju zaposlenika: kako njima upravljati tijekom COVID-19?<\/a><\/h3>\r\n\t\t\t\t\t\t\t<\/div><!-- .entry-header -->\r\n\t\t\t\t\t\t\t\r\n\t\t\t\t\t\t\t\t\t\t\t\t\t\t<div class=\"entry-summary the-excerpt\">\r\n\r\n\t\t\t\t\t            <p>Podaci o zdravlju zaposlenika: Kako njima upravljati u doba COVID-19? Podaci o zdravlju zaposlenika: Kako njima upravljati u doba COVID-19? Me\u0111u izazovima s kojima se na\u0161a dru\u0161tva suo\u010davaju tijekom zdravstvene krize, onaj s kojim se suo\u010davaju poslodavci nije najmanje va\u017ean. Osim uvjeta rada [\u2026]\n\r\n\t\t\t\t\t        <\/div><!-- .entry-content -->\r\n\t\t\t\t\t\t\t\t\t\t\t\t\t\t<div class=\"btn-readmore\">\r\n\t\t\t\t\t\t\t\t<a href=\"https:\/\/viqtor.eu\/hr\/donnees-de-sante-des-employes-quelle-gestion-en-temps-de-covid-19\/\"><i class=\"flaticon-right-arrow-1\"><\/i>Pro\u010ditajte vi\u0161e<\/a>\t\t\t\t\t\t\t<\/div>\r\n\t\t\t\t\t\t<\/div>\r\n\t\t\t\t\t<\/div>\r\n\t\t\t\t<\/article>\r\n\t\t\t\t<\/div>\r\n\t\t\t \r\n\t\t\t\t<div class=\"pgrid-box\">\r\n\t\t\t\t<article class=\"post-box blog-item\">\r\n\t\t\t\t\t<div class=\"post-inner\">\r\n\t\t\t\t\t\t\t\t\t\t\t\t\r\n\t\t\t\t\t        <div class=\"entry-media\">\r\n\t\t\t\t\t        \t<div class=\"post-cat\"><span class=\"posted-in\"><a href=\"https:\/\/viqtor.eu\/hr\/category\/veille-juridique\/\" rel=\"category tag\">Pravni nadzor<\/a><\/span><\/div>\t\t\t\t\t            <a href=\"https:\/\/viqtor.eu\/hr\/schrems-ii-un-final-attendu-et-redoute\/\">\r\n\t\t\t\t\t                <img loading=\"lazy\" decoding=\"async\" width=\"500\" height=\"334\" src=\"https:\/\/viqtor.eu\/wp-content\/uploads\/2023\/04\/shutterstock_1784045918.jpg\" class=\"attachment-engitech-slider-post-thumbnail size-engitech-slider-post-thumbnail wp-post-image\" alt=\"\" srcset=\"https:\/\/viqtor.eu\/wp-content\/uploads\/2023\/04\/shutterstock_1784045918.jpg 500w, https:\/\/viqtor.eu\/wp-content\/uploads\/2023\/04\/shutterstock_1784045918-300x200.jpg 300w\" sizes=\"(max-width: 500px) 100vw, 500px\" \/>\t\t\t\t\t            <\/a>\r\n\t\t\t\t\t        <\/div>\r\n\t\t\t\t\t        \r\n\t\t\t\t\t    \r\n\t\t\t\t\t\t<div class=\"inner-post\">\r\n\t\t\t\t\t\t\t<div class=\"entry-header\">\r\n\r\n\t\t\t\t\t\t\t\t\r\n\t\t\t\t\t\t\t\t<h3 class=\"entry-title\"><a href=\"https:\/\/viqtor.eu\/hr\/schrems-ii-un-final-attendu-et-redoute\/\" rel=\"bookmark\">SCHREMS II, i\u0161\u010dekivani i stra\u0161ni finale<\/a><\/h3>\r\n\t\t\t\t\t\t\t<\/div><!-- .entry-header -->\r\n\t\t\t\t\t\t\t\r\n\t\t\t\t\t\t\t\t\t\t\t\t\t\t<div class=\"entry-summary the-excerpt\">\r\n\r\n\t\t\t\t\t            <p>SCHREMS II, o\u010dekivani i strahovani zavr\u0161etak SCHREMS II, o\u010dekivani i strahovani zavr\u0161etak. Dana 16. srpnja 2020. Sud Europske unije proglasio je neva\u017ee\u0107im \u0160tit privatnosti, klju\u010dni sporazum koji je \u010dinio pravnu osnovu za prijenos osobnih podataka izme\u0111u Europe i Sjedinjenih Dr\u017eava. Vi\u0161e od 5300 ameri\u010dkih tvrtki [\u2026]\n\r\n\t\t\t\t\t        <\/div><!-- .entry-content -->\r\n\t\t\t\t\t\t\t\t\t\t\t\t\t\t<div class=\"btn-readmore\">\r\n\t\t\t\t\t\t\t\t<a href=\"https:\/\/viqtor.eu\/hr\/schrems-ii-un-final-attendu-et-redoute\/\"><i class=\"flaticon-right-arrow-1\"><\/i>Pro\u010ditajte vi\u0161e<\/a>\t\t\t\t\t\t\t<\/div>\r\n\t\t\t\t\t\t<\/div>\r\n\t\t\t\t\t<\/div>\r\n\t\t\t\t<\/article>\r\n\t\t\t\t<\/div>\r\n\t\t\t \r\n\t\t\t\t<div class=\"pgrid-box\">\r\n\t\t\t\t<article class=\"post-box blog-item\">\r\n\t\t\t\t\t<div class=\"post-inner\">\r\n\t\t\t\t\t\t\t\t\t\t\t\t\r\n\t\t\t\t\t        <div class=\"entry-media\">\r\n\t\t\t\t\t        \t<div class=\"post-cat\"><span class=\"posted-in\"><a href=\"https:\/\/viqtor.eu\/hr\/category\/veille-juridique\/\" rel=\"category tag\">Pravni nadzor<\/a><\/span><\/div>\t\t\t\t\t            <a href=\"https:\/\/viqtor.eu\/hr\/un-anniversaire-sous-tension\/\">\r\n\t\t\t\t\t                <img loading=\"lazy\" decoding=\"async\" width=\"601\" height=\"520\" src=\"https:\/\/viqtor.eu\/wp-content\/uploads\/2023\/04\/shutterstock_318879689-601x520.jpg\" class=\"attachment-engitech-slider-post-thumbnail size-engitech-slider-post-thumbnail wp-post-image\" alt=\"\" \/>\t\t\t\t\t            <\/a>\r\n\t\t\t\t\t        <\/div>\r\n\t\t\t\t\t        \r\n\t\t\t\t\t    \r\n\t\t\t\t\t\t<div class=\"inner-post\">\r\n\t\t\t\t\t\t\t<div class=\"entry-header\">\r\n\r\n\t\t\t\t\t\t\t\t\r\n\t\t\t\t\t\t\t\t<h3 class=\"entry-title\"><a href=\"https:\/\/viqtor.eu\/hr\/un-anniversaire-sous-tension\/\" rel=\"bookmark\">Napet ro\u0111endan<\/a><\/h3>\r\n\t\t\t\t\t\t\t<\/div><!-- .entry-header -->\r\n\t\t\t\t\t\t\t\r\n\t\t\t\t\t\t\t\t\t\t\t\t\t\t<div class=\"entry-summary the-excerpt\">\r\n\r\n\t\t\t\t\t            <p>Napeta obljetnica Pravni nadzor br. 24 \u2013 svibanj 2020. Napeta obljetnica. GDPR slavi svoju drugu godi\u0161njicu u posebno turbulentnom kontekstu za temeljna prava. Koliko \u0107e europski sustav za\u0161tite podataka biti otporan na trenutne zdravstvene izazove? Ve\u0107 je stavljen na ku\u0161nju u kontekstu [\u2026]\n\r\n\t\t\t\t\t        <\/div><!-- .entry-content -->\r\n\t\t\t\t\t\t\t\t\t\t\t\t\t\t<div class=\"btn-readmore\">\r\n\t\t\t\t\t\t\t\t<a href=\"https:\/\/viqtor.eu\/hr\/un-anniversaire-sous-tension\/\"><i class=\"flaticon-right-arrow-1\"><\/i>Pro\u010ditajte vi\u0161e<\/a>\t\t\t\t\t\t\t<\/div>\r\n\t\t\t\t\t\t<\/div>\r\n\t\t\t\t\t<\/div>\r\n\t\t\t\t<\/article>\r\n\t\t\t\t<\/div>\r\n\t\t\t \r\n\t\t\t\t<div class=\"pgrid-box\">\r\n\t\t\t\t<article class=\"post-box blog-item\">\r\n\t\t\t\t\t<div class=\"post-inner\">\r\n\t\t\t\t\t\t\t\t\t\t\t\t\r\n\t\t\t\t\t        <div class=\"entry-media\">\r\n\t\t\t\t\t        \t<div class=\"post-cat\"><span class=\"posted-in\"><a href=\"https:\/\/viqtor.eu\/hr\/category\/veille-juridique\/\" rel=\"category tag\">Pravni nadzor<\/a><\/span><\/div>\t\t\t\t\t            <a href=\"https:\/\/viqtor.eu\/hr\/stopcovid-itineraire-dune-application-controversee\/\">\r\n\t\t\t\t\t                <img loading=\"lazy\" decoding=\"async\" width=\"601\" height=\"520\" src=\"https:\/\/viqtor.eu\/wp-content\/uploads\/2023\/04\/shutterstock_1891274599-601x520.jpg\" class=\"attachment-engitech-slider-post-thumbnail size-engitech-slider-post-thumbnail wp-post-image\" alt=\"\" \/>\t\t\t\t\t            <\/a>\r\n\t\t\t\t\t        <\/div>\r\n\t\t\t\t\t        \r\n\t\t\t\t\t    \r\n\t\t\t\t\t\t<div class=\"inner-post\">\r\n\t\t\t\t\t\t\t<div class=\"entry-header\">\r\n\r\n\t\t\t\t\t\t\t\t\r\n\t\t\t\t\t\t\t\t<h3 class=\"entry-title\"><a href=\"https:\/\/viqtor.eu\/hr\/stopcovid-itineraire-dune-application-controversee\/\" rel=\"bookmark\">STOPCOVID: Putovanje kontroverzne aplikacije<\/a><\/h3>\r\n\t\t\t\t\t\t\t<\/div><!-- .entry-header -->\r\n\t\t\t\t\t\t\t\r\n\t\t\t\t\t\t\t\t\t\t\t\t\t\t<div class=\"entry-summary the-excerpt\">\r\n\r\n\t\t\t\t\t            <p>STOPCOVID: Putovanje kontroverzne prijave STOPCOVID: Putovanje kontroverzne prijave. Ne pro\u0111e dan a da se ne pozabavi pitanjem &quot;dekonfinacije&quot; stanovni\u0161tva, u Francuskoj kao i drugdje, u vezi s pra\u0107enjem virusa i osoba koje ga prenose. Nedavni doga\u0111aji spominju stvaranje datoteke [\u2026]\n\r\n\t\t\t\t\t        <\/div><!-- .entry-content -->\r\n\t\t\t\t\t\t\t\t\t\t\t\t\t\t<div class=\"btn-readmore\">\r\n\t\t\t\t\t\t\t\t<a href=\"https:\/\/viqtor.eu\/hr\/stopcovid-itineraire-dune-application-controversee\/\"><i class=\"flaticon-right-arrow-1\"><\/i>Pro\u010ditajte vi\u0161e<\/a>\t\t\t\t\t\t\t<\/div>\r\n\t\t\t\t\t\t<\/div>\r\n\t\t\t\t\t<\/div>\r\n\t\t\t\t<\/article>\r\n\t\t\t\t<\/div>\r\n\t\t\t \r\n\t\t\t\t<div class=\"pgrid-box\">\r\n\t\t\t\t<article class=\"post-box blog-item\">\r\n\t\t\t\t\t<div class=\"post-inner\">\r\n\t\t\t\t\t\t\t\t\t\t\t\t\r\n\t\t\t\t\t        <div class=\"entry-media\">\r\n\t\t\t\t\t        \t<div class=\"post-cat\"><span class=\"posted-in\"><a href=\"https:\/\/viqtor.eu\/hr\/category\/veille-juridique\/\" rel=\"category tag\">Pravni nadzor<\/a><\/span><\/div>\t\t\t\t\t            <a href=\"https:\/\/viqtor.eu\/hr\/la-protection-des-donnees-en-pleine-effervescence\/\">\r\n\t\t\t\t\t                <img loading=\"lazy\" decoding=\"async\" width=\"601\" height=\"520\" src=\"https:\/\/viqtor.eu\/wp-content\/uploads\/2023\/04\/shutterstock_1490310101-601x520.jpg\" class=\"attachment-engitech-slider-post-thumbnail size-engitech-slider-post-thumbnail wp-post-image\" alt=\"\" \/>\t\t\t\t\t            <\/a>\r\n\t\t\t\t\t        <\/div>\r\n\t\t\t\t\t        \r\n\t\t\t\t\t    \r\n\t\t\t\t\t\t<div class=\"inner-post\">\r\n\t\t\t\t\t\t\t<div class=\"entry-header\">\r\n\r\n\t\t\t\t\t\t\t\t\r\n\t\t\t\t\t\t\t\t<h3 class=\"entry-title\"><a href=\"https:\/\/viqtor.eu\/hr\/la-protection-des-donnees-en-pleine-effervescence\/\" rel=\"bookmark\">Za\u0161tita podataka u punom jeku<\/a><\/h3>\r\n\t\t\t\t\t\t\t<\/div><!-- .entry-header -->\r\n\t\t\t\t\t\t\t\r\n\t\t\t\t\t\t\t\t\t\t\t\t\t\t<div class=\"entry-summary the-excerpt\">\r\n\r\n\t\t\t\t\t            <p>Za\u0161tita podataka u punom jeku Pravni nadzor br. 20 \u2013 10. velja\u010de 2020. Ovo je ono \u0161to pamtimo iz prvih tjedana ove nove godine, s brojnim raspravama povodom zna\u010dajnih doga\u0111aja: velja\u010da ne\u0107e biti izostavljena, s konferencijom o \u201eintenzivnoj za\u0161titi podataka\u201c u Parizu koju organizira me\u0111unarodno udru\u017eenje [\u2026]\n\r\n\t\t\t\t\t        <\/div><!-- .entry-content -->\r\n\t\t\t\t\t\t\t\t\t\t\t\t\t\t<div class=\"btn-readmore\">\r\n\t\t\t\t\t\t\t\t<a href=\"https:\/\/viqtor.eu\/hr\/la-protection-des-donnees-en-pleine-effervescence\/\"><i class=\"flaticon-right-arrow-1\"><\/i>Pro\u010ditajte vi\u0161e<\/a>\t\t\t\t\t\t\t<\/div>\r\n\t\t\t\t\t\t<\/div>\r\n\t\t\t\t\t<\/div>\r\n\t\t\t\t<\/article>\r\n\t\t\t\t<\/div>\r\n\t\t\t\t    <\/div>\r\n\t\t\t\t<\/div>\n\t\t\t\t<\/div>\n\t\t\t\t\t<\/div>\n\t\t<\/div>\n\t\t\t\t\t<\/div>\n\t\t<\/section>\n\t\t\t\t<\/div>","protected":false},"excerpt":{"rendered":"<p>Veille juridique Veille juridique 2020 et au-del\u00e0 2020 et au-del\u00e0 Veille Juridique &#8211; d\u00e9cembre 2019. C\u2019est une nouvelle ann\u00e9e mais aussi une nouvelle d\u00e9cennie qui s\u2019annonce, avec ses d\u00e9fis, ses contraintes et ses promesses. Pour mieux aborder ces enjeux, accordons-nous un bref retour sur l\u2019ann\u00e9e 2019 Plus d\u2019un an apr\u00e8s l\u2019entr\u00e9e en vigueur du RGPD, [&hellip;]<\/p>","protected":false},"author":1,"featured_media":0,"parent":0,"menu_order":0,"comment_status":"closed","ping_status":"closed","template":"","meta":{"_acf_changed":false,"footnotes":""},"class_list":["post-5357","page","type-page","status-publish","hentry"],"acf":[],"yoast_head":"<!-- This site is optimized with the Yoast SEO plugin v23.6 - https:\/\/yoast.com\/wordpress\/plugins\/seo\/ -->\n<title>Veille juridique - Viqtor<\/title>\n<meta name=\"description\" content=\"Veille juridique\" \/>\n<meta name=\"robots\" content=\"index, follow, max-snippet:-1, max-image-preview:large, max-video-preview:-1\" \/>\n<link rel=\"canonical\" href=\"https:\/\/viqtor.eu\/hr\/veille-juridique\/\" \/>\n<meta property=\"og:locale\" content=\"hr_HR\" \/>\n<meta property=\"og:type\" content=\"article\" \/>\n<meta property=\"og:title\" content=\"Veille juridique - Viqtor\" \/>\n<meta property=\"og:description\" content=\"Veille juridique\" \/>\n<meta property=\"og:url\" content=\"https:\/\/viqtor.eu\/hr\/veille-juridique\/\" \/>\n<meta property=\"og:site_name\" content=\"Viqtor\" \/>\n<meta property=\"article:modified_time\" content=\"2024-09-18T14:50:41+00:00\" \/>\n<meta property=\"og:image\" content=\"https:\/\/viqtor.eu\/wp-content\/uploads\/2026\/04\/widget-viqtor.png\" \/>\n<meta name=\"twitter:card\" content=\"summary_large_image\" \/>\n<meta name=\"twitter:label1\" content=\"Procijenjeno vrijeme \u010ditanja\" \/>\n\t<meta name=\"twitter:data1\" content=\"32 minute\" \/>\n<script type=\"application\/ld+json\" class=\"yoast-schema-graph\">{\"@context\":\"https:\/\/schema.org\",\"@graph\":[{\"@type\":\"WebPage\",\"@id\":\"https:\/\/viqtor.eu\/veille-juridique\/\",\"url\":\"https:\/\/viqtor.eu\/veille-juridique\/\",\"name\":\"Veille juridique - Viqtor\",\"isPartOf\":{\"@id\":\"https:\/\/viqtor.eu\/#website\"},\"primaryImageOfPage\":{\"@id\":\"https:\/\/viqtor.eu\/veille-juridique\/#primaryimage\"},\"image\":{\"@id\":\"https:\/\/viqtor.eu\/veille-juridique\/#primaryimage\"},\"thumbnailUrl\":\"https:\/\/viqtor.eu\/wp-content\/uploads\/2023\/04\/shutterstock_1034809678-601x305.jpg\",\"datePublished\":\"2023-04-18T13:21:47+00:00\",\"dateModified\":\"2024-09-18T14:50:41+00:00\",\"description\":\"Veille juridique\",\"breadcrumb\":{\"@id\":\"https:\/\/viqtor.eu\/veille-juridique\/#breadcrumb\"},\"inLanguage\":\"hr\",\"potentialAction\":[{\"@type\":\"ReadAction\",\"target\":[\"https:\/\/viqtor.eu\/veille-juridique\/\"]}]},{\"@type\":\"ImageObject\",\"inLanguage\":\"hr\",\"@id\":\"https:\/\/viqtor.eu\/veille-juridique\/#primaryimage\",\"url\":\"https:\/\/viqtor.eu\/wp-content\/uploads\/2023\/04\/shutterstock_1034809678-601x305.jpg\",\"contentUrl\":\"https:\/\/viqtor.eu\/wp-content\/uploads\/2023\/04\/shutterstock_1034809678-601x305.jpg\"},{\"@type\":\"BreadcrumbList\",\"@id\":\"https:\/\/viqtor.eu\/veille-juridique\/#breadcrumb\",\"itemListElement\":[{\"@type\":\"ListItem\",\"position\":1,\"name\":\"Accueil\",\"item\":\"https:\/\/viqtor.eu\/\"},{\"@type\":\"ListItem\",\"position\":2,\"name\":\"Veille juridique\"}]},{\"@type\":\"WebSite\",\"@id\":\"https:\/\/viqtor.eu\/#website\",\"url\":\"https:\/\/viqtor.eu\/\",\"name\":\"Viqtor\",\"description\":\"Faites du RGPD une opportunit\u00e9 pour votre entreprise.\",\"publisher\":{\"@id\":\"https:\/\/viqtor.eu\/#organization\"},\"potentialAction\":[{\"@type\":\"SearchAction\",\"target\":{\"@type\":\"EntryPoint\",\"urlTemplate\":\"https:\/\/viqtor.eu\/?s={search_term_string}\"},\"query-input\":{\"@type\":\"PropertyValueSpecification\",\"valueRequired\":true,\"valueName\":\"search_term_string\"}}],\"inLanguage\":\"hr\"},{\"@type\":\"Organization\",\"@id\":\"https:\/\/viqtor.eu\/#organization\",\"name\":\"viqtor.eu\",\"url\":\"https:\/\/viqtor.eu\/\",\"logo\":{\"@type\":\"ImageObject\",\"inLanguage\":\"hr\",\"@id\":\"https:\/\/viqtor.eu\/#\/schema\/logo\/image\/\",\"url\":\"https:\/\/viqtor.eu\/wp-content\/uploads\/2023\/06\/favicon-noir.svg\",\"contentUrl\":\"https:\/\/viqtor.eu\/wp-content\/uploads\/2023\/06\/favicon-noir.svg\",\"width\":108,\"height\":86,\"caption\":\"viqtor.eu\"},\"image\":{\"@id\":\"https:\/\/viqtor.eu\/#\/schema\/logo\/image\/\"}}]}<\/script>\n<!-- \/ Yoast SEO plugin. -->","yoast_head_json":{"title":"Veille juridique - Viqtor","description":"Veille juridique","robots":{"index":"index","follow":"follow","max-snippet":"max-snippet:-1","max-image-preview":"max-image-preview:large","max-video-preview":"max-video-preview:-1"},"canonical":"https:\/\/viqtor.eu\/hr\/veille-juridique\/","og_locale":"hr_HR","og_type":"article","og_title":"Veille juridique - Viqtor","og_description":"Veille juridique","og_url":"https:\/\/viqtor.eu\/hr\/veille-juridique\/","og_site_name":"Viqtor","article_modified_time":"2024-09-18T14:50:41+00:00","og_image":[{"url":"https:\/\/viqtor.eu\/wp-content\/uploads\/2026\/04\/widget-viqtor.png"}],"twitter_card":"summary_large_image","twitter_misc":{"Procijenjeno vrijeme \u010ditanja":"32 minute"},"schema":{"@context":"https:\/\/schema.org","@graph":[{"@type":"WebPage","@id":"https:\/\/viqtor.eu\/veille-juridique\/","url":"https:\/\/viqtor.eu\/veille-juridique\/","name":"Veille juridique - Viqtor","isPartOf":{"@id":"https:\/\/viqtor.eu\/#website"},"primaryImageOfPage":{"@id":"https:\/\/viqtor.eu\/veille-juridique\/#primaryimage"},"image":{"@id":"https:\/\/viqtor.eu\/veille-juridique\/#primaryimage"},"thumbnailUrl":"https:\/\/viqtor.eu\/wp-content\/uploads\/2023\/04\/shutterstock_1034809678-601x305.jpg","datePublished":"2023-04-18T13:21:47+00:00","dateModified":"2024-09-18T14:50:41+00:00","description":"Veille juridique","breadcrumb":{"@id":"https:\/\/viqtor.eu\/veille-juridique\/#breadcrumb"},"inLanguage":"hr","potentialAction":[{"@type":"ReadAction","target":["https:\/\/viqtor.eu\/veille-juridique\/"]}]},{"@type":"ImageObject","inLanguage":"hr","@id":"https:\/\/viqtor.eu\/veille-juridique\/#primaryimage","url":"https:\/\/viqtor.eu\/wp-content\/uploads\/2023\/04\/shutterstock_1034809678-601x305.jpg","contentUrl":"https:\/\/viqtor.eu\/wp-content\/uploads\/2023\/04\/shutterstock_1034809678-601x305.jpg"},{"@type":"BreadcrumbList","@id":"https:\/\/viqtor.eu\/veille-juridique\/#breadcrumb","itemListElement":[{"@type":"ListItem","position":1,"name":"Accueil","item":"https:\/\/viqtor.eu\/"},{"@type":"ListItem","position":2,"name":"Veille juridique"}]},{"@type":"WebSite","@id":"https:\/\/viqtor.eu\/#website","url":"https:\/\/viqtor.eu\/","name":"Viqtor","description":"Faites du RGPD une opportunit\u00e9 pour votre entreprise.","publisher":{"@id":"https:\/\/viqtor.eu\/#organization"},"potentialAction":[{"@type":"SearchAction","target":{"@type":"EntryPoint","urlTemplate":"https:\/\/viqtor.eu\/?s={search_term_string}"},"query-input":{"@type":"PropertyValueSpecification","valueRequired":true,"valueName":"search_term_string"}}],"inLanguage":"hr"},{"@type":"Organization","@id":"https:\/\/viqtor.eu\/#organization","name":"viqtor.eu","url":"https:\/\/viqtor.eu\/","logo":{"@type":"ImageObject","inLanguage":"hr","@id":"https:\/\/viqtor.eu\/#\/schema\/logo\/image\/","url":"https:\/\/viqtor.eu\/wp-content\/uploads\/2023\/06\/favicon-noir.svg","contentUrl":"https:\/\/viqtor.eu\/wp-content\/uploads\/2023\/06\/favicon-noir.svg","width":108,"height":86,"caption":"viqtor.eu"},"image":{"@id":"https:\/\/viqtor.eu\/#\/schema\/logo\/image\/"}}]}},"_links":{"self":[{"href":"https:\/\/viqtor.eu\/hr\/wp-json\/wp\/v2\/pages\/5357","targetHints":{"allow":["GET"]}}],"collection":[{"href":"https:\/\/viqtor.eu\/hr\/wp-json\/wp\/v2\/pages"}],"about":[{"href":"https:\/\/viqtor.eu\/hr\/wp-json\/wp\/v2\/types\/page"}],"author":[{"embeddable":true,"href":"https:\/\/viqtor.eu\/hr\/wp-json\/wp\/v2\/users\/1"}],"replies":[{"embeddable":true,"href":"https:\/\/viqtor.eu\/hr\/wp-json\/wp\/v2\/comments?post=5357"}],"version-history":[{"count":25,"href":"https:\/\/viqtor.eu\/hr\/wp-json\/wp\/v2\/pages\/5357\/revisions"}],"predecessor-version":[{"id":12414,"href":"https:\/\/viqtor.eu\/hr\/wp-json\/wp\/v2\/pages\/5357\/revisions\/12414"}],"wp:attachment":[{"href":"https:\/\/viqtor.eu\/hr\/wp-json\/wp\/v2\/media?parent=5357"}],"curies":[{"name":"wp","href":"https:\/\/api.w.org\/{rel}","templated":true}]}}