{"id":8869,"date":"2023-07-24T10:33:08","date_gmt":"2023-07-24T10:33:08","guid":{"rendered":"https:\/\/viqtor.eu\/?page_id=8869"},"modified":"2023-09-20T10:54:39","modified_gmt":"2023-09-20T10:54:39","slug":"politique-generale-de-protection-des-donnees-a-caractere-personnel","status":"publish","type":"page","link":"https:\/\/viqtor.eu\/de\/politique-generale-de-protection-des-donnees-a-caractere-personnel\/","title":{"rendered":"Allgemeine Richtlinie zum Schutz personenbezogener Daten"},"content":{"rendered":"<div data-elementor-type=\"wp-page\" data-elementor-id=\"8869\" class=\"elementor elementor-8869\" data-elementor-post-type=\"page\">\n\t\t\t\t\t\t<section class=\"elementor-section elementor-top-section elementor-element elementor-element-747390f0 ot-traditional elementor-section-boxed elementor-section-height-default elementor-section-height-default\" data-id=\"747390f0\" data-element_type=\"section\">\n\t\t\t\t\t\t<div class=\"elementor-container elementor-column-gap-default\">\n\t\t\t\t\t<div class=\"elementor-column elementor-col-100 elementor-top-column elementor-element elementor-element-2fbcdc64 ot-flex-column-vertical\" data-id=\"2fbcdc64\" data-element_type=\"column\">\n\t\t\t<div class=\"elementor-widget-wrap elementor-element-populated\">\n\t\t\t\t\t\t<div class=\"elementor-element elementor-element-69294830 elementor-widget elementor-widget-text-editor\" data-id=\"69294830\" data-element_type=\"widget\" data-widget_type=\"text-editor.default\">\n\t\t\t\t<div class=\"elementor-widget-container\">\n\t\t\t\t\t\t\t<p>Die Achtung der Privatsph\u00e4re und der Schutz personenbezogener Daten stellen einen Vertrauensfaktor dar, einen Wert, dem DBWO besonders am Herzen liegt, indem es Wert auf die Achtung der Grundfreiheiten und -rechte jedes Einzelnen legt.<\/p>\n<p>Diese Datenschutzrichtlinie veranschaulicht die von DBWO im Rahmen seiner t\u00e4glichen Aktivit\u00e4ten umgesetzten Verpflichtungen zum verantwortungsvollen Umgang mit personenbezogenen Daten.<\/p>\n<p>\u00a0<\/p>\n<p><b>Ein Datenschutzbeauftragter (DSB)<\/b><\/p>\n<p>Um die Privatsph\u00e4re und den Schutz der personenbezogenen Daten aller zu wahren, hat DBWO im Jahr 2020 einen Datenschutzbeauftragten (DSB) ernannt, der seine Aufgaben f\u00fcr alle seine Strukturen wahrnimmt.<\/p>\n<p>Der Datenschutzbeauftragte ist ein vertrauensw\u00fcrdiger Vertreter. Er ist Spezialist f\u00fcr den Schutz personenbezogener Daten und verantwortlich f\u00fcr die Wahrung der Privatsph\u00e4re und die ordnungsgem\u00e4\u00dfe Anwendung der Datenschutzbestimmungen. Er ist der Hauptansprechpartner der franz\u00f6sischen Nationalen Kommission f\u00fcr Informationstechnologie und b\u00fcrgerliche Freiheiten (CNIL) und aller Personen, die von der Erhebung oder Verarbeitung personenbezogener Daten betroffen sind.<\/p>\n<p>So erreichen Sie unseren Datenschutzbeauftragten:<\/p>\n<p>DPO@DBWO.FR<\/p>\n<p>DBWO ist der Herausgeber der Viqtor\u00ae-Plattform.<\/p>\n<p>Bei dieser \u201eCompliance as a Service\u201c-Plattform handelt es sich um eine Software-Suite, die die Implementierung und \u00dcberwachung der Einhaltung der Datenschutz-Grundverordnung durch Organisationen erleichtern soll.<\/p>\n<p>\u00a0<\/p>\n<p><b>Von DBWO verarbeitete personenbezogene Daten<\/b><\/p>\n<p><strong>Im Rahmen seiner Rekrutierungspolitik<\/strong>t, DBWO erh\u00e4lt Anfragen mit Lebensl\u00e4ufen oder sogar mit personenbezogenen Daten, die die Erstellung einer von den Kandidaten \u00fcbermittelten Datei mit Vorstellungsgespr\u00e4chen erm\u00f6glichen. Diese Datei wird nach Erhalt zwei Jahre lang aufbewahrt, sofern keine Einstellung erfolgt oder die betroffene Person dies verlangt.<\/p>\n<p><strong>Im Rahmen der Durchf\u00fchrung der Arbeitsvertr\u00e4ge seiner Mitarbeiter oder der Dienstleistungsvertr\u00e4ge seiner einzelnen Dienstleister <\/strong>DBWO verarbeitet personenbezogene Daten, die f\u00fcr die Durchf\u00fchrung ihres Auftrags oder zur Erf\u00fcllung ihrer gesetzlichen Verpflichtungen erforderlich sind (Personenstandsdaten, Finanzdaten, Daten zum Privatleben, Diplome und Vollmachten, Kommunikationsdaten usw.). Die Daten werden f\u00fcr die Dauer des Vertragsverh\u00e4ltnisses gespeichert und f\u00fcr einige Zeit aufgrund gesetzlicher oder steuerlicher Anforderungen verl\u00e4ngert.\u00a0 \u00a0<\/p>\n<p><strong>Im Rahmen seiner kommerziellen Bem\u00fchungen<\/strong> DBWO verarbeitet ausschlie\u00dflich personenbezogene Daten wie Name, Vorname, Firma, Position, Telefonnummer und E-Mail-Adresse, die es direkt im Rahmen von Informationsaustauschen auf Messen oder Veranstaltungen, Anfragen potenzieller Kunden an seine Dienste oder \u00fcber seine Website oder indirekt von Unternehmen erh\u00e4lt, die auf die Erstellung branchenspezifischer Berufsdatenbanken spezialisiert sind. Die Verarbeitung dieser Daten basiert teilweise auf berechtigten Interessen (Anfrage nach Informationen, Austausch von Kontaktdaten) und teilweise auf Einwilligung. Die betroffene Person kann jederzeit die L\u00f6schung ihrer Daten verlangen.<\/p>\n<p><strong>Im Rahmen der Durchf\u00fchrung seiner Vertr\u00e4ge <\/strong>DBWO verarbeitet die personenbezogenen Daten der von seinen Kunden oder Subunternehmern benannten Ansprechpartner und Korrespondenten und speichert diese Daten (Name, Vorname, E-Mail-Adresse, Telefonnummer, Position, Unternehmen) w\u00e4hrend der gesamten Vertragsbeziehung, sofern sie nicht vom Unternehmen angewiesen wird, den Kontakt aus seinen Datenbanken zu l\u00f6schen.<\/p>\n<p>\u00a0<\/p>\n<p><b>Grunds\u00e4tze f\u00fcr den Schutz personenbezogener Daten<\/b><\/p>\n<p>DBWO wendet die in \u201ePrivacy by Design\u201c festgelegten Grunds\u00e4tze bei allen seinen Projekten an und implementiert eine Informations- und Sensibilisierungspolitik f\u00fcr seine Teams hinsichtlich der Einhaltung der in der Datenschutz-Grundverordnung festgelegten Grunds\u00e4tze.<\/p>\n<p>Es bietet seinen Kunden Software, die mit allen Anforderungen der Datenschutz-Grundverordnung kompatibel ist.<\/p>\n<p>1. Spezifischer, eindeutiger und legitimer Zweck der Verarbeitung:<\/p>\n<p>Wenn personenbezogene Daten erhoben werden, geschieht dies f\u00fcr bestimmte Ziele (Zwecke), die durch die Verarbeitungsbed\u00fcrfnisse unserer Kunden definiert sind.<\/p>\n<p>2. Umfang und Relevanz der erhobenen Daten:<\/p>\n<p>Die erhobenen personenbezogenen Daten sind f\u00fcr den Zweck der Erhebung unbedingt erforderlich. Die DBWO-Software ist darauf ausgelegt, die erhobenen Daten zu minimieren.<\/p>\n<p>3. Begrenzte Aufbewahrungsfrist personenbezogener Daten:<\/p>\n<p>Personenbezogene Daten werden, wenn sie unter der Verantwortung von DBWO gehostet werden, f\u00fcr einen begrenzten Zeitraum aufbewahrt, der den f\u00fcr die Zwecke der Erhebung erforderlichen Zeitraum nicht \u00fcberschreitet.<\/p>\n<p>4. Vertraulichkeit \/ Datensicherheit:\u00a0<\/p>\n<p>Es werden Richtlinien zum Schutz von Informationssystemen (PSSI) implementiert, die an die Art der verarbeiteten Daten und deren Verarbeitung angepasst sind.<\/p>\n<p>Es sind entsprechende physische, logische und organisatorische Sicherheitsma\u00dfnahmen vorhanden, um die Vertraulichkeit der Daten zu gew\u00e4hrleisten und auch den unbefugten Zugriff zu verhindern.<\/p>\n<p>DBWO verlangt au\u00dferdem von jedem Subunternehmer, dass er geeignete Sicherheitsvorkehrungen trifft, um die Sicherheit und Vertraulichkeit personenbezogener Daten zu gew\u00e4hrleisten.<\/p>\n<p>5. Rechte des Einzelnen:<\/p>\n<p>Im Hinblick auf die Verarbeitung, die unter der Verantwortung von DBWO erfolgt<\/p>\n<ul>\n<li style=\"list-style-type: none;\">\n<ul><!-- wp:list-item --><\/ul>\n<\/li>\n<\/ul>\n<ul>\n<li style=\"list-style-type: none;\">\n<ul>\n<li>Es werden alle notwendigen Mittel eingesetzt, um die Wirksamkeit der Rechte des Einzelnen in Bezug auf seine personenbezogenen Daten zu gew\u00e4hrleisten.<\/li>\n<\/ul>\n<\/li>\n<\/ul>\n<p><!-- \/wp:list-item --> <!-- wp:list-item --><\/p>\n<ul>\n<li style=\"list-style-type: none;\">\n<ul>\n<li>Personenbezogene Daten werden auf faire Weise erhoben; es erfolgt keine Erhebung ohne das Wissen oder die Information der betroffenen Person.<\/li>\n<\/ul>\n<\/li>\n<\/ul>\n<p><!-- \/wp:list-item --> <!-- wp:list-item --><\/p>\n<ul>\n<li style=\"list-style-type: none;\">\n<ul>\n<li>Die erhobenen personenbezogenen Daten werden den betroffenen Personen zur Kenntnis gebracht.<\/li>\n<\/ul>\n<\/li>\n<\/ul>\n<p><!-- \/wp:list-item --> <!-- wp:list-item --><\/p>\n<ul>\n<li style=\"list-style-type: none;\">\n<ul>\n<li>Eine Weiterverwendung der erhobenen Daten in einer mit diesen Zwecken nicht zu vereinbarenden Weise erfolgt nicht.<\/li>\n<\/ul>\n<\/li>\n<\/ul>\n<p><!-- \/wp:list-item --> <!-- wp:list-item --><\/p>\n<ul>\n<li style=\"list-style-type: none;\">\n<ul>\n<li>Personenbezogene Daten werden korrekt und aktuell gehalten.<\/li>\n<\/ul>\n<\/li>\n<\/ul>\n<p><!-- \/wp:list-item --> <!-- wp:list-item --><\/p>\n<ul>\n<li style=\"list-style-type: none;\">\n<ul>\n<li>Die Aufbewahrungsfristen f\u00fcr Daten werden den einzelnen Personen mitgeteilt und variieren je nach Art der Daten, Zweck der Verarbeitung oder gesetzlichen bzw. beh\u00f6rdlichen Anforderungen.<\/li>\n<\/ul>\n<\/li>\n<\/ul>\n<p><!-- \/wp:list-item --> <!-- wp:list-item --><\/p>\n<ul>\n<li style=\"list-style-type: none;\">\n<ul>\n<li>Sollten personenbezogene Daten in L\u00e4nder innerhalb oder au\u00dferhalb der Europ\u00e4ischen Union \u00fcbermittelt werden, w\u00fcrden die betroffenen Personen ausdr\u00fccklich informiert und es w\u00fcrden spezifische Ma\u00dfnahmen zur Regelung dieser \u00dcbermittlungen ergriffen.<\/li>\n<\/ul>\n<\/li>\n<\/ul>\n<p><!-- \/wp:list-item --> <!-- wp:list-item --><\/p>\n<ul>\n<li style=\"list-style-type: none;\">\n<ul>\n<li>Die notwendigen Mittel zur Gew\u00e4hrleistung der Wirksamkeit der Rechte nat\u00fcrlicher Personen in Bezug auf ihre personenbezogenen Daten werden umgesetzt, insbesondere durch klare und vollst\u00e4ndige Informationen \u00fcber die durchgef\u00fchrte Datenverarbeitung, die f\u00fcr alle leicht zug\u00e4nglich und verst\u00e4ndlich sind.<\/li>\n<\/ul>\n<\/li>\n<\/ul>\n<p><!-- \/wp:list-item --> <!-- wp:list-item --><\/p>\n<ul>\n<li style=\"list-style-type: none;\">\n<ul>\n<li>Jeder Mensch hat Rechte in Bezug auf seine personenbezogenen Daten, die er jederzeit und kostenlos durch Nachweis seiner Identit\u00e4t aus\u00fcben kann. Einzelpersonen k\u00f6nnen daher auf ihre personenbezogenen Daten zugreifen und diese in bestimmten F\u00e4llen berichtigen oder l\u00f6schen lassen oder ihrer Verarbeitung widersprechen.<\/li>\n<\/ul>\n<\/li>\n<\/ul>\n<p><!-- \/wp:list-item --><\/p>\n<p><b>Im Hinblick auf die Verarbeitung, die unter der Verantwortung der Benutzer der DBWO-Software erfolgt<\/b><\/p>\n<ul>\n<li style=\"list-style-type: none;\">\n<ul><!-- wp:list-item --><\/ul>\n<\/li>\n<\/ul>\n<ul>\n<li style=\"list-style-type: none;\">\n<ul>\n<li>DBWO sensibilisiert und schult alle Mitarbeiter, die im Rahmen von Wartungsarbeiten mit privaten Daten in Ber\u00fchrung kommen, hinsichtlich der Grunds\u00e4tze der DSGVO.<\/li>\n<\/ul>\n<\/li>\n<\/ul>\n<p><!-- \/wp:list-item --> <!-- wp:list-item --><\/p>\n<ul>\n<li style=\"list-style-type: none;\">\n<ul>\n<li>DBWO informiert die Nutzer seiner Software \u00fcber die wesentlichen Regeln zur Rechtm\u00e4\u00dfigkeit der Verarbeitung personenbezogener Daten.<\/li>\n<\/ul>\n<\/li>\n<\/ul>\n<p><!-- \/wp:list-item --> <!-- wp:list-item --><\/p>\n<ul>\n<li style=\"list-style-type: none;\">\n<ul>\n<li>DBWO informiert die Nutzer seiner Software \u00fcber die erforderlichen Vorkehrungen zum Schutz der erhobenen personenbezogenen Daten.<\/li>\n<\/ul>\n<\/li>\n<\/ul>\n<p><!-- \/wp:list-item --> <!-- wp:list-item --><\/p>\n<ul>\n<li style=\"list-style-type: none;\">\n<ul>\n<li>Die DBWO-Software bietet Tools zum Schutz dieser Daten (Protokollierung, Pseudonymisierung, Verschl\u00fcsselung usw.).<\/li>\n<\/ul>\n<\/li>\n<\/ul>\n<p><!-- \/wp:list-item --> <!-- wp:list-item --><\/p>\n<ul>\n<li style=\"list-style-type: none;\">\n<ul>\n<li><a href=\"https:\/\/app.viqtor.eu\/gdpr-rights-exercise\">Zugang zu diesen Rechten<\/a> (Auskunft, Berichtigung, L\u00f6schung, Widerspruch) wird durch die Funktionalit\u00e4ten der von DBWO eingesetzten Software erm\u00f6glicht.<br \/><br \/><\/li>\n<\/ul>\n<\/li>\n<\/ul>\n<p><!-- \/wp:list-item --><\/p>\n<p>6. Rechte aus dem Gesetz f\u00fcr eine digitale Republik.<\/p>\n<p>Der neue Artikel 40-1 des Datenschutzgesetzes erm\u00f6glicht es Einzelpersonen, Anweisungen bez\u00fcglich der Aufbewahrung, L\u00f6schung und \u00dcbermittlung ihrer Daten nach ihrem Tod zu erteilen.<\/p>\n<p>Mit der Ausf\u00fchrung dieser Anweisungen kann eine Person beauftragt werden. Diese Person ist dann nach dem Tod der Person befugt, von den Anweisungen Kenntnis zu nehmen und deren Umsetzung bei den betroffenen Verantwortlichen zu verlangen.<\/p>\n<p>Sofern die Person zu Lebzeiten keine Weisungen erteilt, haben die Erben die M\u00f6glichkeit, bestimmte Rechte auszu\u00fcben, insbesondere:<\/p>\n<ul>\n<li style=\"list-style-type: none;\">\n<ul><!-- wp:list-item --><\/ul>\n<\/li>\n<\/ul>\n<ul>\n<li style=\"list-style-type: none;\">\n<ul>\n<li>Das Recht auf Zugang, soweit dies f\u00fcr die Regelung des Nachlasses des Verstorbenen erforderlich ist;<\/li>\n<\/ul>\n<\/li>\n<\/ul>\n<p><!-- \/wp:list-item --> <!-- wp:list-item --><\/p>\n<ul>\n<li style=\"list-style-type: none;\">\n<ul>\n<li>Das Recht, der Schlie\u00dfung der Benutzerkonten des Verstorbenen und der Verarbeitung seiner Daten zu widersprechen.<\/li>\n<\/ul>\n<\/li>\n<\/ul>\n<p><!-- \/wp:list-item --><\/p>\n<p><b>\u00dcberwachung der Datenschutzrichtlinien.<\/b><\/p>\n<p>Diese Richtlinie wird regelm\u00e4\u00dfig aktualisiert, um gesetzlichen und regulatorischen Entwicklungen sowie etwaigen \u00c4nderungen in der Organisation von DBWO oder den angebotenen Angeboten, Produkten und Dienstleistungen Rechnung zu tragen.<\/p>\t\t\t\t\t\t<\/div>\n\t\t\t\t<\/div>\n\t\t\t\t\t<\/div>\n\t\t<\/div>\n\t\t\t\t\t<\/div>\n\t\t<\/section>\n\t\t\t\t<\/div>","protected":false},"excerpt":{"rendered":"<p>Le respect de la vie priv\u00e9e et de la protection des donn\u00e9es \u00e0 caract\u00e8re personnel constitue un facteur de confiance, valeur \u00e0 laquelle tient particuli\u00e8rement DBWO, en s\u2019attachant au respect des libert\u00e9s et droits fondamentaux de chacun. La pr\u00e9sente politique de protection des donn\u00e9es \u00e0 caract\u00e8re personnel t\u00e9moigne des engagements mis en \u0153uvre par DBWO [&hellip;]<\/p>","protected":false},"author":1,"featured_media":0,"parent":0,"menu_order":0,"comment_status":"closed","ping_status":"closed","template":"","meta":{"_acf_changed":false,"footnotes":""},"class_list":["post-8869","page","type-page","status-publish","hentry"],"acf":[],"yoast_head":"<!-- This site is optimized with the Yoast SEO plugin v23.6 - https:\/\/yoast.com\/wordpress\/plugins\/seo\/ -->\n<title>Politique g\u00e9n\u00e9rale de protection des donn\u00e9es \u00e0 caract\u00e8re personnel - Viqtor<\/title>\n<meta name=\"robots\" content=\"noindex, nofollow\" \/>\n<meta property=\"og:locale\" content=\"de_DE\" \/>\n<meta property=\"og:type\" content=\"article\" \/>\n<meta property=\"og:title\" content=\"Politique g\u00e9n\u00e9rale de protection des donn\u00e9es \u00e0 caract\u00e8re personnel - Viqtor\" \/>\n<meta property=\"og:description\" content=\"Le respect de la vie priv\u00e9e et de la protection des donn\u00e9es \u00e0 caract\u00e8re personnel constitue un facteur de confiance, valeur \u00e0 laquelle tient particuli\u00e8rement DBWO, en s\u2019attachant au respect des libert\u00e9s et droits fondamentaux de chacun. La pr\u00e9sente politique de protection des donn\u00e9es \u00e0 caract\u00e8re personnel t\u00e9moigne des engagements mis en \u0153uvre par DBWO [&hellip;]\" \/>\n<meta property=\"og:url\" content=\"https:\/\/viqtor.eu\/de\/politique-generale-de-protection-des-donnees-a-caractere-personnel\/\" \/>\n<meta property=\"og:site_name\" content=\"Viqtor\" \/>\n<meta property=\"article:modified_time\" content=\"2023-09-20T10:54:39+00:00\" \/>\n<meta name=\"twitter:card\" content=\"summary_large_image\" \/>\n<meta name=\"twitter:label1\" content=\"Gesch\u00e4tzte Lesezeit\" \/>\n\t<meta name=\"twitter:data1\" content=\"7\u00a0Minuten\" \/>\n<script type=\"application\/ld+json\" class=\"yoast-schema-graph\">{\"@context\":\"https:\/\/schema.org\",\"@graph\":[{\"@type\":\"WebPage\",\"@id\":\"https:\/\/viqtor.eu\/politique-generale-de-protection-des-donnees-a-caractere-personnel\/\",\"url\":\"https:\/\/viqtor.eu\/politique-generale-de-protection-des-donnees-a-caractere-personnel\/\",\"name\":\"Politique g\u00e9n\u00e9rale de protection des donn\u00e9es \u00e0 caract\u00e8re personnel - Viqtor\",\"isPartOf\":{\"@id\":\"https:\/\/viqtor.eu\/#website\"},\"datePublished\":\"2023-07-24T10:33:08+00:00\",\"dateModified\":\"2023-09-20T10:54:39+00:00\",\"breadcrumb\":{\"@id\":\"https:\/\/viqtor.eu\/politique-generale-de-protection-des-donnees-a-caractere-personnel\/#breadcrumb\"},\"inLanguage\":\"de\",\"potentialAction\":[{\"@type\":\"ReadAction\",\"target\":[\"https:\/\/viqtor.eu\/politique-generale-de-protection-des-donnees-a-caractere-personnel\/\"]}]},{\"@type\":\"BreadcrumbList\",\"@id\":\"https:\/\/viqtor.eu\/politique-generale-de-protection-des-donnees-a-caractere-personnel\/#breadcrumb\",\"itemListElement\":[{\"@type\":\"ListItem\",\"position\":1,\"name\":\"Accueil\",\"item\":\"https:\/\/viqtor.eu\/\"},{\"@type\":\"ListItem\",\"position\":2,\"name\":\"Politique g\u00e9n\u00e9rale de protection des donn\u00e9es \u00e0 caract\u00e8re personnel\"}]},{\"@type\":\"WebSite\",\"@id\":\"https:\/\/viqtor.eu\/#website\",\"url\":\"https:\/\/viqtor.eu\/\",\"name\":\"Viqtor\",\"description\":\"Faites du RGPD une opportunit\u00e9 pour votre entreprise.\",\"publisher\":{\"@id\":\"https:\/\/viqtor.eu\/#organization\"},\"potentialAction\":[{\"@type\":\"SearchAction\",\"target\":{\"@type\":\"EntryPoint\",\"urlTemplate\":\"https:\/\/viqtor.eu\/?s={search_term_string}\"},\"query-input\":{\"@type\":\"PropertyValueSpecification\",\"valueRequired\":true,\"valueName\":\"search_term_string\"}}],\"inLanguage\":\"de\"},{\"@type\":\"Organization\",\"@id\":\"https:\/\/viqtor.eu\/#organization\",\"name\":\"viqtor.eu\",\"url\":\"https:\/\/viqtor.eu\/\",\"logo\":{\"@type\":\"ImageObject\",\"inLanguage\":\"de\",\"@id\":\"https:\/\/viqtor.eu\/#\/schema\/logo\/image\/\",\"url\":\"https:\/\/viqtor.eu\/wp-content\/uploads\/2023\/06\/favicon-noir.svg\",\"contentUrl\":\"https:\/\/viqtor.eu\/wp-content\/uploads\/2023\/06\/favicon-noir.svg\",\"width\":108,\"height\":86,\"caption\":\"viqtor.eu\"},\"image\":{\"@id\":\"https:\/\/viqtor.eu\/#\/schema\/logo\/image\/\"}}]}<\/script>\n<!-- \/ Yoast SEO plugin. -->","yoast_head_json":{"title":"Politique g\u00e9n\u00e9rale de protection des donn\u00e9es \u00e0 caract\u00e8re personnel - Viqtor","robots":{"index":"noindex","follow":"nofollow"},"og_locale":"de_DE","og_type":"article","og_title":"Politique g\u00e9n\u00e9rale de protection des donn\u00e9es \u00e0 caract\u00e8re personnel - Viqtor","og_description":"Le respect de la vie priv\u00e9e et de la protection des donn\u00e9es \u00e0 caract\u00e8re personnel constitue un facteur de confiance, valeur \u00e0 laquelle tient particuli\u00e8rement DBWO, en s\u2019attachant au respect des libert\u00e9s et droits fondamentaux de chacun. La pr\u00e9sente politique de protection des donn\u00e9es \u00e0 caract\u00e8re personnel t\u00e9moigne des engagements mis en \u0153uvre par DBWO [&hellip;]","og_url":"https:\/\/viqtor.eu\/de\/politique-generale-de-protection-des-donnees-a-caractere-personnel\/","og_site_name":"Viqtor","article_modified_time":"2023-09-20T10:54:39+00:00","twitter_card":"summary_large_image","twitter_misc":{"Gesch\u00e4tzte Lesezeit":"7\u00a0Minuten"},"schema":{"@context":"https:\/\/schema.org","@graph":[{"@type":"WebPage","@id":"https:\/\/viqtor.eu\/politique-generale-de-protection-des-donnees-a-caractere-personnel\/","url":"https:\/\/viqtor.eu\/politique-generale-de-protection-des-donnees-a-caractere-personnel\/","name":"Politique g\u00e9n\u00e9rale de protection des donn\u00e9es \u00e0 caract\u00e8re personnel - Viqtor","isPartOf":{"@id":"https:\/\/viqtor.eu\/#website"},"datePublished":"2023-07-24T10:33:08+00:00","dateModified":"2023-09-20T10:54:39+00:00","breadcrumb":{"@id":"https:\/\/viqtor.eu\/politique-generale-de-protection-des-donnees-a-caractere-personnel\/#breadcrumb"},"inLanguage":"de","potentialAction":[{"@type":"ReadAction","target":["https:\/\/viqtor.eu\/politique-generale-de-protection-des-donnees-a-caractere-personnel\/"]}]},{"@type":"BreadcrumbList","@id":"https:\/\/viqtor.eu\/politique-generale-de-protection-des-donnees-a-caractere-personnel\/#breadcrumb","itemListElement":[{"@type":"ListItem","position":1,"name":"Accueil","item":"https:\/\/viqtor.eu\/"},{"@type":"ListItem","position":2,"name":"Politique g\u00e9n\u00e9rale de protection des donn\u00e9es \u00e0 caract\u00e8re personnel"}]},{"@type":"WebSite","@id":"https:\/\/viqtor.eu\/#website","url":"https:\/\/viqtor.eu\/","name":"Viqtor","description":"Faites du RGPD une opportunit\u00e9 pour votre entreprise.","publisher":{"@id":"https:\/\/viqtor.eu\/#organization"},"potentialAction":[{"@type":"SearchAction","target":{"@type":"EntryPoint","urlTemplate":"https:\/\/viqtor.eu\/?s={search_term_string}"},"query-input":{"@type":"PropertyValueSpecification","valueRequired":true,"valueName":"search_term_string"}}],"inLanguage":"de"},{"@type":"Organization","@id":"https:\/\/viqtor.eu\/#organization","name":"viqtor.eu","url":"https:\/\/viqtor.eu\/","logo":{"@type":"ImageObject","inLanguage":"de","@id":"https:\/\/viqtor.eu\/#\/schema\/logo\/image\/","url":"https:\/\/viqtor.eu\/wp-content\/uploads\/2023\/06\/favicon-noir.svg","contentUrl":"https:\/\/viqtor.eu\/wp-content\/uploads\/2023\/06\/favicon-noir.svg","width":108,"height":86,"caption":"viqtor.eu"},"image":{"@id":"https:\/\/viqtor.eu\/#\/schema\/logo\/image\/"}}]}},"_links":{"self":[{"href":"https:\/\/viqtor.eu\/de\/wp-json\/wp\/v2\/pages\/8869","targetHints":{"allow":["GET"]}}],"collection":[{"href":"https:\/\/viqtor.eu\/de\/wp-json\/wp\/v2\/pages"}],"about":[{"href":"https:\/\/viqtor.eu\/de\/wp-json\/wp\/v2\/types\/page"}],"author":[{"embeddable":true,"href":"https:\/\/viqtor.eu\/de\/wp-json\/wp\/v2\/users\/1"}],"replies":[{"embeddable":true,"href":"https:\/\/viqtor.eu\/de\/wp-json\/wp\/v2\/comments?post=8869"}],"version-history":[{"count":12,"href":"https:\/\/viqtor.eu\/de\/wp-json\/wp\/v2\/pages\/8869\/revisions"}],"predecessor-version":[{"id":9625,"href":"https:\/\/viqtor.eu\/de\/wp-json\/wp\/v2\/pages\/8869\/revisions\/9625"}],"wp:attachment":[{"href":"https:\/\/viqtor.eu\/de\/wp-json\/wp\/v2\/media?parent=8869"}],"curies":[{"name":"wp","href":"https:\/\/api.w.org\/{rel}","templated":true}]}}